{"id":251904,"date":"2022-03-29T18:52:25","date_gmt":"2022-03-29T16:52:25","guid":{"rendered":"https:\/\/www.where2travel.com\/?page_id=251904"},"modified":"2022-03-31T18:43:52","modified_gmt":"2022-03-31T16:43:52","slug":"sites-historiques-interessants-europe","status":"publish","type":"page","link":"https:\/\/www.where2travel.com\/fr\/sites-historiques-interessants-europe\/","title":{"rendered":"Top 30 des sites historiques les plus int\u00e9ressants d&#8217;Europe (Partie 2)"},"content":{"rendered":"<p>[et_pb_section fb_built=&#8221;1&#8243; disabled_on=&#8221;on|on|off&#8221; admin_label=&#8221;Image Intro computer&#8221; module_class=&#8221; full-height&#8221; _builder_version=&#8221;4.15.1&#8243; background_color=&#8221;#233b4e&#8221; use_background_color_gradient=&#8221;on&#8221; background_color_gradient_start=&#8221;rgba(0,11,30,0.25)&#8221; background_color_gradient_end=&#8221;rgba(0,11,30,0.57)&#8221; background_color_gradient_overlays_image=&#8221;on&#8221; background_image=&#8221;https:\/\/www.where2travel.com\/wp-content\/uploads\/2022\/03\/30-meilleurs-sites-historiques-en-europe-kiev-monasteres-.jpg&#8221; da_disable_devices=&#8221;off|off|off&#8221; locked=&#8221;off&#8221; collapsed=&#8221;off&#8221; global_colors_info=&#8221;{}&#8221; da_is_popup=&#8221;off&#8221; da_exit_intent=&#8221;off&#8221; da_has_close=&#8221;on&#8221; da_alt_close=&#8221;off&#8221; da_dark_close=&#8221;off&#8221; da_not_modal=&#8221;on&#8221; da_is_singular=&#8221;off&#8221; da_with_loader=&#8221;off&#8221; da_has_shadow=&#8221;on&#8221;][et_pb_row _builder_version=&#8221;4.15&#8243; global_colors_info=&#8221;{}&#8221;][et_pb_column type=&#8221;4_4&#8243; _builder_version=&#8221;4.15&#8243; custom_padding=&#8221;|||&#8221; global_colors_info=&#8221;{}&#8221; custom_padding__hover=&#8221;|||&#8221;][et_pb_text admin_label=&#8221;WHERE TO TRAVEL IN JANUARY?&#8221; _builder_version=&#8221;4.15.1&#8243; text_font=&#8221;Oswald|700||on|||||&#8221; text_text_color=&#8221;#ffffff&#8221; text_font_size=&#8221;55px&#8221; text_line_height=&#8221;1.3em&#8221; header_font=&#8221;Oswald|700||on|||||&#8221; header_text_align=&#8221;center&#8221; header_text_color=&#8221;#ffffff&#8221; header_font_size=&#8221;55px&#8221; text_orientation=&#8221;center&#8221; background_layout=&#8221;dark&#8221; custom_margin=&#8221;30vh|4vw||4vw|false|true&#8221; text_text_shadow_style=&#8221;preset4&#8243; text_text_shadow_vertical_length=&#8221;0.11em&#8221; header_text_shadow_style=&#8221;preset4&#8243; header_text_shadow_vertical_length=&#8221;0.1em&#8221; text_text_align=&#8221;center&#8221; global_colors_info=&#8221;{}&#8221;]Top 30 des sites historiques les plus int\u00e9ressants d&#8217;Europe (Partie 2)[\/et_pb_text][\/et_pb_column][\/et_pb_row][\/et_pb_section][et_pb_section fb_built=&#8221;1&#8243; disabled_on=&#8221;off|off|on&#8221; admin_label=&#8221;Image intro mobile&#8221; module_class=&#8221; full-height&#8221; _builder_version=&#8221;4.15.1&#8243; background_color=&#8221;#233b4e&#8221; use_background_color_gradient=&#8221;on&#8221; background_color_gradient_start=&#8221;rgba(0,11,30,0.25)&#8221; background_color_gradient_end=&#8221;rgba(0,11,30,0.57)&#8221; background_color_gradient_overlays_image=&#8221;on&#8221; background_image=&#8221;https:\/\/www.where2travel.com\/wp-content\/uploads\/2022\/03\/30-meilleurs-sites-historiques-en-europe-kiev-monasteres-v.jpg&#8221; da_disable_devices=&#8221;off|off|off&#8221; locked=&#8221;off&#8221; collapsed=&#8221;on&#8221; global_colors_info=&#8221;{}&#8221; da_is_popup=&#8221;off&#8221; da_exit_intent=&#8221;off&#8221; da_has_close=&#8221;on&#8221; da_alt_close=&#8221;off&#8221; da_dark_close=&#8221;off&#8221; da_not_modal=&#8221;on&#8221; da_is_singular=&#8221;off&#8221; da_with_loader=&#8221;off&#8221; da_has_shadow=&#8221;on&#8221;][et_pb_row _builder_version=&#8221;4.15&#8243; global_colors_info=&#8221;{}&#8221;][et_pb_column type=&#8221;4_4&#8243; _builder_version=&#8221;4.15&#8243; custom_padding=&#8221;|||&#8221; global_colors_info=&#8221;{}&#8221; custom_padding__hover=&#8221;|||&#8221;][et_pb_text admin_label=&#8221;WHERE TO TRAVEL IN JANUARY?&#8221; _builder_version=&#8221;4.15.1&#8243; text_font=&#8221;Roboto||||||||&#8221; text_text_color=&#8221;#ffffff&#8221; text_font_size=&#8221;20px&#8221; text_line_height=&#8221;1.3em&#8221; header_font=&#8221;Oswald|700||on|||||&#8221; background_layout=&#8221;dark&#8221; custom_margin=&#8221;28vh|-30px||105px|false|false&#8221; custom_margin_tablet=&#8221;30vh|-60px|0px|-60px|false|true&#8221; custom_margin_phone=&#8221;22vh|-30px|0vh|-30px|false|true&#8221; custom_margin_last_edited=&#8221;on|tablet&#8221; text_font_size_tablet=&#8221;&#8221; text_font_size_phone=&#8221;12px&#8221; text_font_size_last_edited=&#8221;on|phone&#8221; header_font_size_tablet=&#8221;55px&#8221; header_font_size_phone=&#8221;45px&#8221; header_font_size_last_edited=&#8221;on|tablet&#8221; text_text_shadow_style=&#8221;preset4&#8243; header_text_shadow_style=&#8221;preset4&#8243; header_text_shadow_vertical_length=&#8221;0.1em&#8221; global_colors_info=&#8221;{}&#8221;]<\/p>\n<div class=\"heading-hello\" style=\"text-align: center;\">\n<h1>Top 30 des sites historiques les plus int\u00e9ressants d&#8217;Europe (Partie 2)<\/h1>\n<\/div>\n<p>[\/et_pb_text][\/et_pb_column][\/et_pb_row][\/et_pb_section][et_pb_section fb_built=&#8221;1&#8243; admin_label=&#8221;Breadcrumb&#8221; _builder_version=&#8221;4.15&#8243; custom_margin_phone=&#8221;-20px||-70px||false&#8221; custom_margin_last_edited=&#8221;off|desktop&#8221; custom_padding=&#8221;0px||0px|&#8221; z_index_tablet=&#8221;500&#8243; da_disable_devices=&#8221;off|off|off&#8221; locked=&#8221;off&#8221; collapsed=&#8221;on&#8221; global_colors_info=&#8221;{}&#8221; da_is_popup=&#8221;off&#8221; da_exit_intent=&#8221;off&#8221; da_has_close=&#8221;on&#8221; da_alt_close=&#8221;off&#8221; da_dark_close=&#8221;off&#8221; da_not_modal=&#8221;on&#8221; da_is_singular=&#8221;off&#8221; da_with_loader=&#8221;off&#8221; da_has_shadow=&#8221;on&#8221;][et_pb_row _builder_version=&#8221;4.15&#8243; background_size=&#8221;initial&#8221; background_position=&#8221;top_left&#8221; background_repeat=&#8221;repeat&#8221; custom_padding=&#8221;10px||0px||false|false&#8221; z_index_tablet=&#8221;500&#8243; global_colors_info=&#8221;{}&#8221;][et_pb_column type=&#8221;4_4&#8243; _builder_version=&#8221;4.15&#8243; custom_padding=&#8221;|||&#8221; global_colors_info=&#8221;{}&#8221; custom_padding__hover=&#8221;|||&#8221;][et_pb_dcsbcm_divi_breadcrumbs_module homebreadcrumbtext=&#8221;Where2travel&#8221; hide_currentbreadcrumb=&#8221;off&#8221; computed_field_html_payload=&#8221;<span class=%22dcsbcm_divi_breadcrumb%22 typeof=%22v:Breadcrumb%22><a rel=%22v:url%22 property=%22v:title%22 href=%22https:\/\/www.where2travel.com\/%22>Home<\/a><\/span><span class=%22dcsbcm_separator%22> \u00bb <\/span><span class=%22dcsbcm_divi_breadcrumb dcsbcm_divi_breadcrumb-active%22>Where to travel in January<\/span><\/div>\n<p>&#8221; _builder_version=&#8221;4.4.7&#8243; body_font=&#8221;Roboto|900|||||||&#8221; body_text_align=&#8221;center&#8221; body_text_color=&#8221;#113e5d&#8221; body_font_size=&#8221;20px&#8221; fontsseparator_font=&#8221;Roboto|900|||||||&#8221; fontsseparator_text_color=&#8221;#113e5d&#8221; fontsseparator_font_size=&#8221;25px&#8221; fontsbreadcrumblinks_font=&#8221;Roboto|700|||||||&#8221; fontsbreadcrumblinks_text_align=&#8221;center&#8221; fontsbreadcrumblinks_text_color=&#8221;#68a3cb&#8221; fontsbreadcrumblinks_font_size=&#8221;20px&#8221; background_color=&#8221;#ffffff&#8221; custom_margin=&#8221;6px||||false|false&#8221; custom_margin_tablet=&#8221;&#8221; custom_margin_phone=&#8221;6px||||false|false&#8221; custom_margin_last_edited=&#8221;on|phone&#8221; custom_padding=&#8221;||0px||false|false&#8221; body_font_size_tablet=&#8221;18px&#8221; body_font_size_phone=&#8221;16px&#8221; body_font_size_last_edited=&#8221;on|desktop&#8221; fontsseparator_font_size_tablet=&#8221;20px&#8221; fontsseparator_font_size_phone=&#8221;18px&#8221; fontsseparator_font_size_last_edited=&#8221;on|phone&#8221; fontsbreadcrumblinks_font_size_tablet=&#8221;18px&#8221; fontsbreadcrumblinks_font_size_phone=&#8221;16px&#8221; fontsbreadcrumblinks_font_size_last_edited=&#8221;on|phone&#8221; z_index_tablet=&#8221;500&#8243; global_colors_info=&#8221;{}&#8221; fontsbreadcrumbs_font_size_tablet=&#8221;18px&#8221; fontsbreadcrumbs_font_size_phone=&#8221;16px&#8221; fontsbreadcrumbs_font_size_last_edited=&#8221;on|tablet&#8221; fontsbreadcrumbs_letter_spacing_tablet=&#8221;&#8221; fontsbreadcrumbs_letter_spacing_phone=&#8221;&#8221; fontsbreadcrumbs_letter_spacing_last_edited=&#8221;on|phone&#8221; fontsbreadcrumbs_line_height_tablet=&#8221;&#8221; fontsbreadcrumbs_line_height_phone=&#8221;&#8221; fontsbreadcrumbs_line_height_last_edited=&#8221;on|phone&#8221; fontsseperator_font_size_tablet=&#8221;18px&#8221; fontsseperator_font_size_phone=&#8221;16px&#8221; fontsseperator_font_size_last_edited=&#8221;on|desktop&#8221; fontsseperator_line_height_tablet=&#8221;2&#8243; fontsseperator_line_height_phone=&#8221;1.3px&#8221; fontsseperator_line_height_last_edited=&#8221;on|phone&#8221; fontsbreadcrumblinks_text_color__hover_enabled=&#8221;on|hover&#8221; fontsbreadcrumblinks_text_color__hover=&#8221;#fbba00&#8243;][\/et_pb_dcsbcm_divi_breadcrumbs_module][\/et_pb_column][\/et_pb_row][\/et_pb_section][et_pb_section fb_built=&#8221;1&#8243; module_id=&#8221;section-what&#8221; _builder_version=&#8221;4.15&#8243; background_color=&#8221;#ffffff&#8221; custom_margin=&#8221;0px|||&#8221; custom_margin_tablet=&#8221;&#8221; custom_margin_phone=&#8221;3px||10px|&#8221; custom_margin_last_edited=&#8221;on|desktop&#8221; custom_padding=&#8221;0|0px|0px|0px|false|false&#8221; top_divider_height_tablet=&#8221;50px&#8221; top_divider_height_phone=&#8221;40px&#8221; top_divider_height_last_edited=&#8221;on|tablet&#8221; bottom_divider_style=&#8221;arrow2&#8243; bottom_divider_color=&#8221;#68a3cb&#8221; bottom_divider_height=&#8221;240px&#8221; bottom_divider_flip=&#8221;horizontal&#8221; bottom_divider_arrangement=&#8221;above_content&#8221; bottom_divider_height_tablet=&#8221;175px&#8221; bottom_divider_height_phone=&#8221;140px&#8221; bottom_divider_height_last_edited=&#8221;on|tablet&#8221; da_disable_devices=&#8221;off|off|off&#8221; border_width_top=&#8221;1px&#8221; border_color_top=&#8221;rgba(0,48,71,0.27)&#8221; global_colors_info=&#8221;{}&#8221; da_is_popup=&#8221;off&#8221; da_exit_intent=&#8221;off&#8221; da_has_close=&#8221;on&#8221; da_alt_close=&#8221;off&#8221; da_dark_close=&#8221;off&#8221; da_not_modal=&#8221;on&#8221; da_is_singular=&#8221;off&#8221; da_with_loader=&#8221;off&#8221; da_has_shadow=&#8221;on&#8221;][et_pb_row custom_padding_last_edited=&#8221;on|desktop&#8221; _builder_version=&#8221;4.15&#8243; custom_margin=&#8221;100px||0px|&#8221; custom_margin_tablet=&#8221;70px|||&#8221; custom_margin_phone=&#8221;80px|||&#8221; custom_margin_last_edited=&#8221;on|desktop&#8221; custom_padding=&#8221;0px|0px|80px|0px|false|false&#8221; custom_padding_tablet=&#8221;||125px|&#8221; custom_padding_phone=&#8221;||88px|&#8221; global_colors_info=&#8221;{}&#8221;][et_pb_column type=&#8221;4_4&#8243; _builder_version=&#8221;4.15&#8243; custom_padding=&#8221;|||&#8221; global_colors_info=&#8221;{}&#8221; custom_padding__hover=&#8221;|||&#8221;][et_pb_text admin_label=&#8221;Countries best to visit in January&#8221; _builder_version=&#8221;4.15.1&#8243; text_font=&#8221;||||&#8221; text_text_color=&#8221;#1a1a1a&#8221; link_text_color=&#8221;#68a3cb&#8221; header_font=&#8221;Oswald|on||on|&#8221; header_text_align=&#8221;right&#8221; header_font_size=&#8221;60px&#8221; header_line_height=&#8221;1.3em&#8221; header_2_font=&#8221;Oswald|on||on|&#8221; header_2_text_align=&#8221;left&#8221; header_2_text_color=&#8221;#113e5d&#8221; header_2_font_size=&#8221;60px&#8221; header_2_line_height=&#8221;1.3em&#8221; custom_margin=&#8221;-10px|5vw|70px|5vw|false|true&#8221; custom_margin_tablet=&#8221;-10px|36px|90px|36px|false|true&#8221; custom_margin_phone=&#8221;-10px|-25px|90px|-25px|false|true&#8221; custom_margin_last_edited=&#8221;on|phone&#8221; animation_style=&#8221;slide&#8221; animation_direction=&#8221;top&#8221; animation_intensity_slide=&#8221;10%&#8221; header_font_size_tablet=&#8221;&#8221; header_font_size_phone=&#8221;&#8221; header_font_size_last_edited=&#8221;on|phone&#8221; header_2_font_size_tablet=&#8221;55px&#8221; header_2_font_size_phone=&#8221;40px&#8221; header_2_font_size_last_edited=&#8221;on|phone&#8221; global_colors_info=&#8221;{}&#8221;]<\/p>\n<h2 style=\"text-align: center;\">30 sites historiques int\u00e9ressants \u00e0 voir en Europe (Partie 2)<\/h2>\n<p>[\/et_pb_text][et_pb_text admin_label=&#8221;Let me give you my opinion about the best countries to travel in the world in the month of January&#8221; _builder_version=&#8221;4.15.1&#8243; text_font=&#8221;Roboto||||&#8221; text_font_size=&#8221;16px&#8221; text_line_height=&#8221;1.9em&#8221; link_font=&#8221;Roboto||||||||&#8221; link_text_color=&#8221;#68a3cb&#8221; link_font_size=&#8221;16px&#8221; link_line_height=&#8221;1.9em&#8221; ul_font=&#8221;||||||||&#8221; ol_font=&#8221;||||||||&#8221; quote_font=&#8221;||||||||&#8221; header_font=&#8221;Varela Round|700|||||||&#8221; header_text_align=&#8221;center&#8221; header_text_color=&#8221;#2a8a6f&#8221; header_font_size=&#8221;40px&#8221; header_line_height=&#8221;1.4em&#8221; header_2_font=&#8221;Varela Round|700|||||||&#8221; header_2_text_align=&#8221;center&#8221; header_2_text_color=&#8221;#2a8a6f&#8221; header_2_font_size=&#8221;36px&#8221; header_2_line_height=&#8221;1.4em&#8221; header_3_font=&#8221;Montserrat||||||||&#8221; header_3_text_align=&#8221;justify&#8221; header_3_text_color=&#8221;#555555&#8243; header_3_font_size=&#8221;20px&#8221; header_3_line_height=&#8221;1.4em&#8221; custom_margin=&#8221;150px||200px||false|false&#8221; custom_margin_tablet=&#8221;0px||150px||false|false&#8221; custom_margin_phone=&#8221;0px||120px||false|false&#8221; custom_margin_last_edited=&#8221;on|phone&#8221; custom_padding=&#8221;|100px||100px&#8221; custom_padding_tablet=&#8221;|0px||0px&#8221; custom_padding_phone=&#8221;&#8221; custom_padding_last_edited=&#8221;on|desktop&#8221; animation_style=&#8221;slide&#8221; animation_direction=&#8221;top&#8221; animation_intensity_slide=&#8221;10%&#8221; text_font_size_tablet=&#8221;&#8221; text_font_size_phone=&#8221;15px&#8221; text_font_size_last_edited=&#8221;on|phone&#8221; link_font_size_tablet=&#8221;&#8221; link_font_size_phone=&#8221;&#8221; link_font_size_last_edited=&#8221;on|desktop&#8221; header_font_size_tablet=&#8221;30px&#8221; header_font_size_phone=&#8221;25px&#8221; header_font_size_last_edited=&#8221;on|phone&#8221; header_2_font_size_tablet=&#8221;25px&#8221; header_2_font_size_phone=&#8221;20px&#8221; header_2_font_size_last_edited=&#8221;on|phone&#8221; header_3_font_size_tablet=&#8221;16px&#8221; header_3_font_size_phone=&#8221;14px&#8221; header_3_font_size_last_edited=&#8221;on|desktop&#8221; saved_tabs=&#8221;all&#8221; global_colors_info=&#8221;{}&#8221; link_text_color__hover_enabled=&#8221;on&#8221; link_text_color__hover=&#8221;#fbba00&#8243;]<\/p>\n<p style=\"text-align: justify;\">Dans cette deuxi\u00e8me partie, vous verrez la suite mon top 30 des sites historiques les plus int\u00e9ressants d&#8217;Europe. Vous d\u00e9couvrirez donc sur cette page d\u2019autres types de sites historiques tels que des sites n\u00e9olithiques, des amphith\u00e9atres romains, des lieux marqu\u00e9s par la guerre, des forteresses, \u2026 toujours accompagn\u00e9s d\u2019informations g\u00e9n\u00e9rales, de conseils et de mes propres photos.<\/p>\n<p>[\/et_pb_text][\/et_pb_column][\/et_pb_row][\/et_pb_section][et_pb_section fb_built=&#8221;1&#8243; custom_padding_last_edited=&#8221;%22on|phone%22&#8243; admin_label=&#8221;%22Map&#8221; _builder_version=&#8221;4.15&#8243; custom_margin_tablet=&#8221;%22%22&#8243; custom_margin_phone=&#8221;%22%22&#8243; custom_margin_last_edited=&#8221;%22on|desktop%22&#8243; custom_padding=&#8221;%22||||false|true%22&#8243; custom_padding_tablet=&#8221;%220px|0px|0px|0px%22&#8243; custom_padding_phone=&#8221;%22%22&#8243; top_divider_color=&#8221;%22#2a758a%22&#8243; bottom_divider_color=&#8221;%22#2a758a%22&#8243; bottom_divider_height=&#8221;%2269px%22&#8243; da_disable_devices=&#8221;off|off|off&#8221; locked=&#8221;off&#8221; collapsed=&#8221;on&#8221; global_colors_info=&#8221;{}&#8221; da_is_popup=&#8221;off&#8221; da_exit_intent=&#8221;off&#8221; da_has_close=&#8221;on&#8221; da_alt_close=&#8221;off&#8221; da_dark_close=&#8221;off&#8221; da_not_modal=&#8221;on&#8221; da_is_singular=&#8221;off&#8221; da_with_loader=&#8221;off&#8221; da_has_shadow=&#8221;on&#8221;][et_pb_row column_structure=&#8221;%224_4%22&#8243; _builder_version=&#8221;4.15&#8243; background_size=&#8221;initial&#8221; background_position=&#8221;top_left&#8221; background_repeat=&#8221;repeat&#8221; custom_margin=&#8221;||50px||false|false&#8221; custom_margin_tablet=&#8221;||30px||false|false&#8221; custom_margin_phone=&#8221;||20px||false|false&#8221; custom_margin_last_edited=&#8221;on|desktop&#8221; custom_padding=&#8221;||||false|false%22&#8243; global_colors_info=&#8221;{}&#8221;][et_pb_column type=&#8221;%224_4%22&#8243; _builder_version=&#8221;4.15&#8243; custom_padding=&#8221;%22|||%22&#8243; global_colors_info=&#8221;{}&#8221; custom_padding__hover=&#8221;&quot;|||&quot;&#8221;][et_pb_text admin_label=&#8221;30 best places &#8221; _builder_version=&#8221;4.15.1&#8243; text_font=&#8221;||||&#8221; text_text_color=&#8221;#1a1a1a&#8221; header_font=&#8221;Oswald|on||on|&#8221; header_text_align=&#8221;right&#8221; header_font_size=&#8221;60px&#8221; header_line_height=&#8221;1.3em&#8221; header_2_font=&#8221;Oswald|on||on|&#8221; header_2_text_align=&#8221;left&#8221; header_2_text_color=&#8221;#113e5d&#8221; header_2_font_size=&#8221;60px&#8221; header_2_line_height=&#8221;1.3em&#8221; custom_margin=&#8221;0px|0px|0px|0px|false|true&#8221; custom_margin_tablet=&#8221;10px|0px|10px|0px|false|true&#8221; custom_margin_phone=&#8221;0px|-17px|10px|-17px|false|true&#8221; custom_margin_last_edited=&#8221;on|desktop&#8221; animation_style=&#8221;slide&#8221; animation_direction=&#8221;top&#8221; animation_intensity_slide=&#8221;10%&#8221; header_font_size_tablet=&#8221;&#8221; header_font_size_phone=&#8221;&#8221; header_font_size_last_edited=&#8221;on|phone&#8221; header_2_font_size_tablet=&#8221;55px&#8221; header_2_font_size_phone=&#8221;40px&#8221; header_2_font_size_last_edited=&#8221;on|phone&#8221; locked=&#8221;off&#8221; global_colors_info=&#8221;{}&#8221;]<\/p>\n<h2 style=\"text-align: center;\"><strong>Carte des sites historiques les plus int\u00e9ressants d&#8217;Europe<\/strong><\/h2>\n<p>[\/et_pb_text][\/et_pb_column][\/et_pb_row][\/et_pb_section][et_pb_section fb_built=&#8221;1&#8243; fullwidth=&#8221;on&#8221; module_id=&#8221;Carte&#8221; _builder_version=&#8221;4.15&#8243; da_disable_devices=&#8221;off|off|off&#8221; locked=&#8221;off&#8221; global_colors_info=&#8221;{}&#8221; da_is_popup=&#8221;off&#8221; da_exit_intent=&#8221;off&#8221; da_has_close=&#8221;on&#8221; da_alt_close=&#8221;off&#8221; da_dark_close=&#8221;off&#8221; da_not_modal=&#8221;on&#8221; da_is_singular=&#8221;off&#8221; da_with_loader=&#8221;off&#8221; da_has_shadow=&#8221;on&#8221;][et_pb_fullwidth_code _builder_version=&#8221;4.15&#8243; global_colors_info=&#8221;{}&#8221;]<\/p>\n<div class=\"google-map\"> <!-- [et_pb_line_break_holder] -->      <!-- [et_pb_line_break_holder] -->    <iframe name=\"Carte des plus beaux paysages naturels en Europe\" width=\"100%\" height=\"100%\" frameborder=\"0\" allowfullscreen src=\"\/\/umap.openstreetmap.fr\/fr\/map\/top-20-des-plus-beaux-paysages-naturels-en-europe_469185?scaleControl=false&#038;miniMap=false&#038;scrollWheelZoom=false&#038;zoomControl=true&#038;allowEdit=false&#038;moreControl=true&#038;searchControl=null&#038;tilelayersControl=null&#038;embedControl=null&#038;datalayersControl=null&#038;onLoadPanel=undefined&#038;captionBar=false\"><\/iframe><pee><a <!-- [et_pb_line_break_holder] -->  <!-- [et_pb_line_break_holder] -->    <!-- [et_pb_line_break_holder] --><\/div>\n<p>[\/et_pb_fullwidth_code][\/et_pb_section][et_pb_section fb_built=&#8221;1&#8243; custom_padding_last_edited=&#8221;on|&#8221; _builder_version=&#8221;4.15&#8243; custom_padding_tablet=&#8221;&#8221; custom_padding_phone=&#8221;&#8221; da_disable_devices=&#8221;off|off|off&#8221; global_colors_info=&#8221;{}&#8221; da_is_popup=&#8221;off&#8221; da_exit_intent=&#8221;off&#8221; da_has_close=&#8221;on&#8221; da_alt_close=&#8221;off&#8221; da_dark_close=&#8221;off&#8221; da_not_modal=&#8221;on&#8221; da_is_singular=&#8221;off&#8221; da_with_loader=&#8221;off&#8221; da_has_shadow=&#8221;on&#8221;][et_pb_row custom_padding_last_edited=&#8221;on|desktop&#8221; _builder_version=&#8221;4.15&#8243; custom_margin=&#8221;100px||70px||false|false&#8221; custom_margin_tablet=&#8221;70px||50px||false|false&#8221; custom_margin_phone=&#8221;80px||50px||false|false&#8221; custom_margin_last_edited=&#8221;on|desktop&#8221; custom_padding=&#8221;0px|0px|0px|0px|false|false&#8221; custom_padding_tablet=&#8221;||0px||false|false&#8221; custom_padding_phone=&#8221;||0px||false|false&#8221; locked=&#8221;off&#8221; global_colors_info=&#8221;{}&#8221;][et_pb_column type=&#8221;4_4&#8243; _builder_version=&#8221;4.15&#8243; custom_padding=&#8221;|||&#8221; global_colors_info=&#8221;{}&#8221; custom_padding__hover=&#8221;|||&#8221;][et_pb_text admin_label=&#8221;Countries best to visit in January&#8221; _builder_version=&#8221;4.15.1&#8243; text_font=&#8221;||||&#8221; text_text_color=&#8221;#1a1a1a&#8221; link_text_color=&#8221;#68a3cb&#8221; header_font=&#8221;Oswald|on||on|&#8221; header_text_align=&#8221;right&#8221; header_font_size=&#8221;60px&#8221; header_line_height=&#8221;1.3em&#8221; header_2_font=&#8221;Oswald|on||on|&#8221; header_2_text_align=&#8221;left&#8221; header_2_text_color=&#8221;#113e5d&#8221; header_2_font_size=&#8221;60px&#8221; header_2_line_height=&#8221;1.3em&#8221; custom_margin=&#8221;-10px|5vw|0px|5vw|false|true&#8221; custom_margin_tablet=&#8221;-10px|23px|0px|23px|false|true&#8221; custom_margin_phone=&#8221;-10px|-20px|0px|-20px|false|true&#8221; custom_margin_last_edited=&#8221;on|phone&#8221; animation_style=&#8221;slide&#8221; animation_direction=&#8221;top&#8221; animation_intensity_slide=&#8221;10%&#8221; header_font_size_tablet=&#8221;&#8221; header_font_size_phone=&#8221;&#8221; header_font_size_last_edited=&#8221;on|phone&#8221; header_2_font_size_tablet=&#8221;55px&#8221; header_2_font_size_phone=&#8221;40px&#8221; header_2_font_size_last_edited=&#8221;on|phone&#8221; global_colors_info=&#8221;{}&#8221;]<\/p>\n<h2 style=\"text-align: center;\">Top 30 des sites historiques les plus int\u00e9ressants d&#8217;Europe<\/h2>\n<p>[\/et_pb_text][\/et_pb_column][\/et_pb_row][et_pb_row admin_label=&#8221;Town 1&#8243; module_id=&#8221;Carnac&#8221; _builder_version=&#8221;4.15.1&#8243; custom_margin_tablet=&#8221;&#8221; custom_margin_phone=&#8221;-50px||0px||false|false&#8221; custom_margin_last_edited=&#8221;on|tablet&#8221; custom_padding=&#8221;73px||40.4688px||false|false&#8221; global_colors_info=&#8221;{}&#8221;][et_pb_column type=&#8221;4_4&#8243; _builder_version=&#8221;4.15&#8243; custom_padding=&#8221;|||&#8221; global_colors_info=&#8221;{}&#8221; custom_padding__hover=&#8221;|||&#8221;][et_pb_text admin_label=&#8221;Trinidad in Cuba&#8221; module_class=&#8221;anchor_img_text2&#8243; _builder_version=&#8221;4.15.1&#8243; text_font=&#8221;Roboto||||&#8221; text_text_color=&#8221;#1a1a1a&#8221; text_font_size=&#8221;24px&#8221; text_line_height=&#8221;1.4em&#8221; link_text_color=&#8221;#68a3cb&#8221; header_font=&#8221;||||||||&#8221; header_2_font=&#8221;Montserrat||||||||&#8221; header_2_text_color=&#8221;#000000&#8243; header_2_font_size=&#8221;20px&#8221; header_3_font=&#8221;Roboto|700|||||||&#8221; header_3_text_color=&#8221;#000000&#8243; header_3_font_size=&#8221;27px&#8221; header_3_line_height=&#8221;1.5em&#8221; custom_margin=&#8221;15px||||false|false&#8221; custom_margin_tablet=&#8221;&#8221; custom_margin_phone=&#8221;25px|-28px||-28px|false|true&#8221; custom_margin_last_edited=&#8221;on|phone&#8221; animation_style=&#8221;slide&#8221; animation_direction=&#8221;top&#8221; animation_intensity_slide=&#8221;10%&#8221; header_2_font_size_tablet=&#8221;&#8221; header_2_font_size_phone=&#8221;&#8221; header_2_font_size_last_edited=&#8221;on|desktop&#8221; header_3_font_size_tablet=&#8221;&#8221; header_3_font_size_phone=&#8221;22px&#8221; header_3_font_size_last_edited=&#8221;on|phone&#8221; global_colors_info=&#8221;{}&#8221;]<\/p>\n<h3 style=\"text-align: center;\"><a href=\"#Carte\"><img decoding=\"async\" src=\"https:\/\/www.where2travel.com\/wp-content\/uploads\/2019\/06\/Evaluation-Where2travel-N%C2%B016.png\" alt=\"Num\u00e9ro 1\" width=\"45\" height=\"45\" \/><\/a>\u00a0 \u00a0 Les menhirs de Carnac en France<br \/>\n<\/h3>\n<p>[\/et_pb_text][et_pb_divider color=&#8221;#68a3cb&#8221; divider_weight=&#8221;4px&#8221; _builder_version=&#8221;4.15&#8243; width=&#8221;100%&#8221; width_tablet=&#8221;100%&#8221; width_phone=&#8221;100%&#8221; width_last_edited=&#8221;on|phone&#8221; max_width=&#8221;12%&#8221; max_width_tablet=&#8221;25%&#8221; max_width_phone=&#8221;25%&#8221; max_width_last_edited=&#8221;on|desktop&#8221; module_alignment=&#8221;center&#8221; height=&#8221;6px&#8221; custom_margin=&#8221;-15px||80px||false|false&#8221; custom_margin_tablet=&#8221;-15px||70px&#8221; custom_margin_phone=&#8221;-15px||70px&#8221; custom_margin_last_edited=&#8221;on|tablet&#8221; locked=&#8221;off&#8221; global_colors_info=&#8221;{}&#8221;][\/et_pb_divider][et_pb_text admin_label=&#8221;Description of the town&#8221; _builder_version=&#8221;4.15.1&#8243; text_font=&#8221;Roboto||||&#8221; text_font_size=&#8221;16px&#8221; text_line_height=&#8221;1.9em&#8221; link_font=&#8221;Roboto||||||||&#8221; link_text_color=&#8221;#68a3cb&#8221; link_font_size=&#8221;16px&#8221; link_line_height=&#8221;1.9em&#8221; ul_font=&#8221;||||||||&#8221; ol_font=&#8221;||||||||&#8221; quote_font=&#8221;||||||||&#8221; header_font=&#8221;Varela Round|700|||||||&#8221; header_text_align=&#8221;center&#8221; header_text_color=&#8221;#2a8a6f&#8221; header_font_size=&#8221;40px&#8221; header_line_height=&#8221;1.4em&#8221; header_2_font=&#8221;Varela Round|700|||||||&#8221; header_2_text_align=&#8221;center&#8221; header_2_text_color=&#8221;#2a8a6f&#8221; header_2_font_size=&#8221;36px&#8221; header_2_line_height=&#8221;1.4em&#8221; header_3_font=&#8221;Montserrat||||||||&#8221; header_3_text_align=&#8221;justify&#8221; header_3_text_color=&#8221;#555555&#8243; header_3_font_size=&#8221;20px&#8221; header_3_line_height=&#8221;1.4em&#8221; custom_margin=&#8221;0px||35px||false|false&#8221; custom_margin_tablet=&#8221;0px||25px||false|false&#8221; custom_margin_phone=&#8221;0px||0px||false|false&#8221; custom_margin_last_edited=&#8221;on|tablet&#8221; custom_padding=&#8221;|100px||100px&#8221; custom_padding_tablet=&#8221;|0px||0px&#8221; custom_padding_phone=&#8221;|0px||0px|false|true&#8221; custom_padding_last_edited=&#8221;on|desktop&#8221; animation_style=&#8221;slide&#8221; animation_direction=&#8221;top&#8221; animation_intensity_slide=&#8221;10%&#8221; text_font_size_tablet=&#8221;&#8221; text_font_size_phone=&#8221;15px&#8221; text_font_size_last_edited=&#8221;on|phone&#8221; link_font_size_tablet=&#8221;&#8221; link_font_size_phone=&#8221;15px&#8221; link_font_size_last_edited=&#8221;on|desktop&#8221; header_font_size_tablet=&#8221;30px&#8221; header_font_size_phone=&#8221;25px&#8221; header_font_size_last_edited=&#8221;on|phone&#8221; header_2_font_size_tablet=&#8221;25px&#8221; header_2_font_size_phone=&#8221;20px&#8221; header_2_font_size_last_edited=&#8221;on|phone&#8221; header_3_font_size_tablet=&#8221;16px&#8221; header_3_font_size_phone=&#8221;14px&#8221; header_3_font_size_last_edited=&#8221;on|desktop&#8221; saved_tabs=&#8221;all&#8221; locked=&#8221;off&#8221; global_colors_info=&#8221;{}&#8221; link_text_color__hover_enabled=&#8221;on&#8221; link_text_color__hover=&#8221;#fbba00&#8243;]<\/p>\n<p style=\"text-align: justify;\">Carnac est une commune situ\u00e9e en Bretagne dans l\u2019ouest de la France. Cette ville est connue pour les c\u00e9l\u00e8bres sites m\u00e9galithiques de Carnac compos\u00e9s de milliers de menhirs align\u00e9s pendant la p\u00e9riode n\u00e9olithique. Vieux de 7000 ans, les 3000 menhirs et dolmens se regroupent sur 3 sites d\u2019alignements : M\u00e9nec, Kermario et Kerlescan, qui sont proches les uns des autres. Les visites de ces sites historiques peuvent se faire par vous m\u00eame gratuitement ou avec un guide. Si vous choisissez d\u2019y aller seul (ce qui est tr\u00e8s facile), je vous conseille de commencer par la maison des M\u00e9galithes pour r\u00e9cup\u00e9rer des informations (plans, expositions, vid\u00e9os explicatives\u2026) qui vous seront utiles pour d\u00e9couvrir et mieux comprendre ce site historique qui garde encore de nombreux myst\u00e8res. De plus, Carnac est une jolie station baln\u00e9aire sur la c\u00f4te atlantique, entre le golfe du Morbihan \u00e0 l\u2019est et la presqu&#8217;\u00eele de Quiberon \u00e0 l\u2019ouest. <\/p>\n<p>[\/et_pb_text][\/et_pb_column][\/et_pb_row][et_pb_row column_structure=&#8221;1_3,1_3,1_3&#8243; custom_padding_last_edited=&#8221;on|desktop&#8221; _builder_version=&#8221;4.15&#8243; background_size=&#8221;initial&#8221; background_position=&#8221;top_left&#8221; background_repeat=&#8221;repeat&#8221; custom_margin=&#8221;||50px||false|false&#8221; custom_margin_tablet=&#8221;||60px||false|false&#8221; custom_margin_phone=&#8221;0px||60px||false|false&#8221; custom_margin_last_edited=&#8221;on|phone&#8221; custom_padding=&#8221;0|0px|0px|0px|false|false&#8221; custom_padding_tablet=&#8221;||0px|&#8221; custom_padding_phone=&#8221;0px||0px|&#8221; locked=&#8221;off&#8221; collapsed=&#8221;off&#8221; global_colors_info=&#8221;{}&#8221;][et_pb_column type=&#8221;1_3&#8243; _builder_version=&#8221;4.15&#8243; custom_padding=&#8221;|||&#8221; global_colors_info=&#8221;{}&#8221; custom_padding__hover=&#8221;|||&#8221;][et_pb_image src=&#8221;https:\/\/www.where2travel.com\/wp-content\/uploads\/2022\/03\/sites-historiques-europe-menhir-carnac-france-16-1.jpg&#8221; alt=&#8221;Les sites historiques les plus int\u00e9ressants d&#8217;Europe : les menhirs de Carnac en France&#8221; title_text=&#8221;sites-historiques-europe-menhir-carnac-france&#8221; show_in_lightbox=&#8221;on&#8221; align_tablet=&#8221;center&#8221; align_phone=&#8221;&#8221; align_last_edited=&#8221;on|desktop&#8221; _builder_version=&#8221;4.15.1&#8243; custom_margin=&#8221;|0px||0px||false&#8221; custom_margin_tablet=&#8221;&#8221; custom_margin_phone=&#8221;|0px||0px||true&#8221; custom_margin_last_edited=&#8221;on|phone&#8221; animation_style=&#8221;slide&#8221; border_radii=&#8221;on|5px|5px|5px|5px&#8221; box_shadow_style=&#8221;preset6&#8243; global_colors_info=&#8221;{}&#8221;]&nbsp;<br \/>\n[\/et_pb_image][\/et_pb_column][et_pb_column type=&#8221;1_3&#8243; _builder_version=&#8221;4.15&#8243; custom_padding=&#8221;|||&#8221; global_colors_info=&#8221;{}&#8221; custom_padding__hover=&#8221;|||&#8221;][et_pb_image src=&#8221;https:\/\/www.where2travel.com\/wp-content\/uploads\/2022\/03\/sites-historiques-europe-menhir-carnac-france-16-8.jpg&#8221; alt=&#8221;Histoire des menhir de Carnac en France&#8221; title_text=&#8221;sites-historiques-europe-menhir-carnac-france&#8221; show_in_lightbox=&#8221;on&#8221; align_tablet=&#8221;center&#8221; align_phone=&#8221;&#8221; align_last_edited=&#8221;on|desktop&#8221; _builder_version=&#8221;4.15.1&#8243; custom_margin=&#8221;|0px||0px||false&#8221; custom_margin_tablet=&#8221;&#8221; custom_margin_phone=&#8221;|0px||0px||true&#8221; custom_margin_last_edited=&#8221;on|phone&#8221; animation_style=&#8221;slide&#8221; border_radii=&#8221;on|5px|5px|5px|5px&#8221; box_shadow_style=&#8221;preset6&#8243; global_colors_info=&#8221;{}&#8221;]&nbsp;<br \/>\n[\/et_pb_image][\/et_pb_column][et_pb_column type=&#8221;1_3&#8243; _builder_version=&#8221;4.15&#8243; custom_padding=&#8221;|||&#8221; global_colors_info=&#8221;{}&#8221; custom_padding__hover=&#8221;|||&#8221;][et_pb_image src=&#8221;https:\/\/www.where2travel.com\/wp-content\/uploads\/2022\/03\/sites-historiques-europe-menhir-carnac-france-16-4.jpg&#8221; alt=&#8221;Paysage des menhirs de Carnac en France&#8221; title_text=&#8221;sites-historiques-europe-menhir-carnac-france&#8221; show_in_lightbox=&#8221;on&#8221; align_tablet=&#8221;center&#8221; align_phone=&#8221;&#8221; align_last_edited=&#8221;on|desktop&#8221; _builder_version=&#8221;4.15.1&#8243; custom_margin=&#8221;|0px||0px||false&#8221; custom_margin_tablet=&#8221;&#8221; custom_margin_phone=&#8221;|0px||0px||true&#8221; custom_margin_last_edited=&#8221;on|phone&#8221; animation_style=&#8221;slide&#8221; border_radii=&#8221;on|5px|5px|5px|5px&#8221; box_shadow_style=&#8221;preset6&#8243; global_colors_info=&#8221;{}&#8221;]&nbsp;<br \/>\n[\/et_pb_image][\/et_pb_column][\/et_pb_row][et_pb_row admin_label=&#8221;Town 2&#8243; module_id=&#8221;V\u00e9rone&#8221; _builder_version=&#8221;4.15.1&#8243; custom_margin_tablet=&#8221;&#8221; custom_margin_phone=&#8221;-50px||0px||false&#8221; custom_margin_last_edited=&#8221;on|desktop&#8221; custom_padding=&#8221;73px|0px|40.4688px|0px|false|false&#8221; global_colors_info=&#8221;{}&#8221;][et_pb_column type=&#8221;4_4&#8243; _builder_version=&#8221;4.15&#8243; custom_padding=&#8221;|||&#8221; global_colors_info=&#8221;{}&#8221; custom_padding__hover=&#8221;|||&#8221;][et_pb_text module_class=&#8221;anchor_img_text2&#8243; _builder_version=&#8221;4.15.1&#8243; text_font=&#8221;Roboto||||&#8221; text_text_color=&#8221;#1a1a1a&#8221; text_font_size=&#8221;24px&#8221; text_line_height=&#8221;1.4em&#8221; link_text_color=&#8221;#68a3cb&#8221; header_font=&#8221;||||||||&#8221; header_2_font=&#8221;Montserrat||||||||&#8221; header_2_text_color=&#8221;#000000&#8243; header_2_font_size=&#8221;20px&#8221; header_3_font=&#8221;Roboto|700|||||||&#8221; header_3_text_color=&#8221;#000000&#8243; header_3_font_size=&#8221;27px&#8221; header_3_line_height=&#8221;1.5em&#8221; custom_margin=&#8221;15px||||false|false&#8221; custom_margin_tablet=&#8221;&#8221; custom_margin_phone=&#8221;25px|-25px||-25px|false|true&#8221; custom_margin_last_edited=&#8221;on|phone&#8221; animation_style=&#8221;slide&#8221; animation_direction=&#8221;top&#8221; animation_intensity_slide=&#8221;10%&#8221; header_2_font_size_tablet=&#8221;&#8221; header_2_font_size_phone=&#8221;&#8221; header_2_font_size_last_edited=&#8221;on|desktop&#8221; header_3_font_size_tablet=&#8221;&#8221; header_3_font_size_phone=&#8221;22px&#8221; header_3_font_size_last_edited=&#8221;on|phone&#8221; global_colors_info=&#8221;{}&#8221;]<\/p>\n<h3 style=\"text-align: center;\"><a href=\"#Carte\"><img decoding=\"async\" src=\"https:\/\/www.where2travel.com\/wp-content\/uploads\/2019\/06\/Evaluation-Where2travel-N%C2%B017.png\" alt=\"Num\u00e9ro 2\" width=\"45\" height=\"45\"><\/a>&nbsp; &nbsp;L\u2019amphith\u00e9\u00e2tre de V\u00e9rone en Italie<\/h3>\n<p>[\/et_pb_text][et_pb_divider color=&#8221;#68a3cb&#8221; divider_weight=&#8221;4px&#8221; _builder_version=&#8221;4.15&#8243; width=&#8221;100%&#8221; width_tablet=&#8221;100%&#8221; width_phone=&#8221;100%&#8221; width_last_edited=&#8221;on|phone&#8221; max_width=&#8221;12%&#8221; max_width_tablet=&#8221;25%&#8221; max_width_phone=&#8221;25%&#8221; max_width_last_edited=&#8221;on|desktop&#8221; module_alignment=&#8221;center&#8221; height=&#8221;6px&#8221; custom_margin=&#8221;-15px||80px||false|false&#8221; custom_margin_tablet=&#8221;-15px||70px&#8221; custom_margin_phone=&#8221;-15px||70px&#8221; custom_margin_last_edited=&#8221;on|tablet&#8221; locked=&#8221;off&#8221; global_colors_info=&#8221;{}&#8221;][\/et_pb_divider][et_pb_text admin_label=&#8221;Description of the town&#8221; _builder_version=&#8221;4.15.1&#8243; text_font=&#8221;Roboto||||&#8221; text_font_size=&#8221;16px&#8221; text_line_height=&#8221;1.9em&#8221; link_font=&#8221;Roboto||||||||&#8221; link_text_color=&#8221;#68a3cb&#8221; link_font_size=&#8221;16px&#8221; link_line_height=&#8221;1.9em&#8221; ul_font=&#8221;||||||||&#8221; ol_font=&#8221;||||||||&#8221; quote_font=&#8221;||||||||&#8221; header_font=&#8221;Varela Round|700|||||||&#8221; header_text_align=&#8221;center&#8221; header_text_color=&#8221;#2a8a6f&#8221; header_font_size=&#8221;40px&#8221; header_line_height=&#8221;1.4em&#8221; header_2_font=&#8221;Varela Round|700|||||||&#8221; header_2_text_align=&#8221;center&#8221; header_2_text_color=&#8221;#2a8a6f&#8221; header_2_font_size=&#8221;36px&#8221; header_2_line_height=&#8221;1.4em&#8221; header_3_font=&#8221;Montserrat||||||||&#8221; header_3_text_align=&#8221;justify&#8221; header_3_text_color=&#8221;#555555&#8243; header_3_font_size=&#8221;20px&#8221; header_3_line_height=&#8221;1.4em&#8221; custom_margin=&#8221;0px||35px||false|false&#8221; custom_margin_tablet=&#8221;1px||25px||false|false&#8221; custom_margin_phone=&#8221;0px||30px||false|false&#8221; custom_margin_last_edited=&#8221;on|desktop&#8221; custom_padding=&#8221;|100px||100px&#8221; custom_padding_tablet=&#8221;|0px||0px&#8221; custom_padding_phone=&#8221;&#8221; custom_padding_last_edited=&#8221;on|desktop&#8221; animation_style=&#8221;slide&#8221; animation_direction=&#8221;top&#8221; animation_intensity_slide=&#8221;10%&#8221; text_font_size_tablet=&#8221;&#8221; text_font_size_phone=&#8221;15px&#8221; text_font_size_last_edited=&#8221;on|phone&#8221; link_font_size_tablet=&#8221;&#8221; link_font_size_phone=&#8221;15px&#8221; link_font_size_last_edited=&#8221;on|desktop&#8221; header_font_size_tablet=&#8221;30px&#8221; header_font_size_phone=&#8221;25px&#8221; header_font_size_last_edited=&#8221;on|phone&#8221; header_2_font_size_tablet=&#8221;25px&#8221; header_2_font_size_phone=&#8221;20px&#8221; header_2_font_size_last_edited=&#8221;on|phone&#8221; header_3_font_size_tablet=&#8221;16px&#8221; header_3_font_size_phone=&#8221;14px&#8221; header_3_font_size_last_edited=&#8221;on|desktop&#8221; saved_tabs=&#8221;all&#8221; locked=&#8221;off&#8221; global_colors_info=&#8221;{}&#8221; link_text_color__hover_enabled=&#8221;on&#8221; link_text_color__hover=&#8221;#fbba00&#8243;]<\/p>\n<p style=\"text-align: justify;\">Dans le nord de l&#8217;Italie, je vous conseille vivement de visiter la magnifique ville de V\u00e9rone, inscrite au patrimoine mondial de l\u2019UNESCO en 2000, et en particulier ses ar\u00e8nes qui furent d&#8217;abord un superbe amphith\u00e9\u00e2tre romain, construit en 30 apr. J.-C. \u00c0 l\u2019\u00e9poque antique, il accueillait jusqu\u2019\u00e0 30 000 personnes pour voir ce que l\u2019on appelait les \u00ab jeux du cirque \u00bb (combats de gladiateurs, reconstitutions de batailles, chasses d\u2019animaux sauvages\u2026).<\/p>\n<p style=\"text-align: justify;\">Haut de 32 m\u00e8tres, sur 142 m\u00e8tres de long et 110 de large, l\u2019amphith\u00e9\u00e2tre de V\u00e9rone est consid\u00e9r\u00e9 comme le 3e amphith\u00e9\u00e2tre romain par ses dimensions, apr\u00e8s celui du Colis\u00e9e et celui de Capoue, mais il est clairement le mieux conserv\u00e9 de tous et l&#8217;acoustique est remarquable. En effet, dans ses ar\u00e8nes, vous pourrez m\u00eame assister \u00e0 des spectacles d\u2019op\u00e9ra. C\u2019est une exp\u00e9rience que j\u2019ai pu faire et que je vous conseille si vous \u00eates de passage \u00e0 V\u00e9rone.<\/p>\n<p style=\"text-align: justify;\">Par la m\u00eame occasion, ne manquez pas non plus de d\u00e9couvrir le \u00ab balcon de Rom\u00e9o et Juliette \u00bb qui se trouve dans une maison de ville situ\u00e9e sur la via Cappello dans le centre historique de V\u00e9rone. Cette demeure aurait appartenu \u00e0 la famille de la noblesse italienne Dal Cappello (suppos\u00e9e \u00eatre celle de Juliette Capulet), et o\u00f9 donc son amant Rom\u00e9o Montaigu lui aurait fait la cour et d\u00e9clar\u00e9 son amour au pied de ce fameux balcon.<\/p>\n<p> [\/et_pb_text][\/et_pb_column][\/et_pb_row][et_pb_row column_structure=&#8221;1_3,1_3,1_3&#8243; custom_padding_last_edited=&#8221;on|desktop&#8221; _builder_version=&#8221;4.15&#8243; background_size=&#8221;initial&#8221; background_position=&#8221;top_left&#8221; background_repeat=&#8221;repeat&#8221; custom_margin=&#8221;||80px||false|false&#8221; custom_margin_tablet=&#8221;||60px||false|false&#8221; custom_margin_phone=&#8221;-29px||60px||false|false&#8221; custom_margin_last_edited=&#8221;on|phone&#8221; custom_padding=&#8221;0|0px|0px|0px|false|false&#8221; custom_padding_tablet=&#8221;||0px|&#8221; custom_padding_phone=&#8221;0px||0px|&#8221; locked=&#8221;off&#8221; collapsed=&#8221;off&#8221; global_colors_info=&#8221;{}&#8221;][et_pb_column type=&#8221;1_3&#8243; _builder_version=&#8221;4.15&#8243; custom_padding=&#8221;|||&#8221; global_colors_info=&#8221;{}&#8221; custom_padding__hover=&#8221;|||&#8221;][et_pb_image src=&#8221;https:\/\/www.where2travel.com\/wp-content\/uploads\/2022\/03\/sites-historiques-europe-amphite\u0301a\u0302tre-ve\u0301rone-italie-17-2.jpg&#8221; alt=&#8221;Pr\u00e8s de l&#8217;amphit\u00e9\u00e2tre de V\u00e9rone en Italie&#8221; title_text=&#8221;sites-historiques-europe-amphite\u0301a\u0302tre-ve\u0301rone-italie&#8221; show_in_lightbox=&#8221;on&#8221; align_tablet=&#8221;center&#8221; align_phone=&#8221;&#8221; align_last_edited=&#8221;on|desktop&#8221; _builder_version=&#8221;4.15.1&#8243; custom_margin=&#8221;|0px||0px||false&#8221; custom_margin_tablet=&#8221;&#8221; custom_margin_phone=&#8221;|0px||0px||true&#8221; custom_margin_last_edited=&#8221;on|phone&#8221; animation_style=&#8221;slide&#8221; border_radii=&#8221;on|5px|5px|5px|5px&#8221; box_shadow_style=&#8221;preset6&#8243; global_colors_info=&#8221;{}&#8221;]&nbsp;<br \/>\n[\/et_pb_image][\/et_pb_column][et_pb_column type=&#8221;1_3&#8243; _builder_version=&#8221;4.15&#8243; custom_padding=&#8221;|||&#8221; global_colors_info=&#8221;{}&#8221; custom_padding__hover=&#8221;|||&#8221;][et_pb_image src=&#8221;https:\/\/www.where2travel.com\/wp-content\/uploads\/2022\/03\/sites-historiques-europe-amphitheatre-verone-italie-17-3.jpg&#8221; alt=&#8221;L&#8217;amphith\u00e9\u00e2tre de V\u00e9rone en Italie, un des sites historiques les plus int\u00e9ressants d&#8217;Europe&#8221; title_text=&#8221;sites-historiques-europe-amphitheatre-verone-italie&#8221; show_in_lightbox=&#8221;on&#8221; align_tablet=&#8221;center&#8221; align_phone=&#8221;&#8221; align_last_edited=&#8221;on|desktop&#8221; _builder_version=&#8221;4.15.1&#8243; custom_margin=&#8221;|0px||0px||false&#8221; custom_margin_tablet=&#8221;&#8221; custom_margin_phone=&#8221;|0px||0px||true&#8221; custom_margin_last_edited=&#8221;on|phone&#8221; animation_style=&#8221;slide&#8221; border_radii=&#8221;on|5px|5px|5px|5px&#8221; box_shadow_style=&#8221;preset6&#8243; global_colors_info=&#8221;{}&#8221;]&nbsp;<br \/>\n[\/et_pb_image][\/et_pb_column][et_pb_column type=&#8221;1_3&#8243; _builder_version=&#8221;4.15&#8243; custom_padding=&#8221;|||&#8221; global_colors_info=&#8221;{}&#8221; custom_padding__hover=&#8221;|||&#8221;][et_pb_image src=&#8221;https:\/\/www.where2travel.com\/wp-content\/uploads\/2022\/03\/sites-historiques-europe-amphiteatre-verone-italie-17-1.jpg&#8221; alt=&#8221;Autour de l&#8217;amphit\u00e9\u00e2tre de V\u00e9rone en Italie&#8221; title_text=&#8221;sites-historiques-europe-amphith\u00e9\u00e2tre-v\u00e9rone-italie&#8221; show_in_lightbox=&#8221;on&#8221; align_tablet=&#8221;center&#8221; align_phone=&#8221;&#8221; align_last_edited=&#8221;on|desktop&#8221; _builder_version=&#8221;4.15.1&#8243; custom_margin=&#8221;|0px||0px||false&#8221; custom_margin_tablet=&#8221;&#8221; custom_margin_phone=&#8221;|0px||0px||true&#8221; custom_margin_last_edited=&#8221;on|phone&#8221; animation_style=&#8221;slide&#8221; border_radii=&#8221;on|5px|5px|5px|5px&#8221; box_shadow_style=&#8221;preset6&#8243; global_colors_info=&#8221;{}&#8221;]&nbsp;<br \/>\n[\/et_pb_image][\/et_pb_column][\/et_pb_row][et_pb_row admin_label=&#8221;Town 2&#8243; module_id=&#8221;Carcassonne&#8221; _builder_version=&#8221;4.15.1&#8243; custom_margin_tablet=&#8221;&#8221; custom_margin_phone=&#8221;-50px||0px||false&#8221; custom_margin_last_edited=&#8221;on|desktop&#8221; custom_padding=&#8221;73px|0px|40.4688px|0px|false|false&#8221; global_colors_info=&#8221;{}&#8221;][et_pb_column type=&#8221;4_4&#8243; _builder_version=&#8221;4.15&#8243; custom_padding=&#8221;|||&#8221; global_colors_info=&#8221;{}&#8221; custom_padding__hover=&#8221;|||&#8221;][et_pb_text admin_label=&#8221;Agra&#8221; module_class=&#8221;anchor_img_text2&#8243; _builder_version=&#8221;4.15.1&#8243; text_font=&#8221;Roboto||||&#8221; text_text_color=&#8221;#1a1a1a&#8221; text_font_size=&#8221;24px&#8221; text_line_height=&#8221;1.4em&#8221; link_text_color=&#8221;#68a3cb&#8221; header_font=&#8221;||||||||&#8221; header_2_font=&#8221;Montserrat||||||||&#8221; header_2_text_color=&#8221;#000000&#8243; header_2_font_size=&#8221;20px&#8221; header_3_font=&#8221;Roboto|700|||||||&#8221; header_3_text_color=&#8221;#000000&#8243; header_3_font_size=&#8221;27px&#8221; header_3_line_height=&#8221;1.5em&#8221; custom_margin=&#8221;15px||||false|false&#8221; custom_margin_tablet=&#8221;&#8221; custom_margin_phone=&#8221;25px|||&#8221; custom_margin_last_edited=&#8221;on|phone&#8221; animation_style=&#8221;slide&#8221; animation_direction=&#8221;top&#8221; animation_intensity_slide=&#8221;10%&#8221; header_2_font_size_tablet=&#8221;&#8221; header_2_font_size_phone=&#8221;&#8221; header_2_font_size_last_edited=&#8221;on|desktop&#8221; header_3_font_size_tablet=&#8221;&#8221; header_3_font_size_phone=&#8221;22px&#8221; header_3_font_size_last_edited=&#8221;on|phone&#8221; global_colors_info=&#8221;{}&#8221;]<\/p>\n<h3 style=\"text-align: center;\"><a href=\"#Carte\"><img decoding=\"async\" src=\"https:\/\/www.where2travel.com\/wp-content\/uploads\/2019\/06\/Evaluation-Where2travel-N%C2%B018.png\" alt=\"Num\u00e9ro 3\" width=\"45\" height=\"45\" \/><\/a>\u00a0 La cit\u00e9 m\u00e9di\u00e9vale de Carcassonne en France<\/h3>\n<p>[\/et_pb_text][et_pb_divider color=&#8221;#68a3cb&#8221; divider_weight=&#8221;4px&#8221; _builder_version=&#8221;4.15&#8243; width=&#8221;100%&#8221; width_tablet=&#8221;100%&#8221; width_phone=&#8221;100%&#8221; width_last_edited=&#8221;on|phone&#8221; max_width=&#8221;12%&#8221; max_width_tablet=&#8221;25%&#8221; max_width_phone=&#8221;25%&#8221; max_width_last_edited=&#8221;on|desktop&#8221; module_alignment=&#8221;center&#8221; height=&#8221;6px&#8221; custom_margin=&#8221;-15px||80px||false|false&#8221; custom_margin_tablet=&#8221;-15px||70px&#8221; custom_margin_phone=&#8221;-15px||70px&#8221; custom_margin_last_edited=&#8221;on|tablet&#8221; locked=&#8221;off&#8221; global_colors_info=&#8221;{}&#8221;][\/et_pb_divider][et_pb_text admin_label=&#8221;Description of the town&#8221; _builder_version=&#8221;4.15.1&#8243; text_font=&#8221;Roboto||||&#8221; text_font_size=&#8221;16px&#8221; text_line_height=&#8221;1.9em&#8221; link_font=&#8221;Roboto||||||||&#8221; link_text_color=&#8221;#68a3cb&#8221; link_font_size=&#8221;16px&#8221; link_line_height=&#8221;1.9em&#8221; ul_font=&#8221;||||||||&#8221; ol_font=&#8221;||||||||&#8221; quote_font=&#8221;||||||||&#8221; header_font=&#8221;Varela Round|700|||||||&#8221; header_text_align=&#8221;center&#8221; header_text_color=&#8221;#2a8a6f&#8221; header_font_size=&#8221;40px&#8221; header_line_height=&#8221;1.4em&#8221; header_2_font=&#8221;Varela Round|700|||||||&#8221; header_2_text_align=&#8221;center&#8221; header_2_text_color=&#8221;#2a8a6f&#8221; header_2_font_size=&#8221;36px&#8221; header_2_line_height=&#8221;1.4em&#8221; header_3_font=&#8221;Montserrat||||||||&#8221; header_3_text_align=&#8221;justify&#8221; header_3_text_color=&#8221;#555555&#8243; header_3_font_size=&#8221;20px&#8221; header_3_line_height=&#8221;1.4em&#8221; custom_margin=&#8221;0px||35px||false|false&#8221; custom_margin_tablet=&#8221;1px||25px||false|false&#8221; custom_margin_phone=&#8221;0px||30px||false|false&#8221; custom_margin_last_edited=&#8221;on|desktop&#8221; custom_padding=&#8221;0px|100px||100px||&#8221; custom_padding_tablet=&#8221;|0px||0px&#8221; custom_padding_phone=&#8221;&#8221; custom_padding_last_edited=&#8221;on|desktop&#8221; animation_style=&#8221;slide&#8221; animation_direction=&#8221;top&#8221; animation_intensity_slide=&#8221;10%&#8221; text_font_size_tablet=&#8221;&#8221; text_font_size_phone=&#8221;15px&#8221; text_font_size_last_edited=&#8221;on|phone&#8221; link_font_size_tablet=&#8221;&#8221; link_font_size_phone=&#8221;15px&#8221; link_font_size_last_edited=&#8221;on|desktop&#8221; header_font_size_tablet=&#8221;30px&#8221; header_font_size_phone=&#8221;25px&#8221; header_font_size_last_edited=&#8221;on|phone&#8221; header_2_font_size_tablet=&#8221;25px&#8221; header_2_font_size_phone=&#8221;20px&#8221; header_2_font_size_last_edited=&#8221;on|phone&#8221; header_3_font_size_tablet=&#8221;16px&#8221; header_3_font_size_phone=&#8221;14px&#8221; header_3_font_size_last_edited=&#8221;on|desktop&#8221; saved_tabs=&#8221;all&#8221; locked=&#8221;off&#8221; global_colors_info=&#8221;{}&#8221; link_text_color__hover_enabled=&#8221;on&#8221; link_text_color__hover=&#8221;#fbba00&#8243;]<\/p>\n<p style=\"text-align: justify;\">Dans le sud de la France, je vous conseille de d\u00e9couvrir la magnifique cit\u00e9 de Carcassonne qui vous plongera totalement dans l\u2019\u00e9poque du Moyen \u00c2ge. L\u2019origine de cette cit\u00e9 m\u00e9di\u00e9vale fortifi\u00e9e remonte \u00e0 la p\u00e9riode gallo-romaine. Elle a ensuite \u00e9t\u00e9 une place forte wisigothe, un comt\u00e9, une vicomt\u00e9, et finalement une s\u00e9n\u00e9chauss\u00e9e royale. Chacune de ces p\u00e9riodes, depuis la romaine jusqu\u2019au Moyen \u00c2ge, a laiss\u00e9 des traces historiques dans les b\u00e2timents qui composent la cit\u00e9 m\u00e9di\u00e9vale de Carcassonne. \u00c0 la fin du Moyen \u00c2ge, la cit\u00e9 fut progressivement abandonn\u00e9e au profit de la ville basse de Carcassonne, et du fait de son changement d\u2019importance strat\u00e9gique apr\u00e8s la signature du trait\u00e9 des Pyr\u00e9n\u00e9es qui formalisa la paix conclue entre la couronne d&#8217;Espagne et la France. Au XIXe si\u00e8cle, la cit\u00e9 commen\u00e7a \u00e0 \u00eatre r\u00e9nov\u00e9e, notamment avec l&#8217;approbation d\u2019un projet de restauration par Napol\u00e9on III en 1853.<\/p>\n<p style=\"text-align: justify;\">La cit\u00e9 m\u00e9di\u00e9vale de Carcassonne doit notamment sa renomm\u00e9e gr\u00e2ce \u00e0 son imposante double enceinte fortifi\u00e9e, longue de pr\u00e8s de 3 km et qui comporte 52 tours. Elle comprend aussi un tr\u00e8s beau ch\u00e2teau et une grande basilique que je vous conseille vivement de visiter \u00e9galement. Depuis 1997, la Cit\u00e9 de Carcassonne est class\u00e9e au patrimoine mondial de l&#8217;UNESCO. Aujourd&#8217;hui, ce splendide site historique est un site touristique important qui accueille plus de 2 millions de visiteurs par an.<\/p>\n<p>[\/et_pb_text][\/et_pb_column][\/et_pb_row][et_pb_row column_structure=&#8221;1_3,1_3,1_3&#8243; custom_padding_last_edited=&#8221;on|desktop&#8221; _builder_version=&#8221;4.15&#8243; background_size=&#8221;initial&#8221; background_position=&#8221;top_left&#8221; background_repeat=&#8221;repeat&#8221; custom_margin=&#8221;||80px||false|false&#8221; custom_margin_tablet=&#8221;||60px||false|false&#8221; custom_margin_phone=&#8221;-29px||60px||false|false&#8221; custom_margin_last_edited=&#8221;on|phone&#8221; custom_padding=&#8221;0|0px|0px|0px|false|false&#8221; custom_padding_tablet=&#8221;||0px|&#8221; custom_padding_phone=&#8221;0px||0px|&#8221; locked=&#8221;off&#8221; collapsed=&#8221;off&#8221; global_colors_info=&#8221;{}&#8221;][et_pb_column type=&#8221;1_3&#8243; _builder_version=&#8221;4.15&#8243; custom_padding=&#8221;|||&#8221; global_colors_info=&#8221;{}&#8221; custom_padding__hover=&#8221;|||&#8221;][et_pb_image src=&#8221;https:\/\/www.where2travel.com\/wp-content\/uploads\/2022\/03\/sites-historiques-europe-forteresse-carcassonne-18-6.jpg&#8221; alt=&#8221;Pont de la cit\u00e9 m\u00e9di\u00e9vale de Carcassonne en France&#8221; title_text=&#8221;sites-historiques-europe-forteresse-carcassonne&#8221; show_in_lightbox=&#8221;on&#8221; align_tablet=&#8221;center&#8221; align_phone=&#8221;&#8221; align_last_edited=&#8221;on|desktop&#8221; _builder_version=&#8221;4.15.1&#8243; custom_margin=&#8221;|0px||0px||false&#8221; custom_margin_tablet=&#8221;&#8221; custom_margin_phone=&#8221;|0px||0px||true&#8221; custom_margin_last_edited=&#8221;on|phone&#8221; animation_style=&#8221;slide&#8221; border_radii=&#8221;on|5px|5px|5px|5px&#8221; box_shadow_style=&#8221;preset6&#8243; global_colors_info=&#8221;{}&#8221;]&nbsp;<br \/>\n[\/et_pb_image][\/et_pb_column][et_pb_column type=&#8221;1_3&#8243; _builder_version=&#8221;4.15&#8243; custom_padding=&#8221;|||&#8221; global_colors_info=&#8221;{}&#8221; custom_padding__hover=&#8221;|||&#8221;][et_pb_image src=&#8221;https:\/\/www.where2travel.com\/wp-content\/uploads\/2022\/03\/sites-historiques-europe-forteresse-carcassonne-18-11.jpg&#8221; alt=&#8221;Les sites historiques les plus int\u00e9ressants d&#8217;Europe : La cit\u00e9 m\u00e9di\u00e9vale de Carcassonne en France &#8221; title_text=&#8221;sites-historiques-europe-forteresse-carcassonne-france&#8221; show_in_lightbox=&#8221;on&#8221; align_tablet=&#8221;center&#8221; align_phone=&#8221;&#8221; align_last_edited=&#8221;on|desktop&#8221; _builder_version=&#8221;4.15.1&#8243; custom_margin=&#8221;|0px||0px||false&#8221; custom_margin_tablet=&#8221;&#8221; custom_margin_phone=&#8221;|0px||0px||true&#8221; custom_margin_last_edited=&#8221;on|phone&#8221; animation_style=&#8221;slide&#8221; border_radii=&#8221;on|5px|5px|5px|5px&#8221; box_shadow_style=&#8221;preset6&#8243; global_colors_info=&#8221;{}&#8221;]&nbsp;<br \/>\n[\/et_pb_image][\/et_pb_column][et_pb_column type=&#8221;1_3&#8243; _builder_version=&#8221;4.15&#8243; custom_padding=&#8221;|||&#8221; global_colors_info=&#8221;{}&#8221; custom_padding__hover=&#8221;|||&#8221;][et_pb_image src=&#8221;https:\/\/www.where2travel.com\/wp-content\/uploads\/2022\/03\/sites-historiques-europe-forteresse-carcassonne-18-3.jpg&#8221; alt=&#8221;Remparts de la cit\u00e9 m\u00e9di\u00e9vale de Carcassonne en France&#8221; title_text=&#8221;sites-historiques-europe-forteresse-carcassonne&#8221; show_in_lightbox=&#8221;on&#8221; align_tablet=&#8221;center&#8221; align_phone=&#8221;&#8221; align_last_edited=&#8221;on|desktop&#8221; _builder_version=&#8221;4.15.1&#8243; custom_margin=&#8221;|0px||0px||false&#8221; custom_margin_tablet=&#8221;&#8221; custom_margin_phone=&#8221;|0px||0px||true&#8221; custom_margin_last_edited=&#8221;on|phone&#8221; animation_style=&#8221;slide&#8221; border_radii=&#8221;on|5px|5px|5px|5px&#8221; box_shadow_style=&#8221;preset6&#8243; global_colors_info=&#8221;{}&#8221;]&nbsp;<br \/>\n[\/et_pb_image][\/et_pb_column][\/et_pb_row][et_pb_row custom_padding_last_edited=&#8221;on|desktop&#8221; _builder_version=&#8221;4.15.1&#8243; custom_margin=&#8221;0px||60px||false|false&#8221; custom_margin_tablet=&#8221;50px||||false|false&#8221; custom_margin_phone=&#8221;50px||||false|false&#8221; custom_margin_last_edited=&#8221;on|desktop&#8221; custom_padding=&#8221;||0px||false|false&#8221; custom_padding_tablet=&#8221;||80px||false|false&#8221; custom_padding_phone=&#8221;&#8221; locked=&#8221;off&#8221; global_colors_info=&#8221;{}&#8221;][et_pb_column type=&#8221;4_4&#8243; _builder_version=&#8221;4.15&#8243; custom_padding=&#8221;|||&#8221; global_colors_info=&#8221;{}&#8221; custom_padding__hover=&#8221;|||&#8221;][et_pb_text admin_label=&#8221;Useful links&#8221; _builder_version=&#8221;4.15&#8243; header_font=&#8221;Montserrat||||||||&#8221; header_2_text_color=&#8221;#0d5e55&#8243; header_3_font=&#8221;Roboto|700|||||||&#8221; header_3_text_align=&#8221;center&#8221; header_3_text_color=&#8221;#0d3f5e&#8221; header_3_font_size=&#8221;27px&#8221; custom_margin=&#8221;0px||||false|false&#8221; header_font_size_tablet=&#8221;20px&#8221; header_font_size_phone=&#8221;17px&#8221; header_font_size_last_edited=&#8221;on|phone&#8221; header_3_font_size_tablet=&#8221;25px&#8221; header_3_font_size_phone=&#8221;20px&#8221; header_3_font_size_last_edited=&#8221;on|phone&#8221; border_color_bottom=&#8221;#2a758a&#8221; global_colors_info=&#8221;{}&#8221;]<\/p>\n<h3>Liens utiles<\/h3>\n<p>[\/et_pb_text][et_pb_divider color=&#8221;#68a3cb&#8221; divider_weight=&#8221;4px&#8221; _builder_version=&#8221;4.15&#8243; width=&#8221;8%&#8221; width_tablet=&#8221;17%&#8221; width_phone=&#8221;17%&#8221; width_last_edited=&#8221;on|phone&#8221; max_width=&#8221;12%&#8221; max_width_tablet=&#8221;25%&#8221; max_width_phone=&#8221;25%&#8221; max_width_last_edited=&#8221;on|desktop&#8221; module_alignment=&#8221;center&#8221; height=&#8221;6px&#8221; custom_margin=&#8221;-15px||70px&#8221; custom_margin_tablet=&#8221;-15px||70px&#8221; custom_margin_phone=&#8221;-15px||50px&#8221; custom_margin_last_edited=&#8221;on|phone&#8221; locked=&#8221;off&#8221; global_colors_info=&#8221;{}&#8221;]<\/p>\n<p>[\/et_pb_divider][et_pb_text admin_label=&#8221;Website link&#8221; _builder_version=&#8221;4.15.1&#8243; text_font=&#8221;Roboto||||&#8221; text_font_size=&#8221;16px&#8221; text_line_height=&#8221;1.9em&#8221; link_font=&#8221;||||||||&#8221; link_text_color=&#8221;#68a3cb&#8221; header_font=&#8221;Varela Round|700|||||||&#8221; header_text_color=&#8221;#2a8a6f&#8221; header_font_size=&#8221;50px&#8221; header_line_height=&#8221;1.4em&#8221; header_2_text_color=&#8221;#0d5e55&#8243; custom_margin=&#8221;||||false|false&#8221; custom_margin_tablet=&#8221;0px|0px|40px||false|false&#8221; custom_margin_phone=&#8221;0px|0px|40px|0px|false|true&#8221; custom_margin_last_edited=&#8221;on|tablet&#8221; custom_padding=&#8221;|100px||100px|false|true&#8221; custom_padding_tablet=&#8221;|0px||0px&#8221; custom_padding_phone=&#8221;&#8221; custom_padding_last_edited=&#8221;on|phone&#8221; text_font_size_tablet=&#8221;16px&#8221; text_font_size_phone=&#8221;15px&#8221; text_font_size_last_edited=&#8221;on|tablet&#8221; header_font_size_tablet=&#8221;40px&#8221; header_font_size_phone=&#8221;25px&#8221; header_font_size_last_edited=&#8221;on|tablet&#8221; global_colors_info=&#8221;{}&#8221; link_text_color__hover_enabled=&#8221;on&#8221; link_text_color__hover=&#8221;#fbba00&#8243;]<\/p>\n<p style=\"text-align: justify;\">En haute saison, je vous conseille vivement de r\u00e9server \u00e0 l\u2019avance votre ticket sur internet pour \u00e9viter de faire la queue trop longtemps. Vous trouverez  notamment ci-dessous quelques excursions pour vous aider \u00e0 visiter la cit\u00e9 m\u00e9di\u00e9vale de Carcassonne :<\/p>\n<p>[\/et_pb_text][et_pb_code _builder_version=&#8221;4.15.1&#8243; text_orientation=&#8221;center&#8221; custom_margin=&#8221;||40px&#8221; custom_margin_tablet=&#8221;|-51px|0px|-51px|false|true&#8221; custom_margin_phone=&#8221;|0px|0px|0px|false|true&#8221; custom_margin_last_edited=&#8221;on|desktop&#8221; hover_enabled=&#8221;0&#8243; global_colors_info=&#8221;{}&#8221; sticky_enabled=&#8221;0&#8243;]<\/p>\n<div data-gyg-href=\"https:\/\/widget.getyourguide.com\/default\/activities.frame\" data-gyg-locale-code=\"fr-FR\" data-gyg-widget=\"activities\" data-gyg-number-of-items=\"3\" data-gyg-partner-id=\"0428GRX\" data-gyg-q=\"carcassonne\"><\/div>\n<p>[\/et_pb_code][\/et_pb_column][\/et_pb_row][et_pb_row admin_label=&#8221;Town 3&#8243; module_id=&#8221;Mines&#8221; _builder_version=&#8221;4.15.1&#8243; custom_margin_tablet=&#8221;&#8221; custom_margin_phone=&#8221;-50px||0px||false&#8221; custom_margin_last_edited=&#8221;on|desktop&#8221; custom_padding=&#8221;73px|0px|40.4688px|0px|false|false&#8221; global_colors_info=&#8221;{}&#8221;][et_pb_column type=&#8221;4_4&#8243; _builder_version=&#8221;4.15&#8243; custom_padding=&#8221;|||&#8221; global_colors_info=&#8221;{}&#8221; custom_padding__hover=&#8221;|||&#8221;][et_pb_text admin_label=&#8221;Cap Town&#8221; module_class=&#8221;anchor_img_text2&#8243; _builder_version=&#8221;4.15.1&#8243; text_font=&#8221;Roboto||||&#8221; text_text_color=&#8221;#1a1a1a&#8221; text_font_size=&#8221;24px&#8221; text_line_height=&#8221;1.4em&#8221; link_text_color=&#8221;#68a3cb&#8221; header_font=&#8221;||||||||&#8221; header_2_font=&#8221;Montserrat||||||||&#8221; header_2_text_color=&#8221;#000000&#8243; header_2_font_size=&#8221;20px&#8221; header_3_font=&#8221;Roboto|700|||||||&#8221; header_3_text_align=&#8221;center&#8221; header_3_text_color=&#8221;#000000&#8243; header_3_font_size=&#8221;27px&#8221; header_3_line_height=&#8221;1.5em&#8221; custom_margin=&#8221;15px||||false|false&#8221; custom_margin_tablet=&#8221;&#8221; custom_margin_phone=&#8221;25px|||&#8221; custom_margin_last_edited=&#8221;on|phone&#8221; animation_style=&#8221;slide&#8221; animation_direction=&#8221;top&#8221; animation_intensity_slide=&#8221;10%&#8221; header_2_font_size_tablet=&#8221;&#8221; header_2_font_size_phone=&#8221;&#8221; header_2_font_size_last_edited=&#8221;on|desktop&#8221; header_3_font_size_tablet=&#8221;&#8221; header_3_font_size_phone=&#8221;22px&#8221; header_3_font_size_last_edited=&#8221;on|phone&#8221; global_colors_info=&#8221;{}&#8221;]<\/p>\n<h3 style=\"text-align: center;\"><a href=\"#Carte\"><img decoding=\"async\" src=\"https:\/\/www.where2travel.com\/wp-content\/uploads\/2019\/06\/Evaluation-Where2travel-N%C2%B019.png\" alt=\"Num\u00e9ro 4\" width=\"45\" height=\"45\"><\/a>&nbsp; &nbsp;&nbsp;Les mines de sel de Wieliczka en Pologne<\/h3>\n<p>[\/et_pb_text][et_pb_divider color=&#8221;#68a3cb&#8221; divider_weight=&#8221;4px&#8221; _builder_version=&#8221;4.15&#8243; width=&#8221;100%&#8221; width_tablet=&#8221;100%&#8221; width_phone=&#8221;100%&#8221; width_last_edited=&#8221;on|phone&#8221; max_width=&#8221;12%&#8221; max_width_tablet=&#8221;25%&#8221; max_width_phone=&#8221;25%&#8221; max_width_last_edited=&#8221;on|desktop&#8221; module_alignment=&#8221;center&#8221; height=&#8221;6px&#8221; custom_margin=&#8221;-15px||80px||false|false&#8221; custom_margin_tablet=&#8221;-15px||70px&#8221; custom_margin_phone=&#8221;-15px||70px&#8221; custom_margin_last_edited=&#8221;on|tablet&#8221; locked=&#8221;off&#8221; global_colors_info=&#8221;{}&#8221;][\/et_pb_divider][et_pb_text admin_label=&#8221;Description of the town&#8221; _builder_version=&#8221;4.15.1&#8243; text_font=&#8221;Roboto||||&#8221; text_font_size=&#8221;16px&#8221; text_line_height=&#8221;1.9em&#8221; link_font=&#8221;Roboto||||||||&#8221; link_text_color=&#8221;#68a3cb&#8221; link_font_size=&#8221;16px&#8221; link_line_height=&#8221;1.9em&#8221; ul_font=&#8221;||||||||&#8221; ol_font=&#8221;||||||||&#8221; quote_font=&#8221;||||||||&#8221; header_font=&#8221;Varela Round|700|||||||&#8221; header_text_align=&#8221;center&#8221; header_text_color=&#8221;#2a8a6f&#8221; header_font_size=&#8221;40px&#8221; header_line_height=&#8221;1.4em&#8221; header_2_font=&#8221;Varela Round|700|||||||&#8221; header_2_text_align=&#8221;center&#8221; header_2_text_color=&#8221;#2a8a6f&#8221; header_2_font_size=&#8221;36px&#8221; header_2_line_height=&#8221;1.4em&#8221; header_3_font=&#8221;Montserrat||||||||&#8221; header_3_text_align=&#8221;justify&#8221; header_3_text_color=&#8221;#555555&#8243; header_3_font_size=&#8221;20px&#8221; header_3_line_height=&#8221;1.4em&#8221; custom_margin=&#8221;0px||35px||false|false&#8221; custom_margin_tablet=&#8221;1px||25px||false|false&#8221; custom_margin_phone=&#8221;0px||30px||false|false&#8221; custom_margin_last_edited=&#8221;on|desktop&#8221; custom_padding=&#8221;|100px||100px&#8221; custom_padding_tablet=&#8221;|0px||0px&#8221; custom_padding_phone=&#8221;&#8221; custom_padding_last_edited=&#8221;on|desktop&#8221; animation_style=&#8221;slide&#8221; animation_direction=&#8221;top&#8221; animation_intensity_slide=&#8221;10%&#8221; text_font_size_tablet=&#8221;&#8221; text_font_size_phone=&#8221;15px&#8221; text_font_size_last_edited=&#8221;on|phone&#8221; link_font_size_tablet=&#8221;&#8221; link_font_size_phone=&#8221;15px&#8221; link_font_size_last_edited=&#8221;on|desktop&#8221; header_font_size_tablet=&#8221;30px&#8221; header_font_size_phone=&#8221;25px&#8221; header_font_size_last_edited=&#8221;on|phone&#8221; header_2_font_size_tablet=&#8221;25px&#8221; header_2_font_size_phone=&#8221;20px&#8221; header_2_font_size_last_edited=&#8221;on|phone&#8221; header_3_font_size_tablet=&#8221;16px&#8221; header_3_font_size_phone=&#8221;14px&#8221; header_3_font_size_last_edited=&#8221;on|desktop&#8221; saved_tabs=&#8221;all&#8221; locked=&#8221;off&#8221; global_colors_info=&#8221;{}&#8221; link_text_color__hover_enabled=&#8221;on&#8221; link_text_color__hover=&#8221;#fbba00&#8243;]<\/p>\n<p style=\"text-align: justify;\">Les mines de sel de Wieliczka se situent pr\u00e8s de Cracovie en Pologne. Exploit\u00e9es depuis le XVIIIe si\u00e8cle, ses mines aux dimensions exceptionnelles (profondes de 327 m\u00e8tres sur 9 niveaux et avec environ 300 kilom\u00e8tres de galeries), sont de nos jours visitables, depuis la fin de leur exploitation mini\u00e8re et la cr\u00e9ation du \u00ab Parcours minier \u00bb en 2012.<\/p>\n<p style=\"text-align: justify;\">La visite de cette mine, inscrite au patrimoine mondial de l\u2019UNESCO, dure environ 2 heures. Le circuit ne parcourt que 1 % de la surface totale des galeries mais cela est suffisant pour admirer plusieurs de ses curiosit\u00e9s : des lacs salins, de magnifiques chambres souterraines avec des sculptures de sel, d\u2019anciens outils et machines mini\u00e8res, ainsi que l\u2019incroyable Chapelle Ste-Kinga \u00e0 101 m\u00e8tres sous le niveau de la terre. Cette chapelle dispose d\u2019un plafond haut de 12 m\u00e8tres, et qui est d\u00e9cor\u00e9 avec de d\u00e9licats lustres en cristal de sel. Dans cette chambre, dont la d\u00e9coration a dur\u00e9 pr\u00e8s de 70 ans, vous pourrez aussi admirer une scupture en sel du pape polonais Jean-Paul II. Avec Cracovie et le camp d&#8217;Auschwitz aussi pr\u00e9sents dans ce secteur, cela fait d\u00e9j\u00e0 au moins 3 bonnes raisons de vous rendre dans cette r\u00e9gion polonaise.<\/p>\n<p>[\/et_pb_text][\/et_pb_column][\/et_pb_row][et_pb_row column_structure=&#8221;1_3,1_3,1_3&#8243; custom_padding_last_edited=&#8221;on|desktop&#8221; _builder_version=&#8221;4.15&#8243; background_size=&#8221;initial&#8221; background_position=&#8221;top_left&#8221; background_repeat=&#8221;repeat&#8221; custom_margin=&#8221;||80px||false|false&#8221; custom_margin_tablet=&#8221;||60px||false|false&#8221; custom_margin_phone=&#8221;-29px||60px||false|false&#8221; custom_margin_last_edited=&#8221;on|phone&#8221; custom_padding=&#8221;0|0px|0px|0px|false|false&#8221; custom_padding_tablet=&#8221;||0px|&#8221; custom_padding_phone=&#8221;0px||0px|&#8221; locked=&#8221;off&#8221; collapsed=&#8221;off&#8221; global_colors_info=&#8221;{}&#8221;][et_pb_column type=&#8221;1_3&#8243; _builder_version=&#8221;4.15&#8243; custom_padding=&#8221;|||&#8221; global_colors_info=&#8221;{}&#8221; custom_padding__hover=&#8221;|||&#8221;][et_pb_image src=&#8221;https:\/\/www.where2travel.com\/wp-content\/uploads\/2022\/03\/sites-historiques-europe-mines-de-sel-wieliczka-pologne-19-1.jpg&#8221; alt=&#8221;Les mines de sel de Wieliczka en Pologne&#8221; title_text=&#8221;sites-historiques-europe-mines-de-sel-wieliczka-pologne&#8221; show_in_lightbox=&#8221;on&#8221; align_tablet=&#8221;center&#8221; align_phone=&#8221;&#8221; align_last_edited=&#8221;on|desktop&#8221; _builder_version=&#8221;4.15.1&#8243; custom_margin=&#8221;|0px||0px||false&#8221; custom_margin_tablet=&#8221;&#8221; custom_margin_phone=&#8221;|0px||0px||true&#8221; custom_margin_last_edited=&#8221;on|phone&#8221; animation_style=&#8221;slide&#8221; border_radii=&#8221;on|5px|5px|5px|5px&#8221; box_shadow_style=&#8221;preset6&#8243; global_colors_info=&#8221;{}&#8221;]&nbsp;<br \/>\n[\/et_pb_image][\/et_pb_column][et_pb_column type=&#8221;1_3&#8243; _builder_version=&#8221;4.15&#8243; custom_padding=&#8221;|||&#8221; global_colors_info=&#8221;{}&#8221; custom_padding__hover=&#8221;|||&#8221;][et_pb_image src=&#8221;https:\/\/www.where2travel.com\/wp-content\/uploads\/2022\/03\/sites-historiques-europe-mines-de-sel-wieliczka-pologne-19-3.jpg&#8221; alt=&#8221;Statue des mines de sel de Wieliczka en Pologne, dans le top 30 des sites historiques les plus int\u00e9ressants d&#8217;Europe&#8221; title_text=&#8221;sites-historiques-europe-mines-de-sel-wieliczka-pologne&#8221; show_in_lightbox=&#8221;on&#8221; align_tablet=&#8221;center&#8221; align_phone=&#8221;&#8221; align_last_edited=&#8221;on|desktop&#8221; _builder_version=&#8221;4.15.1&#8243; custom_margin=&#8221;|0px||0px||false&#8221; custom_margin_tablet=&#8221;&#8221; custom_margin_phone=&#8221;|0px||0px||true&#8221; custom_margin_last_edited=&#8221;on|phone&#8221; animation_style=&#8221;slide&#8221; border_radii=&#8221;on|5px|5px|5px|5px&#8221; box_shadow_style=&#8221;preset6&#8243; global_colors_info=&#8221;{}&#8221;]&nbsp;<br \/>\n[\/et_pb_image][\/et_pb_column][et_pb_column type=&#8221;1_3&#8243; _builder_version=&#8221;4.15&#8243; global_colors_info=&#8221;{}&#8221;][et_pb_image src=&#8221;https:\/\/www.where2travel.com\/wp-content\/uploads\/2022\/03\/sites-historiques-europe-mines-de-sel-wieliczka-pologne-19-2.jpg&#8221; alt=&#8221;Escaliers des mines de sel de Wieliczka en Pologne&#8221; title_text=&#8221;sites-historiques-europe-mines-de-sel-wieliczka-pologne&#8221; show_in_lightbox=&#8221;on&#8221; align_tablet=&#8221;center&#8221; align_phone=&#8221;&#8221; align_last_edited=&#8221;on|desktop&#8221; _builder_version=&#8221;4.15.1&#8243; custom_margin=&#8221;|0px||0px||false&#8221; custom_margin_tablet=&#8221;&#8221; custom_margin_phone=&#8221;|0px||0px||true&#8221; custom_margin_last_edited=&#8221;on|phone&#8221; animation_style=&#8221;slide&#8221; border_radii=&#8221;on|5px|5px|5px|5px&#8221; box_shadow_style=&#8221;preset6&#8243; global_colors_info=&#8221;{}&#8221;]&nbsp;<br \/>\n[\/et_pb_image][\/et_pb_column][\/et_pb_row][et_pb_row custom_padding_last_edited=&#8221;on|desktop&#8221; _builder_version=&#8221;4.15.1&#8243; custom_margin=&#8221;0px||60px||false|false&#8221; custom_margin_tablet=&#8221;50px||||false|false&#8221; custom_margin_phone=&#8221;50px||||false|false&#8221; custom_margin_last_edited=&#8221;on|desktop&#8221; custom_padding=&#8221;||0px||false|false&#8221; custom_padding_tablet=&#8221;||80px||false|false&#8221; custom_padding_phone=&#8221;&#8221; locked=&#8221;off&#8221; global_colors_info=&#8221;{}&#8221;][et_pb_column type=&#8221;4_4&#8243; _builder_version=&#8221;4.15&#8243; custom_padding=&#8221;|||&#8221; global_colors_info=&#8221;{}&#8221; custom_padding__hover=&#8221;|||&#8221;][et_pb_text admin_label=&#8221;Useful links&#8221; _builder_version=&#8221;4.15&#8243; header_font=&#8221;Montserrat||||||||&#8221; header_2_text_color=&#8221;#0d5e55&#8243; header_3_font=&#8221;Roboto|700|||||||&#8221; header_3_text_align=&#8221;center&#8221; header_3_text_color=&#8221;#0d3f5e&#8221; header_3_font_size=&#8221;27px&#8221; custom_margin=&#8221;0px||||false|false&#8221; header_font_size_tablet=&#8221;20px&#8221; header_font_size_phone=&#8221;17px&#8221; header_font_size_last_edited=&#8221;on|phone&#8221; header_3_font_size_tablet=&#8221;25px&#8221; header_3_font_size_phone=&#8221;20px&#8221; header_3_font_size_last_edited=&#8221;on|phone&#8221; border_color_bottom=&#8221;#2a758a&#8221; global_colors_info=&#8221;{}&#8221;]<\/p>\n<h3>Liens utiles<\/h3>\n<p>[\/et_pb_text][et_pb_divider color=&#8221;#68a3cb&#8221; divider_weight=&#8221;4px&#8221; _builder_version=&#8221;4.15&#8243; width=&#8221;8%&#8221; width_tablet=&#8221;17%&#8221; width_phone=&#8221;17%&#8221; width_last_edited=&#8221;on|phone&#8221; max_width=&#8221;12%&#8221; max_width_tablet=&#8221;25%&#8221; max_width_phone=&#8221;25%&#8221; max_width_last_edited=&#8221;on|desktop&#8221; module_alignment=&#8221;center&#8221; height=&#8221;6px&#8221; custom_margin=&#8221;-15px||70px&#8221; custom_margin_tablet=&#8221;-15px||70px&#8221; custom_margin_phone=&#8221;-15px||50px&#8221; custom_margin_last_edited=&#8221;on|phone&#8221; locked=&#8221;off&#8221; global_colors_info=&#8221;{}&#8221;]<\/p>\n<p>[\/et_pb_divider][et_pb_text admin_label=&#8221;Website link&#8221; _builder_version=&#8221;4.15.1&#8243; text_font=&#8221;Roboto||||&#8221; text_font_size=&#8221;16px&#8221; text_line_height=&#8221;1.9em&#8221; link_font=&#8221;||||||||&#8221; link_text_color=&#8221;#68a3cb&#8221; header_font=&#8221;Varela Round|700|||||||&#8221; header_text_color=&#8221;#2a8a6f&#8221; header_font_size=&#8221;50px&#8221; header_line_height=&#8221;1.4em&#8221; header_2_text_color=&#8221;#0d5e55&#8243; custom_margin=&#8221;||||false|false&#8221; custom_margin_tablet=&#8221;0px|0px|40px||false|false&#8221; custom_margin_phone=&#8221;0px|0px|40px|0px|false|true&#8221; custom_margin_last_edited=&#8221;on|tablet&#8221; custom_padding=&#8221;|100px||100px|false|true&#8221; custom_padding_tablet=&#8221;|0px||0px&#8221; custom_padding_phone=&#8221;&#8221; custom_padding_last_edited=&#8221;on|phone&#8221; text_font_size_tablet=&#8221;16px&#8221; text_font_size_phone=&#8221;15px&#8221; text_font_size_last_edited=&#8221;on|tablet&#8221; header_font_size_tablet=&#8221;40px&#8221; header_font_size_phone=&#8221;25px&#8221; header_font_size_last_edited=&#8221;on|tablet&#8221; global_colors_info=&#8221;{}&#8221; link_text_color__hover_enabled=&#8221;on&#8221; link_text_color__hover=&#8221;#fbba00&#8243;]<\/p>\n<p style=\"text-align: justify;\">Pour vous aider \u00e0 visiter les mines de sel de Wieliczka, je vous propose ci-dessous quelques excursions guid\u00e9es :<\/p>\n<p>[\/et_pb_text][et_pb_code _builder_version=&#8221;4.15.1&#8243; text_orientation=&#8221;center&#8221; custom_margin=&#8221;||40px&#8221; custom_margin_tablet=&#8221;|-51px|0px|-51px|false|true&#8221; custom_margin_phone=&#8221;|0px|0px|0px|false|true&#8221; custom_margin_last_edited=&#8221;on|desktop&#8221; global_colors_info=&#8221;{}&#8221;]<\/p>\n<div data-gyg-href=\"https:\/\/widget.getyourguide.com\/default\/activities.frame\" data-gyg-locale-code=\"fr-FR\" data-gyg-widget=\"activities\" data-gyg-number-of-items=\"3\" data-gyg-partner-id=\"0428GRX\" data-gyg-q=\"mines%20de%20sel\"><\/div>\n<p>[\/et_pb_code][\/et_pb_column][\/et_pb_row][et_pb_row admin_label=&#8221;Town 4&#8243; module_id=&#8221;Kiev&#8221; _builder_version=&#8221;4.15.1&#8243; custom_margin_tablet=&#8221;&#8221; custom_margin_phone=&#8221;-50px||0px||false&#8221; custom_margin_last_edited=&#8221;on|desktop&#8221; custom_padding=&#8221;73px|0px|40.4688px|0px|false|false&#8221; global_colors_info=&#8221;{}&#8221;][et_pb_column type=&#8221;4_4&#8243; _builder_version=&#8221;4.15&#8243; custom_padding=&#8221;|||&#8221; global_colors_info=&#8221;{}&#8221; custom_padding__hover=&#8221;|||&#8221;][et_pb_text admin_label=&#8221;Bangkok&#8221; module_class=&#8221;anchor_img_text2&#8243; _builder_version=&#8221;4.15.1&#8243; text_font=&#8221;Roboto||||&#8221; text_text_color=&#8221;#1a1a1a&#8221; text_font_size=&#8221;24px&#8221; text_line_height=&#8221;1.4em&#8221; link_text_color=&#8221;#68a3cb&#8221; header_font=&#8221;||||||||&#8221; header_2_font=&#8221;Montserrat||||||||&#8221; header_2_text_color=&#8221;#000000&#8243; header_2_font_size=&#8221;20px&#8221; header_3_font=&#8221;Roboto|700|||||||&#8221; header_3_text_color=&#8221;#000000&#8243; header_3_font_size=&#8221;27px&#8221; header_3_line_height=&#8221;1.5em&#8221; custom_margin=&#8221;15px||||false|false&#8221; custom_margin_tablet=&#8221;&#8221; custom_margin_phone=&#8221;25px|||&#8221; custom_margin_last_edited=&#8221;on|phone&#8221; animation_style=&#8221;slide&#8221; animation_direction=&#8221;top&#8221; animation_intensity_slide=&#8221;10%&#8221; header_2_font_size_tablet=&#8221;&#8221; header_2_font_size_phone=&#8221;&#8221; header_2_font_size_last_edited=&#8221;on|desktop&#8221; header_3_font_size_tablet=&#8221;&#8221; header_3_font_size_phone=&#8221;22px&#8221; header_3_font_size_last_edited=&#8221;on|phone&#8221; global_colors_info=&#8221;{}&#8221;]<\/p>\n<h3 style=\"text-align: center;\"><a href=\"#Carte\"><img decoding=\"async\" src=\"https:\/\/www.where2travel.com\/wp-content\/uploads\/2019\/06\/Evaluation-Where2travel-N%C2%B020.png\" alt=\"Num\u00e9ro 5\" width=\"45\" height=\"45\" \/><\/a>\u00a0 Les monast\u00e8res de Kiev en Ukraine<\/h3>\n<p>[\/et_pb_text][et_pb_divider color=&#8221;#68a3cb&#8221; divider_weight=&#8221;4px&#8221; _builder_version=&#8221;4.15&#8243; width=&#8221;100%&#8221; width_tablet=&#8221;100%&#8221; width_phone=&#8221;100%&#8221; width_last_edited=&#8221;on|phone&#8221; max_width=&#8221;12%&#8221; max_width_tablet=&#8221;25%&#8221; max_width_phone=&#8221;25%&#8221; max_width_last_edited=&#8221;on|desktop&#8221; module_alignment=&#8221;center&#8221; height=&#8221;6px&#8221; custom_margin=&#8221;-15px||80px||false|false&#8221; custom_margin_tablet=&#8221;-15px||70px&#8221; custom_margin_phone=&#8221;-15px||70px&#8221; custom_margin_last_edited=&#8221;on|tablet&#8221; locked=&#8221;off&#8221; global_colors_info=&#8221;{}&#8221;][\/et_pb_divider][et_pb_text admin_label=&#8221;Description of the town&#8221; _builder_version=&#8221;4.15.1&#8243; text_font=&#8221;Roboto||||&#8221; text_font_size=&#8221;16px&#8221; text_line_height=&#8221;1.9em&#8221; link_font=&#8221;Roboto||||||||&#8221; link_text_color=&#8221;#68a3cb&#8221; link_font_size=&#8221;16px&#8221; link_line_height=&#8221;1.9em&#8221; ul_font=&#8221;||||||||&#8221; ol_font=&#8221;||||||||&#8221; quote_font=&#8221;||||||||&#8221; header_font=&#8221;Varela Round|700|||||||&#8221; header_text_align=&#8221;center&#8221; header_text_color=&#8221;#2a8a6f&#8221; header_font_size=&#8221;40px&#8221; header_line_height=&#8221;1.4em&#8221; header_2_font=&#8221;Varela Round|700|||||||&#8221; header_2_text_align=&#8221;center&#8221; header_2_text_color=&#8221;#2a8a6f&#8221; header_2_font_size=&#8221;36px&#8221; header_2_line_height=&#8221;1.4em&#8221; header_3_font=&#8221;Montserrat||||||||&#8221; header_3_text_align=&#8221;justify&#8221; header_3_text_color=&#8221;#555555&#8243; header_3_font_size=&#8221;20px&#8221; header_3_line_height=&#8221;1.4em&#8221; custom_margin=&#8221;0px||35px||false|false&#8221; custom_margin_tablet=&#8221;1px||25px||false|false&#8221; custom_margin_phone=&#8221;0px||30px||false|false&#8221; custom_margin_last_edited=&#8221;on|desktop&#8221; custom_padding=&#8221;|100px||100px&#8221; custom_padding_tablet=&#8221;|0px||0px&#8221; custom_padding_phone=&#8221;&#8221; custom_padding_last_edited=&#8221;on|desktop&#8221; animation_style=&#8221;slide&#8221; animation_direction=&#8221;top&#8221; animation_intensity_slide=&#8221;10%&#8221; text_font_size_tablet=&#8221;&#8221; text_font_size_phone=&#8221;15px&#8221; text_font_size_last_edited=&#8221;on|phone&#8221; link_font_size_tablet=&#8221;&#8221; link_font_size_phone=&#8221;15px&#8221; link_font_size_last_edited=&#8221;on|desktop&#8221; header_font_size_tablet=&#8221;30px&#8221; header_font_size_phone=&#8221;25px&#8221; header_font_size_last_edited=&#8221;on|phone&#8221; header_2_font_size_tablet=&#8221;25px&#8221; header_2_font_size_phone=&#8221;20px&#8221; header_2_font_size_last_edited=&#8221;on|phone&#8221; header_3_font_size_tablet=&#8221;16px&#8221; header_3_font_size_phone=&#8221;14px&#8221; header_3_font_size_last_edited=&#8221;on|desktop&#8221; saved_tabs=&#8221;all&#8221; locked=&#8221;off&#8221; global_colors_info=&#8221;{}&#8221; link_text_color__hover_enabled=&#8221;on&#8221; link_text_color__hover=&#8221;#fbba00&#8243;]<\/p>\n<p style=\"text-align: justify;\">Si vous visitez l\u2019Ukraine, je vous conseille vivement de visiter ses monast\u00e8res qui sont des lieux charg\u00e9s d\u2019Histoire vraiment splendides. Vous pouvez par exemple vous rendre \u00e0 La laure des Grottes de Kiev qui est un important monast\u00e8re orthodoxe fond\u00e9 en 1051 par des moines venus du mont Athos en Gr\u00e8ce. Ce monast\u00e8re, inscrit sur la liste du patrimoine mondial de l&#8217;UNESCO depuis 1990, est maintenant le lieu de r\u00e9sidence du primat de l&#8217;\u00c9glise orthodoxe ukrainienne et \u00e9galement l&#8217;un des plus grands mus\u00e9es ukrainiens. Ne manquez pas non plus le monast\u00e8re Saint-Michel-au-D\u00f4me-d&#8217;Or qui fut construit entre 1108 et 1113 sur une paroi rocheuse escarp\u00e9e dans la \u00ab Ville Haute \u00bb. Ce magnifique \u00e9difice, mod\u00e8le d&#8217;architecture de style baroque ukrainien est d\u00e9di\u00e9 \u00e0 saint Michel, le patron de Kiev.<\/p>\n<p style=\"text-align: justify;\">Dans les ann\u00e9es 1930, le monast\u00e8re fut d\u00e9truit pendant la p\u00e9riode sovi\u00e9tique, puis heureusement reconstruit apr\u00e8s l&#8217;ind\u00e9pendance de l&#8217;Ukraine en 1991. Enfin, vous pourrez aussi d\u00e9couvrir \u00e0 Kiev le monast\u00e8re Saint-Michel-de-Vydoubytch qui fut fond\u00e9 en 1070 par le Grand prince de Kiev Vsevolod Ier et qui deviendra le monast\u00e8re familial pour ses descendants.<\/p>\n<p>[\/et_pb_text][\/et_pb_column][\/et_pb_row][et_pb_row column_structure=&#8221;1_3,1_3,1_3&#8243; custom_padding_last_edited=&#8221;on|desktop&#8221; _builder_version=&#8221;4.15&#8243; background_size=&#8221;initial&#8221; background_position=&#8221;top_left&#8221; background_repeat=&#8221;repeat&#8221; custom_margin=&#8221;||80px||false|false&#8221; custom_margin_tablet=&#8221;||60px||false|false&#8221; custom_margin_phone=&#8221;-29px||60px||false|false&#8221; custom_margin_last_edited=&#8221;on|phone&#8221; custom_padding=&#8221;0|0px|0px|0px|false|false&#8221; custom_padding_tablet=&#8221;||0px|&#8221; custom_padding_phone=&#8221;0px||0px|&#8221; locked=&#8221;off&#8221; collapsed=&#8221;off&#8221; global_colors_info=&#8221;{}&#8221;][et_pb_column type=&#8221;1_3&#8243; _builder_version=&#8221;4.15&#8243; custom_padding=&#8221;|||&#8221; global_colors_info=&#8221;{}&#8221; custom_padding__hover=&#8221;|||&#8221;][et_pb_image src=&#8221;https:\/\/www.where2travel.com\/wp-content\/uploads\/2022\/03\/sites-historiques-europe-monastere-kiev-ukraine-20-2.jpg&#8221; alt=&#8221;Parmi les sites historiques les plus int\u00e9ressants d&#8217;Europe : Le monast\u00e8re de Kiev en Ukraine&#8221; title_text=&#8221;sites-historiques-europe-monastere-kiev-ukraine&#8221; show_in_lightbox=&#8221;on&#8221; align_tablet=&#8221;center&#8221; align_phone=&#8221;&#8221; align_last_edited=&#8221;on|desktop&#8221; _builder_version=&#8221;4.15.1&#8243; custom_margin=&#8221;|0px||0px||false&#8221; custom_margin_tablet=&#8221;&#8221; custom_margin_phone=&#8221;|0px||0px||true&#8221; custom_margin_last_edited=&#8221;on|phone&#8221; animation_style=&#8221;slide&#8221; border_radii=&#8221;on|5px|5px|5px|5px&#8221; box_shadow_style=&#8221;preset6&#8243; global_colors_info=&#8221;{}&#8221;]&nbsp;<br \/>\n[\/et_pb_image][\/et_pb_column][et_pb_column type=&#8221;1_3&#8243; _builder_version=&#8221;4.15&#8243; custom_padding=&#8221;|||&#8221; global_colors_info=&#8221;{}&#8221; custom_padding__hover=&#8221;|||&#8221;][et_pb_image src=&#8221;https:\/\/www.where2travel.com\/wp-content\/uploads\/2022\/03\/sites-historiques-europe-monastere-kiev-ukraine-20-1.jpg&#8221; alt=&#8221;Les toits du monast\u00e8re de Kiev en Ukraine&#8221; title_text=&#8221;sites-historiques-europe-monastere-kiev-ukraine&#8221; show_in_lightbox=&#8221;on&#8221; align_tablet=&#8221;center&#8221; align_phone=&#8221;&#8221; align_last_edited=&#8221;on|desktop&#8221; _builder_version=&#8221;4.15.1&#8243; custom_margin=&#8221;|0px||0px||false&#8221; custom_margin_tablet=&#8221;&#8221; custom_margin_phone=&#8221;|0px||0px||true&#8221; custom_margin_last_edited=&#8221;on|phone&#8221; animation_style=&#8221;slide&#8221; border_radii=&#8221;on|5px|5px|5px|5px&#8221; box_shadow_style=&#8221;preset6&#8243; global_colors_info=&#8221;{}&#8221;]&nbsp;<br \/>\n[\/et_pb_image][\/et_pb_column][et_pb_column type=&#8221;1_3&#8243; _builder_version=&#8221;4.15&#8243; custom_padding=&#8221;|||&#8221; global_colors_info=&#8221;{}&#8221; custom_padding__hover=&#8221;|||&#8221;][et_pb_image src=&#8221;https:\/\/www.where2travel.com\/wp-content\/uploads\/2022\/03\/sites-historiques-europe-monastere-kiev-ukraine-20-3.jpg&#8221; alt=&#8221;Ext\u00e9rieur du monast\u00e8re de Kiev en Ukraine&#8221; title_text=&#8221;sites-historiques-europe-monastere-kiev-ukraine&#8221; show_in_lightbox=&#8221;on&#8221; align_tablet=&#8221;center&#8221; align_phone=&#8221;&#8221; align_last_edited=&#8221;on|desktop&#8221; _builder_version=&#8221;4.15.1&#8243; custom_margin=&#8221;|0px||0px||false&#8221; custom_margin_tablet=&#8221;&#8221; custom_margin_phone=&#8221;|0px||0px||true&#8221; custom_margin_last_edited=&#8221;on|phone&#8221; animation_style=&#8221;slide&#8221; border_radii=&#8221;on|5px|5px|5px|5px&#8221; box_shadow_style=&#8221;preset6&#8243; global_colors_info=&#8221;{}&#8221;]&nbsp;<br \/>\n[\/et_pb_image][\/et_pb_column][\/et_pb_row][et_pb_row admin_label=&#8221;Town 4&#8243; module_id=&#8221;Sagrada&#8221; _builder_version=&#8221;4.15.1&#8243; custom_margin_tablet=&#8221;&#8221; custom_margin_phone=&#8221;-50px||0px||false&#8221; custom_margin_last_edited=&#8221;on|desktop&#8221; custom_padding=&#8221;73px|0px|40.4688px|0px|false|false&#8221; global_colors_info=&#8221;{}&#8221;][et_pb_column type=&#8221;4_4&#8243; _builder_version=&#8221;4.15&#8243; custom_padding=&#8221;|||&#8221; global_colors_info=&#8221;{}&#8221; custom_padding__hover=&#8221;|||&#8221;][et_pb_text admin_label=&#8221;Bangkok&#8221; module_class=&#8221;anchor_img_text2&#8243; _builder_version=&#8221;4.15.1&#8243; text_font=&#8221;Roboto||||&#8221; text_text_color=&#8221;#1a1a1a&#8221; text_font_size=&#8221;24px&#8221; text_line_height=&#8221;1.4em&#8221; link_text_color=&#8221;#68a3cb&#8221; header_font=&#8221;||||||||&#8221; header_2_font=&#8221;Montserrat||||||||&#8221; header_2_text_color=&#8221;#000000&#8243; header_2_font_size=&#8221;20px&#8221; header_3_font=&#8221;Roboto|700|||||||&#8221; header_3_text_color=&#8221;#000000&#8243; header_3_font_size=&#8221;27px&#8221; header_3_line_height=&#8221;1.5em&#8221; custom_margin=&#8221;15px||||false|false&#8221; custom_margin_tablet=&#8221;&#8221; custom_margin_phone=&#8221;25px|-6px||-6px|false|true&#8221; custom_margin_last_edited=&#8221;on|phone&#8221; animation_style=&#8221;slide&#8221; animation_direction=&#8221;top&#8221; animation_intensity_slide=&#8221;10%&#8221; header_2_font_size_tablet=&#8221;&#8221; header_2_font_size_phone=&#8221;&#8221; header_2_font_size_last_edited=&#8221;on|desktop&#8221; header_3_font_size_tablet=&#8221;&#8221; header_3_font_size_phone=&#8221;22px&#8221; header_3_font_size_last_edited=&#8221;on|phone&#8221; global_colors_info=&#8221;{}&#8221;]<\/p>\n<h3 style=\"text-align: center;\"><a href=\"#Carte\"><img decoding=\"async\" src=\"https:\/\/www.where2travel.com\/wp-content\/uploads\/2019\/06\/Evaluation-Where2travel-N%C2%B021.png\" alt=\"Num\u00e9ro 6\" width=\"45\" height=\"45\" \/><\/a>\u00a0 \u00a0La sagrada Familia \u00e0 Barcelone<\/h3>\n<p>[\/et_pb_text][et_pb_divider color=&#8221;#68a3cb&#8221; divider_weight=&#8221;4px&#8221; _builder_version=&#8221;4.15&#8243; width=&#8221;100%&#8221; width_tablet=&#8221;100%&#8221; width_phone=&#8221;100%&#8221; width_last_edited=&#8221;on|phone&#8221; max_width=&#8221;12%&#8221; max_width_tablet=&#8221;25%&#8221; max_width_phone=&#8221;25%&#8221; max_width_last_edited=&#8221;on|desktop&#8221; module_alignment=&#8221;center&#8221; height=&#8221;6px&#8221; custom_margin=&#8221;-15px||80px||false|false&#8221; custom_margin_tablet=&#8221;-15px||70px&#8221; custom_margin_phone=&#8221;-15px||70px&#8221; custom_margin_last_edited=&#8221;on|tablet&#8221; locked=&#8221;off&#8221; global_colors_info=&#8221;{}&#8221;][\/et_pb_divider][et_pb_text admin_label=&#8221;Description of the town&#8221; _builder_version=&#8221;4.15.1&#8243; text_font=&#8221;Roboto||||&#8221; text_font_size=&#8221;16px&#8221; text_line_height=&#8221;1.9em&#8221; link_font=&#8221;Roboto||||||||&#8221; link_text_color=&#8221;#68a3cb&#8221; link_font_size=&#8221;16px&#8221; link_line_height=&#8221;1.9em&#8221; ul_font=&#8221;||||||||&#8221; ol_font=&#8221;||||||||&#8221; quote_font=&#8221;||||||||&#8221; header_font=&#8221;Varela Round|700|||||||&#8221; header_text_align=&#8221;center&#8221; header_text_color=&#8221;#2a8a6f&#8221; header_font_size=&#8221;40px&#8221; header_line_height=&#8221;1.4em&#8221; header_2_font=&#8221;Varela Round|700|||||||&#8221; header_2_text_align=&#8221;center&#8221; header_2_text_color=&#8221;#2a8a6f&#8221; header_2_font_size=&#8221;36px&#8221; header_2_line_height=&#8221;1.4em&#8221; header_3_font=&#8221;Montserrat||||||||&#8221; header_3_text_align=&#8221;justify&#8221; header_3_text_color=&#8221;#555555&#8243; header_3_font_size=&#8221;20px&#8221; header_3_line_height=&#8221;1.4em&#8221; custom_margin=&#8221;0px||35px||false|false&#8221; custom_margin_tablet=&#8221;1px||25px||false|false&#8221; custom_margin_phone=&#8221;0px||30px||false|false&#8221; custom_margin_last_edited=&#8221;on|desktop&#8221; custom_padding=&#8221;|100px||100px&#8221; custom_padding_tablet=&#8221;|0px||0px&#8221; custom_padding_phone=&#8221;&#8221; custom_padding_last_edited=&#8221;on|desktop&#8221; animation_style=&#8221;slide&#8221; animation_direction=&#8221;top&#8221; animation_intensity_slide=&#8221;10%&#8221; text_font_size_tablet=&#8221;&#8221; text_font_size_phone=&#8221;15px&#8221; text_font_size_last_edited=&#8221;on|phone&#8221; link_font_size_tablet=&#8221;&#8221; link_font_size_phone=&#8221;15px&#8221; link_font_size_last_edited=&#8221;on|desktop&#8221; header_font_size_tablet=&#8221;30px&#8221; header_font_size_phone=&#8221;25px&#8221; header_font_size_last_edited=&#8221;on|phone&#8221; header_2_font_size_tablet=&#8221;25px&#8221; header_2_font_size_phone=&#8221;20px&#8221; header_2_font_size_last_edited=&#8221;on|phone&#8221; header_3_font_size_tablet=&#8221;16px&#8221; header_3_font_size_phone=&#8221;14px&#8221; header_3_font_size_last_edited=&#8221;on|desktop&#8221; saved_tabs=&#8221;all&#8221; locked=&#8221;off&#8221; global_colors_info=&#8221;{}&#8221; link_text_color__hover_enabled=&#8221;on&#8221; link_text_color__hover=&#8221;#fbba00&#8243;]<\/p>\n<p style=\"text-align: justify;\">Situ\u00e9e \u00e0 Barcelone en Espagne, la Sagrada Fam\u00edlia est une sublime basilique, qui est un des symboles de la ville et m\u00eame un des monuments les plus embl\u00e9matiques de l\u2019Espagne.<\/p>\n<p style=\"text-align: justify;\">La construction de ce magnifique \u00e9difice a d\u00e9but\u00e9 en 1882 avec son concepteur et premier architecte : Antoni Gaud\u00ed. \u00c0 sa mort en 1926, 6 architectes se sont succ\u00e9d\u00e9 pour arriver \u00e0 l\u2019\u00e9tat actuel de la basilique. Ce chantier devait se terminer en 2026, pour le centenaire de la mort de Gaud\u00ed, mais du fait de la pand\u00e9mie de COVID-19, la date pourrait \u00eatre repouss\u00e9e.<\/p>\n<p style=\"text-align: justify;\">La Sagrada Fam\u00edlia est l\u2019un des exemples les plus connus du modernisme catalan, un mouvement artistique d&#8217;origine catalane inscrit dans la tendance de l&#8217;Art nouveau en Europe.  La fa\u00e7ade de la Nativit\u00e9 et la crypte de la Sagrada Fam\u00edlia, r\u00e9alis\u00e9es du vivant d\u2019Antoni Gaud\u00ed, ont \u00e9t\u00e9 inscrites au patrimoine mondial de l\u2019Unesco en 2005. Le 7 novembre 2010, la basilique a \u00e9t\u00e9 consacr\u00e9e par le pape Beno\u00eet XVI. Si vous visitez l\u2019Espagne, ne manquez pas de visiter ce chef d&#8217;\u0153uvre de l\u2019architecture catalane qui est l\u2019un des monuments les plus visit\u00e9s d\u2019Espagne avec l\u2019Alhambra de Grenade et le mus\u00e9e du Prado \u00e0 Madrid.<\/p>\n<p>[\/et_pb_text][\/et_pb_column][\/et_pb_row][et_pb_row column_structure=&#8221;1_3,1_3,1_3&#8243; custom_padding_last_edited=&#8221;on|desktop&#8221; _builder_version=&#8221;4.15&#8243; background_size=&#8221;initial&#8221; background_position=&#8221;top_left&#8221; background_repeat=&#8221;repeat&#8221; custom_margin=&#8221;||80px||false|false&#8221; custom_margin_tablet=&#8221;||60px||false|false&#8221; custom_margin_phone=&#8221;-29px||60px||false|false&#8221; custom_margin_last_edited=&#8221;on|phone&#8221; custom_padding=&#8221;0|0px|0px|0px|false|false&#8221; custom_padding_tablet=&#8221;||0px|&#8221; custom_padding_phone=&#8221;0px||0px|&#8221; locked=&#8221;off&#8221; collapsed=&#8221;off&#8221; global_colors_info=&#8221;{}&#8221;][et_pb_column type=&#8221;1_3&#8243; _builder_version=&#8221;4.15&#8243; custom_padding=&#8221;|||&#8221; global_colors_info=&#8221;{}&#8221; custom_padding__hover=&#8221;|||&#8221;][et_pb_image src=&#8221;https:\/\/www.where2travel.com\/wp-content\/uploads\/2022\/03\/sites-historiques-europe-sagrada-familia-barcelone-espagne-21-2.jpg&#8221; alt=&#8221;Vue sur la Sagrada de Familia \u00e0 Barcelone en Espagne&#8221; title_text=&#8221;sites-historiques-europe-sagrada-familia-barcelone-espagne&#8221; show_in_lightbox=&#8221;on&#8221; align_tablet=&#8221;center&#8221; align_phone=&#8221;&#8221; align_last_edited=&#8221;on|desktop&#8221; _builder_version=&#8221;4.15.1&#8243; custom_margin=&#8221;|0px||0px||false&#8221; custom_margin_tablet=&#8221;&#8221; custom_margin_phone=&#8221;|0px||0px||true&#8221; custom_margin_last_edited=&#8221;on|phone&#8221; animation_style=&#8221;slide&#8221; border_radii=&#8221;on|5px|5px|5px|5px&#8221; box_shadow_style=&#8221;preset6&#8243; global_colors_info=&#8221;{}&#8221;]&nbsp;<br \/>\n[\/et_pb_image][\/et_pb_column][et_pb_column type=&#8221;1_3&#8243; _builder_version=&#8221;4.15&#8243; custom_padding=&#8221;|||&#8221; global_colors_info=&#8221;{}&#8221; custom_padding__hover=&#8221;|||&#8221;][et_pb_image src=&#8221;https:\/\/www.where2travel.com\/wp-content\/uploads\/2022\/03\/sites-historiques-europe-sagrada-familia-barcelone-espagne-21-3.jpg&#8221; alt=&#8221;L&#8217;int\u00e9rieur de la Sagrada de Familia \u00e0 Barcelone en Espagne&#8221; title_text=&#8221;sites-historiques-europe-sagrada-familia-barcelone-espagne&#8221; show_in_lightbox=&#8221;on&#8221; align_tablet=&#8221;center&#8221; align_phone=&#8221;&#8221; align_last_edited=&#8221;on|desktop&#8221; _builder_version=&#8221;4.15.1&#8243; custom_margin=&#8221;|0px||0px||false&#8221; custom_margin_tablet=&#8221;&#8221; custom_margin_phone=&#8221;|0px||0px||true&#8221; custom_margin_last_edited=&#8221;on|phone&#8221; animation_style=&#8221;slide&#8221; border_radii=&#8221;on|5px|5px|5px|5px&#8221; box_shadow_style=&#8221;preset6&#8243; global_colors_info=&#8221;{}&#8221;]&nbsp;<br \/>\n[\/et_pb_image][\/et_pb_column][et_pb_column type=&#8221;1_3&#8243; _builder_version=&#8221;4.15&#8243; custom_padding=&#8221;|||&#8221; global_colors_info=&#8221;{}&#8221; custom_padding__hover=&#8221;|||&#8221;][et_pb_image src=&#8221;https:\/\/www.where2travel.com\/wp-content\/uploads\/2022\/03\/sites-historiques-europe-sagrada-familia-barcelone-espagne-21-1.jpg&#8221; alt=&#8221;La Sagrada de Familia \u00e0 Barcelone en Espagne, les sites historiques les plus int\u00e9ressants d&#8217;Europe&#8221; title_text=&#8221;sites-historiques-europe-sagrada-familia-barcelone-espagne&#8221; show_in_lightbox=&#8221;on&#8221; align_tablet=&#8221;center&#8221; align_phone=&#8221;&#8221; align_last_edited=&#8221;on|desktop&#8221; _builder_version=&#8221;4.15.1&#8243; custom_margin=&#8221;|0px||0px||false&#8221; custom_margin_tablet=&#8221;&#8221; custom_margin_phone=&#8221;|0px||0px||true&#8221; custom_margin_last_edited=&#8221;on|phone&#8221; animation_style=&#8221;slide&#8221; border_radii=&#8221;on|5px|5px|5px|5px&#8221; box_shadow_style=&#8221;preset6&#8243; global_colors_info=&#8221;{}&#8221;]&nbsp;<br \/>\n[\/et_pb_image][\/et_pb_column][\/et_pb_row][et_pb_row custom_padding_last_edited=&#8221;on|desktop&#8221; _builder_version=&#8221;4.15.1&#8243; custom_margin=&#8221;0px||60px||false|false&#8221; custom_margin_tablet=&#8221;50px||||false|false&#8221; custom_margin_phone=&#8221;50px||||false|false&#8221; custom_margin_last_edited=&#8221;on|desktop&#8221; custom_padding=&#8221;||0px||false|false&#8221; custom_padding_tablet=&#8221;||80px||false|false&#8221; custom_padding_phone=&#8221;&#8221; locked=&#8221;off&#8221; global_colors_info=&#8221;{}&#8221;][et_pb_column type=&#8221;4_4&#8243; _builder_version=&#8221;4.15&#8243; custom_padding=&#8221;|||&#8221; global_colors_info=&#8221;{}&#8221; custom_padding__hover=&#8221;|||&#8221;][et_pb_text admin_label=&#8221;Useful links&#8221; _builder_version=&#8221;4.15&#8243; header_font=&#8221;Montserrat||||||||&#8221; header_2_text_color=&#8221;#0d5e55&#8243; header_3_font=&#8221;Roboto|700|||||||&#8221; header_3_text_align=&#8221;center&#8221; header_3_text_color=&#8221;#0d3f5e&#8221; header_3_font_size=&#8221;27px&#8221; custom_margin=&#8221;0px||||false|false&#8221; header_font_size_tablet=&#8221;20px&#8221; header_font_size_phone=&#8221;17px&#8221; header_font_size_last_edited=&#8221;on|phone&#8221; header_3_font_size_tablet=&#8221;25px&#8221; header_3_font_size_phone=&#8221;20px&#8221; header_3_font_size_last_edited=&#8221;on|phone&#8221; border_color_bottom=&#8221;#2a758a&#8221; global_colors_info=&#8221;{}&#8221;]<\/p>\n<h3>Liens utiles<\/h3>\n<p>[\/et_pb_text][et_pb_divider color=&#8221;#68a3cb&#8221; divider_weight=&#8221;4px&#8221; _builder_version=&#8221;4.15&#8243; width=&#8221;8%&#8221; width_tablet=&#8221;17%&#8221; width_phone=&#8221;17%&#8221; width_last_edited=&#8221;on|phone&#8221; max_width=&#8221;12%&#8221; max_width_tablet=&#8221;25%&#8221; max_width_phone=&#8221;25%&#8221; max_width_last_edited=&#8221;on|desktop&#8221; module_alignment=&#8221;center&#8221; height=&#8221;6px&#8221; custom_margin=&#8221;-15px||70px&#8221; custom_margin_tablet=&#8221;-15px||70px&#8221; custom_margin_phone=&#8221;-15px||50px&#8221; custom_margin_last_edited=&#8221;on|phone&#8221; locked=&#8221;off&#8221; global_colors_info=&#8221;{}&#8221;]<\/p>\n<p>[\/et_pb_divider][et_pb_text admin_label=&#8221;Website link&#8221; _builder_version=&#8221;4.15.1&#8243; text_font=&#8221;Roboto||||&#8221; text_font_size=&#8221;16px&#8221; text_line_height=&#8221;1.9em&#8221; link_font=&#8221;||||||||&#8221; link_text_color=&#8221;#68a3cb&#8221; header_font=&#8221;Varela Round|700|||||||&#8221; header_text_color=&#8221;#2a8a6f&#8221; header_font_size=&#8221;50px&#8221; header_line_height=&#8221;1.4em&#8221; header_2_text_color=&#8221;#0d5e55&#8243; custom_margin=&#8221;||||false|false&#8221; custom_margin_tablet=&#8221;0px|0px|40px||false|false&#8221; custom_margin_phone=&#8221;0px|0px|40px|0px|false|true&#8221; custom_margin_last_edited=&#8221;on|tablet&#8221; custom_padding=&#8221;|100px||100px|false|true&#8221; custom_padding_tablet=&#8221;|0px||0px&#8221; custom_padding_phone=&#8221;&#8221; custom_padding_last_edited=&#8221;on|phone&#8221; text_font_size_tablet=&#8221;16px&#8221; text_font_size_phone=&#8221;15px&#8221; text_font_size_last_edited=&#8221;on|tablet&#8221; header_font_size_tablet=&#8221;40px&#8221; header_font_size_phone=&#8221;25px&#8221; header_font_size_last_edited=&#8221;on|tablet&#8221; global_colors_info=&#8221;{}&#8221; link_text_color__hover_enabled=&#8221;on&#8221; link_text_color__hover=&#8221;#fbba00&#8243;]<\/p>\n<p style=\"text-align: justify;\">En haute saison, il est conseill\u00e9 de r\u00e9server votre ticket \u00e0 l\u2019avance, ces liens ci-dessous devraient vous aider :<\/p>\n<p>[\/et_pb_text][et_pb_code _builder_version=&#8221;4.15.1&#8243; text_orientation=&#8221;center&#8221; custom_margin=&#8221;||40px&#8221; custom_margin_tablet=&#8221;|-51px|0px|-51px|false|true&#8221; custom_margin_phone=&#8221;|0px|0px|0px|false|true&#8221; custom_margin_last_edited=&#8221;on|desktop&#8221; global_colors_info=&#8221;{}&#8221;]<\/p>\n<div data-gyg-href=\"https:\/\/widget.getyourguide.com\/default\/activities.frame\" data-gyg-locale-code=\"fr-FR\" data-gyg-widget=\"activities\" data-gyg-number-of-items=\"3\" data-gyg-partner-id=\"0428GRX\" data-gyg-tour-ids=\"412913,192738,50027\"><\/div>\n<p>[\/et_pb_code][\/et_pb_column][\/et_pb_row][et_pb_row admin_label=&#8221;Town 4&#8243; module_id=&#8221;Chambord&#8221; _builder_version=&#8221;4.15.1&#8243; custom_margin_tablet=&#8221;&#8221; custom_margin_phone=&#8221;-50px||0px||false&#8221; custom_margin_last_edited=&#8221;on|desktop&#8221; custom_padding=&#8221;73px|0px|40.4688px|0px|false|false&#8221; global_colors_info=&#8221;{}&#8221;][et_pb_column type=&#8221;4_4&#8243; _builder_version=&#8221;4.15&#8243; custom_padding=&#8221;|||&#8221; global_colors_info=&#8221;{}&#8221; custom_padding__hover=&#8221;|||&#8221;][et_pb_text admin_label=&#8221;Bangkok&#8221; module_class=&#8221;anchor_img_text2&#8243; _builder_version=&#8221;4.15.1&#8243; text_font=&#8221;Roboto||||&#8221; text_text_color=&#8221;#1a1a1a&#8221; text_font_size=&#8221;24px&#8221; text_line_height=&#8221;1.4em&#8221; link_text_color=&#8221;#68a3cb&#8221; header_font=&#8221;||||||||&#8221; header_2_font=&#8221;Montserrat||||||||&#8221; header_2_text_color=&#8221;#000000&#8243; header_2_font_size=&#8221;20px&#8221; header_3_font=&#8221;Roboto|700|||||||&#8221; header_3_text_color=&#8221;#000000&#8243; header_3_font_size=&#8221;27px&#8221; header_3_line_height=&#8221;1.5em&#8221; custom_margin=&#8221;15px||||false|false&#8221; custom_margin_tablet=&#8221;&#8221; custom_margin_phone=&#8221;25px|||&#8221; custom_margin_last_edited=&#8221;on|phone&#8221; animation_style=&#8221;slide&#8221; animation_direction=&#8221;top&#8221; animation_intensity_slide=&#8221;10%&#8221; header_2_font_size_tablet=&#8221;&#8221; header_2_font_size_phone=&#8221;&#8221; header_2_font_size_last_edited=&#8221;on|desktop&#8221; header_3_font_size_tablet=&#8221;&#8221; header_3_font_size_phone=&#8221;22px&#8221; header_3_font_size_last_edited=&#8221;on|phone&#8221; global_colors_info=&#8221;{}&#8221;]<\/p>\n<h3 style=\"text-align: center;\"><a href=\"#Carte\"><img decoding=\"async\" src=\"https:\/\/www.where2travel.com\/wp-content\/uploads\/2019\/06\/Evaluation-Where2travel-N%C2%B022.png\" alt=\"Num\u00e9ro 7\" width=\"45\" height=\"45\"><\/a>&nbsp; &nbsp;Le ch\u00e2teau de Chambord en France<\/h3>\n<p>[\/et_pb_text][et_pb_divider color=&#8221;#68a3cb&#8221; divider_weight=&#8221;4px&#8221; _builder_version=&#8221;4.15&#8243; width=&#8221;100%&#8221; width_tablet=&#8221;100%&#8221; width_phone=&#8221;100%&#8221; width_last_edited=&#8221;on|phone&#8221; max_width=&#8221;12%&#8221; max_width_tablet=&#8221;25%&#8221; max_width_phone=&#8221;25%&#8221; max_width_last_edited=&#8221;on|desktop&#8221; module_alignment=&#8221;center&#8221; height=&#8221;6px&#8221; custom_margin=&#8221;-15px||80px||false|false&#8221; custom_margin_tablet=&#8221;-15px||70px&#8221; custom_margin_phone=&#8221;-15px||70px&#8221; custom_margin_last_edited=&#8221;on|tablet&#8221; locked=&#8221;off&#8221; global_colors_info=&#8221;{}&#8221;][\/et_pb_divider][et_pb_text admin_label=&#8221;Description of the town&#8221; _builder_version=&#8221;4.15.1&#8243; text_font=&#8221;Roboto||||&#8221; text_font_size=&#8221;16px&#8221; text_line_height=&#8221;1.9em&#8221; link_font=&#8221;Roboto||||||||&#8221; link_text_color=&#8221;#68a3cb&#8221; link_font_size=&#8221;16px&#8221; link_line_height=&#8221;1.9em&#8221; ul_font=&#8221;||||||||&#8221; ol_font=&#8221;||||||||&#8221; quote_font=&#8221;||||||||&#8221; header_font=&#8221;Varela Round|700|||||||&#8221; header_text_align=&#8221;center&#8221; header_text_color=&#8221;#2a8a6f&#8221; header_font_size=&#8221;40px&#8221; header_line_height=&#8221;1.4em&#8221; header_2_font=&#8221;Varela Round|700|||||||&#8221; header_2_text_align=&#8221;center&#8221; header_2_text_color=&#8221;#2a8a6f&#8221; header_2_font_size=&#8221;36px&#8221; header_2_line_height=&#8221;1.4em&#8221; header_3_font=&#8221;Montserrat||||||||&#8221; header_3_text_align=&#8221;justify&#8221; header_3_text_color=&#8221;#555555&#8243; header_3_font_size=&#8221;20px&#8221; header_3_line_height=&#8221;1.4em&#8221; custom_margin=&#8221;0px||35px||false|false&#8221; custom_margin_tablet=&#8221;1px||25px||false|false&#8221; custom_margin_phone=&#8221;0px||30px||false|false&#8221; custom_margin_last_edited=&#8221;on|desktop&#8221; custom_padding=&#8221;|100px||100px&#8221; custom_padding_tablet=&#8221;|0px||0px&#8221; custom_padding_phone=&#8221;&#8221; custom_padding_last_edited=&#8221;on|desktop&#8221; animation_style=&#8221;slide&#8221; animation_direction=&#8221;top&#8221; animation_intensity_slide=&#8221;10%&#8221; text_font_size_tablet=&#8221;&#8221; text_font_size_phone=&#8221;15px&#8221; text_font_size_last_edited=&#8221;on|phone&#8221; link_font_size_tablet=&#8221;&#8221; link_font_size_phone=&#8221;15px&#8221; link_font_size_last_edited=&#8221;on|desktop&#8221; header_font_size_tablet=&#8221;30px&#8221; header_font_size_phone=&#8221;25px&#8221; header_font_size_last_edited=&#8221;on|phone&#8221; header_2_font_size_tablet=&#8221;25px&#8221; header_2_font_size_phone=&#8221;20px&#8221; header_2_font_size_last_edited=&#8221;on|phone&#8221; header_3_font_size_tablet=&#8221;16px&#8221; header_3_font_size_phone=&#8221;14px&#8221; header_3_font_size_last_edited=&#8221;on|desktop&#8221; saved_tabs=&#8221;all&#8221; locked=&#8221;off&#8221; global_colors_info=&#8221;{}&#8221; link_text_color__hover_enabled=&#8221;on&#8221; link_text_color__hover=&#8221;#fbba00&#8243;]<\/p>\n<p style=\"text-align: justify;\">\nLe ch\u00e2teau de Chambord se situe dans le centre de la France, au c\u0153ur du plus grand parc forestier clos d\u2019Europe. Ce symbole de la Renaissance fran\u00e7aise est le plus vaste des ch\u00e2teaux de la Loire, avec ses jardins et son parc de chasse class\u00e9s monuments historiques.<\/p>\n<p style=\"text-align: justify;\">L&#8217;origine du ch\u00e2teau actuel remonte au XVI si\u00e8cle avec le r\u00e8gne du roi de France Fran\u00e7ois Ier, un amoureux des arts et de la chasse, qui entreprit son \u00e9dification \u00e0 partir de 1519. Le ch\u00e2teau de Chambord, dont certains attribuent la conception \u00e0 L\u00e9onard de Vinci, fut achev\u00e9 pendant le r\u00e8gne de Louis XIV. Ce dernier y r\u00e9side \u00e0 plusieurs reprises, notamment pour y faire de grandes parties de chasse et pour la premi\u00e8re repr\u00e9sentation en 1670 de la c\u00e9l\u00e8bre com\u00e9die : le Bourgeois gentilhomme, de Moli\u00e8re.<\/p>\n<p style=\"text-align: justify;\">Le ch\u00e2teau de Chambord est aussi beau de l\u2019ext\u00e9rieur qu&#8217;\u00e0 l\u2019int\u00e9rieur, avec notamment son fameux escalier central \u00e0 double r\u00e9volution, dont la conception est attribu\u00e9e au g\u00e9nial inventeur L\u00e9onard de Vinci. Depuis 1981, ce fleuron de l\u2019architecture fran\u00e7aise de la Renaissance est class\u00e9 patrimoine mondial de l\u2019UNESCO.<\/p>\n<p>[\/et_pb_text][\/et_pb_column][\/et_pb_row][et_pb_row column_structure=&#8221;1_3,1_3,1_3&#8243; custom_padding_last_edited=&#8221;on|desktop&#8221; _builder_version=&#8221;4.15&#8243; background_size=&#8221;initial&#8221; background_position=&#8221;top_left&#8221; background_repeat=&#8221;repeat&#8221; custom_margin=&#8221;||80px||false|false&#8221; custom_margin_tablet=&#8221;||60px||false|false&#8221; custom_margin_phone=&#8221;-29px||60px||false|false&#8221; custom_margin_last_edited=&#8221;on|phone&#8221; custom_padding=&#8221;0|0px|0px|0px|false|false&#8221; custom_padding_tablet=&#8221;||0px|&#8221; custom_padding_phone=&#8221;0px||0px|&#8221; locked=&#8221;off&#8221; collapsed=&#8221;off&#8221; global_colors_info=&#8221;{}&#8221;][et_pb_column type=&#8221;1_3&#8243; _builder_version=&#8221;4.15&#8243; custom_padding=&#8221;|||&#8221; global_colors_info=&#8221;{}&#8221; custom_padding__hover=&#8221;|||&#8221;][et_pb_image src=&#8221;https:\/\/www.where2travel.com\/wp-content\/uploads\/2022\/03\/sites-historiques-europe-chateau-chambord-france-22-1.jpg&#8221; alt=&#8221;Top 30 des sites historiques les plus int\u00e9ressants d&#8217;Europe : Le ch\u00e2teau de Chambord en France&#8221; title_text=&#8221;sites-historiques-europe-chateau-chambord-france&#8221; show_in_lightbox=&#8221;on&#8221; align_tablet=&#8221;center&#8221; align_phone=&#8221;&#8221; align_last_edited=&#8221;on|desktop&#8221; _builder_version=&#8221;4.15.1&#8243; custom_margin=&#8221;|0px||0px||false&#8221; custom_margin_tablet=&#8221;&#8221; custom_margin_phone=&#8221;|0px||0px||true&#8221; custom_margin_last_edited=&#8221;on|phone&#8221; animation_style=&#8221;slide&#8221; border_radii=&#8221;on|5px|5px|5px|5px&#8221; box_shadow_style=&#8221;preset6&#8243; global_colors_info=&#8221;{}&#8221;]&nbsp;<br \/>\n[\/et_pb_image][\/et_pb_column][et_pb_column type=&#8221;1_3&#8243; _builder_version=&#8221;4.15&#8243; custom_padding=&#8221;|||&#8221; global_colors_info=&#8221;{}&#8221; custom_padding__hover=&#8221;|||&#8221;][et_pb_image src=&#8221;https:\/\/www.where2travel.com\/wp-content\/uploads\/2022\/03\/sites-historiques-europe-chateau-chambord-france-22-9.jpg&#8221; alt=&#8221;Parmi les sites historiques les plus int\u00e9ressants d&#8217;Europe, le ch\u00e2teau de Chambord en France&#8221; title_text=&#8221;sites-historiques-europe-chateau-chambord-france&#8221; show_in_lightbox=&#8221;on&#8221; align_tablet=&#8221;center&#8221; align_phone=&#8221;&#8221; align_last_edited=&#8221;on|desktop&#8221; _builder_version=&#8221;4.15.1&#8243; custom_margin=&#8221;|0px||0px||false&#8221; custom_margin_tablet=&#8221;&#8221; custom_margin_phone=&#8221;|0px||0px||true&#8221; custom_margin_last_edited=&#8221;on|phone&#8221; animation_style=&#8221;slide&#8221; border_radii=&#8221;on|5px|5px|5px|5px&#8221; box_shadow_style=&#8221;preset6&#8243; global_colors_info=&#8221;{}&#8221;]&nbsp;<br \/>\n[\/et_pb_image][\/et_pb_column][et_pb_column type=&#8221;1_3&#8243; _builder_version=&#8221;4.15&#8243; custom_padding=&#8221;|||&#8221; global_colors_info=&#8221;{}&#8221; custom_padding__hover=&#8221;|||&#8221;][et_pb_image src=&#8221;https:\/\/www.where2travel.com\/wp-content\/uploads\/2022\/03\/sites-historiques-europe-chateau-chambord-france-22-6.jpg&#8221; alt=&#8221;Le ch\u00e2teau de Chambord en France, un des sites historiques les plus int\u00e9ressants d&#8217;Europe&#8221; title_text=&#8221;sites-historiques-europe-chateau-chambord-france&#8221; show_in_lightbox=&#8221;on&#8221; align_tablet=&#8221;center&#8221; align_phone=&#8221;&#8221; align_last_edited=&#8221;on|desktop&#8221; _builder_version=&#8221;4.15.1&#8243; custom_margin=&#8221;|0px||0px||false&#8221; custom_margin_tablet=&#8221;&#8221; custom_margin_phone=&#8221;|0px||0px||true&#8221; custom_margin_last_edited=&#8221;on|phone&#8221; animation_style=&#8221;slide&#8221; border_radii=&#8221;on|5px|5px|5px|5px&#8221; box_shadow_style=&#8221;preset6&#8243; global_colors_info=&#8221;{}&#8221;]&nbsp;<br \/>\n[\/et_pb_image][\/et_pb_column][\/et_pb_row][et_pb_row custom_padding_last_edited=&#8221;on|desktop&#8221; _builder_version=&#8221;4.15.1&#8243; custom_margin=&#8221;0px||60px||false|false&#8221; custom_margin_tablet=&#8221;50px||||false|false&#8221; custom_margin_phone=&#8221;50px||||false|false&#8221; custom_margin_last_edited=&#8221;on|desktop&#8221; custom_padding=&#8221;||0px||false|false&#8221; custom_padding_tablet=&#8221;||80px||false|false&#8221; custom_padding_phone=&#8221;&#8221; locked=&#8221;off&#8221; global_colors_info=&#8221;{}&#8221;][et_pb_column type=&#8221;4_4&#8243; _builder_version=&#8221;4.15&#8243; custom_padding=&#8221;|||&#8221; global_colors_info=&#8221;{}&#8221; custom_padding__hover=&#8221;|||&#8221;][et_pb_text admin_label=&#8221;Useful links&#8221; _builder_version=&#8221;4.15&#8243; header_font=&#8221;Montserrat||||||||&#8221; header_2_text_color=&#8221;#0d5e55&#8243; header_3_font=&#8221;Roboto|700|||||||&#8221; header_3_text_align=&#8221;center&#8221; header_3_text_color=&#8221;#0d3f5e&#8221; header_3_font_size=&#8221;27px&#8221; custom_margin=&#8221;0px||||false|false&#8221; header_font_size_tablet=&#8221;20px&#8221; header_font_size_phone=&#8221;17px&#8221; header_font_size_last_edited=&#8221;on|phone&#8221; header_3_font_size_tablet=&#8221;25px&#8221; header_3_font_size_phone=&#8221;20px&#8221; header_3_font_size_last_edited=&#8221;on|phone&#8221; border_color_bottom=&#8221;#2a758a&#8221; global_colors_info=&#8221;{}&#8221;]<\/p>\n<h3>Liens utiles<\/h3>\n<p>[\/et_pb_text][et_pb_divider color=&#8221;#68a3cb&#8221; divider_weight=&#8221;4px&#8221; _builder_version=&#8221;4.15&#8243; width=&#8221;8%&#8221; width_tablet=&#8221;17%&#8221; width_phone=&#8221;17%&#8221; width_last_edited=&#8221;on|phone&#8221; max_width=&#8221;12%&#8221; max_width_tablet=&#8221;25%&#8221; max_width_phone=&#8221;25%&#8221; max_width_last_edited=&#8221;on|desktop&#8221; module_alignment=&#8221;center&#8221; height=&#8221;6px&#8221; custom_margin=&#8221;-15px||70px&#8221; custom_margin_tablet=&#8221;-15px||70px&#8221; custom_margin_phone=&#8221;-15px||50px&#8221; custom_margin_last_edited=&#8221;on|phone&#8221; locked=&#8221;off&#8221; global_colors_info=&#8221;{}&#8221;]<\/p>\n<p>[\/et_pb_divider][et_pb_text admin_label=&#8221;Website link&#8221; _builder_version=&#8221;4.15.1&#8243; text_font=&#8221;Roboto||||&#8221; text_font_size=&#8221;16px&#8221; text_line_height=&#8221;1.9em&#8221; link_font=&#8221;||||||||&#8221; link_text_color=&#8221;#68a3cb&#8221; header_font=&#8221;Varela Round|700|||||||&#8221; header_text_color=&#8221;#2a8a6f&#8221; header_font_size=&#8221;50px&#8221; header_line_height=&#8221;1.4em&#8221; header_2_text_color=&#8221;#0d5e55&#8243; custom_margin=&#8221;||||false|false&#8221; custom_margin_tablet=&#8221;0px|0px|40px||false|false&#8221; custom_margin_phone=&#8221;0px|0px|40px|0px|false|true&#8221; custom_margin_last_edited=&#8221;on|tablet&#8221; custom_padding=&#8221;|100px||100px|false|true&#8221; custom_padding_tablet=&#8221;|0px||0px&#8221; custom_padding_phone=&#8221;&#8221; custom_padding_last_edited=&#8221;on|phone&#8221; text_font_size_tablet=&#8221;16px&#8221; text_font_size_phone=&#8221;15px&#8221; text_font_size_last_edited=&#8221;on|tablet&#8221; header_font_size_tablet=&#8221;40px&#8221; header_font_size_phone=&#8221;25px&#8221; header_font_size_last_edited=&#8221;on|tablet&#8221; global_colors_info=&#8221;{}&#8221; link_text_color__hover_enabled=&#8221;on&#8221; link_text_color__hover=&#8221;#fbba00&#8243;]<\/p>\n<p style=\"text-align: justify;\">Pour plus d\u2019informations telles que les horaires ou les tarifs, je vous conseille de visiter ce site: <a href=\"https:\/\/www.chambord.org\/fr\/\" target=\"_blank\" rel=\"noopener\"><strong>https:\/\/www.chambord.org\/fr\/<\/strong><\/a>&nbsp;<\/p>\n<p style=\"text-align: justify;\">Depuis Paris, vous pouvez simplement vous y rendre en voiture ou passer par des excursions \u00e0 la journ\u00e9e comme celles-ci:<\/p>\n<p>[\/et_pb_text][et_pb_code _builder_version=&#8221;4.15.1&#8243; text_orientation=&#8221;center&#8221; custom_margin=&#8221;||40px&#8221; custom_margin_tablet=&#8221;|-51px|0px|-51px|false|true&#8221; custom_margin_phone=&#8221;|0px|0px|0px|false|true&#8221; custom_margin_last_edited=&#8221;on|desktop&#8221; global_colors_info=&#8221;{}&#8221;]<\/p>\n<div data-gyg-href=\"https:\/\/widget.getyourguide.com\/default\/activities.frame\" data-gyg-locale-code=\"fr-FR\" data-gyg-widget=\"activities\" data-gyg-number-of-items=\"3\" data-gyg-partner-id=\"0428GRX\" data-gyg-tour-ids=\"70389,183794,102401\"><\/div>\n<p>[\/et_pb_code][\/et_pb_column][\/et_pb_row][et_pb_row admin_label=&#8221;Town 4&#8243; module_id=&#8221;Vatican&#8221; _builder_version=&#8221;4.15.1&#8243; custom_margin_tablet=&#8221;&#8221; custom_margin_phone=&#8221;-50px||0px||false&#8221; custom_margin_last_edited=&#8221;on|desktop&#8221; custom_padding=&#8221;73px|0px|40.4688px|0px|false|false&#8221; global_colors_info=&#8221;{}&#8221;][et_pb_column type=&#8221;4_4&#8243; _builder_version=&#8221;4.15&#8243; custom_padding=&#8221;|||&#8221; global_colors_info=&#8221;{}&#8221; custom_padding__hover=&#8221;|||&#8221;][et_pb_text admin_label=&#8221;Bangkok&#8221; module_class=&#8221;anchor_img_text2&#8243; _builder_version=&#8221;4.15.1&#8243; text_font=&#8221;Roboto||||&#8221; text_text_color=&#8221;#1a1a1a&#8221; text_font_size=&#8221;24px&#8221; text_line_height=&#8221;1.4em&#8221; link_text_color=&#8221;#68a3cb&#8221; header_font=&#8221;||||||||&#8221; header_2_font=&#8221;Montserrat||||||||&#8221; header_2_text_color=&#8221;#000000&#8243; header_2_font_size=&#8221;20px&#8221; header_3_font=&#8221;Roboto|700|||||||&#8221; header_3_text_color=&#8221;#000000&#8243; header_3_font_size=&#8221;27px&#8221; header_3_line_height=&#8221;1.5em&#8221; custom_margin=&#8221;15px||||false|false&#8221; custom_margin_tablet=&#8221;&#8221; custom_margin_phone=&#8221;25px|||&#8221; custom_margin_last_edited=&#8221;on|phone&#8221; animation_style=&#8221;slide&#8221; animation_direction=&#8221;top&#8221; animation_intensity_slide=&#8221;10%&#8221; header_2_font_size_tablet=&#8221;&#8221; header_2_font_size_phone=&#8221;&#8221; header_2_font_size_last_edited=&#8221;on|desktop&#8221; header_3_font_size_tablet=&#8221;&#8221; header_3_font_size_phone=&#8221;22px&#8221; header_3_font_size_last_edited=&#8221;on|phone&#8221; global_colors_info=&#8221;{}&#8221;]<\/p>\n<h3 style=\"text-align: center;\"><a href=\"#Carte\"><img decoding=\"async\" src=\"https:\/\/www.where2travel.com\/wp-content\/uploads\/2019\/06\/Evaluation-Where2travel-N%C2%B023.png\" alt=\"Num\u00e9ro 8\" width=\"45\" height=\"45\" \/><\/a>\u00a0 \u00a0La basilique Saint-Pierre au Vatican en Italie<\/h3>\n<p>[\/et_pb_text][et_pb_divider color=&#8221;#68a3cb&#8221; divider_weight=&#8221;4px&#8221; _builder_version=&#8221;4.15&#8243; width=&#8221;100%&#8221; width_tablet=&#8221;100%&#8221; width_phone=&#8221;100%&#8221; width_last_edited=&#8221;on|phone&#8221; max_width=&#8221;12%&#8221; max_width_tablet=&#8221;25%&#8221; max_width_phone=&#8221;25%&#8221; max_width_last_edited=&#8221;on|desktop&#8221; module_alignment=&#8221;center&#8221; height=&#8221;6px&#8221; custom_margin=&#8221;-15px||80px||false|false&#8221; custom_margin_tablet=&#8221;-15px||70px&#8221; custom_margin_phone=&#8221;-15px||70px&#8221; custom_margin_last_edited=&#8221;on|tablet&#8221; locked=&#8221;off&#8221; global_colors_info=&#8221;{}&#8221;][\/et_pb_divider][et_pb_text admin_label=&#8221;Description of the town&#8221; _builder_version=&#8221;4.15.1&#8243; text_font=&#8221;Roboto||||&#8221; text_font_size=&#8221;16px&#8221; text_line_height=&#8221;1.9em&#8221; link_font=&#8221;Roboto||||||||&#8221; link_text_color=&#8221;#68a3cb&#8221; link_font_size=&#8221;16px&#8221; link_line_height=&#8221;1.9em&#8221; ul_font=&#8221;||||||||&#8221; ol_font=&#8221;||||||||&#8221; quote_font=&#8221;||||||||&#8221; header_font=&#8221;Varela Round|700|||||||&#8221; header_text_align=&#8221;center&#8221; header_text_color=&#8221;#2a8a6f&#8221; header_font_size=&#8221;40px&#8221; header_line_height=&#8221;1.4em&#8221; header_2_font=&#8221;Varela Round|700|||||||&#8221; header_2_text_align=&#8221;center&#8221; header_2_text_color=&#8221;#2a8a6f&#8221; header_2_font_size=&#8221;36px&#8221; header_2_line_height=&#8221;1.4em&#8221; header_3_font=&#8221;Montserrat||||||||&#8221; header_3_text_align=&#8221;justify&#8221; header_3_text_color=&#8221;#555555&#8243; header_3_font_size=&#8221;20px&#8221; header_3_line_height=&#8221;1.4em&#8221; custom_margin=&#8221;0px||35px||false|false&#8221; custom_margin_tablet=&#8221;1px||25px||false|false&#8221; custom_margin_phone=&#8221;0px||30px||false|false&#8221; custom_margin_last_edited=&#8221;on|desktop&#8221; custom_padding=&#8221;|100px||100px&#8221; custom_padding_tablet=&#8221;|0px||0px&#8221; custom_padding_phone=&#8221;&#8221; custom_padding_last_edited=&#8221;on|desktop&#8221; animation_style=&#8221;slide&#8221; animation_direction=&#8221;top&#8221; animation_intensity_slide=&#8221;10%&#8221; text_font_size_tablet=&#8221;&#8221; text_font_size_phone=&#8221;15px&#8221; text_font_size_last_edited=&#8221;on|phone&#8221; link_font_size_tablet=&#8221;&#8221; link_font_size_phone=&#8221;15px&#8221; link_font_size_last_edited=&#8221;on|desktop&#8221; header_font_size_tablet=&#8221;30px&#8221; header_font_size_phone=&#8221;25px&#8221; header_font_size_last_edited=&#8221;on|phone&#8221; header_2_font_size_tablet=&#8221;25px&#8221; header_2_font_size_phone=&#8221;20px&#8221; header_2_font_size_last_edited=&#8221;on|phone&#8221; header_3_font_size_tablet=&#8221;16px&#8221; header_3_font_size_phone=&#8221;14px&#8221; header_3_font_size_last_edited=&#8221;on|desktop&#8221; saved_tabs=&#8221;all&#8221; locked=&#8221;off&#8221; global_colors_info=&#8221;{}&#8221; link_text_color__hover_enabled=&#8221;on&#8221; link_text_color__hover=&#8221;#fbba00&#8243;]<\/p>\n<p style=\"text-align: justify;\">Situ\u00e9e dans la ville-\u00e9tat du Vatican, au c\u0153ur de Rome, la basilique Saint-Pierre est l&#8217;\u00e9difice religieux le plus important du catholicisme et l&#8217;\u00e9glise catholique la plus grande au monde. C\u2019est aussi un des lieux les plus saints du christianisme car elle abrite la s\u00e9pulture de saint Pierre, premier \u00e9v\u00eaque d&#8217;Antioche et de Rome, et donc premier pape.<\/p>\n<p style=\"text-align: justify;\">La basilique Saint-Pierre a \u00e9t\u00e9 construite entre 1506 et 1626, \u00e0 l\u2019endroit m\u00eame o\u00f9 les premiers p\u00e8lerins venaient rendre un culte \u00e0 saint Pierre et o\u00f9 se trouvait jadis le cirque de Caligula et de N\u00e9ron. Les architectes les plus importants de la basilique Saint-Pierre furent Bramante, Maderno, Le Bernin, et Michel-Ange. Ce dernier est aussi le peintre du c\u00e9l\u00e8bre chef-d&#8217;\u0153uvre que vous pourrez aussi admirer dans cette basilique : La fresque du plafond de la chapelle Sixtine.<\/p>\n<p style=\"text-align: justify;\">Le Vatican est inscrit sur la liste du patrimoine mondial de l&#8217;UNESCO et la basilique Saint-Pierre fait partie des monuments les plus visit\u00e9s au monde. Elle est aussi un important lieu de p\u00e8lerinage qui rassemble chaque dimanche sur la superbe esplanade de la place Saint-Pierre, au minimum 150 000 catholiques pour l&#8217;ang\u00e9lus pontifical.<\/p>\n<p>[\/et_pb_text][\/et_pb_column][\/et_pb_row][et_pb_row column_structure=&#8221;1_3,1_3,1_3&#8243; custom_padding_last_edited=&#8221;on|desktop&#8221; _builder_version=&#8221;4.15&#8243; background_size=&#8221;initial&#8221; background_position=&#8221;top_left&#8221; background_repeat=&#8221;repeat&#8221; custom_margin=&#8221;||80px||false|false&#8221; custom_margin_tablet=&#8221;||60px||false|false&#8221; custom_margin_phone=&#8221;-29px||60px||false|false&#8221; custom_margin_last_edited=&#8221;on|phone&#8221; custom_padding=&#8221;0|0px|0px|0px|false|false&#8221; custom_padding_tablet=&#8221;||0px|&#8221; custom_padding_phone=&#8221;0px||0px|&#8221; locked=&#8221;off&#8221; collapsed=&#8221;off&#8221; global_colors_info=&#8221;{}&#8221;][et_pb_column type=&#8221;1_3&#8243; _builder_version=&#8221;4.15&#8243; custom_padding=&#8221;|||&#8221; global_colors_info=&#8221;{}&#8221; custom_padding__hover=&#8221;|||&#8221;][et_pb_image src=&#8221;https:\/\/www.where2travel.com\/wp-content\/uploads\/2022\/03\/sites-historiques-europe-vatican-italie-basilic-saint-pierre-23-2.jpg&#8221; alt=&#8221;Escaliers de la basilique Saint Pierre au Vatican, Italie&#8221; title_text=&#8221;sites-historiques-europe-vatican-italie-basilic-saint-pierre&#8221; show_in_lightbox=&#8221;on&#8221; align_tablet=&#8221;center&#8221; align_phone=&#8221;&#8221; align_last_edited=&#8221;on|desktop&#8221; _builder_version=&#8221;4.15.1&#8243; custom_margin=&#8221;|0px||0px||false&#8221; custom_margin_tablet=&#8221;&#8221; custom_margin_phone=&#8221;|0px||0px||true&#8221; custom_margin_last_edited=&#8221;on|phone&#8221; animation_style=&#8221;slide&#8221; border_radii=&#8221;on|5px|5px|5px|5px&#8221; box_shadow_style=&#8221;preset6&#8243; global_colors_info=&#8221;{}&#8221;]&nbsp;<br \/>\n[\/et_pb_image][\/et_pb_column][et_pb_column type=&#8221;1_3&#8243; _builder_version=&#8221;4.15&#8243; custom_padding=&#8221;|||&#8221; global_colors_info=&#8221;{}&#8221; custom_padding__hover=&#8221;|||&#8221;][et_pb_image src=&#8221;https:\/\/www.where2travel.com\/wp-content\/uploads\/2022\/03\/sites-historiques-europe-vatican-italie-basilic-saint-pierre-23-5.jpg&#8221; alt=&#8221;La basilique Saint Pierre au Vatican, Italie, parmi les sites historiques les plus int\u00e9ressants en Europe&#8221; title_text=&#8221;sites-historiques-europe-vatican-italie-basilic-saint-pierre&#8221; show_in_lightbox=&#8221;on&#8221; align_tablet=&#8221;center&#8221; align_phone=&#8221;&#8221; align_last_edited=&#8221;on|desktop&#8221; _builder_version=&#8221;4.15.1&#8243; custom_margin=&#8221;|0px||0px||false&#8221; custom_margin_tablet=&#8221;&#8221; custom_margin_phone=&#8221;|0px||0px||true&#8221; custom_margin_last_edited=&#8221;on|phone&#8221; animation_style=&#8221;slide&#8221; border_radii=&#8221;on|5px|5px|5px|5px&#8221; box_shadow_style=&#8221;preset6&#8243; global_colors_info=&#8221;{}&#8221;]&nbsp;<br \/>\n[\/et_pb_image][\/et_pb_column][et_pb_column type=&#8221;1_3&#8243; _builder_version=&#8221;4.15&#8243; custom_padding=&#8221;|||&#8221; global_colors_info=&#8221;{}&#8221; custom_padding__hover=&#8221;|||&#8221;][et_pb_image src=&#8221;https:\/\/www.where2travel.com\/wp-content\/uploads\/2022\/03\/sites-historiques-europe-vatican-italie-basilic-saint-pierre-23-3.jpg&#8221; alt=&#8221;La basilique Saint Pierre au Vatican en Italie : Les sites historiques les plus int\u00e9ressants d&#8217;Europe&#8221; title_text=&#8221;sites-historiques-europe-vatican-italie-basilic-saint-pierre&#8221; show_in_lightbox=&#8221;on&#8221; align_tablet=&#8221;center&#8221; align_phone=&#8221;&#8221; align_last_edited=&#8221;on|desktop&#8221; _builder_version=&#8221;4.15.1&#8243; custom_margin=&#8221;|0px||0px||false&#8221; custom_margin_tablet=&#8221;&#8221; custom_margin_phone=&#8221;|0px||0px||true&#8221; custom_margin_last_edited=&#8221;on|phone&#8221; animation_style=&#8221;slide&#8221; border_radii=&#8221;on|5px|5px|5px|5px&#8221; box_shadow_style=&#8221;preset6&#8243; global_colors_info=&#8221;{}&#8221;]&nbsp;<br \/>\n[\/et_pb_image][\/et_pb_column][\/et_pb_row][et_pb_row custom_padding_last_edited=&#8221;on|desktop&#8221; _builder_version=&#8221;4.15.1&#8243; custom_margin=&#8221;0px||60px||false|false&#8221; custom_margin_tablet=&#8221;50px||||false|false&#8221; custom_margin_phone=&#8221;50px||||false|false&#8221; custom_margin_last_edited=&#8221;on|desktop&#8221; custom_padding=&#8221;||0px||false|false&#8221; custom_padding_tablet=&#8221;||80px||false|false&#8221; custom_padding_phone=&#8221;&#8221; locked=&#8221;off&#8221; global_colors_info=&#8221;{}&#8221;][et_pb_column type=&#8221;4_4&#8243; _builder_version=&#8221;4.15&#8243; custom_padding=&#8221;|||&#8221; global_colors_info=&#8221;{}&#8221; custom_padding__hover=&#8221;|||&#8221;][et_pb_text admin_label=&#8221;Useful links&#8221; _builder_version=&#8221;4.15&#8243; header_font=&#8221;Montserrat||||||||&#8221; header_2_text_color=&#8221;#0d5e55&#8243; header_3_font=&#8221;Roboto|700|||||||&#8221; header_3_text_align=&#8221;center&#8221; header_3_text_color=&#8221;#0d3f5e&#8221; header_3_font_size=&#8221;27px&#8221; custom_margin=&#8221;0px||||false|false&#8221; header_font_size_tablet=&#8221;20px&#8221; header_font_size_phone=&#8221;17px&#8221; header_font_size_last_edited=&#8221;on|phone&#8221; header_3_font_size_tablet=&#8221;25px&#8221; header_3_font_size_phone=&#8221;20px&#8221; header_3_font_size_last_edited=&#8221;on|phone&#8221; border_color_bottom=&#8221;#2a758a&#8221; global_colors_info=&#8221;{}&#8221;]<\/p>\n<h3>Liens utiles<\/h3>\n<p>[\/et_pb_text][et_pb_divider color=&#8221;#68a3cb&#8221; divider_weight=&#8221;4px&#8221; _builder_version=&#8221;4.15&#8243; width=&#8221;8%&#8221; width_tablet=&#8221;17%&#8221; width_phone=&#8221;17%&#8221; width_last_edited=&#8221;on|phone&#8221; max_width=&#8221;12%&#8221; max_width_tablet=&#8221;25%&#8221; max_width_phone=&#8221;25%&#8221; max_width_last_edited=&#8221;on|desktop&#8221; module_alignment=&#8221;center&#8221; height=&#8221;6px&#8221; custom_margin=&#8221;-15px||70px&#8221; custom_margin_tablet=&#8221;-15px||70px&#8221; custom_margin_phone=&#8221;-15px||50px&#8221; custom_margin_last_edited=&#8221;on|phone&#8221; locked=&#8221;off&#8221; global_colors_info=&#8221;{}&#8221;]<\/p>\n<p>[\/et_pb_divider][et_pb_text admin_label=&#8221;Website link&#8221; _builder_version=&#8221;4.15.1&#8243; text_font=&#8221;Roboto||||&#8221; text_font_size=&#8221;16px&#8221; text_line_height=&#8221;1.9em&#8221; link_font=&#8221;||||||||&#8221; link_text_color=&#8221;#68a3cb&#8221; header_font=&#8221;Varela Round|700|||||||&#8221; header_text_color=&#8221;#2a8a6f&#8221; header_font_size=&#8221;50px&#8221; header_line_height=&#8221;1.4em&#8221; header_2_text_color=&#8221;#0d5e55&#8243; custom_margin=&#8221;||||false|false&#8221; custom_margin_tablet=&#8221;0px|0px|40px||false|false&#8221; custom_margin_phone=&#8221;0px|0px|40px|0px|false|true&#8221; custom_margin_last_edited=&#8221;on|tablet&#8221; custom_padding=&#8221;|100px||100px|false|true&#8221; custom_padding_tablet=&#8221;|0px||0px&#8221; custom_padding_phone=&#8221;&#8221; custom_padding_last_edited=&#8221;on|phone&#8221; text_font_size_tablet=&#8221;16px&#8221; text_font_size_phone=&#8221;15px&#8221; text_font_size_last_edited=&#8221;on|tablet&#8221; header_font_size_tablet=&#8221;40px&#8221; header_font_size_phone=&#8221;25px&#8221; header_font_size_last_edited=&#8221;on|tablet&#8221; global_colors_info=&#8221;{}&#8221; link_text_color__hover_enabled=&#8221;on&#8221; link_text_color__hover=&#8221;#fbba00&#8243;]<\/p>\n<p style=\"text-align: justify;\">Vous pouvez visiter ce joyau de l\u2019architecture chr\u00e9tienne avec par exemple les excursions ci-dessous, qui vous \u00e9viteront de faire la queue trop longtemps et vous permettront d\u2019\u00eatre bien guid\u00e9 :<\/p>\n<p>[\/et_pb_text][et_pb_code _builder_version=&#8221;4.15.1&#8243; text_orientation=&#8221;center&#8221; custom_margin=&#8221;||40px&#8221; custom_margin_tablet=&#8221;|-51px|0px|-51px|false|true&#8221; custom_margin_phone=&#8221;|0px|0px|0px|false|true&#8221; custom_margin_last_edited=&#8221;on|desktop&#8221; global_colors_info=&#8221;{}&#8221;]<\/p>\n<div data-gyg-href=\"https:\/\/widget.getyourguide.com\/default\/activities.frame\" data-gyg-locale-code=\"fr-FR\" data-gyg-widget=\"activities\" data-gyg-number-of-items=\"3\" data-gyg-partner-id=\"0428GRX\" data-gyg-q=\"basilic%20saint%20pierre\"><\/div>\n<p>[\/et_pb_code][\/et_pb_column][\/et_pb_row][et_pb_row admin_label=&#8221;Town 4&#8243; module_id=&#8221;Mir&#8221; _builder_version=&#8221;4.15.1&#8243; custom_margin_tablet=&#8221;&#8221; custom_margin_phone=&#8221;-50px||0px||false&#8221; custom_margin_last_edited=&#8221;on|desktop&#8221; custom_padding=&#8221;73px|0px|40.4688px|0px|false|false&#8221; global_colors_info=&#8221;{}&#8221;][et_pb_column type=&#8221;4_4&#8243; _builder_version=&#8221;4.15&#8243; custom_padding=&#8221;|||&#8221; global_colors_info=&#8221;{}&#8221; custom_padding__hover=&#8221;|||&#8221;][et_pb_text admin_label=&#8221;Bangkok&#8221; module_class=&#8221;anchor_img_text2&#8243; _builder_version=&#8221;4.15.1&#8243; text_font=&#8221;Roboto||||&#8221; text_text_color=&#8221;#1a1a1a&#8221; text_font_size=&#8221;24px&#8221; text_line_height=&#8221;1.4em&#8221; link_text_color=&#8221;#68a3cb&#8221; header_font=&#8221;||||||||&#8221; header_2_font=&#8221;Montserrat||||||||&#8221; header_2_text_color=&#8221;#000000&#8243; header_2_font_size=&#8221;20px&#8221; header_3_font=&#8221;Roboto|700|||||||&#8221; header_3_text_color=&#8221;#000000&#8243; header_3_font_size=&#8221;27px&#8221; header_3_line_height=&#8221;1.5em&#8221; custom_margin=&#8221;15px||||false|false&#8221; custom_margin_tablet=&#8221;&#8221; custom_margin_phone=&#8221;25px|-20px||-20px|false|true&#8221; custom_margin_last_edited=&#8221;on|phone&#8221; animation_style=&#8221;slide&#8221; animation_direction=&#8221;top&#8221; animation_intensity_slide=&#8221;10%&#8221; header_2_font_size_tablet=&#8221;&#8221; header_2_font_size_phone=&#8221;&#8221; header_2_font_size_last_edited=&#8221;on|desktop&#8221; header_3_font_size_tablet=&#8221;&#8221; header_3_font_size_phone=&#8221;22px&#8221; header_3_font_size_last_edited=&#8221;on|phone&#8221; global_colors_info=&#8221;{}&#8221;]<\/p>\n<h3 style=\"text-align: center;\"><a href=\"#Carte\"><img decoding=\"async\" src=\"https:\/\/www.where2travel.com\/wp-content\/uploads\/2019\/06\/Evaluation-Where2travel-N%C2%B024.png\" alt=\"Num\u00e9ro 9\" width=\"45\" height=\"45\"><\/a>&nbsp; &nbsp;Le Ch\u00e2teau de Mir en Bi\u00e9lorussie<\/h3>\n<p>[\/et_pb_text][et_pb_divider color=&#8221;#68a3cb&#8221; divider_weight=&#8221;4px&#8221; _builder_version=&#8221;4.15&#8243; width=&#8221;100%&#8221; width_tablet=&#8221;100%&#8221; width_phone=&#8221;100%&#8221; width_last_edited=&#8221;on|phone&#8221; max_width=&#8221;12%&#8221; max_width_tablet=&#8221;25%&#8221; max_width_phone=&#8221;25%&#8221; max_width_last_edited=&#8221;on|desktop&#8221; module_alignment=&#8221;center&#8221; height=&#8221;6px&#8221; custom_margin=&#8221;-15px||80px||false|false&#8221; custom_margin_tablet=&#8221;-15px||70px&#8221; custom_margin_phone=&#8221;-15px||70px&#8221; custom_margin_last_edited=&#8221;on|tablet&#8221; locked=&#8221;off&#8221; global_colors_info=&#8221;{}&#8221;][\/et_pb_divider][et_pb_text admin_label=&#8221;Description of the town&#8221; _builder_version=&#8221;4.15.1&#8243; text_font=&#8221;Roboto||||&#8221; text_font_size=&#8221;16px&#8221; text_line_height=&#8221;1.9em&#8221; link_font=&#8221;Roboto||||||||&#8221; link_text_color=&#8221;#68a3cb&#8221; link_font_size=&#8221;16px&#8221; link_line_height=&#8221;1.9em&#8221; ul_font=&#8221;||||||||&#8221; ol_font=&#8221;||||||||&#8221; quote_font=&#8221;||||||||&#8221; header_font=&#8221;Varela Round|700|||||||&#8221; header_text_align=&#8221;center&#8221; header_text_color=&#8221;#2a8a6f&#8221; header_font_size=&#8221;40px&#8221; header_line_height=&#8221;1.4em&#8221; header_2_font=&#8221;Varela Round|700|||||||&#8221; header_2_text_align=&#8221;center&#8221; header_2_text_color=&#8221;#2a8a6f&#8221; header_2_font_size=&#8221;36px&#8221; header_2_line_height=&#8221;1.4em&#8221; header_3_font=&#8221;Montserrat||||||||&#8221; header_3_text_align=&#8221;justify&#8221; header_3_text_color=&#8221;#555555&#8243; header_3_font_size=&#8221;20px&#8221; header_3_line_height=&#8221;1.4em&#8221; custom_margin=&#8221;0px||35px||false|false&#8221; custom_margin_tablet=&#8221;1px||25px||false|false&#8221; custom_margin_phone=&#8221;0px||30px||false|false&#8221; custom_margin_last_edited=&#8221;on|desktop&#8221; custom_padding=&#8221;|100px||100px&#8221; custom_padding_tablet=&#8221;|0px||0px&#8221; custom_padding_phone=&#8221;&#8221; custom_padding_last_edited=&#8221;on|desktop&#8221; animation_style=&#8221;slide&#8221; animation_direction=&#8221;top&#8221; animation_intensity_slide=&#8221;10%&#8221; text_font_size_tablet=&#8221;&#8221; text_font_size_phone=&#8221;15px&#8221; text_font_size_last_edited=&#8221;on|phone&#8221; link_font_size_tablet=&#8221;&#8221; link_font_size_phone=&#8221;15px&#8221; link_font_size_last_edited=&#8221;on|desktop&#8221; header_font_size_tablet=&#8221;30px&#8221; header_font_size_phone=&#8221;25px&#8221; header_font_size_last_edited=&#8221;on|phone&#8221; header_2_font_size_tablet=&#8221;25px&#8221; header_2_font_size_phone=&#8221;20px&#8221; header_2_font_size_last_edited=&#8221;on|phone&#8221; header_3_font_size_tablet=&#8221;16px&#8221; header_3_font_size_phone=&#8221;14px&#8221; header_3_font_size_last_edited=&#8221;on|desktop&#8221; saved_tabs=&#8221;all&#8221; locked=&#8221;off&#8221; global_colors_info=&#8221;{}&#8221; link_text_color__hover_enabled=&#8221;on&#8221; link_text_color__hover=&#8221;#fbba00&#8243;]<\/p>\n<p style=\"text-align: justify;\">\u00c0 environ 120 kilom\u00e8tres au sud-ouest de Minsk, la capitale de la Bi\u00e9lorussie, se trouve l\u2019imposant et tr\u00e8s beau ch\u00e2teau de Mir. Cette prestigieuse construction d\u2019architecture gothique fut commenc\u00e9e \u00e0 la fin du xve si\u00e8cle pour le duc Ilinich. Vers 1568, le prince Radziwi\u0142\u0142 en ach\u00e8ve la construction en y ajoutant un style Renaissance et il sera la propri\u00e9t\u00e9 de la puissante maison aristocratique des Radziwi\u0142\u0142. Abandonn\u00e9 pendant plus d&#8217;un si\u00e8cle, et ayant subi de nombreux dommages au cours de la p\u00e9riode napol\u00e9onienne, il sera restaur\u00e9 au cours du XIXe et XX si\u00e8cle.<\/p>\n<p style=\"text-align: justify;\">En 1987, le ch\u00e2teau de Mir est plac\u00e9 sous la tutelle du mus\u00e9e national des arts de la R\u00e9publique de Bi\u00e9lorussie, et il est inscrit au patrimoine mondial de l&#8217;Unesco en 2000. Si vous visitez la Bi\u00e9lorussie, c\u2019est donc un site historique \u00e0 ne pas manquer.<\/p>\n<p>[\/et_pb_text][\/et_pb_column][\/et_pb_row][et_pb_row column_structure=&#8221;1_3,1_3,1_3&#8243; custom_padding_last_edited=&#8221;on|desktop&#8221; _builder_version=&#8221;4.15&#8243; background_size=&#8221;initial&#8221; background_position=&#8221;top_left&#8221; background_repeat=&#8221;repeat&#8221; custom_margin=&#8221;||80px||false|false&#8221; custom_margin_tablet=&#8221;||60px||false|false&#8221; custom_margin_phone=&#8221;-29px||60px||false|false&#8221; custom_margin_last_edited=&#8221;on|phone&#8221; custom_padding=&#8221;0|0px|0px|0px|false|false&#8221; custom_padding_tablet=&#8221;||0px|&#8221; custom_padding_phone=&#8221;0px||0px|&#8221; locked=&#8221;off&#8221; collapsed=&#8221;off&#8221; global_colors_info=&#8221;{}&#8221;][et_pb_column type=&#8221;1_3&#8243; _builder_version=&#8221;4.15&#8243; custom_padding=&#8221;|||&#8221; global_colors_info=&#8221;{}&#8221; custom_padding__hover=&#8221;|||&#8221;][et_pb_image src=&#8221;https:\/\/www.where2travel.com\/wp-content\/uploads\/2022\/03\/sites-historiques-europe-chateau-mir-bielorussie-24-4.jpg&#8221; alt=&#8221;Le ch\u00e2teau de Mir en Bi\u00e9lorussie, les sites historiques les plus int\u00e9ressants d&#8217;Europe&#8221; title_text=&#8221;sites-historiques-europe-chateau-mir-bielorussie&#8221; show_in_lightbox=&#8221;on&#8221; align_tablet=&#8221;center&#8221; align_phone=&#8221;&#8221; align_last_edited=&#8221;on|desktop&#8221; _builder_version=&#8221;4.15.1&#8243; custom_margin=&#8221;|0px||0px||false&#8221; custom_margin_tablet=&#8221;&#8221; custom_margin_phone=&#8221;|0px||0px||true&#8221; custom_margin_last_edited=&#8221;on|phone&#8221; animation_style=&#8221;slide&#8221; border_radii=&#8221;on|5px|5px|5px|5px&#8221; box_shadow_style=&#8221;preset6&#8243; global_colors_info=&#8221;{}&#8221;]&nbsp;<br \/>\n[\/et_pb_image][\/et_pb_column][et_pb_column type=&#8221;1_3&#8243; _builder_version=&#8221;4.15&#8243; custom_padding=&#8221;|||&#8221; global_colors_info=&#8221;{}&#8221; custom_padding__hover=&#8221;|||&#8221;][et_pb_image src=&#8221;https:\/\/www.where2travel.com\/wp-content\/uploads\/2022\/03\/sites-historiques-europe-chateau-mir-bielorussie-24-5.jpg&#8221; alt=&#8221;Dans le top 30 des sites historiques les plus int\u00e9ressants d&#8217;Europe : Le ch\u00e2teau de Mir en Bi\u00e9lorussie&#8221; title_text=&#8221;sites-historiques-europe-chateau-mir-bielorussie&#8221; show_in_lightbox=&#8221;on&#8221; align_tablet=&#8221;center&#8221; align_phone=&#8221;&#8221; align_last_edited=&#8221;on|desktop&#8221; _builder_version=&#8221;4.15.1&#8243; custom_margin=&#8221;|0px||0px||false&#8221; custom_margin_tablet=&#8221;&#8221; custom_margin_phone=&#8221;|0px||0px||true&#8221; custom_margin_last_edited=&#8221;on|phone&#8221; animation_style=&#8221;slide&#8221; border_radii=&#8221;on|5px|5px|5px|5px&#8221; box_shadow_style=&#8221;preset6&#8243; global_colors_info=&#8221;{}&#8221;]&nbsp;<br \/>\n[\/et_pb_image][\/et_pb_column][et_pb_column type=&#8221;1_3&#8243; _builder_version=&#8221;4.15&#8243; custom_padding=&#8221;|||&#8221; global_colors_info=&#8221;{}&#8221; custom_padding__hover=&#8221;|||&#8221;][et_pb_image src=&#8221;https:\/\/www.where2travel.com\/wp-content\/uploads\/2022\/03\/sites-historiques-europe-chateau-mir-bielorussie-24-9.jpg&#8221; alt=&#8221;Lac pr\u00e8s du ch\u00e2teau de Mir en Bi\u00e9lorussie&#8221; title_text=&#8221;sites-historiques-europe-chateau-mir-bielorussie&#8221; show_in_lightbox=&#8221;on&#8221; align_tablet=&#8221;center&#8221; align_phone=&#8221;&#8221; align_last_edited=&#8221;on|desktop&#8221; _builder_version=&#8221;4.15.1&#8243; custom_margin=&#8221;|0px||0px||false&#8221; custom_margin_tablet=&#8221;&#8221; custom_margin_phone=&#8221;|0px||0px||true&#8221; custom_margin_last_edited=&#8221;on|phone&#8221; animation_style=&#8221;slide&#8221; border_radii=&#8221;on|5px|5px|5px|5px&#8221; box_shadow_style=&#8221;preset6&#8243; global_colors_info=&#8221;{}&#8221;]&nbsp;<br \/>\n[\/et_pb_image][\/et_pb_column][\/et_pb_row][et_pb_row custom_padding_last_edited=&#8221;on|desktop&#8221; _builder_version=&#8221;4.15.1&#8243; custom_margin=&#8221;0px||60px||false|false&#8221; custom_margin_tablet=&#8221;50px||||false|false&#8221; custom_margin_phone=&#8221;50px||||false|false&#8221; custom_margin_last_edited=&#8221;on|desktop&#8221; custom_padding=&#8221;||0px||false|false&#8221; custom_padding_tablet=&#8221;||80px||false|false&#8221; custom_padding_phone=&#8221;&#8221; locked=&#8221;off&#8221; global_colors_info=&#8221;{}&#8221;][et_pb_column type=&#8221;4_4&#8243; _builder_version=&#8221;4.15&#8243; custom_padding=&#8221;|||&#8221; global_colors_info=&#8221;{}&#8221; custom_padding__hover=&#8221;|||&#8221;][et_pb_text admin_label=&#8221;Useful links&#8221; _builder_version=&#8221;4.15&#8243; header_font=&#8221;Montserrat||||||||&#8221; header_2_text_color=&#8221;#0d5e55&#8243; header_3_font=&#8221;Roboto|700|||||||&#8221; header_3_text_align=&#8221;center&#8221; header_3_text_color=&#8221;#0d3f5e&#8221; header_3_font_size=&#8221;27px&#8221; custom_margin=&#8221;0px||||false|false&#8221; header_font_size_tablet=&#8221;20px&#8221; header_font_size_phone=&#8221;17px&#8221; header_font_size_last_edited=&#8221;on|phone&#8221; header_3_font_size_tablet=&#8221;25px&#8221; header_3_font_size_phone=&#8221;20px&#8221; header_3_font_size_last_edited=&#8221;on|phone&#8221; border_color_bottom=&#8221;#2a758a&#8221; global_colors_info=&#8221;{}&#8221;]<\/p>\n<h3>Liens utiles<\/h3>\n<p>[\/et_pb_text][et_pb_divider color=&#8221;#68a3cb&#8221; divider_weight=&#8221;4px&#8221; _builder_version=&#8221;4.15&#8243; width=&#8221;8%&#8221; width_tablet=&#8221;17%&#8221; width_phone=&#8221;17%&#8221; width_last_edited=&#8221;on|phone&#8221; max_width=&#8221;12%&#8221; max_width_tablet=&#8221;25%&#8221; max_width_phone=&#8221;25%&#8221; max_width_last_edited=&#8221;on|desktop&#8221; module_alignment=&#8221;center&#8221; height=&#8221;6px&#8221; custom_margin=&#8221;-15px||70px&#8221; custom_margin_tablet=&#8221;-15px||70px&#8221; custom_margin_phone=&#8221;-15px||50px&#8221; custom_margin_last_edited=&#8221;on|phone&#8221; locked=&#8221;off&#8221; global_colors_info=&#8221;{}&#8221;]<\/p>\n<p>[\/et_pb_divider][et_pb_text admin_label=&#8221;Website link&#8221; _builder_version=&#8221;4.15.1&#8243; text_font=&#8221;Roboto||||&#8221; text_font_size=&#8221;16px&#8221; text_line_height=&#8221;1.9em&#8221; link_font=&#8221;||||||||&#8221; link_text_color=&#8221;#68a3cb&#8221; header_font=&#8221;Varela Round|700|||||||&#8221; header_text_color=&#8221;#2a8a6f&#8221; header_font_size=&#8221;50px&#8221; header_line_height=&#8221;1.4em&#8221; header_2_text_color=&#8221;#0d5e55&#8243; custom_margin=&#8221;||||false|false&#8221; custom_margin_tablet=&#8221;0px|0px|40px||false|false&#8221; custom_margin_phone=&#8221;0px|0px|40px|0px|false|true&#8221; custom_margin_last_edited=&#8221;on|tablet&#8221; custom_padding=&#8221;|100px||100px|false|true&#8221; custom_padding_tablet=&#8221;|0px||0px&#8221; custom_padding_phone=&#8221;&#8221; custom_padding_last_edited=&#8221;on|phone&#8221; text_font_size_tablet=&#8221;16px&#8221; text_font_size_phone=&#8221;15px&#8221; text_font_size_last_edited=&#8221;on|tablet&#8221; header_font_size_tablet=&#8221;40px&#8221; header_font_size_phone=&#8221;25px&#8221; header_font_size_last_edited=&#8221;on|tablet&#8221; global_colors_info=&#8221;{}&#8221; link_text_color__hover_enabled=&#8221;on&#8221; link_text_color__hover=&#8221;#fbba00&#8243;]<\/p>\n<p style=\"text-align: justify;\">Pour visiter ce tr\u00e8s grand ch\u00e2teau, vous pouvez passer par ces excursions afin de mieux comprendre l&#8217;Histoire :<\/p>\n<p>[\/et_pb_text][et_pb_code _builder_version=&#8221;4.15.1&#8243; text_orientation=&#8221;center&#8221; custom_margin=&#8221;||40px&#8221; custom_margin_tablet=&#8221;|-51px|0px|-51px|false|true&#8221; custom_margin_phone=&#8221;|0px|0px|0px|false|true&#8221; custom_margin_last_edited=&#8221;on|desktop&#8221; global_colors_info=&#8221;{}&#8221;]<\/p>\n<div data-gyg-href=\"https:\/\/widget.getyourguide.com\/default\/activities.frame\" data-gyg-locale-code=\"fr-FR\" data-gyg-widget=\"activities\" data-gyg-number-of-items=\"3\" data-gyg-partner-id=\"0428GRX\" data-gyg-tour-ids=\"282537,219153,290315\"><\/div>\n<p>[\/et_pb_code][\/et_pb_column][\/et_pb_row][et_pb_row admin_label=&#8221;Town 4&#8243; module_id=&#8221;Auschwitz&#8221; _builder_version=&#8221;4.15.1&#8243; custom_margin_tablet=&#8221;&#8221; custom_margin_phone=&#8221;-50px||0px||false&#8221; custom_margin_last_edited=&#8221;on|desktop&#8221; custom_padding=&#8221;73px|0px|40.4688px|0px|false|false&#8221; global_colors_info=&#8221;{}&#8221;][et_pb_column type=&#8221;4_4&#8243; _builder_version=&#8221;4.15&#8243; custom_padding=&#8221;|||&#8221; global_colors_info=&#8221;{}&#8221; custom_padding__hover=&#8221;|||&#8221;][et_pb_text admin_label=&#8221;Bangkok&#8221; module_class=&#8221;anchor_img_text2&#8243; _builder_version=&#8221;4.15.1&#8243; text_font=&#8221;Roboto||||&#8221; text_text_color=&#8221;#1a1a1a&#8221; text_font_size=&#8221;24px&#8221; text_line_height=&#8221;1.4em&#8221; link_text_color=&#8221;#68a3cb&#8221; header_font=&#8221;||||||||&#8221; header_2_font=&#8221;Montserrat||||||||&#8221; header_2_text_color=&#8221;#000000&#8243; header_2_font_size=&#8221;20px&#8221; header_3_font=&#8221;Roboto|700|||||||&#8221; header_3_text_color=&#8221;#000000&#8243; header_3_font_size=&#8221;27px&#8221; header_3_line_height=&#8221;1.5em&#8221; custom_margin=&#8221;15px||||false|false&#8221; custom_margin_tablet=&#8221;&#8221; custom_margin_phone=&#8221;25px|||&#8221; custom_margin_last_edited=&#8221;on|phone&#8221; animation_style=&#8221;slide&#8221; animation_direction=&#8221;top&#8221; animation_intensity_slide=&#8221;10%&#8221; header_2_font_size_tablet=&#8221;&#8221; header_2_font_size_phone=&#8221;&#8221; header_2_font_size_last_edited=&#8221;on|desktop&#8221; header_3_font_size_tablet=&#8221;&#8221; header_3_font_size_phone=&#8221;22px&#8221; header_3_font_size_last_edited=&#8221;on|phone&#8221; global_colors_info=&#8221;{}&#8221;]<\/p>\n<h3 style=\"text-align: center;\"><a href=\"#Carte\"><img decoding=\"async\" src=\"https:\/\/www.where2travel.com\/wp-content\/uploads\/2019\/06\/Evaluation-Where2travel-N%C2%B025.png\" alt=\"Num\u00e9ro 10\" width=\"45\" height=\"45\" \/><\/a>\u00a0 Le camp de concentration d&#8217;Auschwitz en Pologne<\/h3>\n<p>[\/et_pb_text][et_pb_divider color=&#8221;#68a3cb&#8221; divider_weight=&#8221;4px&#8221; _builder_version=&#8221;4.15&#8243; width=&#8221;100%&#8221; width_tablet=&#8221;100%&#8221; width_phone=&#8221;100%&#8221; width_last_edited=&#8221;on|phone&#8221; max_width=&#8221;12%&#8221; max_width_tablet=&#8221;25%&#8221; max_width_phone=&#8221;25%&#8221; max_width_last_edited=&#8221;on|desktop&#8221; module_alignment=&#8221;center&#8221; height=&#8221;6px&#8221; custom_margin=&#8221;-15px||80px||false|false&#8221; custom_margin_tablet=&#8221;-15px||70px&#8221; custom_margin_phone=&#8221;-15px||70px&#8221; custom_margin_last_edited=&#8221;on|tablet&#8221; locked=&#8221;off&#8221; global_colors_info=&#8221;{}&#8221;][\/et_pb_divider][et_pb_text admin_label=&#8221;Description of the town&#8221; _builder_version=&#8221;4.15.1&#8243; text_font=&#8221;Roboto||||&#8221; text_font_size=&#8221;16px&#8221; text_line_height=&#8221;1.9em&#8221; link_font=&#8221;Roboto||||||||&#8221; link_text_color=&#8221;#68a3cb&#8221; link_font_size=&#8221;16px&#8221; link_line_height=&#8221;1.9em&#8221; ul_font=&#8221;||||||||&#8221; ol_font=&#8221;||||||||&#8221; quote_font=&#8221;||||||||&#8221; header_font=&#8221;Varela Round|700|||||||&#8221; header_text_align=&#8221;center&#8221; header_text_color=&#8221;#2a8a6f&#8221; header_font_size=&#8221;40px&#8221; header_line_height=&#8221;1.4em&#8221; header_2_font=&#8221;Varela Round|700|||||||&#8221; header_2_text_align=&#8221;center&#8221; header_2_text_color=&#8221;#2a8a6f&#8221; header_2_font_size=&#8221;36px&#8221; header_2_line_height=&#8221;1.4em&#8221; header_3_font=&#8221;Montserrat||||||||&#8221; header_3_text_align=&#8221;justify&#8221; header_3_text_color=&#8221;#555555&#8243; header_3_font_size=&#8221;20px&#8221; header_3_line_height=&#8221;1.4em&#8221; custom_margin=&#8221;0px||35px||false|false&#8221; custom_margin_tablet=&#8221;1px||25px||false|false&#8221; custom_margin_phone=&#8221;0px||30px||false|false&#8221; custom_margin_last_edited=&#8221;on|desktop&#8221; custom_padding=&#8221;|100px||100px&#8221; custom_padding_tablet=&#8221;|0px||0px&#8221; custom_padding_phone=&#8221;&#8221; custom_padding_last_edited=&#8221;on|desktop&#8221; animation_style=&#8221;slide&#8221; animation_direction=&#8221;top&#8221; animation_intensity_slide=&#8221;10%&#8221; text_font_size_tablet=&#8221;&#8221; text_font_size_phone=&#8221;15px&#8221; text_font_size_last_edited=&#8221;on|phone&#8221; link_font_size_tablet=&#8221;&#8221; link_font_size_phone=&#8221;15px&#8221; link_font_size_last_edited=&#8221;on|desktop&#8221; header_font_size_tablet=&#8221;30px&#8221; header_font_size_phone=&#8221;25px&#8221; header_font_size_last_edited=&#8221;on|phone&#8221; header_2_font_size_tablet=&#8221;25px&#8221; header_2_font_size_phone=&#8221;20px&#8221; header_2_font_size_last_edited=&#8221;on|phone&#8221; header_3_font_size_tablet=&#8221;16px&#8221; header_3_font_size_phone=&#8221;14px&#8221; header_3_font_size_last_edited=&#8221;on|desktop&#8221; saved_tabs=&#8221;all&#8221; locked=&#8221;off&#8221; global_colors_info=&#8221;{}&#8221; link_text_color__hover_enabled=&#8221;on&#8221; link_text_color__hover=&#8221;#fbba00&#8243;]<\/p>\n<p style=\"text-align: justify;\">Dans le sud de la Pologne, non loin de la magnifique ville de Cracovie et des splendides mines de sel de Wieliczka, vous pouvez visiter le camp de concentration d&#8217;Auschwitz.<\/p>\n<p style=\"text-align: justify;\">Suite \u00e0 l&#8217;invasion de la Pologne en septembre 1939, le territoire des localit\u00e9s d&#8217;O\u015bwi\u0119cim (Auschwitz en allemand) et de Brzezinka (Birkenau en allemand) se retrouv\u00e8rent annex\u00e9s au Reich. Ce camp fut le plus grand complexe concentrationnaire du Troisi\u00e8me Reich, avec initialement un  camp de concentration d\u00e8s 1940, puis avec en plus un centre d&#8217;extermination en 1942. En 5 ann\u00e9es, plus de 1 100 000 hommes, femmes et enfants moururent  \u00e0 Auschwitz, dont 90 % de personnes de confession juive, mais aussi des Tziganes et des prisonniers de guerre. Le 27 janvier 1945, les camps furent lib\u00e9r\u00e9s par l&#8217;Arm\u00e9e rouge.<\/p>\n<p style=\"text-align: justify;\">Ce lieu historique et culturel, tr\u00e8s important pour le \u00ab devoir de m\u00e9moire \u00bb, est inscrit au patrimoine mondial de l&#8217;Unesco depuis 1979 et nous pouvons maintenant le visiter. Ce site est d\u2019ailleurs l&#8217;institution culturelle polonaise la plus visit\u00e9e du pays.\n<\/p>\n<p>[\/et_pb_text][\/et_pb_column][\/et_pb_row][et_pb_row column_structure=&#8221;1_3,1_3,1_3&#8243; custom_padding_last_edited=&#8221;on|desktop&#8221; _builder_version=&#8221;4.15&#8243; background_size=&#8221;initial&#8221; background_position=&#8221;top_left&#8221; background_repeat=&#8221;repeat&#8221; custom_margin=&#8221;||80px||false|false&#8221; custom_margin_tablet=&#8221;||60px||false|false&#8221; custom_margin_phone=&#8221;-29px||60px||false|false&#8221; custom_margin_last_edited=&#8221;on|phone&#8221; custom_padding=&#8221;0|0px|0px|0px|false|false&#8221; custom_padding_tablet=&#8221;||0px|&#8221; custom_padding_phone=&#8221;0px||0px|&#8221; locked=&#8221;off&#8221; collapsed=&#8221;off&#8221; global_colors_info=&#8221;{}&#8221;][et_pb_column type=&#8221;1_3&#8243; _builder_version=&#8221;4.15&#8243; custom_padding=&#8221;|||&#8221; global_colors_info=&#8221;{}&#8221; custom_padding__hover=&#8221;|||&#8221;][et_pb_image src=&#8221;https:\/\/www.where2travel.com\/wp-content\/uploads\/2022\/03\/sites-historiques-europe-auschwitz-pologne-25-00004.jpg&#8221; alt=&#8221;Tour de surveillance au camp de concentration d&#8217;Auschwitz en Pologne&#8221; title_text=&#8221;sites-historiques-europe-auschwitz-pologne&#8221; show_in_lightbox=&#8221;on&#8221; align_tablet=&#8221;center&#8221; align_phone=&#8221;&#8221; align_last_edited=&#8221;on|desktop&#8221; _builder_version=&#8221;4.15.1&#8243; custom_margin=&#8221;|0px||0px||false&#8221; custom_margin_tablet=&#8221;&#8221; custom_margin_phone=&#8221;|0px||0px||true&#8221; custom_margin_last_edited=&#8221;on|phone&#8221; animation_style=&#8221;slide&#8221; border_radii=&#8221;on|5px|5px|5px|5px&#8221; box_shadow_style=&#8221;preset6&#8243; global_colors_info=&#8221;{}&#8221;]&nbsp;<br \/>\n[\/et_pb_image][\/et_pb_column][et_pb_column type=&#8221;1_3&#8243; _builder_version=&#8221;4.15&#8243; custom_padding=&#8221;|||&#8221; global_colors_info=&#8221;{}&#8221; custom_padding__hover=&#8221;|||&#8221;][et_pb_image src=&#8221;https:\/\/www.where2travel.com\/wp-content\/uploads\/2022\/03\/sites-historiques-europe-auschwitz-pologne-25-00006.jpg&#8221; alt=&#8221;Chemin de fer du camp de concentration d&#8217;Auschwitz en Pologne&#8221; title_text=&#8221;sites-historiques-europe-auschwitz-pologne&#8221; show_in_lightbox=&#8221;on&#8221; align_tablet=&#8221;center&#8221; align_phone=&#8221;&#8221; align_last_edited=&#8221;on|desktop&#8221; _builder_version=&#8221;4.15.1&#8243; custom_margin=&#8221;|0px||0px||false&#8221; custom_margin_tablet=&#8221;&#8221; custom_margin_phone=&#8221;|0px||0px||true&#8221; custom_margin_last_edited=&#8221;on|phone&#8221; animation_style=&#8221;slide&#8221; border_radii=&#8221;on|5px|5px|5px|5px&#8221; box_shadow_style=&#8221;preset6&#8243; global_colors_info=&#8221;{}&#8221;]&nbsp;<br \/>\n[\/et_pb_image][\/et_pb_column][et_pb_column type=&#8221;1_3&#8243; _builder_version=&#8221;4.15&#8243; custom_padding=&#8221;|||&#8221; global_colors_info=&#8221;{}&#8221; custom_padding__hover=&#8221;|||&#8221;][et_pb_image src=&#8221;https:\/\/www.where2travel.com\/wp-content\/uploads\/2022\/03\/sites-historiques-europe-auschwitz-pologne-25-00001.jpg&#8221; alt=&#8221;Camp de concentration d&#8217;Auschwitz en Pologne, les sites historiques les plus int\u00e9ressants d&#8217;Europe&#8221; title_text=&#8221;sites-historiques-europe-auschwitz-pologne&#8221; show_in_lightbox=&#8221;on&#8221; align_tablet=&#8221;center&#8221; align_phone=&#8221;&#8221; align_last_edited=&#8221;on|desktop&#8221; _builder_version=&#8221;4.15.1&#8243; custom_margin=&#8221;|0px||0px||false&#8221; custom_margin_tablet=&#8221;&#8221; custom_margin_phone=&#8221;|0px||0px||true&#8221; custom_margin_last_edited=&#8221;on|phone&#8221; animation_style=&#8221;slide&#8221; border_radii=&#8221;on|5px|5px|5px|5px&#8221; box_shadow_style=&#8221;preset6&#8243; global_colors_info=&#8221;{}&#8221;]&nbsp;<br \/>\n[\/et_pb_image][\/et_pb_column][\/et_pb_row][et_pb_row custom_padding_last_edited=&#8221;on|desktop&#8221; _builder_version=&#8221;4.15.1&#8243; custom_margin=&#8221;0px||60px||false|false&#8221; custom_margin_tablet=&#8221;50px||||false|false&#8221; custom_margin_phone=&#8221;50px||||false|false&#8221; custom_margin_last_edited=&#8221;on|desktop&#8221; custom_padding=&#8221;||0px||false|false&#8221; custom_padding_tablet=&#8221;||80px||false|false&#8221; custom_padding_phone=&#8221;&#8221; locked=&#8221;off&#8221; global_colors_info=&#8221;{}&#8221;][et_pb_column type=&#8221;4_4&#8243; _builder_version=&#8221;4.15&#8243; custom_padding=&#8221;|||&#8221; global_colors_info=&#8221;{}&#8221; custom_padding__hover=&#8221;|||&#8221;][et_pb_text admin_label=&#8221;Useful links&#8221; _builder_version=&#8221;4.15&#8243; header_font=&#8221;Montserrat||||||||&#8221; header_2_text_color=&#8221;#0d5e55&#8243; header_3_font=&#8221;Roboto|700|||||||&#8221; header_3_text_align=&#8221;center&#8221; header_3_text_color=&#8221;#0d3f5e&#8221; header_3_font_size=&#8221;27px&#8221; custom_margin=&#8221;0px||||false|false&#8221; header_font_size_tablet=&#8221;20px&#8221; header_font_size_phone=&#8221;17px&#8221; header_font_size_last_edited=&#8221;on|phone&#8221; header_3_font_size_tablet=&#8221;25px&#8221; header_3_font_size_phone=&#8221;20px&#8221; header_3_font_size_last_edited=&#8221;on|phone&#8221; border_color_bottom=&#8221;#2a758a&#8221; global_colors_info=&#8221;{}&#8221;]<\/p>\n<h3>Liens utiles<\/h3>\n<p>[\/et_pb_text][et_pb_divider color=&#8221;#68a3cb&#8221; divider_weight=&#8221;4px&#8221; _builder_version=&#8221;4.15&#8243; width=&#8221;8%&#8221; width_tablet=&#8221;17%&#8221; width_phone=&#8221;17%&#8221; width_last_edited=&#8221;on|phone&#8221; max_width=&#8221;12%&#8221; max_width_tablet=&#8221;25%&#8221; max_width_phone=&#8221;25%&#8221; max_width_last_edited=&#8221;on|desktop&#8221; module_alignment=&#8221;center&#8221; height=&#8221;6px&#8221; custom_margin=&#8221;-15px||70px&#8221; custom_margin_tablet=&#8221;-15px||70px&#8221; custom_margin_phone=&#8221;-15px||50px&#8221; custom_margin_last_edited=&#8221;on|phone&#8221; locked=&#8221;off&#8221; global_colors_info=&#8221;{}&#8221;]<\/p>\n<p>[\/et_pb_divider][et_pb_text admin_label=&#8221;Website link&#8221; _builder_version=&#8221;4.15.1&#8243; text_font=&#8221;Roboto||||&#8221; text_font_size=&#8221;16px&#8221; text_line_height=&#8221;1.9em&#8221; link_font=&#8221;||||||||&#8221; link_text_color=&#8221;#68a3cb&#8221; header_font=&#8221;Varela Round|700|||||||&#8221; header_text_color=&#8221;#2a8a6f&#8221; header_font_size=&#8221;50px&#8221; header_line_height=&#8221;1.4em&#8221; header_2_text_color=&#8221;#0d5e55&#8243; custom_margin=&#8221;||||false|false&#8221; custom_margin_tablet=&#8221;0px|0px|40px||false|false&#8221; custom_margin_phone=&#8221;0px|0px|40px|0px|false|true&#8221; custom_margin_last_edited=&#8221;on|tablet&#8221; custom_padding=&#8221;|100px||100px|false|true&#8221; custom_padding_tablet=&#8221;|0px||0px&#8221; custom_padding_phone=&#8221;&#8221; custom_padding_last_edited=&#8221;on|phone&#8221; text_font_size_tablet=&#8221;16px&#8221; text_font_size_phone=&#8221;15px&#8221; text_font_size_last_edited=&#8221;on|tablet&#8221; header_font_size_tablet=&#8221;40px&#8221; header_font_size_phone=&#8221;25px&#8221; header_font_size_last_edited=&#8221;on|tablet&#8221; global_colors_info=&#8221;{}&#8221; link_text_color__hover_enabled=&#8221;on&#8221; link_text_color__hover=&#8221;#fbba00&#8243;]<\/p>\n<p style=\"text-align: justify;\">Pour visiter ce site historique dramatique et mieux comprendre ce qu&#8217;il s&#8217;est pass\u00e9 l\u00e0-bas, vous pouvez utiliser par exemple les excursions ci-dessous :<\/p>\n<p>[\/et_pb_text][et_pb_code _builder_version=&#8221;4.15.1&#8243; text_orientation=&#8221;center&#8221; custom_margin=&#8221;||40px&#8221; custom_margin_tablet=&#8221;|-51px|0px|-51px|false|true&#8221; custom_margin_phone=&#8221;|0px|0px|0px|false|true&#8221; custom_margin_last_edited=&#8221;on|desktop&#8221; global_colors_info=&#8221;{}&#8221;]<\/p>\n<div data-gyg-href=\"https:\/\/widget.getyourguide.com\/default\/activities.frame\" data-gyg-locale-code=\"fr-FR\" data-gyg-widget=\"activities\" data-gyg-number-of-items=\"3\" data-gyg-partner-id=\"0428GRX\" data-gyg-q=\"AUSCHWITZ\"><\/div>\n<p>[\/et_pb_code][\/et_pb_column][\/et_pb_row][et_pb_row admin_label=&#8221;Town 4&#8243; module_id=&#8221;Alhambra&#8221; _builder_version=&#8221;4.15.1&#8243; custom_margin_tablet=&#8221;&#8221; custom_margin_phone=&#8221;-50px||0px||false&#8221; custom_margin_last_edited=&#8221;on|desktop&#8221; custom_padding=&#8221;73px|0px|40.4688px|0px|false|false&#8221; locked=&#8221;off&#8221; global_colors_info=&#8221;{}&#8221;][et_pb_column type=&#8221;4_4&#8243; _builder_version=&#8221;4.15&#8243; custom_padding=&#8221;|||&#8221; global_colors_info=&#8221;{}&#8221; custom_padding__hover=&#8221;|||&#8221;][et_pb_text admin_label=&#8221;Bangkok&#8221; module_class=&#8221;anchor_img_text2&#8243; _builder_version=&#8221;4.15.1&#8243; text_font=&#8221;Roboto||||&#8221; text_text_color=&#8221;#1a1a1a&#8221; text_font_size=&#8221;24px&#8221; text_line_height=&#8221;1.4em&#8221; link_text_color=&#8221;#68a3cb&#8221; header_font=&#8221;||||||||&#8221; header_2_font=&#8221;Montserrat||||||||&#8221; header_2_text_color=&#8221;#000000&#8243; header_2_font_size=&#8221;20px&#8221; header_3_font=&#8221;Roboto|700|||||||&#8221; header_3_text_color=&#8221;#000000&#8243; header_3_font_size=&#8221;27px&#8221; header_3_line_height=&#8221;1.5em&#8221; custom_margin=&#8221;15px||||false|false&#8221; custom_margin_tablet=&#8221;&#8221; custom_margin_phone=&#8221;25px|||&#8221; custom_margin_last_edited=&#8221;on|phone&#8221; animation_style=&#8221;slide&#8221; animation_direction=&#8221;top&#8221; animation_intensity_slide=&#8221;10%&#8221; header_2_font_size_tablet=&#8221;&#8221; header_2_font_size_phone=&#8221;&#8221; header_2_font_size_last_edited=&#8221;on|desktop&#8221; header_3_font_size_tablet=&#8221;&#8221; header_3_font_size_phone=&#8221;22px&#8221; header_3_font_size_last_edited=&#8221;on|phone&#8221; global_colors_info=&#8221;{}&#8221;]<\/p>\n<h3 style=\"text-align: center;\"><a href=\"#Carte\"><img decoding=\"async\" src=\"https:\/\/www.where2travel.com\/wp-content\/uploads\/2019\/06\/Evaluation-Where2travel-N%C2%B026.png\" alt=\"Num\u00e9ro 10\" width=\"45\" height=\"45\" \/><\/a>\u00a0 L\u2019Alhambra de Grenade en Espagne<\/h3>\n<p>[\/et_pb_text][et_pb_divider color=&#8221;#68a3cb&#8221; divider_weight=&#8221;4px&#8221; _builder_version=&#8221;4.15&#8243; width=&#8221;100%&#8221; width_tablet=&#8221;100%&#8221; width_phone=&#8221;100%&#8221; width_last_edited=&#8221;on|phone&#8221; max_width=&#8221;12%&#8221; max_width_tablet=&#8221;25%&#8221; max_width_phone=&#8221;25%&#8221; max_width_last_edited=&#8221;on|desktop&#8221; module_alignment=&#8221;center&#8221; height=&#8221;6px&#8221; custom_margin=&#8221;-15px||80px||false|false&#8221; custom_margin_tablet=&#8221;-15px||70px&#8221; custom_margin_phone=&#8221;-15px||70px&#8221; custom_margin_last_edited=&#8221;on|tablet&#8221; locked=&#8221;off&#8221; global_colors_info=&#8221;{}&#8221;][\/et_pb_divider][et_pb_text admin_label=&#8221;Description of the town&#8221; _builder_version=&#8221;4.15.1&#8243; text_font=&#8221;Roboto||||&#8221; text_font_size=&#8221;16px&#8221; text_line_height=&#8221;1.9em&#8221; link_font=&#8221;Roboto||||||||&#8221; link_text_color=&#8221;#68a3cb&#8221; link_font_size=&#8221;16px&#8221; link_line_height=&#8221;1.9em&#8221; ul_font=&#8221;||||||||&#8221; ol_font=&#8221;||||||||&#8221; quote_font=&#8221;||||||||&#8221; header_font=&#8221;Varela Round|700|||||||&#8221; header_text_align=&#8221;center&#8221; header_text_color=&#8221;#2a8a6f&#8221; header_font_size=&#8221;40px&#8221; header_line_height=&#8221;1.4em&#8221; header_2_font=&#8221;Varela Round|700|||||||&#8221; header_2_text_align=&#8221;center&#8221; header_2_text_color=&#8221;#2a8a6f&#8221; header_2_font_size=&#8221;36px&#8221; header_2_line_height=&#8221;1.4em&#8221; header_3_font=&#8221;Montserrat||||||||&#8221; header_3_text_align=&#8221;justify&#8221; header_3_text_color=&#8221;#555555&#8243; header_3_font_size=&#8221;20px&#8221; header_3_line_height=&#8221;1.4em&#8221; custom_margin=&#8221;0px||35px||false|false&#8221; custom_margin_tablet=&#8221;1px||25px||false|false&#8221; custom_margin_phone=&#8221;0px||30px||false|false&#8221; custom_margin_last_edited=&#8221;on|desktop&#8221; custom_padding=&#8221;|100px||100px&#8221; custom_padding_tablet=&#8221;|0px||0px&#8221; custom_padding_phone=&#8221;&#8221; custom_padding_last_edited=&#8221;on|desktop&#8221; animation_style=&#8221;slide&#8221; animation_direction=&#8221;top&#8221; animation_intensity_slide=&#8221;10%&#8221; text_font_size_tablet=&#8221;&#8221; text_font_size_phone=&#8221;15px&#8221; text_font_size_last_edited=&#8221;on|phone&#8221; link_font_size_tablet=&#8221;&#8221; link_font_size_phone=&#8221;15px&#8221; link_font_size_last_edited=&#8221;on|desktop&#8221; header_font_size_tablet=&#8221;30px&#8221; header_font_size_phone=&#8221;25px&#8221; header_font_size_last_edited=&#8221;on|phone&#8221; header_2_font_size_tablet=&#8221;25px&#8221; header_2_font_size_phone=&#8221;20px&#8221; header_2_font_size_last_edited=&#8221;on|phone&#8221; header_3_font_size_tablet=&#8221;16px&#8221; header_3_font_size_phone=&#8221;14px&#8221; header_3_font_size_last_edited=&#8221;on|desktop&#8221; saved_tabs=&#8221;all&#8221; locked=&#8221;off&#8221; global_colors_info=&#8221;{}&#8221; link_text_color__hover_enabled=&#8221;on&#8221; link_text_color__hover=&#8221;#fbba00&#8243;]<\/p>\n<p style=\"text-align: justify;\">En Andalousie, dans le sud de l\u2019Espagne, je vous conseille vivement de visiter la sublime Alhambra de Grenade. Situ\u00e9e sur le plateau de la Sabika et dominant ainsi la ville de Grenade, cette acropole m\u00e9di\u00e9vale consid\u00e9r\u00e9e comme la plus majestueuse du monde m\u00e9diterran\u00e9en, regroupe dans son enceinte fortifi\u00e9e quatre parties principales : l&#8217;Alcazaba, les palais nasrides, le G\u00e9n\u00e9ralife, ses jardins, et le palais de Charles Quint.<\/p>\n<p style=\"text-align: justify;\">Ce splendide ensemble palatial fut commenc\u00e9 en 1238 par le fondateur de la dynastie des Nasrides : Mohammed ben Nazar. Son fils Mohammed II entreprit quant \u00e0 lui les fortififications du site, puis chaque souverain rajouta des \u00e9l\u00e9ments ou \u00e9difia de nouvelles parties. Le style nasride atteint son apog\u00e9e au XIVe si\u00e8cle, puis d\u00e9clina avec la reconqu\u00eate de l\u2019Espagne par les chr\u00e9tiens et notamment la chute de Grenade en 1492. L\u2019Alhambra de Grenade \u00e9tant tellement belle, elle ne fut pas d\u00e9truite par les rois catholiques et servit m\u00eame de r\u00e9sidence royale lorsque les rois se rendaient \u00e0 Grenade.<\/p>\n<p style=\"text-align: justify;\">Ce monument majeur de l&#8217;architecture islamique a \u00e9t\u00e9 inscrit au patrimoine mondial de l\u2019UNESCO en 1984 et il accueille des millions de visiteurs par an.<\/p>\n<p>[\/et_pb_text][\/et_pb_column][\/et_pb_row][et_pb_row column_structure=&#8221;1_3,1_3,1_3&#8243; custom_padding_last_edited=&#8221;on|desktop&#8221; _builder_version=&#8221;4.15&#8243; background_size=&#8221;initial&#8221; background_position=&#8221;top_left&#8221; background_repeat=&#8221;repeat&#8221; custom_margin=&#8221;||80px||false|false&#8221; custom_margin_tablet=&#8221;||60px||false|false&#8221; custom_margin_phone=&#8221;-29px||60px||false|false&#8221; custom_margin_last_edited=&#8221;on|phone&#8221; custom_padding=&#8221;0|0px|0px|0px|false|false&#8221; custom_padding_tablet=&#8221;||0px|&#8221; custom_padding_phone=&#8221;0px||0px|&#8221; locked=&#8221;off&#8221; collapsed=&#8221;off&#8221; global_colors_info=&#8221;{}&#8221;][et_pb_column type=&#8221;1_3&#8243; _builder_version=&#8221;4.15&#8243; custom_padding=&#8221;|||&#8221; global_colors_info=&#8221;{}&#8221; custom_padding__hover=&#8221;|||&#8221;][et_pb_image src=&#8221;https:\/\/www.where2travel.com\/wp-content\/uploads\/2022\/03\/Alhambra-3.jpg&#8221; alt=&#8221;L&#8217;Alhambra de Grenade en Espagne, parmi les sites historiques les plus int\u00e9ressants d&#8217;Europe&#8221; title_text=&#8221;sites-historiques-alhambra-grenade-espagne&#8221; show_in_lightbox=&#8221;on&#8221; align_tablet=&#8221;center&#8221; align_phone=&#8221;&#8221; align_last_edited=&#8221;on|desktop&#8221; _builder_version=&#8221;4.15.1&#8243; custom_margin=&#8221;|0px||0px||false&#8221; custom_margin_tablet=&#8221;&#8221; custom_margin_phone=&#8221;|0px||0px||true&#8221; custom_margin_last_edited=&#8221;on|phone&#8221; animation_style=&#8221;slide&#8221; border_radii=&#8221;on|5px|5px|5px|5px&#8221; box_shadow_style=&#8221;preset6&#8243; global_colors_info=&#8221;{}&#8221;]&nbsp;<br \/>\n[\/et_pb_image][\/et_pb_column][et_pb_column type=&#8221;1_3&#8243; _builder_version=&#8221;4.15&#8243; custom_padding=&#8221;|||&#8221; global_colors_info=&#8221;{}&#8221; custom_padding__hover=&#8221;|||&#8221;][et_pb_image src=&#8221;https:\/\/www.where2travel.com\/wp-content\/uploads\/2022\/03\/Alhambra.jpg&#8221; alt=&#8221;L&#8217;Alhambra de Grenade en Espagne, un des sites historiques les plus int\u00e9ressants d&#8217;Europe&#8221; title_text=&#8221;sites-historiques-europe-alhambra-grenade-espagne&#8221; show_in_lightbox=&#8221;on&#8221; align_tablet=&#8221;center&#8221; align_phone=&#8221;&#8221; align_last_edited=&#8221;on|desktop&#8221; _builder_version=&#8221;4.15.1&#8243; custom_margin=&#8221;|0px||0px||false&#8221; custom_margin_tablet=&#8221;&#8221; custom_margin_phone=&#8221;|0px||0px||true&#8221; custom_margin_last_edited=&#8221;on|phone&#8221; animation_style=&#8221;slide&#8221; border_radii=&#8221;on|5px|5px|5px|5px&#8221; box_shadow_style=&#8221;preset6&#8243; global_colors_info=&#8221;{}&#8221;]&nbsp;<br \/>\n[\/et_pb_image][\/et_pb_column][et_pb_column type=&#8221;1_3&#8243; _builder_version=&#8221;4.15&#8243; custom_padding=&#8221;|||&#8221; global_colors_info=&#8221;{}&#8221; custom_padding__hover=&#8221;|||&#8221;][et_pb_image src=&#8221;https:\/\/www.where2travel.com\/wp-content\/uploads\/2022\/03\/Alhambra-2.jpg&#8221; alt=&#8221;Top 30 des sites historiques les plus int\u00e9ressants d&#8217;Europe : l&#8217;Alhambra \u00e0 Grenade en Espagne&#8221; title_text=&#8221;sites-historiques-alhambra-grenade-espagne&#8221; show_in_lightbox=&#8221;on&#8221; align_tablet=&#8221;center&#8221; align_phone=&#8221;&#8221; align_last_edited=&#8221;on|desktop&#8221; _builder_version=&#8221;4.15.1&#8243; custom_margin=&#8221;|0px||0px||false&#8221; custom_margin_tablet=&#8221;&#8221; custom_margin_phone=&#8221;|0px||0px||true&#8221; custom_margin_last_edited=&#8221;on|phone&#8221; animation_style=&#8221;slide&#8221; border_radii=&#8221;on|5px|5px|5px|5px&#8221; box_shadow_style=&#8221;preset6&#8243; global_colors_info=&#8221;{}&#8221;]&nbsp;<br \/>\n[\/et_pb_image][\/et_pb_column][\/et_pb_row][et_pb_row custom_padding_last_edited=&#8221;on|desktop&#8221; _builder_version=&#8221;4.15.1&#8243; custom_margin=&#8221;0px||60px||false|false&#8221; custom_margin_tablet=&#8221;50px||||false|false&#8221; custom_margin_phone=&#8221;50px||||false|false&#8221; custom_margin_last_edited=&#8221;on|desktop&#8221; custom_padding=&#8221;||0px||false|false&#8221; custom_padding_tablet=&#8221;||80px||false|false&#8221; custom_padding_phone=&#8221;&#8221; locked=&#8221;off&#8221; global_colors_info=&#8221;{}&#8221;][et_pb_column type=&#8221;4_4&#8243; _builder_version=&#8221;4.15&#8243; custom_padding=&#8221;|||&#8221; global_colors_info=&#8221;{}&#8221; custom_padding__hover=&#8221;|||&#8221;][et_pb_text admin_label=&#8221;Useful links&#8221; _builder_version=&#8221;4.15&#8243; header_font=&#8221;Montserrat||||||||&#8221; header_2_text_color=&#8221;#0d5e55&#8243; header_3_font=&#8221;Roboto|700|||||||&#8221; header_3_text_align=&#8221;center&#8221; header_3_text_color=&#8221;#0d3f5e&#8221; header_3_font_size=&#8221;27px&#8221; custom_margin=&#8221;0px||||false|false&#8221; header_font_size_tablet=&#8221;20px&#8221; header_font_size_phone=&#8221;17px&#8221; header_font_size_last_edited=&#8221;on|phone&#8221; header_3_font_size_tablet=&#8221;25px&#8221; header_3_font_size_phone=&#8221;20px&#8221; header_3_font_size_last_edited=&#8221;on|phone&#8221; border_color_bottom=&#8221;#2a758a&#8221; global_colors_info=&#8221;{}&#8221;]<\/p>\n<h3>Liens utiles<\/h3>\n<p>[\/et_pb_text][et_pb_divider color=&#8221;#68a3cb&#8221; divider_weight=&#8221;4px&#8221; _builder_version=&#8221;4.15&#8243; width=&#8221;8%&#8221; width_tablet=&#8221;17%&#8221; width_phone=&#8221;17%&#8221; width_last_edited=&#8221;on|phone&#8221; max_width=&#8221;12%&#8221; max_width_tablet=&#8221;25%&#8221; max_width_phone=&#8221;25%&#8221; max_width_last_edited=&#8221;on|desktop&#8221; module_alignment=&#8221;center&#8221; height=&#8221;6px&#8221; custom_margin=&#8221;-15px||70px&#8221; custom_margin_tablet=&#8221;-15px||70px&#8221; custom_margin_phone=&#8221;-15px||50px&#8221; custom_margin_last_edited=&#8221;on|phone&#8221; locked=&#8221;off&#8221; global_colors_info=&#8221;{}&#8221;]<\/p>\n<p>[\/et_pb_divider][et_pb_text admin_label=&#8221;Website link&#8221; _builder_version=&#8221;4.15.1&#8243; text_font=&#8221;Roboto||||&#8221; text_font_size=&#8221;16px&#8221; text_line_height=&#8221;1.9em&#8221; link_font=&#8221;||||||||&#8221; link_text_color=&#8221;#68a3cb&#8221; header_font=&#8221;Varela Round|700|||||||&#8221; header_text_color=&#8221;#2a8a6f&#8221; header_font_size=&#8221;50px&#8221; header_line_height=&#8221;1.4em&#8221; header_2_text_color=&#8221;#0d5e55&#8243; custom_margin=&#8221;||||false|false&#8221; custom_margin_tablet=&#8221;0px|0px|40px||false|false&#8221; custom_margin_phone=&#8221;0px|0px|40px|0px|false|true&#8221; custom_margin_last_edited=&#8221;on|tablet&#8221; custom_padding=&#8221;|100px||100px|false|true&#8221; custom_padding_tablet=&#8221;|0px||0px&#8221; custom_padding_phone=&#8221;&#8221; custom_padding_last_edited=&#8221;on|phone&#8221; text_font_size_tablet=&#8221;16px&#8221; text_font_size_phone=&#8221;15px&#8221; text_font_size_last_edited=&#8221;on|tablet&#8221; header_font_size_tablet=&#8221;40px&#8221; header_font_size_phone=&#8221;25px&#8221; header_font_size_last_edited=&#8221;on|tablet&#8221; global_colors_info=&#8221;{}&#8221; link_text_color__hover_enabled=&#8221;on&#8221; link_text_color__hover=&#8221;#fbba00&#8243;]<\/p>\n<p style=\"text-align: justify;\">Vous trouverez toutes les informations pratiques pour visiter l\u2019Alhambra de Grenade sur le site : <a href=\"https:\/\/www.alhambradegranada.org\/fr\/\" target=\"_blank\" rel=\"noopener\"><strong>https:\/\/www.alhambradegranada.org\/fr\/<\/strong><\/a>.<\/p>\n<p style=\"text-align: justify;\">Pour bien comprendre l&#8217;Histoire de ce lieu, je vous conseille les excursions guid\u00e9es ci-dessous :<\/p>\n<p>[\/et_pb_text][et_pb_code _builder_version=&#8221;4.15.1&#8243; text_orientation=&#8221;center&#8221; custom_margin=&#8221;||40px&#8221; custom_margin_tablet=&#8221;|-51px|0px|-51px|false|true&#8221; custom_margin_phone=&#8221;|0px|0px|0px|false|true&#8221; custom_margin_last_edited=&#8221;on|desktop&#8221; global_colors_info=&#8221;{}&#8221;]<\/p>\n<div data-gyg-href=\"https:\/\/widget.getyourguide.com\/default\/activities.frame\" data-gyg-locale-code=\"fr-FR\" data-gyg-widget=\"activities\" data-gyg-number-of-items=\"3\" data-gyg-partner-id=\"0428GRX\" data-gyg-q=\"ALHAMBRA%20GRENADE\"><\/div>\n<p>[\/et_pb_code][\/et_pb_column][\/et_pb_row][et_pb_row admin_label=&#8221;Town 4&#8243; module_id=&#8221;D\u00e9barquement&#8221; _builder_version=&#8221;4.15.1&#8243; custom_margin_tablet=&#8221;&#8221; custom_margin_phone=&#8221;-50px||0px||false&#8221; custom_margin_last_edited=&#8221;on|desktop&#8221; custom_padding=&#8221;73px|0px|40.4688px|0px|false|false&#8221; locked=&#8221;off&#8221; global_colors_info=&#8221;{}&#8221;][et_pb_column type=&#8221;4_4&#8243; _builder_version=&#8221;4.15&#8243; custom_padding=&#8221;|||&#8221; global_colors_info=&#8221;{}&#8221; custom_padding__hover=&#8221;|||&#8221;][et_pb_text admin_label=&#8221;Bangkok&#8221; module_class=&#8221;anchor_img_text2&#8243; _builder_version=&#8221;4.15.1&#8243; text_font=&#8221;Roboto||||&#8221; text_text_color=&#8221;#1a1a1a&#8221; text_font_size=&#8221;24px&#8221; text_line_height=&#8221;1.4em&#8221; link_text_color=&#8221;#68a3cb&#8221; header_font=&#8221;||||||||&#8221; header_2_font=&#8221;Montserrat||||||||&#8221; header_2_text_color=&#8221;#000000&#8243; header_2_font_size=&#8221;20px&#8221; header_3_font=&#8221;Roboto|700|||||||&#8221; header_3_text_color=&#8221;#000000&#8243; header_3_font_size=&#8221;27px&#8221; header_3_line_height=&#8221;1.5em&#8221; custom_margin=&#8221;15px||||false|false&#8221; custom_margin_tablet=&#8221;&#8221; custom_margin_phone=&#8221;25px|||&#8221; custom_margin_last_edited=&#8221;on|phone&#8221; animation_style=&#8221;slide&#8221; animation_direction=&#8221;top&#8221; animation_intensity_slide=&#8221;10%&#8221; header_2_font_size_tablet=&#8221;&#8221; header_2_font_size_phone=&#8221;&#8221; header_2_font_size_last_edited=&#8221;on|desktop&#8221; header_3_font_size_tablet=&#8221;&#8221; header_3_font_size_phone=&#8221;22px&#8221; header_3_font_size_last_edited=&#8221;on|phone&#8221; global_colors_info=&#8221;{}&#8221;]<\/p>\n<h3 style=\"text-align: center;\"><a href=\"#Carte\"><img decoding=\"async\" src=\"https:\/\/www.where2travel.com\/wp-content\/uploads\/2019\/06\/Evaluation-Where2travel-N%C2%B027.png\" alt=\"Num\u00e9ro 10\" width=\"45\" height=\"45\" \/><\/a>\u00a0 \u00a0Les plages du d\u00e9barquement en France<\/h3>\n<p>[\/et_pb_text][et_pb_divider color=&#8221;#68a3cb&#8221; divider_weight=&#8221;4px&#8221; _builder_version=&#8221;4.15&#8243; width=&#8221;100%&#8221; width_tablet=&#8221;100%&#8221; width_phone=&#8221;100%&#8221; width_last_edited=&#8221;on|phone&#8221; max_width=&#8221;12%&#8221; max_width_tablet=&#8221;25%&#8221; max_width_phone=&#8221;25%&#8221; max_width_last_edited=&#8221;on|desktop&#8221; module_alignment=&#8221;center&#8221; height=&#8221;6px&#8221; custom_margin=&#8221;-15px||80px||false|false&#8221; custom_margin_tablet=&#8221;-15px||70px&#8221; custom_margin_phone=&#8221;-15px||70px&#8221; custom_margin_last_edited=&#8221;on|tablet&#8221; locked=&#8221;off&#8221; global_colors_info=&#8221;{}&#8221;][\/et_pb_divider][et_pb_text admin_label=&#8221;Description of the town&#8221; _builder_version=&#8221;4.15.1&#8243; text_font=&#8221;Roboto||||&#8221; text_font_size=&#8221;16px&#8221; text_line_height=&#8221;1.9em&#8221; link_font=&#8221;Roboto||||||||&#8221; link_text_color=&#8221;#68a3cb&#8221; link_font_size=&#8221;16px&#8221; link_line_height=&#8221;1.9em&#8221; ul_font=&#8221;||||||||&#8221; ol_font=&#8221;||||||||&#8221; quote_font=&#8221;||||||||&#8221; header_font=&#8221;Varela Round|700|||||||&#8221; header_text_align=&#8221;center&#8221; header_text_color=&#8221;#2a8a6f&#8221; header_font_size=&#8221;40px&#8221; header_line_height=&#8221;1.4em&#8221; header_2_font=&#8221;Varela Round|700|||||||&#8221; header_2_text_align=&#8221;center&#8221; header_2_text_color=&#8221;#2a8a6f&#8221; header_2_font_size=&#8221;36px&#8221; header_2_line_height=&#8221;1.4em&#8221; header_3_font=&#8221;Montserrat||||||||&#8221; header_3_text_align=&#8221;justify&#8221; header_3_text_color=&#8221;#555555&#8243; header_3_font_size=&#8221;20px&#8221; header_3_line_height=&#8221;1.4em&#8221; custom_margin=&#8221;0px||35px||false|false&#8221; custom_margin_tablet=&#8221;1px||25px||false|false&#8221; custom_margin_phone=&#8221;0px||30px||false|false&#8221; custom_margin_last_edited=&#8221;on|desktop&#8221; custom_padding=&#8221;|100px||100px&#8221; custom_padding_tablet=&#8221;|0px||0px&#8221; custom_padding_phone=&#8221;&#8221; custom_padding_last_edited=&#8221;on|desktop&#8221; animation_style=&#8221;slide&#8221; animation_direction=&#8221;top&#8221; animation_intensity_slide=&#8221;10%&#8221; text_font_size_tablet=&#8221;&#8221; text_font_size_phone=&#8221;15px&#8221; text_font_size_last_edited=&#8221;on|phone&#8221; link_font_size_tablet=&#8221;&#8221; link_font_size_phone=&#8221;15px&#8221; link_font_size_last_edited=&#8221;on|desktop&#8221; header_font_size_tablet=&#8221;30px&#8221; header_font_size_phone=&#8221;25px&#8221; header_font_size_last_edited=&#8221;on|phone&#8221; header_2_font_size_tablet=&#8221;25px&#8221; header_2_font_size_phone=&#8221;20px&#8221; header_2_font_size_last_edited=&#8221;on|phone&#8221; header_3_font_size_tablet=&#8221;16px&#8221; header_3_font_size_phone=&#8221;14px&#8221; header_3_font_size_last_edited=&#8221;on|desktop&#8221; saved_tabs=&#8221;all&#8221; locked=&#8221;off&#8221; global_colors_info=&#8221;{}&#8221; link_text_color__hover_enabled=&#8221;on&#8221; link_text_color__hover=&#8221;#fbba00&#8243;]<\/p>\n<p style=\"text-align: justify;\">Pendant la Seconde Guerre mondiale, le 6 juin 1944, plus de 150 000 soldats alli\u00e9s, am\u00e9ricains, britanniques et canadiens d\u00e9barqu\u00e8rent sur les plages de Normandie en France pour la lib\u00e9rer de l\u2019occupation allemande. Cette plus grande op\u00e9ration amphibie et a\u00e9roport\u00e9e de tous les temps, a eu lieu sur 5 plages : Utah Beach, Omaha Beach, Gold Beach, Juno Beach, Sword Beach.<\/p>\n<p style=\"text-align: justify;\">De nos jours, les Plages du D\u00e9barquement, ainsi que ses cimeti\u00e8res militaires, mus\u00e9es et autres monuments \u00e0 proximit\u00e9, accueillent des millions de visiteurs qui viennent se recueillir, mieux comprendre les \u00e9v\u00e9nements qui s\u2019y sont pass\u00e9s et rendre hommage aux soldats qui ont lib\u00e9r\u00e9 la France.<\/p>\n<p>[\/et_pb_text][\/et_pb_column][\/et_pb_row][et_pb_row column_structure=&#8221;1_3,1_3,1_3&#8243; custom_padding_last_edited=&#8221;on|desktop&#8221; _builder_version=&#8221;4.15&#8243; background_size=&#8221;initial&#8221; background_position=&#8221;top_left&#8221; background_repeat=&#8221;repeat&#8221; custom_margin=&#8221;||80px||false|false&#8221; custom_margin_tablet=&#8221;||60px||false|false&#8221; custom_margin_phone=&#8221;-29px||60px||false|false&#8221; custom_margin_last_edited=&#8221;on|phone&#8221; custom_padding=&#8221;0|0px|0px|0px|false|false&#8221; custom_padding_tablet=&#8221;||0px|&#8221; custom_padding_phone=&#8221;0px||0px|&#8221; locked=&#8221;off&#8221; collapsed=&#8221;off&#8221; global_colors_info=&#8221;{}&#8221;][et_pb_column type=&#8221;1_3&#8243; _builder_version=&#8221;4.15&#8243; custom_padding=&#8221;|||&#8221; global_colors_info=&#8221;{}&#8221; custom_padding__hover=&#8221;|||&#8221;][et_pb_image src=&#8221;https:\/\/www.where2travel.com\/wp-content\/uploads\/2022\/03\/sites-historiques-europe-plages-debarquement-normandie-france-1.jpg&#8221; alt=&#8221;Mus\u00e9e des plages du d\u00e9barquement en Normandie, France&#8221; title_text=&#8221;sites-historiques-europe-plages-debarquement-normandie-france&#8221; show_in_lightbox=&#8221;on&#8221; align_tablet=&#8221;center&#8221; align_phone=&#8221;&#8221; align_last_edited=&#8221;on|desktop&#8221; _builder_version=&#8221;4.15.1&#8243; custom_margin=&#8221;|0px||0px||false&#8221; custom_margin_tablet=&#8221;&#8221; custom_margin_phone=&#8221;|0px||0px||true&#8221; custom_margin_last_edited=&#8221;on|phone&#8221; animation_style=&#8221;slide&#8221; border_radii=&#8221;on|5px|5px|5px|5px&#8221; box_shadow_style=&#8221;preset6&#8243; global_colors_info=&#8221;{}&#8221;]&nbsp;<br \/>\n[\/et_pb_image][\/et_pb_column][et_pb_column type=&#8221;1_3&#8243; _builder_version=&#8221;4.15&#8243; custom_padding=&#8221;|||&#8221; global_colors_info=&#8221;{}&#8221; custom_padding__hover=&#8221;|||&#8221;][et_pb_image src=&#8221;https:\/\/www.where2travel.com\/wp-content\/uploads\/2022\/03\/sites-historiques-europe-plages-debarquement-normandie-france-27-00003.jpg&#8221; alt=&#8221;Parmi les sites historiques les plus int\u00e9ressants d&#8217;Europe, les plages du d\u00e9barquement en Normandie, France&#8221; title_text=&#8221;sites-historiques-europe-plages-debarquement-normandie-france&#8221; show_in_lightbox=&#8221;on&#8221; align_tablet=&#8221;center&#8221; align_phone=&#8221;&#8221; align_last_edited=&#8221;on|desktop&#8221; _builder_version=&#8221;4.15.1&#8243; custom_margin=&#8221;|0px||0px||false&#8221; custom_margin_tablet=&#8221;&#8221; custom_margin_phone=&#8221;|0px||0px||true&#8221; custom_margin_last_edited=&#8221;on|phone&#8221; animation_style=&#8221;slide&#8221; border_radii=&#8221;on|5px|5px|5px|5px&#8221; box_shadow_style=&#8221;preset6&#8243; global_colors_info=&#8221;{}&#8221;]&nbsp;<br \/>\n[\/et_pb_image][\/et_pb_column][et_pb_column type=&#8221;1_3&#8243; _builder_version=&#8221;4.15&#8243; custom_padding=&#8221;|||&#8221; global_colors_info=&#8221;{}&#8221; custom_padding__hover=&#8221;|||&#8221;][et_pb_image src=&#8221;https:\/\/www.where2travel.com\/wp-content\/uploads\/2022\/03\/sites-historiques-europe-plages-debarquement-normandie-france-27-00004-1.jpg&#8221; alt=&#8221;Char mus\u00e9e des plages du d\u00e9barquement en Normandie, France&#8221; title_text=&#8221;sites-historiques-europe-plages-debarquement-normandie-france&#8221; show_in_lightbox=&#8221;on&#8221; align_tablet=&#8221;center&#8221; align_phone=&#8221;&#8221; align_last_edited=&#8221;on|desktop&#8221; _builder_version=&#8221;4.15.1&#8243; custom_margin=&#8221;|0px||0px||false&#8221; custom_margin_tablet=&#8221;&#8221; custom_margin_phone=&#8221;|0px||0px||true&#8221; custom_margin_last_edited=&#8221;on|phone&#8221; animation_style=&#8221;slide&#8221; border_radii=&#8221;on|5px|5px|5px|5px&#8221; box_shadow_style=&#8221;preset6&#8243; global_colors_info=&#8221;{}&#8221;]&nbsp;<br \/>\n[\/et_pb_image][\/et_pb_column][\/et_pb_row][et_pb_row custom_padding_last_edited=&#8221;on|desktop&#8221; _builder_version=&#8221;4.15.1&#8243; custom_margin=&#8221;0px||60px||false|false&#8221; custom_margin_tablet=&#8221;50px||||false|false&#8221; custom_margin_phone=&#8221;50px||||false|false&#8221; custom_margin_last_edited=&#8221;on|desktop&#8221; custom_padding=&#8221;||0px||false|false&#8221; custom_padding_tablet=&#8221;||80px||false|false&#8221; custom_padding_phone=&#8221;&#8221; locked=&#8221;off&#8221; global_colors_info=&#8221;{}&#8221;][et_pb_column type=&#8221;4_4&#8243; _builder_version=&#8221;4.15&#8243; custom_padding=&#8221;|||&#8221; global_colors_info=&#8221;{}&#8221; custom_padding__hover=&#8221;|||&#8221;][et_pb_text admin_label=&#8221;Useful links&#8221; _builder_version=&#8221;4.15&#8243; header_font=&#8221;Montserrat||||||||&#8221; header_2_text_color=&#8221;#0d5e55&#8243; header_3_font=&#8221;Roboto|700|||||||&#8221; header_3_text_align=&#8221;center&#8221; header_3_text_color=&#8221;#0d3f5e&#8221; header_3_font_size=&#8221;27px&#8221; custom_margin=&#8221;0px||||false|false&#8221; header_font_size_tablet=&#8221;20px&#8221; header_font_size_phone=&#8221;17px&#8221; header_font_size_last_edited=&#8221;on|phone&#8221; header_3_font_size_tablet=&#8221;25px&#8221; header_3_font_size_phone=&#8221;20px&#8221; header_3_font_size_last_edited=&#8221;on|phone&#8221; border_color_bottom=&#8221;#2a758a&#8221; global_colors_info=&#8221;{}&#8221;]<\/p>\n<h3>Liens utiles<\/h3>\n<p>[\/et_pb_text][et_pb_divider color=&#8221;#68a3cb&#8221; divider_weight=&#8221;4px&#8221; _builder_version=&#8221;4.15&#8243; width=&#8221;8%&#8221; width_tablet=&#8221;17%&#8221; width_phone=&#8221;17%&#8221; width_last_edited=&#8221;on|phone&#8221; max_width=&#8221;12%&#8221; max_width_tablet=&#8221;25%&#8221; max_width_phone=&#8221;25%&#8221; max_width_last_edited=&#8221;on|desktop&#8221; module_alignment=&#8221;center&#8221; height=&#8221;6px&#8221; custom_margin=&#8221;-15px||70px&#8221; custom_margin_tablet=&#8221;-15px||70px&#8221; custom_margin_phone=&#8221;-15px||50px&#8221; custom_margin_last_edited=&#8221;on|phone&#8221; locked=&#8221;off&#8221; global_colors_info=&#8221;{}&#8221;]<\/p>\n<p>[\/et_pb_divider][et_pb_text admin_label=&#8221;Website link&#8221; _builder_version=&#8221;4.15.1&#8243; text_font=&#8221;Roboto||||&#8221; text_font_size=&#8221;16px&#8221; text_line_height=&#8221;1.9em&#8221; link_font=&#8221;||||||||&#8221; link_text_color=&#8221;#68a3cb&#8221; header_font=&#8221;Varela Round|700|||||||&#8221; header_text_color=&#8221;#2a8a6f&#8221; header_font_size=&#8221;50px&#8221; header_line_height=&#8221;1.4em&#8221; header_2_text_color=&#8221;#0d5e55&#8243; custom_margin=&#8221;||||false|false&#8221; custom_margin_tablet=&#8221;0px|0px|40px||false|false&#8221; custom_margin_phone=&#8221;0px|0px|40px|0px|false|true&#8221; custom_margin_last_edited=&#8221;on|tablet&#8221; custom_padding=&#8221;|100px||100px|false|true&#8221; custom_padding_tablet=&#8221;|0px||0px&#8221; custom_padding_phone=&#8221;&#8221; custom_padding_last_edited=&#8221;on|phone&#8221; text_font_size_tablet=&#8221;16px&#8221; text_font_size_phone=&#8221;15px&#8221; text_font_size_last_edited=&#8221;on|tablet&#8221; header_font_size_tablet=&#8221;40px&#8221; header_font_size_phone=&#8221;25px&#8221; header_font_size_last_edited=&#8221;on|tablet&#8221; global_colors_info=&#8221;{}&#8221; link_text_color__hover_enabled=&#8221;on&#8221; link_text_color__hover=&#8221;#fbba00&#8243;]<\/p>\n<p style=\"text-align: justify;\">Depuis Paris, ou d&#8217;autres villes, vous pouvez passer la journ\u00e9e \u00e0 visiter ses sites historiques tr\u00e8s int\u00e9ressants gr\u00e2ce \u00e0 ces excursions par exemple :<\/p>\n<p>[\/et_pb_text][et_pb_code _builder_version=&#8221;4.15.1&#8243; text_orientation=&#8221;center&#8221; custom_margin=&#8221;||40px&#8221; custom_margin_tablet=&#8221;|-51px|0px|-51px|false|true&#8221; custom_margin_phone=&#8221;|0px|0px|0px|false|true&#8221; custom_margin_last_edited=&#8221;on|desktop&#8221; global_colors_info=&#8221;{}&#8221;]<\/p>\n<div data-gyg-href=\"https:\/\/widget.getyourguide.com\/default\/activities.frame\" data-gyg-locale-code=\"fr-FR\" data-gyg-widget=\"activities\" data-gyg-number-of-items=\"3\" data-gyg-partner-id=\"0428GRX\" data-gyg-q=\"PLAGE%20DE%20D%C3%89BARQUEMENT\"><\/div>\n<p>[\/et_pb_code][\/et_pb_column][\/et_pb_row][et_pb_row admin_label=&#8221;Town 4&#8243; module_id=&#8221;Nuraxi&#8221; _builder_version=&#8221;4.15.1&#8243; custom_margin_tablet=&#8221;&#8221; custom_margin_phone=&#8221;-50px||0px||false&#8221; custom_margin_last_edited=&#8221;on|desktop&#8221; custom_padding=&#8221;73px|0px|40.4688px|0px|false|false&#8221; locked=&#8221;off&#8221; global_colors_info=&#8221;{}&#8221;][et_pb_column type=&#8221;4_4&#8243; _builder_version=&#8221;4.15&#8243; custom_padding=&#8221;|||&#8221; global_colors_info=&#8221;{}&#8221; custom_padding__hover=&#8221;|||&#8221;][et_pb_text admin_label=&#8221;Bangkok&#8221; module_class=&#8221;anchor_img_text2&#8243; _builder_version=&#8221;4.15.1&#8243; text_font=&#8221;Roboto||||&#8221; text_text_color=&#8221;#1a1a1a&#8221; text_font_size=&#8221;24px&#8221; text_line_height=&#8221;1.4em&#8221; link_text_color=&#8221;#68a3cb&#8221; header_font=&#8221;||||||||&#8221; header_2_font=&#8221;Montserrat||||||||&#8221; header_2_text_color=&#8221;#000000&#8243; header_2_font_size=&#8221;20px&#8221; header_3_font=&#8221;Roboto|700|||||||&#8221; header_3_text_color=&#8221;#000000&#8243; header_3_font_size=&#8221;27px&#8221; header_3_line_height=&#8221;1.5em&#8221; custom_margin=&#8221;15px||||false|false&#8221; custom_margin_tablet=&#8221;&#8221; custom_margin_phone=&#8221;25px|||&#8221; custom_margin_last_edited=&#8221;on|phone&#8221; animation_style=&#8221;slide&#8221; animation_direction=&#8221;top&#8221; animation_intensity_slide=&#8221;10%&#8221; header_2_font_size_tablet=&#8221;&#8221; header_2_font_size_phone=&#8221;&#8221; header_2_font_size_last_edited=&#8221;on|desktop&#8221; header_3_font_size_tablet=&#8221;&#8221; header_3_font_size_phone=&#8221;22px&#8221; header_3_font_size_last_edited=&#8221;on|phone&#8221; global_colors_info=&#8221;{}&#8221;]<\/p>\n<h3 style=\"text-align: center;\"><a href=\"#Carte\"><img decoding=\"async\" src=\"https:\/\/www.where2travel.com\/wp-content\/uploads\/2019\/06\/Evaluation-Where2travel-N%C2%B028.png\" alt=\"Num\u00e9ro 10\" width=\"45\" height=\"45\" \/><\/a>\u00a0 Le site arch\u00e9ologique Su Nuraxi en Sardaigne (Italie)<\/h3>\n<p>[\/et_pb_text][et_pb_divider color=&#8221;#68a3cb&#8221; divider_weight=&#8221;4px&#8221; _builder_version=&#8221;4.15&#8243; width=&#8221;100%&#8221; width_tablet=&#8221;100%&#8221; width_phone=&#8221;100%&#8221; width_last_edited=&#8221;on|phone&#8221; max_width=&#8221;12%&#8221; max_width_tablet=&#8221;25%&#8221; max_width_phone=&#8221;25%&#8221; max_width_last_edited=&#8221;on|desktop&#8221; module_alignment=&#8221;center&#8221; height=&#8221;6px&#8221; custom_margin=&#8221;-15px||80px||false|false&#8221; custom_margin_tablet=&#8221;-15px||70px&#8221; custom_margin_phone=&#8221;-15px||70px&#8221; custom_margin_last_edited=&#8221;on|tablet&#8221; locked=&#8221;off&#8221; global_colors_info=&#8221;{}&#8221;][\/et_pb_divider][et_pb_text admin_label=&#8221;Description of the town&#8221; _builder_version=&#8221;4.15.1&#8243; text_font=&#8221;Roboto||||&#8221; text_font_size=&#8221;16px&#8221; text_line_height=&#8221;1.9em&#8221; link_font=&#8221;Roboto||||||||&#8221; link_text_color=&#8221;#68a3cb&#8221; link_font_size=&#8221;16px&#8221; link_line_height=&#8221;1.9em&#8221; ul_font=&#8221;||||||||&#8221; ol_font=&#8221;||||||||&#8221; quote_font=&#8221;||||||||&#8221; header_font=&#8221;Varela Round|700|||||||&#8221; header_text_align=&#8221;center&#8221; header_text_color=&#8221;#2a8a6f&#8221; header_font_size=&#8221;40px&#8221; header_line_height=&#8221;1.4em&#8221; header_2_font=&#8221;Varela Round|700|||||||&#8221; header_2_text_align=&#8221;center&#8221; header_2_text_color=&#8221;#2a8a6f&#8221; header_2_font_size=&#8221;36px&#8221; header_2_line_height=&#8221;1.4em&#8221; header_3_font=&#8221;Montserrat||||||||&#8221; header_3_text_align=&#8221;justify&#8221; header_3_text_color=&#8221;#555555&#8243; header_3_font_size=&#8221;20px&#8221; header_3_line_height=&#8221;1.4em&#8221; custom_margin=&#8221;0px||35px||false|false&#8221; custom_margin_tablet=&#8221;1px||25px||false|false&#8221; custom_margin_phone=&#8221;0px||30px||false|false&#8221; custom_margin_last_edited=&#8221;on|desktop&#8221; custom_padding=&#8221;|100px||100px&#8221; custom_padding_tablet=&#8221;|0px||0px&#8221; custom_padding_phone=&#8221;&#8221; custom_padding_last_edited=&#8221;on|desktop&#8221; animation_style=&#8221;slide&#8221; animation_direction=&#8221;top&#8221; animation_intensity_slide=&#8221;10%&#8221; text_font_size_tablet=&#8221;&#8221; text_font_size_phone=&#8221;15px&#8221; text_font_size_last_edited=&#8221;on|phone&#8221; link_font_size_tablet=&#8221;&#8221; link_font_size_phone=&#8221;15px&#8221; link_font_size_last_edited=&#8221;on|desktop&#8221; header_font_size_tablet=&#8221;30px&#8221; header_font_size_phone=&#8221;25px&#8221; header_font_size_last_edited=&#8221;on|phone&#8221; header_2_font_size_tablet=&#8221;25px&#8221; header_2_font_size_phone=&#8221;20px&#8221; header_2_font_size_last_edited=&#8221;on|phone&#8221; header_3_font_size_tablet=&#8221;16px&#8221; header_3_font_size_phone=&#8221;14px&#8221; header_3_font_size_last_edited=&#8221;on|desktop&#8221; saved_tabs=&#8221;all&#8221; locked=&#8221;off&#8221; global_colors_info=&#8221;{}&#8221; link_text_color__hover_enabled=&#8221;on&#8221; link_text_color__hover=&#8221;#fbba00&#8243;]<\/p>\n<p style=\"text-align: justify;\">Situ\u00e9 sur l\u2019\u00eele de la Sardaigne en M\u00e9diterran\u00e9e, Su Nuraxi est un magnifique site arch\u00e9ologique qui regroupe des vestiges de constructions d\u00e9fensives pr\u00e9historiques datant du XIIIe au VIe si\u00e8cles av. J.-C.<\/p>\n<p style=\"text-align: justify;\">Su Nuraxi est en plus l\u2019un des sites monumentaux m\u00e9galithiques les mieux conserv\u00e9s d\u2019Europe. Vous pourrez y d\u00e9couvrir sa forteresse, ses tours, ses murailles ainsi que ses \u00ab nuraghes \u00bb : de petites tours coniques form\u00e9es de m\u00e9galithes et qui sont un des symboles de la Sardaigne. Si vous visitez cette \u00eele italienne et profitez de ses magnifiques plages, ne manquez pas non plus d\u2019aller en apprendre plus sur ce site historique class\u00e9 au patrimoine mondial de l\u2019UNESCO.<\/p>\n<p>[\/et_pb_text][\/et_pb_column][\/et_pb_row][et_pb_row column_structure=&#8221;1_3,1_3,1_3&#8243; custom_padding_last_edited=&#8221;on|desktop&#8221; _builder_version=&#8221;4.15&#8243; background_size=&#8221;initial&#8221; background_position=&#8221;top_left&#8221; background_repeat=&#8221;repeat&#8221; custom_margin=&#8221;||80px||false|false&#8221; custom_margin_tablet=&#8221;||60px||false|false&#8221; custom_margin_phone=&#8221;-29px||60px||false|false&#8221; custom_margin_last_edited=&#8221;on|phone&#8221; custom_padding=&#8221;0|0px|0px|0px|false|false&#8221; custom_padding_tablet=&#8221;||0px|&#8221; custom_padding_phone=&#8221;0px||0px|&#8221; locked=&#8221;off&#8221; collapsed=&#8221;off&#8221; global_colors_info=&#8221;{}&#8221;][et_pb_column type=&#8221;1_3&#8243; _builder_version=&#8221;4.15&#8243; custom_padding=&#8221;|||&#8221; global_colors_info=&#8221;{}&#8221; custom_padding__hover=&#8221;|||&#8221;][et_pb_image src=&#8221;https:\/\/www.where2travel.com\/wp-content\/uploads\/2022\/03\/sites-historiques-europes-su-nuraxi-sardaigne-italie-28-4.jpg&#8221; alt=&#8221;Vue sur le site arch\u00e9ologique de Su Nuraxi en Sardaigne, Italie&#8221; title_text=&#8221;sites-historiques-europe-su-nuraxi-sardaigne-italie&#8221; show_in_lightbox=&#8221;on&#8221; align_tablet=&#8221;center&#8221; align_phone=&#8221;&#8221; align_last_edited=&#8221;on|desktop&#8221; _builder_version=&#8221;4.15.1&#8243; custom_margin=&#8221;|0px||0px||false&#8221; custom_margin_tablet=&#8221;&#8221; custom_margin_phone=&#8221;|0px||0px||true&#8221; custom_margin_last_edited=&#8221;on|phone&#8221; animation_style=&#8221;slide&#8221; border_radii=&#8221;on|5px|5px|5px|5px&#8221; box_shadow_style=&#8221;preset6&#8243; global_colors_info=&#8221;{}&#8221;]&nbsp;<br \/>\n[\/et_pb_image][\/et_pb_column][et_pb_column type=&#8221;1_3&#8243; _builder_version=&#8221;4.15&#8243; custom_padding=&#8221;|||&#8221; global_colors_info=&#8221;{}&#8221; custom_padding__hover=&#8221;|||&#8221;][et_pb_image src=&#8221;https:\/\/www.where2travel.com\/wp-content\/uploads\/2022\/03\/sites-historiques-europes-su-nuraxi-sardaigne-italie-28-2.jpg&#8221; alt=&#8221;Le site arch\u00e9ologique de Su Nuraxi en Sardaigne, Italie, parmi le top 30 des sites historiques les plus int\u00e9ressants d&#8217;Europe&#8221; title_text=&#8221;sites-historiques-europes-su-nuraxi-sardaigne-italie&#8221; show_in_lightbox=&#8221;on&#8221; align_tablet=&#8221;center&#8221; align_phone=&#8221;&#8221; align_last_edited=&#8221;on|desktop&#8221; _builder_version=&#8221;4.15.1&#8243; custom_margin=&#8221;|0px||0px||false&#8221; custom_margin_tablet=&#8221;&#8221; custom_margin_phone=&#8221;|0px||0px||true&#8221; custom_margin_last_edited=&#8221;on|phone&#8221; animation_style=&#8221;slide&#8221; border_radii=&#8221;on|5px|5px|5px|5px&#8221; box_shadow_style=&#8221;preset6&#8243; global_colors_info=&#8221;{}&#8221;]&nbsp;<br \/>\n[\/et_pb_image][\/et_pb_column][et_pb_column type=&#8221;1_3&#8243; _builder_version=&#8221;4.15&#8243; custom_padding=&#8221;|||&#8221; global_colors_info=&#8221;{}&#8221; custom_padding__hover=&#8221;|||&#8221;][et_pb_image src=&#8221;https:\/\/www.where2travel.com\/wp-content\/uploads\/2022\/03\/sites-historiques-europes-su-nuraxi-sardaigne-italie-28-3.jpg&#8221; alt=&#8221;Site arch\u00e9ologique de Su Nuraxi en Sardaigne, Italie&#8221; title_text=&#8221;sites-historiques-europes-su-nuraxi-sardaigne-italie&#8221; show_in_lightbox=&#8221;on&#8221; align_tablet=&#8221;center&#8221; align_phone=&#8221;&#8221; align_last_edited=&#8221;on|desktop&#8221; _builder_version=&#8221;4.15.1&#8243; custom_margin=&#8221;|0px||0px||false&#8221; custom_margin_tablet=&#8221;&#8221; custom_margin_phone=&#8221;|0px||0px||true&#8221; custom_margin_last_edited=&#8221;on|phone&#8221; animation_style=&#8221;slide&#8221; border_radii=&#8221;on|5px|5px|5px|5px&#8221; box_shadow_style=&#8221;preset6&#8243; global_colors_info=&#8221;{}&#8221;]&nbsp;<br \/>\n[\/et_pb_image][\/et_pb_column][\/et_pb_row][et_pb_row custom_padding_last_edited=&#8221;on|desktop&#8221; _builder_version=&#8221;4.15.1&#8243; custom_margin=&#8221;0px||60px||false|false&#8221; custom_margin_tablet=&#8221;50px||||false|false&#8221; custom_margin_phone=&#8221;50px||||false|false&#8221; custom_margin_last_edited=&#8221;on|desktop&#8221; custom_padding=&#8221;||1px||false|false&#8221; custom_padding_tablet=&#8221;||80px||false|false&#8221; custom_padding_phone=&#8221;&#8221; locked=&#8221;off&#8221; global_colors_info=&#8221;{}&#8221;][et_pb_column type=&#8221;4_4&#8243; _builder_version=&#8221;4.15&#8243; custom_padding=&#8221;|||&#8221; global_colors_info=&#8221;{}&#8221; custom_padding__hover=&#8221;|||&#8221;][et_pb_text admin_label=&#8221;Useful links&#8221; _builder_version=&#8221;4.15&#8243; header_font=&#8221;Montserrat||||||||&#8221; header_2_text_color=&#8221;#0d5e55&#8243; header_3_font=&#8221;Roboto|700|||||||&#8221; header_3_text_align=&#8221;center&#8221; header_3_text_color=&#8221;#0d3f5e&#8221; header_3_font_size=&#8221;27px&#8221; custom_margin=&#8221;0px||||false|false&#8221; header_font_size_tablet=&#8221;20px&#8221; header_font_size_phone=&#8221;17px&#8221; header_font_size_last_edited=&#8221;on|phone&#8221; header_3_font_size_tablet=&#8221;25px&#8221; header_3_font_size_phone=&#8221;20px&#8221; header_3_font_size_last_edited=&#8221;on|phone&#8221; border_color_bottom=&#8221;#2a758a&#8221; global_colors_info=&#8221;{}&#8221;]<\/p>\n<h3>Liens utiles<\/h3>\n<p>[\/et_pb_text][et_pb_divider color=&#8221;#68a3cb&#8221; divider_weight=&#8221;4px&#8221; _builder_version=&#8221;4.15&#8243; width=&#8221;8%&#8221; width_tablet=&#8221;17%&#8221; width_phone=&#8221;17%&#8221; width_last_edited=&#8221;on|phone&#8221; max_width=&#8221;12%&#8221; max_width_tablet=&#8221;25%&#8221; max_width_phone=&#8221;25%&#8221; max_width_last_edited=&#8221;on|desktop&#8221; module_alignment=&#8221;center&#8221; height=&#8221;6px&#8221; custom_margin=&#8221;-15px||70px&#8221; custom_margin_tablet=&#8221;-15px||70px&#8221; custom_margin_phone=&#8221;-15px||50px&#8221; custom_margin_last_edited=&#8221;on|phone&#8221; locked=&#8221;off&#8221; global_colors_info=&#8221;{}&#8221;]<\/p>\n<p>[\/et_pb_divider][et_pb_text admin_label=&#8221;Website link&#8221; _builder_version=&#8221;4.15.1&#8243; text_font=&#8221;Roboto||||&#8221; text_font_size=&#8221;16px&#8221; text_line_height=&#8221;1.9em&#8221; link_font=&#8221;||||||||&#8221; link_text_color=&#8221;#68a3cb&#8221; header_font=&#8221;Varela Round|700|||||||&#8221; header_text_color=&#8221;#2a8a6f&#8221; header_font_size=&#8221;50px&#8221; header_line_height=&#8221;1.4em&#8221; header_2_text_color=&#8221;#0d5e55&#8243; custom_margin=&#8221;||||false|false&#8221; custom_margin_tablet=&#8221;0px|0px|40px||false|false&#8221; custom_margin_phone=&#8221;0px|0px|40px|0px|false|true&#8221; custom_margin_last_edited=&#8221;on|tablet&#8221; custom_padding=&#8221;|100px||100px|false|true&#8221; custom_padding_tablet=&#8221;|0px||0px&#8221; custom_padding_phone=&#8221;&#8221; custom_padding_last_edited=&#8221;on|phone&#8221; text_font_size_tablet=&#8221;16px&#8221; text_font_size_phone=&#8221;15px&#8221; text_font_size_last_edited=&#8221;on|tablet&#8221; header_font_size_tablet=&#8221;40px&#8221; header_font_size_phone=&#8221;25px&#8221; header_font_size_last_edited=&#8221;on|tablet&#8221; global_colors_info=&#8221;{}&#8221; link_text_color__hover_enabled=&#8221;on&#8221; link_text_color__hover=&#8221;#fbba00&#8243;]<\/p>\n<p style=\"text-align: justify;\">Pour visiter ce site, je vous propose les excursions guid\u00e9es ci-dessous pour bien comprendre l&#8217;importance historique de ce lieu : <\/p>\n<p>[\/et_pb_text][et_pb_code _builder_version=&#8221;4.15.1&#8243; text_orientation=&#8221;center&#8221; custom_margin=&#8221;||40px&#8221; custom_margin_tablet=&#8221;|-51px|0px|-51px|false|true&#8221; custom_margin_phone=&#8221;|0px|0px|0px|false|true&#8221; custom_margin_last_edited=&#8221;on|desktop&#8221; global_colors_info=&#8221;{}&#8221;]<\/p>\n<div data-gyg-href=\"https:\/\/widget.getyourguide.com\/default\/activities.frame\" data-gyg-locale-code=\"fr-FR\" data-gyg-widget=\"activities\" data-gyg-number-of-items=\"3\" data-gyg-partner-id=\"0428GRX\" data-gyg-q=\"SU%20NURAXI\"><\/div>\n<p>[\/et_pb_code][\/et_pb_column][\/et_pb_row][et_pb_row admin_label=&#8221;Town 4&#8243; module_id=&#8221;Michel&#8221; _builder_version=&#8221;4.15.1&#8243; custom_margin_tablet=&#8221;&#8221; custom_margin_phone=&#8221;-50px||0px||false&#8221; custom_margin_last_edited=&#8221;on|desktop&#8221; custom_padding=&#8221;73px|0px|40.4688px|0px|false|false&#8221; locked=&#8221;off&#8221; global_colors_info=&#8221;{}&#8221;][et_pb_column type=&#8221;4_4&#8243; _builder_version=&#8221;4.15&#8243; custom_padding=&#8221;|||&#8221; global_colors_info=&#8221;{}&#8221; custom_padding__hover=&#8221;|||&#8221;][et_pb_text admin_label=&#8221;Bangkok&#8221; module_class=&#8221;anchor_img_text2&#8243; _builder_version=&#8221;4.15.1&#8243; text_font=&#8221;Roboto||||&#8221; text_text_color=&#8221;#1a1a1a&#8221; text_font_size=&#8221;24px&#8221; text_line_height=&#8221;1.4em&#8221; link_text_color=&#8221;#68a3cb&#8221; header_font=&#8221;||||||||&#8221; header_2_font=&#8221;Montserrat||||||||&#8221; header_2_text_color=&#8221;#000000&#8243; header_2_font_size=&#8221;20px&#8221; header_3_font=&#8221;Roboto|700|||||||&#8221; header_3_text_color=&#8221;#000000&#8243; header_3_font_size=&#8221;27px&#8221; header_3_line_height=&#8221;1.5em&#8221; custom_margin=&#8221;15px||||false|false&#8221; custom_margin_tablet=&#8221;&#8221; custom_margin_phone=&#8221;25px|||&#8221; custom_margin_last_edited=&#8221;on|phone&#8221; animation_style=&#8221;slide&#8221; animation_direction=&#8221;top&#8221; animation_intensity_slide=&#8221;10%&#8221; header_2_font_size_tablet=&#8221;&#8221; header_2_font_size_phone=&#8221;&#8221; header_2_font_size_last_edited=&#8221;on|desktop&#8221; header_3_font_size_tablet=&#8221;&#8221; header_3_font_size_phone=&#8221;22px&#8221; header_3_font_size_last_edited=&#8221;on|phone&#8221; global_colors_info=&#8221;{}&#8221;]<\/p>\n<h3 style=\"text-align: center;\"><a href=\"#Carte\"><img decoding=\"async\" src=\"https:\/\/www.where2travel.com\/wp-content\/uploads\/2019\/06\/Evaluation-Where2travel-N%C2%B029.png\" alt=\"Num\u00e9ro 10\" width=\"45\" height=\"45\" \/><\/a>\u00a0 Le Mont Saint Michel en France<\/h3>\n<p>[\/et_pb_text][et_pb_divider color=&#8221;#68a3cb&#8221; divider_weight=&#8221;4px&#8221; _builder_version=&#8221;4.15&#8243; width=&#8221;100%&#8221; width_tablet=&#8221;100%&#8221; width_phone=&#8221;100%&#8221; width_last_edited=&#8221;on|phone&#8221; max_width=&#8221;12%&#8221; max_width_tablet=&#8221;25%&#8221; max_width_phone=&#8221;25%&#8221; max_width_last_edited=&#8221;on|desktop&#8221; module_alignment=&#8221;center&#8221; height=&#8221;6px&#8221; custom_margin=&#8221;-15px||80px||false|false&#8221; custom_margin_tablet=&#8221;-15px||70px&#8221; custom_margin_phone=&#8221;-15px||70px&#8221; custom_margin_last_edited=&#8221;on|tablet&#8221; locked=&#8221;off&#8221; global_colors_info=&#8221;{}&#8221;][\/et_pb_divider][et_pb_text admin_label=&#8221;Description of the town&#8221; _builder_version=&#8221;4.15.1&#8243; text_font=&#8221;Roboto||||&#8221; text_font_size=&#8221;16px&#8221; text_line_height=&#8221;1.9em&#8221; link_font=&#8221;Roboto||||||||&#8221; link_text_color=&#8221;#68a3cb&#8221; link_font_size=&#8221;16px&#8221; link_line_height=&#8221;1.9em&#8221; ul_font=&#8221;||||||||&#8221; ol_font=&#8221;||||||||&#8221; quote_font=&#8221;||||||||&#8221; header_font=&#8221;Varela Round|700|||||||&#8221; header_text_align=&#8221;center&#8221; header_text_color=&#8221;#2a8a6f&#8221; header_font_size=&#8221;40px&#8221; header_line_height=&#8221;1.4em&#8221; header_2_font=&#8221;Varela Round|700|||||||&#8221; header_2_text_align=&#8221;center&#8221; header_2_text_color=&#8221;#2a8a6f&#8221; header_2_font_size=&#8221;36px&#8221; header_2_line_height=&#8221;1.4em&#8221; header_3_font=&#8221;Montserrat||||||||&#8221; header_3_text_align=&#8221;justify&#8221; header_3_text_color=&#8221;#555555&#8243; header_3_font_size=&#8221;20px&#8221; header_3_line_height=&#8221;1.4em&#8221; custom_margin=&#8221;0px||35px||false|false&#8221; custom_margin_tablet=&#8221;1px||25px||false|false&#8221; custom_margin_phone=&#8221;0px||30px||false|false&#8221; custom_margin_last_edited=&#8221;on|desktop&#8221; custom_padding=&#8221;|100px||100px&#8221; custom_padding_tablet=&#8221;|0px||0px&#8221; custom_padding_phone=&#8221;&#8221; custom_padding_last_edited=&#8221;on|desktop&#8221; animation_style=&#8221;slide&#8221; animation_direction=&#8221;top&#8221; animation_intensity_slide=&#8221;10%&#8221; text_font_size_tablet=&#8221;&#8221; text_font_size_phone=&#8221;15px&#8221; text_font_size_last_edited=&#8221;on|phone&#8221; link_font_size_tablet=&#8221;&#8221; link_font_size_phone=&#8221;15px&#8221; link_font_size_last_edited=&#8221;on|desktop&#8221; header_font_size_tablet=&#8221;30px&#8221; header_font_size_phone=&#8221;25px&#8221; header_font_size_last_edited=&#8221;on|phone&#8221; header_2_font_size_tablet=&#8221;25px&#8221; header_2_font_size_phone=&#8221;20px&#8221; header_2_font_size_last_edited=&#8221;on|phone&#8221; header_3_font_size_tablet=&#8221;16px&#8221; header_3_font_size_phone=&#8221;14px&#8221; header_3_font_size_last_edited=&#8221;on|desktop&#8221; saved_tabs=&#8221;all&#8221; locked=&#8221;off&#8221; global_colors_info=&#8221;{}&#8221; link_text_color__hover_enabled=&#8221;on&#8221; link_text_color__hover=&#8221;#fbba00&#8243;]<\/p>\n<p style=\"text-align: justify;\">Situ\u00e9 dans l\u2019ouest de la France en Normandie, le Mont-Saint-Michel est une commune fran\u00e7aise c\u00e9l\u00e8bre pour son \u00eelot rocheux et sa magnifique baie, qui sont inscrits au patrimoine mondial de l\u2019UNESCO. Je vous conseille vivement de d\u00e9couvrir cet \u00eelot rocheux sur lequel est construite une ville pittoresque avec des rues escarp\u00e9es, des boutiques, des restaurants et surtout la magnifique abbaye du Mont-Saint-Michel dont la construction date du d\u00e9but du XIIIe si\u00e8cle&#8230;<\/p>\n<p style=\"text-align: justify;\">Ce lieu est aussi tr\u00e8s important historiquement car c\u2019est une \u00e9tape des Chemins de Saint-Jacques-de-Compostelle, les p\u00e8lerins du Nord de l&#8217;Europe s\u2019y arr\u00eataient en effet lorsqu&#8217;ils allaient en Galice. De nos jours, le Mont-Saint-Michel et la splendide baie qui l\u2019entoure font partie des dix endroits les plus fr\u00e9quent\u00e9s en France avec pr\u00e8s de 2,5 millions de visiteurs chaque ann\u00e9e.<\/p>\n<p>[\/et_pb_text][\/et_pb_column][\/et_pb_row][et_pb_row column_structure=&#8221;1_3,1_3,1_3&#8243; custom_padding_last_edited=&#8221;on|desktop&#8221; _builder_version=&#8221;4.15&#8243; background_size=&#8221;initial&#8221; background_position=&#8221;top_left&#8221; background_repeat=&#8221;repeat&#8221; custom_margin=&#8221;||80px||false|false&#8221; custom_margin_tablet=&#8221;||60px||false|false&#8221; custom_margin_phone=&#8221;-29px||60px||false|false&#8221; custom_margin_last_edited=&#8221;on|phone&#8221; custom_padding=&#8221;0|0px|0px|0px|false|false&#8221; custom_padding_tablet=&#8221;||0px|&#8221; custom_padding_phone=&#8221;0px||0px|&#8221; locked=&#8221;off&#8221; collapsed=&#8221;off&#8221; global_colors_info=&#8221;{}&#8221;][et_pb_column type=&#8221;1_3&#8243; _builder_version=&#8221;4.15&#8243; custom_padding=&#8221;|||&#8221; global_colors_info=&#8221;{}&#8221; custom_padding__hover=&#8221;|||&#8221;][et_pb_image src=&#8221;https:\/\/www.where2travel.com\/wp-content\/uploads\/2022\/03\/sites-historiques-europe-mont-saint-michele-france-29-2.jpg&#8221; alt=&#8221;Parmi les sites historiques les plus int\u00e9ressants d&#8217;Europe, le Mont Saint Michel en Normandie, France&#8221; title_text=&#8221;sites-historiques-europe-mont-saint-michel-france&#8221; show_in_lightbox=&#8221;on&#8221; align_tablet=&#8221;center&#8221; align_phone=&#8221;&#8221; align_last_edited=&#8221;on|desktop&#8221; _builder_version=&#8221;4.15.1&#8243; custom_margin=&#8221;|0px||0px||false&#8221; custom_margin_tablet=&#8221;&#8221; custom_margin_phone=&#8221;|0px||0px||true&#8221; custom_margin_last_edited=&#8221;on|phone&#8221; animation_style=&#8221;slide&#8221; border_radii=&#8221;on|5px|5px|5px|5px&#8221; box_shadow_style=&#8221;preset6&#8243; global_colors_info=&#8221;{}&#8221;]&nbsp;<br \/>\n[\/et_pb_image][\/et_pb_column][et_pb_column type=&#8221;1_3&#8243; _builder_version=&#8221;4.15&#8243; custom_padding=&#8221;|||&#8221; global_colors_info=&#8221;{}&#8221; custom_padding__hover=&#8221;|||&#8221;][et_pb_image src=&#8221;https:\/\/www.where2travel.com\/wp-content\/uploads\/2022\/03\/sites-historiques-europe-mont-saint-michele-france-29-4.jpg&#8221; alt=&#8221;Tour Mont Saint Michel en Normandie, France&#8221; title_text=&#8221;sites-historiques-europe-mont-saint-michele-france&#8221; show_in_lightbox=&#8221;on&#8221; align_tablet=&#8221;center&#8221; align_phone=&#8221;&#8221; align_last_edited=&#8221;on|desktop&#8221; _builder_version=&#8221;4.15.1&#8243; custom_margin=&#8221;|0px||0px||false&#8221; custom_margin_tablet=&#8221;&#8221; custom_margin_phone=&#8221;|0px||0px||true&#8221; custom_margin_last_edited=&#8221;on|phone&#8221; animation_style=&#8221;slide&#8221; border_radii=&#8221;on|5px|5px|5px|5px&#8221; box_shadow_style=&#8221;preset6&#8243; global_colors_info=&#8221;{}&#8221;]&nbsp;<br \/>\n[\/et_pb_image][\/et_pb_column][et_pb_column type=&#8221;1_3&#8243; _builder_version=&#8221;4.15&#8243; custom_padding=&#8221;|||&#8221; global_colors_info=&#8221;{}&#8221; custom_padding__hover=&#8221;|||&#8221;][et_pb_image src=&#8221;https:\/\/www.where2travel.com\/wp-content\/uploads\/2022\/03\/sites-historiques-europe-mont-saint-michele-france-.jpg&#8221; alt=&#8221;Plage Mont Saint Michel en Normandie, France&#8221; title_text=&#8221;sites-historiques-europe-mont-saint-michel-france&#8221; show_in_lightbox=&#8221;on&#8221; align_tablet=&#8221;center&#8221; align_phone=&#8221;&#8221; align_last_edited=&#8221;on|desktop&#8221; _builder_version=&#8221;4.15.1&#8243; custom_margin=&#8221;|0px||0px||false&#8221; custom_margin_tablet=&#8221;&#8221; custom_margin_phone=&#8221;|0px||0px||true&#8221; custom_margin_last_edited=&#8221;on|phone&#8221; animation_style=&#8221;slide&#8221; border_radii=&#8221;on|5px|5px|5px|5px&#8221; box_shadow_style=&#8221;preset6&#8243; global_colors_info=&#8221;{}&#8221;]&nbsp;<br \/>\n[\/et_pb_image][\/et_pb_column][\/et_pb_row][et_pb_row custom_padding_last_edited=&#8221;on|desktop&#8221; _builder_version=&#8221;4.15.1&#8243; custom_margin=&#8221;0px||60px||false|false&#8221; custom_margin_tablet=&#8221;50px||||false|false&#8221; custom_margin_phone=&#8221;50px||||false|false&#8221; custom_margin_last_edited=&#8221;on|desktop&#8221; custom_padding=&#8221;||1px||false|false&#8221; custom_padding_tablet=&#8221;||80px||false|false&#8221; custom_padding_phone=&#8221;&#8221; locked=&#8221;off&#8221; global_colors_info=&#8221;{}&#8221;][et_pb_column type=&#8221;4_4&#8243; _builder_version=&#8221;4.15&#8243; custom_padding=&#8221;|||&#8221; global_colors_info=&#8221;{}&#8221; custom_padding__hover=&#8221;|||&#8221;][et_pb_text admin_label=&#8221;Useful links&#8221; _builder_version=&#8221;4.15&#8243; header_font=&#8221;Montserrat||||||||&#8221; header_2_text_color=&#8221;#0d5e55&#8243; header_3_font=&#8221;Roboto|700|||||||&#8221; header_3_text_align=&#8221;center&#8221; header_3_text_color=&#8221;#0d3f5e&#8221; header_3_font_size=&#8221;27px&#8221; custom_margin=&#8221;0px||||false|false&#8221; header_font_size_tablet=&#8221;20px&#8221; header_font_size_phone=&#8221;17px&#8221; header_font_size_last_edited=&#8221;on|phone&#8221; header_3_font_size_tablet=&#8221;25px&#8221; header_3_font_size_phone=&#8221;20px&#8221; header_3_font_size_last_edited=&#8221;on|phone&#8221; border_color_bottom=&#8221;#2a758a&#8221; global_colors_info=&#8221;{}&#8221;]<\/p>\n<h3>Liens utiles<\/h3>\n<p>[\/et_pb_text][et_pb_divider color=&#8221;#68a3cb&#8221; divider_weight=&#8221;4px&#8221; _builder_version=&#8221;4.15&#8243; width=&#8221;8%&#8221; width_tablet=&#8221;17%&#8221; width_phone=&#8221;17%&#8221; width_last_edited=&#8221;on|phone&#8221; max_width=&#8221;12%&#8221; max_width_tablet=&#8221;25%&#8221; max_width_phone=&#8221;25%&#8221; max_width_last_edited=&#8221;on|desktop&#8221; module_alignment=&#8221;center&#8221; height=&#8221;6px&#8221; custom_margin=&#8221;-15px||70px&#8221; custom_margin_tablet=&#8221;-15px||70px&#8221; custom_margin_phone=&#8221;-15px||50px&#8221; custom_margin_last_edited=&#8221;on|phone&#8221; locked=&#8221;off&#8221; global_colors_info=&#8221;{}&#8221;]<\/p>\n<p>[\/et_pb_divider][et_pb_text admin_label=&#8221;Website link&#8221; _builder_version=&#8221;4.15.1&#8243; text_font=&#8221;Roboto||||&#8221; text_font_size=&#8221;16px&#8221; text_line_height=&#8221;1.9em&#8221; link_font=&#8221;||||||||&#8221; link_text_color=&#8221;#68a3cb&#8221; header_font=&#8221;Varela Round|700|||||||&#8221; header_text_color=&#8221;#2a8a6f&#8221; header_font_size=&#8221;50px&#8221; header_line_height=&#8221;1.4em&#8221; header_2_text_color=&#8221;#0d5e55&#8243; custom_margin=&#8221;||||false|false&#8221; custom_margin_tablet=&#8221;0px|0px|40px||false|false&#8221; custom_margin_phone=&#8221;0px|0px|40px|0px|false|true&#8221; custom_margin_last_edited=&#8221;on|tablet&#8221; custom_padding=&#8221;|100px||100px|false|true&#8221; custom_padding_tablet=&#8221;|0px||0px&#8221; custom_padding_phone=&#8221;&#8221; custom_padding_last_edited=&#8221;on|phone&#8221; text_font_size_tablet=&#8221;16px&#8221; text_font_size_phone=&#8221;15px&#8221; text_font_size_last_edited=&#8221;on|tablet&#8221; header_font_size_tablet=&#8221;40px&#8221; header_font_size_phone=&#8221;25px&#8221; header_font_size_last_edited=&#8221;on|tablet&#8221; global_colors_info=&#8221;{}&#8221; link_text_color__hover_enabled=&#8221;on&#8221; link_text_color__hover=&#8221;#fbba00&#8243;]<\/p>\n<p style=\"text-align: justify;\">Pour bien pr\u00e9parer votre visite en amont, je vous conseille le site : <strong><a href=\"https:\/\/www.ot-montsaintmichel.com\/\" target=\"_blank\" rel=\"noopener\">https:\/\/www.ot-montsaintmichel.com\/<\/a><\/strong>, vous y trouverez notamment les horaires d&#8217;ouverture et tarifs \u00e0 jour.<\/p>\n<p style=\"text-align: justify;\">Vous pouvez aussi visiter le Mont-Saint-Michel depuis Paris gr\u00e2ce \u00e0 ces excursions par exemple :<\/p>\n<p>[\/et_pb_text][et_pb_code _builder_version=&#8221;4.15.1&#8243; text_orientation=&#8221;center&#8221; custom_margin=&#8221;||40px&#8221; custom_margin_tablet=&#8221;|-51px|0px|-51px|false|true&#8221; custom_margin_phone=&#8221;|0px|0px|0px|false|true&#8221; custom_margin_last_edited=&#8221;on|desktop&#8221; global_colors_info=&#8221;{}&#8221;]<\/p>\n<div data-gyg-href=\"https:\/\/widget.getyourguide.com\/default\/activities.frame\" data-gyg-locale-code=\"fr-FR\" data-gyg-widget=\"activities\" data-gyg-number-of-items=\"3\" data-gyg-partner-id=\"0428GRX\" data-gyg-q=\"MONT%20SAINT%20MICHEL\"><\/div>\n<p>[\/et_pb_code][\/et_pb_column][\/et_pb_row][et_pb_row admin_label=&#8221;Town 4&#8243; module_id=&#8221;Milan&#8221; _builder_version=&#8221;4.15.1&#8243; custom_margin_tablet=&#8221;&#8221; custom_margin_phone=&#8221;-50px||0px||false&#8221; custom_margin_last_edited=&#8221;on|desktop&#8221; custom_padding=&#8221;73px|0px|40.4688px|0px|false|false&#8221; locked=&#8221;off&#8221; global_colors_info=&#8221;{}&#8221;][et_pb_column type=&#8221;4_4&#8243; _builder_version=&#8221;4.15&#8243; custom_padding=&#8221;|||&#8221; global_colors_info=&#8221;{}&#8221; custom_padding__hover=&#8221;|||&#8221;][et_pb_text admin_label=&#8221;Bangkok&#8221; module_class=&#8221;anchor_img_text2&#8243; _builder_version=&#8221;4.15.1&#8243; text_font=&#8221;Roboto||||&#8221; text_text_color=&#8221;#1a1a1a&#8221; text_font_size=&#8221;24px&#8221; text_line_height=&#8221;1.4em&#8221; link_text_color=&#8221;#68a3cb&#8221; header_font=&#8221;||||||||&#8221; header_2_font=&#8221;Montserrat||||||||&#8221; header_2_text_color=&#8221;#000000&#8243; header_2_font_size=&#8221;20px&#8221; header_3_font=&#8221;Roboto|700|||||||&#8221; header_3_text_color=&#8221;#000000&#8243; header_3_font_size=&#8221;27px&#8221; header_3_line_height=&#8221;1.5em&#8221; custom_margin=&#8221;15px||||false|false&#8221; custom_margin_tablet=&#8221;&#8221; custom_margin_phone=&#8221;25px|||&#8221; custom_margin_last_edited=&#8221;on|phone&#8221; animation_style=&#8221;slide&#8221; animation_direction=&#8221;top&#8221; animation_intensity_slide=&#8221;10%&#8221; header_2_font_size_tablet=&#8221;&#8221; header_2_font_size_phone=&#8221;&#8221; header_2_font_size_last_edited=&#8221;on|desktop&#8221; header_3_font_size_tablet=&#8221;&#8221; header_3_font_size_phone=&#8221;22px&#8221; header_3_font_size_last_edited=&#8221;on|phone&#8221; global_colors_info=&#8221;{}&#8221;]<\/p>\n<h3 style=\"text-align: center;\"><a href=\"#Carte\"><img decoding=\"async\" src=\"https:\/\/www.where2travel.com\/wp-content\/uploads\/2019\/06\/Evaluation-Where2travel-N%C2%B030.png\" alt=\"Num\u00e9ro 10\" width=\"45\" height=\"45\" \/><\/a>\u00a0 Le d\u00f4me de Milan en Italie<\/h3>\n<p>[\/et_pb_text][et_pb_divider color=&#8221;#68a3cb&#8221; divider_weight=&#8221;4px&#8221; _builder_version=&#8221;4.15&#8243; width=&#8221;100%&#8221; width_tablet=&#8221;100%&#8221; width_phone=&#8221;100%&#8221; width_last_edited=&#8221;on|phone&#8221; max_width=&#8221;12%&#8221; max_width_tablet=&#8221;25%&#8221; max_width_phone=&#8221;25%&#8221; max_width_last_edited=&#8221;on|desktop&#8221; module_alignment=&#8221;center&#8221; height=&#8221;6px&#8221; custom_margin=&#8221;-15px||80px||false|false&#8221; custom_margin_tablet=&#8221;-15px||70px&#8221; custom_margin_phone=&#8221;-15px||70px&#8221; custom_margin_last_edited=&#8221;on|tablet&#8221; locked=&#8221;off&#8221; global_colors_info=&#8221;{}&#8221;][\/et_pb_divider][et_pb_text admin_label=&#8221;Description of the town&#8221; _builder_version=&#8221;4.15.1&#8243; text_font=&#8221;Roboto||||&#8221; text_font_size=&#8221;16px&#8221; text_line_height=&#8221;1.9em&#8221; link_font=&#8221;Roboto||||||||&#8221; link_text_color=&#8221;#68a3cb&#8221; link_font_size=&#8221;16px&#8221; link_line_height=&#8221;1.9em&#8221; ul_font=&#8221;||||||||&#8221; ol_font=&#8221;||||||||&#8221; quote_font=&#8221;||||||||&#8221; header_font=&#8221;Varela Round|700|||||||&#8221; header_text_align=&#8221;center&#8221; header_text_color=&#8221;#2a8a6f&#8221; header_font_size=&#8221;40px&#8221; header_line_height=&#8221;1.4em&#8221; header_2_font=&#8221;Varela Round|700|||||||&#8221; header_2_text_align=&#8221;center&#8221; header_2_text_color=&#8221;#2a8a6f&#8221; header_2_font_size=&#8221;36px&#8221; header_2_line_height=&#8221;1.4em&#8221; header_3_font=&#8221;Montserrat||||||||&#8221; header_3_text_align=&#8221;justify&#8221; header_3_text_color=&#8221;#555555&#8243; header_3_font_size=&#8221;20px&#8221; header_3_line_height=&#8221;1.4em&#8221; custom_margin=&#8221;0px||35px||false|false&#8221; custom_margin_tablet=&#8221;1px||25px||false|false&#8221; custom_margin_phone=&#8221;0px||30px||false|false&#8221; custom_margin_last_edited=&#8221;on|desktop&#8221; custom_padding=&#8221;|100px||100px&#8221; custom_padding_tablet=&#8221;|0px||0px&#8221; custom_padding_phone=&#8221;&#8221; custom_padding_last_edited=&#8221;on|desktop&#8221; animation_style=&#8221;slide&#8221; animation_direction=&#8221;top&#8221; animation_intensity_slide=&#8221;10%&#8221; text_font_size_tablet=&#8221;&#8221; text_font_size_phone=&#8221;15px&#8221; text_font_size_last_edited=&#8221;on|phone&#8221; link_font_size_tablet=&#8221;&#8221; link_font_size_phone=&#8221;15px&#8221; link_font_size_last_edited=&#8221;on|desktop&#8221; header_font_size_tablet=&#8221;30px&#8221; header_font_size_phone=&#8221;25px&#8221; header_font_size_last_edited=&#8221;on|phone&#8221; header_2_font_size_tablet=&#8221;25px&#8221; header_2_font_size_phone=&#8221;20px&#8221; header_2_font_size_last_edited=&#8221;on|phone&#8221; header_3_font_size_tablet=&#8221;16px&#8221; header_3_font_size_phone=&#8221;14px&#8221; header_3_font_size_last_edited=&#8221;on|desktop&#8221; saved_tabs=&#8221;all&#8221; locked=&#8221;off&#8221; global_colors_info=&#8221;{}&#8221; link_text_color__hover_enabled=&#8221;on&#8221; link_text_color__hover=&#8221;#fbba00&#8243;]<\/p>\n<p style=\"text-align: justify;\">Situ\u00e9 dans le nord de l&#8217;Italie, le D\u00f4me de Milan (Il Duomo di Milano en italien) est une sublime cath\u00e9drale gothique situ\u00e9e dans le centre de Milan. Ce chef d&#8217;\u0153uvre d\u2019architecture est la 3e plus grande \u00e9glise du monde apr\u00e8s celle de Saint-Pierre de Rome et celle de S\u00e9ville.<\/p>\n<p style=\"text-align: justify;\">La cath\u00e9drale de Milan, aussi appel\u00e9e \u00ab H\u00e9risson de marbre \u00bb du fait de ses 135 fl\u00e8ches, commen\u00e7a \u00e0 \u00eatre construite par Gian Galeazzo Visconti (le duc de Milan) en 1386 mais celle-ci fut arr\u00eat\u00e9e, puis reprise seulement 500 ans plus tard sous l&#8217;ordre de Napol\u00e9on Bonaparte. Le D\u00f4me de Milan fut finalement achev\u00e9 en 1887.<\/p>\n<p style=\"text-align: justify;\">De nos jours, cette cath\u00e9drale est incontournable lors d\u2019une visite du nord de l\u2019Italie, vous serez \u00e0 coup s\u00fbr subjugu\u00e9 par sa beaut\u00e9 int\u00e9rieure et ext\u00e9rieure, ainsi que par son incroyable et atypique terrasse panoramique.<\/p>\n<p>[\/et_pb_text][\/et_pb_column][\/et_pb_row][et_pb_row column_structure=&#8221;1_3,1_3,1_3&#8243; custom_padding_last_edited=&#8221;on|desktop&#8221; _builder_version=&#8221;4.15&#8243; background_size=&#8221;initial&#8221; background_position=&#8221;top_left&#8221; background_repeat=&#8221;repeat&#8221; custom_margin=&#8221;||80px||false|false&#8221; custom_margin_tablet=&#8221;||60px||false|false&#8221; custom_margin_phone=&#8221;-29px||60px||false|false&#8221; custom_margin_last_edited=&#8221;on|phone&#8221; custom_padding=&#8221;0|0px|0px|0px|false|false&#8221; custom_padding_tablet=&#8221;||0px|&#8221; custom_padding_phone=&#8221;0px||0px|&#8221; locked=&#8221;off&#8221; collapsed=&#8221;off&#8221; global_colors_info=&#8221;{}&#8221;][et_pb_column type=&#8221;1_3&#8243; _builder_version=&#8221;4.15&#8243; custom_padding=&#8221;|||&#8221; global_colors_info=&#8221;{}&#8221; custom_padding__hover=&#8221;|||&#8221;][et_pb_image src=&#8221;https:\/\/www.where2travel.com\/wp-content\/uploads\/2022\/03\/duomo-milan-italie-site-historique-europe-1.jpg&#8221; alt=&#8221;Nuit au d\u00f4me de Milan en Italie&#8221; title_text=&#8221;sites-historiques-europe-duomo-milan-italie&#8221; show_in_lightbox=&#8221;on&#8221; align_tablet=&#8221;center&#8221; align_phone=&#8221;&#8221; align_last_edited=&#8221;on|desktop&#8221; _builder_version=&#8221;4.15.1&#8243; custom_margin=&#8221;|0px||0px||false&#8221; custom_margin_tablet=&#8221;&#8221; custom_margin_phone=&#8221;|0px||0px||true&#8221; custom_margin_last_edited=&#8221;on|phone&#8221; animation_style=&#8221;slide&#8221; border_radii=&#8221;on|5px|5px|5px|5px&#8221; box_shadow_style=&#8221;preset6&#8243; global_colors_info=&#8221;{}&#8221;]&nbsp;<br \/>\n[\/et_pb_image][\/et_pb_column][et_pb_column type=&#8221;1_3&#8243; _builder_version=&#8221;4.15&#8243; custom_padding=&#8221;|||&#8221; global_colors_info=&#8221;{}&#8221; custom_padding__hover=&#8221;|||&#8221;][et_pb_image src=&#8221;https:\/\/www.where2travel.com\/wp-content\/uploads\/2022\/03\/duomo-milan-italie-site-historique-europe-6.jpg&#8221; alt=&#8221;Vue sur le d\u00f4me de Milan en Italie&#8221; title_text=&#8221;sites-historiques-europe-duomo-milan-italie&#8221; show_in_lightbox=&#8221;on&#8221; align_tablet=&#8221;center&#8221; align_phone=&#8221;&#8221; align_last_edited=&#8221;on|desktop&#8221; _builder_version=&#8221;4.15.1&#8243; custom_margin=&#8221;|0px||0px||false&#8221; custom_margin_tablet=&#8221;&#8221; custom_margin_phone=&#8221;|0px||0px||true&#8221; custom_margin_last_edited=&#8221;on|phone&#8221; animation_style=&#8221;slide&#8221; border_radii=&#8221;on|5px|5px|5px|5px&#8221; box_shadow_style=&#8221;preset6&#8243; global_colors_info=&#8221;{}&#8221;]&nbsp;<br \/>\n[\/et_pb_image][\/et_pb_column][et_pb_column type=&#8221;1_3&#8243; _builder_version=&#8221;4.15&#8243; custom_padding=&#8221;|||&#8221; global_colors_info=&#8221;{}&#8221; custom_padding__hover=&#8221;|||&#8221;][et_pb_image src=&#8221;https:\/\/www.where2travel.com\/wp-content\/uploads\/2022\/03\/duomo-milan-italie-site-historique-europe-5.jpg&#8221; alt=&#8221;Le d\u00f4me de Milan en Italie, un des sites historiques les plus int\u00e9ressants d&#8217;Europe&#8221; title_text=&#8221;sites-historiques-europe-d\u00f4me-milan-italie&#8221; show_in_lightbox=&#8221;on&#8221; align_tablet=&#8221;center&#8221; align_phone=&#8221;&#8221; align_last_edited=&#8221;on|desktop&#8221; _builder_version=&#8221;4.15.1&#8243; custom_margin=&#8221;|0px||0px||false&#8221; custom_margin_tablet=&#8221;&#8221; custom_margin_phone=&#8221;|0px||0px||true&#8221; custom_margin_last_edited=&#8221;on|phone&#8221; animation_style=&#8221;slide&#8221; border_radii=&#8221;on|5px|5px|5px|5px&#8221; box_shadow_style=&#8221;preset6&#8243; global_colors_info=&#8221;{}&#8221;]&nbsp;<br \/>\n[\/et_pb_image][\/et_pb_column][\/et_pb_row][et_pb_row custom_padding_last_edited=&#8221;on|desktop&#8221; _builder_version=&#8221;4.15.1&#8243; custom_margin=&#8221;0px||60px||false|false&#8221; custom_margin_tablet=&#8221;50px||||false|false&#8221; custom_margin_phone=&#8221;50px||||false|false&#8221; custom_margin_last_edited=&#8221;on|desktop&#8221; custom_padding=&#8221;||1px||false|false&#8221; custom_padding_tablet=&#8221;||80px||false|false&#8221; custom_padding_phone=&#8221;&#8221; locked=&#8221;off&#8221; global_colors_info=&#8221;{}&#8221;][et_pb_column type=&#8221;4_4&#8243; _builder_version=&#8221;4.15&#8243; custom_padding=&#8221;|||&#8221; global_colors_info=&#8221;{}&#8221; custom_padding__hover=&#8221;|||&#8221;][et_pb_text admin_label=&#8221;Useful links&#8221; _builder_version=&#8221;4.15&#8243; header_font=&#8221;Montserrat||||||||&#8221; header_2_text_color=&#8221;#0d5e55&#8243; header_3_font=&#8221;Roboto|700|||||||&#8221; header_3_text_align=&#8221;center&#8221; header_3_text_color=&#8221;#0d3f5e&#8221; header_3_font_size=&#8221;27px&#8221; custom_margin=&#8221;0px||||false|false&#8221; header_font_size_tablet=&#8221;20px&#8221; header_font_size_phone=&#8221;17px&#8221; header_font_size_last_edited=&#8221;on|phone&#8221; header_3_font_size_tablet=&#8221;25px&#8221; header_3_font_size_phone=&#8221;20px&#8221; header_3_font_size_last_edited=&#8221;on|phone&#8221; border_color_bottom=&#8221;#2a758a&#8221; global_colors_info=&#8221;{}&#8221;]<\/p>\n<h3>Liens utiles<\/h3>\n<p>[\/et_pb_text][et_pb_divider color=&#8221;#68a3cb&#8221; divider_weight=&#8221;4px&#8221; _builder_version=&#8221;4.15&#8243; width=&#8221;8%&#8221; width_tablet=&#8221;17%&#8221; width_phone=&#8221;17%&#8221; width_last_edited=&#8221;on|phone&#8221; max_width=&#8221;12%&#8221; max_width_tablet=&#8221;25%&#8221; max_width_phone=&#8221;25%&#8221; max_width_last_edited=&#8221;on|desktop&#8221; module_alignment=&#8221;center&#8221; height=&#8221;6px&#8221; custom_margin=&#8221;-15px||70px&#8221; custom_margin_tablet=&#8221;-15px||70px&#8221; custom_margin_phone=&#8221;-15px||50px&#8221; custom_margin_last_edited=&#8221;on|phone&#8221; locked=&#8221;off&#8221; global_colors_info=&#8221;{}&#8221;]<\/p>\n<p>[\/et_pb_divider][et_pb_text admin_label=&#8221;Website link&#8221; _builder_version=&#8221;4.15.1&#8243; text_font=&#8221;Roboto||||&#8221; text_font_size=&#8221;16px&#8221; text_line_height=&#8221;1.9em&#8221; link_font=&#8221;||||||||&#8221; link_text_color=&#8221;#68a3cb&#8221; header_font=&#8221;Varela Round|700|||||||&#8221; header_text_color=&#8221;#2a8a6f&#8221; header_font_size=&#8221;50px&#8221; header_line_height=&#8221;1.4em&#8221; header_2_text_color=&#8221;#0d5e55&#8243; custom_margin=&#8221;||||false|false&#8221; custom_margin_tablet=&#8221;0px|0px|40px||false|false&#8221; custom_margin_phone=&#8221;0px|0px|40px|0px|false|true&#8221; custom_margin_last_edited=&#8221;on|tablet&#8221; custom_padding=&#8221;|100px||100px|false|true&#8221; custom_padding_tablet=&#8221;|0px||0px&#8221; custom_padding_phone=&#8221;&#8221; custom_padding_last_edited=&#8221;on|phone&#8221; text_font_size_tablet=&#8221;16px&#8221; text_font_size_phone=&#8221;15px&#8221; text_font_size_last_edited=&#8221;on|tablet&#8221; header_font_size_tablet=&#8221;40px&#8221; header_font_size_phone=&#8221;25px&#8221; header_font_size_last_edited=&#8221;on|tablet&#8221; global_colors_info=&#8221;{}&#8221; link_text_color__hover_enabled=&#8221;on&#8221; link_text_color__hover=&#8221;#fbba00&#8243;]<\/p>\n<p style=\"text-align: justify;\">Pour visiter cette somptueuse cath\u00e9drale ou la ville de Milan, je vous propose les excursions suivantes :<\/p>\n<p>[\/et_pb_text][et_pb_code _builder_version=&#8221;4.15.1&#8243; text_orientation=&#8221;center&#8221; custom_margin=&#8221;||40px&#8221; custom_margin_tablet=&#8221;|-51px|0px|-51px|false|true&#8221; custom_margin_phone=&#8221;|0px|0px|0px|false|true&#8221; custom_margin_last_edited=&#8221;on|desktop&#8221; global_colors_info=&#8221;{}&#8221;]<\/p>\n<div data-gyg-href=\"https:\/\/widget.getyourguide.com\/default\/activities.frame\" data-gyg-locale-code=\"fr-FR\" data-gyg-widget=\"activities\" data-gyg-number-of-items=\"3\" data-gyg-partner-id=\"0428GRX\" data-gyg-q=\"DOME%20DE%20MILAN\"><\/div>\n<p>[\/et_pb_code][\/et_pb_column][\/et_pb_row][\/et_pb_section][et_pb_section fb_built=&#8221;1&#8243; _builder_version=&#8221;4.15&#8243; da_disable_devices=&#8221;off|off|off&#8221; locked=&#8221;off&#8221; global_colors_info=&#8221;{}&#8221; da_is_popup=&#8221;off&#8221; da_exit_intent=&#8221;off&#8221; da_has_close=&#8221;on&#8221; da_alt_close=&#8221;off&#8221; da_dark_close=&#8221;off&#8221; da_not_modal=&#8221;on&#8221; da_is_singular=&#8221;off&#8221; da_with_loader=&#8221;off&#8221; da_has_shadow=&#8221;on&#8221;][et_pb_row _builder_version=&#8221;4.15&#8243; global_colors_info=&#8221;{}&#8221;][et_pb_column type=&#8221;4_4&#8243; _builder_version=&#8221;4.15&#8243; custom_padding=&#8221;|||&#8221; global_colors_info=&#8221;{}&#8221; custom_padding__hover=&#8221;|||&#8221;][et_pb_button button_url=&#8221;https:\/\/www.where2travel.com\/fr\/meilleurs-sites-historiques-europe\/&#8221; button_text=&#8221;Page pr\u00e9c\u00e9dente&#8221; button_alignment=&#8221;center&#8221; _builder_version=&#8221;4.15.1&#8243; custom_button=&#8221;on&#8221; button_text_size=&#8221;36px&#8221; button_text_color=&#8221;#113e5d&#8221; button_bg_color=&#8221;#fbba00&#8243; button_border_color=&#8221;#fbba00&#8243; button_font=&#8221;Oswald|600||on|||||&#8221; custom_margin=&#8221;-40px||0px||false|false&#8221; custom_margin_tablet=&#8221;-70px||0px||false|false&#8221; custom_margin_phone=&#8221;-80px||0px||false|false&#8221; custom_margin_last_edited=&#8221;on|desktop&#8221; button_text_size_tablet=&#8221;30px&#8221; button_text_size_phone=&#8221;28px&#8221; button_text_size_last_edited=&#8221;on|phone&#8221; global_colors_info=&#8221;{}&#8221; button_text_color__hover=&#8221;#113e5d&#8221; button_text_color__hover_enabled=&#8221;on&#8221; button_bg_color__hover=&#8221;#fbba00&#8243; button_bg_color__hover_enabled=&#8221;on&#8221; button_border_color__hover=&#8221;#fbba00&#8243; button_border_color__hover_enabled=&#8221;on&#8221;][\/et_pb_button][\/et_pb_column][\/et_pb_row][\/et_pb_section][et_pb_section fb_built=&#8221;1&#8243; disabled_on=&#8221;off|off|off&#8221; _builder_version=&#8221;4.15&#8243; custom_margin=&#8221;60px||||false|false&#8221; custom_margin_tablet=&#8221;50px||||false|false&#8221; custom_margin_phone=&#8221;35px||||false|false&#8221; custom_margin_last_edited=&#8221;on|phone&#8221; top_divider_style=&#8221;waves2&#8243; top_divider_color=&#8221;#68a3cb&#8221; top_divider_height=&#8221;170px&#8221; top_divider_flip=&#8221;horizontal&#8221; top_divider_height_tablet=&#8221;140px&#8221; top_divider_height_phone=&#8221;130px&#8221; top_divider_height_last_edited=&#8221;on|phone&#8221; da_disable_devices=&#8221;off|off|off&#8221; global_colors_info=&#8221;{}&#8221; da_is_popup=&#8221;off&#8221; da_exit_intent=&#8221;off&#8221; da_has_close=&#8221;on&#8221; da_alt_close=&#8221;off&#8221; da_dark_close=&#8221;off&#8221; da_not_modal=&#8221;on&#8221; da_is_singular=&#8221;off&#8221; da_with_loader=&#8221;off&#8221; da_has_shadow=&#8221;on&#8221;][et_pb_row _builder_version=&#8221;4.15.1&#8243; custom_margin=&#8221;||5vw||false|false&#8221; global_colors_info=&#8221;{}&#8221;][et_pb_column type=&#8221;4_4&#8243; _builder_version=&#8221;4.15&#8243; custom_padding=&#8221;|||&#8221; global_colors_info=&#8221;{}&#8221; custom_padding__hover=&#8221;|||&#8221;][et_pb_text admin_label=&#8221;Special events in iceland&#8221; _builder_version=&#8221;4.15.1&#8243; text_font=&#8221;||||&#8221; text_text_color=&#8221;#1a1a1a&#8221; header_font=&#8221;Oswald|on||on|&#8221; header_text_align=&#8221;right&#8221; header_font_size=&#8221;60px&#8221; header_line_height=&#8221;1.3em&#8221; header_2_font=&#8221;Oswald|on||on|&#8221; header_2_text_align=&#8221;left&#8221; header_2_text_color=&#8221;#0d3f5e&#8221; header_2_font_size=&#8221;60px&#8221; header_2_line_height=&#8221;1.3em&#8221; custom_margin=&#8221;200px|-7vw|0px|-7vw|false|true&#8221; custom_margin_tablet=&#8221;140px|0px|0px|0px|false|true&#8221; custom_margin_phone=&#8221;110px|0px|0px|0px|false|true&#8221; custom_margin_last_edited=&#8221;on|phone&#8221; animation_style=&#8221;slide&#8221; animation_direction=&#8221;top&#8221; animation_intensity_slide=&#8221;10%&#8221; header_font_size_tablet=&#8221;&#8221; header_font_size_phone=&#8221;&#8221; header_font_size_last_edited=&#8221;on|phone&#8221; header_2_font_size_tablet=&#8221;55px&#8221; header_2_font_size_phone=&#8221;40px&#8221; header_2_font_size_last_edited=&#8221;on|phone&#8221; locked=&#8221;off&#8221; global_colors_info=&#8221;{}&#8221;]<\/p>\n<h2 style=\"text-align: center;\"><strong>Avez-vous aim\u00e9 cette page sur les sites historiques les plus int\u00e9ressants d&#8217;Europe ?<\/strong><\/h2>\n<p>[\/et_pb_text][et_pb_text _builder_version=&#8221;4.15&#8243; text_font=&#8221;Roboto||||&#8221; text_text_color=&#8221;#1a1a1a&#8221; text_font_size=&#8221;24px&#8221; text_line_height=&#8221;1.4em&#8221; header_font=&#8221;||||||||&#8221; header_2_font=&#8221;Montserrat||||||||&#8221; header_2_text_color=&#8221;#000000&#8243; header_2_font_size=&#8221;20px&#8221; header_3_font=&#8221;Roboto|700|||||||&#8221; header_3_text_color=&#8221;#000000&#8243; header_3_font_size=&#8221;27px&#8221; header_3_line_height=&#8221;1.5em&#8221; custom_margin=&#8221;100px||||false|false&#8221; custom_margin_tablet=&#8221;80px||||false|false&#8221; custom_margin_phone=&#8221;70px||||false|false&#8221; custom_margin_last_edited=&#8221;on|phone&#8221; animation_style=&#8221;slide&#8221; animation_direction=&#8221;top&#8221; animation_intensity_slide=&#8221;10%&#8221; header_2_font_size_tablet=&#8221;&#8221; header_2_font_size_phone=&#8221;&#8221; header_2_font_size_last_edited=&#8221;on|desktop&#8221; header_3_font_size_tablet=&#8221;&#8221; header_3_font_size_phone=&#8221;22px&#8221; header_3_font_size_last_edited=&#8221;on|phone&#8221; global_colors_info=&#8221;{}&#8221;]<\/p>\n<p style=\"text-align: center;\"><b>&#8220;\u00c9pinglez-la&#8221; pour la partager sur Pinterest et ainsi l\u2019enregistrer pour plus tard !<\/b><\/p>\n<p>[\/et_pb_text][et_pb_divider color=&#8221;#68a3cb&#8221; divider_weight=&#8221;4px&#8221; _builder_version=&#8221;4.15&#8243; width=&#8221;100%&#8221; width_tablet=&#8221;100%&#8221; width_phone=&#8221;100%&#8221; width_last_edited=&#8221;on|phone&#8221; max_width=&#8221;12%&#8221; max_width_tablet=&#8221;25%&#8221; max_width_phone=&#8221;25%&#8221; max_width_last_edited=&#8221;on|desktop&#8221; module_alignment=&#8221;center&#8221; height=&#8221;6px&#8221; custom_margin=&#8221;10px||60px||false|false&#8221; custom_margin_tablet=&#8221;0px||50px||false|false&#8221; custom_margin_phone=&#8221;-5px||40px||false|false&#8221; custom_margin_last_edited=&#8221;on|phone&#8221; locked=&#8221;off&#8221; global_colors_info=&#8221;{}&#8221;]<\/p>\n<p>[\/et_pb_divider][et_pb_image src=&#8221;https:\/\/www.where2travel.com\/wp-content\/uploads\/2022\/03\/top-30-sites-historiques-Ies-plus-inte\u0301ressants-deurope-stonehenge-uk-gris-vert.jpg&#8221; alt=&#8221;Top 30 des sites historiques les plus int\u00e9ressants d&#8217;Europe&#8221; title_text=&#8221;top-30-sites-historiques-Ies-plus-inte\u0301ressants-d&#8217;europe&#8221; show_in_lightbox=&#8221;on&#8221; align=&#8221;center&#8221; disabled_on=&#8221;off|off|off&#8221; module_class=&#8221;pin&#8221; _builder_version=&#8221;4.15.1&#8243; max_width=&#8221;500px&#8221; max_width_tablet=&#8221;&#8221; max_width_phone=&#8221;&#8221; max_width_last_edited=&#8221;on|phone&#8221; global_colors_info=&#8221;{}&#8221;][\/et_pb_image][\/et_pb_column][\/et_pb_row][\/et_pb_section][et_pb_section fb_built=&#8221;1&#8243; _builder_version=&#8221;4.15&#8243; background_color=&#8221;#68a3cb&#8221; custom_margin=&#8221;||0px&#8221; custom_padding=&#8221;75px|0px|75px|0px|false|false&#8221; top_divider_style=&#8221;asymmetric2&#8243; top_divider_color=&#8221;#ffffff&#8221; top_divider_height=&#8221;110px&#8221; top_divider_height_tablet=&#8221;100px&#8221; top_divider_height_phone=&#8221;80px&#8221; top_divider_height_last_edited=&#8221;on|phone&#8221; bottom_divider_style=&#8221;asymmetric2&#8243; bottom_divider_color=&#8221;#113e5d&#8221; bottom_divider_height=&#8221;110px&#8221; bottom_divider_flip=&#8221;horizontal&#8221; bottom_divider_height_tablet=&#8221;100px&#8221; bottom_divider_height_phone=&#8221;80px&#8221; bottom_divider_height_last_edited=&#8221;on|phone&#8221; da_disable_devices=&#8221;off|off|off&#8221; global_colors_info=&#8221;{}&#8221; da_is_popup=&#8221;off&#8221; da_exit_intent=&#8221;off&#8221; da_has_close=&#8221;on&#8221; da_alt_close=&#8221;off&#8221; da_dark_close=&#8221;off&#8221; da_not_modal=&#8221;on&#8221; da_is_singular=&#8221;off&#8221; da_with_loader=&#8221;off&#8221; da_has_shadow=&#8221;on&#8221;][et_pb_row column_structure=&#8221;1_2,1_2&#8243; _builder_version=&#8221;4.15&#8243; width=&#8221;100%&#8221; module_alignment=&#8221;center&#8221; custom_margin=&#8221;50px||||false|false&#8221; locked=&#8221;off&#8221; global_colors_info=&#8221;{}&#8221;][et_pb_column type=&#8221;1_2&#8243; _builder_version=&#8221;4.15&#8243; custom_padding=&#8221;|||0px|false|false&#8221; global_colors_info=&#8221;{}&#8221;][et_pb_image src=&#8221;https:\/\/www.where2travel.com\/wp-content\/uploads\/2019\/11\/Dan-Profile-picture-2.jpg&#8221; alt=&#8221;Photo de Dan \u00e0 New York&#8221; title_text=&#8221;dan-portrait-photo-commentaires&#8221; align=&#8221;right&#8221; _builder_version=&#8221;4.15&#8243; width=&#8221;26%&#8221; width_tablet=&#8221;20%&#8221; width_phone=&#8221;30%&#8221; width_last_edited=&#8221;on|phone&#8221; custom_margin=&#8221;19px|||270px|false|false&#8221; custom_margin_tablet=&#8221;|||305px|false|false&#8221; custom_margin_phone=&#8221;-20px|||150px|false|false&#8221; custom_margin_last_edited=&#8221;on|tablet&#8221; border_radii=&#8221;on|10px|10px|10px|10px&#8221; border_color_all=&#8221;#ffffff&#8221; box_shadow_style=&#8221;preset1&#8243; global_colors_info=&#8221;{}&#8221;][\/et_pb_image][\/et_pb_column][et_pb_column type=&#8221;1_2&#8243; _builder_version=&#8221;4.15&#8243; global_colors_info=&#8221;{}&#8221;][et_pb_text _builder_version=&#8221;4.15.1&#8243; text_font=&#8221;Roboto|700|||||||&#8221; text_text_color=&#8221;#ffffff&#8221; text_font_size=&#8221;16px&#8221; text_line_height=&#8221;1.4em&#8221; text_orientation=&#8221;justified&#8221; custom_margin=&#8221;9px|140px||-120px|false|false&#8221; custom_margin_tablet=&#8221;|130px||130px|false|true&#8221; custom_margin_phone=&#8221;|30px||30px|false|true&#8221; custom_margin_last_edited=&#8221;on|tablet&#8221; custom_padding=&#8221;0px|0px|0px|0px|true|true&#8221; custom_padding_tablet=&#8221;10px|10px|10px|10px|true|true&#8221; custom_padding_phone=&#8221;&#8221; custom_padding_last_edited=&#8221;on|phone&#8221; text_font_size_tablet=&#8221;&#8221; text_font_size_phone=&#8221;15px&#8221; text_font_size_last_edited=&#8221;on|phone&#8221; text_orientation_tablet=&#8221;center&#8221; text_orientation_phone=&#8221;center&#8221; text_orientation_last_edited=&#8221;on|tablet&#8221; border_color_all=&#8221;#ffffff&#8221; border_width_all_tablet=&#8221;0px&#8221; border_width_all_phone=&#8221;&#8221; border_width_all_last_edited=&#8221;on|phone&#8221; global_colors_info=&#8221;{}&#8221;]<\/p>\n<p>Partageons nos informations ! Faites-nous savoir quelles sont pour vous, les autres endroits qui pourraient faire partie de ce top 30 des sites historiques les plus int\u00e9ressants d&#8217;Europe.<\/p>\n<p>Si vous avez simplement aim\u00e9 cette page et que vous voulez envoyer de bonnes vibrations, ou si vous avez des questions, cet espace de commentaires est aussi fait pour \u00e7a.<\/p>\n<p>[\/et_pb_text][\/et_pb_column][\/et_pb_row][et_pb_row module_class=&#8221;dark-bg-comments&#8221; _builder_version=&#8221;4.15&#8243; locked=&#8221;off&#8221; global_colors_info=&#8221;{}&#8221;][et_pb_column type=&#8221;4_4&#8243; _builder_version=&#8221;4.15&#8243; custom_padding=&#8221;|||&#8221; global_colors_info=&#8221;{}&#8221; custom_padding__hover=&#8221;|||&#8221;][et_pb_comments _builder_version=&#8221;4.15&#8243; form_field_background_color=&#8221;#ffffff&#8221; form_field_text_color=&#8221;#113e5d&#8221; header_level=&#8221;h2&#8243; header_font=&#8221;Oswald|700||on|||||&#8221; header_text_color=&#8221;#0d3f5e&#8221; header_font_size=&#8221;40px&#8221; meta_font=&#8221;|600|||||||&#8221; meta_text_color=&#8221;#ffffff&#8221; meta_font_size=&#8221;16px&#8221; body_font=&#8221;Roboto|700|||||||&#8221; body_text_color=&#8221;#113e5d&#8221; body_font_size=&#8221;18px&#8221; form_field_font=&#8221;Roboto|500|||||||&#8221; form_field_font_size=&#8221;16px&#8221; custom_button=&#8221;on&#8221; button_text_color=&#8221;#113e5d&#8221; button_bg_color=&#8221;#fbba00&#8243; button_border_color=&#8221;#fbba00&#8243; button_font=&#8221;Oswald|600||on|||||&#8221; background_layout=&#8221;dark&#8221; custom_margin=&#8221;80px||80px||true&#8221; custom_margin_tablet=&#8221;40px||40px||true&#8221; custom_margin_phone=&#8221;10px||10px||false&#8221; custom_margin_last_edited=&#8221;on|desktop&#8221; header_font_size_tablet=&#8221;35px&#8221; header_font_size_phone=&#8221;30px&#8221; header_font_size_last_edited=&#8221;on|phone&#8221; body_font_size_tablet=&#8221;17px&#8221; body_font_size_phone=&#8221;16px&#8221; body_font_size_last_edited=&#8221;on|phone&#8221; border_radii_image=&#8221;on|10px|10px|10px|10px&#8221; border_color_all_image=&#8221;#ffffff&#8221; box_shadow_style_image=&#8221;preset1&#8243; form_background_color=&#8221;#ffffff&#8221; global_colors_info=&#8221;{}&#8221; button_text_color__hover_enabled=&#8221;on&#8221; button_text_color__hover=&#8221;#113e5d&#8221; button_bg_color__hover_enabled=&#8221;on&#8221; button_bg_color__hover=&#8221;#fbba00&#8243; button_border_color__hover_enabled=&#8221;on&#8221; button_border_color__hover=&#8221;#fbba00&#8243;][\/et_pb_comments][\/et_pb_column][\/et_pb_row][\/et_pb_section]<\/p>\n<span class=\"et_bloom_bottom_trigger\"><\/span>","protected":false},"excerpt":{"rendered":"<p>Top 30 des sites historiques les plus int\u00e9ressants d&#8217;Europe (Partie 2) Top 30 des sites historiques les plus int\u00e9ressants d&#8217;Europe (Partie 2) 30 sites historiques int\u00e9ressants \u00e0 voir en Europe (Partie 2)Dans cette deuxi\u00e8me partie, vous verrez la suite mon top 30 des sites historiques les plus int\u00e9ressants d&#8217;Europe. Vous d\u00e9couvrirez donc sur cette page [&hellip;]<\/p>\n","protected":false},"author":2,"featured_media":0,"parent":0,"menu_order":0,"comment_status":"closed","ping_status":"closed","template":"","meta":{"_et_pb_use_builder":"on","_et_pb_old_content":"","_et_gb_content_width":"","ngg_post_thumbnail":0,"footnotes":""},"yoast_head":"<!-- This site is optimized with the Yoast SEO plugin v18.0 - https:\/\/yoast.com\/wordpress\/plugins\/seo\/ -->\n<title>Top 30 des sites historiques les plus int\u00e9ressants d&#039;Europe<\/title>\n<meta name=\"description\" content=\"D\u00e9couvrez le top 30 des sites historiques les plus int\u00e9ressants d&#039;Europe, accompagn\u00e9 de nombreuses photos et d&#039;informations essentielles.\" \/>\n<meta name=\"robots\" content=\"index, follow, max-snippet:-1, max-image-preview:large, max-video-preview:-1\" \/>\n<link rel=\"canonical\" href=\"https:\/\/www.where2travel.com\/fr\/sites-historiques-interessants-europe\/\" \/>\n<meta property=\"og:locale\" content=\"fr_FR\" \/>\n<meta property=\"og:type\" content=\"article\" \/>\n<meta property=\"og:title\" content=\"Top 30 des sites historiques les plus int\u00e9ressants d&#039;Europe\" \/>\n<meta property=\"og:description\" content=\"D\u00e9couvrez le top 30 des sites historiques les plus int\u00e9ressants d&#039;Europe, accompagn\u00e9 de nombreuses photos et d&#039;informations essentielles.\" \/>\n<meta property=\"og:url\" content=\"https:\/\/www.where2travel.com\/fr\/sites-historiques-interessants-europe\/\" \/>\n<meta property=\"og:site_name\" content=\"Organisez vos voyages de fa\u00e7on simple, rapide et \u00e9conomique\" \/>\n<meta property=\"article:publisher\" content=\"https:\/\/www.facebook.com\/Where2travel.Dan\" \/>\n<meta property=\"article:modified_time\" content=\"2022-03-31T16:43:52+00:00\" \/>\n<meta property=\"og:image\" content=\"https:\/\/www.where2travel.com\/wp-content\/uploads\/2019\/06\/Evaluation-Where2travel-N%C2%B016.png\" \/>\n<meta name=\"twitter:card\" content=\"summary_large_image\" \/>\n<meta name=\"twitter:label1\" content=\"Dur\u00e9e de lecture estim\u00e9e\" \/>\n\t<meta name=\"twitter:data1\" content=\"10 minutes\" \/>\n<script type=\"application\/ld+json\" class=\"yoast-schema-graph\">{\"@context\":\"https:\/\/schema.org\",\"@graph\":[{\"@type\":\"Organization\",\"@id\":\"https:\/\/www.where2travel.com\/fr\/#organization\",\"name\":\"Where2travel\",\"url\":\"https:\/\/www.where2travel.com\/fr\/\",\"sameAs\":[\"https:\/\/www.facebook.com\/Where2travel.Dan\",\"https:\/\/www.instagram.com\/where2travel\/\",\"https:\/\/www.youtube.com\/channel\/UC48JP_B1G3sbDqaTPd3Uprw\",\"https:\/\/www.pinterest.fr\/DanWhere2travel\/\"],\"logo\":{\"@type\":\"ImageObject\",\"@id\":\"https:\/\/www.where2travel.com\/fr\/#logo\",\"inLanguage\":\"fr-FR\",\"url\":\"https:\/\/www.where2travel.com\/wp-content\/uploads\/2019\/05\/Logo-Where2travel.png\",\"contentUrl\":\"https:\/\/www.where2travel.com\/wp-content\/uploads\/2019\/05\/Logo-Where2travel.png\",\"width\":252,\"height\":77,\"caption\":\"Where2travel\"},\"image\":{\"@id\":\"https:\/\/www.where2travel.com\/fr\/#logo\"}},{\"@type\":\"WebSite\",\"@id\":\"https:\/\/www.where2travel.com\/fr\/#website\",\"url\":\"https:\/\/www.where2travel.com\/fr\/\",\"name\":\"Organisez vos voyages de fa\u00e7on simple, rapide et \u00e9conomique\",\"description\":\"Trouvez des inspirations de voyage et pr\u00e9parez vos voyages de fa\u00e7on simple, rapide et \u00e9conomique\",\"publisher\":{\"@id\":\"https:\/\/www.where2travel.com\/fr\/#organization\"},\"potentialAction\":[{\"@type\":\"SearchAction\",\"target\":{\"@type\":\"EntryPoint\",\"urlTemplate\":\"https:\/\/www.where2travel.com\/fr\/?s={search_term_string}\"},\"query-input\":\"required name=search_term_string\"}],\"inLanguage\":\"fr-FR\"},{\"@type\":\"ImageObject\",\"@id\":\"https:\/\/www.where2travel.com\/fr\/sites-historiques-interessants-europe\/#primaryimage\",\"inLanguage\":\"fr-FR\",\"url\":\"https:\/\/www.where2travel.com\/wp-content\/uploads\/2019\/06\/Evaluation-Where2travel-N%C2%B016.png\",\"contentUrl\":\"https:\/\/www.where2travel.com\/wp-content\/uploads\/2019\/06\/Evaluation-Where2travel-N%C2%B016.png\"},{\"@type\":\"WebPage\",\"@id\":\"https:\/\/www.where2travel.com\/fr\/sites-historiques-interessants-europe\/#webpage\",\"url\":\"https:\/\/www.where2travel.com\/fr\/sites-historiques-interessants-europe\/\",\"name\":\"Top 30 des sites historiques les plus int\u00e9ressants d'Europe\",\"isPartOf\":{\"@id\":\"https:\/\/www.where2travel.com\/fr\/#website\"},\"primaryImageOfPage\":{\"@id\":\"https:\/\/www.where2travel.com\/fr\/sites-historiques-interessants-europe\/#primaryimage\"},\"datePublished\":\"2022-03-29T16:52:25+00:00\",\"dateModified\":\"2022-03-31T16:43:52+00:00\",\"description\":\"D\u00e9couvrez le top 30 des sites historiques les plus int\u00e9ressants d'Europe, accompagn\u00e9 de nombreuses photos et d'informations essentielles.\",\"breadcrumb\":{\"@id\":\"https:\/\/www.where2travel.com\/fr\/sites-historiques-interessants-europe\/#breadcrumb\"},\"inLanguage\":\"fr-FR\",\"potentialAction\":[{\"@type\":\"ReadAction\",\"target\":[\"https:\/\/www.where2travel.com\/fr\/sites-historiques-interessants-europe\/\"]}]},{\"@type\":\"BreadcrumbList\",\"@id\":\"https:\/\/www.where2travel.com\/fr\/sites-historiques-interessants-europe\/#breadcrumb\",\"itemListElement\":[{\"@type\":\"ListItem\",\"position\":1,\"name\":\"Home\",\"item\":\"https:\/\/www.where2travel.com\/fr\/\"},{\"@type\":\"ListItem\",\"position\":2,\"name\":\"Top 30 des sites historiques les plus int\u00e9ressants d&#8217;Europe (Partie 2)\"}]}]}<\/script>\n<!-- \/ Yoast SEO plugin. -->","yoast_head_json":{"title":"Top 30 des sites historiques les plus int\u00e9ressants d'Europe","description":"D\u00e9couvrez le top 30 des sites historiques les plus int\u00e9ressants d'Europe, accompagn\u00e9 de nombreuses photos et d'informations essentielles.","robots":{"index":"index","follow":"follow","max-snippet":"max-snippet:-1","max-image-preview":"max-image-preview:large","max-video-preview":"max-video-preview:-1"},"canonical":"https:\/\/www.where2travel.com\/fr\/sites-historiques-interessants-europe\/","og_locale":"fr_FR","og_type":"article","og_title":"Top 30 des sites historiques les plus int\u00e9ressants d'Europe","og_description":"D\u00e9couvrez le top 30 des sites historiques les plus int\u00e9ressants d'Europe, accompagn\u00e9 de nombreuses photos et d'informations essentielles.","og_url":"https:\/\/www.where2travel.com\/fr\/sites-historiques-interessants-europe\/","og_site_name":"Organisez vos voyages de fa\u00e7on simple, rapide et \u00e9conomique","article_publisher":"https:\/\/www.facebook.com\/Where2travel.Dan","article_modified_time":"2022-03-31T16:43:52+00:00","og_image":[{"url":"https:\/\/www.where2travel.com\/wp-content\/uploads\/2019\/06\/Evaluation-Where2travel-N%C2%B016.png"}],"twitter_card":"summary_large_image","twitter_misc":{"Dur\u00e9e de lecture estim\u00e9e":"10 minutes"},"schema":{"@context":"https:\/\/schema.org","@graph":[{"@type":"Organization","@id":"https:\/\/www.where2travel.com\/fr\/#organization","name":"Where2travel","url":"https:\/\/www.where2travel.com\/fr\/","sameAs":["https:\/\/www.facebook.com\/Where2travel.Dan","https:\/\/www.instagram.com\/where2travel\/","https:\/\/www.youtube.com\/channel\/UC48JP_B1G3sbDqaTPd3Uprw","https:\/\/www.pinterest.fr\/DanWhere2travel\/"],"logo":{"@type":"ImageObject","@id":"https:\/\/www.where2travel.com\/fr\/#logo","inLanguage":"fr-FR","url":"https:\/\/www.where2travel.com\/wp-content\/uploads\/2019\/05\/Logo-Where2travel.png","contentUrl":"https:\/\/www.where2travel.com\/wp-content\/uploads\/2019\/05\/Logo-Where2travel.png","width":252,"height":77,"caption":"Where2travel"},"image":{"@id":"https:\/\/www.where2travel.com\/fr\/#logo"}},{"@type":"WebSite","@id":"https:\/\/www.where2travel.com\/fr\/#website","url":"https:\/\/www.where2travel.com\/fr\/","name":"Organisez vos voyages de fa\u00e7on simple, rapide et \u00e9conomique","description":"Trouvez des inspirations de voyage et pr\u00e9parez vos voyages de fa\u00e7on simple, rapide et \u00e9conomique","publisher":{"@id":"https:\/\/www.where2travel.com\/fr\/#organization"},"potentialAction":[{"@type":"SearchAction","target":{"@type":"EntryPoint","urlTemplate":"https:\/\/www.where2travel.com\/fr\/?s={search_term_string}"},"query-input":"required name=search_term_string"}],"inLanguage":"fr-FR"},{"@type":"ImageObject","@id":"https:\/\/www.where2travel.com\/fr\/sites-historiques-interessants-europe\/#primaryimage","inLanguage":"fr-FR","url":"https:\/\/www.where2travel.com\/wp-content\/uploads\/2019\/06\/Evaluation-Where2travel-N%C2%B016.png","contentUrl":"https:\/\/www.where2travel.com\/wp-content\/uploads\/2019\/06\/Evaluation-Where2travel-N%C2%B016.png"},{"@type":"WebPage","@id":"https:\/\/www.where2travel.com\/fr\/sites-historiques-interessants-europe\/#webpage","url":"https:\/\/www.where2travel.com\/fr\/sites-historiques-interessants-europe\/","name":"Top 30 des sites historiques les plus int\u00e9ressants d'Europe","isPartOf":{"@id":"https:\/\/www.where2travel.com\/fr\/#website"},"primaryImageOfPage":{"@id":"https:\/\/www.where2travel.com\/fr\/sites-historiques-interessants-europe\/#primaryimage"},"datePublished":"2022-03-29T16:52:25+00:00","dateModified":"2022-03-31T16:43:52+00:00","description":"D\u00e9couvrez le top 30 des sites historiques les plus int\u00e9ressants d'Europe, accompagn\u00e9 de nombreuses photos et d'informations essentielles.","breadcrumb":{"@id":"https:\/\/www.where2travel.com\/fr\/sites-historiques-interessants-europe\/#breadcrumb"},"inLanguage":"fr-FR","potentialAction":[{"@type":"ReadAction","target":["https:\/\/www.where2travel.com\/fr\/sites-historiques-interessants-europe\/"]}]},{"@type":"BreadcrumbList","@id":"https:\/\/www.where2travel.com\/fr\/sites-historiques-interessants-europe\/#breadcrumb","itemListElement":[{"@type":"ListItem","position":1,"name":"Home","item":"https:\/\/www.where2travel.com\/fr\/"},{"@type":"ListItem","position":2,"name":"Top 30 des sites historiques les plus int\u00e9ressants d&#8217;Europe (Partie 2)"}]}]}},"_links":{"self":[{"href":"https:\/\/www.where2travel.com\/fr\/wp-json\/wp\/v2\/pages\/251904"}],"collection":[{"href":"https:\/\/www.where2travel.com\/fr\/wp-json\/wp\/v2\/pages"}],"about":[{"href":"https:\/\/www.where2travel.com\/fr\/wp-json\/wp\/v2\/types\/page"}],"author":[{"embeddable":true,"href":"https:\/\/www.where2travel.com\/fr\/wp-json\/wp\/v2\/users\/2"}],"replies":[{"embeddable":true,"href":"https:\/\/www.where2travel.com\/fr\/wp-json\/wp\/v2\/comments?post=251904"}],"version-history":[{"count":2,"href":"https:\/\/www.where2travel.com\/fr\/wp-json\/wp\/v2\/pages\/251904\/revisions"}],"predecessor-version":[{"id":252375,"href":"https:\/\/www.where2travel.com\/fr\/wp-json\/wp\/v2\/pages\/251904\/revisions\/252375"}],"wp:attachment":[{"href":"https:\/\/www.where2travel.com\/fr\/wp-json\/wp\/v2\/media?parent=251904"}],"curies":[{"name":"wp","href":"https:\/\/api.w.org\/{rel}","templated":true}]}}