{"id":243454,"date":"2020-06-10T18:33:23","date_gmt":"2020-06-10T16:33:23","guid":{"rendered":"https:\/\/www.where2travel.com\/?page_id=243454"},"modified":"2021-03-21T20:23:09","modified_gmt":"2021-03-21T19:23:09","slug":"plus-beaux-paysages-naturels-europe-partie-2","status":"publish","type":"page","link":"https:\/\/www.where2travel.com\/fr\/plus-beaux-paysages-naturels-europe-partie-2\/","title":{"rendered":"Top 20 des plus magnifiques paysages naturels en Europe (Partie 2)"},"content":{"rendered":"<p>[et_pb_section fb_built=&#8221;1&#8243; disabled_on=&#8221;on|on|off&#8221; admin_label=&#8221;Image Intro computer&#8221; module_class=&#8221; full-height&#8221; _builder_version=&#8221;4.4.8&#8243; background_color=&#8221;#233b4e&#8221; use_background_color_gradient=&#8221;on&#8221; background_color_gradient_start=&#8221;rgba(0,11,30,0.25)&#8221; background_color_gradient_end=&#8221;rgba(0,11,30,0.57)&#8221; background_color_gradient_overlays_image=&#8221;on&#8221; background_image=&#8221;https:\/\/www.where2travel.com\/wp-content\/uploads\/2020\/07\/plus-beaux-paysages-naturels-en-europe.jpg&#8221; locked=&#8221;off&#8221; collapsed=&#8221;off&#8221;][et_pb_row _builder_version=&#8221;3.25&#8243;][et_pb_column type=&#8221;4_4&#8243; _builder_version=&#8221;3.25&#8243; custom_padding=&#8221;|||&#8221; custom_padding__hover=&#8221;|||&#8221;][et_pb_text admin_label=&#8221;WHERE TO TRAVEL IN JANUARY?&#8221; _builder_version=&#8221;4.9.1&#8243; text_font=&#8221;Oswald|700||on|||||&#8221; text_text_color=&#8221;#ffffff&#8221; text_font_size=&#8221;55px&#8221; text_line_height=&#8221;1.3em&#8221; header_font=&#8221;Oswald|700||on|||||&#8221; header_text_align=&#8221;center&#8221; header_text_color=&#8221;#ffffff&#8221; header_font_size=&#8221;55px&#8221; text_orientation=&#8221;center&#8221; background_layout=&#8221;dark&#8221; custom_margin=&#8221;30vh|1vw||1vw|false|true&#8221; text_text_shadow_style=&#8221;preset4&#8243; text_text_shadow_vertical_length=&#8221;0.11em&#8221; header_text_shadow_style=&#8221;preset4&#8243; header_text_shadow_vertical_length=&#8221;0.1em&#8221; text_text_align=&#8221;center&#8221;]Top 20 des plus magnifiques paysages naturels en Europe (partie 2)[\/et_pb_text][\/et_pb_column][\/et_pb_row][\/et_pb_section][et_pb_section fb_built=&#8221;1&#8243; disabled_on=&#8221;off|off|on&#8221; admin_label=&#8221;Image intro mobile&#8221; module_class=&#8221; full-height&#8221; _builder_version=&#8221;4.4.8&#8243; background_color=&#8221;#233b4e&#8221; use_background_color_gradient=&#8221;on&#8221; background_color_gradient_start=&#8221;rgba(0,11,30,0.25)&#8221; background_color_gradient_end=&#8221;rgba(0,11,30,0.57)&#8221; background_color_gradient_overlays_image=&#8221;on&#8221; background_image=&#8221;https:\/\/www.where2travel.com\/wp-content\/uploads\/2020\/07\/plus-beaux-paysages-naturels-en-europe-mobile.jpg&#8221; locked=&#8221;off&#8221; collapsed=&#8221;on&#8221;][et_pb_row _builder_version=&#8221;3.25&#8243;][et_pb_column type=&#8221;4_4&#8243; _builder_version=&#8221;3.25&#8243; custom_padding=&#8221;|||&#8221; custom_padding__hover=&#8221;|||&#8221;][et_pb_text admin_label=&#8221;WHERE TO TRAVEL IN JANUARY?&#8221; _builder_version=&#8221;4.9.1&#8243; text_font=&#8221;Roboto||||||||&#8221; text_text_color=&#8221;#ffffff&#8221; text_font_size=&#8221;20px&#8221; text_line_height=&#8221;1.3em&#8221; header_font=&#8221;Oswald|700|||||||&#8221; background_layout=&#8221;dark&#8221; custom_margin=&#8221;28vh|-30px||105px|false|false&#8221; custom_margin_tablet=&#8221;30vh|-60px|0px|-60px|false|true&#8221; custom_margin_phone=&#8221;20vh|-25px|0vh|-25px|false|true&#8221; custom_margin_last_edited=&#8221;on|tablet&#8221; text_font_size_tablet=&#8221;&#8221; text_font_size_phone=&#8221;12px&#8221; text_font_size_last_edited=&#8221;on|phone&#8221; header_font_size_tablet=&#8221;55px&#8221; header_font_size_phone=&#8221;45px&#8221; header_font_size_last_edited=&#8221;on|tablet&#8221; text_text_shadow_style=&#8221;preset4&#8243; header_text_shadow_style=&#8221;preset4&#8243; header_text_shadow_vertical_length=&#8221;0.1em&#8221;]<\/p>\n<div class=\"heading-hello\" style=\"text-align: center;\">\n<h1>Top 20 des plus magnifiques paysages naturels en Europe (Partie 2)<\/h1>\n<\/div>\n<p>[\/et_pb_text][\/et_pb_column][\/et_pb_row][\/et_pb_section][et_pb_section fb_built=&#8221;1&#8243; admin_label=&#8221;Breadcrumb&#8221; _builder_version=&#8221;3.22.7&#8243; custom_margin_phone=&#8221;-20px||-70px||false&#8221; custom_margin_last_edited=&#8221;off|desktop&#8221; custom_padding=&#8221;0px||0px|&#8221; z_index_tablet=&#8221;500&#8243; locked=&#8221;off&#8221; collapsed=&#8221;on&#8221;][et_pb_row _builder_version=&#8221;3.25&#8243; background_size=&#8221;initial&#8221; background_position=&#8221;top_left&#8221; background_repeat=&#8221;repeat&#8221; custom_padding=&#8221;10px||0px||false|false&#8221; z_index_tablet=&#8221;500&#8243;][et_pb_column type=&#8221;4_4&#8243; _builder_version=&#8221;3.25&#8243; custom_padding=&#8221;|||&#8221; custom_padding__hover=&#8221;|||&#8221;][et_pb_dcsbcm_divi_breadcrumbs_module homebreadcrumbtext=&#8221;Where2travel&#8221; hide_currentbreadcrumb=&#8221;off&#8221; computed_field_html_payload=&#8221;<span class=%22dcsbcm_divi_breadcrumb%22 typeof=%22v:Breadcrumb%22><a rel=%22v:url%22 property=%22v:title%22 href=%22https:\/\/www.where2travel.com\/%22>Home<\/a><\/span><span class=%22dcsbcm_separator%22> \u00bb <\/span><span class=%22dcsbcm_divi_breadcrumb dcsbcm_divi_breadcrumb-active%22>Where to travel in January<\/span><\/div>\n<p>&#8221; _builder_version=&#8221;4.4.7&#8243; body_font=&#8221;Roboto|900|||||||&#8221; body_text_align=&#8221;center&#8221; body_text_color=&#8221;#113e5d&#8221; body_font_size=&#8221;20px&#8221; fontsseparator_font=&#8221;Roboto|900|||||||&#8221; fontsseparator_text_color=&#8221;#113e5d&#8221; fontsseparator_font_size=&#8221;25px&#8221; fontsbreadcrumblinks_font=&#8221;Roboto|700|||||||&#8221; fontsbreadcrumblinks_text_align=&#8221;center&#8221; fontsbreadcrumblinks_text_color=&#8221;#68a3cb&#8221; fontsbreadcrumblinks_font_size=&#8221;20px&#8221; background_color=&#8221;#ffffff&#8221; custom_margin=&#8221;6px||||false|false&#8221; custom_margin_tablet=&#8221;&#8221; custom_margin_phone=&#8221;6px||||false|false&#8221; custom_margin_last_edited=&#8221;on|phone&#8221; custom_padding=&#8221;||0px||false|false&#8221; body_font_size_tablet=&#8221;18px&#8221; body_font_size_phone=&#8221;16px&#8221; body_font_size_last_edited=&#8221;on|desktop&#8221; fontsseparator_font_size_tablet=&#8221;20px&#8221; fontsseparator_font_size_phone=&#8221;18px&#8221; fontsseparator_font_size_last_edited=&#8221;on|phone&#8221; fontsbreadcrumblinks_font_size_tablet=&#8221;18px&#8221; fontsbreadcrumblinks_font_size_phone=&#8221;16px&#8221; fontsbreadcrumblinks_font_size_last_edited=&#8221;on|phone&#8221; z_index_tablet=&#8221;500&#8243; fontsbreadcrumbs_font_size_tablet=&#8221;18px&#8221; fontsbreadcrumbs_font_size_phone=&#8221;16px&#8221; fontsbreadcrumbs_font_size_last_edited=&#8221;on|tablet&#8221; fontsbreadcrumbs_letter_spacing_tablet=&#8221;&#8221; fontsbreadcrumbs_letter_spacing_phone=&#8221;&#8221; fontsbreadcrumbs_letter_spacing_last_edited=&#8221;on|phone&#8221; fontsbreadcrumbs_line_height_tablet=&#8221;&#8221; fontsbreadcrumbs_line_height_phone=&#8221;&#8221; fontsbreadcrumbs_line_height_last_edited=&#8221;on|phone&#8221; fontsseperator_font_size_tablet=&#8221;18px&#8221; fontsseperator_font_size_phone=&#8221;16px&#8221; fontsseperator_font_size_last_edited=&#8221;on|desktop&#8221; fontsseperator_line_height_tablet=&#8221;2&#8243; fontsseperator_line_height_phone=&#8221;1.3px&#8221; fontsseperator_line_height_last_edited=&#8221;on|phone&#8221; fontsbreadcrumblinks_text_color__hover_enabled=&#8221;on|hover&#8221; fontsbreadcrumblinks_text_color__hover=&#8221;#fbba00&#8243;][\/et_pb_dcsbcm_divi_breadcrumbs_module][\/et_pb_column][\/et_pb_row][\/et_pb_section][et_pb_section fb_built=&#8221;1&#8243; module_id=&#8221;section-what&#8221; _builder_version=&#8221;4.0.5&#8243; background_color=&#8221;#ffffff&#8221; custom_margin=&#8221;0px|||&#8221; custom_margin_tablet=&#8221;&#8221; custom_margin_phone=&#8221;3px||10px|&#8221; custom_margin_last_edited=&#8221;on|desktop&#8221; custom_padding=&#8221;0|0px|0px|0px|false|false&#8221; top_divider_height_tablet=&#8221;50px&#8221; top_divider_height_phone=&#8221;40px&#8221; top_divider_height_last_edited=&#8221;on|tablet&#8221; bottom_divider_style=&#8221;arrow2&#8243; bottom_divider_color=&#8221;#68a3cb&#8221; bottom_divider_height=&#8221;240px&#8221; bottom_divider_flip=&#8221;horizontal&#8221; bottom_divider_arrangement=&#8221;above_content&#8221; bottom_divider_height_tablet=&#8221;175px&#8221; bottom_divider_height_phone=&#8221;140px&#8221; bottom_divider_height_last_edited=&#8221;on|tablet&#8221; border_width_top=&#8221;1px&#8221; border_color_top=&#8221;rgba(0,48,71,0.27)&#8221;][et_pb_row custom_padding_last_edited=&#8221;on|desktop&#8221; _builder_version=&#8221;3.26.5&#8243; custom_margin=&#8221;100px||0px|&#8221; custom_margin_tablet=&#8221;70px|||&#8221; custom_margin_phone=&#8221;80px|||&#8221; custom_margin_last_edited=&#8221;on|desktop&#8221; custom_padding=&#8221;0px|0px|80px|0px|false|false&#8221; custom_padding_tablet=&#8221;||125px|&#8221; custom_padding_phone=&#8221;||88px|&#8221;][et_pb_column type=&#8221;4_4&#8243; _builder_version=&#8221;3.25&#8243; custom_padding=&#8221;|||&#8221; custom_padding__hover=&#8221;|||&#8221;][et_pb_text admin_label=&#8221;Countries best to visit in January&#8221; _builder_version=&#8221;4.4.7&#8243; text_font=&#8221;||||&#8221; text_text_color=&#8221;#1a1a1a&#8221; link_text_color=&#8221;#68a3cb&#8221; header_font=&#8221;Oswald|on||on|&#8221; header_text_align=&#8221;right&#8221; header_font_size=&#8221;60px&#8221; header_line_height=&#8221;1.3em&#8221; header_2_font=&#8221;Oswald|on||on|&#8221; header_2_text_align=&#8221;left&#8221; header_2_text_color=&#8221;#113e5d&#8221; header_2_font_size=&#8221;60px&#8221; header_2_line_height=&#8221;1.3em&#8221; custom_margin=&#8221;-10px|5vw|70px|5vw|false|true&#8221; custom_margin_tablet=&#8221;-10px|36px|90px|36px|false|true&#8221; custom_margin_phone=&#8221;-10px|-30px|90px|-30px|false|true&#8221; custom_margin_last_edited=&#8221;on|phone&#8221; animation_style=&#8221;slide&#8221; animation_direction=&#8221;top&#8221; animation_intensity_slide=&#8221;10%&#8221; header_font_size_tablet=&#8221;&#8221; header_font_size_phone=&#8221;&#8221; header_font_size_last_edited=&#8221;on|phone&#8221; header_2_font_size_tablet=&#8221;55px&#8221; header_2_font_size_phone=&#8221;40px&#8221; header_2_font_size_last_edited=&#8221;on|phone&#8221;]<\/p>\n<h2 style=\"text-align: center;\">20 paysages naturels magnifiques \u00e0 voir en Europe<\/h2>\n<p>[\/et_pb_text][et_pb_text admin_label=&#8221;Let me give you my opinion about the best countries to travel in the world in the month of January&#8221; _builder_version=&#8221;4.9.1&#8243; text_font=&#8221;Roboto||||&#8221; text_font_size=&#8221;16px&#8221; text_line_height=&#8221;1.9em&#8221; link_font=&#8221;Roboto||||||||&#8221; link_text_color=&#8221;#68a3cb&#8221; link_font_size=&#8221;16px&#8221; link_line_height=&#8221;1.9em&#8221; ul_font=&#8221;||||||||&#8221; ol_font=&#8221;||||||||&#8221; quote_font=&#8221;||||||||&#8221; header_font=&#8221;Varela Round|700|||||||&#8221; header_text_align=&#8221;center&#8221; header_text_color=&#8221;#2a8a6f&#8221; header_font_size=&#8221;40px&#8221; header_line_height=&#8221;1.4em&#8221; header_2_font=&#8221;Varela Round|700|||||||&#8221; header_2_text_align=&#8221;center&#8221; header_2_text_color=&#8221;#2a8a6f&#8221; header_2_font_size=&#8221;36px&#8221; header_2_line_height=&#8221;1.4em&#8221; header_3_font=&#8221;Montserrat||||||||&#8221; header_3_text_align=&#8221;justify&#8221; header_3_text_color=&#8221;#555555&#8243; header_3_font_size=&#8221;20px&#8221; header_3_line_height=&#8221;1.4em&#8221; custom_margin=&#8221;150px||200px||false|false&#8221; custom_margin_tablet=&#8221;0px||150px||false|false&#8221; custom_margin_phone=&#8221;0px||120px||false|false&#8221; custom_margin_last_edited=&#8221;on|phone&#8221; custom_padding=&#8221;|100px||100px&#8221; custom_padding_tablet=&#8221;|0px||0px&#8221; custom_padding_phone=&#8221;&#8221; custom_padding_last_edited=&#8221;on|desktop&#8221; animation_style=&#8221;slide&#8221; animation_direction=&#8221;top&#8221; animation_intensity_slide=&#8221;10%&#8221; text_font_size_tablet=&#8221;&#8221; text_font_size_phone=&#8221;15px&#8221; text_font_size_last_edited=&#8221;on|phone&#8221; link_font_size_tablet=&#8221;&#8221; link_font_size_phone=&#8221;&#8221; link_font_size_last_edited=&#8221;on|desktop&#8221; header_font_size_tablet=&#8221;30px&#8221; header_font_size_phone=&#8221;25px&#8221; header_font_size_last_edited=&#8221;on|phone&#8221; header_2_font_size_tablet=&#8221;25px&#8221; header_2_font_size_phone=&#8221;20px&#8221; header_2_font_size_last_edited=&#8221;on|phone&#8221; header_3_font_size_tablet=&#8221;16px&#8221; header_3_font_size_phone=&#8221;14px&#8221; header_3_font_size_last_edited=&#8221;on|desktop&#8221; saved_tabs=&#8221;all&#8221; link_text_color__hover_enabled=&#8221;on&#8221; link_text_color__hover=&#8221;#fbba00&#8243;]<\/p>\n<p style=\"text-align: justify;\">Dans cette deuxi\u00e8me partie, vous verrez la suite mon top 20 des plus beaux paysages naturels en Europe, ainsi que quelques autres jolis sites en bonus \u00e0 la fin. Vous d\u00e9couvrirez donc sur cette page d&#8217;autres types de sites naturels tels que des montagnes, lacs, gorges, for\u00eats, grottes&#8230; toujours accompagn\u00e9s d&#8217;informations g\u00e9n\u00e9rales, de conseils et de mes propres photos.<\/p>\n<p>[\/et_pb_text][\/et_pb_column][\/et_pb_row][\/et_pb_section][et_pb_section fb_built=&#8221;1&#8243; custom_padding_last_edited=&#8221;on|&#8221; _builder_version=&#8221;4.9.1&#8243; custom_padding_tablet=&#8221;&#8221; custom_padding_phone=&#8221;&#8221; bottom_divider_color=&#8221;#68a3cb&#8221; bottom_divider_height=&#8221;240px&#8221; bottom_divider_flip=&#8221;horizontal&#8221; bottom_divider_arrangement=&#8221;above_content&#8221; bottom_divider_height_tablet=&#8221;175px&#8221; bottom_divider_height_phone=&#8221;140px&#8221; bottom_divider_height_last_edited=&#8221;on|phone&#8221;][et_pb_row custom_padding_last_edited=&#8221;on|desktop&#8221; _builder_version=&#8221;4.4.7&#8243; custom_margin=&#8221;100px||30px||false|false&#8221; custom_margin_tablet=&#8221;70px||0px||false|false&#8221; custom_margin_phone=&#8221;50px||||false|false&#8221; custom_margin_last_edited=&#8221;on|phone&#8221; custom_padding=&#8221;0px|0px||0px|false|false&#8221; custom_padding_tablet=&#8221;||||false|false&#8221; custom_padding_phone=&#8221;||||false|false&#8221; locked=&#8221;off&#8221;][et_pb_column type=&#8221;4_4&#8243; _builder_version=&#8221;3.25&#8243; custom_padding=&#8221;|||&#8221; custom_padding__hover=&#8221;|||&#8221;][et_pb_text admin_label=&#8221;Countries best to visit in January&#8221; _builder_version=&#8221;4.4.7&#8243; text_font=&#8221;||||&#8221; text_text_color=&#8221;#1a1a1a&#8221; link_text_color=&#8221;#68a3cb&#8221; header_font=&#8221;Oswald|on||on|&#8221; header_text_align=&#8221;right&#8221; header_font_size=&#8221;60px&#8221; header_line_height=&#8221;1.3em&#8221; header_2_font=&#8221;Oswald|on||on|&#8221; header_2_text_align=&#8221;left&#8221; header_2_text_color=&#8221;#113e5d&#8221; header_2_font_size=&#8221;60px&#8221; header_2_line_height=&#8221;1.3em&#8221; custom_margin=&#8221;-10px|5vw|0px|5vw|false|true&#8221; custom_margin_tablet=&#8221;-10px|23px|0px|23px|false|true&#8221; custom_margin_phone=&#8221;-10px|-30px|0px|-30px|false|true&#8221; custom_margin_last_edited=&#8221;on|phone&#8221; animation_style=&#8221;slide&#8221; animation_direction=&#8221;top&#8221; animation_intensity_slide=&#8221;10%&#8221; header_font_size_tablet=&#8221;&#8221; header_font_size_phone=&#8221;&#8221; header_font_size_last_edited=&#8221;on|phone&#8221; header_2_font_size_tablet=&#8221;55px&#8221; header_2_font_size_phone=&#8221;40px&#8221; header_2_font_size_last_edited=&#8221;on|phone&#8221;]<\/p>\n<h2 style=\"text-align: center;\">Top 20 des sites naturels \u00e0 d\u00e9couvrir en Europe<\/h2>\n<p>[\/et_pb_text][\/et_pb_column][\/et_pb_row][et_pb_row admin_label=&#8221;Town 1&#8243; module_id=&#8221;Vintgar&#8221; _builder_version=&#8221;4.4.7&#8243; custom_margin_tablet=&#8221;&#8221; custom_margin_phone=&#8221;-50px||0px||false|false&#8221; custom_margin_last_edited=&#8221;on|tablet&#8221; custom_padding=&#8221;73px||40.4688px||false|false&#8221;][et_pb_column type=&#8221;4_4&#8243; _builder_version=&#8221;3.25&#8243; custom_padding=&#8221;|||&#8221; custom_padding__hover=&#8221;|||&#8221;][et_pb_text admin_label=&#8221;Trinidad in Cuba&#8221; module_class=&#8221;anchor_img_text2&#8243; _builder_version=&#8221;4.4.8&#8243; text_font=&#8221;Roboto||||&#8221; text_text_color=&#8221;#1a1a1a&#8221; text_font_size=&#8221;24px&#8221; text_line_height=&#8221;1.4em&#8221; link_text_color=&#8221;#68a3cb&#8221; header_font=&#8221;||||||||&#8221; header_2_font=&#8221;Montserrat||||||||&#8221; header_2_text_color=&#8221;#000000&#8243; header_2_font_size=&#8221;20px&#8221; header_3_font=&#8221;Roboto|700|||||||&#8221; header_3_text_color=&#8221;#000000&#8243; header_3_font_size=&#8221;27px&#8221; header_3_line_height=&#8221;1.5em&#8221; custom_margin=&#8221;15px||||false|false&#8221; custom_margin_tablet=&#8221;&#8221; custom_margin_phone=&#8221;25px|||&#8221; custom_margin_last_edited=&#8221;on|phone&#8221; animation_style=&#8221;slide&#8221; animation_direction=&#8221;top&#8221; animation_intensity_slide=&#8221;10%&#8221; header_2_font_size_tablet=&#8221;&#8221; header_2_font_size_phone=&#8221;&#8221; header_2_font_size_last_edited=&#8221;on|desktop&#8221; header_3_font_size_tablet=&#8221;&#8221; header_3_font_size_phone=&#8221;22px&#8221; header_3_font_size_last_edited=&#8221;on|phone&#8221;]<\/p>\n<h3 style=\"text-align: center;\"><a href=\"https:\/\/www.where2travel.com\/fr\/plus-beaux-paysages-naturels-europe\/#Carte\"><img decoding=\"async\" src=\"https:\/\/www.where2travel.com\/wp-content\/uploads\/2019\/06\/Evaluation-Where2travel-N\u00b011.png\" alt=\"Number 11\" width=\"45\" height=\"45\">&nbsp;&nbsp;&nbsp;<\/a>Les gorges de Vintgar en Slov\u00e9nie<\/h3>\n<p>[\/et_pb_text][et_pb_divider color=&#8221;#68a3cb&#8221; divider_weight=&#8221;4px&#8221; _builder_version=&#8221;4.0.4&#8243; width=&#8221;100%&#8221; width_tablet=&#8221;100%&#8221; width_phone=&#8221;100%&#8221; width_last_edited=&#8221;on|phone&#8221; max_width=&#8221;12%&#8221; max_width_tablet=&#8221;25%&#8221; max_width_phone=&#8221;25%&#8221; max_width_last_edited=&#8221;on|desktop&#8221; module_alignment=&#8221;center&#8221; height=&#8221;6px&#8221; custom_margin=&#8221;-15px||80px||false|false&#8221; custom_margin_tablet=&#8221;-15px||70px&#8221; custom_margin_phone=&#8221;-15px||70px&#8221; custom_margin_last_edited=&#8221;on|tablet&#8221; locked=&#8221;off&#8221;][\/et_pb_divider][et_pb_text admin_label=&#8221;Description of the town&#8221; _builder_version=&#8221;4.4.7&#8243; text_font=&#8221;Roboto||||&#8221; text_font_size=&#8221;16px&#8221; text_line_height=&#8221;1.9em&#8221; link_font=&#8221;Roboto||||||||&#8221; link_text_color=&#8221;#68a3cb&#8221; link_font_size=&#8221;16px&#8221; link_line_height=&#8221;1.9em&#8221; ul_font=&#8221;||||||||&#8221; ol_font=&#8221;||||||||&#8221; quote_font=&#8221;||||||||&#8221; header_font=&#8221;Varela Round|700|||||||&#8221; header_text_align=&#8221;center&#8221; header_text_color=&#8221;#2a8a6f&#8221; header_font_size=&#8221;40px&#8221; header_line_height=&#8221;1.4em&#8221; header_2_font=&#8221;Varela Round|700|||||||&#8221; header_2_text_align=&#8221;center&#8221; header_2_text_color=&#8221;#2a8a6f&#8221; header_2_font_size=&#8221;36px&#8221; header_2_line_height=&#8221;1.4em&#8221; header_3_font=&#8221;Montserrat||||||||&#8221; header_3_text_align=&#8221;justify&#8221; header_3_text_color=&#8221;#555555&#8243; header_3_font_size=&#8221;20px&#8221; header_3_line_height=&#8221;1.4em&#8221; custom_margin=&#8221;0px||35px||false|false&#8221; custom_margin_tablet=&#8221;1px||25px||false|false&#8221; custom_margin_phone=&#8221;0px||30px||false|false&#8221; custom_margin_last_edited=&#8221;on|phone&#8221; custom_padding=&#8221;|100px||100px&#8221; custom_padding_tablet=&#8221;|0px||0px&#8221; custom_padding_phone=&#8221;|0px||0px|false|true&#8221; custom_padding_last_edited=&#8221;on|desktop&#8221; animation_style=&#8221;slide&#8221; animation_direction=&#8221;top&#8221; animation_intensity_slide=&#8221;10%&#8221; text_font_size_tablet=&#8221;&#8221; text_font_size_phone=&#8221;15px&#8221; text_font_size_last_edited=&#8221;on|phone&#8221; link_font_size_tablet=&#8221;&#8221; link_font_size_phone=&#8221;15px&#8221; link_font_size_last_edited=&#8221;on|desktop&#8221; header_font_size_tablet=&#8221;30px&#8221; header_font_size_phone=&#8221;25px&#8221; header_font_size_last_edited=&#8221;on|phone&#8221; header_2_font_size_tablet=&#8221;25px&#8221; header_2_font_size_phone=&#8221;20px&#8221; header_2_font_size_last_edited=&#8221;on|phone&#8221; header_3_font_size_tablet=&#8221;16px&#8221; header_3_font_size_phone=&#8221;14px&#8221; header_3_font_size_last_edited=&#8221;on|desktop&#8221; saved_tabs=&#8221;all&#8221; locked=&#8221;off&#8221; link_text_color__hover_enabled=&#8221;on&#8221; link_text_color__hover=&#8221;#fbba00&#8243;]<\/p>\n<p style=\"text-align: justify;\">Les gorges de Vintgar se trouvent dans le parc national du Triglav en Slov\u00e9nie, non loin du <a href=\"https:\/\/www.where2travel.com\/fr\/plus-beaux-paysages-naturels-europe\/#Bled\"><strong>lac de Bled<\/strong><\/a>. Ces gorges encaiss\u00e9es s\u2019\u00e9tendent sur 1,6 km le long des eaux turquoises de la rivi\u00e8re Radovna. Ce site naturel est tr\u00e8s bien am\u00e9nag\u00e9, vous pourrez en effet arpenter facilement le parcours fait de passerelles et de galeries accroch\u00e9es \u00e0 la roche. Cette promenade d\u2019environ 1h30 vous permettra de contempler ses montagnes, ses eaux vives et ses cascades, dont la derni\u00e8re en fin de parcours, haute de 26 m\u00e8tres.<\/p>\n<p>[\/et_pb_text][\/et_pb_column][\/et_pb_row][et_pb_row column_structure=&#8221;1_3,1_3,1_3&#8243; custom_padding_last_edited=&#8221;on|desktop&#8221; _builder_version=&#8221;3.26.3&#8243; background_size=&#8221;initial&#8221; background_position=&#8221;top_left&#8221; background_repeat=&#8221;repeat&#8221; custom_margin=&#8221;||80px||false|false&#8221; custom_margin_tablet=&#8221;||60px||false|false&#8221; custom_margin_phone=&#8221;-29px||60px||false|false&#8221; custom_margin_last_edited=&#8221;on|phone&#8221; custom_padding=&#8221;0|0px|0px|0px|false|false&#8221; custom_padding_tablet=&#8221;||0px|&#8221; custom_padding_phone=&#8221;0px||0px|&#8221; locked=&#8221;off&#8221; collapsed=&#8221;off&#8221;][et_pb_column type=&#8221;1_3&#8243; _builder_version=&#8221;3.25&#8243; custom_padding=&#8221;|||&#8221; custom_padding__hover=&#8221;|||&#8221;][et_pb_image src=&#8221;https:\/\/www.where2travel.com\/wp-content\/uploads\/2020\/07\/slovenie-gorges-vingtar.jpg&#8221; alt=&#8221;Parmi les plus magnifiques paysages naturels en Europe : les gorges de Vintgar en Slov\u00e9nie&#8221; title_text=&#8221;slovenie-gorges-vintgar&#8221; show_in_lightbox=&#8221;on&#8221; align_tablet=&#8221;center&#8221; align_phone=&#8221;&#8221; align_last_edited=&#8221;on|desktop&#8221; _builder_version=&#8221;4.9.1&#8243; custom_margin=&#8221;|0px||0px||false&#8221; custom_margin_tablet=&#8221;&#8221; custom_margin_phone=&#8221;|0px||0px||true&#8221; custom_margin_last_edited=&#8221;on|phone&#8221; animation_style=&#8221;slide&#8221; border_radii=&#8221;on|5px|5px|5px|5px&#8221; box_shadow_style=&#8221;preset6&#8243;]&nbsp;<br \/>\n[\/et_pb_image][\/et_pb_column][et_pb_column type=&#8221;1_3&#8243; _builder_version=&#8221;3.25&#8243; custom_padding=&#8221;|||&#8221; custom_padding__hover=&#8221;|||&#8221;][et_pb_image src=&#8221;https:\/\/www.where2travel.com\/wp-content\/uploads\/2020\/07\/slovenie-gorges-vingtar-passerelle.jpg&#8221; alt=&#8221;Superbe paysage naturel en Europe : Les gorges de Vintgar&#8221; title_text=&#8221;slovenie-gorges-vintgar-passerelle&#8221; show_in_lightbox=&#8221;on&#8221; align_tablet=&#8221;center&#8221; align_phone=&#8221;&#8221; align_last_edited=&#8221;on|desktop&#8221; _builder_version=&#8221;4.4.9&#8243; custom_margin=&#8221;|0px||0px||false&#8221; custom_margin_tablet=&#8221;&#8221; custom_margin_phone=&#8221;|0px||0px||true&#8221; custom_margin_last_edited=&#8221;on|phone&#8221; animation_style=&#8221;slide&#8221; border_radii=&#8221;on|5px|5px|5px|5px&#8221; box_shadow_style=&#8221;preset6&#8243;]&nbsp;<br \/>\n[\/et_pb_image][\/et_pb_column][et_pb_column type=&#8221;1_3&#8243; _builder_version=&#8221;3.25&#8243; custom_padding=&#8221;|||&#8221; custom_padding__hover=&#8221;|||&#8221;][et_pb_image src=&#8221;https:\/\/www.where2travel.com\/wp-content\/uploads\/2020\/07\/slovenie-gorges-vingtar-1.jpg&#8221; alt=&#8221;Les gorges de Vintgar en Slov\u00e9nie&#8221; title_text=&#8221;slovenie-gorges-vintgar&#8221; show_in_lightbox=&#8221;on&#8221; align_tablet=&#8221;center&#8221; align_phone=&#8221;&#8221; align_last_edited=&#8221;on|desktop&#8221; _builder_version=&#8221;4.4.9&#8243; custom_margin=&#8221;|0px||0px||false&#8221; custom_margin_tablet=&#8221;&#8221; custom_margin_phone=&#8221;|0px||0px||true&#8221; custom_margin_last_edited=&#8221;on|phone&#8221; animation_style=&#8221;slide&#8221; border_radii=&#8221;on|5px|5px|5px|5px&#8221; box_shadow_style=&#8221;preset6&#8243;]&nbsp;<br \/>\n[\/et_pb_image][\/et_pb_column][\/et_pb_row][et_pb_row admin_label=&#8221;Town 2&#8243; module_id=&#8221;Alpes&#8221; _builder_version=&#8221;4.4.7&#8243; custom_margin_tablet=&#8221;&#8221; custom_margin_phone=&#8221;-50px||0px||false&#8221; custom_margin_last_edited=&#8221;on|desktop&#8221; custom_padding=&#8221;73px|0px|40.4688px|0px|false|false&#8221;][et_pb_column type=&#8221;4_4&#8243; _builder_version=&#8221;3.25&#8243; custom_padding=&#8221;|||&#8221; custom_padding__hover=&#8221;|||&#8221;][et_pb_text admin_label=&#8221;Agra&#8221; module_class=&#8221;anchor_img_text2&#8243; _builder_version=&#8221;4.4.7&#8243; text_font=&#8221;Roboto||||&#8221; text_text_color=&#8221;#1a1a1a&#8221; text_font_size=&#8221;24px&#8221; text_line_height=&#8221;1.4em&#8221; link_text_color=&#8221;#68a3cb&#8221; header_font=&#8221;||||||||&#8221; header_2_font=&#8221;Montserrat||||||||&#8221; header_2_text_color=&#8221;#000000&#8243; header_2_font_size=&#8221;20px&#8221; header_3_font=&#8221;Roboto|700|||||||&#8221; header_3_text_color=&#8221;#000000&#8243; header_3_font_size=&#8221;27px&#8221; header_3_line_height=&#8221;1.5em&#8221; custom_margin=&#8221;15px||||false|false&#8221; custom_margin_tablet=&#8221;&#8221; custom_margin_phone=&#8221;25px|||&#8221; custom_margin_last_edited=&#8221;on|phone&#8221; animation_style=&#8221;slide&#8221; animation_direction=&#8221;top&#8221; animation_intensity_slide=&#8221;10%&#8221; header_2_font_size_tablet=&#8221;&#8221; header_2_font_size_phone=&#8221;&#8221; header_2_font_size_last_edited=&#8221;on|desktop&#8221; header_3_font_size_tablet=&#8221;&#8221; header_3_font_size_phone=&#8221;22px&#8221; header_3_font_size_last_edited=&#8221;on|phone&#8221;]<\/p>\n<h3 style=\"text-align: center;\"><a href=\"https:\/\/www.where2travel.com\/fr\/plus-beaux-paysages-naturels-europe\/#Carte\"><img decoding=\"async\" src=\"https:\/\/www.where2travel.com\/wp-content\/uploads\/2019\/06\/Evaluation-Where2travel-N\u00b012.png\" alt=\"Number 12\" width=\"45\" height=\"45\" \/>\u00a0\u00a0\u00a0<\/a>Les montagnes des Alpes en Europe<\/h3>\n<p>[\/et_pb_text][et_pb_divider color=&#8221;#68a3cb&#8221; divider_weight=&#8221;4px&#8221; _builder_version=&#8221;3.26.3&#8243; width=&#8221;100%&#8221; width_tablet=&#8221;100%&#8221; width_phone=&#8221;100%&#8221; width_last_edited=&#8221;on|phone&#8221; max_width=&#8221;12%&#8221; max_width_tablet=&#8221;25%&#8221; max_width_phone=&#8221;25%&#8221; max_width_last_edited=&#8221;on|desktop&#8221; module_alignment=&#8221;center&#8221; height=&#8221;6px&#8221; custom_margin=&#8221;-15px||80px||false|false&#8221; custom_margin_tablet=&#8221;-15px||70px&#8221; custom_margin_phone=&#8221;-15px||70px&#8221; custom_margin_last_edited=&#8221;on|tablet&#8221; locked=&#8221;off&#8221;][\/et_pb_divider][et_pb_text admin_label=&#8221;Description of the town&#8221; _builder_version=&#8221;4.9.1&#8243; text_font=&#8221;Roboto||||&#8221; text_font_size=&#8221;16px&#8221; text_line_height=&#8221;1.9em&#8221; link_font=&#8221;Roboto||||||||&#8221; link_text_color=&#8221;#68a3cb&#8221; link_font_size=&#8221;16px&#8221; link_line_height=&#8221;1.9em&#8221; ul_font=&#8221;||||||||&#8221; ol_font=&#8221;||||||||&#8221; quote_font=&#8221;||||||||&#8221; header_font=&#8221;Varela Round|700|||||||&#8221; header_text_align=&#8221;center&#8221; header_text_color=&#8221;#2a8a6f&#8221; header_font_size=&#8221;40px&#8221; header_line_height=&#8221;1.4em&#8221; header_2_font=&#8221;Varela Round|700|||||||&#8221; header_2_text_align=&#8221;center&#8221; header_2_text_color=&#8221;#2a8a6f&#8221; header_2_font_size=&#8221;36px&#8221; header_2_line_height=&#8221;1.4em&#8221; header_3_font=&#8221;Montserrat||||||||&#8221; header_3_text_align=&#8221;justify&#8221; header_3_text_color=&#8221;#555555&#8243; header_3_font_size=&#8221;20px&#8221; header_3_line_height=&#8221;1.4em&#8221; custom_margin=&#8221;0px||35px||false|false&#8221; custom_margin_tablet=&#8221;1px||25px||false|false&#8221; custom_margin_phone=&#8221;0px||30px||false|false&#8221; custom_margin_last_edited=&#8221;on|desktop&#8221; custom_padding=&#8221;|100px||100px&#8221; custom_padding_tablet=&#8221;|0px||0px&#8221; custom_padding_phone=&#8221;&#8221; custom_padding_last_edited=&#8221;on|desktop&#8221; animation_style=&#8221;slide&#8221; animation_direction=&#8221;top&#8221; animation_intensity_slide=&#8221;10%&#8221; text_font_size_tablet=&#8221;&#8221; text_font_size_phone=&#8221;15px&#8221; text_font_size_last_edited=&#8221;on|phone&#8221; link_font_size_tablet=&#8221;&#8221; link_font_size_phone=&#8221;15px&#8221; link_font_size_last_edited=&#8221;on|desktop&#8221; header_font_size_tablet=&#8221;30px&#8221; header_font_size_phone=&#8221;25px&#8221; header_font_size_last_edited=&#8221;on|phone&#8221; header_2_font_size_tablet=&#8221;25px&#8221; header_2_font_size_phone=&#8221;20px&#8221; header_2_font_size_last_edited=&#8221;on|phone&#8221; header_3_font_size_tablet=&#8221;16px&#8221; header_3_font_size_phone=&#8221;14px&#8221; header_3_font_size_last_edited=&#8221;on|desktop&#8221; saved_tabs=&#8221;all&#8221; locked=&#8221;off&#8221; link_text_color__hover_enabled=&#8221;on&#8221; link_text_color__hover=&#8221;#fbba00&#8243;]<\/p>\n<p style=\"text-align: justify;\">Les Alpes sont une cha\u00eene de montagnes qui s&#8217;\u00e9tend sur la fronti\u00e8re nord de l&#8217;Italie, le Sud-Est de la France, Monaco, la Suisse, l&#8217;Autriche, le Liechtenstein, le Sud de l&#8217;Allemagne et la Slov\u00e9nie. Ces montagnes culminent \u00e0 4 809 m\u00e8tres, avec son plus haut sommet qui est le mont Blanc. Les Alpes peuvent \u00eatre divis\u00e9es en trois parties, les Alpes occidentales (de la\u00a0M\u00e9diterran\u00e9e\u00a0au\u00a0mont Blanc), les Alpes centrales (de la\u00a0Vall\u00e9e d&#8217;Aoste\u00a0au\u00a0Brenner) et les Alpes orientales (du\u00a0Brenner\u00a0\u00e0 la\u00a0Slov\u00e9nie).<\/p>\n<p style=\"text-align: justify;\">Dans cette cha\u00eene montagneuse parmi les plus belles du monde, vous pourrez en plus vous adonner \u00e0 beaucoup d&#8217;activit\u00e9s tels que les sports d&#8217;hiver dans ses nombreuses stations de ski. En \u00e9t\u00e9, les Alpes sont aussi une destination id\u00e9ale pour les amoureux de la randonn\u00e9e et des loisirs en plein air, comme le v\u00e9lo, le parapente, l\u2019escalade&#8230;\u00a0Enfin, d\u2019un point de vue culturel, les Alpes ne sont pas en reste avec son architecture de montagne typique, ses traditions et sa gastronomie locale faite de bons produits r\u00e9gionaux tels que ses fromages, charcuteries et\u00a0vins.<\/p>\n<p>[\/et_pb_text][\/et_pb_column][\/et_pb_row][et_pb_row column_structure=&#8221;1_3,1_3,1_3&#8243; custom_padding_last_edited=&#8221;on|desktop&#8221; _builder_version=&#8221;3.26.3&#8243; background_size=&#8221;initial&#8221; background_position=&#8221;top_left&#8221; background_repeat=&#8221;repeat&#8221; custom_margin=&#8221;||80px||false|false&#8221; custom_margin_tablet=&#8221;||60px||false|false&#8221; custom_margin_phone=&#8221;-29px||60px||false|false&#8221; custom_margin_last_edited=&#8221;on|phone&#8221; custom_padding=&#8221;0|0px|0px|0px|false|false&#8221; custom_padding_tablet=&#8221;||0px|&#8221; custom_padding_phone=&#8221;0px||0px|&#8221; locked=&#8221;off&#8221; collapsed=&#8221;off&#8221;][et_pb_column type=&#8221;1_3&#8243; _builder_version=&#8221;3.25&#8243; custom_padding=&#8221;|||&#8221; custom_padding__hover=&#8221;|||&#8221;][et_pb_image src=&#8221;https:\/\/www.where2travel.com\/wp-content\/uploads\/2020\/07\/france-alpes-montagnes-randonn\u00e9e.jpg&#8221; alt=&#8221;Parmi les plus magnifiques paysages naturels en Europe : les montagnes des Alpes&#8221; title_text=&#8221;france-alpes-montagnes-randonn\u00e9e&#8221; show_in_lightbox=&#8221;on&#8221; align_tablet=&#8221;center&#8221; align_phone=&#8221;&#8221; align_last_edited=&#8221;on|desktop&#8221; _builder_version=&#8221;4.4.9&#8243; custom_margin=&#8221;|0px||0px||false&#8221; custom_margin_tablet=&#8221;&#8221; custom_margin_phone=&#8221;|0px||0px||true&#8221; custom_margin_last_edited=&#8221;on|phone&#8221; animation_style=&#8221;slide&#8221; border_radii=&#8221;on|5px|5px|5px|5px&#8221; box_shadow_style=&#8221;preset6&#8243;]&nbsp;<br \/>\n[\/et_pb_image][\/et_pb_column][et_pb_column type=&#8221;1_3&#8243; _builder_version=&#8221;3.25&#8243; custom_padding=&#8221;|||&#8221; custom_padding__hover=&#8221;|||&#8221;][et_pb_image src=&#8221;https:\/\/www.where2travel.com\/wp-content\/uploads\/2020\/07\/france-alpes-montagnes-station-ski.jpg&#8221; alt=&#8221;Plus magnifiques paysages naturels en Europe : les montagnes des Alpes &#8221; title_text=&#8221;france-alpes-montagnes-station-ski&#8221; show_in_lightbox=&#8221;on&#8221; align_tablet=&#8221;center&#8221; align_phone=&#8221;&#8221; align_last_edited=&#8221;on|desktop&#8221; _builder_version=&#8221;4.4.9&#8243; custom_margin=&#8221;|0px||0px||false&#8221; custom_margin_tablet=&#8221;&#8221; custom_margin_phone=&#8221;|0px||0px||true&#8221; custom_margin_last_edited=&#8221;on|phone&#8221; animation_style=&#8221;slide&#8221; border_radii=&#8221;on|5px|5px|5px|5px&#8221; box_shadow_style=&#8221;preset6&#8243;]&nbsp;<br \/>\n[\/et_pb_image][\/et_pb_column][et_pb_column type=&#8221;1_3&#8243; _builder_version=&#8221;3.25&#8243; custom_padding=&#8221;|||&#8221; custom_padding__hover=&#8221;|||&#8221;][et_pb_image src=&#8221;https:\/\/www.where2travel.com\/wp-content\/uploads\/2020\/07\/france-alpes-montagnes-t\u00e9l\u00e9ph\u00e9rique.jpg&#8221; alt=&#8221;Station de ski dans les alpes en France&#8221; title_text=&#8221;france-alpes-montagnes-t\u00e9l\u00e9ph\u00e9rique&#8221; show_in_lightbox=&#8221;on&#8221; align_tablet=&#8221;center&#8221; align_phone=&#8221;&#8221; align_last_edited=&#8221;on|desktop&#8221; _builder_version=&#8221;4.4.9&#8243; custom_margin=&#8221;|0px||0px||false&#8221; custom_margin_tablet=&#8221;&#8221; custom_margin_phone=&#8221;|0px||0px||true&#8221; custom_margin_last_edited=&#8221;on|phone&#8221; animation_style=&#8221;slide&#8221; border_radii=&#8221;on|5px|5px|5px|5px&#8221; box_shadow_style=&#8221;preset6&#8243;]&nbsp;<br \/>\n[\/et_pb_image][\/et_pb_column][\/et_pb_row][et_pb_row admin_label=&#8221;Town 2&#8243; module_id=&#8221;Parnidis&#8221; _builder_version=&#8221;4.4.7&#8243; custom_margin_tablet=&#8221;&#8221; custom_margin_phone=&#8221;-50px||0px||false&#8221; custom_margin_last_edited=&#8221;on|desktop&#8221; custom_padding=&#8221;73px|0px|40.4688px|0px|false|false&#8221;][et_pb_column type=&#8221;4_4&#8243; _builder_version=&#8221;3.25&#8243; custom_padding=&#8221;|||&#8221; custom_padding__hover=&#8221;|||&#8221;][et_pb_text admin_label=&#8221;Agra&#8221; module_class=&#8221;anchor_img_text2&#8243; _builder_version=&#8221;4.4.7&#8243; text_font=&#8221;Roboto||||&#8221; text_text_color=&#8221;#1a1a1a&#8221; text_font_size=&#8221;24px&#8221; text_line_height=&#8221;1.4em&#8221; link_text_color=&#8221;#68a3cb&#8221; header_font=&#8221;||||||||&#8221; header_2_font=&#8221;Montserrat||||||||&#8221; header_2_text_color=&#8221;#000000&#8243; header_2_font_size=&#8221;20px&#8221; header_3_font=&#8221;Roboto|700|||||||&#8221; header_3_text_color=&#8221;#000000&#8243; header_3_font_size=&#8221;27px&#8221; header_3_line_height=&#8221;1.5em&#8221; custom_margin=&#8221;15px||||false|false&#8221; custom_margin_tablet=&#8221;&#8221; custom_margin_phone=&#8221;25px|||&#8221; custom_margin_last_edited=&#8221;on|phone&#8221; animation_style=&#8221;slide&#8221; animation_direction=&#8221;top&#8221; animation_intensity_slide=&#8221;10%&#8221; header_2_font_size_tablet=&#8221;&#8221; header_2_font_size_phone=&#8221;&#8221; header_2_font_size_last_edited=&#8221;on|desktop&#8221; header_3_font_size_tablet=&#8221;&#8221; header_3_font_size_phone=&#8221;22px&#8221; header_3_font_size_last_edited=&#8221;on|phone&#8221;]<\/p>\n<h3 style=\"text-align: center;\"><a href=\"https:\/\/www.where2travel.com\/fr\/plus-beaux-paysages-naturels-europe\/#Carte\"><img decoding=\"async\" src=\"https:\/\/www.where2travel.com\/wp-content\/uploads\/2019\/06\/Evaluation-Where2travel-N\u00b013.png\" alt=\"Number 13\" width=\"45\" height=\"45\" \/>\u00a0\u00a0\u00a0<\/a>La dune de Parnidis \u00e0 Nida en Lituanie<\/h3>\n<p>[\/et_pb_text][et_pb_divider color=&#8221;#68a3cb&#8221; divider_weight=&#8221;4px&#8221; _builder_version=&#8221;3.26.3&#8243; width=&#8221;100%&#8221; width_tablet=&#8221;100%&#8221; width_phone=&#8221;100%&#8221; width_last_edited=&#8221;on|phone&#8221; max_width=&#8221;12%&#8221; max_width_tablet=&#8221;25%&#8221; max_width_phone=&#8221;25%&#8221; max_width_last_edited=&#8221;on|desktop&#8221; module_alignment=&#8221;center&#8221; height=&#8221;6px&#8221; custom_margin=&#8221;-15px||80px||false|false&#8221; custom_margin_tablet=&#8221;-15px||70px&#8221; custom_margin_phone=&#8221;-15px||70px&#8221; custom_margin_last_edited=&#8221;on|tablet&#8221; locked=&#8221;off&#8221;][\/et_pb_divider][et_pb_text admin_label=&#8221;Description of the town&#8221; _builder_version=&#8221;4.4.7&#8243; text_font=&#8221;Roboto||||&#8221; text_font_size=&#8221;16px&#8221; text_line_height=&#8221;1.9em&#8221; link_font=&#8221;Roboto||||||||&#8221; link_text_color=&#8221;#68a3cb&#8221; link_font_size=&#8221;16px&#8221; link_line_height=&#8221;1.9em&#8221; ul_font=&#8221;||||||||&#8221; ol_font=&#8221;||||||||&#8221; quote_font=&#8221;||||||||&#8221; header_font=&#8221;Varela Round|700|||||||&#8221; header_text_align=&#8221;center&#8221; header_text_color=&#8221;#2a8a6f&#8221; header_font_size=&#8221;40px&#8221; header_line_height=&#8221;1.4em&#8221; header_2_font=&#8221;Varela Round|700|||||||&#8221; header_2_text_align=&#8221;center&#8221; header_2_text_color=&#8221;#2a8a6f&#8221; header_2_font_size=&#8221;36px&#8221; header_2_line_height=&#8221;1.4em&#8221; header_3_font=&#8221;Montserrat||||||||&#8221; header_3_text_align=&#8221;justify&#8221; header_3_text_color=&#8221;#555555&#8243; header_3_font_size=&#8221;20px&#8221; header_3_line_height=&#8221;1.4em&#8221; custom_margin=&#8221;0px||35px||false|false&#8221; custom_margin_tablet=&#8221;1px||25px||false|false&#8221; custom_margin_phone=&#8221;0px||30px||false|false&#8221; custom_margin_last_edited=&#8221;on|desktop&#8221; custom_padding=&#8221;0px|100px||100px||&#8221; custom_padding_tablet=&#8221;|0px||0px&#8221; custom_padding_phone=&#8221;&#8221; custom_padding_last_edited=&#8221;on|desktop&#8221; animation_style=&#8221;slide&#8221; animation_direction=&#8221;top&#8221; animation_intensity_slide=&#8221;10%&#8221; text_font_size_tablet=&#8221;&#8221; text_font_size_phone=&#8221;15px&#8221; text_font_size_last_edited=&#8221;on|phone&#8221; link_font_size_tablet=&#8221;&#8221; link_font_size_phone=&#8221;15px&#8221; link_font_size_last_edited=&#8221;on|desktop&#8221; header_font_size_tablet=&#8221;30px&#8221; header_font_size_phone=&#8221;25px&#8221; header_font_size_last_edited=&#8221;on|phone&#8221; header_2_font_size_tablet=&#8221;25px&#8221; header_2_font_size_phone=&#8221;20px&#8221; header_2_font_size_last_edited=&#8221;on|phone&#8221; header_3_font_size_tablet=&#8221;16px&#8221; header_3_font_size_phone=&#8221;14px&#8221; header_3_font_size_last_edited=&#8221;on|desktop&#8221; saved_tabs=&#8221;all&#8221; locked=&#8221;off&#8221; link_text_color__hover_enabled=&#8221;on&#8221; link_text_color__hover=&#8221;#fbba00&#8243;]<\/p>\n<p style=\"text-align: justify;\">Nida\u00a0est une\u00a0station baln\u00e9aire\u00a0situ\u00e9e sur la c\u00f4te nord ouest de la Lituanie. Son site le plus remarquable est la\u00a0dune de Parnidis, qui est la seconde plus haute d&#8217;Europe apr\u00e8s celle du <a href=\"https:\/\/www.where2travel.com\/fr\/plus-beaux-paysages-naturels-europe\/#Pilat\"><strong>Pilat<\/strong><\/a>. Du haut de cette dune, vous pourrez contempler une vue splendide sur Nida, la mer Baltique et le \u00ab Sahara lituanien \u00bb qui s&#8217;\u00e9tend au-del\u00e0 de la fronti\u00e8re avec la\u00a0Russie\u00a0et son territoire de Kaliningrad. Enfin, n\u2019h\u00e9sitez pas \u00e0 visiter la petite ville de Nida avec ses maisons color\u00e9es, son port de p\u00eache typique et ses belles plages de sable fin.<\/p>\n<p>[\/et_pb_text][\/et_pb_column][\/et_pb_row][et_pb_row column_structure=&#8221;1_3,1_3,1_3&#8243; custom_padding_last_edited=&#8221;on|desktop&#8221; _builder_version=&#8221;3.26.3&#8243; background_size=&#8221;initial&#8221; background_position=&#8221;top_left&#8221; background_repeat=&#8221;repeat&#8221; custom_margin=&#8221;||80px||false|false&#8221; custom_margin_tablet=&#8221;||60px||false|false&#8221; custom_margin_phone=&#8221;-29px||60px||false|false&#8221; custom_margin_last_edited=&#8221;on|phone&#8221; custom_padding=&#8221;0|0px|0px|0px|false|false&#8221; custom_padding_tablet=&#8221;||0px|&#8221; custom_padding_phone=&#8221;0px||0px|&#8221; locked=&#8221;off&#8221; collapsed=&#8221;off&#8221;][et_pb_column type=&#8221;1_3&#8243; _builder_version=&#8221;3.25&#8243; custom_padding=&#8221;|||&#8221; custom_padding__hover=&#8221;|||&#8221;][et_pb_image src=&#8221;https:\/\/www.where2travel.com\/wp-content\/uploads\/2020\/07\/lithuanie-klaipeda-vue-mer.jpg&#8221; alt=&#8221;La dune de Parnidis \u00e0 Nida en Lithuanie, un des plus magnifiques paysages naturels en Europe&#8221; title_text=&#8221;lithuanie-klaipeda-vue-mer&#8221; show_in_lightbox=&#8221;on&#8221; align_tablet=&#8221;center&#8221; align_phone=&#8221;&#8221; align_last_edited=&#8221;on|desktop&#8221; _builder_version=&#8221;4.4.9&#8243; custom_margin=&#8221;|0px||0px||false&#8221; custom_margin_tablet=&#8221;&#8221; custom_margin_phone=&#8221;|0px||0px||true&#8221; custom_margin_last_edited=&#8221;on|phone&#8221; animation_style=&#8221;slide&#8221; border_radii=&#8221;on|5px|5px|5px|5px&#8221; box_shadow_style=&#8221;preset6&#8243;]&nbsp;<br \/>\n[\/et_pb_image][\/et_pb_column][et_pb_column type=&#8221;1_3&#8243; _builder_version=&#8221;3.25&#8243; custom_padding=&#8221;|||&#8221; custom_padding__hover=&#8221;|||&#8221;][et_pb_image src=&#8221;https:\/\/www.where2travel.com\/wp-content\/uploads\/2020\/07\/lithuanie-klaipeda-Kaliningrad.jpg&#8221; alt=&#8221;La dune de Parnidis \u00e0 Nida en Lithuanie et Kaliningrad au loin&#8221; title_text=&#8221;lithuanie-klaipeda-Kaliningrad&#8221; show_in_lightbox=&#8221;on&#8221; align_tablet=&#8221;center&#8221; align_phone=&#8221;&#8221; align_last_edited=&#8221;on|desktop&#8221; _builder_version=&#8221;4.4.9&#8243; custom_margin=&#8221;|0px||0px||false&#8221; custom_margin_tablet=&#8221;&#8221; custom_margin_phone=&#8221;|0px||0px||true&#8221; custom_margin_last_edited=&#8221;on|phone&#8221; animation_style=&#8221;slide&#8221; border_radii=&#8221;on|5px|5px|5px|5px&#8221; box_shadow_style=&#8221;preset6&#8243;]&nbsp;<br \/>\n[\/et_pb_image][\/et_pb_column][et_pb_column type=&#8221;1_3&#8243; _builder_version=&#8221;3.25&#8243; custom_padding=&#8221;|||&#8221; custom_padding__hover=&#8221;|||&#8221;][et_pb_image src=&#8221;https:\/\/www.where2travel.com\/wp-content\/uploads\/2020\/07\/lithuanie-klaipeda-plage.jpg&#8221; alt=&#8221;La dune de Parnidis et la plage de Nida en Lithuanie, un des plus magnifiques paysages naturels en Europe&#8221; title_text=&#8221;lithuanie-klaipeda-plage&#8221; show_in_lightbox=&#8221;on&#8221; align_tablet=&#8221;center&#8221; align_phone=&#8221;&#8221; align_last_edited=&#8221;on|desktop&#8221; _builder_version=&#8221;4.4.9&#8243; custom_margin=&#8221;|0px||0px||false&#8221; custom_margin_tablet=&#8221;&#8221; custom_margin_phone=&#8221;|0px||0px||true&#8221; custom_margin_last_edited=&#8221;on|phone&#8221; animation_style=&#8221;slide&#8221; border_radii=&#8221;on|5px|5px|5px|5px&#8221; box_shadow_style=&#8221;preset6&#8243;]&nbsp;<br \/>\n[\/et_pb_image][\/et_pb_column][\/et_pb_row][et_pb_row admin_label=&#8221;Town 3&#8243; module_id=&#8221;Etretat&#8221; _builder_version=&#8221;4.4.8&#8243; custom_margin_tablet=&#8221;&#8221; custom_margin_phone=&#8221;-50px||0px||false&#8221; custom_margin_last_edited=&#8221;on|desktop&#8221; custom_padding=&#8221;73px|0px|40.4688px|0px|false|false&#8221;][et_pb_column type=&#8221;4_4&#8243; _builder_version=&#8221;3.25&#8243; custom_padding=&#8221;|||&#8221; custom_padding__hover=&#8221;|||&#8221;][et_pb_text admin_label=&#8221;Cap Town&#8221; module_class=&#8221;anchor_img_text2&#8243; _builder_version=&#8221;4.4.7&#8243; text_font=&#8221;Roboto||||&#8221; text_text_color=&#8221;#1a1a1a&#8221; text_font_size=&#8221;24px&#8221; text_line_height=&#8221;1.4em&#8221; link_text_color=&#8221;#68a3cb&#8221; header_font=&#8221;||||||||&#8221; header_2_font=&#8221;Montserrat||||||||&#8221; header_2_text_color=&#8221;#000000&#8243; header_2_font_size=&#8221;20px&#8221; header_3_font=&#8221;Roboto|700|||||||&#8221; header_3_text_color=&#8221;#000000&#8243; header_3_font_size=&#8221;27px&#8221; header_3_line_height=&#8221;1.5em&#8221; custom_margin=&#8221;15px||||false|false&#8221; custom_margin_tablet=&#8221;&#8221; custom_margin_phone=&#8221;25px|||&#8221; custom_margin_last_edited=&#8221;on|phone&#8221; animation_style=&#8221;slide&#8221; animation_direction=&#8221;top&#8221; animation_intensity_slide=&#8221;10%&#8221; header_2_font_size_tablet=&#8221;&#8221; header_2_font_size_phone=&#8221;&#8221; header_2_font_size_last_edited=&#8221;on|desktop&#8221; header_3_font_size_tablet=&#8221;&#8221; header_3_font_size_phone=&#8221;22px&#8221; header_3_font_size_last_edited=&#8221;on|phone&#8221;]<\/p>\n<h3 style=\"text-align: center;\"><a href=\"https:\/\/www.where2travel.com\/fr\/plus-beaux-paysages-naturels-europe\/#Carte\"><img decoding=\"async\" src=\"https:\/\/www.where2travel.com\/wp-content\/uploads\/2019\/06\/Evaluation-Where2travel-N\u00b014.png\" alt=\"Number 14\" width=\"45\" height=\"45\" \/>\u00a0\u00a0\u00a0<\/a>Les falaises d\u2019\u00e9tretat<\/h3>\n<p>[\/et_pb_text][et_pb_divider color=&#8221;#68a3cb&#8221; divider_weight=&#8221;4px&#8221; _builder_version=&#8221;3.26.3&#8243; width=&#8221;100%&#8221; width_tablet=&#8221;100%&#8221; width_phone=&#8221;100%&#8221; width_last_edited=&#8221;on|phone&#8221; max_width=&#8221;12%&#8221; max_width_tablet=&#8221;25%&#8221; max_width_phone=&#8221;25%&#8221; max_width_last_edited=&#8221;on|desktop&#8221; module_alignment=&#8221;center&#8221; height=&#8221;6px&#8221; custom_margin=&#8221;-15px||80px||false|false&#8221; custom_margin_tablet=&#8221;-15px||70px&#8221; custom_margin_phone=&#8221;-15px||70px&#8221; custom_margin_last_edited=&#8221;on|tablet&#8221; locked=&#8221;off&#8221;][\/et_pb_divider][et_pb_text admin_label=&#8221;Description of the town&#8221; _builder_version=&#8221;4.4.7&#8243; text_font=&#8221;Roboto||||&#8221; text_font_size=&#8221;16px&#8221; text_line_height=&#8221;1.9em&#8221; link_font=&#8221;Roboto||||||||&#8221; link_text_color=&#8221;#68a3cb&#8221; link_font_size=&#8221;16px&#8221; link_line_height=&#8221;1.9em&#8221; ul_font=&#8221;||||||||&#8221; ol_font=&#8221;||||||||&#8221; quote_font=&#8221;||||||||&#8221; header_font=&#8221;Varela Round|700|||||||&#8221; header_text_align=&#8221;center&#8221; header_text_color=&#8221;#2a8a6f&#8221; header_font_size=&#8221;40px&#8221; header_line_height=&#8221;1.4em&#8221; header_2_font=&#8221;Varela Round|700|||||||&#8221; header_2_text_align=&#8221;center&#8221; header_2_text_color=&#8221;#2a8a6f&#8221; header_2_font_size=&#8221;36px&#8221; header_2_line_height=&#8221;1.4em&#8221; header_3_font=&#8221;Montserrat||||||||&#8221; header_3_text_align=&#8221;justify&#8221; header_3_text_color=&#8221;#555555&#8243; header_3_font_size=&#8221;20px&#8221; header_3_line_height=&#8221;1.4em&#8221; custom_margin=&#8221;0px||35px||false|false&#8221; custom_margin_tablet=&#8221;1px||25px||false|false&#8221; custom_margin_phone=&#8221;0px||30px||false|false&#8221; custom_margin_last_edited=&#8221;on|desktop&#8221; custom_padding=&#8221;|100px||100px&#8221; custom_padding_tablet=&#8221;|0px||0px&#8221; custom_padding_phone=&#8221;&#8221; custom_padding_last_edited=&#8221;on|desktop&#8221; animation_style=&#8221;slide&#8221; animation_direction=&#8221;top&#8221; animation_intensity_slide=&#8221;10%&#8221; text_font_size_tablet=&#8221;&#8221; text_font_size_phone=&#8221;15px&#8221; text_font_size_last_edited=&#8221;on|phone&#8221; link_font_size_tablet=&#8221;&#8221; link_font_size_phone=&#8221;15px&#8221; link_font_size_last_edited=&#8221;on|desktop&#8221; header_font_size_tablet=&#8221;30px&#8221; header_font_size_phone=&#8221;25px&#8221; header_font_size_last_edited=&#8221;on|phone&#8221; header_2_font_size_tablet=&#8221;25px&#8221; header_2_font_size_phone=&#8221;20px&#8221; header_2_font_size_last_edited=&#8221;on|phone&#8221; header_3_font_size_tablet=&#8221;16px&#8221; header_3_font_size_phone=&#8221;14px&#8221; header_3_font_size_last_edited=&#8221;on|desktop&#8221; saved_tabs=&#8221;all&#8221; locked=&#8221;off&#8221; link_text_color__hover_enabled=&#8221;on&#8221; link_text_color__hover=&#8221;#fbba00&#8243;]<\/p>\n<p style=\"text-align: justify;\">Les falaises d&#8217;\u00c9tretat sont d\u2019immenses et magnifiques falaises de craie blanche situ\u00e9es dans le nord ouest de la France. Ces falaises, visitables en toutes saisons et reconnues internationalement, sont une ballade id\u00e9ale pour ceux qui aiment se promener dans un cadre naturel grandiose. En effet, depuis ses sentiers en haut des falaises, ou d\u2019en bas sur ses plages de galets, vous pourrez admirer ses impressionnantes falaises, ainsi que ses trois grandes arches successives : la porte d&#8217;Amont, la porte d&#8217;Aval et la Manneporte.<\/p>\n<p>[\/et_pb_text][\/et_pb_column][\/et_pb_row][et_pb_row column_structure=&#8221;1_3,1_3,1_3&#8243; custom_padding_last_edited=&#8221;on|desktop&#8221; _builder_version=&#8221;4.3.2&#8243; background_size=&#8221;initial&#8221; background_position=&#8221;top_left&#8221; background_repeat=&#8221;repeat&#8221; custom_margin=&#8221;||80px||false|false&#8221; custom_margin_tablet=&#8221;||60px||false|false&#8221; custom_margin_phone=&#8221;-29px||60px||false|false&#8221; custom_margin_last_edited=&#8221;on|phone&#8221; custom_padding=&#8221;0|0px|0px|0px|false|false&#8221; custom_padding_tablet=&#8221;||0px|&#8221; custom_padding_phone=&#8221;0px||0px|&#8221; locked=&#8221;off&#8221; collapsed=&#8221;off&#8221;][et_pb_column type=&#8221;1_3&#8243; _builder_version=&#8221;3.25&#8243; custom_padding=&#8221;|||&#8221; custom_padding__hover=&#8221;|||&#8221;][et_pb_image src=&#8221;https:\/\/www.where2travel.com\/wp-content\/uploads\/2020\/07\/france-etretat-falaises-grotte.jpg&#8221; alt=&#8221;A l&#8217;int\u00e9rieur d&#8217;une grotte dans les falaise d&#8217;Etretat&#8221; title_text=&#8221;france-etretat-falaises-grotte&#8221; show_in_lightbox=&#8221;on&#8221; align_tablet=&#8221;center&#8221; align_phone=&#8221;&#8221; align_last_edited=&#8221;on|desktop&#8221; _builder_version=&#8221;4.4.9&#8243; custom_margin=&#8221;|0px||0px||false&#8221; custom_margin_tablet=&#8221;&#8221; custom_margin_phone=&#8221;|0px||0px||true&#8221; custom_margin_last_edited=&#8221;on|phone&#8221; animation_style=&#8221;slide&#8221; border_radii=&#8221;on|5px|5px|5px|5px&#8221; box_shadow_style=&#8221;preset6&#8243;]&nbsp;<br \/>\n[\/et_pb_image][\/et_pb_column][et_pb_column type=&#8221;1_3&#8243; _builder_version=&#8221;3.25&#8243; custom_padding=&#8221;|||&#8221; custom_padding__hover=&#8221;|||&#8221;][et_pb_image src=&#8221;https:\/\/www.where2travel.com\/wp-content\/uploads\/2020\/07\/france-etretat-falaises-plage.jpg&#8221; alt=&#8221;Parmi les plus magnifiques paysages naturels en Europe : les falaises d&#8217;Etretat en France&#8221; title_text=&#8221;france-etretat-falaises-plage&#8221; show_in_lightbox=&#8221;on&#8221; align_tablet=&#8221;center&#8221; align_phone=&#8221;&#8221; align_last_edited=&#8221;on|desktop&#8221; _builder_version=&#8221;4.4.9&#8243; custom_margin=&#8221;|0px||0px||false&#8221; custom_margin_tablet=&#8221;&#8221; custom_margin_phone=&#8221;|0px||0px||true&#8221; custom_margin_last_edited=&#8221;on|phone&#8221; animation_style=&#8221;slide&#8221; border_radii=&#8221;on|5px|5px|5px|5px&#8221; box_shadow_style=&#8221;preset6&#8243;]&nbsp;<br \/>\n[\/et_pb_image][\/et_pb_column][et_pb_column type=&#8221;1_3&#8243; _builder_version=&#8221;4.3.2&#8243;][et_pb_image src=&#8221;https:\/\/www.where2travel.com\/wp-content\/uploads\/2020\/07\/france-etretat-falaises-arche.jpg&#8221; alt=&#8221;Falaises d&#8217;Etretat&#8221; title_text=&#8221;france-etretat-falaises-arche&#8221; show_in_lightbox=&#8221;on&#8221; align_tablet=&#8221;center&#8221; align_phone=&#8221;&#8221; align_last_edited=&#8221;on|desktop&#8221; _builder_version=&#8221;4.4.9&#8243; custom_margin=&#8221;|0px||0px||false&#8221; custom_margin_tablet=&#8221;&#8221; custom_margin_phone=&#8221;|0px||0px||true&#8221; custom_margin_last_edited=&#8221;on|phone&#8221; animation_style=&#8221;slide&#8221; border_radii=&#8221;on|5px|5px|5px|5px&#8221; box_shadow_style=&#8221;preset6&#8243;]&nbsp;<br \/>\n[\/et_pb_image][\/et_pb_column][\/et_pb_row][et_pb_row admin_label=&#8221;Town 3&#8243; module_id=&#8221;Le cap&#8221; _builder_version=&#8221;4.4.7&#8243; custom_margin_tablet=&#8221;&#8221; custom_margin_phone=&#8221;-50px||0px||false&#8221; custom_margin_last_edited=&#8221;on|phone&#8221; custom_padding=&#8221;|0px||0px|false|false&#8221; locked=&#8221;off&#8221;][et_pb_column type=&#8221;4_4&#8243; _builder_version=&#8221;3.25&#8243; custom_padding=&#8221;|||&#8221; custom_padding__hover=&#8221;|||&#8221;][et_pb_text admin_label=&#8221;Description of the town&#8221; _builder_version=&#8221;4.4.7&#8243; text_font=&#8221;Roboto||||&#8221; text_font_size=&#8221;16px&#8221; text_line_height=&#8221;1.9em&#8221; link_font=&#8221;Roboto||||||||&#8221; link_text_color=&#8221;#68a3cb&#8221; link_font_size=&#8221;16px&#8221; link_line_height=&#8221;1.9em&#8221; ul_font=&#8221;||||||||&#8221; ol_font=&#8221;||||||||&#8221; quote_font=&#8221;||||||||&#8221; header_font=&#8221;Varela Round|700|||||||&#8221; header_text_align=&#8221;center&#8221; header_text_color=&#8221;#2a8a6f&#8221; header_font_size=&#8221;40px&#8221; header_line_height=&#8221;1.4em&#8221; header_2_font=&#8221;Varela Round|700|||||||&#8221; header_2_text_align=&#8221;center&#8221; header_2_text_color=&#8221;#2a8a6f&#8221; header_2_font_size=&#8221;36px&#8221; header_2_line_height=&#8221;1.4em&#8221; header_3_font=&#8221;Montserrat||||||||&#8221; header_3_text_align=&#8221;justify&#8221; header_3_text_color=&#8221;#555555&#8243; header_3_font_size=&#8221;20px&#8221; header_3_line_height=&#8221;1.4em&#8221; custom_margin=&#8221;0px||35px||false|false&#8221; custom_margin_tablet=&#8221;1px||25px||false|false&#8221; custom_margin_phone=&#8221;0px||30px||false|false&#8221; custom_margin_last_edited=&#8221;on|desktop&#8221; custom_padding=&#8221;0px|100px||100px||&#8221; custom_padding_tablet=&#8221;|0px||0px&#8221; custom_padding_phone=&#8221;&#8221; custom_padding_last_edited=&#8221;on|desktop&#8221; animation_style=&#8221;slide&#8221; animation_direction=&#8221;top&#8221; animation_intensity_slide=&#8221;10%&#8221; text_font_size_tablet=&#8221;&#8221; text_font_size_phone=&#8221;15px&#8221; text_font_size_last_edited=&#8221;on|phone&#8221; link_font_size_tablet=&#8221;&#8221; link_font_size_phone=&#8221;15px&#8221; link_font_size_last_edited=&#8221;on|desktop&#8221; header_font_size_tablet=&#8221;30px&#8221; header_font_size_phone=&#8221;25px&#8221; header_font_size_last_edited=&#8221;on|phone&#8221; header_2_font_size_tablet=&#8221;25px&#8221; header_2_font_size_phone=&#8221;20px&#8221; header_2_font_size_last_edited=&#8221;on|phone&#8221; header_3_font_size_tablet=&#8221;16px&#8221; header_3_font_size_phone=&#8221;14px&#8221; header_3_font_size_last_edited=&#8221;on|desktop&#8221; saved_tabs=&#8221;all&#8221; locked=&#8221;off&#8221; link_text_color__hover_enabled=&#8221;on&#8221; link_text_color__hover=&#8221;#fbba00&#8243;]<\/p>\n<p style=\"text-align: justify;\">Si vous \u00eates \u00e0 Etretat, je vous conseille vivement de visiter aussi les Jardins d&#8217;Etretat qui se trouvent en haut des falaises pr\u00e8s de la Villa Roxelane. Ces jardins cr\u00e9\u00e9s en 2016 par l\u2019architecte paysagiste de r\u00e9putation internationale, Alexander Grivko, propose un superbe parcours \u00e0 travers une flore locale, de nombreuses sculptures v\u00e9g\u00e9tales et une collection d\u2019art contemporain. Tout ceci s\u2019int\u00e8gre parfaitement dans ces jardins, et vous b\u00e9n\u00e9ficierez d\u2019une magnifique vue suppl\u00e9mentaire sur les falaises. <a href=\"https:\/\/www.getyourguide.com\/etretat-l88177\/normandy-les-jardins-d-etretat-self-guided-visit-t314922\/?partner_id=0428GRX&amp;utm_medium=online_publisher&amp;utm_source=where2travel.com%40gmail.com&amp;placement=content-middle\" target=\"_blank\" rel=\"noopener noreferrer\" data-gyg-scraped=\"1591876534770\"><strong>N\u2019h\u00e9sitez pas \u00e0 r\u00e9server \u00e0 l\u2019avance<\/strong><\/a>, les billets sont utilisables directement depuis votre t\u00e9l\u00e9phone.<\/p>\n<p>[\/et_pb_text][\/et_pb_column][\/et_pb_row][et_pb_row column_structure=&#8221;1_3,1_3,1_3&#8243; custom_padding_last_edited=&#8221;on|desktop&#8221; _builder_version=&#8221;4.3.2&#8243; background_size=&#8221;initial&#8221; background_position=&#8221;top_left&#8221; background_repeat=&#8221;repeat&#8221; custom_margin=&#8221;||80px||false|false&#8221; custom_margin_tablet=&#8221;||60px||false|false&#8221; custom_margin_phone=&#8221;-29px||60px||false|false&#8221; custom_margin_last_edited=&#8221;on|phone&#8221; custom_padding=&#8221;0|0px|0px|0px|false|false&#8221; custom_padding_tablet=&#8221;||0px|&#8221; custom_padding_phone=&#8221;0px||0px|&#8221; locked=&#8221;off&#8221; collapsed=&#8221;off&#8221;][et_pb_column type=&#8221;1_3&#8243; _builder_version=&#8221;3.25&#8243; custom_padding=&#8221;|||&#8221; custom_padding__hover=&#8221;|||&#8221;][et_pb_image src=&#8221;https:\/\/www.where2travel.com\/wp-content\/uploads\/2020\/07\/france-etretat-jardins-vue.jpg&#8221; alt=&#8221;Les jardins d&#8217;Etretat, vue sur les falaises&#8221; title_text=&#8221;france-etretat-jardins-vue&#8221; show_in_lightbox=&#8221;on&#8221; align_tablet=&#8221;center&#8221; align_phone=&#8221;&#8221; align_last_edited=&#8221;on|desktop&#8221; _builder_version=&#8221;4.4.9&#8243; custom_margin=&#8221;|0px||0px||false&#8221; custom_margin_tablet=&#8221;&#8221; custom_margin_phone=&#8221;|0px||0px||true&#8221; custom_margin_last_edited=&#8221;on|phone&#8221; animation_style=&#8221;slide&#8221; border_radii=&#8221;on|5px|5px|5px|5px&#8221; box_shadow_style=&#8221;preset6&#8243;]&nbsp;<br \/>\n[\/et_pb_image][\/et_pb_column][et_pb_column type=&#8221;1_3&#8243; _builder_version=&#8221;3.25&#8243; custom_padding=&#8221;|||&#8221; custom_padding__hover=&#8221;|||&#8221;][et_pb_image src=&#8221;https:\/\/www.where2travel.com\/wp-content\/uploads\/2020\/07\/france-etretat-jardins-statue.jpg&#8221; alt=&#8221;Statue du jardin d&#8217;Etretat&#8221; title_text=&#8221;france-etretat-jardins-statue&#8221; show_in_lightbox=&#8221;on&#8221; align_tablet=&#8221;center&#8221; align_phone=&#8221;&#8221; align_last_edited=&#8221;on|desktop&#8221; _builder_version=&#8221;4.4.9&#8243; custom_margin=&#8221;|0px||0px||false&#8221; custom_margin_tablet=&#8221;&#8221; custom_margin_phone=&#8221;|0px||0px||true&#8221; custom_margin_last_edited=&#8221;on|phone&#8221; animation_style=&#8221;slide&#8221; border_radii=&#8221;on|5px|5px|5px|5px&#8221; box_shadow_style=&#8221;preset6&#8243;]&nbsp;<br \/>\n[\/et_pb_image][\/et_pb_column][et_pb_column type=&#8221;1_3&#8243; _builder_version=&#8221;4.3.2&#8243;][et_pb_image src=&#8221;https:\/\/www.where2travel.com\/wp-content\/uploads\/2020\/07\/france-etretat-jardins-emotions-1.jpg&#8221; alt=&#8221;Sculptures en forme de t\u00eates dans le jardins d&#8217;Etretat en France&#8221; title_text=&#8221;france-etretat-jardins-emotions&#8221; show_in_lightbox=&#8221;on&#8221; align_tablet=&#8221;center&#8221; align_phone=&#8221;&#8221; align_last_edited=&#8221;on|desktop&#8221; _builder_version=&#8221;4.4.9&#8243; custom_margin=&#8221;|0px||0px||false&#8221; custom_margin_tablet=&#8221;&#8221; custom_margin_phone=&#8221;|0px||0px||true&#8221; custom_margin_last_edited=&#8221;on|phone&#8221; animation_style=&#8221;slide&#8221; border_radii=&#8221;on|5px|5px|5px|5px&#8221; box_shadow_style=&#8221;preset6&#8243;]&nbsp;<br \/>\n[\/et_pb_image][\/et_pb_column][\/et_pb_row][et_pb_row admin_label=&#8221;Town 4&#8243; module_id=&#8221;Grotte&#8221; _builder_version=&#8221;4.4.7&#8243; custom_margin_tablet=&#8221;&#8221; custom_margin_phone=&#8221;-50px||0px||false&#8221; custom_margin_last_edited=&#8221;on|desktop&#8221; custom_padding=&#8221;73px|0px|40.4688px|0px|false|false&#8221;][et_pb_column type=&#8221;4_4&#8243; _builder_version=&#8221;3.25&#8243; custom_padding=&#8221;|||&#8221; custom_padding__hover=&#8221;|||&#8221;][et_pb_text admin_label=&#8221;Bangkok&#8221; module_class=&#8221;anchor_img_text2&#8243; _builder_version=&#8221;4.4.7&#8243; text_font=&#8221;Roboto||||&#8221; text_text_color=&#8221;#1a1a1a&#8221; text_font_size=&#8221;24px&#8221; text_line_height=&#8221;1.4em&#8221; link_text_color=&#8221;#68a3cb&#8221; header_font=&#8221;||||||||&#8221; header_2_font=&#8221;Montserrat||||||||&#8221; header_2_text_color=&#8221;#000000&#8243; header_2_font_size=&#8221;20px&#8221; header_3_font=&#8221;Roboto|700|||||||&#8221; header_3_text_color=&#8221;#000000&#8243; header_3_font_size=&#8221;27px&#8221; header_3_line_height=&#8221;1.5em&#8221; custom_margin=&#8221;15px||||false|false&#8221; custom_margin_tablet=&#8221;&#8221; custom_margin_phone=&#8221;25px|||&#8221; custom_margin_last_edited=&#8221;on|phone&#8221; animation_style=&#8221;slide&#8221; animation_direction=&#8221;top&#8221; animation_intensity_slide=&#8221;10%&#8221; header_2_font_size_tablet=&#8221;&#8221; header_2_font_size_phone=&#8221;&#8221; header_2_font_size_last_edited=&#8221;on|desktop&#8221; header_3_font_size_tablet=&#8221;&#8221; header_3_font_size_phone=&#8221;22px&#8221; header_3_font_size_last_edited=&#8221;on|phone&#8221;]<\/p>\n<h3 style=\"text-align: center;\"><a href=\"https:\/\/www.where2travel.com\/fr\/plus-beaux-paysages-naturels-europe\/#Carte\"><img decoding=\"async\" src=\"https:\/\/www.where2travel.com\/wp-content\/uploads\/2019\/06\/Evaluation-Where2travel-N\u00b015.png\" alt=\"Number 15\" width=\"45\" height=\"45\" \/>\u00a0\u00a0\u00a0<\/a>Les grottes de glace en Islande<\/h3>\n<p>[\/et_pb_text][et_pb_divider color=&#8221;#68a3cb&#8221; divider_weight=&#8221;4px&#8221; _builder_version=&#8221;3.26.3&#8243; width=&#8221;100%&#8221; width_tablet=&#8221;100%&#8221; width_phone=&#8221;100%&#8221; width_last_edited=&#8221;on|phone&#8221; max_width=&#8221;12%&#8221; max_width_tablet=&#8221;25%&#8221; max_width_phone=&#8221;25%&#8221; max_width_last_edited=&#8221;on|desktop&#8221; module_alignment=&#8221;center&#8221; height=&#8221;6px&#8221; custom_margin=&#8221;-15px||80px||false|false&#8221; custom_margin_tablet=&#8221;-15px||70px&#8221; custom_margin_phone=&#8221;-15px||70px&#8221; custom_margin_last_edited=&#8221;on|tablet&#8221; locked=&#8221;off&#8221;][\/et_pb_divider][et_pb_text admin_label=&#8221;Description of the town&#8221; _builder_version=&#8221;4.4.7&#8243; text_font=&#8221;Roboto||||&#8221; text_font_size=&#8221;16px&#8221; text_line_height=&#8221;1.9em&#8221; link_font=&#8221;Roboto||||||||&#8221; link_text_color=&#8221;#68a3cb&#8221; link_font_size=&#8221;16px&#8221; link_line_height=&#8221;1.9em&#8221; ul_font=&#8221;||||||||&#8221; ol_font=&#8221;||||||||&#8221; quote_font=&#8221;||||||||&#8221; header_font=&#8221;Varela Round|700|||||||&#8221; header_text_align=&#8221;center&#8221; header_text_color=&#8221;#2a8a6f&#8221; header_font_size=&#8221;40px&#8221; header_line_height=&#8221;1.4em&#8221; header_2_font=&#8221;Varela Round|700|||||||&#8221; header_2_text_align=&#8221;center&#8221; header_2_text_color=&#8221;#2a8a6f&#8221; header_2_font_size=&#8221;36px&#8221; header_2_line_height=&#8221;1.4em&#8221; header_3_font=&#8221;Montserrat||||||||&#8221; header_3_text_align=&#8221;justify&#8221; header_3_text_color=&#8221;#555555&#8243; header_3_font_size=&#8221;20px&#8221; header_3_line_height=&#8221;1.4em&#8221; custom_margin=&#8221;0px||35px||false|false&#8221; custom_margin_tablet=&#8221;1px||25px||false|false&#8221; custom_margin_phone=&#8221;0px||30px||false|false&#8221; custom_margin_last_edited=&#8221;on|desktop&#8221; custom_padding=&#8221;|100px||100px&#8221; custom_padding_tablet=&#8221;|0px||0px&#8221; custom_padding_phone=&#8221;&#8221; custom_padding_last_edited=&#8221;on|desktop&#8221; animation_style=&#8221;slide&#8221; animation_direction=&#8221;top&#8221; animation_intensity_slide=&#8221;10%&#8221; text_font_size_tablet=&#8221;&#8221; text_font_size_phone=&#8221;15px&#8221; text_font_size_last_edited=&#8221;on|phone&#8221; link_font_size_tablet=&#8221;&#8221; link_font_size_phone=&#8221;15px&#8221; link_font_size_last_edited=&#8221;on|desktop&#8221; header_font_size_tablet=&#8221;30px&#8221; header_font_size_phone=&#8221;25px&#8221; header_font_size_last_edited=&#8221;on|phone&#8221; header_2_font_size_tablet=&#8221;25px&#8221; header_2_font_size_phone=&#8221;20px&#8221; header_2_font_size_last_edited=&#8221;on|phone&#8221; header_3_font_size_tablet=&#8221;16px&#8221; header_3_font_size_phone=&#8221;14px&#8221; header_3_font_size_last_edited=&#8221;on|desktop&#8221; saved_tabs=&#8221;all&#8221; locked=&#8221;off&#8221; link_text_color__hover_enabled=&#8221;on&#8221; link_text_color__hover=&#8221;#fbba00&#8243;]<\/p>\n<p style=\"text-align: justify;\">Des <a title=\"grottes de glace en Islande\" href=\"https:\/\/www.where2travel.com\/fr\/europe\/guide-voyage-islande\/que-voir-en-islande-partie-2\/#Location15\"><strong>grottes de glace<\/strong><\/a> sont visitables \u00e0 diff\u00e9rents endroits en Islande pendant la p\u00e9riode hivernale. Pour ma part, j\u2019ai visit\u00e9 celles du glacier Vatnaj\u00f6kull. Ces grottes de glace restent pour moi l\u2019un des plus beaux paysages naturels que j\u2019ai explor\u00e9s. Ces merveilles de la nature \u00e9ph\u00e9m\u00e8res aux couleurs et formes \u00e9tonnantes sont en effet \u00e0 couper le souffle. Vous pourrez d\u00e9couvrir des vid\u00e9os des grottes de glace dans ma <a href=\"https:\/\/www.where2travel.com\/fr\/europe\/guide-voyage-islande\/#Vid%C3%A9o\"><strong>vid\u00e9o de l&#8217;Islande<\/strong><\/a>.<\/p>\n<p>[\/et_pb_text][\/et_pb_column][\/et_pb_row][et_pb_row column_structure=&#8221;1_3,1_3,1_3&#8243; custom_padding_last_edited=&#8221;on|desktop&#8221; _builder_version=&#8221;3.26.3&#8243; background_size=&#8221;initial&#8221; background_position=&#8221;top_left&#8221; background_repeat=&#8221;repeat&#8221; custom_margin=&#8221;||80px||false|false&#8221; custom_margin_tablet=&#8221;||60px||false|false&#8221; custom_margin_phone=&#8221;-29px||60px||false|false&#8221; custom_margin_last_edited=&#8221;on|phone&#8221; custom_padding=&#8221;0|0px|0px|0px|false|false&#8221; custom_padding_tablet=&#8221;||0px|&#8221; custom_padding_phone=&#8221;0px||0px|&#8221; locked=&#8221;off&#8221; collapsed=&#8221;off&#8221;][et_pb_column type=&#8221;1_3&#8243; _builder_version=&#8221;3.25&#8243; custom_padding=&#8221;|||&#8221; custom_padding__hover=&#8221;|||&#8221;][et_pb_image src=&#8221;https:\/\/www.where2travel.com\/wp-content\/uploads\/2020\/07\/islande-grotte-de-glace-entr\u00e9e.jpg&#8221; alt=&#8221;Parmi les plus magnifiques paysages naturels en Europe : les grottes de glace en Islande&#8221; title_text=&#8221;islande-grotte-de-glace-entr\u00e9e&#8221; show_in_lightbox=&#8221;on&#8221; align_tablet=&#8221;center&#8221; align_phone=&#8221;&#8221; align_last_edited=&#8221;on|desktop&#8221; _builder_version=&#8221;4.4.9&#8243; custom_margin=&#8221;|0px||0px||false&#8221; custom_margin_tablet=&#8221;&#8221; custom_margin_phone=&#8221;|0px||0px||true&#8221; custom_margin_last_edited=&#8221;on|phone&#8221; animation_style=&#8221;slide&#8221; border_radii=&#8221;on|5px|5px|5px|5px&#8221; box_shadow_style=&#8221;preset6&#8243;]&nbsp;<br \/>\n[\/et_pb_image][\/et_pb_column][et_pb_column type=&#8221;1_3&#8243; _builder_version=&#8221;3.25&#8243; custom_padding=&#8221;|||&#8221; custom_padding__hover=&#8221;|||&#8221;][et_pb_image src=&#8221;https:\/\/www.where2travel.com\/wp-content\/uploads\/2020\/07\/islande-grotte-de-glace-tunnel.jpg&#8221; alt=&#8221;Grotte de glace en Islande, un des plus magnifiques paysages naturels en Europe&#8221; title_text=&#8221;islande-grotte-de-glace-tunnel&#8221; show_in_lightbox=&#8221;on&#8221; align_tablet=&#8221;center&#8221; align_phone=&#8221;&#8221; align_last_edited=&#8221;on|desktop&#8221; _builder_version=&#8221;4.9.1&#8243; custom_margin=&#8221;|0px||0px||false&#8221; custom_margin_tablet=&#8221;&#8221; custom_margin_phone=&#8221;|0px||0px||true&#8221; custom_margin_last_edited=&#8221;on|phone&#8221; animation_style=&#8221;slide&#8221; border_radii=&#8221;on|5px|5px|5px|5px&#8221; box_shadow_style=&#8221;preset6&#8243;]&nbsp;<br \/>\n[\/et_pb_image][\/et_pb_column][et_pb_column type=&#8221;1_3&#8243; _builder_version=&#8221;3.25&#8243; custom_padding=&#8221;|||&#8221; custom_padding__hover=&#8221;|||&#8221;][et_pb_image src=&#8221;https:\/\/www.where2travel.com\/wp-content\/uploads\/2020\/07\/islande-grotte-de-glace.jpg&#8221; alt=&#8221;A l&#8217;int\u00e9rieur des grottes de glace en Islande&#8221; title_text=&#8221;islande-grotte-de-glace&#8221; show_in_lightbox=&#8221;on&#8221; align_tablet=&#8221;center&#8221; align_phone=&#8221;&#8221; align_last_edited=&#8221;on|desktop&#8221; _builder_version=&#8221;4.4.9&#8243; custom_margin=&#8221;|0px||0px||false&#8221; custom_margin_tablet=&#8221;&#8221; custom_margin_phone=&#8221;|0px||0px||true&#8221; custom_margin_last_edited=&#8221;on|phone&#8221; animation_style=&#8221;slide&#8221; border_radii=&#8221;on|5px|5px|5px|5px&#8221; box_shadow_style=&#8221;preset6&#8243;]&nbsp;<br \/>\n[\/et_pb_image][\/et_pb_column][\/et_pb_row][et_pb_row admin_label=&#8221;Town 4&#8243; module_id=&#8221;Fontainebleau&#8221; _builder_version=&#8221;4.4.7&#8243; custom_margin_tablet=&#8221;&#8221; custom_margin_phone=&#8221;-50px||0px||false&#8221; custom_margin_last_edited=&#8221;on|desktop&#8221; custom_padding=&#8221;73px|0px|40.4688px|0px|false|false&#8221;][et_pb_column type=&#8221;4_4&#8243; _builder_version=&#8221;3.25&#8243; custom_padding=&#8221;|||&#8221; custom_padding__hover=&#8221;|||&#8221;][et_pb_text admin_label=&#8221;Bangkok&#8221; module_class=&#8221;anchor_img_text2&#8243; _builder_version=&#8221;4.9.1&#8243; text_font=&#8221;Roboto||||&#8221; text_text_color=&#8221;#1a1a1a&#8221; text_font_size=&#8221;24px&#8221; text_line_height=&#8221;1.4em&#8221; link_text_color=&#8221;#68a3cb&#8221; header_font=&#8221;||||||||&#8221; header_2_font=&#8221;Montserrat||||||||&#8221; header_2_text_color=&#8221;#000000&#8243; header_2_font_size=&#8221;20px&#8221; header_3_font=&#8221;Roboto|700|||||||&#8221; header_3_text_color=&#8221;#000000&#8243; header_3_font_size=&#8221;27px&#8221; header_3_line_height=&#8221;1.5em&#8221; custom_margin=&#8221;15px||||false|false&#8221; custom_margin_tablet=&#8221;&#8221; custom_margin_phone=&#8221;25px|||&#8221; custom_margin_last_edited=&#8221;on|phone&#8221; animation_style=&#8221;slide&#8221; animation_direction=&#8221;top&#8221; animation_intensity_slide=&#8221;10%&#8221; hover_enabled=&#8221;0&#8243; header_2_font_size_tablet=&#8221;&#8221; header_2_font_size_phone=&#8221;&#8221; header_2_font_size_last_edited=&#8221;on|desktop&#8221; header_3_font_size_tablet=&#8221;&#8221; header_3_font_size_phone=&#8221;22px&#8221; header_3_font_size_last_edited=&#8221;on|phone&#8221; sticky_enabled=&#8221;0&#8243;]<\/p>\n<h3 style=\"text-align: center;\"><a href=\"https:\/\/www.where2travel.com\/fr\/plus-beaux-paysages-naturels-europe\/#Carte\"><img decoding=\"async\" src=\"https:\/\/www.where2travel.com\/wp-content\/uploads\/2019\/06\/Evaluation-Where2travel-N\u00b016.png\" alt=\"Number 16\" width=\"45\" height=\"45\" \/>\u00a0\u00a0\u00a0<\/a>La for\u00eat de Fontainebleau en France<\/h3>\n<p>[\/et_pb_text][et_pb_divider color=&#8221;#68a3cb&#8221; divider_weight=&#8221;4px&#8221; _builder_version=&#8221;3.26.3&#8243; width=&#8221;100%&#8221; width_tablet=&#8221;100%&#8221; width_phone=&#8221;100%&#8221; width_last_edited=&#8221;on|phone&#8221; max_width=&#8221;12%&#8221; max_width_tablet=&#8221;25%&#8221; max_width_phone=&#8221;25%&#8221; max_width_last_edited=&#8221;on|desktop&#8221; module_alignment=&#8221;center&#8221; height=&#8221;6px&#8221; custom_margin=&#8221;-15px||80px||false|false&#8221; custom_margin_tablet=&#8221;-15px||70px&#8221; custom_margin_phone=&#8221;-15px||70px&#8221; custom_margin_last_edited=&#8221;on|tablet&#8221; locked=&#8221;off&#8221;][\/et_pb_divider][et_pb_text admin_label=&#8221;Description of the town&#8221; _builder_version=&#8221;4.4.7&#8243; text_font=&#8221;Roboto||||&#8221; text_font_size=&#8221;16px&#8221; text_line_height=&#8221;1.9em&#8221; link_font=&#8221;Roboto||||||||&#8221; link_text_color=&#8221;#68a3cb&#8221; link_font_size=&#8221;16px&#8221; link_line_height=&#8221;1.9em&#8221; ul_font=&#8221;||||||||&#8221; ol_font=&#8221;||||||||&#8221; quote_font=&#8221;||||||||&#8221; header_font=&#8221;Varela Round|700|||||||&#8221; header_text_align=&#8221;center&#8221; header_text_color=&#8221;#2a8a6f&#8221; header_font_size=&#8221;40px&#8221; header_line_height=&#8221;1.4em&#8221; header_2_font=&#8221;Varela Round|700|||||||&#8221; header_2_text_align=&#8221;center&#8221; header_2_text_color=&#8221;#2a8a6f&#8221; header_2_font_size=&#8221;36px&#8221; header_2_line_height=&#8221;1.4em&#8221; header_3_font=&#8221;Montserrat||||||||&#8221; header_3_text_align=&#8221;justify&#8221; header_3_text_color=&#8221;#555555&#8243; header_3_font_size=&#8221;20px&#8221; header_3_line_height=&#8221;1.4em&#8221; custom_margin=&#8221;0px||35px||false|false&#8221; custom_margin_tablet=&#8221;1px||25px||false|false&#8221; custom_margin_phone=&#8221;0px||30px||false|false&#8221; custom_margin_last_edited=&#8221;on|desktop&#8221; custom_padding=&#8221;|100px||100px&#8221; custom_padding_tablet=&#8221;|0px||0px&#8221; custom_padding_phone=&#8221;&#8221; custom_padding_last_edited=&#8221;on|desktop&#8221; animation_style=&#8221;slide&#8221; animation_direction=&#8221;top&#8221; animation_intensity_slide=&#8221;10%&#8221; text_font_size_tablet=&#8221;&#8221; text_font_size_phone=&#8221;15px&#8221; text_font_size_last_edited=&#8221;on|phone&#8221; link_font_size_tablet=&#8221;&#8221; link_font_size_phone=&#8221;15px&#8221; link_font_size_last_edited=&#8221;on|desktop&#8221; header_font_size_tablet=&#8221;30px&#8221; header_font_size_phone=&#8221;25px&#8221; header_font_size_last_edited=&#8221;on|phone&#8221; header_2_font_size_tablet=&#8221;25px&#8221; header_2_font_size_phone=&#8221;20px&#8221; header_2_font_size_last_edited=&#8221;on|phone&#8221; header_3_font_size_tablet=&#8221;16px&#8221; header_3_font_size_phone=&#8221;14px&#8221; header_3_font_size_last_edited=&#8221;on|desktop&#8221; saved_tabs=&#8221;all&#8221; locked=&#8221;off&#8221; link_text_color__hover_enabled=&#8221;on&#8221; link_text_color__hover=&#8221;#fbba00&#8243;]<\/p>\n<p style=\"text-align: justify;\">La For\u00eat de Fontainebleau est situ\u00e9e \u00e0 60 km au sud de Paris en France. Cette zone foresti\u00e8re pr\u00e9serv\u00e9e de 25 000 hectares est la 2 eme plus grande for\u00eat domaniale de France. Elle doit sa renomm\u00e9e \u00e0 ses c\u00e9l\u00e8bres rochers aux formes insolites et \u00e0 son sable tr\u00e8s pur. Vous pourrez en effet d\u00e9couvrir entre autres, de tr\u00e8s grandes \u00e9tendues de sable fin au beau milieu de la for\u00eat, ce qui est magnifique et atypique. Ce site naturel est donc id\u00e9al en toute saison pour les balades \u00e0 pied ou en v\u00e9lo, et m\u00eame l\u2019escalade sur les nombreux rochers de la for\u00eat de Fontainebleau. Au niveau culturel, la zone comporte en plus de magnifiques attraits tels que le splendide ch\u00e2teau de Fontainebleau, ou le village de Barbizon, qui est un endroit mythique de la peinture pr\u00e9-impressionniste Fran\u00e7aise.<\/p>\n<p>[\/et_pb_text][\/et_pb_column][\/et_pb_row][et_pb_row column_structure=&#8221;1_3,1_3,1_3&#8243; custom_padding_last_edited=&#8221;on|desktop&#8221; _builder_version=&#8221;3.26.3&#8243; background_size=&#8221;initial&#8221; background_position=&#8221;top_left&#8221; background_repeat=&#8221;repeat&#8221; custom_margin=&#8221;||80px||false|false&#8221; custom_margin_tablet=&#8221;||60px||false|false&#8221; custom_margin_phone=&#8221;-29px||60px||false|false&#8221; custom_margin_last_edited=&#8221;on|phone&#8221; custom_padding=&#8221;0|0px|0px|0px|false|false&#8221; custom_padding_tablet=&#8221;||0px|&#8221; custom_padding_phone=&#8221;0px||0px|&#8221; locked=&#8221;off&#8221; collapsed=&#8221;off&#8221;][et_pb_column type=&#8221;1_3&#8243; _builder_version=&#8221;3.25&#8243; custom_padding=&#8221;|||&#8221; custom_padding__hover=&#8221;|||&#8221;][et_pb_image src=&#8221;https:\/\/www.where2travel.com\/wp-content\/uploads\/2020\/07\/france-foret-fontainebleau-arbres.jpg&#8221; alt=&#8221;Une des plus belle for\u00eat d&#8217;Europe : La for\u00eat de Fontainebleau&#8221; title_text=&#8221;france-foret-fontainebleau-arbres&#8221; show_in_lightbox=&#8221;on&#8221; align_tablet=&#8221;center&#8221; align_phone=&#8221;&#8221; align_last_edited=&#8221;on|desktop&#8221; _builder_version=&#8221;4.4.9&#8243; custom_margin=&#8221;|0px||0px||false&#8221; custom_margin_tablet=&#8221;&#8221; custom_margin_phone=&#8221;|0px||0px||true&#8221; custom_margin_last_edited=&#8221;on|phone&#8221; animation_style=&#8221;slide&#8221; border_radii=&#8221;on|5px|5px|5px|5px&#8221; box_shadow_style=&#8221;preset6&#8243;]&nbsp;<br \/>\n[\/et_pb_image][\/et_pb_column][et_pb_column type=&#8221;1_3&#8243; _builder_version=&#8221;3.25&#8243; custom_padding=&#8221;|||&#8221; custom_padding__hover=&#8221;|||&#8221;][et_pb_image src=&#8221;https:\/\/www.where2travel.com\/wp-content\/uploads\/2020\/07\/france-foret-fontainebleau-sable.jpg&#8221; alt=&#8221;Un des plus magnifiques paysages naturels en Europe : La for\u00eat de Fontainebleau&#8221; title_text=&#8221;france-foret-fontainebleau-sable&#8221; show_in_lightbox=&#8221;on&#8221; align_tablet=&#8221;center&#8221; align_phone=&#8221;&#8221; align_last_edited=&#8221;on|desktop&#8221; _builder_version=&#8221;4.4.9&#8243; custom_margin=&#8221;|0px||0px||false&#8221; custom_margin_tablet=&#8221;&#8221; custom_margin_phone=&#8221;|0px||0px||true&#8221; custom_margin_last_edited=&#8221;on|phone&#8221; animation_style=&#8221;slide&#8221; border_radii=&#8221;on|5px|5px|5px|5px&#8221; box_shadow_style=&#8221;preset6&#8243;]&nbsp;<br \/>\n[\/et_pb_image][\/et_pb_column][et_pb_column type=&#8221;1_3&#8243; _builder_version=&#8221;3.25&#8243; custom_padding=&#8221;|||&#8221; custom_padding__hover=&#8221;|||&#8221;][et_pb_image src=&#8221;https:\/\/www.where2travel.com\/wp-content\/uploads\/2020\/07\/france-foret-fontainebleau-oasis-sable.jpg&#8221; alt=&#8221;Oasis de sable au milieu de la for\u00eat de fontainebleau&#8221; title_text=&#8221;france-foret-fontainebleau-oasis-sable&#8221; show_in_lightbox=&#8221;on&#8221; align_tablet=&#8221;center&#8221; align_phone=&#8221;&#8221; align_last_edited=&#8221;on|desktop&#8221; _builder_version=&#8221;4.4.9&#8243; custom_margin=&#8221;|0px||0px||false&#8221; custom_margin_tablet=&#8221;&#8221; custom_margin_phone=&#8221;|0px||0px||true&#8221; custom_margin_last_edited=&#8221;on|phone&#8221; animation_style=&#8221;slide&#8221; border_radii=&#8221;on|5px|5px|5px|5px&#8221; box_shadow_style=&#8221;preset6&#8243;]&nbsp;<br \/>\n[\/et_pb_image][\/et_pb_column][\/et_pb_row][et_pb_row admin_label=&#8221;Town 4&#8243; module_id=&#8221;Tatras&#8221; _builder_version=&#8221;4.4.7&#8243; custom_margin_tablet=&#8221;&#8221; custom_margin_phone=&#8221;-50px||0px||false&#8221; custom_margin_last_edited=&#8221;on|desktop&#8221; custom_padding=&#8221;73px|0px|40.4688px|0px|false|false&#8221;][et_pb_column type=&#8221;4_4&#8243; _builder_version=&#8221;3.25&#8243; custom_padding=&#8221;|||&#8221; custom_padding__hover=&#8221;|||&#8221;][et_pb_text admin_label=&#8221;Bangkok&#8221; module_class=&#8221;anchor_img_text2&#8243; _builder_version=&#8221;4.4.7&#8243; text_font=&#8221;Roboto||||&#8221; text_text_color=&#8221;#1a1a1a&#8221; text_font_size=&#8221;24px&#8221; text_line_height=&#8221;1.4em&#8221; link_text_color=&#8221;#68a3cb&#8221; header_font=&#8221;||||||||&#8221; header_2_font=&#8221;Montserrat||||||||&#8221; header_2_text_color=&#8221;#000000&#8243; header_2_font_size=&#8221;20px&#8221; header_3_font=&#8221;Roboto|700|||||||&#8221; header_3_text_color=&#8221;#000000&#8243; header_3_font_size=&#8221;27px&#8221; header_3_line_height=&#8221;1.5em&#8221; custom_margin=&#8221;15px||||false|false&#8221; custom_margin_tablet=&#8221;&#8221; custom_margin_phone=&#8221;25px|||&#8221; custom_margin_last_edited=&#8221;on|phone&#8221; animation_style=&#8221;slide&#8221; animation_direction=&#8221;top&#8221; animation_intensity_slide=&#8221;10%&#8221; header_2_font_size_tablet=&#8221;&#8221; header_2_font_size_phone=&#8221;&#8221; header_2_font_size_last_edited=&#8221;on|desktop&#8221; header_3_font_size_tablet=&#8221;&#8221; header_3_font_size_phone=&#8221;22px&#8221; header_3_font_size_last_edited=&#8221;on|phone&#8221;]<\/p>\n<h3 style=\"text-align: center;\"><a href=\"https:\/\/www.where2travel.com\/fr\/plus-beaux-paysages-naturels-europe\/#Carte\"><img decoding=\"async\" src=\"https:\/\/www.where2travel.com\/wp-content\/uploads\/2019\/06\/Evaluation-Where2travel-N\u00b017.png\" alt=\"Number 17\" width=\"45\" height=\"45\" \/>\u00a0\u00a0\u00a0<\/a>Les montagne des Tatras en Pologne<\/h3>\n<p>[\/et_pb_text][et_pb_divider color=&#8221;#68a3cb&#8221; divider_weight=&#8221;4px&#8221; _builder_version=&#8221;3.26.3&#8243; width=&#8221;100%&#8221; width_tablet=&#8221;100%&#8221; width_phone=&#8221;100%&#8221; width_last_edited=&#8221;on|phone&#8221; max_width=&#8221;12%&#8221; max_width_tablet=&#8221;25%&#8221; max_width_phone=&#8221;25%&#8221; max_width_last_edited=&#8221;on|desktop&#8221; module_alignment=&#8221;center&#8221; height=&#8221;6px&#8221; custom_margin=&#8221;-15px||80px||false|false&#8221; custom_margin_tablet=&#8221;-15px||70px&#8221; custom_margin_phone=&#8221;-15px||70px&#8221; custom_margin_last_edited=&#8221;on|tablet&#8221; locked=&#8221;off&#8221;][\/et_pb_divider][et_pb_text admin_label=&#8221;Description of the town&#8221; _builder_version=&#8221;4.4.9&#8243; text_font=&#8221;Roboto||||&#8221; text_font_size=&#8221;16px&#8221; text_line_height=&#8221;1.9em&#8221; link_font=&#8221;Roboto||||||||&#8221; link_text_color=&#8221;#68a3cb&#8221; link_font_size=&#8221;16px&#8221; link_line_height=&#8221;1.9em&#8221; ul_font=&#8221;||||||||&#8221; ol_font=&#8221;||||||||&#8221; quote_font=&#8221;||||||||&#8221; header_font=&#8221;Varela Round|700|||||||&#8221; header_text_align=&#8221;center&#8221; header_text_color=&#8221;#2a8a6f&#8221; header_font_size=&#8221;40px&#8221; header_line_height=&#8221;1.4em&#8221; header_2_font=&#8221;Varela Round|700|||||||&#8221; header_2_text_align=&#8221;center&#8221; header_2_text_color=&#8221;#2a8a6f&#8221; header_2_font_size=&#8221;36px&#8221; header_2_line_height=&#8221;1.4em&#8221; header_3_font=&#8221;Montserrat||||||||&#8221; header_3_text_align=&#8221;justify&#8221; header_3_text_color=&#8221;#555555&#8243; header_3_font_size=&#8221;20px&#8221; header_3_line_height=&#8221;1.4em&#8221; custom_margin=&#8221;0px||35px||false|false&#8221; custom_margin_tablet=&#8221;1px||25px||false|false&#8221; custom_margin_phone=&#8221;0px||30px||false|false&#8221; custom_margin_last_edited=&#8221;on|desktop&#8221; custom_padding=&#8221;|100px||100px&#8221; custom_padding_tablet=&#8221;|0px||0px&#8221; custom_padding_phone=&#8221;&#8221; custom_padding_last_edited=&#8221;on|desktop&#8221; animation_style=&#8221;slide&#8221; animation_direction=&#8221;top&#8221; animation_intensity_slide=&#8221;10%&#8221; text_font_size_tablet=&#8221;&#8221; text_font_size_phone=&#8221;15px&#8221; text_font_size_last_edited=&#8221;on|phone&#8221; link_font_size_tablet=&#8221;&#8221; link_font_size_phone=&#8221;15px&#8221; link_font_size_last_edited=&#8221;on|desktop&#8221; header_font_size_tablet=&#8221;30px&#8221; header_font_size_phone=&#8221;25px&#8221; header_font_size_last_edited=&#8221;on|phone&#8221; header_2_font_size_tablet=&#8221;25px&#8221; header_2_font_size_phone=&#8221;20px&#8221; header_2_font_size_last_edited=&#8221;on|phone&#8221; header_3_font_size_tablet=&#8221;16px&#8221; header_3_font_size_phone=&#8221;14px&#8221; header_3_font_size_last_edited=&#8221;on|desktop&#8221; saved_tabs=&#8221;all&#8221; locked=&#8221;off&#8221; link_text_color__hover_enabled=&#8221;on&#8221; link_text_color__hover=&#8221;#fbba00&#8243;]<\/p>\n<p style=\"text-align: justify;\">Les montagnes des Tatras font partie de la cha\u00eene des Carpates, \u00e0 l&#8217;est de l&#8217;Europe. Elles sont une fronti\u00e8re naturelle entre la Slovaquie et la Pologne. Les Tatras int\u00e8grent donc 2 parcs nationaux prot\u00e9g\u00e9s dont les hautes Tatras qui sont une r\u00e9serve de biosph\u00e8re class\u00e9e par l&#8217;UNESCO. Au cours de vos balades, en plus du magnifique paysage naturel, vous pourrez peut \u00eatre y apercevoir \u00e9galement sa faune locale comme des chamois des Tatras, des marmottes ou des ours. En hiver, la zone est id\u00e9ale pour le ski comme \u00e0 Zakopane en Pologne par exemple, et \u00e9t\u00e9, vous y ferez de superbes randonn\u00e9es.<\/p>\n<p>[\/et_pb_text][\/et_pb_column][\/et_pb_row][et_pb_row column_structure=&#8221;1_3,1_3,1_3&#8243; custom_padding_last_edited=&#8221;on|desktop&#8221; _builder_version=&#8221;3.26.3&#8243; background_size=&#8221;initial&#8221; background_position=&#8221;top_left&#8221; background_repeat=&#8221;repeat&#8221; custom_margin=&#8221;||80px||false|false&#8221; custom_margin_tablet=&#8221;||60px||false|false&#8221; custom_margin_phone=&#8221;-29px||60px||false|false&#8221; custom_margin_last_edited=&#8221;on|phone&#8221; custom_padding=&#8221;0|0px|0px|0px|false|false&#8221; custom_padding_tablet=&#8221;||0px|&#8221; custom_padding_phone=&#8221;0px||0px|&#8221; locked=&#8221;off&#8221; collapsed=&#8221;off&#8221;][et_pb_column type=&#8221;1_3&#8243; _builder_version=&#8221;3.25&#8243; custom_padding=&#8221;|||&#8221; custom_padding__hover=&#8221;|||&#8221;][et_pb_image src=&#8221;https:\/\/www.where2travel.com\/wp-content\/uploads\/2020\/07\/pologne-montagnes-zakopane-village.jpg&#8221; alt=&#8221;Les montagnes des Tatras en Pologne, un des plus magnifiques paysages naturels en Europe&#8221; title_text=&#8221;pologne-montagnes-zakopane-village&#8221; show_in_lightbox=&#8221;on&#8221; align_tablet=&#8221;center&#8221; align_phone=&#8221;&#8221; align_last_edited=&#8221;on|desktop&#8221; _builder_version=&#8221;4.4.9&#8243; custom_margin=&#8221;|0px||0px||false&#8221; custom_margin_tablet=&#8221;&#8221; custom_margin_phone=&#8221;|0px||0px||true&#8221; custom_margin_last_edited=&#8221;on|phone&#8221; animation_style=&#8221;slide&#8221; border_radii=&#8221;on|5px|5px|5px|5px&#8221; box_shadow_style=&#8221;preset6&#8243;]&nbsp;<br \/>\n[\/et_pb_image][\/et_pb_column][et_pb_column type=&#8221;1_3&#8243; _builder_version=&#8221;3.25&#8243; custom_padding=&#8221;|||&#8221; custom_padding__hover=&#8221;|||&#8221;][et_pb_image src=&#8221;https:\/\/www.where2travel.com\/wp-content\/uploads\/2020\/07\/pologne-montagnes-zakopane.jpg&#8221; alt=&#8221;Vue sur les montagnes des Tatras en Pologne&#8221; title_text=&#8221;pologne-montagnes-zakopane&#8221; show_in_lightbox=&#8221;on&#8221; align_tablet=&#8221;center&#8221; align_phone=&#8221;&#8221; align_last_edited=&#8221;on|desktop&#8221; _builder_version=&#8221;4.4.9&#8243; custom_margin=&#8221;|0px||0px||false&#8221; custom_margin_tablet=&#8221;&#8221; custom_margin_phone=&#8221;|0px||0px||true&#8221; custom_margin_last_edited=&#8221;on|phone&#8221; animation_style=&#8221;slide&#8221; border_radii=&#8221;on|5px|5px|5px|5px&#8221; box_shadow_style=&#8221;preset6&#8243;]&nbsp;<br \/>\n[\/et_pb_image][\/et_pb_column][et_pb_column type=&#8221;1_3&#8243; _builder_version=&#8221;3.25&#8243; custom_padding=&#8221;|||&#8221; custom_padding__hover=&#8221;|||&#8221;][et_pb_image src=&#8221;https:\/\/www.where2travel.com\/wp-content\/uploads\/2020\/07\/pologne-montagnes-tatras.jpg&#8221; alt=&#8221;Sommet d&#8217;une montagne des Tatras&#8221; title_text=&#8221;pologne-montagnes-tatras&#8221; show_in_lightbox=&#8221;on&#8221; align_tablet=&#8221;center&#8221; align_phone=&#8221;&#8221; align_last_edited=&#8221;on|desktop&#8221; _builder_version=&#8221;4.4.9&#8243; custom_margin=&#8221;|0px||0px||false&#8221; custom_margin_tablet=&#8221;&#8221; custom_margin_phone=&#8221;|0px||0px||true&#8221; custom_margin_last_edited=&#8221;on|phone&#8221; animation_style=&#8221;slide&#8221; border_radii=&#8221;on|5px|5px|5px|5px&#8221; box_shadow_style=&#8221;preset6&#8243;]&nbsp;<br \/>\n[\/et_pb_image][\/et_pb_column][\/et_pb_row][et_pb_row admin_label=&#8221;Town 4&#8243; module_id=&#8221;Kotor&#8221; _builder_version=&#8221;4.4.7&#8243; custom_margin_tablet=&#8221;&#8221; custom_margin_phone=&#8221;-50px||0px||false&#8221; custom_margin_last_edited=&#8221;on|desktop&#8221; custom_padding=&#8221;73px|0px|40.4688px|0px|false|false&#8221;][et_pb_column type=&#8221;4_4&#8243; _builder_version=&#8221;3.25&#8243; custom_padding=&#8221;|||&#8221; custom_padding__hover=&#8221;|||&#8221;][et_pb_text admin_label=&#8221;Bangkok&#8221; module_class=&#8221;anchor_img_text2&#8243; _builder_version=&#8221;4.4.7&#8243; text_font=&#8221;Roboto||||&#8221; text_text_color=&#8221;#1a1a1a&#8221; text_font_size=&#8221;24px&#8221; text_line_height=&#8221;1.4em&#8221; link_text_color=&#8221;#68a3cb&#8221; header_font=&#8221;||||||||&#8221; header_2_font=&#8221;Montserrat||||||||&#8221; header_2_text_color=&#8221;#000000&#8243; header_2_font_size=&#8221;20px&#8221; header_3_font=&#8221;Roboto|700|||||||&#8221; header_3_text_color=&#8221;#000000&#8243; header_3_font_size=&#8221;27px&#8221; header_3_line_height=&#8221;1.5em&#8221; custom_margin=&#8221;15px||||false|false&#8221; custom_margin_tablet=&#8221;&#8221; custom_margin_phone=&#8221;25px|||&#8221; custom_margin_last_edited=&#8221;on|phone&#8221; animation_style=&#8221;slide&#8221; animation_direction=&#8221;top&#8221; animation_intensity_slide=&#8221;10%&#8221; header_2_font_size_tablet=&#8221;&#8221; header_2_font_size_phone=&#8221;&#8221; header_2_font_size_last_edited=&#8221;on|desktop&#8221; header_3_font_size_tablet=&#8221;&#8221; header_3_font_size_phone=&#8221;22px&#8221; header_3_font_size_last_edited=&#8221;on|phone&#8221;]<\/p>\n<h3 style=\"text-align: center;\"><a href=\"https:\/\/www.where2travel.com\/fr\/plus-beaux-paysages-naturels-europe\/#Carte\"><img decoding=\"async\" src=\"https:\/\/www.where2travel.com\/wp-content\/uploads\/2019\/06\/Evaluation-Where2travel-N\u00b018.png\" alt=\"Number 18\" width=\"45\" height=\"45\" \/>\u00a0\u00a0\u00a0<\/a>Les bouches de Kotor au Mont\u00e9n\u00e9gro<\/h3>\n<p>[\/et_pb_text][et_pb_divider color=&#8221;#68a3cb&#8221; divider_weight=&#8221;4px&#8221; _builder_version=&#8221;3.26.3&#8243; width=&#8221;100%&#8221; width_tablet=&#8221;100%&#8221; width_phone=&#8221;100%&#8221; width_last_edited=&#8221;on|phone&#8221; max_width=&#8221;12%&#8221; max_width_tablet=&#8221;25%&#8221; max_width_phone=&#8221;25%&#8221; max_width_last_edited=&#8221;on|desktop&#8221; module_alignment=&#8221;center&#8221; height=&#8221;6px&#8221; custom_margin=&#8221;-15px||80px||false|false&#8221; custom_margin_tablet=&#8221;-15px||70px&#8221; custom_margin_phone=&#8221;-15px||70px&#8221; custom_margin_last_edited=&#8221;on|tablet&#8221; locked=&#8221;off&#8221;][\/et_pb_divider][et_pb_text admin_label=&#8221;Description of the town&#8221; _builder_version=&#8221;4.4.9&#8243; text_font=&#8221;Roboto||||&#8221; text_font_size=&#8221;16px&#8221; text_line_height=&#8221;1.9em&#8221; link_font=&#8221;Roboto||||||||&#8221; link_text_color=&#8221;#68a3cb&#8221; link_font_size=&#8221;16px&#8221; link_line_height=&#8221;1.9em&#8221; ul_font=&#8221;||||||||&#8221; ol_font=&#8221;||||||||&#8221; quote_font=&#8221;||||||||&#8221; header_font=&#8221;Varela Round|700|||||||&#8221; header_text_align=&#8221;center&#8221; header_text_color=&#8221;#2a8a6f&#8221; header_font_size=&#8221;40px&#8221; header_line_height=&#8221;1.4em&#8221; header_2_font=&#8221;Varela Round|700|||||||&#8221; header_2_text_align=&#8221;center&#8221; header_2_text_color=&#8221;#2a8a6f&#8221; header_2_font_size=&#8221;36px&#8221; header_2_line_height=&#8221;1.4em&#8221; header_3_font=&#8221;Montserrat||||||||&#8221; header_3_text_align=&#8221;justify&#8221; header_3_text_color=&#8221;#555555&#8243; header_3_font_size=&#8221;20px&#8221; header_3_line_height=&#8221;1.4em&#8221; custom_margin=&#8221;0px||35px||false|false&#8221; custom_margin_tablet=&#8221;1px||25px||false|false&#8221; custom_margin_phone=&#8221;0px||30px||false|false&#8221; custom_margin_last_edited=&#8221;on|desktop&#8221; custom_padding=&#8221;|100px||100px&#8221; custom_padding_tablet=&#8221;|0px||0px&#8221; custom_padding_phone=&#8221;&#8221; custom_padding_last_edited=&#8221;on|desktop&#8221; animation_style=&#8221;slide&#8221; animation_direction=&#8221;top&#8221; animation_intensity_slide=&#8221;10%&#8221; text_font_size_tablet=&#8221;&#8221; text_font_size_phone=&#8221;15px&#8221; text_font_size_last_edited=&#8221;on|phone&#8221; link_font_size_tablet=&#8221;&#8221; link_font_size_phone=&#8221;15px&#8221; link_font_size_last_edited=&#8221;on|desktop&#8221; header_font_size_tablet=&#8221;30px&#8221; header_font_size_phone=&#8221;25px&#8221; header_font_size_last_edited=&#8221;on|phone&#8221; header_2_font_size_tablet=&#8221;25px&#8221; header_2_font_size_phone=&#8221;20px&#8221; header_2_font_size_last_edited=&#8221;on|phone&#8221; header_3_font_size_tablet=&#8221;16px&#8221; header_3_font_size_phone=&#8221;14px&#8221; header_3_font_size_last_edited=&#8221;on|desktop&#8221; saved_tabs=&#8221;all&#8221; locked=&#8221;off&#8221; link_text_color__hover_enabled=&#8221;on&#8221; link_text_color__hover=&#8221;#fbba00&#8243;]<\/p>\n<p style=\"text-align: justify;\">Consid\u00e9r\u00e9es parmi les plus belles baies du monde, les&nbsp;Bouches de Kotor&nbsp;(Boka Kotorska) se trouvent au sud ouest du Mont\u00e9n\u00e9gro sur la c\u00f4te Adriatique. Ce paysage naturel ressemble \u00e0 un fjord, mais puisque aucun glacier n\u2019y ayant exist\u00e9, on parle plut\u00f4t de bouches, remplies par la mont\u00e9e du niveau de la mer.&nbsp;Pour en appr\u00e9cier la vue, je vous conseille de monter tout en haut de la jolie ville m\u00e9di\u00e9vale de Kotor. Apr\u00e8s une ascension assez difficile physiquement \u00e0 travers des escaliers sinueux, vous serez r\u00e9compens\u00e9s par une incroyable vue panoramique. Je vous conseille enfin de visiter les deux \u00eeles des bouches de Kotor, l\u2019\u00eele&nbsp;Notre-Dame-du-Rocher qui est occup\u00e9e par&nbsp;une \u00e9glise catholique construite au XVe si\u00e8cle et l\u2019\u00eele Saint-Georges o\u00f9 vous pourrez voir l\u2019abbaye de Saint-Georges, un monast\u00e8re construit par les B\u00e9n\u00e9dictins au IXe.<\/p>\n<p>[\/et_pb_text][\/et_pb_column][\/et_pb_row][et_pb_row column_structure=&#8221;1_3,1_3,1_3&#8243; custom_padding_last_edited=&#8221;on|desktop&#8221; _builder_version=&#8221;3.26.3&#8243; background_size=&#8221;initial&#8221; background_position=&#8221;top_left&#8221; background_repeat=&#8221;repeat&#8221; custom_margin=&#8221;||80px||false|false&#8221; custom_margin_tablet=&#8221;||60px||false|false&#8221; custom_margin_phone=&#8221;-29px||60px||false|false&#8221; custom_margin_last_edited=&#8221;on|phone&#8221; custom_padding=&#8221;0|0px|0px|0px|false|false&#8221; custom_padding_tablet=&#8221;||0px|&#8221; custom_padding_phone=&#8221;0px||0px|&#8221; locked=&#8221;off&#8221; collapsed=&#8221;off&#8221;][et_pb_column type=&#8221;1_3&#8243; _builder_version=&#8221;3.25&#8243; custom_padding=&#8221;|||&#8221; custom_padding__hover=&#8221;|||&#8221;][et_pb_image src=&#8221;https:\/\/www.where2travel.com\/wp-content\/uploads\/2020\/07\/montenegro-bouches-de-kotor.jpg&#8221; alt=&#8221;Parmi les plus magnifiques paysages naturels en Europe : les bouches de Kotor au Montenegro&#8221; title_text=&#8221;montenegro-bouches-de-kotor&#8221; show_in_lightbox=&#8221;on&#8221; align_tablet=&#8221;center&#8221; align_phone=&#8221;&#8221; align_last_edited=&#8221;on|desktop&#8221; _builder_version=&#8221;4.4.9&#8243; custom_margin=&#8221;|0px||0px||false&#8221; custom_margin_tablet=&#8221;&#8221; custom_margin_phone=&#8221;|0px||0px||true&#8221; custom_margin_last_edited=&#8221;on|phone&#8221; animation_style=&#8221;slide&#8221; border_radii=&#8221;on|5px|5px|5px|5px&#8221; box_shadow_style=&#8221;preset6&#8243;]&nbsp;<br \/>\n[\/et_pb_image][\/et_pb_column][et_pb_column type=&#8221;1_3&#8243; _builder_version=&#8221;3.25&#8243; custom_padding=&#8221;|||&#8221; custom_padding__hover=&#8221;|||&#8221;][et_pb_image src=&#8221;https:\/\/www.where2travel.com\/wp-content\/uploads\/2020\/07\/montenegro-bouches-de-kotor-\u00eeles.jpg&#8221; alt=&#8221;\u00celes des bouches de Kotor au Montenegro&#8221; title_text=&#8221;montenegro-bouches-de-kotor-\u00eeles&#8221; show_in_lightbox=&#8221;on&#8221; align_tablet=&#8221;center&#8221; align_phone=&#8221;&#8221; align_last_edited=&#8221;on|desktop&#8221; _builder_version=&#8221;4.4.9&#8243; custom_margin=&#8221;|0px||0px||false&#8221; custom_margin_tablet=&#8221;&#8221; custom_margin_phone=&#8221;|0px||0px||true&#8221; custom_margin_last_edited=&#8221;on|phone&#8221; animation_style=&#8221;slide&#8221; border_radii=&#8221;on|5px|5px|5px|5px&#8221; box_shadow_style=&#8221;preset6&#8243;]&nbsp;<br \/>\n[\/et_pb_image][\/et_pb_column][et_pb_column type=&#8221;1_3&#8243; _builder_version=&#8221;3.25&#8243; custom_padding=&#8221;|||&#8221; custom_padding__hover=&#8221;|||&#8221;][et_pb_image src=&#8221;https:\/\/www.where2travel.com\/wp-content\/uploads\/2020\/07\/montenegro-bouches-de-kotor-ville.jpg&#8221; alt=&#8221;Parmi les plus magnifiques paysages naturels en Europe : les bouches de Kotor&#8221; title_text=&#8221;montenegro-bouches-de-kotor-ville&#8221; show_in_lightbox=&#8221;on&#8221; align_tablet=&#8221;center&#8221; align_phone=&#8221;&#8221; align_last_edited=&#8221;on|desktop&#8221; _builder_version=&#8221;4.4.9&#8243; custom_margin=&#8221;|0px||0px||false&#8221; custom_margin_tablet=&#8221;&#8221; custom_margin_phone=&#8221;|0px||0px||true&#8221; custom_margin_last_edited=&#8221;on|phone&#8221; animation_style=&#8221;slide&#8221; border_radii=&#8221;on|5px|5px|5px|5px&#8221; box_shadow_style=&#8221;preset6&#8243;]&nbsp;<br \/>\n[\/et_pb_image][\/et_pb_column][\/et_pb_row][et_pb_row admin_label=&#8221;Town 4&#8243; module_id=&#8221;Garde&#8221; _builder_version=&#8221;4.4.7&#8243; custom_margin_tablet=&#8221;&#8221; custom_margin_phone=&#8221;-50px||0px||false&#8221; custom_margin_last_edited=&#8221;on|desktop&#8221; custom_padding=&#8221;73px|0px|40.4688px|0px|false|false&#8221;][et_pb_column type=&#8221;4_4&#8243; _builder_version=&#8221;3.25&#8243; custom_padding=&#8221;|||&#8221; custom_padding__hover=&#8221;|||&#8221;][et_pb_text admin_label=&#8221;Bangkok&#8221; module_class=&#8221;anchor_img_text2&#8243; _builder_version=&#8221;4.4.7&#8243; text_font=&#8221;Roboto||||&#8221; text_text_color=&#8221;#1a1a1a&#8221; text_font_size=&#8221;24px&#8221; text_line_height=&#8221;1.4em&#8221; link_text_color=&#8221;#68a3cb&#8221; header_font=&#8221;||||||||&#8221; header_2_font=&#8221;Montserrat||||||||&#8221; header_2_text_color=&#8221;#000000&#8243; header_2_font_size=&#8221;20px&#8221; header_3_font=&#8221;Roboto|700|||||||&#8221; header_3_text_color=&#8221;#000000&#8243; header_3_font_size=&#8221;27px&#8221; header_3_line_height=&#8221;1.5em&#8221; custom_margin=&#8221;15px||||false|false&#8221; custom_margin_tablet=&#8221;&#8221; custom_margin_phone=&#8221;25px|||&#8221; custom_margin_last_edited=&#8221;on|phone&#8221; animation_style=&#8221;slide&#8221; animation_direction=&#8221;top&#8221; animation_intensity_slide=&#8221;10%&#8221; header_2_font_size_tablet=&#8221;&#8221; header_2_font_size_phone=&#8221;&#8221; header_2_font_size_last_edited=&#8221;on|desktop&#8221; header_3_font_size_tablet=&#8221;&#8221; header_3_font_size_phone=&#8221;22px&#8221; header_3_font_size_last_edited=&#8221;on|phone&#8221;]<\/p>\n<h3 style=\"text-align: center;\"><a href=\"https:\/\/www.where2travel.com\/fr\/plus-beaux-paysages-naturels-europe\/#Carte\"><img decoding=\"async\" src=\"https:\/\/www.where2travel.com\/wp-content\/uploads\/2019\/06\/Evaluation-Where2travel-N\u00b019.png\" alt=\"Number 19\" width=\"45\" height=\"45\">&nbsp;&nbsp;&nbsp;<\/a>Les grands lacs du nord de l&#8217;Italie<\/h3>\n<p>[\/et_pb_text][et_pb_divider color=&#8221;#68a3cb&#8221; divider_weight=&#8221;4px&#8221; _builder_version=&#8221;3.26.3&#8243; width=&#8221;100%&#8221; width_tablet=&#8221;100%&#8221; width_phone=&#8221;100%&#8221; width_last_edited=&#8221;on|phone&#8221; max_width=&#8221;12%&#8221; max_width_tablet=&#8221;25%&#8221; max_width_phone=&#8221;25%&#8221; max_width_last_edited=&#8221;on|desktop&#8221; module_alignment=&#8221;center&#8221; height=&#8221;6px&#8221; custom_margin=&#8221;-15px||80px||false|false&#8221; custom_margin_tablet=&#8221;-15px||70px&#8221; custom_margin_phone=&#8221;-15px||70px&#8221; custom_margin_last_edited=&#8221;on|tablet&#8221; locked=&#8221;off&#8221;][\/et_pb_divider][et_pb_text admin_label=&#8221;Description of the town&#8221; _builder_version=&#8221;4.4.7&#8243; text_font=&#8221;Roboto||||&#8221; text_font_size=&#8221;16px&#8221; text_line_height=&#8221;1.9em&#8221; link_font=&#8221;Roboto||||||||&#8221; link_text_color=&#8221;#68a3cb&#8221; link_font_size=&#8221;16px&#8221; link_line_height=&#8221;1.9em&#8221; ul_font=&#8221;||||||||&#8221; ol_font=&#8221;||||||||&#8221; quote_font=&#8221;||||||||&#8221; header_font=&#8221;Varela Round|700|||||||&#8221; header_text_align=&#8221;center&#8221; header_text_color=&#8221;#2a8a6f&#8221; header_font_size=&#8221;40px&#8221; header_line_height=&#8221;1.4em&#8221; header_2_font=&#8221;Varela Round|700|||||||&#8221; header_2_text_align=&#8221;center&#8221; header_2_text_color=&#8221;#2a8a6f&#8221; header_2_font_size=&#8221;36px&#8221; header_2_line_height=&#8221;1.4em&#8221; header_3_font=&#8221;Montserrat||||||||&#8221; header_3_text_align=&#8221;justify&#8221; header_3_text_color=&#8221;#555555&#8243; header_3_font_size=&#8221;20px&#8221; header_3_line_height=&#8221;1.4em&#8221; custom_margin=&#8221;0px||35px||false|false&#8221; custom_margin_tablet=&#8221;1px||25px||false|false&#8221; custom_margin_phone=&#8221;0px||30px||false|false&#8221; custom_margin_last_edited=&#8221;on|desktop&#8221; custom_padding=&#8221;|100px||100px&#8221; custom_padding_tablet=&#8221;|0px||0px&#8221; custom_padding_phone=&#8221;&#8221; custom_padding_last_edited=&#8221;on|desktop&#8221; animation_style=&#8221;slide&#8221; animation_direction=&#8221;top&#8221; animation_intensity_slide=&#8221;10%&#8221; text_font_size_tablet=&#8221;&#8221; text_font_size_phone=&#8221;15px&#8221; text_font_size_last_edited=&#8221;on|phone&#8221; link_font_size_tablet=&#8221;&#8221; link_font_size_phone=&#8221;15px&#8221; link_font_size_last_edited=&#8221;on|desktop&#8221; header_font_size_tablet=&#8221;30px&#8221; header_font_size_phone=&#8221;25px&#8221; header_font_size_last_edited=&#8221;on|phone&#8221; header_2_font_size_tablet=&#8221;25px&#8221; header_2_font_size_phone=&#8221;20px&#8221; header_2_font_size_last_edited=&#8221;on|phone&#8221; header_3_font_size_tablet=&#8221;16px&#8221; header_3_font_size_phone=&#8221;14px&#8221; header_3_font_size_last_edited=&#8221;on|desktop&#8221; saved_tabs=&#8221;all&#8221; locked=&#8221;off&#8221; link_text_color__hover_enabled=&#8221;on&#8221; link_text_color__hover=&#8221;#fbba00&#8243;]<\/p>\n<p style=\"text-align: justify;\">Les lacs italiens\u00a0font partie des plus beaux paysages naturels du pays \u00e0\u00a0visiter. Situ\u00e9e dans le Nord de l\u2019Italie, pr\u00e8s de la fronti\u00e8re suisse,\u00a0cette r\u00e9gion des grands lacs comblera les amoureux de la nature et les passionn\u00e9s de sport en plein air. Au lac Majeur, lac de Garde et lac de C\u00f4me pour ne citer que les plus connus, vous d\u00e9couvrirez en plus de jolis petits villages, d\u2019anciens ch\u00e2teaux, des \u00e9glises et monast\u00e8res. Enfin, autour des lacs, vous pourrez profiter de ses superbes paysages naturels en vous relaxant simplement sur ses plages, en faisant du v\u00e9lo le long de ses rives ou de la voile sur ses eaux calmes.<\/p>\n<p>[\/et_pb_text][\/et_pb_column][\/et_pb_row][et_pb_row column_structure=&#8221;1_3,1_3,1_3&#8243; custom_padding_last_edited=&#8221;on|desktop&#8221; _builder_version=&#8221;3.26.3&#8243; background_size=&#8221;initial&#8221; background_position=&#8221;top_left&#8221; background_repeat=&#8221;repeat&#8221; custom_margin=&#8221;||80px||false|false&#8221; custom_margin_tablet=&#8221;||60px||false|false&#8221; custom_margin_phone=&#8221;-29px||60px||false|false&#8221; custom_margin_last_edited=&#8221;on|phone&#8221; custom_padding=&#8221;0|0px|0px|0px|false|false&#8221; custom_padding_tablet=&#8221;||0px|&#8221; custom_padding_phone=&#8221;0px||0px|&#8221; locked=&#8221;off&#8221; collapsed=&#8221;off&#8221;][et_pb_column type=&#8221;1_3&#8243; _builder_version=&#8221;3.25&#8243; custom_padding=&#8221;|||&#8221; custom_padding__hover=&#8221;|||&#8221;][et_pb_image src=&#8221;https:\/\/www.where2travel.com\/wp-content\/uploads\/2020\/07\/Italie-grands-lacs.jpg&#8221; alt=&#8221;Les lacs du nord de l&#8217;Italie, un des plus magnifiques paysages naturels en Europe&#8221; title_text=&#8221;Italie-grands-lacs&#8221; show_in_lightbox=&#8221;on&#8221; align_tablet=&#8221;center&#8221; align_phone=&#8221;&#8221; align_last_edited=&#8221;on|desktop&#8221; _builder_version=&#8221;4.4.9&#8243; custom_margin=&#8221;|0px||0px||false&#8221; custom_margin_tablet=&#8221;&#8221; custom_margin_phone=&#8221;|0px||0px||true&#8221; custom_margin_last_edited=&#8221;on|phone&#8221; animation_style=&#8221;slide&#8221; border_radii=&#8221;on|5px|5px|5px|5px&#8221; box_shadow_style=&#8221;preset6&#8243;]&nbsp;<br \/>\n[\/et_pb_image][\/et_pb_column][et_pb_column type=&#8221;1_3&#8243; _builder_version=&#8221;3.25&#8243; custom_padding=&#8221;|||&#8221; custom_padding__hover=&#8221;|||&#8221;][et_pb_image src=&#8221;https:\/\/www.where2travel.com\/wp-content\/uploads\/2021\/03\/Italie-grands-lacs-plage.jpg&#8221; alt=&#8221;Plage au bord des grands lacs au nord de l&#8217;Italie&#8221; title_text=&#8221;Italie-grands-lacs-plage&#8221; show_in_lightbox=&#8221;on&#8221; align_tablet=&#8221;center&#8221; align_phone=&#8221;&#8221; align_last_edited=&#8221;on|desktop&#8221; _builder_version=&#8221;4.9.1&#8243; custom_margin=&#8221;|0px||0px||false&#8221; custom_margin_tablet=&#8221;&#8221; custom_margin_phone=&#8221;|0px||0px||true&#8221; custom_margin_last_edited=&#8221;on|phone&#8221; animation_style=&#8221;slide&#8221; border_radii=&#8221;on|5px|5px|5px|5px&#8221; box_shadow_style=&#8221;preset6&#8243;]&nbsp;<br \/>\n[\/et_pb_image][\/et_pb_column][et_pb_column type=&#8221;1_3&#8243; _builder_version=&#8221;3.25&#8243; custom_padding=&#8221;|||&#8221; custom_padding__hover=&#8221;|||&#8221;][et_pb_image src=&#8221;https:\/\/www.where2travel.com\/wp-content\/uploads\/2020\/07\/Italie-grands-lacs-village.jpg&#8221; alt=&#8221;Jolie village au bord des lacs du nord de l&#8217;Italie&#8221; title_text=&#8221;Italie-grands-lacs-village&#8221; show_in_lightbox=&#8221;on&#8221; align_tablet=&#8221;center&#8221; align_phone=&#8221;&#8221; align_last_edited=&#8221;on|desktop&#8221; _builder_version=&#8221;4.4.9&#8243; custom_margin=&#8221;|0px||0px||false&#8221; custom_margin_tablet=&#8221;&#8221; custom_margin_phone=&#8221;|0px||0px||true&#8221; custom_margin_last_edited=&#8221;on|phone&#8221; animation_style=&#8221;slide&#8221; border_radii=&#8221;on|5px|5px|5px|5px&#8221; box_shadow_style=&#8221;preset6&#8243;]&nbsp;<br \/>\n[\/et_pb_image][\/et_pb_column][\/et_pb_row][et_pb_row admin_label=&#8221;Town 4&#8243; module_id=&#8221;Kravica&#8221; _builder_version=&#8221;4.4.7&#8243; custom_margin_tablet=&#8221;&#8221; custom_margin_phone=&#8221;-50px||0px||false&#8221; custom_margin_last_edited=&#8221;on|desktop&#8221; custom_padding=&#8221;73px|0px|40.4688px|0px|false|false&#8221;][et_pb_column type=&#8221;4_4&#8243; _builder_version=&#8221;3.25&#8243; custom_padding=&#8221;|||&#8221; custom_padding__hover=&#8221;|||&#8221;][et_pb_text admin_label=&#8221;Bangkok&#8221; module_class=&#8221;anchor_img_text2&#8243; _builder_version=&#8221;4.4.7&#8243; text_font=&#8221;Roboto||||&#8221; text_text_color=&#8221;#1a1a1a&#8221; text_font_size=&#8221;24px&#8221; text_line_height=&#8221;1.4em&#8221; link_text_color=&#8221;#68a3cb&#8221; header_font=&#8221;||||||||&#8221; header_2_font=&#8221;Montserrat||||||||&#8221; header_2_text_color=&#8221;#000000&#8243; header_2_font_size=&#8221;20px&#8221; header_3_font=&#8221;Roboto|700|||||||&#8221; header_3_text_color=&#8221;#000000&#8243; header_3_font_size=&#8221;27px&#8221; header_3_line_height=&#8221;1.5em&#8221; custom_margin=&#8221;15px||||false|false&#8221; custom_margin_tablet=&#8221;&#8221; custom_margin_phone=&#8221;25px|||&#8221; custom_margin_last_edited=&#8221;on|phone&#8221; animation_style=&#8221;slide&#8221; animation_direction=&#8221;top&#8221; animation_intensity_slide=&#8221;10%&#8221; header_2_font_size_tablet=&#8221;&#8221; header_2_font_size_phone=&#8221;&#8221; header_2_font_size_last_edited=&#8221;on|desktop&#8221; header_3_font_size_tablet=&#8221;&#8221; header_3_font_size_phone=&#8221;22px&#8221; header_3_font_size_last_edited=&#8221;on|phone&#8221;]<\/p>\n<h3 style=\"text-align: center;\"><a href=\"https:\/\/www.where2travel.com\/fr\/plus-beaux-paysages-naturels-europe\/#Carte\"><img decoding=\"async\" src=\"https:\/\/www.where2travel.com\/wp-content\/uploads\/2019\/06\/Evaluation-Where2travel-N\u00b020.png\" alt=\"Number 20\" width=\"45\" height=\"45\" \/>\u00a0\u00a0\u00a0<\/a>Les chutes de Kravica en Bosnie Herzegovine<\/h3>\n<p>[\/et_pb_text][et_pb_divider color=&#8221;#68a3cb&#8221; divider_weight=&#8221;4px&#8221; _builder_version=&#8221;3.26.3&#8243; width=&#8221;100%&#8221; width_tablet=&#8221;100%&#8221; width_phone=&#8221;100%&#8221; width_last_edited=&#8221;on|phone&#8221; max_width=&#8221;12%&#8221; max_width_tablet=&#8221;25%&#8221; max_width_phone=&#8221;25%&#8221; max_width_last_edited=&#8221;on|desktop&#8221; module_alignment=&#8221;center&#8221; height=&#8221;6px&#8221; custom_margin=&#8221;-15px||80px||false|false&#8221; custom_margin_tablet=&#8221;-15px||70px&#8221; custom_margin_phone=&#8221;-15px||70px&#8221; custom_margin_last_edited=&#8221;on|tablet&#8221; locked=&#8221;off&#8221;][\/et_pb_divider][et_pb_text admin_label=&#8221;Description of the town&#8221; _builder_version=&#8221;4.4.7&#8243; text_font=&#8221;Roboto||||&#8221; text_font_size=&#8221;16px&#8221; text_line_height=&#8221;1.9em&#8221; link_font=&#8221;Roboto||||||||&#8221; link_text_color=&#8221;#68a3cb&#8221; link_font_size=&#8221;16px&#8221; link_line_height=&#8221;1.9em&#8221; ul_font=&#8221;||||||||&#8221; ol_font=&#8221;||||||||&#8221; quote_font=&#8221;||||||||&#8221; header_font=&#8221;Varela Round|700|||||||&#8221; header_text_align=&#8221;center&#8221; header_text_color=&#8221;#2a8a6f&#8221; header_font_size=&#8221;40px&#8221; header_line_height=&#8221;1.4em&#8221; header_2_font=&#8221;Varela Round|700|||||||&#8221; header_2_text_align=&#8221;center&#8221; header_2_text_color=&#8221;#2a8a6f&#8221; header_2_font_size=&#8221;36px&#8221; header_2_line_height=&#8221;1.4em&#8221; header_3_font=&#8221;Montserrat||||||||&#8221; header_3_text_align=&#8221;justify&#8221; header_3_text_color=&#8221;#555555&#8243; header_3_font_size=&#8221;20px&#8221; header_3_line_height=&#8221;1.4em&#8221; custom_margin=&#8221;0px||35px||false|false&#8221; custom_margin_tablet=&#8221;1px||25px||false|false&#8221; custom_margin_phone=&#8221;0px||30px||false|false&#8221; custom_margin_last_edited=&#8221;on|desktop&#8221; custom_padding=&#8221;|100px||100px&#8221; custom_padding_tablet=&#8221;|0px||0px&#8221; custom_padding_phone=&#8221;&#8221; custom_padding_last_edited=&#8221;on|desktop&#8221; animation_style=&#8221;slide&#8221; animation_direction=&#8221;top&#8221; animation_intensity_slide=&#8221;10%&#8221; text_font_size_tablet=&#8221;&#8221; text_font_size_phone=&#8221;15px&#8221; text_font_size_last_edited=&#8221;on|phone&#8221; link_font_size_tablet=&#8221;&#8221; link_font_size_phone=&#8221;15px&#8221; link_font_size_last_edited=&#8221;on|desktop&#8221; header_font_size_tablet=&#8221;30px&#8221; header_font_size_phone=&#8221;25px&#8221; header_font_size_last_edited=&#8221;on|phone&#8221; header_2_font_size_tablet=&#8221;25px&#8221; header_2_font_size_phone=&#8221;20px&#8221; header_2_font_size_last_edited=&#8221;on|phone&#8221; header_3_font_size_tablet=&#8221;16px&#8221; header_3_font_size_phone=&#8221;14px&#8221; header_3_font_size_last_edited=&#8221;on|desktop&#8221; saved_tabs=&#8221;all&#8221; locked=&#8221;off&#8221; link_text_color__hover_enabled=&#8221;on&#8221; link_text_color__hover=&#8221;#fbba00&#8243;]<\/p>\n<p style=\"text-align: justify;\">Les chutes de Kravica se situent sur la rivi\u00e8re Trebizat dans le sud-ouest de la Bosnie Herz\u00e9govine. Elles sont un des sites touristiques incontournables du pays gr\u00e2ce \u00e0 ces chutes d&#8217;eau majestueuses en forme d\u2019arc de cercle mesurant 26 m\u00e8tres de haut et 120 m\u00e8tres de largeur. De plus, les chutes de Kravica disposent d\u2019un splendide cadre naturel pr\u00e9serv\u00e9, dans lequel il est m\u00eame possible de se baigner, et o\u00f9 vous pourrez d\u00e9couvrir quelques moulins \u00e0 eau qui \u00e9taient autrefois aliment\u00e9s par les chutes.<\/p>\n<p>[\/et_pb_text][\/et_pb_column][\/et_pb_row][et_pb_row column_structure=&#8221;1_3,1_3,1_3&#8243; custom_padding_last_edited=&#8221;on|desktop&#8221; _builder_version=&#8221;4.9.1&#8243; background_size=&#8221;initial&#8221; background_position=&#8221;top_left&#8221; background_repeat=&#8221;repeat&#8221; custom_margin=&#8221;||150px||false|false&#8221; custom_margin_tablet=&#8221;||250px||false|false&#8221; custom_margin_phone=&#8221;-29px||200px||false|false&#8221; custom_margin_last_edited=&#8221;on|phone&#8221; custom_padding=&#8221;0|0px|0px|0px|false|false&#8221; custom_padding_tablet=&#8221;||0px|&#8221; custom_padding_phone=&#8221;0px||0px|&#8221; locked=&#8221;off&#8221; collapsed=&#8221;off&#8221;][et_pb_column type=&#8221;1_3&#8243; _builder_version=&#8221;3.25&#8243; custom_padding=&#8221;|||&#8221; custom_padding__hover=&#8221;|||&#8221;][et_pb_image src=&#8221;https:\/\/www.where2travel.com\/wp-content\/uploads\/2020\/07\/Bosnie-herzegovine-chutes-kravica-vue-panoramique.jpg&#8221; alt=&#8221;Parmi les plus magnifiques paysages naturels en Europe : les chutes d&#8217;eau de Kravica&#8221; title_text=&#8221;Bosnie-herzegovine-chutes-kravica-vue-panoramique&#8221; show_in_lightbox=&#8221;on&#8221; align_tablet=&#8221;center&#8221; align_phone=&#8221;&#8221; align_last_edited=&#8221;on|desktop&#8221; _builder_version=&#8221;4.4.9&#8243; custom_margin=&#8221;|0px||0px||false&#8221; custom_margin_tablet=&#8221;&#8221; custom_margin_phone=&#8221;|0px||0px||true&#8221; custom_margin_last_edited=&#8221;on|phone&#8221; animation_style=&#8221;slide&#8221; border_radii=&#8221;on|5px|5px|5px|5px&#8221; box_shadow_style=&#8221;preset6&#8243;]&nbsp;<br \/>\n[\/et_pb_image][\/et_pb_column][et_pb_column type=&#8221;1_3&#8243; _builder_version=&#8221;3.25&#8243; custom_padding=&#8221;|||&#8221; custom_padding__hover=&#8221;|||&#8221;][et_pb_image src=&#8221;https:\/\/www.where2travel.com\/wp-content\/uploads\/2020\/07\/Bosnie-herzegovine-cascades-kravica.jpg&#8221; alt=&#8221;Un des plus magnifiques paysages naturels en Europe : les chutes d&#8217;eau de Kravica en Bosnie Herzegovine&#8221; title_text=&#8221;Bosnie-herzegovine-cascades-kravica&#8221; show_in_lightbox=&#8221;on&#8221; align_tablet=&#8221;center&#8221; align_phone=&#8221;&#8221; align_last_edited=&#8221;on|desktop&#8221; _builder_version=&#8221;4.4.9&#8243; custom_margin=&#8221;|0px||0px||false&#8221; custom_margin_tablet=&#8221;&#8221; custom_margin_phone=&#8221;|0px||0px||true&#8221; custom_margin_last_edited=&#8221;on|phone&#8221; animation_style=&#8221;slide&#8221; border_radii=&#8221;on|5px|5px|5px|5px&#8221; box_shadow_style=&#8221;preset6&#8243;]&nbsp;<br \/>\n[\/et_pb_image][\/et_pb_column][et_pb_column type=&#8221;1_3&#8243; _builder_version=&#8221;3.25&#8243; custom_padding=&#8221;|||&#8221; custom_padding__hover=&#8221;|||&#8221;][et_pb_image src=&#8221;https:\/\/www.where2travel.com\/wp-content\/uploads\/2020\/07\/Bosnie-herzegovine-chutes-kravica-rivi\u00e8re.jpg&#8221; alt=&#8221;Plus magnifiques paysages naturels en Europe : les chutes de Kravica&#8221; title_text=&#8221;Bosnie-herzegovine-chutes-kravica-rivi\u00e8re&#8221; show_in_lightbox=&#8221;on&#8221; align_tablet=&#8221;center&#8221; align_phone=&#8221;&#8221; align_last_edited=&#8221;on|desktop&#8221; _builder_version=&#8221;4.4.9&#8243; custom_margin=&#8221;|0px||0px||false&#8221; custom_margin_tablet=&#8221;&#8221; custom_margin_phone=&#8221;|0px||0px||true&#8221; custom_margin_last_edited=&#8221;on|phone&#8221; animation_style=&#8221;slide&#8221; border_radii=&#8221;on|5px|5px|5px|5px&#8221; box_shadow_style=&#8221;preset6&#8243;]&nbsp;<br \/>\n[\/et_pb_image][\/et_pb_column][\/et_pb_row][et_pb_row _builder_version=&#8221;3.25&#8243; locked=&#8221;off&#8221;][et_pb_column type=&#8221;4_4&#8243; _builder_version=&#8221;3.25&#8243; custom_padding=&#8221;|||&#8221; custom_padding__hover=&#8221;|||&#8221;][et_pb_button button_url=&#8221;https:\/\/www.where2travel.com\/fr\/plus-beaux-paysages-naturels-europe\/&#8221; button_text=&#8221;Page pr\u00e9c\u00e9dente&#8221; button_alignment=&#8221;center&#8221; _builder_version=&#8221;4.4.7&#8243; custom_button=&#8221;on&#8221; button_text_size=&#8221;36px&#8221; button_text_color=&#8221;#113e5d&#8221; button_bg_color=&#8221;#fbba00&#8243; button_border_color=&#8221;#fbba00&#8243; button_font=&#8221;Oswald|600||on|||||&#8221; custom_margin=&#8221;-40px||0px||false|false&#8221; custom_margin_tablet=&#8221;-50px||0px||false|false&#8221; custom_margin_phone=&#8221;-40px||0px||false|false&#8221; custom_margin_last_edited=&#8221;on|desktop&#8221; button_text_size_tablet=&#8221;30px&#8221; button_text_size_phone=&#8221;28px&#8221; button_text_size_last_edited=&#8221;on|phone&#8221; button_text_color__hover=&#8221;#113e5d&#8221; button_text_color__hover_enabled=&#8221;on&#8221; button_bg_color__hover=&#8221;#fbba00&#8243; button_bg_color__hover_enabled=&#8221;on&#8221; button_border_color__hover=&#8221;#fbba00&#8243; button_border_color__hover_enabled=&#8221;on&#8221;][\/et_pb_button][\/et_pb_column][\/et_pb_row][\/et_pb_section][et_pb_section fb_built=&#8221;1&#8243; disabled_on=&#8221;on|on|on&#8221; module_id=&#8221;section-what&#8221; _builder_version=&#8221;4.9.1&#8243; background_color=&#8221;#ffffff&#8221; custom_margin=&#8221;0px|||&#8221; custom_margin_tablet=&#8221;&#8221; custom_margin_phone=&#8221;3px||10px|&#8221; custom_margin_last_edited=&#8221;on|desktop&#8221; custom_padding=&#8221;0|0px|0px|0px|false|false&#8221; top_divider_color=&#8221;#68a3cb&#8221; top_divider_height=&#8221;240px&#8221; top_divider_flip=&#8221;vertical&#8221; top_divider_height_tablet=&#8221;175px&#8221; top_divider_height_phone=&#8221;140px&#8221; top_divider_height_last_edited=&#8221;on|tablet&#8221; bottom_divider_color=&#8221;#68a3cb&#8221; bottom_divider_height=&#8221;240px&#8221; bottom_divider_flip=&#8221;horizontal&#8221; bottom_divider_arrangement=&#8221;above_content&#8221; bottom_divider_height_tablet=&#8221;175px&#8221; bottom_divider_height_phone=&#8221;140px&#8221; bottom_divider_height_last_edited=&#8221;on|phone&#8221; border_color_top=&#8221;rgba(0,48,71,0.27)&#8221; disabled=&#8221;on&#8221; locked=&#8221;off&#8221;][et_pb_row custom_padding_last_edited=&#8221;on|desktop&#8221; _builder_version=&#8221;3.26.5&#8243; custom_margin=&#8221;100px||0px|&#8221; custom_margin_tablet=&#8221;70px|||&#8221; custom_margin_phone=&#8221;80px|||&#8221; custom_margin_last_edited=&#8221;on|desktop&#8221; custom_padding=&#8221;0px|0px|80px|0px|false|false&#8221; custom_padding_tablet=&#8221;||125px|&#8221; custom_padding_phone=&#8221;||88px|&#8221;][et_pb_column type=&#8221;4_4&#8243; _builder_version=&#8221;3.25&#8243; custom_padding=&#8221;|||&#8221; custom_padding__hover=&#8221;|||&#8221;][et_pb_text admin_label=&#8221;Countries best to visit in January&#8221; _builder_version=&#8221;4.4.7&#8243; text_font=&#8221;||||&#8221; text_text_color=&#8221;#1a1a1a&#8221; link_text_color=&#8221;#68a3cb&#8221; header_font=&#8221;Oswald|on||on|&#8221; header_text_align=&#8221;right&#8221; header_font_size=&#8221;60px&#8221; header_line_height=&#8221;1.3em&#8221; header_2_font=&#8221;Oswald|on||on|&#8221; header_2_text_align=&#8221;left&#8221; header_2_text_color=&#8221;#113e5d&#8221; header_2_font_size=&#8221;60px&#8221; header_2_line_height=&#8221;1.3em&#8221; custom_margin=&#8221;-10px|1vw|0px|1vw|false|true&#8221; custom_margin_tablet=&#8221;-10px|-2vw|-30px|-2vw|false|true&#8221; custom_margin_phone=&#8221;-10px|0vw|-20px|0vw|false|true&#8221; custom_margin_last_edited=&#8221;on|tablet&#8221; animation_style=&#8221;slide&#8221; animation_direction=&#8221;top&#8221; animation_intensity_slide=&#8221;10%&#8221; header_font_size_tablet=&#8221;&#8221; header_font_size_phone=&#8221;&#8221; header_font_size_last_edited=&#8221;on|phone&#8221; header_2_font_size_tablet=&#8221;55px&#8221; header_2_font_size_phone=&#8221;40px&#8221; header_2_font_size_last_edited=&#8221;on|phone&#8221;]<\/p>\n<h2 style=\"text-align: center;\">Quelques autres tr\u00e8s beaux sites naturels \u00e0 voir en Europe<\/h2>\n<p>[\/et_pb_text][\/et_pb_column][\/et_pb_row][et_pb_row _builder_version=&#8221;4.4.2&#8243; locked=&#8221;off&#8221;][et_pb_column type=&#8221;4_4&#8243; _builder_version=&#8221;4.4.2&#8243;][et_pb_text _builder_version=&#8221;4.4.4&#8243; link_text_color=&#8221;#68a3cb&#8221; header_text_align=&#8221;center&#8221; text_orientation=&#8221;center&#8221; module_alignment=&#8221;center&#8221; custom_margin=&#8221;|||100px|false|false&#8221; custom_margin_tablet=&#8221;|||40px|false|false&#8221; custom_margin_phone=&#8221;|||25px|false|false&#8221; custom_margin_last_edited=&#8221;on|desktop&#8221;]<\/p>\n<style type='text\/css'>\n    #ngg-gallery-64469209a7e6c385b3e6cff241b22836 .ngg-pro-masonry-item {\n        margin-bottom: 10px;\n    }\n<\/style>\n<div class=\"ngg-pro-masonry-wrapper\">\n    <div class=\"ngg-pro-masonry-spinner\">\n        <i class='fa fa-spin fa-spinner'><\/i>\n    <\/div>\n    <div class=\"ngg-pro-masonry\" id=\"ngg-gallery-64469209a7e6c385b3e6cff241b22836\">\n        <div class='ngg-pro-masonry-gutter' style='width: 10px'><\/div>\n        <div class='ngg-pro-masonry-sizer' style='width: 280px'><\/div>\n                    <div class='ngg-pro-masonry-item' style='height: 187px; max-width: 280px;'>\n                <a href=\"https:\/\/www.where2travel.com\/wp-content\/gallery\/iceland-best-pics\/circular-waterfall-godafoss-iceland.jpg\"\n                   title=\"Go\u00f0afoss\"\n                   data-src=\"https:\/\/www.where2travel.com\/wp-content\/gallery\/iceland-best-pics\/circular-waterfall-godafoss-iceland.jpg\"\n                   data-thumbnail=\"https:\/\/www.where2travel.com\/wp-content\/gallery\/iceland-best-pics\/cache\/circular-waterfall-godafoss-iceland.jpg-nggid03263-ngg0dyn-560x0-00f0w010c010r110f110r010t010.jpg\"\n                   data-image-id=\"263\"\n                   data-title=\"Circular waterfall Godafoss in Iceland\"\n                   data-description=\"Go\u00f0afoss\"\n                   data-ngg-captions-nostylecopy=\"1\"\n                    class='nextgen_pro_lightbox' data-nplmodal-gallery-id='64469209a7e6c385b3e6cff241b22836' data-ngg-protect=\"1\" data-ngg-captions-enabled=\"1\" data-ngg-captions-id=\"64469209a7e6c385b3e6cff241b22836\">\n                    <picture>\n\t\n<source srcset='https:\/\/www.where2travel.com\/wp-content\/gallery\/iceland-best-pics\/cache\/circular-waterfall-godafoss-iceland.jpg-nggid03263-ngg0dyn-280x0-00f0w010c010r110f110r010t010.jpg, https:\/\/www.where2travel.com\/wp-content\/gallery\/iceland-best-pics\/cache\/circular-waterfall-godafoss-iceland.jpg-nggid03263-ngg0dyn-560x0-00f0w010c010r110f110r010t010.jpg 2x' media=''>\n<img title=\"Circular waterfall Godafoss in Iceland\" alt=\"Circular waterfall Godafoss in Iceland\" width=\"280\" height=\"187\" style=\"max-width:280px;max-height:187px\" src=\"https:\/\/www.where2travel.com\/wp-content\/gallery\/iceland-best-pics\/cache\/circular-waterfall-godafoss-iceland.jpg-nggid03263-ngg0dyn-280x0-00f0w010c010r110f110r010t010.jpg\" srcset=\"https:\/\/www.where2travel.com\/wp-content\/gallery\/iceland-best-pics\/cache\/circular-waterfall-godafoss-iceland.jpg-nggid03263-ngg0dyn-280x0-00f0w010c010r110f110r010t010.jpg, https:\/\/www.where2travel.com\/wp-content\/gallery\/iceland-best-pics\/cache\/circular-waterfall-godafoss-iceland.jpg-nggid03263-ngg0dyn-560x0-00f0w010c010r110f110r010t010.jpg 2x\" onerror=\"nggRetryFailedImage(this);\"\/>\n<\/picture>                <\/a>\n            <\/div>\n                                            <div class='ngg-pro-masonry-item' style='height: 187px; max-width: 280px;'>\n                <a href=\"https:\/\/www.where2travel.com\/wp-content\/gallery\/iceland-best-pics\/dettifoss-iceland.jpg\"\n                   title=\"Dettifoss\"\n                   data-src=\"https:\/\/www.where2travel.com\/wp-content\/gallery\/iceland-best-pics\/dettifoss-iceland.jpg\"\n                   data-thumbnail=\"https:\/\/www.where2travel.com\/wp-content\/gallery\/iceland-best-pics\/cache\/dettifoss-iceland.jpg-nggid03264-ngg0dyn-560x0-00f0w010c010r110f110r010t010.jpg\"\n                   data-image-id=\"264\"\n                   data-title=\"Dettifoss waterfall in Iceland\"\n                   data-description=\"Dettifoss\"\n                   data-ngg-captions-nostylecopy=\"1\"\n                    class='nextgen_pro_lightbox' data-nplmodal-gallery-id='64469209a7e6c385b3e6cff241b22836' data-ngg-protect=\"1\" data-ngg-captions-enabled=\"1\" data-ngg-captions-id=\"64469209a7e6c385b3e6cff241b22836\">\n                    <picture>\n\t\n<source srcset='https:\/\/www.where2travel.com\/wp-content\/gallery\/iceland-best-pics\/cache\/dettifoss-iceland.jpg-nggid03264-ngg0dyn-280x0-00f0w010c010r110f110r010t010.jpg, https:\/\/www.where2travel.com\/wp-content\/gallery\/iceland-best-pics\/cache\/dettifoss-iceland.jpg-nggid03264-ngg0dyn-560x0-00f0w010c010r110f110r010t010.jpg 2x' media=''>\n<img title=\"Dettifoss waterfall in Iceland\" alt=\"Dettifoss waterfall in Iceland\" width=\"280\" height=\"187\" style=\"max-width:280px;max-height:187px\" src=\"https:\/\/www.where2travel.com\/wp-content\/gallery\/iceland-best-pics\/cache\/dettifoss-iceland.jpg-nggid03264-ngg0dyn-280x0-00f0w010c010r110f110r010t010.jpg\" srcset=\"https:\/\/www.where2travel.com\/wp-content\/gallery\/iceland-best-pics\/cache\/dettifoss-iceland.jpg-nggid03264-ngg0dyn-280x0-00f0w010c010r110f110r010t010.jpg, https:\/\/www.where2travel.com\/wp-content\/gallery\/iceland-best-pics\/cache\/dettifoss-iceland.jpg-nggid03264-ngg0dyn-560x0-00f0w010c010r110f110r010t010.jpg 2x\" onerror=\"nggRetryFailedImage(this);\"\/>\n<\/picture>                <\/a>\n            <\/div>\n                                            <div class='ngg-pro-masonry-item' style='height: 157px; max-width: 280px;'>\n                <a href=\"https:\/\/www.where2travel.com\/wp-content\/gallery\/iceland-best-pics\/iceberg-lagoon-pink-sky-jokulsarlon.jpg\"\n                   title=\"Jokulsarlon iceberg lagoon\"\n                   data-src=\"https:\/\/www.where2travel.com\/wp-content\/gallery\/iceland-best-pics\/iceberg-lagoon-pink-sky-jokulsarlon.jpg\"\n                   data-thumbnail=\"https:\/\/www.where2travel.com\/wp-content\/gallery\/iceland-best-pics\/cache\/iceberg-lagoon-pink-sky-jokulsarlon.jpg-nggid03268-ngg0dyn-560x0-00f0w010c010r110f110r010t010.jpg\"\n                   data-image-id=\"268\"\n                   data-title=\"Sundet on Jokulsarlon iceberg lagoon\"\n                   data-description=\"Jokulsarlon iceberg lagoon\"\n                   data-ngg-captions-nostylecopy=\"1\"\n                    class='nextgen_pro_lightbox' data-nplmodal-gallery-id='64469209a7e6c385b3e6cff241b22836' data-ngg-protect=\"1\" data-ngg-captions-enabled=\"1\" data-ngg-captions-id=\"64469209a7e6c385b3e6cff241b22836\">\n                    <picture>\n\t\n<source srcset='https:\/\/www.where2travel.com\/wp-content\/gallery\/iceland-best-pics\/cache\/iceberg-lagoon-pink-sky-jokulsarlon.jpg-nggid03268-ngg0dyn-280x0-00f0w010c010r110f110r010t010.jpg, https:\/\/www.where2travel.com\/wp-content\/gallery\/iceland-best-pics\/cache\/iceberg-lagoon-pink-sky-jokulsarlon.jpg-nggid03268-ngg0dyn-560x0-00f0w010c010r110f110r010t010.jpg 2x' media=''>\n<img title=\"Sundet on Jokulsarlon iceberg lagoon\" alt=\"Sundet on Jokulsarlon iceberg lagoon\" width=\"280\" height=\"157\" style=\"max-width:280px;max-height:157px\" src=\"https:\/\/www.where2travel.com\/wp-content\/gallery\/iceland-best-pics\/cache\/iceberg-lagoon-pink-sky-jokulsarlon.jpg-nggid03268-ngg0dyn-280x0-00f0w010c010r110f110r010t010.jpg\" srcset=\"https:\/\/www.where2travel.com\/wp-content\/gallery\/iceland-best-pics\/cache\/iceberg-lagoon-pink-sky-jokulsarlon.jpg-nggid03268-ngg0dyn-280x0-00f0w010c010r110f110r010t010.jpg, https:\/\/www.where2travel.com\/wp-content\/gallery\/iceland-best-pics\/cache\/iceberg-lagoon-pink-sky-jokulsarlon.jpg-nggid03268-ngg0dyn-560x0-00f0w010c010r110f110r010t010.jpg 2x\" onerror=\"nggRetryFailedImage(this);\"\/>\n<\/picture>                <\/a>\n            <\/div>\n                                            <div class='ngg-pro-masonry-item' style='height: 158px; max-width: 280px;'>\n                <a href=\"https:\/\/www.where2travel.com\/wp-content\/gallery\/iceland-best-pics\/puffins-sunset-dyrholaey-peninsula-iceland.jpg\"\n                   title=\"Puffins at dyrholaey\"\n                   data-src=\"https:\/\/www.where2travel.com\/wp-content\/gallery\/iceland-best-pics\/puffins-sunset-dyrholaey-peninsula-iceland.jpg\"\n                   data-thumbnail=\"https:\/\/www.where2travel.com\/wp-content\/gallery\/iceland-best-pics\/cache\/puffins-sunset-dyrholaey-peninsula-iceland.jpg-nggid03271-ngg0dyn-560x0-00f0w010c010r110f110r010t010.jpg\"\n                   data-image-id=\"271\"\n                   data-title=\"Puffins at Dyrholaey Peninsula in Iceland\"\n                   data-description=\"Puffins at dyrholaey\"\n                   data-ngg-captions-nostylecopy=\"1\"\n                    class='nextgen_pro_lightbox' data-nplmodal-gallery-id='64469209a7e6c385b3e6cff241b22836' data-ngg-protect=\"1\" data-ngg-captions-enabled=\"1\" data-ngg-captions-id=\"64469209a7e6c385b3e6cff241b22836\">\n                    <picture>\n\t\n<source srcset='https:\/\/www.where2travel.com\/wp-content\/gallery\/iceland-best-pics\/cache\/puffins-sunset-dyrholaey-peninsula-iceland.jpg-nggid03271-ngg0dyn-280x0-00f0w010c010r110f110r010t010.jpg, https:\/\/www.where2travel.com\/wp-content\/gallery\/iceland-best-pics\/cache\/puffins-sunset-dyrholaey-peninsula-iceland.jpg-nggid03271-ngg0dyn-560x0-00f0w010c010r110f110r010t010.jpg 2x' media=''>\n<img title=\"Puffins at Dyrholaey Peninsula in Iceland\" alt=\"Puffins at Dyrholaey Peninsula in Iceland\" width=\"280\" height=\"158\" style=\"max-width:280px;max-height:158px\" src=\"https:\/\/www.where2travel.com\/wp-content\/gallery\/iceland-best-pics\/cache\/puffins-sunset-dyrholaey-peninsula-iceland.jpg-nggid03271-ngg0dyn-280x0-00f0w010c010r110f110r010t010.jpg\" srcset=\"https:\/\/www.where2travel.com\/wp-content\/gallery\/iceland-best-pics\/cache\/puffins-sunset-dyrholaey-peninsula-iceland.jpg-nggid03271-ngg0dyn-280x0-00f0w010c010r110f110r010t010.jpg, https:\/\/www.where2travel.com\/wp-content\/gallery\/iceland-best-pics\/cache\/puffins-sunset-dyrholaey-peninsula-iceland.jpg-nggid03271-ngg0dyn-560x0-00f0w010c010r110f110r010t010.jpg 2x\" onerror=\"nggRetryFailedImage(this);\"\/>\n<\/picture>                <\/a>\n            <\/div>\n                                            <div class='ngg-pro-masonry-item' style='height: 158px; max-width: 280px;'>\n                <a href=\"https:\/\/www.where2travel.com\/wp-content\/gallery\/iceland-best-pics\/solheimasandur-plane-wreck-man-on-top-iceland.jpg\"\n                   title=\"Solheimasandur plane wreck\"\n                   data-src=\"https:\/\/www.where2travel.com\/wp-content\/gallery\/iceland-best-pics\/solheimasandur-plane-wreck-man-on-top-iceland.jpg\"\n                   data-thumbnail=\"https:\/\/www.where2travel.com\/wp-content\/gallery\/iceland-best-pics\/cache\/solheimasandur-plane-wreck-man-on-top-iceland.jpg-nggid03278-ngg0dyn-560x0-00f0w010c010r110f110r010t010.jpg\"\n                   data-image-id=\"278\"\n                   data-title=\"Solheimasandur plane wreck\"\n                   data-description=\"Solheimasandur plane wreck\"\n                   data-ngg-captions-nostylecopy=\"1\"\n                    class='nextgen_pro_lightbox' data-nplmodal-gallery-id='64469209a7e6c385b3e6cff241b22836' data-ngg-protect=\"1\" data-ngg-captions-enabled=\"1\" data-ngg-captions-id=\"64469209a7e6c385b3e6cff241b22836\">\n                    <picture>\n\t\n<source srcset='https:\/\/www.where2travel.com\/wp-content\/gallery\/iceland-best-pics\/cache\/solheimasandur-plane-wreck-man-on-top-iceland.jpg-nggid03278-ngg0dyn-280x0-00f0w010c010r110f110r010t010.jpg, https:\/\/www.where2travel.com\/wp-content\/gallery\/iceland-best-pics\/cache\/solheimasandur-plane-wreck-man-on-top-iceland.jpg-nggid03278-ngg0dyn-560x0-00f0w010c010r110f110r010t010.jpg 2x' media=''>\n<img title=\"Solheimasandur plane wreck\" alt=\"Solheimasandur plane wreck\" width=\"280\" height=\"158\" style=\"max-width:280px;max-height:158px\" src=\"https:\/\/www.where2travel.com\/wp-content\/gallery\/iceland-best-pics\/cache\/solheimasandur-plane-wreck-man-on-top-iceland.jpg-nggid03278-ngg0dyn-280x0-00f0w010c010r110f110r010t010.jpg\" srcset=\"https:\/\/www.where2travel.com\/wp-content\/gallery\/iceland-best-pics\/cache\/solheimasandur-plane-wreck-man-on-top-iceland.jpg-nggid03278-ngg0dyn-280x0-00f0w010c010r110f110r010t010.jpg, https:\/\/www.where2travel.com\/wp-content\/gallery\/iceland-best-pics\/cache\/solheimasandur-plane-wreck-man-on-top-iceland.jpg-nggid03278-ngg0dyn-560x0-00f0w010c010r110f110r010t010.jpg 2x\" onerror=\"nggRetryFailedImage(this);\"\/>\n<\/picture>                <\/a>\n            <\/div>\n                                            <div class='ngg-pro-masonry-item' style='height: 158px; max-width: 280px;'>\n                <a href=\"https:\/\/www.where2travel.com\/wp-content\/gallery\/iceland-best-pics\/waterfall-sunset-kirkjufell-mountain-iceland.jpg\"\n                   title=\"Kirkjufell mountain\"\n                   data-src=\"https:\/\/www.where2travel.com\/wp-content\/gallery\/iceland-best-pics\/waterfall-sunset-kirkjufell-mountain-iceland.jpg\"\n                   data-thumbnail=\"https:\/\/www.where2travel.com\/wp-content\/gallery\/iceland-best-pics\/cache\/waterfall-sunset-kirkjufell-mountain-iceland.jpg-nggid03286-ngg0dyn-560x0-00f0w010c010r110f110r010t010.jpg\"\n                   data-image-id=\"286\"\n                   data-title=\"Sunset at Kirkjufell mountain in Iceland travel guide\"\n                   data-description=\"Kirkjufell mountain\"\n                   data-ngg-captions-nostylecopy=\"1\"\n                    class='nextgen_pro_lightbox' data-nplmodal-gallery-id='64469209a7e6c385b3e6cff241b22836' data-ngg-protect=\"1\" data-ngg-captions-enabled=\"1\" data-ngg-captions-id=\"64469209a7e6c385b3e6cff241b22836\">\n                    <picture>\n\t\n<source srcset='https:\/\/www.where2travel.com\/wp-content\/gallery\/iceland-best-pics\/cache\/waterfall-sunset-kirkjufell-mountain-iceland.jpg-nggid03286-ngg0dyn-280x0-00f0w010c010r110f110r010t010.jpg, https:\/\/www.where2travel.com\/wp-content\/gallery\/iceland-best-pics\/cache\/waterfall-sunset-kirkjufell-mountain-iceland.jpg-nggid03286-ngg0dyn-560x0-00f0w010c010r110f110r010t010.jpg 2x' media=''>\n<img title=\"Sunset at Kirkjufell mountain in Iceland travel guide\" alt=\"Sunset at Kirkjufell mountain in Iceland travel guide\" width=\"280\" height=\"158\" style=\"max-width:280px;max-height:158px\" src=\"https:\/\/www.where2travel.com\/wp-content\/gallery\/iceland-best-pics\/cache\/waterfall-sunset-kirkjufell-mountain-iceland.jpg-nggid03286-ngg0dyn-280x0-00f0w010c010r110f110r010t010.jpg\" srcset=\"https:\/\/www.where2travel.com\/wp-content\/gallery\/iceland-best-pics\/cache\/waterfall-sunset-kirkjufell-mountain-iceland.jpg-nggid03286-ngg0dyn-280x0-00f0w010c010r110f110r010t010.jpg, https:\/\/www.where2travel.com\/wp-content\/gallery\/iceland-best-pics\/cache\/waterfall-sunset-kirkjufell-mountain-iceland.jpg-nggid03286-ngg0dyn-560x0-00f0w010c010r110f110r010t010.jpg 2x\" onerror=\"nggRetryFailedImage(this);\"\/>\n<\/picture>                <\/a>\n            <\/div>\n                                            <div class='ngg-pro-masonry-item' style='height: 187px; max-width: 280px;'>\n                <a href=\"https:\/\/www.where2travel.com\/wp-content\/gallery\/iceland-best-pics\/Diamond-beach-iceberg-couple-iceland.jpg\"\n                   title=\"Diamond beach\"\n                   data-src=\"https:\/\/www.where2travel.com\/wp-content\/gallery\/iceland-best-pics\/Diamond-beach-iceberg-couple-iceland.jpg\"\n                   data-thumbnail=\"https:\/\/www.where2travel.com\/wp-content\/gallery\/iceland-best-pics\/cache\/Diamond-beach-iceberg-couple-iceland.jpg-nggid03265-ngg0dyn-560x0-00f0w010c010r110f110r010t010.jpg\"\n                   data-image-id=\"265\"\n                   data-title=\"Diamond beach full of icebergs in Iceland\"\n                   data-description=\"Diamond beach\"\n                   data-ngg-captions-nostylecopy=\"1\"\n                    class='nextgen_pro_lightbox' data-nplmodal-gallery-id='64469209a7e6c385b3e6cff241b22836' data-ngg-protect=\"1\" data-ngg-captions-enabled=\"1\" data-ngg-captions-id=\"64469209a7e6c385b3e6cff241b22836\">\n                    <picture>\n\t\n<source srcset='https:\/\/www.where2travel.com\/wp-content\/gallery\/iceland-best-pics\/cache\/Diamond-beach-iceberg-couple-iceland.jpg-nggid03265-ngg0dyn-280x0-00f0w010c010r110f110r010t010.jpg, https:\/\/www.where2travel.com\/wp-content\/gallery\/iceland-best-pics\/cache\/Diamond-beach-iceberg-couple-iceland.jpg-nggid03265-ngg0dyn-560x0-00f0w010c010r110f110r010t010.jpg 2x' media=''>\n<img title=\"Diamond beach full of icebergs in Iceland\" alt=\"Diamond beach full of icebergs in Iceland\" width=\"280\" height=\"187\" style=\"max-width:280px;max-height:187px\" src=\"https:\/\/www.where2travel.com\/wp-content\/gallery\/iceland-best-pics\/cache\/Diamond-beach-iceberg-couple-iceland.jpg-nggid03265-ngg0dyn-280x0-00f0w010c010r110f110r010t010.jpg\" srcset=\"https:\/\/www.where2travel.com\/wp-content\/gallery\/iceland-best-pics\/cache\/Diamond-beach-iceberg-couple-iceland.jpg-nggid03265-ngg0dyn-280x0-00f0w010c010r110f110r010t010.jpg, https:\/\/www.where2travel.com\/wp-content\/gallery\/iceland-best-pics\/cache\/Diamond-beach-iceberg-couple-iceland.jpg-nggid03265-ngg0dyn-560x0-00f0w010c010r110f110r010t010.jpg 2x\" onerror=\"nggRetryFailedImage(this);\"\/>\n<\/picture>                <\/a>\n            <\/div>\n                                            <div class='ngg-pro-masonry-item' style='height: 187px; max-width: 280px;'>\n                <a href=\"https:\/\/www.where2travel.com\/wp-content\/gallery\/iceland-best-pics\/fjord-view-mjoifjordur-iceland.jpg\"\n                   title=\"Mjoifjordur fjord\"\n                   data-src=\"https:\/\/www.where2travel.com\/wp-content\/gallery\/iceland-best-pics\/fjord-view-mjoifjordur-iceland.jpg\"\n                   data-thumbnail=\"https:\/\/www.where2travel.com\/wp-content\/gallery\/iceland-best-pics\/cache\/fjord-view-mjoifjordur-iceland.jpg-nggid03266-ngg0dyn-560x0-00f0w010c010r110f110r010t010.jpg\"\n                   data-image-id=\"266\"\n                   data-title=\"Mjoifjordur fjord view in Iceland\"\n                   data-description=\"Mjoifjordur fjord\"\n                   data-ngg-captions-nostylecopy=\"1\"\n                    class='nextgen_pro_lightbox' data-nplmodal-gallery-id='64469209a7e6c385b3e6cff241b22836' data-ngg-protect=\"1\" data-ngg-captions-enabled=\"1\" data-ngg-captions-id=\"64469209a7e6c385b3e6cff241b22836\">\n                    <picture>\n\t\n<source srcset='https:\/\/www.where2travel.com\/wp-content\/gallery\/iceland-best-pics\/cache\/fjord-view-mjoifjordur-iceland.jpg-nggid03266-ngg0dyn-280x0-00f0w010c010r110f110r010t010.jpg, https:\/\/www.where2travel.com\/wp-content\/gallery\/iceland-best-pics\/cache\/fjord-view-mjoifjordur-iceland.jpg-nggid03266-ngg0dyn-560x0-00f0w010c010r110f110r010t010.jpg 2x' media=''>\n<img title=\"Mjoifjordur fjord view in Iceland\" alt=\"Mjoifjordur fjord view in Iceland\" width=\"280\" height=\"187\" style=\"max-width:280px;max-height:187px\" src=\"https:\/\/www.where2travel.com\/wp-content\/gallery\/iceland-best-pics\/cache\/fjord-view-mjoifjordur-iceland.jpg-nggid03266-ngg0dyn-280x0-00f0w010c010r110f110r010t010.jpg\" srcset=\"https:\/\/www.where2travel.com\/wp-content\/gallery\/iceland-best-pics\/cache\/fjord-view-mjoifjordur-iceland.jpg-nggid03266-ngg0dyn-280x0-00f0w010c010r110f110r010t010.jpg, https:\/\/www.where2travel.com\/wp-content\/gallery\/iceland-best-pics\/cache\/fjord-view-mjoifjordur-iceland.jpg-nggid03266-ngg0dyn-560x0-00f0w010c010r110f110r010t010.jpg 2x\" onerror=\"nggRetryFailedImage(this);\"\/>\n<\/picture>                <\/a>\n            <\/div>\n                                            <div class='ngg-pro-masonry-item' style='height: 187px; max-width: 280px;'>\n                <a href=\"https:\/\/www.where2travel.com\/wp-content\/gallery\/iceland-best-pics\/gulfoss-waterfall-summer-view-path-iceland.jpg\"\n                   title=\"Gulfoss waterfall\"\n                   data-src=\"https:\/\/www.where2travel.com\/wp-content\/gallery\/iceland-best-pics\/gulfoss-waterfall-summer-view-path-iceland.jpg\"\n                   data-thumbnail=\"https:\/\/www.where2travel.com\/wp-content\/gallery\/iceland-best-pics\/cache\/gulfoss-waterfall-summer-view-path-iceland.jpg-nggid03267-ngg0dyn-560x0-00f0w010c010r110f110r010t010.jpg\"\n                   data-image-id=\"267\"\n                   data-title=\"Gulfoss waterfall in summer\"\n                   data-description=\"Gulfoss waterfall\"\n                   data-ngg-captions-nostylecopy=\"1\"\n                    class='nextgen_pro_lightbox' data-nplmodal-gallery-id='64469209a7e6c385b3e6cff241b22836' data-ngg-protect=\"1\" data-ngg-captions-enabled=\"1\" data-ngg-captions-id=\"64469209a7e6c385b3e6cff241b22836\">\n                    <picture>\n\t\n<source srcset='https:\/\/www.where2travel.com\/wp-content\/gallery\/iceland-best-pics\/cache\/gulfoss-waterfall-summer-view-path-iceland.jpg-nggid03267-ngg0dyn-280x0-00f0w010c010r110f110r010t010.jpg, https:\/\/www.where2travel.com\/wp-content\/gallery\/iceland-best-pics\/cache\/gulfoss-waterfall-summer-view-path-iceland.jpg-nggid03267-ngg0dyn-560x0-00f0w010c010r110f110r010t010.jpg 2x' media=''>\n<img title=\"Gulfoss waterfall in summer\" alt=\"Gulfoss waterfall in summer\" width=\"280\" height=\"187\" style=\"max-width:280px;max-height:187px\" src=\"https:\/\/www.where2travel.com\/wp-content\/gallery\/iceland-best-pics\/cache\/gulfoss-waterfall-summer-view-path-iceland.jpg-nggid03267-ngg0dyn-280x0-00f0w010c010r110f110r010t010.jpg\" srcset=\"https:\/\/www.where2travel.com\/wp-content\/gallery\/iceland-best-pics\/cache\/gulfoss-waterfall-summer-view-path-iceland.jpg-nggid03267-ngg0dyn-280x0-00f0w010c010r110f110r010t010.jpg, https:\/\/www.where2travel.com\/wp-content\/gallery\/iceland-best-pics\/cache\/gulfoss-waterfall-summer-view-path-iceland.jpg-nggid03267-ngg0dyn-560x0-00f0w010c010r110f110r010t010.jpg 2x\" onerror=\"nggRetryFailedImage(this);\"\/>\n<\/picture>                <\/a>\n            <\/div>\n                                            <div class='ngg-pro-masonry-item' style='height: 157px; max-width: 280px;'>\n                <a href=\"https:\/\/www.where2travel.com\/wp-content\/gallery\/iceland-best-pics\/landmannalaugar-landscape-hikers-iceland.jpg\"\n                   title=\"Landmannalaugar\"\n                   data-src=\"https:\/\/www.where2travel.com\/wp-content\/gallery\/iceland-best-pics\/landmannalaugar-landscape-hikers-iceland.jpg\"\n                   data-thumbnail=\"https:\/\/www.where2travel.com\/wp-content\/gallery\/iceland-best-pics\/cache\/landmannalaugar-landscape-hikers-iceland.jpg-nggid03269-ngg0dyn-560x0-00f0w010c010r110f110r010t010.jpg\"\n                   data-image-id=\"269\"\n                   data-title=\"Hiking in Landmannalaugar in Iceland\"\n                   data-description=\"Landmannalaugar\"\n                   data-ngg-captions-nostylecopy=\"1\"\n                    class='nextgen_pro_lightbox' data-nplmodal-gallery-id='64469209a7e6c385b3e6cff241b22836' data-ngg-protect=\"1\" data-ngg-captions-enabled=\"1\" data-ngg-captions-id=\"64469209a7e6c385b3e6cff241b22836\">\n                    <picture>\n\t\n<source srcset='https:\/\/www.where2travel.com\/wp-content\/gallery\/iceland-best-pics\/cache\/landmannalaugar-landscape-hikers-iceland.jpg-nggid03269-ngg0dyn-280x0-00f0w010c010r110f110r010t010.jpg, https:\/\/www.where2travel.com\/wp-content\/gallery\/iceland-best-pics\/cache\/landmannalaugar-landscape-hikers-iceland.jpg-nggid03269-ngg0dyn-560x0-00f0w010c010r110f110r010t010.jpg 2x' media=''>\n<img title=\"Hiking in Landmannalaugar in Iceland\" alt=\"Hiking in Landmannalaugar in Iceland\" width=\"280\" height=\"157\" style=\"max-width:280px;max-height:157px\" src=\"https:\/\/www.where2travel.com\/wp-content\/gallery\/iceland-best-pics\/cache\/landmannalaugar-landscape-hikers-iceland.jpg-nggid03269-ngg0dyn-280x0-00f0w010c010r110f110r010t010.jpg\" srcset=\"https:\/\/www.where2travel.com\/wp-content\/gallery\/iceland-best-pics\/cache\/landmannalaugar-landscape-hikers-iceland.jpg-nggid03269-ngg0dyn-280x0-00f0w010c010r110f110r010t010.jpg, https:\/\/www.where2travel.com\/wp-content\/gallery\/iceland-best-pics\/cache\/landmannalaugar-landscape-hikers-iceland.jpg-nggid03269-ngg0dyn-560x0-00f0w010c010r110f110r010t010.jpg 2x\" onerror=\"nggRetryFailedImage(this);\"\/>\n<\/picture>                <\/a>\n            <\/div>\n                                            <div class='ngg-pro-masonry-item' style='height: 187px; max-width: 280px;'>\n                <a href=\"https:\/\/www.where2travel.com\/wp-content\/gallery\/iceland-best-pics\/man-alone-inside-ice-cave-iceland.jpg\"\n                   title=\"Ice cave\"\n                   data-src=\"https:\/\/www.where2travel.com\/wp-content\/gallery\/iceland-best-pics\/man-alone-inside-ice-cave-iceland.jpg\"\n                   data-thumbnail=\"https:\/\/www.where2travel.com\/wp-content\/gallery\/iceland-best-pics\/cache\/man-alone-inside-ice-cave-iceland.jpg-nggid03270-ngg0dyn-560x0-00f0w010c010r110f110r010t010.jpg\"\n                   data-image-id=\"270\"\n                   data-title=\"Man inside ice cave in Iceland\"\n                   data-description=\"Ice cave\"\n                   data-ngg-captions-nostylecopy=\"1\"\n                    class='nextgen_pro_lightbox' data-nplmodal-gallery-id='64469209a7e6c385b3e6cff241b22836' data-ngg-protect=\"1\" data-ngg-captions-enabled=\"1\" data-ngg-captions-id=\"64469209a7e6c385b3e6cff241b22836\">\n                    <picture>\n\t\n<source srcset='https:\/\/www.where2travel.com\/wp-content\/gallery\/iceland-best-pics\/cache\/man-alone-inside-ice-cave-iceland.jpg-nggid03270-ngg0dyn-280x0-00f0w010c010r110f110r010t010.jpg, https:\/\/www.where2travel.com\/wp-content\/gallery\/iceland-best-pics\/cache\/man-alone-inside-ice-cave-iceland.jpg-nggid03270-ngg0dyn-560x0-00f0w010c010r110f110r010t010.jpg 2x' media=''>\n<img title=\"Man inside ice cave in Iceland\" alt=\"Man inside ice cave in Iceland\" width=\"280\" height=\"187\" style=\"max-width:280px;max-height:187px\" src=\"https:\/\/www.where2travel.com\/wp-content\/gallery\/iceland-best-pics\/cache\/man-alone-inside-ice-cave-iceland.jpg-nggid03270-ngg0dyn-280x0-00f0w010c010r110f110r010t010.jpg\" srcset=\"https:\/\/www.where2travel.com\/wp-content\/gallery\/iceland-best-pics\/cache\/man-alone-inside-ice-cave-iceland.jpg-nggid03270-ngg0dyn-280x0-00f0w010c010r110f110r010t010.jpg, https:\/\/www.where2travel.com\/wp-content\/gallery\/iceland-best-pics\/cache\/man-alone-inside-ice-cave-iceland.jpg-nggid03270-ngg0dyn-560x0-00f0w010c010r110f110r010t010.jpg 2x\" onerror=\"nggRetryFailedImage(this);\"\/>\n<\/picture>                <\/a>\n            <\/div>\n                                            <div class='ngg-pro-masonry-item' style='height: 187px; max-width: 280px;'>\n                <a href=\"https:\/\/www.where2travel.com\/wp-content\/gallery\/iceland-best-pics\/rainbow-walk-seydisfjordur-iceland.jpg\"\n                   title=\"Seydisfjordur\"\n                   data-src=\"https:\/\/www.where2travel.com\/wp-content\/gallery\/iceland-best-pics\/rainbow-walk-seydisfjordur-iceland.jpg\"\n                   data-thumbnail=\"https:\/\/www.where2travel.com\/wp-content\/gallery\/iceland-best-pics\/cache\/rainbow-walk-seydisfjordur-iceland.jpg-nggid03272-ngg0dyn-560x0-00f0w010c010r110f110r010t010.jpg\"\n                   data-image-id=\"272\"\n                   data-title=\"Rainbow path in Seydisfjordur\"\n                   data-description=\"Seydisfjordur\"\n                   data-ngg-captions-nostylecopy=\"1\"\n                    class='nextgen_pro_lightbox' data-nplmodal-gallery-id='64469209a7e6c385b3e6cff241b22836' data-ngg-protect=\"1\" data-ngg-captions-enabled=\"1\" data-ngg-captions-id=\"64469209a7e6c385b3e6cff241b22836\">\n                    <picture>\n\t\n<source srcset='https:\/\/www.where2travel.com\/wp-content\/gallery\/iceland-best-pics\/cache\/rainbow-walk-seydisfjordur-iceland.jpg-nggid03272-ngg0dyn-280x0-00f0w010c010r110f110r010t010.jpg, https:\/\/www.where2travel.com\/wp-content\/gallery\/iceland-best-pics\/cache\/rainbow-walk-seydisfjordur-iceland.jpg-nggid03272-ngg0dyn-560x0-00f0w010c010r110f110r010t010.jpg 2x' media=''>\n<img title=\"Rainbow path in Seydisfjordur\" alt=\"Rainbow path in Seydisfjordur\" width=\"280\" height=\"187\" style=\"max-width:280px;max-height:187px\" src=\"https:\/\/www.where2travel.com\/wp-content\/gallery\/iceland-best-pics\/cache\/rainbow-walk-seydisfjordur-iceland.jpg-nggid03272-ngg0dyn-280x0-00f0w010c010r110f110r010t010.jpg\" srcset=\"https:\/\/www.where2travel.com\/wp-content\/gallery\/iceland-best-pics\/cache\/rainbow-walk-seydisfjordur-iceland.jpg-nggid03272-ngg0dyn-280x0-00f0w010c010r110f110r010t010.jpg, https:\/\/www.where2travel.com\/wp-content\/gallery\/iceland-best-pics\/cache\/rainbow-walk-seydisfjordur-iceland.jpg-nggid03272-ngg0dyn-560x0-00f0w010c010r110f110r010t010.jpg 2x\" onerror=\"nggRetryFailedImage(this);\"\/>\n<\/picture>                <\/a>\n            <\/div>\n                                            <div class='ngg-pro-masonry-item' style='height: 158px; max-width: 280px;'>\n                <a href=\"https:\/\/www.where2travel.com\/wp-content\/gallery\/iceland-best-pics\/relaxing-bath-blue-lagoon-iceland.jpg\"\n                   title=\"Blue lagoon\"\n                   data-src=\"https:\/\/www.where2travel.com\/wp-content\/gallery\/iceland-best-pics\/relaxing-bath-blue-lagoon-iceland.jpg\"\n                   data-thumbnail=\"https:\/\/www.where2travel.com\/wp-content\/gallery\/iceland-best-pics\/cache\/relaxing-bath-blue-lagoon-iceland.jpg-nggid03273-ngg0dyn-560x0-00f0w010c010r110f110r010t010.jpg\"\n                   data-image-id=\"273\"\n                   data-title=\"Relaxing bath at blue lagoon in Iceland\"\n                   data-description=\"Blue lagoon\"\n                   data-ngg-captions-nostylecopy=\"1\"\n                    class='nextgen_pro_lightbox' data-nplmodal-gallery-id='64469209a7e6c385b3e6cff241b22836' data-ngg-protect=\"1\" data-ngg-captions-enabled=\"1\" data-ngg-captions-id=\"64469209a7e6c385b3e6cff241b22836\">\n                    <picture>\n\t\n<source srcset='https:\/\/www.where2travel.com\/wp-content\/gallery\/iceland-best-pics\/cache\/relaxing-bath-blue-lagoon-iceland.jpg-nggid03273-ngg0dyn-280x0-00f0w010c010r110f110r010t010.jpg, https:\/\/www.where2travel.com\/wp-content\/gallery\/iceland-best-pics\/cache\/relaxing-bath-blue-lagoon-iceland.jpg-nggid03273-ngg0dyn-560x0-00f0w010c010r110f110r010t010.jpg 2x' media=''>\n<img title=\"Relaxing bath at blue lagoon in Iceland\" alt=\"Relaxing bath at blue lagoon in Iceland\" width=\"280\" height=\"158\" style=\"max-width:280px;max-height:158px\" src=\"https:\/\/www.where2travel.com\/wp-content\/gallery\/iceland-best-pics\/cache\/relaxing-bath-blue-lagoon-iceland.jpg-nggid03273-ngg0dyn-280x0-00f0w010c010r110f110r010t010.jpg\" srcset=\"https:\/\/www.where2travel.com\/wp-content\/gallery\/iceland-best-pics\/cache\/relaxing-bath-blue-lagoon-iceland.jpg-nggid03273-ngg0dyn-280x0-00f0w010c010r110f110r010t010.jpg, https:\/\/www.where2travel.com\/wp-content\/gallery\/iceland-best-pics\/cache\/relaxing-bath-blue-lagoon-iceland.jpg-nggid03273-ngg0dyn-560x0-00f0w010c010r110f110r010t010.jpg 2x\" onerror=\"nggRetryFailedImage(this);\"\/>\n<\/picture>                <\/a>\n            <\/div>\n                                            <div class='ngg-pro-masonry-item' style='height: 187px; max-width: 280px;'>\n                <a href=\"https:\/\/www.where2travel.com\/wp-content\/gallery\/iceland-best-pics\/reynisfjara-black-sand-beach-view-iceland.jpg\"\n                   title=\"Reynisfjara beach\"\n                   data-src=\"https:\/\/www.where2travel.com\/wp-content\/gallery\/iceland-best-pics\/reynisfjara-black-sand-beach-view-iceland.jpg\"\n                   data-thumbnail=\"https:\/\/www.where2travel.com\/wp-content\/gallery\/iceland-best-pics\/cache\/reynisfjara-black-sand-beach-view-iceland.jpg-nggid03274-ngg0dyn-560x0-00f0w010c010r110f110r010t010.jpg\"\n                   data-image-id=\"274\"\n                   data-title=\"Reynisfjara black sand beach view in Iceland\"\n                   data-description=\"Reynisfjara beach\"\n                   data-ngg-captions-nostylecopy=\"1\"\n                    class='nextgen_pro_lightbox' data-nplmodal-gallery-id='64469209a7e6c385b3e6cff241b22836' data-ngg-protect=\"1\" data-ngg-captions-enabled=\"1\" data-ngg-captions-id=\"64469209a7e6c385b3e6cff241b22836\">\n                    <picture>\n\t\n<source srcset='https:\/\/www.where2travel.com\/wp-content\/gallery\/iceland-best-pics\/cache\/reynisfjara-black-sand-beach-view-iceland.jpg-nggid03274-ngg0dyn-280x0-00f0w010c010r110f110r010t010.jpg, https:\/\/www.where2travel.com\/wp-content\/gallery\/iceland-best-pics\/cache\/reynisfjara-black-sand-beach-view-iceland.jpg-nggid03274-ngg0dyn-560x0-00f0w010c010r110f110r010t010.jpg 2x' media=''>\n<img title=\"Reynisfjara black sand beach view in Iceland\" alt=\"Reynisfjara black sand beach view in Iceland\" width=\"280\" height=\"187\" style=\"max-width:280px;max-height:187px\" src=\"https:\/\/www.where2travel.com\/wp-content\/gallery\/iceland-best-pics\/cache\/reynisfjara-black-sand-beach-view-iceland.jpg-nggid03274-ngg0dyn-280x0-00f0w010c010r110f110r010t010.jpg\" srcset=\"https:\/\/www.where2travel.com\/wp-content\/gallery\/iceland-best-pics\/cache\/reynisfjara-black-sand-beach-view-iceland.jpg-nggid03274-ngg0dyn-280x0-00f0w010c010r110f110r010t010.jpg, https:\/\/www.where2travel.com\/wp-content\/gallery\/iceland-best-pics\/cache\/reynisfjara-black-sand-beach-view-iceland.jpg-nggid03274-ngg0dyn-560x0-00f0w010c010r110f110r010t010.jpg 2x\" onerror=\"nggRetryFailedImage(this);\"\/>\n<\/picture>                <\/a>\n            <\/div>\n                                            <div class='ngg-pro-masonry-item' style='height: 187px; max-width: 280px;'>\n                <a href=\"https:\/\/www.where2travel.com\/wp-content\/gallery\/iceland-best-pics\/rock-path-djupalonssandur-iceland.jpg\"\n                   title=\"Djupalonssandu\"\n                   data-src=\"https:\/\/www.where2travel.com\/wp-content\/gallery\/iceland-best-pics\/rock-path-djupalonssandur-iceland.jpg\"\n                   data-thumbnail=\"https:\/\/www.where2travel.com\/wp-content\/gallery\/iceland-best-pics\/cache\/rock-path-djupalonssandur-iceland.jpg-nggid03275-ngg0dyn-560x0-00f0w010c010r110f110r010t010.jpg\"\n                   data-image-id=\"275\"\n                   data-title=\"Rocky path at Djupalonssandur\"\n                   data-description=\"Djupalonssandu\"\n                   data-ngg-captions-nostylecopy=\"1\"\n                    class='nextgen_pro_lightbox' data-nplmodal-gallery-id='64469209a7e6c385b3e6cff241b22836' data-ngg-protect=\"1\" data-ngg-captions-enabled=\"1\" data-ngg-captions-id=\"64469209a7e6c385b3e6cff241b22836\">\n                    <picture>\n\t\n<source srcset='https:\/\/www.where2travel.com\/wp-content\/gallery\/iceland-best-pics\/cache\/rock-path-djupalonssandur-iceland.jpg-nggid03275-ngg0dyn-280x0-00f0w010c010r110f110r010t010.jpg, https:\/\/www.where2travel.com\/wp-content\/gallery\/iceland-best-pics\/cache\/rock-path-djupalonssandur-iceland.jpg-nggid03275-ngg0dyn-560x0-00f0w010c010r110f110r010t010.jpg 2x' media=''>\n<img title=\"Rocky path at Djupalonssandur\" alt=\"Rocky path at Djupalonssandur\" width=\"280\" height=\"187\" style=\"max-width:280px;max-height:187px\" src=\"https:\/\/www.where2travel.com\/wp-content\/gallery\/iceland-best-pics\/cache\/rock-path-djupalonssandur-iceland.jpg-nggid03275-ngg0dyn-280x0-00f0w010c010r110f110r010t010.jpg\" srcset=\"https:\/\/www.where2travel.com\/wp-content\/gallery\/iceland-best-pics\/cache\/rock-path-djupalonssandur-iceland.jpg-nggid03275-ngg0dyn-280x0-00f0w010c010r110f110r010t010.jpg, https:\/\/www.where2travel.com\/wp-content\/gallery\/iceland-best-pics\/cache\/rock-path-djupalonssandur-iceland.jpg-nggid03275-ngg0dyn-560x0-00f0w010c010r110f110r010t010.jpg 2x\" onerror=\"nggRetryFailedImage(this);\"\/>\n<\/picture>                <\/a>\n            <\/div>\n                                            <div class='ngg-pro-masonry-item' style='height: 187px; max-width: 280px;'>\n                <a href=\"https:\/\/www.where2travel.com\/wp-content\/gallery\/iceland-best-pics\/skogafoss-waterfall-man-small-iceland.jpg\"\n                   title=\"Skogafoss waterfall\"\n                   data-src=\"https:\/\/www.where2travel.com\/wp-content\/gallery\/iceland-best-pics\/skogafoss-waterfall-man-small-iceland.jpg\"\n                   data-thumbnail=\"https:\/\/www.where2travel.com\/wp-content\/gallery\/iceland-best-pics\/cache\/skogafoss-waterfall-man-small-iceland.jpg-nggid03276-ngg0dyn-560x0-00f0w010c010r110f110r010t010.jpg\"\n                   data-image-id=\"276\"\n                   data-title=\"Skogafoss waterfall Iceland travel guide\"\n                   data-description=\"Skogafoss waterfall\"\n                   data-ngg-captions-nostylecopy=\"1\"\n                    class='nextgen_pro_lightbox' data-nplmodal-gallery-id='64469209a7e6c385b3e6cff241b22836' data-ngg-protect=\"1\" data-ngg-captions-enabled=\"1\" data-ngg-captions-id=\"64469209a7e6c385b3e6cff241b22836\">\n                    <picture>\n\t\n<source srcset='https:\/\/www.where2travel.com\/wp-content\/gallery\/iceland-best-pics\/cache\/skogafoss-waterfall-man-small-iceland.jpg-nggid03276-ngg0dyn-280x0-00f0w010c010r110f110r010t010.jpg, https:\/\/www.where2travel.com\/wp-content\/gallery\/iceland-best-pics\/cache\/skogafoss-waterfall-man-small-iceland.jpg-nggid03276-ngg0dyn-560x0-00f0w010c010r110f110r010t010.jpg 2x' media=''>\n<img title=\"Skogafoss waterfall Iceland travel guide\" alt=\"Skogafoss waterfall Iceland travel guide\" width=\"280\" height=\"187\" style=\"max-width:280px;max-height:187px\" src=\"https:\/\/www.where2travel.com\/wp-content\/gallery\/iceland-best-pics\/cache\/skogafoss-waterfall-man-small-iceland.jpg-nggid03276-ngg0dyn-280x0-00f0w010c010r110f110r010t010.jpg\" srcset=\"https:\/\/www.where2travel.com\/wp-content\/gallery\/iceland-best-pics\/cache\/skogafoss-waterfall-man-small-iceland.jpg-nggid03276-ngg0dyn-280x0-00f0w010c010r110f110r010t010.jpg, https:\/\/www.where2travel.com\/wp-content\/gallery\/iceland-best-pics\/cache\/skogafoss-waterfall-man-small-iceland.jpg-nggid03276-ngg0dyn-560x0-00f0w010c010r110f110r010t010.jpg 2x\" onerror=\"nggRetryFailedImage(this);\"\/>\n<\/picture>                <\/a>\n            <\/div>\n                                            <div class='ngg-pro-masonry-item' style='height: 187px; max-width: 280px;'>\n                <a href=\"https:\/\/www.where2travel.com\/wp-content\/gallery\/iceland-best-pics\/smoke-landscape-hverir-iceland.jpg\"\n                   title=\"Hverir\"\n                   data-src=\"https:\/\/www.where2travel.com\/wp-content\/gallery\/iceland-best-pics\/smoke-landscape-hverir-iceland.jpg\"\n                   data-thumbnail=\"https:\/\/www.where2travel.com\/wp-content\/gallery\/iceland-best-pics\/cache\/smoke-landscape-hverir-iceland.jpg-nggid03277-ngg0dyn-560x0-00f0w010c010r110f110r010t010.jpg\"\n                   data-image-id=\"277\"\n                   data-title=\"Smoky landscape at Hverir in Iceland\"\n                   data-description=\"Hverir\"\n                   data-ngg-captions-nostylecopy=\"1\"\n                    class='nextgen_pro_lightbox' data-nplmodal-gallery-id='64469209a7e6c385b3e6cff241b22836' data-ngg-protect=\"1\" data-ngg-captions-enabled=\"1\" data-ngg-captions-id=\"64469209a7e6c385b3e6cff241b22836\">\n                    <picture>\n\t\n<source srcset='https:\/\/www.where2travel.com\/wp-content\/gallery\/iceland-best-pics\/cache\/smoke-landscape-hverir-iceland.jpg-nggid03277-ngg0dyn-280x0-00f0w010c010r110f110r010t010.jpg, https:\/\/www.where2travel.com\/wp-content\/gallery\/iceland-best-pics\/cache\/smoke-landscape-hverir-iceland.jpg-nggid03277-ngg0dyn-560x0-00f0w010c010r110f110r010t010.jpg 2x' media=''>\n<img title=\"Smoky landscape at Hverir in Iceland\" alt=\"Smoky landscape at Hverir in Iceland\" width=\"280\" height=\"187\" style=\"max-width:280px;max-height:187px\" src=\"https:\/\/www.where2travel.com\/wp-content\/gallery\/iceland-best-pics\/cache\/smoke-landscape-hverir-iceland.jpg-nggid03277-ngg0dyn-280x0-00f0w010c010r110f110r010t010.jpg\" srcset=\"https:\/\/www.where2travel.com\/wp-content\/gallery\/iceland-best-pics\/cache\/smoke-landscape-hverir-iceland.jpg-nggid03277-ngg0dyn-280x0-00f0w010c010r110f110r010t010.jpg, https:\/\/www.where2travel.com\/wp-content\/gallery\/iceland-best-pics\/cache\/smoke-landscape-hverir-iceland.jpg-nggid03277-ngg0dyn-560x0-00f0w010c010r110f110r010t010.jpg 2x\" onerror=\"nggRetryFailedImage(this);\"\/>\n<\/picture>                <\/a>\n            <\/div>\n                                            <div class='ngg-pro-masonry-item' style='height: 187px; max-width: 280px;'>\n                <a href=\"https:\/\/www.where2travel.com\/wp-content\/gallery\/iceland-best-pics\/splendid-view-waterfall-seljalandsfoss-island.jpg\"\n                   title=\"Seljalandsfoss waterfall\"\n                   data-src=\"https:\/\/www.where2travel.com\/wp-content\/gallery\/iceland-best-pics\/splendid-view-waterfall-seljalandsfoss-island.jpg\"\n                   data-thumbnail=\"https:\/\/www.where2travel.com\/wp-content\/gallery\/iceland-best-pics\/cache\/splendid-view-waterfall-seljalandsfoss-island.jpg-nggid03279-ngg0dyn-560x0-00f0w010c010r110f110r010t010.jpg\"\n                   data-image-id=\"279\"\n                   data-title=\"Seljalandsfoss waterfall in Iceland travel guide\"\n                   data-description=\"Seljalandsfoss waterfall\"\n                   data-ngg-captions-nostylecopy=\"1\"\n                    class='nextgen_pro_lightbox' data-nplmodal-gallery-id='64469209a7e6c385b3e6cff241b22836' data-ngg-protect=\"1\" data-ngg-captions-enabled=\"1\" data-ngg-captions-id=\"64469209a7e6c385b3e6cff241b22836\">\n                    <picture>\n\t\n<source srcset='https:\/\/www.where2travel.com\/wp-content\/gallery\/iceland-best-pics\/cache\/splendid-view-waterfall-seljalandsfoss-island.jpg-nggid03279-ngg0dyn-280x0-00f0w010c010r110f110r010t010.jpg, https:\/\/www.where2travel.com\/wp-content\/gallery\/iceland-best-pics\/cache\/splendid-view-waterfall-seljalandsfoss-island.jpg-nggid03279-ngg0dyn-560x0-00f0w010c010r110f110r010t010.jpg 2x' media=''>\n<img title=\"Seljalandsfoss waterfall in Iceland travel guide\" alt=\"Seljalandsfoss waterfall in Iceland travel guide\" width=\"280\" height=\"187\" style=\"max-width:280px;max-height:187px\" src=\"https:\/\/www.where2travel.com\/wp-content\/gallery\/iceland-best-pics\/cache\/splendid-view-waterfall-seljalandsfoss-island.jpg-nggid03279-ngg0dyn-280x0-00f0w010c010r110f110r010t010.jpg\" srcset=\"https:\/\/www.where2travel.com\/wp-content\/gallery\/iceland-best-pics\/cache\/splendid-view-waterfall-seljalandsfoss-island.jpg-nggid03279-ngg0dyn-280x0-00f0w010c010r110f110r010t010.jpg, https:\/\/www.where2travel.com\/wp-content\/gallery\/iceland-best-pics\/cache\/splendid-view-waterfall-seljalandsfoss-island.jpg-nggid03279-ngg0dyn-560x0-00f0w010c010r110f110r010t010.jpg 2x\" onerror=\"nggRetryFailedImage(this);\"\/>\n<\/picture>                <\/a>\n            <\/div>\n                                            <div class='ngg-pro-masonry-item' style='height: 158px; max-width: 280px;'>\n                <a href=\"https:\/\/www.where2travel.com\/wp-content\/gallery\/iceland-best-pics\/stokksnes-peninsula-beach-iceland.jpg\"\n                   title=\"Stokksnes peninsula\"\n                   data-src=\"https:\/\/www.where2travel.com\/wp-content\/gallery\/iceland-best-pics\/stokksnes-peninsula-beach-iceland.jpg\"\n                   data-thumbnail=\"https:\/\/www.where2travel.com\/wp-content\/gallery\/iceland-best-pics\/cache\/stokksnes-peninsula-beach-iceland.jpg-nggid03280-ngg0dyn-560x0-00f0w010c010r110f110r010t010.jpg\"\n                   data-image-id=\"280\"\n                   data-title=\"Stokksnes peninsula beach in Iceland travel guide\"\n                   data-description=\"Stokksnes peninsula\"\n                   data-ngg-captions-nostylecopy=\"1\"\n                    class='nextgen_pro_lightbox' data-nplmodal-gallery-id='64469209a7e6c385b3e6cff241b22836' data-ngg-protect=\"1\" data-ngg-captions-enabled=\"1\" data-ngg-captions-id=\"64469209a7e6c385b3e6cff241b22836\">\n                    <picture>\n\t\n<source srcset='https:\/\/www.where2travel.com\/wp-content\/gallery\/iceland-best-pics\/cache\/stokksnes-peninsula-beach-iceland.jpg-nggid03280-ngg0dyn-280x0-00f0w010c010r110f110r010t010.jpg, https:\/\/www.where2travel.com\/wp-content\/gallery\/iceland-best-pics\/cache\/stokksnes-peninsula-beach-iceland.jpg-nggid03280-ngg0dyn-560x0-00f0w010c010r110f110r010t010.jpg 2x' media=''>\n<img title=\"Stokksnes peninsula beach in Iceland travel guide\" alt=\"Stokksnes peninsula beach in Iceland travel guide\" width=\"280\" height=\"158\" style=\"max-width:280px;max-height:158px\" src=\"https:\/\/www.where2travel.com\/wp-content\/gallery\/iceland-best-pics\/cache\/stokksnes-peninsula-beach-iceland.jpg-nggid03280-ngg0dyn-280x0-00f0w010c010r110f110r010t010.jpg\" srcset=\"https:\/\/www.where2travel.com\/wp-content\/gallery\/iceland-best-pics\/cache\/stokksnes-peninsula-beach-iceland.jpg-nggid03280-ngg0dyn-280x0-00f0w010c010r110f110r010t010.jpg, https:\/\/www.where2travel.com\/wp-content\/gallery\/iceland-best-pics\/cache\/stokksnes-peninsula-beach-iceland.jpg-nggid03280-ngg0dyn-560x0-00f0w010c010r110f110r010t010.jpg 2x\" onerror=\"nggRetryFailedImage(this);\"\/>\n<\/picture>                <\/a>\n            <\/div>\n                                            <div class='ngg-pro-masonry-item' style='height: 158px; max-width: 280px;'>\n                <a href=\"https:\/\/www.where2travel.com\/wp-content\/gallery\/iceland-best-pics\/strokkur-geysir-nice-explosion-iceland.jpg\"\n                   title=\"Geysir\"\n                   data-src=\"https:\/\/www.where2travel.com\/wp-content\/gallery\/iceland-best-pics\/strokkur-geysir-nice-explosion-iceland.jpg\"\n                   data-thumbnail=\"https:\/\/www.where2travel.com\/wp-content\/gallery\/iceland-best-pics\/cache\/strokkur-geysir-nice-explosion-iceland.jpg-nggid03281-ngg0dyn-560x0-00f0w010c010r110f110r010t010.jpg\"\n                   data-image-id=\"281\"\n                   data-title=\"Strokkur geysir explosion\"\n                   data-description=\"Geysir\"\n                   data-ngg-captions-nostylecopy=\"1\"\n                    class='nextgen_pro_lightbox' data-nplmodal-gallery-id='64469209a7e6c385b3e6cff241b22836' data-ngg-protect=\"1\" data-ngg-captions-enabled=\"1\" data-ngg-captions-id=\"64469209a7e6c385b3e6cff241b22836\">\n                    <picture>\n\t\n<source srcset='https:\/\/www.where2travel.com\/wp-content\/gallery\/iceland-best-pics\/cache\/strokkur-geysir-nice-explosion-iceland.jpg-nggid03281-ngg0dyn-280x0-00f0w010c010r110f110r010t010.jpg, https:\/\/www.where2travel.com\/wp-content\/gallery\/iceland-best-pics\/cache\/strokkur-geysir-nice-explosion-iceland.jpg-nggid03281-ngg0dyn-560x0-00f0w010c010r110f110r010t010.jpg 2x' media=''>\n<img title=\"Strokkur geysir explosion\" alt=\"Strokkur geysir explosion\" width=\"280\" height=\"158\" style=\"max-width:280px;max-height:158px\" src=\"https:\/\/www.where2travel.com\/wp-content\/gallery\/iceland-best-pics\/cache\/strokkur-geysir-nice-explosion-iceland.jpg-nggid03281-ngg0dyn-280x0-00f0w010c010r110f110r010t010.jpg\" srcset=\"https:\/\/www.where2travel.com\/wp-content\/gallery\/iceland-best-pics\/cache\/strokkur-geysir-nice-explosion-iceland.jpg-nggid03281-ngg0dyn-280x0-00f0w010c010r110f110r010t010.jpg, https:\/\/www.where2travel.com\/wp-content\/gallery\/iceland-best-pics\/cache\/strokkur-geysir-nice-explosion-iceland.jpg-nggid03281-ngg0dyn-560x0-00f0w010c010r110f110r010t010.jpg 2x\" onerror=\"nggRetryFailedImage(this);\"\/>\n<\/picture>                <\/a>\n            <\/div>\n                                            <div class='ngg-pro-masonry-item' style='height: 187px; max-width: 280px;'>\n                <a href=\"https:\/\/www.where2travel.com\/wp-content\/gallery\/iceland-best-pics\/svartifoss-waterfall-man-alone-iceland.jpg\"\n                   title=\"Svartifoss waterfall\"\n                   data-src=\"https:\/\/www.where2travel.com\/wp-content\/gallery\/iceland-best-pics\/svartifoss-waterfall-man-alone-iceland.jpg\"\n                   data-thumbnail=\"https:\/\/www.where2travel.com\/wp-content\/gallery\/iceland-best-pics\/cache\/svartifoss-waterfall-man-alone-iceland.jpg-nggid03282-ngg0dyn-560x0-00f0w010c010r110f110r010t010.jpg\"\n                   data-image-id=\"282\"\n                   data-title=\"Svartifoss waterfall\"\n                   data-description=\"Svartifoss waterfall\"\n                   data-ngg-captions-nostylecopy=\"1\"\n                    class='nextgen_pro_lightbox' data-nplmodal-gallery-id='64469209a7e6c385b3e6cff241b22836' data-ngg-protect=\"1\" data-ngg-captions-enabled=\"1\" data-ngg-captions-id=\"64469209a7e6c385b3e6cff241b22836\">\n                    <picture>\n\t\n<source srcset='https:\/\/www.where2travel.com\/wp-content\/gallery\/iceland-best-pics\/cache\/svartifoss-waterfall-man-alone-iceland.jpg-nggid03282-ngg0dyn-280x0-00f0w010c010r110f110r010t010.jpg, https:\/\/www.where2travel.com\/wp-content\/gallery\/iceland-best-pics\/cache\/svartifoss-waterfall-man-alone-iceland.jpg-nggid03282-ngg0dyn-560x0-00f0w010c010r110f110r010t010.jpg 2x' media=''>\n<img title=\"Svartifoss waterfall\" alt=\"Svartifoss waterfall\" width=\"280\" height=\"187\" style=\"max-width:280px;max-height:187px\" src=\"https:\/\/www.where2travel.com\/wp-content\/gallery\/iceland-best-pics\/cache\/svartifoss-waterfall-man-alone-iceland.jpg-nggid03282-ngg0dyn-280x0-00f0w010c010r110f110r010t010.jpg\" srcset=\"https:\/\/www.where2travel.com\/wp-content\/gallery\/iceland-best-pics\/cache\/svartifoss-waterfall-man-alone-iceland.jpg-nggid03282-ngg0dyn-280x0-00f0w010c010r110f110r010t010.jpg, https:\/\/www.where2travel.com\/wp-content\/gallery\/iceland-best-pics\/cache\/svartifoss-waterfall-man-alone-iceland.jpg-nggid03282-ngg0dyn-560x0-00f0w010c010r110f110r010t010.jpg 2x\" onerror=\"nggRetryFailedImage(this);\"\/>\n<\/picture>                <\/a>\n            <\/div>\n                                            <div class='ngg-pro-masonry-item' style='height: 187px; max-width: 280px;'>\n                <a href=\"https:\/\/www.where2travel.com\/wp-content\/gallery\/iceland-best-pics\/svinafellsjokull-glacier-landscape-iceland.jpg\"\n                   title=\"Svinafellsjokull glacier\"\n                   data-src=\"https:\/\/www.where2travel.com\/wp-content\/gallery\/iceland-best-pics\/svinafellsjokull-glacier-landscape-iceland.jpg\"\n                   data-thumbnail=\"https:\/\/www.where2travel.com\/wp-content\/gallery\/iceland-best-pics\/cache\/svinafellsjokull-glacier-landscape-iceland.jpg-nggid03283-ngg0dyn-560x0-00f0w010c010r110f110r010t010.jpg\"\n                   data-image-id=\"283\"\n                   data-title=\"Svinafellsjokull glacier in Iceland travel guide\"\n                   data-description=\"Svinafellsjokull glacier\"\n                   data-ngg-captions-nostylecopy=\"1\"\n                    class='nextgen_pro_lightbox' data-nplmodal-gallery-id='64469209a7e6c385b3e6cff241b22836' data-ngg-protect=\"1\" data-ngg-captions-enabled=\"1\" data-ngg-captions-id=\"64469209a7e6c385b3e6cff241b22836\">\n                    <picture>\n\t\n<source srcset='https:\/\/www.where2travel.com\/wp-content\/gallery\/iceland-best-pics\/cache\/svinafellsjokull-glacier-landscape-iceland.jpg-nggid03283-ngg0dyn-280x0-00f0w010c010r110f110r010t010.jpg, https:\/\/www.where2travel.com\/wp-content\/gallery\/iceland-best-pics\/cache\/svinafellsjokull-glacier-landscape-iceland.jpg-nggid03283-ngg0dyn-560x0-00f0w010c010r110f110r010t010.jpg 2x' media=''>\n<img title=\"Svinafellsjokull glacier in Iceland travel guide\" alt=\"Svinafellsjokull glacier in Iceland travel guide\" width=\"280\" height=\"187\" style=\"max-width:280px;max-height:187px\" src=\"https:\/\/www.where2travel.com\/wp-content\/gallery\/iceland-best-pics\/cache\/svinafellsjokull-glacier-landscape-iceland.jpg-nggid03283-ngg0dyn-280x0-00f0w010c010r110f110r010t010.jpg\" srcset=\"https:\/\/www.where2travel.com\/wp-content\/gallery\/iceland-best-pics\/cache\/svinafellsjokull-glacier-landscape-iceland.jpg-nggid03283-ngg0dyn-280x0-00f0w010c010r110f110r010t010.jpg, https:\/\/www.where2travel.com\/wp-content\/gallery\/iceland-best-pics\/cache\/svinafellsjokull-glacier-landscape-iceland.jpg-nggid03283-ngg0dyn-560x0-00f0w010c010r110f110r010t010.jpg 2x\" onerror=\"nggRetryFailedImage(this);\"\/>\n<\/picture>                <\/a>\n            <\/div>\n                                            <div class='ngg-pro-masonry-item' style='height: 187px; max-width: 280px;'>\n                <a href=\"https:\/\/www.where2travel.com\/wp-content\/gallery\/iceland-best-pics\/view-hallgrimskirkja-church-reykjavik-iceland.jpg\"\n                   title=\"Hallgrimskirkja church in Reykjavik\"\n                   data-src=\"https:\/\/www.where2travel.com\/wp-content\/gallery\/iceland-best-pics\/view-hallgrimskirkja-church-reykjavik-iceland.jpg\"\n                   data-thumbnail=\"https:\/\/www.where2travel.com\/wp-content\/gallery\/iceland-best-pics\/cache\/view-hallgrimskirkja-church-reykjavik-iceland.jpg-nggid03284-ngg0dyn-560x0-00f0w010c010r110f110r010t010.jpg\"\n                   data-image-id=\"284\"\n                   data-title=\"Hhallgrimskirkja church in Reykjavik\"\n                   data-description=\"Hallgrimskirkja church in Reykjavik\"\n                   data-ngg-captions-nostylecopy=\"1\"\n                    class='nextgen_pro_lightbox' data-nplmodal-gallery-id='64469209a7e6c385b3e6cff241b22836' data-ngg-protect=\"1\" data-ngg-captions-enabled=\"1\" data-ngg-captions-id=\"64469209a7e6c385b3e6cff241b22836\">\n                    <picture>\n\t\n<source srcset='https:\/\/www.where2travel.com\/wp-content\/gallery\/iceland-best-pics\/cache\/view-hallgrimskirkja-church-reykjavik-iceland.jpg-nggid03284-ngg0dyn-280x0-00f0w010c010r110f110r010t010.jpg, https:\/\/www.where2travel.com\/wp-content\/gallery\/iceland-best-pics\/cache\/view-hallgrimskirkja-church-reykjavik-iceland.jpg-nggid03284-ngg0dyn-560x0-00f0w010c010r110f110r010t010.jpg 2x' media=''>\n<img title=\"Hhallgrimskirkja church in Reykjavik\" alt=\"Hhallgrimskirkja church in Reykjavik\" width=\"280\" height=\"187\" style=\"max-width:280px;max-height:187px\" src=\"https:\/\/www.where2travel.com\/wp-content\/gallery\/iceland-best-pics\/cache\/view-hallgrimskirkja-church-reykjavik-iceland.jpg-nggid03284-ngg0dyn-280x0-00f0w010c010r110f110r010t010.jpg\" srcset=\"https:\/\/www.where2travel.com\/wp-content\/gallery\/iceland-best-pics\/cache\/view-hallgrimskirkja-church-reykjavik-iceland.jpg-nggid03284-ngg0dyn-280x0-00f0w010c010r110f110r010t010.jpg, https:\/\/www.where2travel.com\/wp-content\/gallery\/iceland-best-pics\/cache\/view-hallgrimskirkja-church-reykjavik-iceland.jpg-nggid03284-ngg0dyn-560x0-00f0w010c010r110f110r010t010.jpg 2x\" onerror=\"nggRetryFailedImage(this);\"\/>\n<\/picture>                <\/a>\n            <\/div>\n                                            <div class='ngg-pro-masonry-item' style='height: 187px; max-width: 280px;'>\n                <a href=\"https:\/\/www.where2travel.com\/wp-content\/gallery\/iceland-best-pics\/view-path-thingvellir-iceland.jpg\"\n                   title=\"Thingvellir\"\n                   data-src=\"https:\/\/www.where2travel.com\/wp-content\/gallery\/iceland-best-pics\/view-path-thingvellir-iceland.jpg\"\n                   data-thumbnail=\"https:\/\/www.where2travel.com\/wp-content\/gallery\/iceland-best-pics\/cache\/view-path-thingvellir-iceland.jpg-nggid03285-ngg0dyn-560x0-00f0w010c010r110f110r010t010.jpg\"\n                   data-image-id=\"285\"\n                   data-title=\"Thingvellir national park\"\n                   data-description=\"Thingvellir\"\n                   data-ngg-captions-nostylecopy=\"1\"\n                    class='nextgen_pro_lightbox' data-nplmodal-gallery-id='64469209a7e6c385b3e6cff241b22836' data-ngg-protect=\"1\" data-ngg-captions-enabled=\"1\" data-ngg-captions-id=\"64469209a7e6c385b3e6cff241b22836\">\n                    <picture>\n\t\n<source srcset='https:\/\/www.where2travel.com\/wp-content\/gallery\/iceland-best-pics\/cache\/view-path-thingvellir-iceland.jpg-nggid03285-ngg0dyn-280x0-00f0w010c010r110f110r010t010.jpg, https:\/\/www.where2travel.com\/wp-content\/gallery\/iceland-best-pics\/cache\/view-path-thingvellir-iceland.jpg-nggid03285-ngg0dyn-560x0-00f0w010c010r110f110r010t010.jpg 2x' media=''>\n<img title=\"Thingvellir national park\" alt=\"Thingvellir national park\" width=\"280\" height=\"187\" style=\"max-width:280px;max-height:187px\" src=\"https:\/\/www.where2travel.com\/wp-content\/gallery\/iceland-best-pics\/cache\/view-path-thingvellir-iceland.jpg-nggid03285-ngg0dyn-280x0-00f0w010c010r110f110r010t010.jpg\" srcset=\"https:\/\/www.where2travel.com\/wp-content\/gallery\/iceland-best-pics\/cache\/view-path-thingvellir-iceland.jpg-nggid03285-ngg0dyn-280x0-00f0w010c010r110f110r010t010.jpg, https:\/\/www.where2travel.com\/wp-content\/gallery\/iceland-best-pics\/cache\/view-path-thingvellir-iceland.jpg-nggid03285-ngg0dyn-560x0-00f0w010c010r110f110r010t010.jpg 2x\" onerror=\"nggRetryFailedImage(this);\"\/>\n<\/picture>                <\/a>\n            <\/div>\n                                            <\/div><\/div>\n<p>[\/et_pb_text][\/et_pb_column][\/et_pb_row][\/et_pb_section][et_pb_section fb_built=&#8221;1&#8243; disabled_on=&#8221;on|on|on&#8221; _builder_version=&#8221;4.9.1&#8243; custom_margin=&#8221;50px||||false|false&#8221; custom_margin_tablet=&#8221;40px||||false|false&#8221; custom_margin_phone=&#8221;30px||||false|false&#8221; custom_margin_last_edited=&#8221;on|phone&#8221; disabled=&#8221;on&#8221; locked=&#8221;off&#8221;][et_pb_row _builder_version=&#8221;3.25&#8243;][et_pb_column type=&#8221;4_4&#8243; _builder_version=&#8221;3.25&#8243; custom_padding=&#8221;|||&#8221; custom_padding__hover=&#8221;|||&#8221;][et_pb_button button_url=&#8221;https:\/\/www.where2travel.com\/fr\/plus-beaux-paysages-naturels-europe\/&#8221; button_text=&#8221;Page pr\u00e9c\u00e9dente&#8221; button_alignment=&#8221;center&#8221; _builder_version=&#8221;4.4.7&#8243; custom_button=&#8221;on&#8221; button_text_size=&#8221;36px&#8221; button_text_color=&#8221;#113e5d&#8221; button_bg_color=&#8221;#fbba00&#8243; button_border_color=&#8221;#fbba00&#8243; button_font=&#8221;Oswald|600||on|||||&#8221; custom_margin=&#8221;-40px||0px||false|false&#8221; custom_margin_tablet=&#8221;-50px||0px||false|false&#8221; custom_margin_phone=&#8221;-40px||0px||false|false&#8221; custom_margin_last_edited=&#8221;on|desktop&#8221; button_text_size_tablet=&#8221;30px&#8221; button_text_size_phone=&#8221;28px&#8221; button_text_size_last_edited=&#8221;on|phone&#8221; button_text_color__hover=&#8221;#113e5d&#8221; button_text_color__hover_enabled=&#8221;on&#8221; button_bg_color__hover=&#8221;#fbba00&#8243; button_bg_color__hover_enabled=&#8221;on&#8221; button_border_color__hover=&#8221;#fbba00&#8243; button_border_color__hover_enabled=&#8221;on&#8221;][\/et_pb_button][\/et_pb_column][\/et_pb_row][\/et_pb_section][et_pb_section fb_built=&#8221;1&#8243; disabled_on=&#8221;off|off|off&#8221; _builder_version=&#8221;4.0.9&#8243; custom_margin=&#8221;60px||||false|false&#8221; custom_margin_tablet=&#8221;50px||||false|false&#8221; custom_margin_phone=&#8221;35px||||false|false&#8221; custom_margin_last_edited=&#8221;on|phone&#8221; top_divider_style=&#8221;waves2&#8243; top_divider_color=&#8221;#68a3cb&#8221; top_divider_height=&#8221;170px&#8221; top_divider_flip=&#8221;horizontal&#8221; top_divider_height_tablet=&#8221;140px&#8221; top_divider_height_phone=&#8221;130px&#8221; top_divider_height_last_edited=&#8221;on|phone&#8221;][et_pb_row _builder_version=&#8221;3.25&#8243;][et_pb_column type=&#8221;4_4&#8243; _builder_version=&#8221;3.25&#8243; custom_padding=&#8221;|||&#8221; custom_padding__hover=&#8221;|||&#8221;][et_pb_text admin_label=&#8221;Special events in iceland&#8221; _builder_version=&#8221;4.4.5&#8243; text_font=&#8221;||||&#8221; text_text_color=&#8221;#1a1a1a&#8221; header_font=&#8221;Oswald|on||on|&#8221; header_text_align=&#8221;right&#8221; header_font_size=&#8221;60px&#8221; header_line_height=&#8221;1.3em&#8221; header_2_font=&#8221;Oswald|on||on|&#8221; header_2_text_align=&#8221;left&#8221; header_2_text_color=&#8221;#0d3f5e&#8221; header_2_font_size=&#8221;60px&#8221; header_2_line_height=&#8221;1.3em&#8221; custom_margin=&#8221;200px|0px|0px|0px|false|true&#8221; custom_margin_tablet=&#8221;140px|0px|0px|0px|false|true&#8221; custom_margin_phone=&#8221;110px|0px|0px|0px|false|true&#8221; custom_margin_last_edited=&#8221;on|phone&#8221; animation_style=&#8221;slide&#8221; animation_direction=&#8221;top&#8221; animation_intensity_slide=&#8221;10%&#8221; header_font_size_tablet=&#8221;&#8221; header_font_size_phone=&#8221;&#8221; header_font_size_last_edited=&#8221;on|phone&#8221; header_2_font_size_tablet=&#8221;55px&#8221; header_2_font_size_phone=&#8221;40px&#8221; header_2_font_size_last_edited=&#8221;on|phone&#8221; locked=&#8221;off&#8221;]<\/p>\n<h2 style=\"text-align: center;\"><strong>Avez-vous aim\u00e9 cette page ?<\/strong><\/h2>\n<p>[\/et_pb_text][et_pb_text _builder_version=&#8221;4.6.5&#8243; text_font=&#8221;Roboto||||&#8221; text_text_color=&#8221;#1a1a1a&#8221; text_font_size=&#8221;24px&#8221; text_line_height=&#8221;1.4em&#8221; header_font=&#8221;||||||||&#8221; header_2_font=&#8221;Montserrat||||||||&#8221; header_2_text_color=&#8221;#000000&#8243; header_2_font_size=&#8221;20px&#8221; header_3_font=&#8221;Roboto|700|||||||&#8221; header_3_text_color=&#8221;#000000&#8243; header_3_font_size=&#8221;27px&#8221; header_3_line_height=&#8221;1.5em&#8221; custom_margin=&#8221;100px||||false|false&#8221; custom_margin_tablet=&#8221;80px||||false|false&#8221; custom_margin_phone=&#8221;70px||||false|false&#8221; custom_margin_last_edited=&#8221;on|phone&#8221; animation_style=&#8221;slide&#8221; animation_direction=&#8221;top&#8221; animation_intensity_slide=&#8221;10%&#8221; header_2_font_size_tablet=&#8221;&#8221; header_2_font_size_phone=&#8221;&#8221; header_2_font_size_last_edited=&#8221;on|desktop&#8221; header_3_font_size_tablet=&#8221;&#8221; header_3_font_size_phone=&#8221;22px&#8221; header_3_font_size_last_edited=&#8221;on|phone&#8221;]<\/p>\n<p style=\"text-align: center;\"><b>&#8220;\u00c9pinglez-la&#8221; pour la partager sur Pinterest et ainsi l\u2019enregistrer pour plus tard !<\/b><\/p>\n<p>[\/et_pb_text][et_pb_divider color=&#8221;#68a3cb&#8221; divider_weight=&#8221;4px&#8221; _builder_version=&#8221;4.0.5&#8243; width=&#8221;100%&#8221; width_tablet=&#8221;100%&#8221; width_phone=&#8221;100%&#8221; width_last_edited=&#8221;on|phone&#8221; max_width=&#8221;12%&#8221; max_width_tablet=&#8221;25%&#8221; max_width_phone=&#8221;25%&#8221; max_width_last_edited=&#8221;on|desktop&#8221; module_alignment=&#8221;center&#8221; height=&#8221;6px&#8221; custom_margin=&#8221;10px||60px||false|false&#8221; custom_margin_tablet=&#8221;0px||50px||false|false&#8221; custom_margin_phone=&#8221;-5px||40px||false|false&#8221; custom_margin_last_edited=&#8221;on|phone&#8221; locked=&#8221;off&#8221;]<\/p>\n<p>[\/et_pb_divider][et_pb_image src=&#8221;https:\/\/www.where2travel.com\/wp-content\/uploads\/2020\/07\/Top-20-des-plus-beaux-paysages-naturels-en-Europe-1.jpg&#8221; alt=&#8221;Top 20 des plus magnifiques paysages naturels en Europe&#8221; title_text=&#8221;Top-20-des-plus-magnifiques-paysages-naturels-en-Europe&#8221; show_in_lightbox=&#8221;on&#8221; align=&#8221;center&#8221; disabled_on=&#8221;off|off|off&#8221; module_class=&#8221;pin&#8221; _builder_version=&#8221;4.4.9&#8243; max_width=&#8221;500px&#8221; max_width_tablet=&#8221;&#8221; max_width_phone=&#8221;&#8221; max_width_last_edited=&#8221;on|phone&#8221;][\/et_pb_image][et_pb_text _builder_version=&#8221;4.9.1&#8243; text_font=&#8221;Roboto||||&#8221; text_text_color=&#8221;#1a1a1a&#8221; text_font_size=&#8221;24px&#8221; text_line_height=&#8221;1.4em&#8221; header_font=&#8221;||||||||&#8221; header_2_font=&#8221;Montserrat||||||||&#8221; header_2_text_color=&#8221;#000000&#8243; header_2_font_size=&#8221;20px&#8221; header_3_font=&#8221;Roboto|700|||||||&#8221; header_3_text_color=&#8221;#000000&#8243; header_3_font_size=&#8221;27px&#8221; header_3_line_height=&#8221;1.5em&#8221; custom_margin=&#8221;130px|-23px||-23px|false|true&#8221; custom_margin_tablet=&#8221;110px||||false|false&#8221; custom_margin_phone=&#8221;100px|-20px||-20px|false|true&#8221; custom_margin_last_edited=&#8221;on|phone&#8221; custom_padding=&#8221;|0px||0px|false|false&#8221; animation_style=&#8221;slide&#8221; animation_direction=&#8221;top&#8221; animation_intensity_slide=&#8221;10%&#8221; header_2_font_size_tablet=&#8221;&#8221; header_2_font_size_phone=&#8221;&#8221; header_2_font_size_last_edited=&#8221;on|desktop&#8221; header_3_font_size_tablet=&#8221;&#8221; header_3_font_size_phone=&#8221;22px&#8221; header_3_font_size_last_edited=&#8221;on|phone&#8221;]<\/p>\n<p style=\"text-align: center;\"><b>Vous pouvez \u00e9galement partager cette page sur les plus magnifiques paysages naturels en Europe sur :<\/b><\/p>\n<p>[\/et_pb_text][et_pb_divider color=&#8221;#68a3cb&#8221; divider_weight=&#8221;4px&#8221; _builder_version=&#8221;4.0.6&#8243; width=&#8221;100%&#8221; width_tablet=&#8221;100%&#8221; width_phone=&#8221;100%&#8221; width_last_edited=&#8221;on|phone&#8221; max_width=&#8221;12%&#8221; max_width_tablet=&#8221;25%&#8221; max_width_phone=&#8221;25%&#8221; max_width_last_edited=&#8221;on|desktop&#8221; module_alignment=&#8221;center&#8221; height=&#8221;6px&#8221; custom_margin=&#8221;10px||85px||false|false&#8221; custom_margin_tablet=&#8221;-15px||70px&#8221; custom_margin_phone=&#8221;-15px||50px||false|false&#8221; custom_margin_last_edited=&#8221;on|desktop&#8221; locked=&#8221;off&#8221;]<\/p>\n<p>[\/et_pb_divider][et_pb_code module_class=&#8221;dt-monarch-icons&#8221; _builder_version=&#8221;4.6.5&#8243; z_index=&#8221;999&#8243;][\/et_pb_code][\/et_pb_column][\/et_pb_row][\/et_pb_section][et_pb_section fb_built=&#8221;1&#8243; _builder_version=&#8221;3.22&#8243; background_color=&#8221;#68a3cb&#8221; custom_margin=&#8221;||0px&#8221; custom_padding=&#8221;75px|0px|75px|0px|false|false&#8221; top_divider_style=&#8221;asymmetric2&#8243; top_divider_color=&#8221;#ffffff&#8221; top_divider_height=&#8221;110px&#8221; top_divider_height_tablet=&#8221;100px&#8221; top_divider_height_phone=&#8221;80px&#8221; top_divider_height_last_edited=&#8221;on|phone&#8221; bottom_divider_style=&#8221;asymmetric2&#8243; bottom_divider_color=&#8221;#113e5d&#8221; bottom_divider_height=&#8221;110px&#8221; bottom_divider_flip=&#8221;horizontal&#8221; bottom_divider_height_tablet=&#8221;100px&#8221; bottom_divider_height_phone=&#8221;80px&#8221; bottom_divider_height_last_edited=&#8221;on|phone&#8221;][et_pb_row column_structure=&#8221;1_2,1_2&#8243; _builder_version=&#8221;4.0.5&#8243; width=&#8221;100%&#8221; module_alignment=&#8221;center&#8221; custom_margin=&#8221;50px||||false|false&#8221; locked=&#8221;off&#8221;][et_pb_column type=&#8221;1_2&#8243; _builder_version=&#8221;4.0.5&#8243; custom_padding=&#8221;|||0px|false|false&#8221;][et_pb_image src=&#8221;https:\/\/www.where2travel.com\/wp-content\/uploads\/2019\/11\/Dan-Profile-picture-2.jpg&#8221; alt=&#8221;Photo de Dan \u00e0 New York&#8221; title_text=&#8221;Dan-portrait-photo-commentaires&#8221; align=&#8221;right&#8221; _builder_version=&#8221;4.9.1&#8243; width=&#8221;26%&#8221; width_tablet=&#8221;20%&#8221; width_phone=&#8221;30%&#8221; width_last_edited=&#8221;on|phone&#8221; custom_margin=&#8221;19px|||270px|false|false&#8221; custom_margin_tablet=&#8221;|||305px|false|false&#8221; custom_margin_phone=&#8221;-20px|||150px|false|false&#8221; custom_margin_last_edited=&#8221;on|tablet&#8221; border_radii=&#8221;on|10px|10px|10px|10px&#8221; border_color_all=&#8221;#ffffff&#8221; box_shadow_style=&#8221;preset1&#8243;][\/et_pb_image][\/et_pb_column][et_pb_column type=&#8221;1_2&#8243; _builder_version=&#8221;4.0.5&#8243;][et_pb_text _builder_version=&#8221;4.6.5&#8243; text_font=&#8221;Roboto|700|||||||&#8221; text_text_color=&#8221;#ffffff&#8221; text_font_size=&#8221;16px&#8221; text_line_height=&#8221;1.4em&#8221; text_orientation=&#8221;justified&#8221; custom_margin=&#8221;9px|140px||-120px|false|false&#8221; custom_margin_tablet=&#8221;|130px||130px|false|true&#8221; custom_margin_phone=&#8221;|30px||30px|false|true&#8221; custom_margin_last_edited=&#8221;on|tablet&#8221; custom_padding=&#8221;0px|0px|0px|0px|true|true&#8221; custom_padding_tablet=&#8221;10px|10px|10px|10px|true|true&#8221; custom_padding_phone=&#8221;&#8221; custom_padding_last_edited=&#8221;on|phone&#8221; text_font_size_tablet=&#8221;&#8221; text_font_size_phone=&#8221;15px&#8221; text_font_size_last_edited=&#8221;on|phone&#8221; text_orientation_tablet=&#8221;center&#8221; text_orientation_phone=&#8221;center&#8221; text_orientation_last_edited=&#8221;on|tablet&#8221; border_color_all=&#8221;#ffffff&#8221; border_width_all_tablet=&#8221;0px&#8221; border_width_all_phone=&#8221;&#8221; border_width_all_last_edited=&#8221;on|phone&#8221;]<\/p>\n<p>Partageons nos informations ! Faites-nous savoir quelles sont pour vous, les autres endroits qui pourraient faire partie de ce top 20 des plus magnifiques paysages naturels en Europe.<\/p>\n<p>Si vous avez simplement aim\u00e9 cette page et que vous voulez envoyer de bonnes vibrations, ou si vous avez des questions, cet espace de commentaires est aussi fait pour \u00e7a.<\/p>\n<p>[\/et_pb_text][\/et_pb_column][\/et_pb_row][et_pb_row module_class=&#8221;dark-bg-comments&#8221; _builder_version=&#8221;3.25&#8243; locked=&#8221;off&#8221;][et_pb_column type=&#8221;4_4&#8243; _builder_version=&#8221;3.25&#8243; custom_padding=&#8221;|||&#8221; custom_padding__hover=&#8221;|||&#8221;][et_pb_comments _builder_version=&#8221;4.0.5&#8243; form_field_background_color=&#8221;#ffffff&#8221; form_field_text_color=&#8221;#113e5d&#8221; header_level=&#8221;h2&#8243; header_font=&#8221;Oswald|700||on|||||&#8221; header_text_color=&#8221;#0d3f5e&#8221; header_font_size=&#8221;40px&#8221; meta_font=&#8221;|600|||||||&#8221; meta_text_color=&#8221;#ffffff&#8221; meta_font_size=&#8221;16px&#8221; body_font=&#8221;Roboto|700|||||||&#8221; body_text_color=&#8221;#113e5d&#8221; body_font_size=&#8221;18px&#8221; form_field_font=&#8221;Roboto|500|||||||&#8221; form_field_font_size=&#8221;16px&#8221; custom_button=&#8221;on&#8221; button_text_color=&#8221;#113e5d&#8221; button_bg_color=&#8221;#fbba00&#8243; button_border_color=&#8221;#fbba00&#8243; button_font=&#8221;Oswald|600||on|||||&#8221; background_layout=&#8221;dark&#8221; custom_margin=&#8221;80px||80px||true&#8221; custom_margin_tablet=&#8221;40px||40px||true&#8221; custom_margin_phone=&#8221;10px||10px||false&#8221; custom_margin_last_edited=&#8221;on|desktop&#8221; header_font_size_tablet=&#8221;35px&#8221; header_font_size_phone=&#8221;30px&#8221; header_font_size_last_edited=&#8221;on|phone&#8221; body_font_size_tablet=&#8221;17px&#8221; body_font_size_phone=&#8221;16px&#8221; body_font_size_last_edited=&#8221;on|phone&#8221; border_radii_image=&#8221;on|10px|10px|10px|10px&#8221; border_color_all_image=&#8221;#ffffff&#8221; box_shadow_style_image=&#8221;preset1&#8243; form_background_color=&#8221;#ffffff&#8221; button_text_color__hover_enabled=&#8221;on&#8221; button_text_color__hover=&#8221;#113e5d&#8221; button_bg_color__hover_enabled=&#8221;on&#8221; button_bg_color__hover=&#8221;#fbba00&#8243; button_border_color__hover_enabled=&#8221;on&#8221; button_border_color__hover=&#8221;#fbba00&#8243;][\/et_pb_comments][\/et_pb_column][\/et_pb_row][\/et_pb_section]<\/p>\n<span class=\"et_bloom_bottom_trigger\"><\/span>","protected":false},"excerpt":{"rendered":"<p>Top 20 des plus magnifiques paysages naturels en Europe (partie 2) Top 20 des plus magnifiques paysages naturels en Europe (Partie 2) 20 paysages naturels magnifiques \u00e0 voir en EuropeDans cette deuxi\u00e8me partie, vous verrez la suite mon top 20 des plus beaux paysages naturels en Europe, ainsi que quelques autres jolis sites en bonus [&hellip;]<\/p>\n","protected":false},"author":2,"featured_media":0,"parent":0,"menu_order":0,"comment_status":"open","ping_status":"closed","template":"","meta":{"_et_pb_use_builder":"on","_et_pb_old_content":"","_et_gb_content_width":"","ngg_post_thumbnail":0,"footnotes":""},"yoast_head":"<!-- This site is optimized with the Yoast SEO plugin v18.0 - https:\/\/yoast.com\/wordpress\/plugins\/seo\/ -->\n<title>Top 20 des plus magnifiques paysages naturels en Europe<\/title>\n<meta name=\"description\" content=\"D\u00e9couvrez la suite du top 20 des plus magnifiques paysages naturels en Europe, avec des photos, conseils et informations essentielles.\" \/>\n<meta name=\"robots\" content=\"index, follow, max-snippet:-1, max-image-preview:large, max-video-preview:-1\" \/>\n<link rel=\"canonical\" href=\"https:\/\/www.where2travel.com\/fr\/plus-beaux-paysages-naturels-europe-partie-2\/\" \/>\n<meta property=\"og:locale\" content=\"fr_FR\" \/>\n<meta property=\"og:type\" content=\"article\" \/>\n<meta property=\"og:title\" content=\"Top 20 des plus magnifiques paysages naturels en Europe\" \/>\n<meta property=\"og:description\" content=\"D\u00e9couvrez la suite du top 20 des plus magnifiques paysages naturels en Europe, avec des photos, conseils et informations essentielles.\" \/>\n<meta property=\"og:url\" content=\"https:\/\/www.where2travel.com\/fr\/plus-beaux-paysages-naturels-europe-partie-2\/\" \/>\n<meta property=\"og:site_name\" content=\"Organisez vos voyages de fa\u00e7on simple, rapide et \u00e9conomique\" \/>\n<meta property=\"article:publisher\" content=\"https:\/\/www.facebook.com\/Where2travel.Dan\" \/>\n<meta property=\"article:modified_time\" content=\"2021-03-21T19:23:09+00:00\" \/>\n<meta property=\"og:image\" content=\"https:\/\/www.where2travel.com\/wp-content\/uploads\/2020\/07\/top-20-des-plus-beaux-paysages-naturels-en-Europe.jpg\" \/>\n\t<meta property=\"og:image:width\" content=\"1200\" \/>\n\t<meta property=\"og:image:height\" content=\"630\" \/>\n\t<meta property=\"og:image:type\" content=\"image\/jpeg\" \/>\n<meta name=\"twitter:card\" content=\"summary_large_image\" \/>\n<meta name=\"twitter:image\" content=\"https:\/\/www.where2travel.com\/wp-content\/uploads\/2020\/07\/top-20-des-plus-beaux-paysages-naturels-en-Europe.jpg\" \/>\n<meta name=\"twitter:label1\" content=\"Dur\u00e9e de lecture estim\u00e9e\" \/>\n\t<meta name=\"twitter:data1\" content=\"72 minutes\" \/>\n<script type=\"application\/ld+json\" class=\"yoast-schema-graph\">{\"@context\":\"https:\/\/schema.org\",\"@graph\":[{\"@type\":\"Organization\",\"@id\":\"https:\/\/www.where2travel.com\/fr\/#organization\",\"name\":\"Where2travel\",\"url\":\"https:\/\/www.where2travel.com\/fr\/\",\"sameAs\":[\"https:\/\/www.facebook.com\/Where2travel.Dan\",\"https:\/\/www.instagram.com\/where2travel\/\",\"https:\/\/www.youtube.com\/channel\/UC48JP_B1G3sbDqaTPd3Uprw\",\"https:\/\/www.pinterest.fr\/DanWhere2travel\/\"],\"logo\":{\"@type\":\"ImageObject\",\"@id\":\"https:\/\/www.where2travel.com\/fr\/#logo\",\"inLanguage\":\"fr-FR\",\"url\":\"https:\/\/www.where2travel.com\/wp-content\/uploads\/2019\/05\/Logo-Where2travel.png\",\"contentUrl\":\"https:\/\/www.where2travel.com\/wp-content\/uploads\/2019\/05\/Logo-Where2travel.png\",\"width\":252,\"height\":77,\"caption\":\"Where2travel\"},\"image\":{\"@id\":\"https:\/\/www.where2travel.com\/fr\/#logo\"}},{\"@type\":\"WebSite\",\"@id\":\"https:\/\/www.where2travel.com\/fr\/#website\",\"url\":\"https:\/\/www.where2travel.com\/fr\/\",\"name\":\"Organisez vos voyages de fa\u00e7on simple, rapide et \u00e9conomique\",\"description\":\"Trouvez des inspirations de voyage et pr\u00e9parez vos voyages de fa\u00e7on simple, rapide et \u00e9conomique\",\"publisher\":{\"@id\":\"https:\/\/www.where2travel.com\/fr\/#organization\"},\"potentialAction\":[{\"@type\":\"SearchAction\",\"target\":{\"@type\":\"EntryPoint\",\"urlTemplate\":\"https:\/\/www.where2travel.com\/fr\/?s={search_term_string}\"},\"query-input\":\"required name=search_term_string\"}],\"inLanguage\":\"fr-FR\"},{\"@type\":\"ImageObject\",\"@id\":\"https:\/\/www.where2travel.com\/fr\/plus-beaux-paysages-naturels-europe-partie-2\/#primaryimage\",\"inLanguage\":\"fr-FR\",\"url\":\"https:\/\/www.where2travel.com\/wp-content\/uploads\/2020\/07\/top-20-des-plus-beaux-paysages-naturels-en-Europe.jpg\",\"contentUrl\":\"https:\/\/www.where2travel.com\/wp-content\/uploads\/2020\/07\/top-20-des-plus-beaux-paysages-naturels-en-Europe.jpg\",\"width\":1200,\"height\":630,\"caption\":\"top 20 des plus beaux paysages naturels en Europe\"},{\"@type\":\"WebPage\",\"@id\":\"https:\/\/www.where2travel.com\/fr\/plus-beaux-paysages-naturels-europe-partie-2\/#webpage\",\"url\":\"https:\/\/www.where2travel.com\/fr\/plus-beaux-paysages-naturels-europe-partie-2\/\",\"name\":\"Top 20 des plus magnifiques paysages naturels en Europe\",\"isPartOf\":{\"@id\":\"https:\/\/www.where2travel.com\/fr\/#website\"},\"primaryImageOfPage\":{\"@id\":\"https:\/\/www.where2travel.com\/fr\/plus-beaux-paysages-naturels-europe-partie-2\/#primaryimage\"},\"datePublished\":\"2020-06-10T16:33:23+00:00\",\"dateModified\":\"2021-03-21T19:23:09+00:00\",\"description\":\"D\u00e9couvrez la suite du top 20 des plus magnifiques paysages naturels en Europe, avec des photos, conseils et informations essentielles.\",\"breadcrumb\":{\"@id\":\"https:\/\/www.where2travel.com\/fr\/plus-beaux-paysages-naturels-europe-partie-2\/#breadcrumb\"},\"inLanguage\":\"fr-FR\",\"potentialAction\":[{\"@type\":\"ReadAction\",\"target\":[\"https:\/\/www.where2travel.com\/fr\/plus-beaux-paysages-naturels-europe-partie-2\/\"]}]},{\"@type\":\"BreadcrumbList\",\"@id\":\"https:\/\/www.where2travel.com\/fr\/plus-beaux-paysages-naturels-europe-partie-2\/#breadcrumb\",\"itemListElement\":[{\"@type\":\"ListItem\",\"position\":1,\"name\":\"Home\",\"item\":\"https:\/\/www.where2travel.com\/fr\/\"},{\"@type\":\"ListItem\",\"position\":2,\"name\":\"Top 20 des plus magnifiques paysages naturels en Europe (Partie 2)\"}]}]}<\/script>\n<!-- \/ Yoast SEO plugin. -->","yoast_head_json":{"title":"Top 20 des plus magnifiques paysages naturels en Europe","description":"D\u00e9couvrez la suite du top 20 des plus magnifiques paysages naturels en Europe, avec des photos, conseils et informations essentielles.","robots":{"index":"index","follow":"follow","max-snippet":"max-snippet:-1","max-image-preview":"max-image-preview:large","max-video-preview":"max-video-preview:-1"},"canonical":"https:\/\/www.where2travel.com\/fr\/plus-beaux-paysages-naturels-europe-partie-2\/","og_locale":"fr_FR","og_type":"article","og_title":"Top 20 des plus magnifiques paysages naturels en Europe","og_description":"D\u00e9couvrez la suite du top 20 des plus magnifiques paysages naturels en Europe, avec des photos, conseils et informations essentielles.","og_url":"https:\/\/www.where2travel.com\/fr\/plus-beaux-paysages-naturels-europe-partie-2\/","og_site_name":"Organisez vos voyages de fa\u00e7on simple, rapide et \u00e9conomique","article_publisher":"https:\/\/www.facebook.com\/Where2travel.Dan","article_modified_time":"2021-03-21T19:23:09+00:00","og_image":[{"width":1200,"height":630,"url":"https:\/\/www.where2travel.com\/wp-content\/uploads\/2020\/07\/top-20-des-plus-beaux-paysages-naturels-en-Europe.jpg","type":"image\/jpeg"}],"twitter_card":"summary_large_image","twitter_image":"https:\/\/www.where2travel.com\/wp-content\/uploads\/2020\/07\/top-20-des-plus-beaux-paysages-naturels-en-Europe.jpg","twitter_misc":{"Dur\u00e9e de lecture estim\u00e9e":"72 minutes"},"schema":{"@context":"https:\/\/schema.org","@graph":[{"@type":"Organization","@id":"https:\/\/www.where2travel.com\/fr\/#organization","name":"Where2travel","url":"https:\/\/www.where2travel.com\/fr\/","sameAs":["https:\/\/www.facebook.com\/Where2travel.Dan","https:\/\/www.instagram.com\/where2travel\/","https:\/\/www.youtube.com\/channel\/UC48JP_B1G3sbDqaTPd3Uprw","https:\/\/www.pinterest.fr\/DanWhere2travel\/"],"logo":{"@type":"ImageObject","@id":"https:\/\/www.where2travel.com\/fr\/#logo","inLanguage":"fr-FR","url":"https:\/\/www.where2travel.com\/wp-content\/uploads\/2019\/05\/Logo-Where2travel.png","contentUrl":"https:\/\/www.where2travel.com\/wp-content\/uploads\/2019\/05\/Logo-Where2travel.png","width":252,"height":77,"caption":"Where2travel"},"image":{"@id":"https:\/\/www.where2travel.com\/fr\/#logo"}},{"@type":"WebSite","@id":"https:\/\/www.where2travel.com\/fr\/#website","url":"https:\/\/www.where2travel.com\/fr\/","name":"Organisez vos voyages de fa\u00e7on simple, rapide et \u00e9conomique","description":"Trouvez des inspirations de voyage et pr\u00e9parez vos voyages de fa\u00e7on simple, rapide et \u00e9conomique","publisher":{"@id":"https:\/\/www.where2travel.com\/fr\/#organization"},"potentialAction":[{"@type":"SearchAction","target":{"@type":"EntryPoint","urlTemplate":"https:\/\/www.where2travel.com\/fr\/?s={search_term_string}"},"query-input":"required name=search_term_string"}],"inLanguage":"fr-FR"},{"@type":"ImageObject","@id":"https:\/\/www.where2travel.com\/fr\/plus-beaux-paysages-naturels-europe-partie-2\/#primaryimage","inLanguage":"fr-FR","url":"https:\/\/www.where2travel.com\/wp-content\/uploads\/2020\/07\/top-20-des-plus-beaux-paysages-naturels-en-Europe.jpg","contentUrl":"https:\/\/www.where2travel.com\/wp-content\/uploads\/2020\/07\/top-20-des-plus-beaux-paysages-naturels-en-Europe.jpg","width":1200,"height":630,"caption":"top 20 des plus beaux paysages naturels en Europe"},{"@type":"WebPage","@id":"https:\/\/www.where2travel.com\/fr\/plus-beaux-paysages-naturels-europe-partie-2\/#webpage","url":"https:\/\/www.where2travel.com\/fr\/plus-beaux-paysages-naturels-europe-partie-2\/","name":"Top 20 des plus magnifiques paysages naturels en Europe","isPartOf":{"@id":"https:\/\/www.where2travel.com\/fr\/#website"},"primaryImageOfPage":{"@id":"https:\/\/www.where2travel.com\/fr\/plus-beaux-paysages-naturels-europe-partie-2\/#primaryimage"},"datePublished":"2020-06-10T16:33:23+00:00","dateModified":"2021-03-21T19:23:09+00:00","description":"D\u00e9couvrez la suite du top 20 des plus magnifiques paysages naturels en Europe, avec des photos, conseils et informations essentielles.","breadcrumb":{"@id":"https:\/\/www.where2travel.com\/fr\/plus-beaux-paysages-naturels-europe-partie-2\/#breadcrumb"},"inLanguage":"fr-FR","potentialAction":[{"@type":"ReadAction","target":["https:\/\/www.where2travel.com\/fr\/plus-beaux-paysages-naturels-europe-partie-2\/"]}]},{"@type":"BreadcrumbList","@id":"https:\/\/www.where2travel.com\/fr\/plus-beaux-paysages-naturels-europe-partie-2\/#breadcrumb","itemListElement":[{"@type":"ListItem","position":1,"name":"Home","item":"https:\/\/www.where2travel.com\/fr\/"},{"@type":"ListItem","position":2,"name":"Top 20 des plus magnifiques paysages naturels en Europe (Partie 2)"}]}]}},"_links":{"self":[{"href":"https:\/\/www.where2travel.com\/fr\/wp-json\/wp\/v2\/pages\/243454"}],"collection":[{"href":"https:\/\/www.where2travel.com\/fr\/wp-json\/wp\/v2\/pages"}],"about":[{"href":"https:\/\/www.where2travel.com\/fr\/wp-json\/wp\/v2\/types\/page"}],"author":[{"embeddable":true,"href":"https:\/\/www.where2travel.com\/fr\/wp-json\/wp\/v2\/users\/2"}],"replies":[{"embeddable":true,"href":"https:\/\/www.where2travel.com\/fr\/wp-json\/wp\/v2\/comments?post=243454"}],"version-history":[{"count":3,"href":"https:\/\/www.where2travel.com\/fr\/wp-json\/wp\/v2\/pages\/243454\/revisions"}],"predecessor-version":[{"id":249744,"href":"https:\/\/www.where2travel.com\/fr\/wp-json\/wp\/v2\/pages\/243454\/revisions\/249744"}],"wp:attachment":[{"href":"https:\/\/www.where2travel.com\/fr\/wp-json\/wp\/v2\/media?parent=243454"}],"curies":[{"name":"wp","href":"https:\/\/api.w.org\/{rel}","templated":true}]}}