{"id":249709,"date":"2020-06-10T18:33:23","date_gmt":"2020-06-10T16:33:23","guid":{"rendered":"https:\/\/www.where2travel.com\/plus-beaux-paysages-naturels-europe-partie-2\/"},"modified":"2022-03-14T16:57:56","modified_gmt":"2022-03-14T15:57:56","slug":"paisajes-naturales-mas-bellos-europa-parte-2","status":"publish","type":"page","link":"https:\/\/www.where2travel.com\/es\/paisajes-naturales-mas-bellos-europa-parte-2\/","title":{"rendered":"Top 20 de los paisajes naturales m\u00e1s hermosos en Europa (Parte 2)"},"content":{"rendered":"<p>[et_pb_section fb_built=&#8221;1&#8243; disabled_on=&#8221;on|on|off&#8221; admin_label=&#8221;Image Intro computer&#8221; module_class=&#8221; full-height&#8221; _builder_version=&#8221;4.4.8&#8243; background_color=&#8221;#233b4e&#8221; use_background_color_gradient=&#8221;on&#8221; background_color_gradient_start=&#8221;rgba(0,11,30,0.25)&#8221; background_color_gradient_end=&#8221;rgba(0,11,30,0.57)&#8221; background_color_gradient_overlays_image=&#8221;on&#8221; background_image=&#8221;https:\/\/www.where2travel.com\/wp-content\/uploads\/2020\/07\/plus-beaux-paysages-naturels-en-europe.jpg&#8221; locked=&#8221;off&#8221; collapsed=&#8221;off&#8221; global_colors_info=&#8221;{}&#8221;][et_pb_row _builder_version=&#8221;3.25&#8243; global_colors_info=&#8221;{}&#8221;][et_pb_column type=&#8221;4_4&#8243; _builder_version=&#8221;3.25&#8243; custom_padding=&#8221;|||&#8221; global_colors_info=&#8221;{}&#8221; custom_padding__hover=&#8221;|||&#8221;][et_pb_text admin_label=&#8221;WHERE TO TRAVEL IN JANUARY?&#8221; _builder_version=&#8221;4.9.1&#8243; text_font=&#8221;Oswald|700||on|||||&#8221; text_text_color=&#8221;#ffffff&#8221; text_font_size=&#8221;55px&#8221; text_line_height=&#8221;1.3em&#8221; header_font=&#8221;Oswald|700||on|||||&#8221; header_text_align=&#8221;center&#8221; header_text_color=&#8221;#ffffff&#8221; header_font_size=&#8221;55px&#8221; text_orientation=&#8221;center&#8221; background_layout=&#8221;dark&#8221; custom_margin=&#8221;30vh|1vw||1vw|false|true&#8221; text_text_shadow_style=&#8221;preset4&#8243; text_text_shadow_vertical_length=&#8221;0.11em&#8221; header_text_shadow_style=&#8221;preset4&#8243; header_text_shadow_vertical_length=&#8221;0.1em&#8221; text_text_align=&#8221;center&#8221; global_colors_info=&#8221;{}&#8221;]Top 20 de los paisajes naturales m\u00e1s hermosos en Europa (Parte 2)[\/et_pb_text][\/et_pb_column][\/et_pb_row][\/et_pb_section][et_pb_section fb_built=&#8221;1&#8243; disabled_on=&#8221;off|off|on&#8221; admin_label=&#8221;Image intro mobile&#8221; module_class=&#8221; full-height&#8221; _builder_version=&#8221;4.4.8&#8243; background_color=&#8221;#233b4e&#8221; use_background_color_gradient=&#8221;on&#8221; background_color_gradient_start=&#8221;rgba(0,11,30,0.25)&#8221; background_color_gradient_end=&#8221;rgba(0,11,30,0.57)&#8221; background_color_gradient_overlays_image=&#8221;on&#8221; background_image=&#8221;https:\/\/www.where2travel.com\/wp-content\/uploads\/2020\/07\/plus-beaux-paysages-naturels-en-europe-mobile.jpg&#8221; locked=&#8221;off&#8221; collapsed=&#8221;on&#8221; global_colors_info=&#8221;{}&#8221;][et_pb_row _builder_version=&#8221;3.25&#8243; global_colors_info=&#8221;{}&#8221;][et_pb_column type=&#8221;4_4&#8243; _builder_version=&#8221;3.25&#8243; custom_padding=&#8221;|||&#8221; global_colors_info=&#8221;{}&#8221; custom_padding__hover=&#8221;|||&#8221;][et_pb_text admin_label=&#8221;WHERE TO TRAVEL IN JANUARY?&#8221; _builder_version=&#8221;4.14.9&#8243; text_font=&#8221;Roboto||||||||&#8221; text_text_color=&#8221;#ffffff&#8221; text_font_size=&#8221;20px&#8221; text_line_height=&#8221;1.3em&#8221; header_font=&#8221;Oswald|700||on|||||&#8221; background_layout=&#8221;dark&#8221; custom_margin=&#8221;28vh|-30px||105px|false|false&#8221; custom_margin_tablet=&#8221;30vh|-60px|0px|-60px|false|true&#8221; custom_margin_phone=&#8221;20vh|-25px|0vh|-25px|false|true&#8221; custom_margin_last_edited=&#8221;on|tablet&#8221; hover_enabled=&#8221;0&#8243; text_font_size_tablet=&#8221;&#8221; text_font_size_phone=&#8221;12px&#8221; text_font_size_last_edited=&#8221;on|phone&#8221; header_font_size_tablet=&#8221;55px&#8221; header_font_size_phone=&#8221;45px&#8221; header_font_size_last_edited=&#8221;on|phone&#8221; text_text_shadow_style=&#8221;preset4&#8243; header_text_shadow_style=&#8221;preset4&#8243; header_text_shadow_vertical_length=&#8221;0.1em&#8221; global_colors_info=&#8221;{}&#8221; sticky_enabled=&#8221;0&#8243;]<\/p>\n<div class=\"heading-hello\" style=\"text-align: center;\">\n<h1>Top 20 de los paisajes naturales m\u00e1s hermosos en Europa (Parte 2)<\/h1>\n<\/div>\n<p>[\/et_pb_text][\/et_pb_column][\/et_pb_row][\/et_pb_section][et_pb_section fb_built=&#8221;1&#8243; admin_label=&#8221;Breadcrumb&#8221; _builder_version=&#8221;3.22.7&#8243; custom_margin_phone=&#8221;-20px||-70px||false&#8221; custom_margin_last_edited=&#8221;off|desktop&#8221; custom_padding=&#8221;0px||0px|&#8221; z_index_tablet=&#8221;500&#8243; locked=&#8221;off&#8221; collapsed=&#8221;on&#8221; global_colors_info=&#8221;{}&#8221;][et_pb_row _builder_version=&#8221;3.25&#8243; background_size=&#8221;initial&#8221; background_position=&#8221;top_left&#8221; background_repeat=&#8221;repeat&#8221; custom_padding=&#8221;10px||0px||false|false&#8221; z_index_tablet=&#8221;500&#8243; global_colors_info=&#8221;{}&#8221;][et_pb_column type=&#8221;4_4&#8243; _builder_version=&#8221;3.25&#8243; custom_padding=&#8221;|||&#8221; global_colors_info=&#8221;{}&#8221; custom_padding__hover=&#8221;|||&#8221;][et_pb_dcsbcm_divi_breadcrumbs_module homebreadcrumbtext=&#8221;Where2travel&#8221; hide_currentbreadcrumb=&#8221;off&#8221; computed_field_html_payload=&#8221;<span class=%22dcsbcm_divi_breadcrumb%22 typeof=%22v:Breadcrumb%22><a rel=%22v:url%22 property=%22v:title%22 href=%22https:\/\/www.where2travel.com\/%22>Home<\/a><\/span><span class=%22dcsbcm_separator%22> \u00bb <\/span><span class=%22dcsbcm_divi_breadcrumb dcsbcm_divi_breadcrumb-active%22>Where to travel in January<\/span><\/div>\n<p>&#8221; _builder_version=&#8221;4.4.7&#8243; body_font=&#8221;Roboto|900|||||||&#8221; body_text_align=&#8221;center&#8221; body_text_color=&#8221;#113e5d&#8221; body_font_size=&#8221;20px&#8221; fontsseparator_font=&#8221;Roboto|900|||||||&#8221; fontsseparator_text_color=&#8221;#113e5d&#8221; fontsseparator_font_size=&#8221;25px&#8221; fontsbreadcrumblinks_font=&#8221;Roboto|700|||||||&#8221; fontsbreadcrumblinks_text_align=&#8221;center&#8221; fontsbreadcrumblinks_text_color=&#8221;#68a3cb&#8221; fontsbreadcrumblinks_font_size=&#8221;20px&#8221; background_color=&#8221;#ffffff&#8221; custom_margin=&#8221;6px||||false|false&#8221; custom_margin_tablet=&#8221;&#8221; custom_margin_phone=&#8221;6px||||false|false&#8221; custom_margin_last_edited=&#8221;on|phone&#8221; custom_padding=&#8221;||0px||false|false&#8221; body_font_size_tablet=&#8221;18px&#8221; body_font_size_phone=&#8221;16px&#8221; body_font_size_last_edited=&#8221;on|desktop&#8221; fontsseparator_font_size_tablet=&#8221;20px&#8221; fontsseparator_font_size_phone=&#8221;18px&#8221; fontsseparator_font_size_last_edited=&#8221;on|phone&#8221; fontsbreadcrumblinks_font_size_tablet=&#8221;18px&#8221; fontsbreadcrumblinks_font_size_phone=&#8221;16px&#8221; fontsbreadcrumblinks_font_size_last_edited=&#8221;on|phone&#8221; z_index_tablet=&#8221;500&#8243; global_colors_info=&#8221;{}&#8221; fontsbreadcrumbs_font_size_tablet=&#8221;18px&#8221; fontsbreadcrumbs_font_size_phone=&#8221;16px&#8221; fontsbreadcrumbs_font_size_last_edited=&#8221;on|tablet&#8221; fontsbreadcrumbs_letter_spacing_tablet=&#8221;&#8221; fontsbreadcrumbs_letter_spacing_phone=&#8221;&#8221; fontsbreadcrumbs_letter_spacing_last_edited=&#8221;on|phone&#8221; fontsbreadcrumbs_line_height_tablet=&#8221;&#8221; fontsbreadcrumbs_line_height_phone=&#8221;&#8221; fontsbreadcrumbs_line_height_last_edited=&#8221;on|phone&#8221; fontsseperator_font_size_tablet=&#8221;18px&#8221; fontsseperator_font_size_phone=&#8221;16px&#8221; fontsseperator_font_size_last_edited=&#8221;on|desktop&#8221; fontsseperator_line_height_tablet=&#8221;2&#8243; fontsseperator_line_height_phone=&#8221;1.3px&#8221; fontsseperator_line_height_last_edited=&#8221;on|phone&#8221; fontsbreadcrumblinks_text_color__hover_enabled=&#8221;on|hover&#8221; fontsbreadcrumblinks_text_color__hover=&#8221;#fbba00&#8243;][\/et_pb_dcsbcm_divi_breadcrumbs_module][\/et_pb_column][\/et_pb_row][\/et_pb_section][et_pb_section fb_built=&#8221;1&#8243; module_id=&#8221;section-what&#8221; _builder_version=&#8221;4.0.5&#8243; background_color=&#8221;#ffffff&#8221; custom_margin=&#8221;0px|||&#8221; custom_margin_tablet=&#8221;&#8221; custom_margin_phone=&#8221;3px||10px|&#8221; custom_margin_last_edited=&#8221;on|desktop&#8221; custom_padding=&#8221;0|0px|0px|0px|false|false&#8221; top_divider_height_tablet=&#8221;50px&#8221; top_divider_height_phone=&#8221;40px&#8221; top_divider_height_last_edited=&#8221;on|tablet&#8221; bottom_divider_style=&#8221;arrow2&#8243; bottom_divider_color=&#8221;#68a3cb&#8221; bottom_divider_height=&#8221;240px&#8221; bottom_divider_flip=&#8221;horizontal&#8221; bottom_divider_arrangement=&#8221;above_content&#8221; bottom_divider_height_tablet=&#8221;175px&#8221; bottom_divider_height_phone=&#8221;140px&#8221; bottom_divider_height_last_edited=&#8221;on|tablet&#8221; border_width_top=&#8221;1px&#8221; border_color_top=&#8221;rgba(0,48,71,0.27)&#8221; global_colors_info=&#8221;{}&#8221;][et_pb_row custom_padding_last_edited=&#8221;on|desktop&#8221; _builder_version=&#8221;3.26.5&#8243; custom_margin=&#8221;100px||0px|&#8221; custom_margin_tablet=&#8221;70px|||&#8221; custom_margin_phone=&#8221;80px|||&#8221; custom_margin_last_edited=&#8221;on|desktop&#8221; custom_padding=&#8221;0px|0px|80px|0px|false|false&#8221; custom_padding_tablet=&#8221;||125px|&#8221; custom_padding_phone=&#8221;||88px|&#8221; global_colors_info=&#8221;{}&#8221;][et_pb_column type=&#8221;4_4&#8243; _builder_version=&#8221;3.25&#8243; custom_padding=&#8221;|||&#8221; global_colors_info=&#8221;{}&#8221; custom_padding__hover=&#8221;|||&#8221;][et_pb_text admin_label=&#8221;Countries best to visit in January&#8221; _builder_version=&#8221;4.9.1&#8243; text_font=&#8221;||||&#8221; text_text_color=&#8221;#1a1a1a&#8221; link_text_color=&#8221;#68a3cb&#8221; header_font=&#8221;Oswald|on||on|&#8221; header_text_align=&#8221;right&#8221; header_font_size=&#8221;60px&#8221; header_line_height=&#8221;1.3em&#8221; header_2_font=&#8221;Oswald|on||on|&#8221; header_2_text_align=&#8221;left&#8221; header_2_text_color=&#8221;#113e5d&#8221; header_2_font_size=&#8221;60px&#8221; header_2_line_height=&#8221;1.3em&#8221; custom_margin=&#8221;-10px|5vw|70px|5vw|false|true&#8221; custom_margin_tablet=&#8221;-10px|36px|90px|36px|false|true&#8221; custom_margin_phone=&#8221;-10px|-30px|90px|-30px|false|true&#8221; custom_margin_last_edited=&#8221;on|phone&#8221; animation_style=&#8221;slide&#8221; animation_direction=&#8221;top&#8221; animation_intensity_slide=&#8221;10%&#8221; header_font_size_tablet=&#8221;&#8221; header_font_size_phone=&#8221;&#8221; header_font_size_last_edited=&#8221;on|phone&#8221; header_2_font_size_tablet=&#8221;55px&#8221; header_2_font_size_phone=&#8221;40px&#8221; header_2_font_size_last_edited=&#8221;on|phone&#8221; global_colors_info=&#8221;{}&#8221;]<\/p>\n<h2 style=\"text-align: center;\">20 HERMOSOS PAISAJES NATURALES PARA VER EN EUROPA<\/h2>\n<p>[\/et_pb_text][et_pb_text admin_label=&#8221;Let me give you my opinion about the best countries to travel in the world in the month of January&#8221; _builder_version=&#8221;4.9.1&#8243; text_font=&#8221;Roboto||||&#8221; text_font_size=&#8221;16px&#8221; text_line_height=&#8221;1.9em&#8221; link_font=&#8221;Roboto||||||||&#8221; link_text_color=&#8221;#68a3cb&#8221; link_font_size=&#8221;16px&#8221; link_line_height=&#8221;1.9em&#8221; ul_font=&#8221;||||||||&#8221; ol_font=&#8221;||||||||&#8221; quote_font=&#8221;||||||||&#8221; header_font=&#8221;Varela Round|700|||||||&#8221; header_text_align=&#8221;center&#8221; header_text_color=&#8221;#2a8a6f&#8221; header_font_size=&#8221;40px&#8221; header_line_height=&#8221;1.4em&#8221; header_2_font=&#8221;Varela Round|700|||||||&#8221; header_2_text_align=&#8221;center&#8221; header_2_text_color=&#8221;#2a8a6f&#8221; header_2_font_size=&#8221;36px&#8221; header_2_line_height=&#8221;1.4em&#8221; header_3_font=&#8221;Montserrat||||||||&#8221; header_3_text_align=&#8221;justify&#8221; header_3_text_color=&#8221;#555555&#8243; header_3_font_size=&#8221;20px&#8221; header_3_line_height=&#8221;1.4em&#8221; custom_margin=&#8221;150px||200px||false|false&#8221; custom_margin_tablet=&#8221;0px||150px||false|false&#8221; custom_margin_phone=&#8221;0px||120px||false|false&#8221; custom_margin_last_edited=&#8221;on|phone&#8221; custom_padding=&#8221;|100px||100px&#8221; custom_padding_tablet=&#8221;|0px||0px&#8221; custom_padding_phone=&#8221;&#8221; custom_padding_last_edited=&#8221;on|desktop&#8221; animation_style=&#8221;slide&#8221; animation_direction=&#8221;top&#8221; animation_intensity_slide=&#8221;10%&#8221; text_font_size_tablet=&#8221;&#8221; text_font_size_phone=&#8221;15px&#8221; text_font_size_last_edited=&#8221;on|phone&#8221; link_font_size_tablet=&#8221;&#8221; link_font_size_phone=&#8221;&#8221; link_font_size_last_edited=&#8221;on|desktop&#8221; header_font_size_tablet=&#8221;30px&#8221; header_font_size_phone=&#8221;25px&#8221; header_font_size_last_edited=&#8221;on|phone&#8221; header_2_font_size_tablet=&#8221;25px&#8221; header_2_font_size_phone=&#8221;20px&#8221; header_2_font_size_last_edited=&#8221;on|phone&#8221; header_3_font_size_tablet=&#8221;16px&#8221; header_3_font_size_phone=&#8221;14px&#8221; header_3_font_size_last_edited=&#8221;on|desktop&#8221; saved_tabs=&#8221;all&#8221; global_colors_info=&#8221;{}&#8221; link_text_color__hover_enabled=&#8221;on&#8221; link_text_color__hover=&#8221;#fbba00&#8243;]<\/p>\n<p style=\"text-align: justify;\">En esta segunda parte ver\u00e1s la secuela de mi top 20 de los paisajes naturales m\u00e1s hermosos de Europa, as\u00ed como algunos otros sitios agradables como bonos al final.  Descubrir\u00e1s en esta p\u00e1gina otros tipos de sitios naturales como monta\u00f1as, lagos, gargantas, bosques, cuevas&#8230; siempre acompa\u00f1ados de informaci\u00f3n general, consejos y fotos.<\/p>\n<p>[\/et_pb_text][\/et_pb_column][\/et_pb_row][\/et_pb_section][et_pb_section fb_built=&#8221;1&#8243; custom_padding_last_edited=&#8221;on|&#8221; _builder_version=&#8221;4.9.1&#8243; custom_padding_tablet=&#8221;&#8221; custom_padding_phone=&#8221;&#8221; bottom_divider_color=&#8221;#68a3cb&#8221; bottom_divider_height=&#8221;240px&#8221; bottom_divider_flip=&#8221;horizontal&#8221; bottom_divider_arrangement=&#8221;above_content&#8221; bottom_divider_height_tablet=&#8221;175px&#8221; bottom_divider_height_phone=&#8221;140px&#8221; bottom_divider_height_last_edited=&#8221;on|phone&#8221; global_colors_info=&#8221;{}&#8221;][et_pb_row custom_padding_last_edited=&#8221;on|desktop&#8221; _builder_version=&#8221;4.4.7&#8243; custom_margin=&#8221;100px||30px||false|false&#8221; custom_margin_tablet=&#8221;70px||0px||false|false&#8221; custom_margin_phone=&#8221;50px||||false|false&#8221; custom_margin_last_edited=&#8221;on|phone&#8221; custom_padding=&#8221;0px|0px||0px|false|false&#8221; custom_padding_tablet=&#8221;||||false|false&#8221; custom_padding_phone=&#8221;||||false|false&#8221; locked=&#8221;off&#8221; global_colors_info=&#8221;{}&#8221;][et_pb_column type=&#8221;4_4&#8243; _builder_version=&#8221;3.25&#8243; custom_padding=&#8221;|||&#8221; global_colors_info=&#8221;{}&#8221; custom_padding__hover=&#8221;|||&#8221;][et_pb_text admin_label=&#8221;Countries best to visit in January&#8221; _builder_version=&#8221;4.9.1&#8243; text_font=&#8221;||||&#8221; text_text_color=&#8221;#1a1a1a&#8221; link_text_color=&#8221;#68a3cb&#8221; header_font=&#8221;Oswald|on||on|&#8221; header_text_align=&#8221;right&#8221; header_font_size=&#8221;60px&#8221; header_line_height=&#8221;1.3em&#8221; header_2_font=&#8221;Oswald|on||on|&#8221; header_2_text_align=&#8221;left&#8221; header_2_text_color=&#8221;#113e5d&#8221; header_2_font_size=&#8221;60px&#8221; header_2_line_height=&#8221;1.3em&#8221; custom_margin=&#8221;-10px|0vw|0px|0vw|false|true&#8221; custom_margin_tablet=&#8221;-10px|23px|0px|23px|false|true&#8221; custom_margin_phone=&#8221;-10px|-30px|0px|-30px|false|true&#8221; custom_margin_last_edited=&#8221;on|phone&#8221; animation_style=&#8221;slide&#8221; animation_direction=&#8221;top&#8221; animation_intensity_slide=&#8221;10%&#8221; header_font_size_tablet=&#8221;&#8221; header_font_size_phone=&#8221;&#8221; header_font_size_last_edited=&#8221;on|phone&#8221; header_2_font_size_tablet=&#8221;55px&#8221; header_2_font_size_phone=&#8221;40px&#8221; header_2_font_size_last_edited=&#8221;on|phone&#8221; global_colors_info=&#8221;{}&#8221;]<\/p>\n<h2 style=\"text-align: center;\">Top 20 de los MEJORES SITIOS NATURALES PARA DESCUBRIR EN EUROPA<br \/>\n<\/h2>\n<p>[\/et_pb_text][\/et_pb_column][\/et_pb_row][et_pb_row admin_label=&#8221;Town 1&#8243; module_id=&#8221;Vintgar&#8221; _builder_version=&#8221;4.4.7&#8243; custom_margin_tablet=&#8221;&#8221; custom_margin_phone=&#8221;-50px||0px||false|false&#8221; custom_margin_last_edited=&#8221;on|tablet&#8221; custom_padding=&#8221;73px||40.4688px||false|false&#8221; global_colors_info=&#8221;{}&#8221;][et_pb_column type=&#8221;4_4&#8243; _builder_version=&#8221;3.25&#8243; custom_padding=&#8221;|||&#8221; global_colors_info=&#8221;{}&#8221; custom_padding__hover=&#8221;|||&#8221;][et_pb_text admin_label=&#8221;Trinidad in Cuba&#8221; module_class=&#8221;anchor_img_text2&#8243; _builder_version=&#8221;4.9.1&#8243; text_font=&#8221;Roboto||||&#8221; text_text_color=&#8221;#1a1a1a&#8221; text_font_size=&#8221;24px&#8221; text_line_height=&#8221;1.4em&#8221; link_text_color=&#8221;#68a3cb&#8221; header_font=&#8221;||||||||&#8221; header_2_font=&#8221;Montserrat||||||||&#8221; header_2_text_color=&#8221;#000000&#8243; header_2_font_size=&#8221;20px&#8221; header_3_font=&#8221;Roboto|700|||||||&#8221; header_3_text_color=&#8221;#000000&#8243; header_3_font_size=&#8221;27px&#8221; header_3_line_height=&#8221;1.5em&#8221; custom_margin=&#8221;15px||||false|false&#8221; custom_margin_tablet=&#8221;&#8221; custom_margin_phone=&#8221;25px|||&#8221; custom_margin_last_edited=&#8221;on|phone&#8221; animation_style=&#8221;slide&#8221; animation_direction=&#8221;top&#8221; animation_intensity_slide=&#8221;10%&#8221; header_2_font_size_tablet=&#8221;&#8221; header_2_font_size_phone=&#8221;&#8221; header_2_font_size_last_edited=&#8221;on|desktop&#8221; header_3_font_size_tablet=&#8221;&#8221; header_3_font_size_phone=&#8221;22px&#8221; header_3_font_size_last_edited=&#8221;on|phone&#8221; global_colors_info=&#8221;{}&#8221;]<\/p>\n<h3 style=\"text-align: center;\"><a href=\"https:\/\/www.where2travel.com\/es\/paisajes-naturales-mas-bellos-europa\/#Mapa\"><img decoding=\"async\" src=\"https:\/\/www.where2travel.com\/wp-content\/uploads\/2019\/06\/Evaluation-Where2travel-N\u00b011.png\" alt=\"Number 11\" width=\"45\" height=\"45\">&nbsp;&nbsp;&nbsp;<\/a>Las gargantas de Vintgar en Eslovenia<\/h3>\n<p>[\/et_pb_text][et_pb_divider color=&#8221;#68a3cb&#8221; divider_weight=&#8221;4px&#8221; _builder_version=&#8221;4.0.4&#8243; width=&#8221;100%&#8221; width_tablet=&#8221;100%&#8221; width_phone=&#8221;100%&#8221; width_last_edited=&#8221;on|phone&#8221; max_width=&#8221;12%&#8221; max_width_tablet=&#8221;25%&#8221; max_width_phone=&#8221;25%&#8221; max_width_last_edited=&#8221;on|desktop&#8221; module_alignment=&#8221;center&#8221; height=&#8221;6px&#8221; custom_margin=&#8221;-15px||80px||false|false&#8221; custom_margin_tablet=&#8221;-15px||70px&#8221; custom_margin_phone=&#8221;-15px||70px&#8221; custom_margin_last_edited=&#8221;on|tablet&#8221; locked=&#8221;off&#8221; global_colors_info=&#8221;{}&#8221;][\/et_pb_divider][et_pb_text admin_label=&#8221;Description of the town&#8221; _builder_version=&#8221;4.9.1&#8243; text_font=&#8221;Roboto||||&#8221; text_font_size=&#8221;16px&#8221; text_line_height=&#8221;1.9em&#8221; link_font=&#8221;Roboto||||||||&#8221; link_text_color=&#8221;#68a3cb&#8221; link_font_size=&#8221;16px&#8221; link_line_height=&#8221;1.9em&#8221; ul_font=&#8221;||||||||&#8221; ol_font=&#8221;||||||||&#8221; quote_font=&#8221;||||||||&#8221; header_font=&#8221;Varela Round|700|||||||&#8221; header_text_align=&#8221;center&#8221; header_text_color=&#8221;#2a8a6f&#8221; header_font_size=&#8221;40px&#8221; header_line_height=&#8221;1.4em&#8221; header_2_font=&#8221;Varela Round|700|||||||&#8221; header_2_text_align=&#8221;center&#8221; header_2_text_color=&#8221;#2a8a6f&#8221; header_2_font_size=&#8221;36px&#8221; header_2_line_height=&#8221;1.4em&#8221; header_3_font=&#8221;Montserrat||||||||&#8221; header_3_text_align=&#8221;justify&#8221; header_3_text_color=&#8221;#555555&#8243; header_3_font_size=&#8221;20px&#8221; header_3_line_height=&#8221;1.4em&#8221; custom_margin=&#8221;0px||35px||false|false&#8221; custom_margin_tablet=&#8221;1px||25px||false|false&#8221; custom_margin_phone=&#8221;0px||30px||false|false&#8221; custom_margin_last_edited=&#8221;on|phone&#8221; custom_padding=&#8221;|100px||100px&#8221; custom_padding_tablet=&#8221;|0px||0px&#8221; custom_padding_phone=&#8221;|0px||0px|false|true&#8221; custom_padding_last_edited=&#8221;on|desktop&#8221; animation_style=&#8221;slide&#8221; animation_direction=&#8221;top&#8221; animation_intensity_slide=&#8221;10%&#8221; text_font_size_tablet=&#8221;&#8221; text_font_size_phone=&#8221;15px&#8221; text_font_size_last_edited=&#8221;on|phone&#8221; link_font_size_tablet=&#8221;&#8221; link_font_size_phone=&#8221;15px&#8221; link_font_size_last_edited=&#8221;on|desktop&#8221; header_font_size_tablet=&#8221;30px&#8221; header_font_size_phone=&#8221;25px&#8221; header_font_size_last_edited=&#8221;on|phone&#8221; header_2_font_size_tablet=&#8221;25px&#8221; header_2_font_size_phone=&#8221;20px&#8221; header_2_font_size_last_edited=&#8221;on|phone&#8221; header_3_font_size_tablet=&#8221;16px&#8221; header_3_font_size_phone=&#8221;14px&#8221; header_3_font_size_last_edited=&#8221;on|desktop&#8221; saved_tabs=&#8221;all&#8221; locked=&#8221;off&#8221; global_colors_info=&#8221;{}&#8221; link_text_color__hover_enabled=&#8221;on&#8221; link_text_color__hover=&#8221;#fbba00&#8243;]<\/p>\n<p style=\"text-align: justify;\">Las gargantas de Vintgar se encuentra en el parque nacional de Triglav, en Eslovenia, cerca del <a href=\"https:\/\/www.where2travel.com\/es\/paisajes-naturales-mas-bellos-europa\/#Bled\"><strong>lago Bled<\/strong><\/a>. Estas gargantas se extienden por 1,6 km a lo largo de las aguas turquesas del r\u00edo Radovna. Este sitio natural est\u00e1 muy bien distribuido, se puede caminar f\u00e1cilmente por la ruta hecha de pasarelas y galer\u00edas que se aferran a la roca. Este paseo de aproximadamente 1 hora y media te permitir\u00e1 contemplar sus monta\u00f1as, sus aguas blancas y sus cascadas, la \u00faltima de las cuales al final del recorrido, de 26 metros de altura.<\/p>\n<p>[\/et_pb_text][\/et_pb_column][\/et_pb_row][et_pb_row column_structure=&#8221;1_3,1_3,1_3&#8243; custom_padding_last_edited=&#8221;on|desktop&#8221; _builder_version=&#8221;3.26.3&#8243; background_size=&#8221;initial&#8221; background_position=&#8221;top_left&#8221; background_repeat=&#8221;repeat&#8221; custom_margin=&#8221;||80px||false|false&#8221; custom_margin_tablet=&#8221;||60px||false|false&#8221; custom_margin_phone=&#8221;-29px||60px||false|false&#8221; custom_margin_last_edited=&#8221;on|phone&#8221; custom_padding=&#8221;0|0px|0px|0px|false|false&#8221; custom_padding_tablet=&#8221;||0px|&#8221; custom_padding_phone=&#8221;0px||0px|&#8221; locked=&#8221;off&#8221; collapsed=&#8221;off&#8221; global_colors_info=&#8221;{}&#8221;][et_pb_column type=&#8221;1_3&#8243; _builder_version=&#8221;3.25&#8243; custom_padding=&#8221;|||&#8221; global_colors_info=&#8221;{}&#8221; custom_padding__hover=&#8221;|||&#8221;][et_pb_image src=&#8221;https:\/\/www.where2travel.com\/wp-content\/uploads\/2020\/07\/slovenie-gorges-vingtar.jpg&#8221; alt=&#8221;Entre los paisajes naturales m\u00e1s hermosos en Europa: las gargantas de Vintgar en Eslovenia&#8221; title_text=&#8221;eslovenia-gargantas-vintgar&#8221; show_in_lightbox=&#8221;on&#8221; align_tablet=&#8221;center&#8221; align_phone=&#8221;&#8221; align_last_edited=&#8221;on|desktop&#8221; _builder_version=&#8221;4.9.1&#8243; custom_margin=&#8221;|0px||0px||false&#8221; custom_margin_tablet=&#8221;&#8221; custom_margin_phone=&#8221;|0px||0px||true&#8221; custom_margin_last_edited=&#8221;on|phone&#8221; animation_style=&#8221;slide&#8221; border_radii=&#8221;on|5px|5px|5px|5px&#8221; box_shadow_style=&#8221;preset6&#8243; global_colors_info=&#8221;{}&#8221;]&nbsp;<br \/>\n[\/et_pb_image][\/et_pb_column][et_pb_column type=&#8221;1_3&#8243; _builder_version=&#8221;3.25&#8243; custom_padding=&#8221;|||&#8221; global_colors_info=&#8221;{}&#8221; custom_padding__hover=&#8221;|||&#8221;][et_pb_image src=&#8221;https:\/\/www.where2travel.com\/wp-content\/uploads\/2020\/07\/slovenie-gorges-vingtar-passerelle.jpg&#8221; alt=&#8221;Impresionante paisaje natural en Europa: las gargantas de Vintgar&#8221; title_text=&#8221;eslovenia-gargantas-vintgar-pasarela&#8221; show_in_lightbox=&#8221;on&#8221; align_tablet=&#8221;center&#8221; align_phone=&#8221;&#8221; align_last_edited=&#8221;on|desktop&#8221; _builder_version=&#8221;4.9.1&#8243; custom_margin=&#8221;|0px||0px||false&#8221; custom_margin_tablet=&#8221;&#8221; custom_margin_phone=&#8221;|0px||0px||true&#8221; custom_margin_last_edited=&#8221;on|phone&#8221; animation_style=&#8221;slide&#8221; border_radii=&#8221;on|5px|5px|5px|5px&#8221; box_shadow_style=&#8221;preset6&#8243; global_colors_info=&#8221;{}&#8221;]&nbsp;<br \/>\n[\/et_pb_image][\/et_pb_column][et_pb_column type=&#8221;1_3&#8243; _builder_version=&#8221;3.25&#8243; custom_padding=&#8221;|||&#8221; global_colors_info=&#8221;{}&#8221; custom_padding__hover=&#8221;|||&#8221;][et_pb_image src=&#8221;https:\/\/www.where2travel.com\/wp-content\/uploads\/2020\/07\/slovenie-gorges-vingtar-1.jpg&#8221; alt=&#8221;Las gargantas de Vintgar en Eslovenia&#8221; title_text=&#8221;eslovenia-gargantas-vintgar&#8221; show_in_lightbox=&#8221;on&#8221; align_tablet=&#8221;center&#8221; align_phone=&#8221;&#8221; align_last_edited=&#8221;on|desktop&#8221; _builder_version=&#8221;4.9.1&#8243; custom_margin=&#8221;|0px||0px||false&#8221; custom_margin_tablet=&#8221;&#8221; custom_margin_phone=&#8221;|0px||0px||true&#8221; custom_margin_last_edited=&#8221;on|phone&#8221; animation_style=&#8221;slide&#8221; border_radii=&#8221;on|5px|5px|5px|5px&#8221; box_shadow_style=&#8221;preset6&#8243; global_colors_info=&#8221;{}&#8221;]&nbsp;<br \/>\n[\/et_pb_image][\/et_pb_column][\/et_pb_row][et_pb_row admin_label=&#8221;Town 2&#8243; module_id=&#8221;Alpinas&#8221; _builder_version=&#8221;4.9.1&#8243; custom_margin_tablet=&#8221;&#8221; custom_margin_phone=&#8221;-50px||0px||false&#8221; custom_margin_last_edited=&#8221;on|desktop&#8221; custom_padding=&#8221;73px|0px|40.4688px|0px|false|false&#8221; global_colors_info=&#8221;{}&#8221;][et_pb_column type=&#8221;4_4&#8243; _builder_version=&#8221;3.25&#8243; custom_padding=&#8221;|||&#8221; global_colors_info=&#8221;{}&#8221; custom_padding__hover=&#8221;|||&#8221;][et_pb_text admin_label=&#8221;Agra&#8221; module_class=&#8221;anchor_img_text2&#8243; _builder_version=&#8221;4.9.1&#8243; text_font=&#8221;Roboto||||&#8221; text_text_color=&#8221;#1a1a1a&#8221; text_font_size=&#8221;24px&#8221; text_line_height=&#8221;1.4em&#8221; link_text_color=&#8221;#68a3cb&#8221; header_font=&#8221;||||||||&#8221; header_2_font=&#8221;Montserrat||||||||&#8221; header_2_text_color=&#8221;#000000&#8243; header_2_font_size=&#8221;20px&#8221; header_3_font=&#8221;Roboto|700|||||||&#8221; header_3_text_color=&#8221;#000000&#8243; header_3_font_size=&#8221;27px&#8221; header_3_line_height=&#8221;1.5em&#8221; custom_margin=&#8221;15px||||false|false&#8221; custom_margin_tablet=&#8221;&#8221; custom_margin_phone=&#8221;25px|||&#8221; custom_margin_last_edited=&#8221;on|phone&#8221; animation_style=&#8221;slide&#8221; animation_direction=&#8221;top&#8221; animation_intensity_slide=&#8221;10%&#8221; header_2_font_size_tablet=&#8221;&#8221; header_2_font_size_phone=&#8221;&#8221; header_2_font_size_last_edited=&#8221;on|desktop&#8221; header_3_font_size_tablet=&#8221;&#8221; header_3_font_size_phone=&#8221;22px&#8221; header_3_font_size_last_edited=&#8221;on|phone&#8221; global_colors_info=&#8221;{}&#8221;]<\/p>\n<h3 style=\"text-align: center;\"><a href=\"https:\/\/www.where2travel.com\/es\/paisajes-naturales-mas-bellos-europa\/#Mapa\"><img decoding=\"async\" src=\"https:\/\/www.where2travel.com\/wp-content\/uploads\/2019\/06\/Evaluation-Where2travel-N\u00b012.png\" alt=\"Number 12\" width=\"45\" height=\"45\" \/>\u00a0\u00a0\u00a0<\/a>Las monta\u00f1as alpinas en Europa<\/h3>\n<p>[\/et_pb_text][et_pb_divider color=&#8221;#68a3cb&#8221; divider_weight=&#8221;4px&#8221; _builder_version=&#8221;3.26.3&#8243; width=&#8221;100%&#8221; width_tablet=&#8221;100%&#8221; width_phone=&#8221;100%&#8221; width_last_edited=&#8221;on|phone&#8221; max_width=&#8221;12%&#8221; max_width_tablet=&#8221;25%&#8221; max_width_phone=&#8221;25%&#8221; max_width_last_edited=&#8221;on|desktop&#8221; module_alignment=&#8221;center&#8221; height=&#8221;6px&#8221; custom_margin=&#8221;-15px||80px||false|false&#8221; custom_margin_tablet=&#8221;-15px||70px&#8221; custom_margin_phone=&#8221;-15px||70px&#8221; custom_margin_last_edited=&#8221;on|tablet&#8221; locked=&#8221;off&#8221; global_colors_info=&#8221;{}&#8221;][\/et_pb_divider][et_pb_text admin_label=&#8221;Description of the town&#8221; _builder_version=&#8221;4.9.1&#8243; text_font=&#8221;Roboto||||&#8221; text_font_size=&#8221;16px&#8221; text_line_height=&#8221;1.9em&#8221; link_font=&#8221;Roboto||||||||&#8221; link_text_color=&#8221;#68a3cb&#8221; link_font_size=&#8221;16px&#8221; link_line_height=&#8221;1.9em&#8221; ul_font=&#8221;||||||||&#8221; ol_font=&#8221;||||||||&#8221; quote_font=&#8221;||||||||&#8221; header_font=&#8221;Varela Round|700|||||||&#8221; header_text_align=&#8221;center&#8221; header_text_color=&#8221;#2a8a6f&#8221; header_font_size=&#8221;40px&#8221; header_line_height=&#8221;1.4em&#8221; header_2_font=&#8221;Varela Round|700|||||||&#8221; header_2_text_align=&#8221;center&#8221; header_2_text_color=&#8221;#2a8a6f&#8221; header_2_font_size=&#8221;36px&#8221; header_2_line_height=&#8221;1.4em&#8221; header_3_font=&#8221;Montserrat||||||||&#8221; header_3_text_align=&#8221;justify&#8221; header_3_text_color=&#8221;#555555&#8243; header_3_font_size=&#8221;20px&#8221; header_3_line_height=&#8221;1.4em&#8221; custom_margin=&#8221;0px||35px||false|false&#8221; custom_margin_tablet=&#8221;1px||25px||false|false&#8221; custom_margin_phone=&#8221;0px||30px||false|false&#8221; custom_margin_last_edited=&#8221;on|desktop&#8221; custom_padding=&#8221;|100px||100px&#8221; custom_padding_tablet=&#8221;|0px||0px&#8221; custom_padding_phone=&#8221;&#8221; custom_padding_last_edited=&#8221;on|desktop&#8221; animation_style=&#8221;slide&#8221; animation_direction=&#8221;top&#8221; animation_intensity_slide=&#8221;10%&#8221; text_font_size_tablet=&#8221;&#8221; text_font_size_phone=&#8221;15px&#8221; text_font_size_last_edited=&#8221;on|phone&#8221; link_font_size_tablet=&#8221;&#8221; link_font_size_phone=&#8221;15px&#8221; link_font_size_last_edited=&#8221;on|desktop&#8221; header_font_size_tablet=&#8221;30px&#8221; header_font_size_phone=&#8221;25px&#8221; header_font_size_last_edited=&#8221;on|phone&#8221; header_2_font_size_tablet=&#8221;25px&#8221; header_2_font_size_phone=&#8221;20px&#8221; header_2_font_size_last_edited=&#8221;on|phone&#8221; header_3_font_size_tablet=&#8221;16px&#8221; header_3_font_size_phone=&#8221;14px&#8221; header_3_font_size_last_edited=&#8221;on|desktop&#8221; saved_tabs=&#8221;all&#8221; locked=&#8221;off&#8221; global_colors_info=&#8221;{}&#8221; link_text_color__hover_enabled=&#8221;on&#8221; link_text_color__hover=&#8221;#fbba00&#8243;]<\/p>\n<p style=\"text-align: justify;\">Los Alpes son una cordillera que se extiende a trav\u00e9s de la frontera norte de Italia, el sureste de Francia, M\u00f3naco, Suiza, Austria, Liechtenstein, el sur de Alemania y Eslovenia. Estas monta\u00f1as se elevan a 4.809 metros, con su pico m\u00e1s alto que es el Mont Blanc. Los Alpes se pueden dividir en tres partes, los Alpes occidentales (desde el Mediterr\u00e1neo hasta el Mont Blanc), los Alpes Centrales (desde el valle de Aosta hasta el Brenner) y los Alpes orientales (de Brenner a Eslovenia).<\/p>\n<p style=\"text-align: justify;\">En esta cordillera, una de las m\u00e1s bellas del mundo, tambi\u00e9n se puede disfrutar de muchas actividades como deportes de invierno en sus numerosas estaciones de esqu\u00ed. En verano, los Alpes son tambi\u00e9n un destino ideal para los amantes del senderismo y los deportes al aire libre, como ciclismo, parapente, escalada, etc. Por \u00faltimo, desde el punto de vista cultural, los Alpes no se quedan al margen de su arquitectura t\u00edpica de monta\u00f1a, tradiciones y gastronom\u00eda local elaborada con buenos productos regionales como quesos, embutidos y vinos.<\/p>\n<p>[\/et_pb_text][\/et_pb_column][\/et_pb_row][et_pb_row column_structure=&#8221;1_3,1_3,1_3&#8243; custom_padding_last_edited=&#8221;on|desktop&#8221; _builder_version=&#8221;3.26.3&#8243; background_size=&#8221;initial&#8221; background_position=&#8221;top_left&#8221; background_repeat=&#8221;repeat&#8221; custom_margin=&#8221;||80px||false|false&#8221; custom_margin_tablet=&#8221;||60px||false|false&#8221; custom_margin_phone=&#8221;-29px||60px||false|false&#8221; custom_margin_last_edited=&#8221;on|phone&#8221; custom_padding=&#8221;0|0px|0px|0px|false|false&#8221; custom_padding_tablet=&#8221;||0px|&#8221; custom_padding_phone=&#8221;0px||0px|&#8221; locked=&#8221;off&#8221; collapsed=&#8221;off&#8221; global_colors_info=&#8221;{}&#8221;][et_pb_column type=&#8221;1_3&#8243; _builder_version=&#8221;3.25&#8243; custom_padding=&#8221;|||&#8221; global_colors_info=&#8221;{}&#8221; custom_padding__hover=&#8221;|||&#8221;][et_pb_image src=&#8221;https:\/\/www.where2travel.com\/wp-content\/uploads\/2020\/07\/france-alpes-montagnes-randonn\u00e9e.jpg&#8221; alt=&#8221;Entre los paisajes naturales m\u00e1s hermosos en Europa: las monta\u00f1as de los Alpes&#8221; title_text=&#8221;francia-alpes-monta\u00f1as-senderismo&#8221; show_in_lightbox=&#8221;on&#8221; align_tablet=&#8221;center&#8221; align_phone=&#8221;&#8221; align_last_edited=&#8221;on|desktop&#8221; _builder_version=&#8221;4.9.1&#8243; custom_margin=&#8221;|0px||0px||false&#8221; custom_margin_tablet=&#8221;&#8221; custom_margin_phone=&#8221;|0px||0px||true&#8221; custom_margin_last_edited=&#8221;on|phone&#8221; animation_style=&#8221;slide&#8221; border_radii=&#8221;on|5px|5px|5px|5px&#8221; box_shadow_style=&#8221;preset6&#8243; global_colors_info=&#8221;{}&#8221;]&nbsp;<br \/>\n[\/et_pb_image][\/et_pb_column][et_pb_column type=&#8221;1_3&#8243; _builder_version=&#8221;3.25&#8243; custom_padding=&#8221;|||&#8221; global_colors_info=&#8221;{}&#8221; custom_padding__hover=&#8221;|||&#8221;][et_pb_image src=&#8221;https:\/\/www.where2travel.com\/wp-content\/uploads\/2020\/07\/france-alpes-montagnes-station-ski.jpg&#8221; alt=&#8221;Los paisajes naturales m\u00e1s hermosos en Europa: las monta\u00f1as de los Alpes&#8221; title_text=&#8221;francia-alpes-monta\u00f1as-resort-ski&#8221; show_in_lightbox=&#8221;on&#8221; align_tablet=&#8221;center&#8221; align_phone=&#8221;&#8221; align_last_edited=&#8221;on|desktop&#8221; _builder_version=&#8221;4.9.1&#8243; custom_margin=&#8221;|0px||0px||false&#8221; custom_margin_tablet=&#8221;&#8221; custom_margin_phone=&#8221;|0px||0px||true&#8221; custom_margin_last_edited=&#8221;on|phone&#8221; animation_style=&#8221;slide&#8221; border_radii=&#8221;on|5px|5px|5px|5px&#8221; box_shadow_style=&#8221;preset6&#8243; global_colors_info=&#8221;{}&#8221;]&nbsp;<br \/>\n[\/et_pb_image][\/et_pb_column][et_pb_column type=&#8221;1_3&#8243; _builder_version=&#8221;3.25&#8243; custom_padding=&#8221;|||&#8221; global_colors_info=&#8221;{}&#8221; custom_padding__hover=&#8221;|||&#8221;][et_pb_image src=&#8221;https:\/\/www.where2travel.com\/wp-content\/uploads\/2020\/07\/france-alpes-montagnes-t\u00e9l\u00e9ph\u00e9rique.jpg&#8221; alt=&#8221;Estaci\u00f3n de esqu\u00ed en los Alpes en Francia&#8221; title_text=&#8221;francia-alpes-monta\u00f1as-telef\u00e9rico&#8221; show_in_lightbox=&#8221;on&#8221; align_tablet=&#8221;center&#8221; align_phone=&#8221;&#8221; align_last_edited=&#8221;on|desktop&#8221; _builder_version=&#8221;4.9.1&#8243; custom_margin=&#8221;|0px||0px||false&#8221; custom_margin_tablet=&#8221;&#8221; custom_margin_phone=&#8221;|0px||0px||true&#8221; custom_margin_last_edited=&#8221;on|phone&#8221; animation_style=&#8221;slide&#8221; border_radii=&#8221;on|5px|5px|5px|5px&#8221; box_shadow_style=&#8221;preset6&#8243; global_colors_info=&#8221;{}&#8221;]&nbsp;<br \/>\n[\/et_pb_image][\/et_pb_column][\/et_pb_row][et_pb_row admin_label=&#8221;Town 2&#8243; module_id=&#8221;Parnidis&#8221; _builder_version=&#8221;4.4.7&#8243; custom_margin_tablet=&#8221;&#8221; custom_margin_phone=&#8221;-50px||0px||false&#8221; custom_margin_last_edited=&#8221;on|desktop&#8221; custom_padding=&#8221;73px|0px|40.4688px|0px|false|false&#8221; global_colors_info=&#8221;{}&#8221;][et_pb_column type=&#8221;4_4&#8243; _builder_version=&#8221;3.25&#8243; custom_padding=&#8221;|||&#8221; global_colors_info=&#8221;{}&#8221; custom_padding__hover=&#8221;|||&#8221;][et_pb_text admin_label=&#8221;Agra&#8221; module_class=&#8221;anchor_img_text2&#8243; _builder_version=&#8221;4.9.1&#8243; text_font=&#8221;Roboto||||&#8221; text_text_color=&#8221;#1a1a1a&#8221; text_font_size=&#8221;24px&#8221; text_line_height=&#8221;1.4em&#8221; link_text_color=&#8221;#68a3cb&#8221; header_font=&#8221;||||||||&#8221; header_2_font=&#8221;Montserrat||||||||&#8221; header_2_text_color=&#8221;#000000&#8243; header_2_font_size=&#8221;20px&#8221; header_3_font=&#8221;Roboto|700|||||||&#8221; header_3_text_color=&#8221;#000000&#8243; header_3_font_size=&#8221;27px&#8221; header_3_line_height=&#8221;1.5em&#8221; custom_margin=&#8221;15px||||false|false&#8221; custom_margin_tablet=&#8221;&#8221; custom_margin_phone=&#8221;25px|||&#8221; custom_margin_last_edited=&#8221;on|phone&#8221; animation_style=&#8221;slide&#8221; animation_direction=&#8221;top&#8221; animation_intensity_slide=&#8221;10%&#8221; header_2_font_size_tablet=&#8221;&#8221; header_2_font_size_phone=&#8221;&#8221; header_2_font_size_last_edited=&#8221;on|desktop&#8221; header_3_font_size_tablet=&#8221;&#8221; header_3_font_size_phone=&#8221;22px&#8221; header_3_font_size_last_edited=&#8221;on|phone&#8221; global_colors_info=&#8221;{}&#8221;]<\/p>\n<h3 style=\"text-align: center;\"><a href=\"https:\/\/www.where2travel.com\/es\/paisajes-naturales-mas-bellos-europa\/#Mapa\"><img decoding=\"async\" src=\"https:\/\/www.where2travel.com\/wp-content\/uploads\/2019\/06\/Evaluation-Where2travel-N\u00b013.png\" alt=\"Number 13\" width=\"45\" height=\"45\" \/>\u00a0\u00a0\u00a0<\/a>La duna de Parnidis \u00e0 Nida en Lituania<\/h3>\n<p>[\/et_pb_text][et_pb_divider color=&#8221;#68a3cb&#8221; divider_weight=&#8221;4px&#8221; _builder_version=&#8221;3.26.3&#8243; width=&#8221;100%&#8221; width_tablet=&#8221;100%&#8221; width_phone=&#8221;100%&#8221; width_last_edited=&#8221;on|phone&#8221; max_width=&#8221;12%&#8221; max_width_tablet=&#8221;25%&#8221; max_width_phone=&#8221;25%&#8221; max_width_last_edited=&#8221;on|desktop&#8221; module_alignment=&#8221;center&#8221; height=&#8221;6px&#8221; custom_margin=&#8221;-15px||80px||false|false&#8221; custom_margin_tablet=&#8221;-15px||70px&#8221; custom_margin_phone=&#8221;-15px||70px&#8221; custom_margin_last_edited=&#8221;on|tablet&#8221; locked=&#8221;off&#8221; global_colors_info=&#8221;{}&#8221;][\/et_pb_divider][et_pb_text admin_label=&#8221;Description of the town&#8221; _builder_version=&#8221;4.9.1&#8243; text_font=&#8221;Roboto||||&#8221; text_font_size=&#8221;16px&#8221; text_line_height=&#8221;1.9em&#8221; link_font=&#8221;Roboto||||||||&#8221; link_text_color=&#8221;#68a3cb&#8221; link_font_size=&#8221;16px&#8221; link_line_height=&#8221;1.9em&#8221; ul_font=&#8221;||||||||&#8221; ol_font=&#8221;||||||||&#8221; quote_font=&#8221;||||||||&#8221; header_font=&#8221;Varela Round|700|||||||&#8221; header_text_align=&#8221;center&#8221; header_text_color=&#8221;#2a8a6f&#8221; header_font_size=&#8221;40px&#8221; header_line_height=&#8221;1.4em&#8221; header_2_font=&#8221;Varela Round|700|||||||&#8221; header_2_text_align=&#8221;center&#8221; header_2_text_color=&#8221;#2a8a6f&#8221; header_2_font_size=&#8221;36px&#8221; header_2_line_height=&#8221;1.4em&#8221; header_3_font=&#8221;Montserrat||||||||&#8221; header_3_text_align=&#8221;justify&#8221; header_3_text_color=&#8221;#555555&#8243; header_3_font_size=&#8221;20px&#8221; header_3_line_height=&#8221;1.4em&#8221; custom_margin=&#8221;0px||35px||false|false&#8221; custom_margin_tablet=&#8221;1px||25px||false|false&#8221; custom_margin_phone=&#8221;0px||30px||false|false&#8221; custom_margin_last_edited=&#8221;on|desktop&#8221; custom_padding=&#8221;0px|100px||100px||&#8221; custom_padding_tablet=&#8221;|0px||0px&#8221; custom_padding_phone=&#8221;&#8221; custom_padding_last_edited=&#8221;on|desktop&#8221; animation_style=&#8221;slide&#8221; animation_direction=&#8221;top&#8221; animation_intensity_slide=&#8221;10%&#8221; text_font_size_tablet=&#8221;&#8221; text_font_size_phone=&#8221;15px&#8221; text_font_size_last_edited=&#8221;on|phone&#8221; link_font_size_tablet=&#8221;&#8221; link_font_size_phone=&#8221;15px&#8221; link_font_size_last_edited=&#8221;on|desktop&#8221; header_font_size_tablet=&#8221;30px&#8221; header_font_size_phone=&#8221;25px&#8221; header_font_size_last_edited=&#8221;on|phone&#8221; header_2_font_size_tablet=&#8221;25px&#8221; header_2_font_size_phone=&#8221;20px&#8221; header_2_font_size_last_edited=&#8221;on|phone&#8221; header_3_font_size_tablet=&#8221;16px&#8221; header_3_font_size_phone=&#8221;14px&#8221; header_3_font_size_last_edited=&#8221;on|desktop&#8221; saved_tabs=&#8221;all&#8221; locked=&#8221;off&#8221; global_colors_info=&#8221;{}&#8221; link_text_color__hover_enabled=&#8221;on&#8221; link_text_color__hover=&#8221;#fbba00&#8243;]<\/p>\n<p style=\"text-align: justify;\">Nida es un complejo costero situado en la costa noroeste de Lituania. Su sitio m\u00e1s notable es la duna de Parnidis, que es la segunda m\u00e1s alta de Europa despu\u00e9s del <a href=\"https:\/\/www.where2travel.com\/es\/paisajes-naturales-mas-bellos-europa\/#Pilat\"><strong>Pilat<\/strong><\/a>. Desde la cima de esta duna, se puede disfrutar de una espl\u00e9ndida vista de Nida, el mar B\u00e1ltico y el &#8220;Sahara lituano&#8221; que se extiende m\u00e1s all\u00e1 de la frontera con Rusia y su territorio de Kaliningrado. Por \u00faltimo, no dudes en visitar la peque\u00f1a ciudad de Nida con sus coloridas casas, su t\u00edpico puerto pesquero y sus hermosas playas de arena.<\/p>\n<p>[\/et_pb_text][\/et_pb_column][\/et_pb_row][et_pb_row column_structure=&#8221;1_3,1_3,1_3&#8243; custom_padding_last_edited=&#8221;on|desktop&#8221; _builder_version=&#8221;3.26.3&#8243; background_size=&#8221;initial&#8221; background_position=&#8221;top_left&#8221; background_repeat=&#8221;repeat&#8221; custom_margin=&#8221;||80px||false|false&#8221; custom_margin_tablet=&#8221;||60px||false|false&#8221; custom_margin_phone=&#8221;-29px||60px||false|false&#8221; custom_margin_last_edited=&#8221;on|phone&#8221; custom_padding=&#8221;0|0px|0px|0px|false|false&#8221; custom_padding_tablet=&#8221;||0px|&#8221; custom_padding_phone=&#8221;0px||0px|&#8221; locked=&#8221;off&#8221; collapsed=&#8221;off&#8221; global_colors_info=&#8221;{}&#8221;][et_pb_column type=&#8221;1_3&#8243; _builder_version=&#8221;3.25&#8243; custom_padding=&#8221;|||&#8221; global_colors_info=&#8221;{}&#8221; custom_padding__hover=&#8221;|||&#8221;][et_pb_image src=&#8221;https:\/\/www.where2travel.com\/wp-content\/uploads\/2020\/07\/lithuanie-klaipeda-vue-mer.jpg&#8221; alt=&#8221;Duna de Parnidis en Nida en Lituania, uno de los paisajes naturales m\u00e1s hermosos de Europa&#8221; title_text=&#8221;klaipeda-lituana-vista al mar&#8221; show_in_lightbox=&#8221;on&#8221; align_tablet=&#8221;center&#8221; align_phone=&#8221;&#8221; align_last_edited=&#8221;on|desktop&#8221; _builder_version=&#8221;4.9.1&#8243; custom_margin=&#8221;|0px||0px||false&#8221; custom_margin_tablet=&#8221;&#8221; custom_margin_phone=&#8221;|0px||0px||true&#8221; custom_margin_last_edited=&#8221;on|phone&#8221; animation_style=&#8221;slide&#8221; border_radii=&#8221;on|5px|5px|5px|5px&#8221; box_shadow_style=&#8221;preset6&#8243; global_colors_info=&#8221;{}&#8221;]&nbsp;<br \/>\n[\/et_pb_image][\/et_pb_column][et_pb_column type=&#8221;1_3&#8243; _builder_version=&#8221;3.25&#8243; custom_padding=&#8221;|||&#8221; global_colors_info=&#8221;{}&#8221; custom_padding__hover=&#8221;|||&#8221;][et_pb_image src=&#8221;https:\/\/www.where2travel.com\/wp-content\/uploads\/2020\/07\/lithuanie-klaipeda-Kaliningrad.jpg&#8221; alt=&#8221;La duna de Parnidis en Nida en Lituania y Kaliningrado en la distancia&#8221; title_text=&#8221;lituano-klaipeda-kaliningrado&#8221; show_in_lightbox=&#8221;on&#8221; align_tablet=&#8221;center&#8221; align_phone=&#8221;&#8221; align_last_edited=&#8221;on|desktop&#8221; _builder_version=&#8221;4.9.1&#8243; custom_margin=&#8221;|0px||0px||false&#8221; custom_margin_tablet=&#8221;&#8221; custom_margin_phone=&#8221;|0px||0px||true&#8221; custom_margin_last_edited=&#8221;on|phone&#8221; animation_style=&#8221;slide&#8221; border_radii=&#8221;on|5px|5px|5px|5px&#8221; box_shadow_style=&#8221;preset6&#8243; global_colors_info=&#8221;{}&#8221;]&nbsp;<br \/>\n[\/et_pb_image][\/et_pb_column][et_pb_column type=&#8221;1_3&#8243; _builder_version=&#8221;3.25&#8243; custom_padding=&#8221;|||&#8221; global_colors_info=&#8221;{}&#8221; custom_padding__hover=&#8221;|||&#8221;][et_pb_image src=&#8221;https:\/\/www.where2travel.com\/wp-content\/uploads\/2020\/07\/lithuanie-klaipeda-plage.jpg&#8221; alt=&#8221;La duna de Parnidis y la playa de Nida en Lituania, uno de los paisajes naturales m\u00e1s hermosos en Europa&#8221; title_text=&#8221;lituania-klaipeda-playa&#8221; show_in_lightbox=&#8221;on&#8221; align_tablet=&#8221;center&#8221; align_phone=&#8221;&#8221; align_last_edited=&#8221;on|desktop&#8221; _builder_version=&#8221;4.9.1&#8243; custom_margin=&#8221;|0px||0px||false&#8221; custom_margin_tablet=&#8221;&#8221; custom_margin_phone=&#8221;|0px||0px||true&#8221; custom_margin_last_edited=&#8221;on|phone&#8221; animation_style=&#8221;slide&#8221; border_radii=&#8221;on|5px|5px|5px|5px&#8221; box_shadow_style=&#8221;preset6&#8243; global_colors_info=&#8221;{}&#8221;]&nbsp;<br \/>\n[\/et_pb_image][\/et_pb_column][\/et_pb_row][et_pb_row admin_label=&#8221;Town 3&#8243; module_id=&#8221;Etretat&#8221; _builder_version=&#8221;4.4.8&#8243; custom_margin_tablet=&#8221;&#8221; custom_margin_phone=&#8221;-50px||0px||false&#8221; custom_margin_last_edited=&#8221;on|desktop&#8221; custom_padding=&#8221;73px|0px|40.4688px|0px|false|false&#8221; global_colors_info=&#8221;{}&#8221;][et_pb_column type=&#8221;4_4&#8243; _builder_version=&#8221;3.25&#8243; custom_padding=&#8221;|||&#8221; global_colors_info=&#8221;{}&#8221; custom_padding__hover=&#8221;|||&#8221;][et_pb_text admin_label=&#8221;Cap Town&#8221; module_class=&#8221;anchor_img_text2&#8243; _builder_version=&#8221;4.9.1&#8243; text_font=&#8221;Roboto||||&#8221; text_text_color=&#8221;#1a1a1a&#8221; text_font_size=&#8221;24px&#8221; text_line_height=&#8221;1.4em&#8221; link_text_color=&#8221;#68a3cb&#8221; header_font=&#8221;||||||||&#8221; header_2_font=&#8221;Montserrat||||||||&#8221; header_2_text_color=&#8221;#000000&#8243; header_2_font_size=&#8221;20px&#8221; header_3_font=&#8221;Roboto|700|||||||&#8221; header_3_text_color=&#8221;#000000&#8243; header_3_font_size=&#8221;27px&#8221; header_3_line_height=&#8221;1.5em&#8221; custom_margin=&#8221;15px||||false|false&#8221; custom_margin_tablet=&#8221;&#8221; custom_margin_phone=&#8221;25px|||&#8221; custom_margin_last_edited=&#8221;on|phone&#8221; animation_style=&#8221;slide&#8221; animation_direction=&#8221;top&#8221; animation_intensity_slide=&#8221;10%&#8221; header_2_font_size_tablet=&#8221;&#8221; header_2_font_size_phone=&#8221;&#8221; header_2_font_size_last_edited=&#8221;on|desktop&#8221; header_3_font_size_tablet=&#8221;&#8221; header_3_font_size_phone=&#8221;22px&#8221; header_3_font_size_last_edited=&#8221;on|phone&#8221; global_colors_info=&#8221;{}&#8221;]<\/p>\n<h3 style=\"text-align: center;\"><a href=\"https:\/\/www.where2travel.com\/es\/paisajes-naturales-mas-bellos-europa\/#Mapa\"><img decoding=\"async\" src=\"https:\/\/www.where2travel.com\/wp-content\/uploads\/2019\/06\/Evaluation-Where2travel-N\u00b014.png\" alt=\"Number 14\" width=\"45\" height=\"45\" \/>\u00a0\u00a0\u00a0<\/a>Los acantilados de Etretat<\/h3>\n<p>[\/et_pb_text][et_pb_divider color=&#8221;#68a3cb&#8221; divider_weight=&#8221;4px&#8221; _builder_version=&#8221;3.26.3&#8243; width=&#8221;100%&#8221; width_tablet=&#8221;100%&#8221; width_phone=&#8221;100%&#8221; width_last_edited=&#8221;on|phone&#8221; max_width=&#8221;12%&#8221; max_width_tablet=&#8221;25%&#8221; max_width_phone=&#8221;25%&#8221; max_width_last_edited=&#8221;on|desktop&#8221; module_alignment=&#8221;center&#8221; height=&#8221;6px&#8221; custom_margin=&#8221;-15px||80px||false|false&#8221; custom_margin_tablet=&#8221;-15px||70px&#8221; custom_margin_phone=&#8221;-15px||70px&#8221; custom_margin_last_edited=&#8221;on|tablet&#8221; locked=&#8221;off&#8221; global_colors_info=&#8221;{}&#8221;][\/et_pb_divider][et_pb_text admin_label=&#8221;Description of the town&#8221; _builder_version=&#8221;4.9.1&#8243; text_font=&#8221;Roboto||||&#8221; text_font_size=&#8221;16px&#8221; text_line_height=&#8221;1.9em&#8221; link_font=&#8221;Roboto||||||||&#8221; link_text_color=&#8221;#68a3cb&#8221; link_font_size=&#8221;16px&#8221; link_line_height=&#8221;1.9em&#8221; ul_font=&#8221;||||||||&#8221; ol_font=&#8221;||||||||&#8221; quote_font=&#8221;||||||||&#8221; header_font=&#8221;Varela Round|700|||||||&#8221; header_text_align=&#8221;center&#8221; header_text_color=&#8221;#2a8a6f&#8221; header_font_size=&#8221;40px&#8221; header_line_height=&#8221;1.4em&#8221; header_2_font=&#8221;Varela Round|700|||||||&#8221; header_2_text_align=&#8221;center&#8221; header_2_text_color=&#8221;#2a8a6f&#8221; header_2_font_size=&#8221;36px&#8221; header_2_line_height=&#8221;1.4em&#8221; header_3_font=&#8221;Montserrat||||||||&#8221; header_3_text_align=&#8221;justify&#8221; header_3_text_color=&#8221;#555555&#8243; header_3_font_size=&#8221;20px&#8221; header_3_line_height=&#8221;1.4em&#8221; custom_margin=&#8221;0px||35px||false|false&#8221; custom_margin_tablet=&#8221;1px||25px||false|false&#8221; custom_margin_phone=&#8221;0px||30px||false|false&#8221; custom_margin_last_edited=&#8221;on|desktop&#8221; custom_padding=&#8221;|100px||100px&#8221; custom_padding_tablet=&#8221;|0px||0px&#8221; custom_padding_phone=&#8221;&#8221; custom_padding_last_edited=&#8221;on|desktop&#8221; animation_style=&#8221;slide&#8221; animation_direction=&#8221;top&#8221; animation_intensity_slide=&#8221;10%&#8221; text_font_size_tablet=&#8221;&#8221; text_font_size_phone=&#8221;15px&#8221; text_font_size_last_edited=&#8221;on|phone&#8221; link_font_size_tablet=&#8221;&#8221; link_font_size_phone=&#8221;15px&#8221; link_font_size_last_edited=&#8221;on|desktop&#8221; header_font_size_tablet=&#8221;30px&#8221; header_font_size_phone=&#8221;25px&#8221; header_font_size_last_edited=&#8221;on|phone&#8221; header_2_font_size_tablet=&#8221;25px&#8221; header_2_font_size_phone=&#8221;20px&#8221; header_2_font_size_last_edited=&#8221;on|phone&#8221; header_3_font_size_tablet=&#8221;16px&#8221; header_3_font_size_phone=&#8221;14px&#8221; header_3_font_size_last_edited=&#8221;on|desktop&#8221; saved_tabs=&#8221;all&#8221; locked=&#8221;off&#8221; global_colors_info=&#8221;{}&#8221; link_text_color__hover_enabled=&#8221;on&#8221; link_text_color__hover=&#8221;#fbba00&#8243;]<\/p>\n<p style=\"text-align: justify;\">Los acantilados de Etretat son enormes y magn\u00edficos acantilados de tiza blanca situados en el noroeste de Francia. Estos acantilados, visitados en todas las estaciones y reconocidos internacionalmente, son un paseo ideal para aquellos que quieren  caminar en un entorno natural grandioso. De hecho, desde sus senderos en la cima de los acantilados, o desde abajo en sus playas de guijarros, se puede admirar sus impresionantes acantilados, as\u00ed como sus tres arcos sucesivos: la Puerta Upstream, la Puerta De Aval y el Manneporte.<\/p>\n<p>[\/et_pb_text][\/et_pb_column][\/et_pb_row][et_pb_row column_structure=&#8221;1_3,1_3,1_3&#8243; custom_padding_last_edited=&#8221;on|desktop&#8221; _builder_version=&#8221;4.3.2&#8243; background_size=&#8221;initial&#8221; background_position=&#8221;top_left&#8221; background_repeat=&#8221;repeat&#8221; custom_margin=&#8221;||80px||false|false&#8221; custom_margin_tablet=&#8221;||60px||false|false&#8221; custom_margin_phone=&#8221;-29px||60px||false|false&#8221; custom_margin_last_edited=&#8221;on|phone&#8221; custom_padding=&#8221;0|0px|0px|0px|false|false&#8221; custom_padding_tablet=&#8221;||0px|&#8221; custom_padding_phone=&#8221;0px||0px|&#8221; locked=&#8221;off&#8221; collapsed=&#8221;off&#8221; global_colors_info=&#8221;{}&#8221;][et_pb_column type=&#8221;1_3&#8243; _builder_version=&#8221;3.25&#8243; custom_padding=&#8221;|||&#8221; global_colors_info=&#8221;{}&#8221; custom_padding__hover=&#8221;|||&#8221;][et_pb_image src=&#8221;https:\/\/www.where2travel.com\/wp-content\/uploads\/2020\/07\/france-etretat-falaises-grotte.jpg&#8221; alt=&#8221;A l&#8217;int\u00e9rieur d&#8217;une grotte dans les falaise d&#8217;Etretat&#8221; title_text=&#8221;france-etretat-falaises-grotte&#8221; show_in_lightbox=&#8221;on&#8221; align_tablet=&#8221;center&#8221; align_phone=&#8221;&#8221; align_last_edited=&#8221;on|desktop&#8221; _builder_version=&#8221;4.4.9&#8243; custom_margin=&#8221;|0px||0px||false&#8221; custom_margin_tablet=&#8221;&#8221; custom_margin_phone=&#8221;|0px||0px||true&#8221; custom_margin_last_edited=&#8221;on|phone&#8221; animation_style=&#8221;slide&#8221; border_radii=&#8221;on|5px|5px|5px|5px&#8221; box_shadow_style=&#8221;preset6&#8243; global_colors_info=&#8221;{}&#8221;]&nbsp;<br \/>\n[\/et_pb_image][\/et_pb_column][et_pb_column type=&#8221;1_3&#8243; _builder_version=&#8221;3.25&#8243; custom_padding=&#8221;|||&#8221; global_colors_info=&#8221;{}&#8221; custom_padding__hover=&#8221;|||&#8221;][et_pb_image src=&#8221;https:\/\/www.where2travel.com\/wp-content\/uploads\/2020\/07\/france-etretat-falaises-plage.jpg&#8221; alt=&#8221;Parmi les plus magnifiques paysages naturels en Europe : les falaises d&#8217;Etretat en France&#8221; title_text=&#8221;france-etretat-falaises-plage&#8221; show_in_lightbox=&#8221;on&#8221; align_tablet=&#8221;center&#8221; align_phone=&#8221;&#8221; align_last_edited=&#8221;on|desktop&#8221; _builder_version=&#8221;4.4.9&#8243; custom_margin=&#8221;|0px||0px||false&#8221; custom_margin_tablet=&#8221;&#8221; custom_margin_phone=&#8221;|0px||0px||true&#8221; custom_margin_last_edited=&#8221;on|phone&#8221; animation_style=&#8221;slide&#8221; border_radii=&#8221;on|5px|5px|5px|5px&#8221; box_shadow_style=&#8221;preset6&#8243; global_colors_info=&#8221;{}&#8221;]&nbsp;<br \/>\n[\/et_pb_image][\/et_pb_column][et_pb_column type=&#8221;1_3&#8243; _builder_version=&#8221;4.3.2&#8243; global_colors_info=&#8221;{}&#8221;][et_pb_image src=&#8221;https:\/\/www.where2travel.com\/wp-content\/uploads\/2020\/07\/france-etretat-falaises-arche.jpg&#8221; alt=&#8221;Falaises d&#8217;Etretat&#8221; title_text=&#8221;france-etretat-falaises-arche&#8221; show_in_lightbox=&#8221;on&#8221; align_tablet=&#8221;center&#8221; align_phone=&#8221;&#8221; align_last_edited=&#8221;on|desktop&#8221; _builder_version=&#8221;4.4.9&#8243; custom_margin=&#8221;|0px||0px||false&#8221; custom_margin_tablet=&#8221;&#8221; custom_margin_phone=&#8221;|0px||0px||true&#8221; custom_margin_last_edited=&#8221;on|phone&#8221; animation_style=&#8221;slide&#8221; border_radii=&#8221;on|5px|5px|5px|5px&#8221; box_shadow_style=&#8221;preset6&#8243; global_colors_info=&#8221;{}&#8221;]&nbsp;<br \/>\n[\/et_pb_image][\/et_pb_column][\/et_pb_row][et_pb_row admin_label=&#8221;Town 3&#8243; module_id=&#8221;Le cap&#8221; _builder_version=&#8221;4.4.7&#8243; custom_margin_tablet=&#8221;&#8221; custom_margin_phone=&#8221;-50px||0px||false&#8221; custom_margin_last_edited=&#8221;on|phone&#8221; custom_padding=&#8221;|0px||0px|false|false&#8221; locked=&#8221;off&#8221; global_colors_info=&#8221;{}&#8221;][et_pb_column type=&#8221;4_4&#8243; _builder_version=&#8221;3.25&#8243; custom_padding=&#8221;|||&#8221; global_colors_info=&#8221;{}&#8221; custom_padding__hover=&#8221;|||&#8221;][et_pb_text admin_label=&#8221;Description of the town&#8221; _builder_version=&#8221;4.9.1&#8243; text_font=&#8221;Roboto||||&#8221; text_font_size=&#8221;16px&#8221; text_line_height=&#8221;1.9em&#8221; link_font=&#8221;Roboto||||||||&#8221; link_text_color=&#8221;#68a3cb&#8221; link_font_size=&#8221;16px&#8221; link_line_height=&#8221;1.9em&#8221; ul_font=&#8221;||||||||&#8221; ol_font=&#8221;||||||||&#8221; quote_font=&#8221;||||||||&#8221; header_font=&#8221;Varela Round|700|||||||&#8221; header_text_align=&#8221;center&#8221; header_text_color=&#8221;#2a8a6f&#8221; header_font_size=&#8221;40px&#8221; header_line_height=&#8221;1.4em&#8221; header_2_font=&#8221;Varela Round|700|||||||&#8221; header_2_text_align=&#8221;center&#8221; header_2_text_color=&#8221;#2a8a6f&#8221; header_2_font_size=&#8221;36px&#8221; header_2_line_height=&#8221;1.4em&#8221; header_3_font=&#8221;Montserrat||||||||&#8221; header_3_text_align=&#8221;justify&#8221; header_3_text_color=&#8221;#555555&#8243; header_3_font_size=&#8221;20px&#8221; header_3_line_height=&#8221;1.4em&#8221; custom_margin=&#8221;0px||35px||false|false&#8221; custom_margin_tablet=&#8221;1px||25px||false|false&#8221; custom_margin_phone=&#8221;0px||30px||false|false&#8221; custom_margin_last_edited=&#8221;on|desktop&#8221; custom_padding=&#8221;0px|100px||100px||&#8221; custom_padding_tablet=&#8221;|0px||0px&#8221; custom_padding_phone=&#8221;&#8221; custom_padding_last_edited=&#8221;on|desktop&#8221; animation_style=&#8221;slide&#8221; animation_direction=&#8221;top&#8221; animation_intensity_slide=&#8221;10%&#8221; text_font_size_tablet=&#8221;&#8221; text_font_size_phone=&#8221;15px&#8221; text_font_size_last_edited=&#8221;on|phone&#8221; link_font_size_tablet=&#8221;&#8221; link_font_size_phone=&#8221;15px&#8221; link_font_size_last_edited=&#8221;on|desktop&#8221; header_font_size_tablet=&#8221;30px&#8221; header_font_size_phone=&#8221;25px&#8221; header_font_size_last_edited=&#8221;on|phone&#8221; header_2_font_size_tablet=&#8221;25px&#8221; header_2_font_size_phone=&#8221;20px&#8221; header_2_font_size_last_edited=&#8221;on|phone&#8221; header_3_font_size_tablet=&#8221;16px&#8221; header_3_font_size_phone=&#8221;14px&#8221; header_3_font_size_last_edited=&#8221;on|desktop&#8221; saved_tabs=&#8221;all&#8221; locked=&#8221;off&#8221; global_colors_info=&#8221;{}&#8221; link_text_color__hover_enabled=&#8221;on&#8221; link_text_color__hover=&#8221;#fbba00&#8243;]<\/p>\n<p style=\"text-align: justify;\">Si te encuentras en Etretat, tambi\u00e9n recomendar\u00eda visitar los jardines de Etretat, que se encuentran en la cima de los acantilados cerca de Villa Roxelane. Estos jardines, creados en 2016 por el arquitecto paisajista de renombre internacional Alexander Grivko, ofrecen un magn\u00edfico viaje a trav\u00e9s de la flora local, numerosas esculturas vegetales y una colecci\u00f3n de arte contempor\u00e1neo. Todo esto encaja perfectamente en estos jardines, y obtendr\u00e1s una maravillosa vista extra de los acantilados. <a href=\"https:\/\/www.getyourguide.es\/etretat-l88177\/normandy-les-jardins-d-etretat-self-guided-visit-t314922\/?partner_id=0428GRX&#038;amp%3Butm_medium=online_publisher&#038;amp%3Butm_source=where2travel.com%40gmail.com&#038;amp%3Bplacement=content-middle\" target=\"_blank\" rel=\"noopener noreferrer\"><strong>No dudes en reservar con antelaci\u00f3n<\/strong><\/a>, las entradas se pueden utilizar directamente desde tu tel\u00e9fono.<\/p>\n<p>[\/et_pb_text][\/et_pb_column][\/et_pb_row][et_pb_row column_structure=&#8221;1_3,1_3,1_3&#8243; custom_padding_last_edited=&#8221;on|desktop&#8221; _builder_version=&#8221;4.3.2&#8243; background_size=&#8221;initial&#8221; background_position=&#8221;top_left&#8221; background_repeat=&#8221;repeat&#8221; custom_margin=&#8221;||80px||false|false&#8221; custom_margin_tablet=&#8221;||60px||false|false&#8221; custom_margin_phone=&#8221;-29px||60px||false|false&#8221; custom_margin_last_edited=&#8221;on|phone&#8221; custom_padding=&#8221;0|0px|0px|0px|false|false&#8221; custom_padding_tablet=&#8221;||0px|&#8221; custom_padding_phone=&#8221;0px||0px|&#8221; locked=&#8221;off&#8221; collapsed=&#8221;off&#8221; global_colors_info=&#8221;{}&#8221;][et_pb_column type=&#8221;1_3&#8243; _builder_version=&#8221;3.25&#8243; custom_padding=&#8221;|||&#8221; global_colors_info=&#8221;{}&#8221; custom_padding__hover=&#8221;|||&#8221;][et_pb_image src=&#8221;https:\/\/www.where2travel.com\/wp-content\/uploads\/2020\/07\/france-etretat-jardins-vue.jpg&#8221; alt=&#8221;Les jardins d&#8217;Etretat, vue sur les falaises&#8221; title_text=&#8221;france-etretat-jardins-vue&#8221; show_in_lightbox=&#8221;on&#8221; align_tablet=&#8221;center&#8221; align_phone=&#8221;&#8221; align_last_edited=&#8221;on|desktop&#8221; _builder_version=&#8221;4.4.9&#8243; custom_margin=&#8221;|0px||0px||false&#8221; custom_margin_tablet=&#8221;&#8221; custom_margin_phone=&#8221;|0px||0px||true&#8221; custom_margin_last_edited=&#8221;on|phone&#8221; animation_style=&#8221;slide&#8221; border_radii=&#8221;on|5px|5px|5px|5px&#8221; box_shadow_style=&#8221;preset6&#8243; global_colors_info=&#8221;{}&#8221;]&nbsp;<br \/>\n[\/et_pb_image][\/et_pb_column][et_pb_column type=&#8221;1_3&#8243; _builder_version=&#8221;3.25&#8243; custom_padding=&#8221;|||&#8221; global_colors_info=&#8221;{}&#8221; custom_padding__hover=&#8221;|||&#8221;][et_pb_image src=&#8221;https:\/\/www.where2travel.com\/wp-content\/uploads\/2020\/07\/france-etretat-jardins-statue.jpg&#8221; alt=&#8221;Statue du jardin d&#8217;Etretat&#8221; title_text=&#8221;france-etretat-jardins-statue&#8221; show_in_lightbox=&#8221;on&#8221; align_tablet=&#8221;center&#8221; align_phone=&#8221;&#8221; align_last_edited=&#8221;on|desktop&#8221; _builder_version=&#8221;4.4.9&#8243; custom_margin=&#8221;|0px||0px||false&#8221; custom_margin_tablet=&#8221;&#8221; custom_margin_phone=&#8221;|0px||0px||true&#8221; custom_margin_last_edited=&#8221;on|phone&#8221; animation_style=&#8221;slide&#8221; border_radii=&#8221;on|5px|5px|5px|5px&#8221; box_shadow_style=&#8221;preset6&#8243; global_colors_info=&#8221;{}&#8221;]&nbsp;<br \/>\n[\/et_pb_image][\/et_pb_column][et_pb_column type=&#8221;1_3&#8243; _builder_version=&#8221;4.3.2&#8243; global_colors_info=&#8221;{}&#8221;][et_pb_image src=&#8221;https:\/\/www.where2travel.com\/wp-content\/uploads\/2020\/07\/france-etretat-jardins-emotions-1.jpg&#8221; alt=&#8221;Sculptures en forme de t\u00eates dans le jardins d&#8217;Etretat en France&#8221; title_text=&#8221;france-etretat-jardins-emotions&#8221; show_in_lightbox=&#8221;on&#8221; align_tablet=&#8221;center&#8221; align_phone=&#8221;&#8221; align_last_edited=&#8221;on|desktop&#8221; _builder_version=&#8221;4.4.9&#8243; custom_margin=&#8221;|0px||0px||false&#8221; custom_margin_tablet=&#8221;&#8221; custom_margin_phone=&#8221;|0px||0px||true&#8221; custom_margin_last_edited=&#8221;on|phone&#8221; animation_style=&#8221;slide&#8221; border_radii=&#8221;on|5px|5px|5px|5px&#8221; box_shadow_style=&#8221;preset6&#8243; global_colors_info=&#8221;{}&#8221;]&nbsp;<br \/>\n[\/et_pb_image][\/et_pb_column][\/et_pb_row][et_pb_row admin_label=&#8221;Town 4&#8243; module_id=&#8221;Cuevas&#8221; _builder_version=&#8221;4.9.1&#8243; custom_margin_tablet=&#8221;&#8221; custom_margin_phone=&#8221;-50px||0px||false&#8221; custom_margin_last_edited=&#8221;on|desktop&#8221; custom_padding=&#8221;73px|0px|40.4688px|0px|false|false&#8221; global_colors_info=&#8221;{}&#8221;][et_pb_column type=&#8221;4_4&#8243; _builder_version=&#8221;3.25&#8243; custom_padding=&#8221;|||&#8221; global_colors_info=&#8221;{}&#8221; custom_padding__hover=&#8221;|||&#8221;][et_pb_text admin_label=&#8221;Bangkok&#8221; module_class=&#8221;anchor_img_text2&#8243; _builder_version=&#8221;4.9.1&#8243; text_font=&#8221;Roboto||||&#8221; text_text_color=&#8221;#1a1a1a&#8221; text_font_size=&#8221;24px&#8221; text_line_height=&#8221;1.4em&#8221; link_text_color=&#8221;#68a3cb&#8221; header_font=&#8221;||||||||&#8221; header_2_font=&#8221;Montserrat||||||||&#8221; header_2_text_color=&#8221;#000000&#8243; header_2_font_size=&#8221;20px&#8221; header_3_font=&#8221;Roboto|700|||||||&#8221; header_3_text_color=&#8221;#000000&#8243; header_3_font_size=&#8221;27px&#8221; header_3_line_height=&#8221;1.5em&#8221; custom_margin=&#8221;15px||||false|false&#8221; custom_margin_tablet=&#8221;&#8221; custom_margin_phone=&#8221;25px|||&#8221; custom_margin_last_edited=&#8221;on|phone&#8221; animation_style=&#8221;slide&#8221; animation_direction=&#8221;top&#8221; animation_intensity_slide=&#8221;10%&#8221; header_2_font_size_tablet=&#8221;&#8221; header_2_font_size_phone=&#8221;&#8221; header_2_font_size_last_edited=&#8221;on|desktop&#8221; header_3_font_size_tablet=&#8221;&#8221; header_3_font_size_phone=&#8221;22px&#8221; header_3_font_size_last_edited=&#8221;on|phone&#8221; global_colors_info=&#8221;{}&#8221;]<\/p>\n<h3 style=\"text-align: center;\"><a href=\"https:\/\/www.where2travel.com\/es\/paisajes-naturales-mas-bellos-europa\/#Mapa\"><img decoding=\"async\" src=\"https:\/\/www.where2travel.com\/wp-content\/uploads\/2019\/06\/Evaluation-Where2travel-N\u00b015.png\" alt=\"Number 15\" width=\"45\" height=\"45\" \/>\u00a0\u00a0\u00a0<\/a>Las cuevas de hielo en Islandia<\/h3>\n<p>[\/et_pb_text][et_pb_divider color=&#8221;#68a3cb&#8221; divider_weight=&#8221;4px&#8221; _builder_version=&#8221;3.26.3&#8243; width=&#8221;100%&#8221; width_tablet=&#8221;100%&#8221; width_phone=&#8221;100%&#8221; width_last_edited=&#8221;on|phone&#8221; max_width=&#8221;12%&#8221; max_width_tablet=&#8221;25%&#8221; max_width_phone=&#8221;25%&#8221; max_width_last_edited=&#8221;on|desktop&#8221; module_alignment=&#8221;center&#8221; height=&#8221;6px&#8221; custom_margin=&#8221;-15px||80px||false|false&#8221; custom_margin_tablet=&#8221;-15px||70px&#8221; custom_margin_phone=&#8221;-15px||70px&#8221; custom_margin_last_edited=&#8221;on|tablet&#8221; locked=&#8221;off&#8221; global_colors_info=&#8221;{}&#8221;][\/et_pb_divider][et_pb_text admin_label=&#8221;Description of the town&#8221; _builder_version=&#8221;4.9.1&#8243; text_font=&#8221;Roboto||||&#8221; text_font_size=&#8221;16px&#8221; text_line_height=&#8221;1.9em&#8221; link_font=&#8221;Roboto||||||||&#8221; link_text_color=&#8221;#68a3cb&#8221; link_font_size=&#8221;16px&#8221; link_line_height=&#8221;1.9em&#8221; ul_font=&#8221;||||||||&#8221; ol_font=&#8221;||||||||&#8221; quote_font=&#8221;||||||||&#8221; header_font=&#8221;Varela Round|700|||||||&#8221; header_text_align=&#8221;center&#8221; header_text_color=&#8221;#2a8a6f&#8221; header_font_size=&#8221;40px&#8221; header_line_height=&#8221;1.4em&#8221; header_2_font=&#8221;Varela Round|700|||||||&#8221; header_2_text_align=&#8221;center&#8221; header_2_text_color=&#8221;#2a8a6f&#8221; header_2_font_size=&#8221;36px&#8221; header_2_line_height=&#8221;1.4em&#8221; header_3_font=&#8221;Montserrat||||||||&#8221; header_3_text_align=&#8221;justify&#8221; header_3_text_color=&#8221;#555555&#8243; header_3_font_size=&#8221;20px&#8221; header_3_line_height=&#8221;1.4em&#8221; custom_margin=&#8221;0px||35px||false|false&#8221; custom_margin_tablet=&#8221;1px||25px||false|false&#8221; custom_margin_phone=&#8221;0px||30px||false|false&#8221; custom_margin_last_edited=&#8221;on|desktop&#8221; custom_padding=&#8221;|100px||100px&#8221; custom_padding_tablet=&#8221;|0px||0px&#8221; custom_padding_phone=&#8221;&#8221; custom_padding_last_edited=&#8221;on|desktop&#8221; animation_style=&#8221;slide&#8221; animation_direction=&#8221;top&#8221; animation_intensity_slide=&#8221;10%&#8221; text_font_size_tablet=&#8221;&#8221; text_font_size_phone=&#8221;15px&#8221; text_font_size_last_edited=&#8221;on|phone&#8221; link_font_size_tablet=&#8221;&#8221; link_font_size_phone=&#8221;15px&#8221; link_font_size_last_edited=&#8221;on|desktop&#8221; header_font_size_tablet=&#8221;30px&#8221; header_font_size_phone=&#8221;25px&#8221; header_font_size_last_edited=&#8221;on|phone&#8221; header_2_font_size_tablet=&#8221;25px&#8221; header_2_font_size_phone=&#8221;20px&#8221; header_2_font_size_last_edited=&#8221;on|phone&#8221; header_3_font_size_tablet=&#8221;16px&#8221; header_3_font_size_phone=&#8221;14px&#8221; header_3_font_size_last_edited=&#8221;on|desktop&#8221; saved_tabs=&#8221;all&#8221; locked=&#8221;off&#8221; global_colors_info=&#8221;{}&#8221; link_text_color__hover_enabled=&#8221;on&#8221; link_text_color__hover=&#8221;#fbba00&#8243;]<\/p>\n<p style=\"text-align: justify;\">Las <a href=\"https:\/\/www.where2travel.com\/es\/europa\/guia-viaje-islandia\/que-ver-en-islandia-parte-2\/#Location15\"><strong>cuevas de hielo<\/strong><\/a> se pueden visitar en varios lugares de Islandia durante el per\u00edodo de invierno. Por mi parte, visit\u00e9 el Glaciar Vatnaj\u00f6kull y esto sigue siendo para m\u00ed uno de los paisajes naturales m\u00e1s bellos que he explorado. Estas maravillas naturales ef\u00edmeras con colores y formas incre\u00edbles son realmente impresionantes.  Puedes descubrir videos de las cuevas de hielo en mi <a href=\"https:\/\/www.where2travel.com\/es\/europa\/guia-viaje-islandia\/#Video\"><strong>video de Islandia<\/strong><\/a>.<\/p>\n<p>[\/et_pb_text][\/et_pb_column][\/et_pb_row][et_pb_row column_structure=&#8221;1_3,1_3,1_3&#8243; custom_padding_last_edited=&#8221;on|desktop&#8221; _builder_version=&#8221;3.26.3&#8243; background_size=&#8221;initial&#8221; background_position=&#8221;top_left&#8221; background_repeat=&#8221;repeat&#8221; custom_margin=&#8221;||80px||false|false&#8221; custom_margin_tablet=&#8221;||60px||false|false&#8221; custom_margin_phone=&#8221;-29px||60px||false|false&#8221; custom_margin_last_edited=&#8221;on|phone&#8221; custom_padding=&#8221;0|0px|0px|0px|false|false&#8221; custom_padding_tablet=&#8221;||0px|&#8221; custom_padding_phone=&#8221;0px||0px|&#8221; locked=&#8221;off&#8221; collapsed=&#8221;off&#8221; global_colors_info=&#8221;{}&#8221;][et_pb_column type=&#8221;1_3&#8243; _builder_version=&#8221;3.25&#8243; custom_padding=&#8221;|||&#8221; global_colors_info=&#8221;{}&#8221; custom_padding__hover=&#8221;|||&#8221;][et_pb_image src=&#8221;https:\/\/www.where2travel.com\/wp-content\/uploads\/2020\/07\/islande-grotte-de-glace-entr\u00e9e.jpg&#8221; alt=&#8221;Entre los paisajes naturales m\u00e1s hermosos en Europa: las cuevas de hielo de Islandia&#8221; title_text=&#8221;islandia-entrada-cueva-de-hielo&#8221; show_in_lightbox=&#8221;on&#8221; align_tablet=&#8221;center&#8221; align_phone=&#8221;&#8221; align_last_edited=&#8221;on|desktop&#8221; _builder_version=&#8221;4.9.1&#8243; custom_margin=&#8221;|0px||0px||false&#8221; custom_margin_tablet=&#8221;&#8221; custom_margin_phone=&#8221;|0px||0px||true&#8221; custom_margin_last_edited=&#8221;on|phone&#8221; animation_style=&#8221;slide&#8221; border_radii=&#8221;on|5px|5px|5px|5px&#8221; box_shadow_style=&#8221;preset6&#8243; global_colors_info=&#8221;{}&#8221;]&nbsp;<br \/>\n[\/et_pb_image][\/et_pb_column][et_pb_column type=&#8221;1_3&#8243; _builder_version=&#8221;3.25&#8243; custom_padding=&#8221;|||&#8221; global_colors_info=&#8221;{}&#8221; custom_padding__hover=&#8221;|||&#8221;][et_pb_image src=&#8221;https:\/\/www.where2travel.com\/wp-content\/uploads\/2020\/07\/islande-grotte-de-glace-tunnel.jpg&#8221; alt=&#8221;Cueva de hielo en Islandia, uno de los paisajes naturales m\u00e1s hermosos de Europa&#8221; title_text=&#8221;islandia-cueva-de-hielo-t\u00fanel&#8221; show_in_lightbox=&#8221;on&#8221; align_tablet=&#8221;center&#8221; align_phone=&#8221;&#8221; align_last_edited=&#8221;on|desktop&#8221; _builder_version=&#8221;4.9.1&#8243; custom_margin=&#8221;|0px||0px||false&#8221; custom_margin_tablet=&#8221;&#8221; custom_margin_phone=&#8221;|0px||0px||true&#8221; custom_margin_last_edited=&#8221;on|phone&#8221; animation_style=&#8221;slide&#8221; border_radii=&#8221;on|5px|5px|5px|5px&#8221; box_shadow_style=&#8221;preset6&#8243; global_colors_info=&#8221;{}&#8221;]&nbsp;<br \/>\n[\/et_pb_image][\/et_pb_column][et_pb_column type=&#8221;1_3&#8243; _builder_version=&#8221;3.25&#8243; custom_padding=&#8221;|||&#8221; global_colors_info=&#8221;{}&#8221; custom_padding__hover=&#8221;|||&#8221;][et_pb_image src=&#8221;https:\/\/www.where2travel.com\/wp-content\/uploads\/2020\/07\/islande-grotte-de-glace.jpg&#8221; alt=&#8221;Dentro de las cuevas de hielo en Islandia&#8221; title_text=&#8221;islandia-cueva-de-hielo&#8221; show_in_lightbox=&#8221;on&#8221; align_tablet=&#8221;center&#8221; align_phone=&#8221;&#8221; align_last_edited=&#8221;on|desktop&#8221; _builder_version=&#8221;4.9.1&#8243; custom_margin=&#8221;|0px||0px||false&#8221; custom_margin_tablet=&#8221;&#8221; custom_margin_phone=&#8221;|0px||0px||true&#8221; custom_margin_last_edited=&#8221;on|phone&#8221; animation_style=&#8221;slide&#8221; border_radii=&#8221;on|5px|5px|5px|5px&#8221; box_shadow_style=&#8221;preset6&#8243; global_colors_info=&#8221;{}&#8221;]&nbsp;<br \/>\n[\/et_pb_image][\/et_pb_column][\/et_pb_row][et_pb_row admin_label=&#8221;Town 4&#8243; module_id=&#8221;Fontainebleau&#8221; _builder_version=&#8221;4.4.7&#8243; custom_margin_tablet=&#8221;&#8221; custom_margin_phone=&#8221;-50px||0px||false&#8221; custom_margin_last_edited=&#8221;on|desktop&#8221; custom_padding=&#8221;73px|0px|40.4688px|0px|false|false&#8221; global_colors_info=&#8221;{}&#8221;][et_pb_column type=&#8221;4_4&#8243; _builder_version=&#8221;3.25&#8243; custom_padding=&#8221;|||&#8221; global_colors_info=&#8221;{}&#8221; custom_padding__hover=&#8221;|||&#8221;][et_pb_text admin_label=&#8221;Bangkok&#8221; module_class=&#8221;anchor_img_text2&#8243; _builder_version=&#8221;4.9.1&#8243; text_font=&#8221;Roboto||||&#8221; text_text_color=&#8221;#1a1a1a&#8221; text_font_size=&#8221;24px&#8221; text_line_height=&#8221;1.4em&#8221; link_text_color=&#8221;#68a3cb&#8221; header_font=&#8221;||||||||&#8221; header_2_font=&#8221;Montserrat||||||||&#8221; header_2_text_color=&#8221;#000000&#8243; header_2_font_size=&#8221;20px&#8221; header_3_font=&#8221;Roboto|700|||||||&#8221; header_3_text_color=&#8221;#000000&#8243; header_3_font_size=&#8221;27px&#8221; header_3_line_height=&#8221;1.5em&#8221; custom_margin=&#8221;15px||||false|false&#8221; custom_margin_tablet=&#8221;&#8221; custom_margin_phone=&#8221;25px|-17px||-17px|false|true&#8221; custom_margin_last_edited=&#8221;on|phone&#8221; animation_style=&#8221;slide&#8221; animation_direction=&#8221;top&#8221; animation_intensity_slide=&#8221;10%&#8221; header_2_font_size_tablet=&#8221;&#8221; header_2_font_size_phone=&#8221;&#8221; header_2_font_size_last_edited=&#8221;on|desktop&#8221; header_3_font_size_tablet=&#8221;&#8221; header_3_font_size_phone=&#8221;22px&#8221; header_3_font_size_last_edited=&#8221;on|phone&#8221; global_colors_info=&#8221;{}&#8221;]<\/p>\n<h3 style=\"text-align: center;\"><a href=\"https:\/\/www.where2travel.com\/es\/paisajes-naturales-mas-bellos-europa\/#Mapa\"><img decoding=\"async\" src=\"https:\/\/www.where2travel.com\/wp-content\/uploads\/2019\/06\/Evaluation-Where2travel-N\u00b016.png\" alt=\"Number 16\" width=\"45\" height=\"45\" \/>\u00a0\u00a0\u00a0<\/a>El bosque de Fontainebleau en Francia<\/h3>\n<p>[\/et_pb_text][et_pb_divider color=&#8221;#68a3cb&#8221; divider_weight=&#8221;4px&#8221; _builder_version=&#8221;3.26.3&#8243; width=&#8221;100%&#8221; width_tablet=&#8221;100%&#8221; width_phone=&#8221;100%&#8221; width_last_edited=&#8221;on|phone&#8221; max_width=&#8221;12%&#8221; max_width_tablet=&#8221;25%&#8221; max_width_phone=&#8221;25%&#8221; max_width_last_edited=&#8221;on|desktop&#8221; module_alignment=&#8221;center&#8221; height=&#8221;6px&#8221; custom_margin=&#8221;-15px||80px||false|false&#8221; custom_margin_tablet=&#8221;-15px||70px&#8221; custom_margin_phone=&#8221;-15px||70px&#8221; custom_margin_last_edited=&#8221;on|tablet&#8221; locked=&#8221;off&#8221; global_colors_info=&#8221;{}&#8221;][\/et_pb_divider][et_pb_text admin_label=&#8221;Description of the town&#8221; _builder_version=&#8221;4.9.1&#8243; text_font=&#8221;Roboto||||&#8221; text_font_size=&#8221;16px&#8221; text_line_height=&#8221;1.9em&#8221; link_font=&#8221;Roboto||||||||&#8221; link_text_color=&#8221;#68a3cb&#8221; link_font_size=&#8221;16px&#8221; link_line_height=&#8221;1.9em&#8221; ul_font=&#8221;||||||||&#8221; ol_font=&#8221;||||||||&#8221; quote_font=&#8221;||||||||&#8221; header_font=&#8221;Varela Round|700|||||||&#8221; header_text_align=&#8221;center&#8221; header_text_color=&#8221;#2a8a6f&#8221; header_font_size=&#8221;40px&#8221; header_line_height=&#8221;1.4em&#8221; header_2_font=&#8221;Varela Round|700|||||||&#8221; header_2_text_align=&#8221;center&#8221; header_2_text_color=&#8221;#2a8a6f&#8221; header_2_font_size=&#8221;36px&#8221; header_2_line_height=&#8221;1.4em&#8221; header_3_font=&#8221;Montserrat||||||||&#8221; header_3_text_align=&#8221;justify&#8221; header_3_text_color=&#8221;#555555&#8243; header_3_font_size=&#8221;20px&#8221; header_3_line_height=&#8221;1.4em&#8221; custom_margin=&#8221;0px||35px||false|false&#8221; custom_margin_tablet=&#8221;1px||25px||false|false&#8221; custom_margin_phone=&#8221;0px||30px||false|false&#8221; custom_margin_last_edited=&#8221;on|desktop&#8221; custom_padding=&#8221;|100px||100px&#8221; custom_padding_tablet=&#8221;|0px||0px&#8221; custom_padding_phone=&#8221;&#8221; custom_padding_last_edited=&#8221;on|desktop&#8221; animation_style=&#8221;slide&#8221; animation_direction=&#8221;top&#8221; animation_intensity_slide=&#8221;10%&#8221; text_font_size_tablet=&#8221;&#8221; text_font_size_phone=&#8221;15px&#8221; text_font_size_last_edited=&#8221;on|phone&#8221; link_font_size_tablet=&#8221;&#8221; link_font_size_phone=&#8221;15px&#8221; link_font_size_last_edited=&#8221;on|desktop&#8221; header_font_size_tablet=&#8221;30px&#8221; header_font_size_phone=&#8221;25px&#8221; header_font_size_last_edited=&#8221;on|phone&#8221; header_2_font_size_tablet=&#8221;25px&#8221; header_2_font_size_phone=&#8221;20px&#8221; header_2_font_size_last_edited=&#8221;on|phone&#8221; header_3_font_size_tablet=&#8221;16px&#8221; header_3_font_size_phone=&#8221;14px&#8221; header_3_font_size_last_edited=&#8221;on|desktop&#8221; saved_tabs=&#8221;all&#8221; locked=&#8221;off&#8221; global_colors_info=&#8221;{}&#8221; link_text_color__hover_enabled=&#8221;on&#8221; link_text_color__hover=&#8221;#fbba00&#8243;]<\/p>\n<p style=\"text-align: justify;\">El bosque de Fontainebleau se encuentra a 60 km al sur de Par\u00eds en Francia. Esta superficie forestal conservada de 25.000 hect\u00e1reas es el segundo bosque estatal m\u00e1s grande de Francia. Debe su fama a sus famosas rocas con formas inusuales y su arena muy pura. Se puede descubrir, entre otras cosas, tramos muy grandes de arena fina en medio del bosque, que es hermoso y at\u00edpico. Este sitio natural es por lo tanto ideal en todas las estaciones para caminar o ir en bicicleta, e incluso subir a  las muchas rocas del bosque de Fontainebleau. Culturalmente, la zona tambi\u00e9n cuenta con magn\u00edficas atracciones como el espl\u00e9ndido castillo de Fontainebleau, o el pueblo de Barbizon, que es un lugar m\u00edtico de la pintura  francesa.<\/p>\n<p>[\/et_pb_text][\/et_pb_column][\/et_pb_row][et_pb_row column_structure=&#8221;1_3,1_3,1_3&#8243; custom_padding_last_edited=&#8221;on|desktop&#8221; _builder_version=&#8221;3.26.3&#8243; background_size=&#8221;initial&#8221; background_position=&#8221;top_left&#8221; background_repeat=&#8221;repeat&#8221; custom_margin=&#8221;||80px||false|false&#8221; custom_margin_tablet=&#8221;||60px||false|false&#8221; custom_margin_phone=&#8221;-29px||60px||false|false&#8221; custom_margin_last_edited=&#8221;on|phone&#8221; custom_padding=&#8221;0|0px|0px|0px|false|false&#8221; custom_padding_tablet=&#8221;||0px|&#8221; custom_padding_phone=&#8221;0px||0px|&#8221; locked=&#8221;off&#8221; collapsed=&#8221;off&#8221; global_colors_info=&#8221;{}&#8221;][et_pb_column type=&#8221;1_3&#8243; _builder_version=&#8221;3.25&#8243; custom_padding=&#8221;|||&#8221; global_colors_info=&#8221;{}&#8221; custom_padding__hover=&#8221;|||&#8221;][et_pb_image src=&#8221;https:\/\/www.where2travel.com\/wp-content\/uploads\/2020\/07\/france-foret-fontainebleau-arbres.jpg&#8221; alt=&#8221;Uno de los bosques m\u00e1s hermosos en Europa: el bosque de Fontainebleau&#8221; title_text=&#8221;francia-bosque-fontainebleau-arboles&#8221; show_in_lightbox=&#8221;on&#8221; align_tablet=&#8221;center&#8221; align_phone=&#8221;&#8221; align_last_edited=&#8221;on|desktop&#8221; _builder_version=&#8221;4.9.1&#8243; custom_margin=&#8221;|0px||0px||false&#8221; custom_margin_tablet=&#8221;&#8221; custom_margin_phone=&#8221;|0px||0px||true&#8221; custom_margin_last_edited=&#8221;on|phone&#8221; animation_style=&#8221;slide&#8221; border_radii=&#8221;on|5px|5px|5px|5px&#8221; box_shadow_style=&#8221;preset6&#8243; global_colors_info=&#8221;{}&#8221;]&nbsp;<br \/>\n[\/et_pb_image][\/et_pb_column][et_pb_column type=&#8221;1_3&#8243; _builder_version=&#8221;3.25&#8243; custom_padding=&#8221;|||&#8221; global_colors_info=&#8221;{}&#8221; custom_padding__hover=&#8221;|||&#8221;][et_pb_image src=&#8221;https:\/\/www.where2travel.com\/wp-content\/uploads\/2020\/07\/france-foret-fontainebleau-sable.jpg&#8221; alt=&#8221;Uno de los paisajes naturales m\u00e1s hermosos en Europa: el bosque de Fontainebleau&#8221; title_text=&#8221;francia-foret-fontainebleau-arena&#8221; show_in_lightbox=&#8221;on&#8221; align_tablet=&#8221;center&#8221; align_phone=&#8221;&#8221; align_last_edited=&#8221;on|desktop&#8221; _builder_version=&#8221;4.9.1&#8243; custom_margin=&#8221;|0px||0px||false&#8221; custom_margin_tablet=&#8221;&#8221; custom_margin_phone=&#8221;|0px||0px||true&#8221; custom_margin_last_edited=&#8221;on|phone&#8221; animation_style=&#8221;slide&#8221; border_radii=&#8221;on|5px|5px|5px|5px&#8221; box_shadow_style=&#8221;preset6&#8243; global_colors_info=&#8221;{}&#8221;]&nbsp;<br \/>\n[\/et_pb_image][\/et_pb_column][et_pb_column type=&#8221;1_3&#8243; _builder_version=&#8221;3.25&#8243; custom_padding=&#8221;|||&#8221; global_colors_info=&#8221;{}&#8221; custom_padding__hover=&#8221;|||&#8221;][et_pb_image src=&#8221;https:\/\/www.where2travel.com\/wp-content\/uploads\/2020\/07\/france-foret-fontainebleau-oasis-sable.jpg&#8221; alt=&#8221;Oasis de arena en medio del bosque de Fontainebleau&#8221; title_text=&#8221;francia-foret-fontainebleau-oasis-arena&#8221; show_in_lightbox=&#8221;on&#8221; align_tablet=&#8221;center&#8221; align_phone=&#8221;&#8221; align_last_edited=&#8221;on|desktop&#8221; _builder_version=&#8221;4.9.1&#8243; custom_margin=&#8221;|0px||0px||false&#8221; custom_margin_tablet=&#8221;&#8221; custom_margin_phone=&#8221;|0px||0px||true&#8221; custom_margin_last_edited=&#8221;on|phone&#8221; animation_style=&#8221;slide&#8221; border_radii=&#8221;on|5px|5px|5px|5px&#8221; box_shadow_style=&#8221;preset6&#8243; global_colors_info=&#8221;{}&#8221;]&nbsp;<br \/>\n[\/et_pb_image][\/et_pb_column][\/et_pb_row][et_pb_row admin_label=&#8221;Town 4&#8243; module_id=&#8221;Tatras&#8221; _builder_version=&#8221;4.4.7&#8243; custom_margin_tablet=&#8221;&#8221; custom_margin_phone=&#8221;-50px||0px||false&#8221; custom_margin_last_edited=&#8221;on|desktop&#8221; custom_padding=&#8221;73px|0px|40.4688px|0px|false|false&#8221; global_colors_info=&#8221;{}&#8221;][et_pb_column type=&#8221;4_4&#8243; _builder_version=&#8221;3.25&#8243; custom_padding=&#8221;|||&#8221; global_colors_info=&#8221;{}&#8221; custom_padding__hover=&#8221;|||&#8221;][et_pb_text admin_label=&#8221;Bangkok&#8221; module_class=&#8221;anchor_img_text2&#8243; _builder_version=&#8221;4.9.1&#8243; text_font=&#8221;Roboto||||&#8221; text_text_color=&#8221;#1a1a1a&#8221; text_font_size=&#8221;24px&#8221; text_line_height=&#8221;1.4em&#8221; link_text_color=&#8221;#68a3cb&#8221; header_font=&#8221;||||||||&#8221; header_2_font=&#8221;Montserrat||||||||&#8221; header_2_text_color=&#8221;#000000&#8243; header_2_font_size=&#8221;20px&#8221; header_3_font=&#8221;Roboto|700|||||||&#8221; header_3_text_color=&#8221;#000000&#8243; header_3_font_size=&#8221;27px&#8221; header_3_line_height=&#8221;1.5em&#8221; custom_margin=&#8221;15px||||false|false&#8221; custom_margin_tablet=&#8221;&#8221; custom_margin_phone=&#8221;25px|||&#8221; custom_margin_last_edited=&#8221;on|phone&#8221; animation_style=&#8221;slide&#8221; animation_direction=&#8221;top&#8221; animation_intensity_slide=&#8221;10%&#8221; header_2_font_size_tablet=&#8221;&#8221; header_2_font_size_phone=&#8221;&#8221; header_2_font_size_last_edited=&#8221;on|desktop&#8221; header_3_font_size_tablet=&#8221;&#8221; header_3_font_size_phone=&#8221;22px&#8221; header_3_font_size_last_edited=&#8221;on|phone&#8221; global_colors_info=&#8221;{}&#8221;]<\/p>\n<h3 style=\"text-align: center;\"><a href=\"https:\/\/www.where2travel.com\/es\/paisajes-naturales-mas-bellos-europa\/#Mapa\"><img decoding=\"async\" src=\"https:\/\/www.where2travel.com\/wp-content\/uploads\/2019\/06\/Evaluation-Where2travel-N\u00b017.png\" alt=\"Number 17\" width=\"45\" height=\"45\" \/>\u00a0\u00a0\u00a0<\/a>Las monta\u00f1as Tatra en Polonia<\/h3>\n<p>[\/et_pb_text][et_pb_divider color=&#8221;#68a3cb&#8221; divider_weight=&#8221;4px&#8221; _builder_version=&#8221;3.26.3&#8243; width=&#8221;100%&#8221; width_tablet=&#8221;100%&#8221; width_phone=&#8221;100%&#8221; width_last_edited=&#8221;on|phone&#8221; max_width=&#8221;12%&#8221; max_width_tablet=&#8221;25%&#8221; max_width_phone=&#8221;25%&#8221; max_width_last_edited=&#8221;on|desktop&#8221; module_alignment=&#8221;center&#8221; height=&#8221;6px&#8221; custom_margin=&#8221;-15px||80px||false|false&#8221; custom_margin_tablet=&#8221;-15px||70px&#8221; custom_margin_phone=&#8221;-15px||70px&#8221; custom_margin_last_edited=&#8221;on|tablet&#8221; locked=&#8221;off&#8221; global_colors_info=&#8221;{}&#8221;][\/et_pb_divider][et_pb_text admin_label=&#8221;Description of the town&#8221; _builder_version=&#8221;4.9.1&#8243; text_font=&#8221;Roboto||||&#8221; text_font_size=&#8221;16px&#8221; text_line_height=&#8221;1.9em&#8221; link_font=&#8221;Roboto||||||||&#8221; link_text_color=&#8221;#68a3cb&#8221; link_font_size=&#8221;16px&#8221; link_line_height=&#8221;1.9em&#8221; ul_font=&#8221;||||||||&#8221; ol_font=&#8221;||||||||&#8221; quote_font=&#8221;||||||||&#8221; header_font=&#8221;Varela Round|700|||||||&#8221; header_text_align=&#8221;center&#8221; header_text_color=&#8221;#2a8a6f&#8221; header_font_size=&#8221;40px&#8221; header_line_height=&#8221;1.4em&#8221; header_2_font=&#8221;Varela Round|700|||||||&#8221; header_2_text_align=&#8221;center&#8221; header_2_text_color=&#8221;#2a8a6f&#8221; header_2_font_size=&#8221;36px&#8221; header_2_line_height=&#8221;1.4em&#8221; header_3_font=&#8221;Montserrat||||||||&#8221; header_3_text_align=&#8221;justify&#8221; header_3_text_color=&#8221;#555555&#8243; header_3_font_size=&#8221;20px&#8221; header_3_line_height=&#8221;1.4em&#8221; custom_margin=&#8221;0px||35px||false|false&#8221; custom_margin_tablet=&#8221;1px||25px||false|false&#8221; custom_margin_phone=&#8221;0px||30px||false|false&#8221; custom_margin_last_edited=&#8221;on|desktop&#8221; custom_padding=&#8221;|100px||100px&#8221; custom_padding_tablet=&#8221;|0px||0px&#8221; custom_padding_phone=&#8221;&#8221; custom_padding_last_edited=&#8221;on|desktop&#8221; animation_style=&#8221;slide&#8221; animation_direction=&#8221;top&#8221; animation_intensity_slide=&#8221;10%&#8221; text_font_size_tablet=&#8221;&#8221; text_font_size_phone=&#8221;15px&#8221; text_font_size_last_edited=&#8221;on|phone&#8221; link_font_size_tablet=&#8221;&#8221; link_font_size_phone=&#8221;15px&#8221; link_font_size_last_edited=&#8221;on|desktop&#8221; header_font_size_tablet=&#8221;30px&#8221; header_font_size_phone=&#8221;25px&#8221; header_font_size_last_edited=&#8221;on|phone&#8221; header_2_font_size_tablet=&#8221;25px&#8221; header_2_font_size_phone=&#8221;20px&#8221; header_2_font_size_last_edited=&#8221;on|phone&#8221; header_3_font_size_tablet=&#8221;16px&#8221; header_3_font_size_phone=&#8221;14px&#8221; header_3_font_size_last_edited=&#8221;on|desktop&#8221; saved_tabs=&#8221;all&#8221; locked=&#8221;off&#8221; global_colors_info=&#8221;{}&#8221; link_text_color__hover_enabled=&#8221;on&#8221; link_text_color__hover=&#8221;#fbba00&#8243;]<\/p>\n<p style=\"text-align: justify;\">Las monta\u00f1as Tatra son parte de las monta\u00f1as de los C\u00e1rpatos en el este de Europa. Son una frontera natural entre Eslovaquia y Polonia. Por lo tanto, los Tatras incorporan dos parques nacionales protegidos, incluidos los Altos Tatras, que son una reserva de la biosfera clasificada por la UNESCO. Durante tus paseos, adem\u00e1s del hermoso paisaje natural, tambi\u00e9n puedes ver su fauna local como chamois Tatra, marmotas u osos. En invierno, la zona es ideal para esquiar como en Zakopane en Polonia, por ejemplo, y el verano har\u00e1s grandes caminatas.<\/p>\n<p>[\/et_pb_text][\/et_pb_column][\/et_pb_row][et_pb_row column_structure=&#8221;1_3,1_3,1_3&#8243; custom_padding_last_edited=&#8221;on|desktop&#8221; _builder_version=&#8221;3.26.3&#8243; background_size=&#8221;initial&#8221; background_position=&#8221;top_left&#8221; background_repeat=&#8221;repeat&#8221; custom_margin=&#8221;||80px||false|false&#8221; custom_margin_tablet=&#8221;||60px||false|false&#8221; custom_margin_phone=&#8221;-29px||60px||false|false&#8221; custom_margin_last_edited=&#8221;on|phone&#8221; custom_padding=&#8221;0|0px|0px|0px|false|false&#8221; custom_padding_tablet=&#8221;||0px|&#8221; custom_padding_phone=&#8221;0px||0px|&#8221; locked=&#8221;off&#8221; collapsed=&#8221;off&#8221; global_colors_info=&#8221;{}&#8221;][et_pb_column type=&#8221;1_3&#8243; _builder_version=&#8221;3.25&#8243; custom_padding=&#8221;|||&#8221; global_colors_info=&#8221;{}&#8221; custom_padding__hover=&#8221;|||&#8221;][et_pb_image src=&#8221;https:\/\/www.where2travel.com\/wp-content\/uploads\/2020\/07\/pologne-montagnes-zakopane-village.jpg&#8221; alt=&#8221;Les montagnes des Tatras en Pologne, un des plus magnifiques paysages naturels en Europe&#8221; title_text=&#8221;pologne-montagnes-zakopane-village&#8221; show_in_lightbox=&#8221;on&#8221; align_tablet=&#8221;center&#8221; align_phone=&#8221;&#8221; align_last_edited=&#8221;on|desktop&#8221; _builder_version=&#8221;4.4.9&#8243; custom_margin=&#8221;|0px||0px||false&#8221; custom_margin_tablet=&#8221;&#8221; custom_margin_phone=&#8221;|0px||0px||true&#8221; custom_margin_last_edited=&#8221;on|phone&#8221; animation_style=&#8221;slide&#8221; border_radii=&#8221;on|5px|5px|5px|5px&#8221; box_shadow_style=&#8221;preset6&#8243; global_colors_info=&#8221;{}&#8221;]&nbsp;<br \/>\n[\/et_pb_image][\/et_pb_column][et_pb_column type=&#8221;1_3&#8243; _builder_version=&#8221;3.25&#8243; custom_padding=&#8221;|||&#8221; global_colors_info=&#8221;{}&#8221; custom_padding__hover=&#8221;|||&#8221;][et_pb_image src=&#8221;https:\/\/www.where2travel.com\/wp-content\/uploads\/2020\/07\/pologne-montagnes-zakopane.jpg&#8221; alt=&#8221;Vue sur les montagnes des Tatras en Pologne&#8221; title_text=&#8221;pologne-montagnes-zakopane&#8221; show_in_lightbox=&#8221;on&#8221; align_tablet=&#8221;center&#8221; align_phone=&#8221;&#8221; align_last_edited=&#8221;on|desktop&#8221; _builder_version=&#8221;4.4.9&#8243; custom_margin=&#8221;|0px||0px||false&#8221; custom_margin_tablet=&#8221;&#8221; custom_margin_phone=&#8221;|0px||0px||true&#8221; custom_margin_last_edited=&#8221;on|phone&#8221; animation_style=&#8221;slide&#8221; border_radii=&#8221;on|5px|5px|5px|5px&#8221; box_shadow_style=&#8221;preset6&#8243; global_colors_info=&#8221;{}&#8221;]&nbsp;<br \/>\n[\/et_pb_image][\/et_pb_column][et_pb_column type=&#8221;1_3&#8243; _builder_version=&#8221;3.25&#8243; custom_padding=&#8221;|||&#8221; global_colors_info=&#8221;{}&#8221; custom_padding__hover=&#8221;|||&#8221;][et_pb_image src=&#8221;https:\/\/www.where2travel.com\/wp-content\/uploads\/2020\/07\/pologne-montagnes-tatras.jpg&#8221; alt=&#8221;Sommet d&#8217;une montagne des Tatras&#8221; title_text=&#8221;pologne-montagnes-tatras&#8221; show_in_lightbox=&#8221;on&#8221; align_tablet=&#8221;center&#8221; align_phone=&#8221;&#8221; align_last_edited=&#8221;on|desktop&#8221; _builder_version=&#8221;4.4.9&#8243; custom_margin=&#8221;|0px||0px||false&#8221; custom_margin_tablet=&#8221;&#8221; custom_margin_phone=&#8221;|0px||0px||true&#8221; custom_margin_last_edited=&#8221;on|phone&#8221; animation_style=&#8221;slide&#8221; border_radii=&#8221;on|5px|5px|5px|5px&#8221; box_shadow_style=&#8221;preset6&#8243; global_colors_info=&#8221;{}&#8221;]&nbsp;<br \/>\n[\/et_pb_image][\/et_pb_column][\/et_pb_row][et_pb_row admin_label=&#8221;Town 4&#8243; module_id=&#8221;Kotor&#8221; _builder_version=&#8221;4.4.7&#8243; custom_margin_tablet=&#8221;&#8221; custom_margin_phone=&#8221;-50px||0px||false&#8221; custom_margin_last_edited=&#8221;on|desktop&#8221; custom_padding=&#8221;73px|0px|40.4688px|0px|false|false&#8221; global_colors_info=&#8221;{}&#8221;][et_pb_column type=&#8221;4_4&#8243; _builder_version=&#8221;3.25&#8243; custom_padding=&#8221;|||&#8221; global_colors_info=&#8221;{}&#8221; custom_padding__hover=&#8221;|||&#8221;][et_pb_text admin_label=&#8221;Bangkok&#8221; module_class=&#8221;anchor_img_text2&#8243; _builder_version=&#8221;4.9.1&#8243; text_font=&#8221;Roboto||||&#8221; text_text_color=&#8221;#1a1a1a&#8221; text_font_size=&#8221;24px&#8221; text_line_height=&#8221;1.4em&#8221; link_text_color=&#8221;#68a3cb&#8221; header_font=&#8221;||||||||&#8221; header_2_font=&#8221;Montserrat||||||||&#8221; header_2_text_color=&#8221;#000000&#8243; header_2_font_size=&#8221;20px&#8221; header_3_font=&#8221;Roboto|700|||||||&#8221; header_3_text_color=&#8221;#000000&#8243; header_3_font_size=&#8221;27px&#8221; header_3_line_height=&#8221;1.5em&#8221; custom_margin=&#8221;15px||||false|false&#8221; custom_margin_tablet=&#8221;&#8221; custom_margin_phone=&#8221;25px|||&#8221; custom_margin_last_edited=&#8221;on|phone&#8221; animation_style=&#8221;slide&#8221; animation_direction=&#8221;top&#8221; animation_intensity_slide=&#8221;10%&#8221; header_2_font_size_tablet=&#8221;&#8221; header_2_font_size_phone=&#8221;&#8221; header_2_font_size_last_edited=&#8221;on|desktop&#8221; header_3_font_size_tablet=&#8221;&#8221; header_3_font_size_phone=&#8221;22px&#8221; header_3_font_size_last_edited=&#8221;on|phone&#8221; global_colors_info=&#8221;{}&#8221;]<\/p>\n<h3 style=\"text-align: center;\"><a href=\"https:\/\/www.where2travel.com\/es\/paisajes-naturales-mas-bellos-europa\/#Mapa\"><img decoding=\"async\" src=\"https:\/\/www.where2travel.com\/wp-content\/uploads\/2019\/06\/Evaluation-Where2travel-N\u00b018.png\" alt=\"Number 18\" width=\"45\" height=\"45\" \/>\u00a0\u00a0\u00a0<\/a>Las bocas de Kotor en Montenegro<\/h3>\n<p>[\/et_pb_text][et_pb_divider color=&#8221;#68a3cb&#8221; divider_weight=&#8221;4px&#8221; _builder_version=&#8221;3.26.3&#8243; width=&#8221;100%&#8221; width_tablet=&#8221;100%&#8221; width_phone=&#8221;100%&#8221; width_last_edited=&#8221;on|phone&#8221; max_width=&#8221;12%&#8221; max_width_tablet=&#8221;25%&#8221; max_width_phone=&#8221;25%&#8221; max_width_last_edited=&#8221;on|desktop&#8221; module_alignment=&#8221;center&#8221; height=&#8221;6px&#8221; custom_margin=&#8221;-15px||80px||false|false&#8221; custom_margin_tablet=&#8221;-15px||70px&#8221; custom_margin_phone=&#8221;-15px||70px&#8221; custom_margin_last_edited=&#8221;on|tablet&#8221; locked=&#8221;off&#8221; global_colors_info=&#8221;{}&#8221;][\/et_pb_divider][et_pb_text admin_label=&#8221;Description of the town&#8221; _builder_version=&#8221;4.9.1&#8243; text_font=&#8221;Roboto||||&#8221; text_font_size=&#8221;16px&#8221; text_line_height=&#8221;1.9em&#8221; link_font=&#8221;Roboto||||||||&#8221; link_text_color=&#8221;#68a3cb&#8221; link_font_size=&#8221;16px&#8221; link_line_height=&#8221;1.9em&#8221; ul_font=&#8221;||||||||&#8221; ol_font=&#8221;||||||||&#8221; quote_font=&#8221;||||||||&#8221; header_font=&#8221;Varela Round|700|||||||&#8221; header_text_align=&#8221;center&#8221; header_text_color=&#8221;#2a8a6f&#8221; header_font_size=&#8221;40px&#8221; header_line_height=&#8221;1.4em&#8221; header_2_font=&#8221;Varela Round|700|||||||&#8221; header_2_text_align=&#8221;center&#8221; header_2_text_color=&#8221;#2a8a6f&#8221; header_2_font_size=&#8221;36px&#8221; header_2_line_height=&#8221;1.4em&#8221; header_3_font=&#8221;Montserrat||||||||&#8221; header_3_text_align=&#8221;justify&#8221; header_3_text_color=&#8221;#555555&#8243; header_3_font_size=&#8221;20px&#8221; header_3_line_height=&#8221;1.4em&#8221; custom_margin=&#8221;0px||35px||false|false&#8221; custom_margin_tablet=&#8221;1px||25px||false|false&#8221; custom_margin_phone=&#8221;0px||30px||false|false&#8221; custom_margin_last_edited=&#8221;on|desktop&#8221; custom_padding=&#8221;|100px||100px&#8221; custom_padding_tablet=&#8221;|0px||0px&#8221; custom_padding_phone=&#8221;&#8221; custom_padding_last_edited=&#8221;on|desktop&#8221; animation_style=&#8221;slide&#8221; animation_direction=&#8221;top&#8221; animation_intensity_slide=&#8221;10%&#8221; text_font_size_tablet=&#8221;&#8221; text_font_size_phone=&#8221;15px&#8221; text_font_size_last_edited=&#8221;on|phone&#8221; link_font_size_tablet=&#8221;&#8221; link_font_size_phone=&#8221;15px&#8221; link_font_size_last_edited=&#8221;on|desktop&#8221; header_font_size_tablet=&#8221;30px&#8221; header_font_size_phone=&#8221;25px&#8221; header_font_size_last_edited=&#8221;on|phone&#8221; header_2_font_size_tablet=&#8221;25px&#8221; header_2_font_size_phone=&#8221;20px&#8221; header_2_font_size_last_edited=&#8221;on|phone&#8221; header_3_font_size_tablet=&#8221;16px&#8221; header_3_font_size_phone=&#8221;14px&#8221; header_3_font_size_last_edited=&#8221;on|desktop&#8221; saved_tabs=&#8221;all&#8221; locked=&#8221;off&#8221; global_colors_info=&#8221;{}&#8221; link_text_color__hover_enabled=&#8221;on&#8221; link_text_color__hover=&#8221;#fbba00&#8243;]<\/p>\n<p style=\"text-align: justify;\">Considerados entre las bah\u00edas m\u00e1s bellas del mundo, los Kotor Bouches (Boka Kotorska) se encuentran en el suroeste de Montenegro en la costa adri\u00e1tica. Este paisaje natural se asemeja a un fiordo, pero como no  exist\u00edan glaciares all\u00ed, estamos hablando de bocas, llenas de crecientes niveles del mar. Para disfrutar de la vista, te recomiendo que subas a la cima de la bonita ciudad medieval de Kotor. Despu\u00e9s de un ascenso bastante dif\u00edcil f\u00edsicamente a trav\u00e9s de escaleras sinuosas, ser\u00e1s recompensado con una incre\u00edble vista panor\u00e1mica. Por \u00faltimo, te aconsejo que visites las dos islas de las desembocaduras de Kotor, la isla de Notre-Dame-du-Rocher, que est\u00e1 ocupada por una iglesia cat\u00f3lica construida en el siglo XV y la isla de San Jorge, donde se puede ver la abad\u00eda de San Jorge, un monasterio construido por los benedictinos en el siglo IX.<\/p>\n<p>[\/et_pb_text][\/et_pb_column][\/et_pb_row][et_pb_row column_structure=&#8221;1_3,1_3,1_3&#8243; custom_padding_last_edited=&#8221;on|desktop&#8221; _builder_version=&#8221;3.26.3&#8243; background_size=&#8221;initial&#8221; background_position=&#8221;top_left&#8221; background_repeat=&#8221;repeat&#8221; custom_margin=&#8221;||80px||false|false&#8221; custom_margin_tablet=&#8221;||60px||false|false&#8221; custom_margin_phone=&#8221;-29px||60px||false|false&#8221; custom_margin_last_edited=&#8221;on|phone&#8221; custom_padding=&#8221;0|0px|0px|0px|false|false&#8221; custom_padding_tablet=&#8221;||0px|&#8221; custom_padding_phone=&#8221;0px||0px|&#8221; locked=&#8221;off&#8221; collapsed=&#8221;off&#8221; global_colors_info=&#8221;{}&#8221;][et_pb_column type=&#8221;1_3&#8243; _builder_version=&#8221;3.25&#8243; custom_padding=&#8221;|||&#8221; global_colors_info=&#8221;{}&#8221; custom_padding__hover=&#8221;|||&#8221;][et_pb_image src=&#8221;https:\/\/www.where2travel.com\/wp-content\/uploads\/2020\/07\/montenegro-bouches-de-kotor.jpg&#8221; alt=&#8221;Entre los paisajes naturales m\u00e1s hermosos en Europa: las bocas de Kotor en Montenegro&#8221; title_text=&#8221;montenegro-bocas-de-kotor&#8221; show_in_lightbox=&#8221;on&#8221; align_tablet=&#8221;center&#8221; align_phone=&#8221;&#8221; align_last_edited=&#8221;on|desktop&#8221; _builder_version=&#8221;4.9.1&#8243; custom_margin=&#8221;|0px||0px||false&#8221; custom_margin_tablet=&#8221;&#8221; custom_margin_phone=&#8221;|0px||0px||true&#8221; custom_margin_last_edited=&#8221;on|phone&#8221; animation_style=&#8221;slide&#8221; border_radii=&#8221;on|5px|5px|5px|5px&#8221; box_shadow_style=&#8221;preset6&#8243; global_colors_info=&#8221;{}&#8221;]&nbsp;<br \/>\n[\/et_pb_image][\/et_pb_column][et_pb_column type=&#8221;1_3&#8243; _builder_version=&#8221;3.25&#8243; custom_padding=&#8221;|||&#8221; global_colors_info=&#8221;{}&#8221; custom_padding__hover=&#8221;|||&#8221;][et_pb_image src=&#8221;https:\/\/www.where2travel.com\/wp-content\/uploads\/2020\/07\/montenegro-bouches-de-kotor-\u00eeles.jpg&#8221; alt=&#8221;Islas de las bocas de Kotor en Montenegro&#8221; title_text=&#8221;montenegro-bocas-de-islas-kotor&#8221; show_in_lightbox=&#8221;on&#8221; align_tablet=&#8221;center&#8221; align_phone=&#8221;&#8221; align_last_edited=&#8221;on|desktop&#8221; _builder_version=&#8221;4.9.1&#8243; custom_margin=&#8221;|0px||0px||false&#8221; custom_margin_tablet=&#8221;&#8221; custom_margin_phone=&#8221;|0px||0px||true&#8221; custom_margin_last_edited=&#8221;on|phone&#8221; animation_style=&#8221;slide&#8221; border_radii=&#8221;on|5px|5px|5px|5px&#8221; box_shadow_style=&#8221;preset6&#8243; global_colors_info=&#8221;{}&#8221;]&nbsp;<br \/>\n[\/et_pb_image][\/et_pb_column][et_pb_column type=&#8221;1_3&#8243; _builder_version=&#8221;3.25&#8243; custom_padding=&#8221;|||&#8221; global_colors_info=&#8221;{}&#8221; custom_padding__hover=&#8221;|||&#8221;][et_pb_image src=&#8221;https:\/\/www.where2travel.com\/wp-content\/uploads\/2020\/07\/montenegro-bouches-de-kotor-ville.jpg&#8221; alt=&#8221;Entre los paisajes naturales m\u00e1s hermosos de Europa: las bocas de Kotor&#8221; title_text=&#8221;montenegro-bocas-de-kotor-ciudad&#8221; show_in_lightbox=&#8221;on&#8221; align_tablet=&#8221;center&#8221; align_phone=&#8221;&#8221; align_last_edited=&#8221;on|desktop&#8221; _builder_version=&#8221;4.9.1&#8243; custom_margin=&#8221;|0px||0px||false&#8221; custom_margin_tablet=&#8221;&#8221; custom_margin_phone=&#8221;|0px||0px||true&#8221; custom_margin_last_edited=&#8221;on|phone&#8221; animation_style=&#8221;slide&#8221; border_radii=&#8221;on|5px|5px|5px|5px&#8221; box_shadow_style=&#8221;preset6&#8243; global_colors_info=&#8221;{}&#8221;]&nbsp;<br \/>\n[\/et_pb_image][\/et_pb_column][\/et_pb_row][et_pb_row admin_label=&#8221;Town 4&#8243; module_id=&#8221;Garde&#8221; _builder_version=&#8221;4.4.7&#8243; custom_margin_tablet=&#8221;&#8221; custom_margin_phone=&#8221;-50px||0px||false&#8221; custom_margin_last_edited=&#8221;on|desktop&#8221; custom_padding=&#8221;73px|0px|40.4688px|0px|false|false&#8221; global_colors_info=&#8221;{}&#8221;][et_pb_column type=&#8221;4_4&#8243; _builder_version=&#8221;3.25&#8243; custom_padding=&#8221;|||&#8221; global_colors_info=&#8221;{}&#8221; custom_padding__hover=&#8221;|||&#8221;][et_pb_text admin_label=&#8221;Bangkok&#8221; module_class=&#8221;anchor_img_text2&#8243; _builder_version=&#8221;4.9.1&#8243; text_font=&#8221;Roboto||||&#8221; text_text_color=&#8221;#1a1a1a&#8221; text_font_size=&#8221;24px&#8221; text_line_height=&#8221;1.4em&#8221; link_text_color=&#8221;#68a3cb&#8221; header_font=&#8221;||||||||&#8221; header_2_font=&#8221;Montserrat||||||||&#8221; header_2_text_color=&#8221;#000000&#8243; header_2_font_size=&#8221;20px&#8221; header_3_font=&#8221;Roboto|700|||||||&#8221; header_3_text_color=&#8221;#000000&#8243; header_3_font_size=&#8221;27px&#8221; header_3_line_height=&#8221;1.5em&#8221; custom_margin=&#8221;15px||||false|false&#8221; custom_margin_tablet=&#8221;&#8221; custom_margin_phone=&#8221;25px|||&#8221; custom_margin_last_edited=&#8221;on|phone&#8221; animation_style=&#8221;slide&#8221; animation_direction=&#8221;top&#8221; animation_intensity_slide=&#8221;10%&#8221; header_2_font_size_tablet=&#8221;&#8221; header_2_font_size_phone=&#8221;&#8221; header_2_font_size_last_edited=&#8221;on|desktop&#8221; header_3_font_size_tablet=&#8221;&#8221; header_3_font_size_phone=&#8221;22px&#8221; header_3_font_size_last_edited=&#8221;on|phone&#8221; global_colors_info=&#8221;{}&#8221;]<\/p>\n<h3 style=\"text-align: center;\"><a href=\"https:\/\/www.where2travel.com\/es\/paisajes-naturales-mas-bellos-europa\/#Mapa\"><img decoding=\"async\" src=\"https:\/\/www.where2travel.com\/wp-content\/uploads\/2019\/06\/Evaluation-Where2travel-N\u00b019.png\" alt=\"Number 19\" width=\"45\" height=\"45\">&nbsp;&nbsp;&nbsp;<\/a>Los grandes Lagos del norte de Italia<\/h3>\n<p>[\/et_pb_text][et_pb_divider color=&#8221;#68a3cb&#8221; divider_weight=&#8221;4px&#8221; _builder_version=&#8221;3.26.3&#8243; width=&#8221;100%&#8221; width_tablet=&#8221;100%&#8221; width_phone=&#8221;100%&#8221; width_last_edited=&#8221;on|phone&#8221; max_width=&#8221;12%&#8221; max_width_tablet=&#8221;25%&#8221; max_width_phone=&#8221;25%&#8221; max_width_last_edited=&#8221;on|desktop&#8221; module_alignment=&#8221;center&#8221; height=&#8221;6px&#8221; custom_margin=&#8221;-15px||80px||false|false&#8221; custom_margin_tablet=&#8221;-15px||70px&#8221; custom_margin_phone=&#8221;-15px||70px&#8221; custom_margin_last_edited=&#8221;on|tablet&#8221; locked=&#8221;off&#8221; global_colors_info=&#8221;{}&#8221;][\/et_pb_divider][et_pb_text admin_label=&#8221;Description of the town&#8221; _builder_version=&#8221;4.9.1&#8243; text_font=&#8221;Roboto||||&#8221; text_font_size=&#8221;16px&#8221; text_line_height=&#8221;1.9em&#8221; link_font=&#8221;Roboto||||||||&#8221; link_text_color=&#8221;#68a3cb&#8221; link_font_size=&#8221;16px&#8221; link_line_height=&#8221;1.9em&#8221; ul_font=&#8221;||||||||&#8221; ol_font=&#8221;||||||||&#8221; quote_font=&#8221;||||||||&#8221; header_font=&#8221;Varela Round|700|||||||&#8221; header_text_align=&#8221;center&#8221; header_text_color=&#8221;#2a8a6f&#8221; header_font_size=&#8221;40px&#8221; header_line_height=&#8221;1.4em&#8221; header_2_font=&#8221;Varela Round|700|||||||&#8221; header_2_text_align=&#8221;center&#8221; header_2_text_color=&#8221;#2a8a6f&#8221; header_2_font_size=&#8221;36px&#8221; header_2_line_height=&#8221;1.4em&#8221; header_3_font=&#8221;Montserrat||||||||&#8221; header_3_text_align=&#8221;justify&#8221; header_3_text_color=&#8221;#555555&#8243; header_3_font_size=&#8221;20px&#8221; header_3_line_height=&#8221;1.4em&#8221; custom_margin=&#8221;0px||35px||false|false&#8221; custom_margin_tablet=&#8221;1px||25px||false|false&#8221; custom_margin_phone=&#8221;0px||30px||false|false&#8221; custom_margin_last_edited=&#8221;on|desktop&#8221; custom_padding=&#8221;|100px||100px&#8221; custom_padding_tablet=&#8221;|0px||0px&#8221; custom_padding_phone=&#8221;&#8221; custom_padding_last_edited=&#8221;on|desktop&#8221; animation_style=&#8221;slide&#8221; animation_direction=&#8221;top&#8221; animation_intensity_slide=&#8221;10%&#8221; text_font_size_tablet=&#8221;&#8221; text_font_size_phone=&#8221;15px&#8221; text_font_size_last_edited=&#8221;on|phone&#8221; link_font_size_tablet=&#8221;&#8221; link_font_size_phone=&#8221;15px&#8221; link_font_size_last_edited=&#8221;on|desktop&#8221; header_font_size_tablet=&#8221;30px&#8221; header_font_size_phone=&#8221;25px&#8221; header_font_size_last_edited=&#8221;on|phone&#8221; header_2_font_size_tablet=&#8221;25px&#8221; header_2_font_size_phone=&#8221;20px&#8221; header_2_font_size_last_edited=&#8221;on|phone&#8221; header_3_font_size_tablet=&#8221;16px&#8221; header_3_font_size_phone=&#8221;14px&#8221; header_3_font_size_last_edited=&#8221;on|desktop&#8221; saved_tabs=&#8221;all&#8221; locked=&#8221;off&#8221; global_colors_info=&#8221;{}&#8221; link_text_color__hover_enabled=&#8221;on&#8221; link_text_color__hover=&#8221;#fbba00&#8243;]<\/p>\n<p style=\"text-align: justify;\">Los lagos italianos se encuentran entre los paisajes naturales m\u00e1s hermosos del pa\u00eds para visitar. Situados en el norte de Italia, cerca de la frontera suiza, esta regi\u00f3n de los grandes lagos satisfar\u00e1 a los amantes de la naturaleza y los entusiastas de los deportes al aire libre. En el lago Maggiore, el lago de Garda y el lago de Como, por nombrar s\u00f3lo algunos, descubrir\u00e1s  hermosos peque\u00f1os pueblos, castillos antiguos, iglesias y monasterios. Por \u00faltimo, alrededor de los lagos, se puede disfrutar de sus hermosos paisajes naturales simplemente relajarte en sus playas, ir en bicicleta a lo largo de sus orillas o navegar por sus aguas tranquilas.<\/p>\n<p>[\/et_pb_text][\/et_pb_column][\/et_pb_row][et_pb_row column_structure=&#8221;1_3,1_3,1_3&#8243; custom_padding_last_edited=&#8221;on|desktop&#8221; _builder_version=&#8221;3.26.3&#8243; background_size=&#8221;initial&#8221; background_position=&#8221;top_left&#8221; background_repeat=&#8221;repeat&#8221; custom_margin=&#8221;||80px||false|false&#8221; custom_margin_tablet=&#8221;||60px||false|false&#8221; custom_margin_phone=&#8221;-29px||60px||false|false&#8221; custom_margin_last_edited=&#8221;on|phone&#8221; custom_padding=&#8221;0|0px|0px|0px|false|false&#8221; custom_padding_tablet=&#8221;||0px|&#8221; custom_padding_phone=&#8221;0px||0px|&#8221; locked=&#8221;off&#8221; collapsed=&#8221;off&#8221; global_colors_info=&#8221;{}&#8221;][et_pb_column type=&#8221;1_3&#8243; _builder_version=&#8221;3.25&#8243; custom_padding=&#8221;|||&#8221; global_colors_info=&#8221;{}&#8221; custom_padding__hover=&#8221;|||&#8221;][et_pb_image src=&#8221;https:\/\/www.where2travel.com\/wp-content\/uploads\/2020\/07\/Italie-grands-lacs.jpg&#8221; alt=&#8221;Los lagos del norte de Italia, uno de los paisajes naturales m\u00e1s hermosos en Europa&#8221; title_text=&#8221;italia-grandes-lagos&#8221; show_in_lightbox=&#8221;on&#8221; align_tablet=&#8221;center&#8221; align_phone=&#8221;&#8221; align_last_edited=&#8221;on|desktop&#8221; _builder_version=&#8221;4.9.1&#8243; custom_margin=&#8221;|0px||0px||false&#8221; custom_margin_tablet=&#8221;&#8221; custom_margin_phone=&#8221;|0px||0px||true&#8221; custom_margin_last_edited=&#8221;on|phone&#8221; animation_style=&#8221;slide&#8221; border_radii=&#8221;on|5px|5px|5px|5px&#8221; box_shadow_style=&#8221;preset6&#8243; global_colors_info=&#8221;{}&#8221;]&nbsp;<br \/>\n[\/et_pb_image][\/et_pb_column][et_pb_column type=&#8221;1_3&#8243; _builder_version=&#8221;3.25&#8243; custom_padding=&#8221;|||&#8221; global_colors_info=&#8221;{}&#8221; custom_padding__hover=&#8221;|||&#8221;][et_pb_image src=&#8221;https:\/\/www.where2travel.com\/wp-content\/uploads\/2021\/03\/Italie-grands-lacs-plage.jpg&#8221; alt=&#8221;Playa a orillas de los grandes lagos del norte de Italia&#8221; title_text=&#8221;italia-playa-de-los-grandes-lagos&#8221; show_in_lightbox=&#8221;on&#8221; align_tablet=&#8221;center&#8221; align_phone=&#8221;&#8221; align_last_edited=&#8221;on|desktop&#8221; _builder_version=&#8221;4.9.1&#8243; custom_margin=&#8221;|0px||0px||false&#8221; custom_margin_tablet=&#8221;&#8221; custom_margin_phone=&#8221;|0px||0px||true&#8221; custom_margin_last_edited=&#8221;on|phone&#8221; animation_style=&#8221;slide&#8221; border_radii=&#8221;on|5px|5px|5px|5px&#8221; box_shadow_style=&#8221;preset6&#8243; global_colors_info=&#8221;{}&#8221;]&nbsp;<br \/>\n[\/et_pb_image][\/et_pb_column][et_pb_column type=&#8221;1_3&#8243; _builder_version=&#8221;3.25&#8243; custom_padding=&#8221;|||&#8221; global_colors_info=&#8221;{}&#8221; custom_padding__hover=&#8221;|||&#8221;][et_pb_image src=&#8221;https:\/\/www.where2travel.com\/wp-content\/uploads\/2020\/07\/Italie-grands-lacs-village.jpg&#8221; alt=&#8221;Top 20 de los paisajes naturales m\u00e1s hermosos en Europa &#8211; Bonito pueblo junto a los lagos del norte de Italia&#8221; title_text=&#8221;italia-grandes-lagos-pueblo&#8221; show_in_lightbox=&#8221;on&#8221; align_tablet=&#8221;center&#8221; align_phone=&#8221;&#8221; align_last_edited=&#8221;on|desktop&#8221; _builder_version=&#8221;4.9.1&#8243; custom_margin=&#8221;|0px||0px||false&#8221; custom_margin_tablet=&#8221;&#8221; custom_margin_phone=&#8221;|0px||0px||true&#8221; custom_margin_last_edited=&#8221;on|phone&#8221; animation_style=&#8221;slide&#8221; border_radii=&#8221;on|5px|5px|5px|5px&#8221; box_shadow_style=&#8221;preset6&#8243; global_colors_info=&#8221;{}&#8221;]&nbsp;<br \/>\n[\/et_pb_image][\/et_pb_column][\/et_pb_row][et_pb_row admin_label=&#8221;Town 4&#8243; module_id=&#8221;Kravica&#8221; _builder_version=&#8221;4.4.7&#8243; custom_margin_tablet=&#8221;&#8221; custom_margin_phone=&#8221;-50px||0px||false&#8221; custom_margin_last_edited=&#8221;on|desktop&#8221; custom_padding=&#8221;73px|0px|40.4688px|0px|false|false&#8221; global_colors_info=&#8221;{}&#8221;][et_pb_column type=&#8221;4_4&#8243; _builder_version=&#8221;3.25&#8243; custom_padding=&#8221;|||&#8221; global_colors_info=&#8221;{}&#8221; custom_padding__hover=&#8221;|||&#8221;][et_pb_text admin_label=&#8221;Bangkok&#8221; module_class=&#8221;anchor_img_text2&#8243; _builder_version=&#8221;4.9.1&#8243; text_font=&#8221;Roboto||||&#8221; text_text_color=&#8221;#1a1a1a&#8221; text_font_size=&#8221;24px&#8221; text_line_height=&#8221;1.4em&#8221; link_text_color=&#8221;#68a3cb&#8221; header_font=&#8221;||||||||&#8221; header_2_font=&#8221;Montserrat||||||||&#8221; header_2_text_color=&#8221;#000000&#8243; header_2_font_size=&#8221;20px&#8221; header_3_font=&#8221;Roboto|700|||||||&#8221; header_3_text_color=&#8221;#000000&#8243; header_3_font_size=&#8221;27px&#8221; header_3_line_height=&#8221;1.5em&#8221; custom_margin=&#8221;15px||||false|false&#8221; custom_margin_tablet=&#8221;&#8221; custom_margin_phone=&#8221;25px|||&#8221; custom_margin_last_edited=&#8221;on|phone&#8221; animation_style=&#8221;slide&#8221; animation_direction=&#8221;top&#8221; animation_intensity_slide=&#8221;10%&#8221; header_2_font_size_tablet=&#8221;&#8221; header_2_font_size_phone=&#8221;&#8221; header_2_font_size_last_edited=&#8221;on|desktop&#8221; header_3_font_size_tablet=&#8221;&#8221; header_3_font_size_phone=&#8221;22px&#8221; header_3_font_size_last_edited=&#8221;on|phone&#8221; global_colors_info=&#8221;{}&#8221;]<\/p>\n<h3 style=\"text-align: center;\"><a href=\"https:\/\/www.where2travel.com\/es\/paisajes-naturales-mas-bellos-europa\/#Mapa\"><img decoding=\"async\" src=\"https:\/\/www.where2travel.com\/wp-content\/uploads\/2019\/06\/Evaluation-Where2travel-N\u00b020.png\" alt=\"Number 20\" width=\"45\" height=\"45\" \/>\u00a0\u00a0\u00a0<\/a>Las cataratas Kravica en Bosnia Herzegovina<\/h3>\n<p>[\/et_pb_text][et_pb_divider color=&#8221;#68a3cb&#8221; divider_weight=&#8221;4px&#8221; _builder_version=&#8221;3.26.3&#8243; width=&#8221;100%&#8221; width_tablet=&#8221;100%&#8221; width_phone=&#8221;100%&#8221; width_last_edited=&#8221;on|phone&#8221; max_width=&#8221;12%&#8221; max_width_tablet=&#8221;25%&#8221; max_width_phone=&#8221;25%&#8221; max_width_last_edited=&#8221;on|desktop&#8221; module_alignment=&#8221;center&#8221; height=&#8221;6px&#8221; custom_margin=&#8221;-15px||80px||false|false&#8221; custom_margin_tablet=&#8221;-15px||70px&#8221; custom_margin_phone=&#8221;-15px||70px&#8221; custom_margin_last_edited=&#8221;on|tablet&#8221; locked=&#8221;off&#8221; global_colors_info=&#8221;{}&#8221;][\/et_pb_divider][et_pb_text admin_label=&#8221;Description of the town&#8221; _builder_version=&#8221;4.9.1&#8243; text_font=&#8221;Roboto||||&#8221; text_font_size=&#8221;16px&#8221; text_line_height=&#8221;1.9em&#8221; link_font=&#8221;Roboto||||||||&#8221; link_text_color=&#8221;#68a3cb&#8221; link_font_size=&#8221;16px&#8221; link_line_height=&#8221;1.9em&#8221; ul_font=&#8221;||||||||&#8221; ol_font=&#8221;||||||||&#8221; quote_font=&#8221;||||||||&#8221; header_font=&#8221;Varela Round|700|||||||&#8221; header_text_align=&#8221;center&#8221; header_text_color=&#8221;#2a8a6f&#8221; header_font_size=&#8221;40px&#8221; header_line_height=&#8221;1.4em&#8221; header_2_font=&#8221;Varela Round|700|||||||&#8221; header_2_text_align=&#8221;center&#8221; header_2_text_color=&#8221;#2a8a6f&#8221; header_2_font_size=&#8221;36px&#8221; header_2_line_height=&#8221;1.4em&#8221; header_3_font=&#8221;Montserrat||||||||&#8221; header_3_text_align=&#8221;justify&#8221; header_3_text_color=&#8221;#555555&#8243; header_3_font_size=&#8221;20px&#8221; header_3_line_height=&#8221;1.4em&#8221; custom_margin=&#8221;0px||35px||false|false&#8221; custom_margin_tablet=&#8221;1px||25px||false|false&#8221; custom_margin_phone=&#8221;0px||30px||false|false&#8221; custom_margin_last_edited=&#8221;on|desktop&#8221; custom_padding=&#8221;|100px||100px&#8221; custom_padding_tablet=&#8221;|0px||0px&#8221; custom_padding_phone=&#8221;&#8221; custom_padding_last_edited=&#8221;on|desktop&#8221; animation_style=&#8221;slide&#8221; animation_direction=&#8221;top&#8221; animation_intensity_slide=&#8221;10%&#8221; text_font_size_tablet=&#8221;&#8221; text_font_size_phone=&#8221;15px&#8221; text_font_size_last_edited=&#8221;on|phone&#8221; link_font_size_tablet=&#8221;&#8221; link_font_size_phone=&#8221;15px&#8221; link_font_size_last_edited=&#8221;on|desktop&#8221; header_font_size_tablet=&#8221;30px&#8221; header_font_size_phone=&#8221;25px&#8221; header_font_size_last_edited=&#8221;on|phone&#8221; header_2_font_size_tablet=&#8221;25px&#8221; header_2_font_size_phone=&#8221;20px&#8221; header_2_font_size_last_edited=&#8221;on|phone&#8221; header_3_font_size_tablet=&#8221;16px&#8221; header_3_font_size_phone=&#8221;14px&#8221; header_3_font_size_last_edited=&#8221;on|desktop&#8221; saved_tabs=&#8221;all&#8221; locked=&#8221;off&#8221; global_colors_info=&#8221;{}&#8221; link_text_color__hover_enabled=&#8221;on&#8221; link_text_color__hover=&#8221;#fbba00&#8243;]<\/p>\n<p style=\"text-align: justify;\">Kravica Falls se encuentra en el r\u00edo Trebizat en el suroeste de Bosnia y Herzegovina. Son una de las atracciones tur\u00edsticas imprescindibles del pa\u00eds gracias a estas majestuosas cascadas en forma de arco de 26 metros de altura y 120 metros de ancho. Adem\u00e1s, Kravica Falls tiene un espl\u00e9ndido entorno natural virgen, en el que incluso es posible nadar, y donde se puede descubrir algunos molinos de agua que antes fueron alimentados por las cataratas.<\/p>\n<p>[\/et_pb_text][\/et_pb_column][\/et_pb_row][et_pb_row column_structure=&#8221;1_3,1_3,1_3&#8243; custom_padding_last_edited=&#8221;on|desktop&#8221; _builder_version=&#8221;4.9.1&#8243; background_size=&#8221;initial&#8221; background_position=&#8221;top_left&#8221; background_repeat=&#8221;repeat&#8221; custom_margin=&#8221;||150px||false|false&#8221; custom_margin_tablet=&#8221;||250px||false|false&#8221; custom_margin_phone=&#8221;-29px||200px||false|false&#8221; custom_margin_last_edited=&#8221;on|phone&#8221; custom_padding=&#8221;0|0px|0px|0px|false|false&#8221; custom_padding_tablet=&#8221;||0px|&#8221; custom_padding_phone=&#8221;0px||0px|&#8221; locked=&#8221;off&#8221; collapsed=&#8221;off&#8221; global_colors_info=&#8221;{}&#8221;][et_pb_column type=&#8221;1_3&#8243; _builder_version=&#8221;3.25&#8243; custom_padding=&#8221;|||&#8221; global_colors_info=&#8221;{}&#8221; custom_padding__hover=&#8221;|||&#8221;][et_pb_image src=&#8221;https:\/\/www.where2travel.com\/wp-content\/uploads\/2020\/07\/Bosnie-herzegovine-chutes-kravica-vue-panoramique.jpg&#8221; alt=&#8221;Entre los paisajes naturales m\u00e1s hermosos en Europa: las cascadas de Kravica&#8221; title_text=&#8221;bosnia-herzegovina-kravica-cascadas-vista-panor\u00e1mica&#8221; show_in_lightbox=&#8221;on&#8221; align_tablet=&#8221;center&#8221; align_phone=&#8221;&#8221; align_last_edited=&#8221;on|desktop&#8221; _builder_version=&#8221;4.9.1&#8243; custom_margin=&#8221;|0px||0px||false&#8221; custom_margin_tablet=&#8221;&#8221; custom_margin_phone=&#8221;|0px||0px||true&#8221; custom_margin_last_edited=&#8221;on|phone&#8221; animation_style=&#8221;slide&#8221; border_radii=&#8221;on|5px|5px|5px|5px&#8221; box_shadow_style=&#8221;preset6&#8243; global_colors_info=&#8221;{}&#8221;]&nbsp;<br \/>\n[\/et_pb_image][\/et_pb_column][et_pb_column type=&#8221;1_3&#8243; _builder_version=&#8221;3.25&#8243; custom_padding=&#8221;|||&#8221; global_colors_info=&#8221;{}&#8221; custom_padding__hover=&#8221;|||&#8221;][et_pb_image src=&#8221;https:\/\/www.where2travel.com\/wp-content\/uploads\/2020\/07\/Bosnie-herzegovine-cascades-kravica.jpg&#8221; alt=&#8221;Un des plus magnifiques paysages naturels en Europe : les chutes d&#8217;eau de Kravica en Bosnie Herzegovine&#8221; title_text=&#8221;Bosnie-herzegovine-cascades-kravica&#8221; show_in_lightbox=&#8221;on&#8221; align_tablet=&#8221;center&#8221; align_phone=&#8221;&#8221; align_last_edited=&#8221;on|desktop&#8221; _builder_version=&#8221;4.4.9&#8243; custom_margin=&#8221;|0px||0px||false&#8221; custom_margin_tablet=&#8221;&#8221; custom_margin_phone=&#8221;|0px||0px||true&#8221; custom_margin_last_edited=&#8221;on|phone&#8221; animation_style=&#8221;slide&#8221; border_radii=&#8221;on|5px|5px|5px|5px&#8221; box_shadow_style=&#8221;preset6&#8243; global_colors_info=&#8221;{}&#8221;]&nbsp;<br \/>\n[\/et_pb_image][\/et_pb_column][et_pb_column type=&#8221;1_3&#8243; _builder_version=&#8221;3.25&#8243; custom_padding=&#8221;|||&#8221; global_colors_info=&#8221;{}&#8221; custom_padding__hover=&#8221;|||&#8221;][et_pb_image src=&#8221;https:\/\/www.where2travel.com\/wp-content\/uploads\/2020\/07\/Bosnie-herzegovine-chutes-kravica-rivi\u00e8re.jpg&#8221; alt=&#8221;Plus magnifiques paysages naturels en Europe : les chutes de Kravica&#8221; title_text=&#8221;Bosnie-herzegovine-chutes-kravica-rivi\u00e8re&#8221; show_in_lightbox=&#8221;on&#8221; align_tablet=&#8221;center&#8221; align_phone=&#8221;&#8221; align_last_edited=&#8221;on|desktop&#8221; _builder_version=&#8221;4.4.9&#8243; custom_margin=&#8221;|0px||0px||false&#8221; custom_margin_tablet=&#8221;&#8221; custom_margin_phone=&#8221;|0px||0px||true&#8221; custom_margin_last_edited=&#8221;on|phone&#8221; animation_style=&#8221;slide&#8221; border_radii=&#8221;on|5px|5px|5px|5px&#8221; box_shadow_style=&#8221;preset6&#8243; global_colors_info=&#8221;{}&#8221;]&nbsp;<br \/>\n[\/et_pb_image][\/et_pb_column][\/et_pb_row][et_pb_row _builder_version=&#8221;3.25&#8243; locked=&#8221;off&#8221; global_colors_info=&#8221;{}&#8221;][et_pb_column type=&#8221;4_4&#8243; _builder_version=&#8221;3.25&#8243; custom_padding=&#8221;|||&#8221; global_colors_info=&#8221;{}&#8221; custom_padding__hover=&#8221;|||&#8221;][et_pb_button button_url=&#8221;https:\/\/www.where2travel.com\/es\/paisajes-naturales-mas-bellos-europa\/&#8221; button_text=&#8221;P\u00e1gina anterior&#8221; button_alignment=&#8221;center&#8221; _builder_version=&#8221;4.9.1&#8243; custom_button=&#8221;on&#8221; button_text_size=&#8221;36px&#8221; button_text_color=&#8221;#113e5d&#8221; button_bg_color=&#8221;#fbba00&#8243; button_border_color=&#8221;#fbba00&#8243; button_font=&#8221;Oswald|600||on|||||&#8221; custom_margin=&#8221;-40px||0px||false|false&#8221; custom_margin_tablet=&#8221;-50px||0px||false|false&#8221; custom_margin_phone=&#8221;-40px||0px||false|false&#8221; custom_margin_last_edited=&#8221;on|desktop&#8221; button_text_size_tablet=&#8221;30px&#8221; button_text_size_phone=&#8221;28px&#8221; button_text_size_last_edited=&#8221;on|phone&#8221; global_colors_info=&#8221;{}&#8221; button_text_color__hover=&#8221;#113e5d&#8221; button_text_color__hover_enabled=&#8221;on&#8221; button_bg_color__hover=&#8221;#fbba00&#8243; button_bg_color__hover_enabled=&#8221;on&#8221; button_border_color__hover=&#8221;#fbba00&#8243; button_border_color__hover_enabled=&#8221;on&#8221;][\/et_pb_button][\/et_pb_column][\/et_pb_row][\/et_pb_section][et_pb_section fb_built=&#8221;1&#8243; disabled_on=&#8221;on|on|on&#8221; module_id=&#8221;section-what&#8221; _builder_version=&#8221;4.9.1&#8243; background_color=&#8221;#ffffff&#8221; custom_margin=&#8221;0px|||&#8221; custom_margin_tablet=&#8221;&#8221; custom_margin_phone=&#8221;3px||10px|&#8221; custom_margin_last_edited=&#8221;on|desktop&#8221; custom_padding=&#8221;0|0px|0px|0px|false|false&#8221; top_divider_color=&#8221;#68a3cb&#8221; top_divider_height=&#8221;240px&#8221; top_divider_flip=&#8221;vertical&#8221; top_divider_height_tablet=&#8221;175px&#8221; top_divider_height_phone=&#8221;140px&#8221; top_divider_height_last_edited=&#8221;on|tablet&#8221; bottom_divider_color=&#8221;#68a3cb&#8221; bottom_divider_height=&#8221;240px&#8221; bottom_divider_flip=&#8221;horizontal&#8221; bottom_divider_arrangement=&#8221;above_content&#8221; bottom_divider_height_tablet=&#8221;175px&#8221; bottom_divider_height_phone=&#8221;140px&#8221; bottom_divider_height_last_edited=&#8221;on|phone&#8221; border_color_top=&#8221;rgba(0,48,71,0.27)&#8221; disabled=&#8221;on&#8221; locked=&#8221;off&#8221; global_colors_info=&#8221;{}&#8221;][et_pb_row custom_padding_last_edited=&#8221;on|desktop&#8221; _builder_version=&#8221;3.26.5&#8243; custom_margin=&#8221;100px||0px|&#8221; custom_margin_tablet=&#8221;70px|||&#8221; custom_margin_phone=&#8221;80px|||&#8221; custom_margin_last_edited=&#8221;on|desktop&#8221; custom_padding=&#8221;0px|0px|80px|0px|false|false&#8221; custom_padding_tablet=&#8221;||125px|&#8221; custom_padding_phone=&#8221;||88px|&#8221; global_colors_info=&#8221;{}&#8221;][et_pb_column type=&#8221;4_4&#8243; _builder_version=&#8221;3.25&#8243; custom_padding=&#8221;|||&#8221; global_colors_info=&#8221;{}&#8221; custom_padding__hover=&#8221;|||&#8221;][et_pb_text admin_label=&#8221;Countries best to visit in January&#8221; _builder_version=&#8221;4.4.7&#8243; text_font=&#8221;||||&#8221; text_text_color=&#8221;#1a1a1a&#8221; link_text_color=&#8221;#68a3cb&#8221; header_font=&#8221;Oswald|on||on|&#8221; header_text_align=&#8221;right&#8221; header_font_size=&#8221;60px&#8221; header_line_height=&#8221;1.3em&#8221; header_2_font=&#8221;Oswald|on||on|&#8221; header_2_text_align=&#8221;left&#8221; header_2_text_color=&#8221;#113e5d&#8221; header_2_font_size=&#8221;60px&#8221; header_2_line_height=&#8221;1.3em&#8221; custom_margin=&#8221;-10px|1vw|0px|1vw|false|true&#8221; custom_margin_tablet=&#8221;-10px|-2vw|-30px|-2vw|false|true&#8221; custom_margin_phone=&#8221;-10px|0vw|-20px|0vw|false|true&#8221; custom_margin_last_edited=&#8221;on|tablet&#8221; animation_style=&#8221;slide&#8221; animation_direction=&#8221;top&#8221; animation_intensity_slide=&#8221;10%&#8221; header_font_size_tablet=&#8221;&#8221; header_font_size_phone=&#8221;&#8221; header_font_size_last_edited=&#8221;on|phone&#8221; header_2_font_size_tablet=&#8221;55px&#8221; header_2_font_size_phone=&#8221;40px&#8221; header_2_font_size_last_edited=&#8221;on|phone&#8221; global_colors_info=&#8221;{}&#8221;]<\/p>\n<h2 style=\"text-align: center;\">Quelques autres tr\u00e8s beaux sites naturels \u00e0 voir en Europe<\/h2>\n<p>[\/et_pb_text][\/et_pb_column][\/et_pb_row][et_pb_row _builder_version=&#8221;4.4.2&#8243; locked=&#8221;off&#8221; global_colors_info=&#8221;{}&#8221;][et_pb_column type=&#8221;4_4&#8243; _builder_version=&#8221;4.4.2&#8243; global_colors_info=&#8221;{}&#8221;][et_pb_text _builder_version=&#8221;4.4.4&#8243; link_text_color=&#8221;#68a3cb&#8221; header_text_align=&#8221;center&#8221; text_orientation=&#8221;center&#8221; module_alignment=&#8221;center&#8221; custom_margin=&#8221;|||100px|false|false&#8221; custom_margin_tablet=&#8221;|||40px|false|false&#8221; custom_margin_phone=&#8221;|||25px|false|false&#8221; custom_margin_last_edited=&#8221;on|desktop&#8221; global_colors_info=&#8221;{}&#8221;]<\/p>\n<style type='text\/css'>\n    #ngg-gallery-64469209a7e6c385b3e6cff241b22836 .ngg-pro-masonry-item {\n        margin-bottom: 10px;\n    }\n<\/style>\n<div class=\"ngg-pro-masonry-wrapper\">\n    <div class=\"ngg-pro-masonry-spinner\">\n        <i class='fa fa-spin fa-spinner'><\/i>\n    <\/div>\n    <div class=\"ngg-pro-masonry\" id=\"ngg-gallery-64469209a7e6c385b3e6cff241b22836\">\n        <div class='ngg-pro-masonry-gutter' style='width: 10px'><\/div>\n        <div class='ngg-pro-masonry-sizer' style='width: 280px'><\/div>\n                    <div class='ngg-pro-masonry-item' style='height: 187px; max-width: 280px;'>\n                <a href=\"https:\/\/www.where2travel.com\/wp-content\/gallery\/iceland-best-pics\/circular-waterfall-godafoss-iceland.jpg\"\n                   title=\"Go\u00f0afoss\"\n                   data-src=\"https:\/\/www.where2travel.com\/wp-content\/gallery\/iceland-best-pics\/circular-waterfall-godafoss-iceland.jpg\"\n                   data-thumbnail=\"https:\/\/www.where2travel.com\/wp-content\/gallery\/iceland-best-pics\/cache\/circular-waterfall-godafoss-iceland.jpg-nggid03263-ngg0dyn-560x0-00f0w010c010r110f110r010t010.jpg\"\n                   data-image-id=\"263\"\n                   data-title=\"Circular waterfall Godafoss in Iceland\"\n                   data-description=\"Go\u00f0afoss\"\n                   data-ngg-captions-nostylecopy=\"1\"\n                    class='nextgen_pro_lightbox' data-nplmodal-gallery-id='64469209a7e6c385b3e6cff241b22836' data-ngg-protect=\"1\" data-ngg-captions-enabled=\"1\" data-ngg-captions-id=\"64469209a7e6c385b3e6cff241b22836\">\n                    <picture>\n\t\n<source srcset='https:\/\/www.where2travel.com\/wp-content\/gallery\/iceland-best-pics\/cache\/circular-waterfall-godafoss-iceland.jpg-nggid03263-ngg0dyn-280x0-00f0w010c010r110f110r010t010.jpg, https:\/\/www.where2travel.com\/wp-content\/gallery\/iceland-best-pics\/cache\/circular-waterfall-godafoss-iceland.jpg-nggid03263-ngg0dyn-560x0-00f0w010c010r110f110r010t010.jpg 2x' media=''>\n<img title=\"Circular waterfall Godafoss in Iceland\" alt=\"Circular waterfall Godafoss in Iceland\" width=\"280\" height=\"187\" style=\"max-width:280px;max-height:187px\" src=\"https:\/\/www.where2travel.com\/wp-content\/gallery\/iceland-best-pics\/cache\/circular-waterfall-godafoss-iceland.jpg-nggid03263-ngg0dyn-280x0-00f0w010c010r110f110r010t010.jpg\" srcset=\"https:\/\/www.where2travel.com\/wp-content\/gallery\/iceland-best-pics\/cache\/circular-waterfall-godafoss-iceland.jpg-nggid03263-ngg0dyn-280x0-00f0w010c010r110f110r010t010.jpg, https:\/\/www.where2travel.com\/wp-content\/gallery\/iceland-best-pics\/cache\/circular-waterfall-godafoss-iceland.jpg-nggid03263-ngg0dyn-560x0-00f0w010c010r110f110r010t010.jpg 2x\" onerror=\"nggRetryFailedImage(this);\"\/>\n<\/picture>                <\/a>\n            <\/div>\n                                            <div class='ngg-pro-masonry-item' style='height: 187px; max-width: 280px;'>\n                <a href=\"https:\/\/www.where2travel.com\/wp-content\/gallery\/iceland-best-pics\/dettifoss-iceland.jpg\"\n                   title=\"Dettifoss\"\n                   data-src=\"https:\/\/www.where2travel.com\/wp-content\/gallery\/iceland-best-pics\/dettifoss-iceland.jpg\"\n                   data-thumbnail=\"https:\/\/www.where2travel.com\/wp-content\/gallery\/iceland-best-pics\/cache\/dettifoss-iceland.jpg-nggid03264-ngg0dyn-560x0-00f0w010c010r110f110r010t010.jpg\"\n                   data-image-id=\"264\"\n                   data-title=\"Dettifoss waterfall in Iceland\"\n                   data-description=\"Dettifoss\"\n                   data-ngg-captions-nostylecopy=\"1\"\n                    class='nextgen_pro_lightbox' data-nplmodal-gallery-id='64469209a7e6c385b3e6cff241b22836' data-ngg-protect=\"1\" data-ngg-captions-enabled=\"1\" data-ngg-captions-id=\"64469209a7e6c385b3e6cff241b22836\">\n                    <picture>\n\t\n<source srcset='https:\/\/www.where2travel.com\/wp-content\/gallery\/iceland-best-pics\/cache\/dettifoss-iceland.jpg-nggid03264-ngg0dyn-280x0-00f0w010c010r110f110r010t010.jpg, https:\/\/www.where2travel.com\/wp-content\/gallery\/iceland-best-pics\/cache\/dettifoss-iceland.jpg-nggid03264-ngg0dyn-560x0-00f0w010c010r110f110r010t010.jpg 2x' media=''>\n<img title=\"Dettifoss waterfall in Iceland\" alt=\"Dettifoss waterfall in Iceland\" width=\"280\" height=\"187\" style=\"max-width:280px;max-height:187px\" src=\"https:\/\/www.where2travel.com\/wp-content\/gallery\/iceland-best-pics\/cache\/dettifoss-iceland.jpg-nggid03264-ngg0dyn-280x0-00f0w010c010r110f110r010t010.jpg\" srcset=\"https:\/\/www.where2travel.com\/wp-content\/gallery\/iceland-best-pics\/cache\/dettifoss-iceland.jpg-nggid03264-ngg0dyn-280x0-00f0w010c010r110f110r010t010.jpg, https:\/\/www.where2travel.com\/wp-content\/gallery\/iceland-best-pics\/cache\/dettifoss-iceland.jpg-nggid03264-ngg0dyn-560x0-00f0w010c010r110f110r010t010.jpg 2x\" onerror=\"nggRetryFailedImage(this);\"\/>\n<\/picture>                <\/a>\n            <\/div>\n                                            <div class='ngg-pro-masonry-item' style='height: 157px; max-width: 280px;'>\n                <a href=\"https:\/\/www.where2travel.com\/wp-content\/gallery\/iceland-best-pics\/iceberg-lagoon-pink-sky-jokulsarlon.jpg\"\n                   title=\"Jokulsarlon iceberg lagoon\"\n                   data-src=\"https:\/\/www.where2travel.com\/wp-content\/gallery\/iceland-best-pics\/iceberg-lagoon-pink-sky-jokulsarlon.jpg\"\n                   data-thumbnail=\"https:\/\/www.where2travel.com\/wp-content\/gallery\/iceland-best-pics\/cache\/iceberg-lagoon-pink-sky-jokulsarlon.jpg-nggid03268-ngg0dyn-560x0-00f0w010c010r110f110r010t010.jpg\"\n                   data-image-id=\"268\"\n                   data-title=\"Sundet on Jokulsarlon iceberg lagoon\"\n                   data-description=\"Jokulsarlon iceberg lagoon\"\n                   data-ngg-captions-nostylecopy=\"1\"\n                    class='nextgen_pro_lightbox' data-nplmodal-gallery-id='64469209a7e6c385b3e6cff241b22836' data-ngg-protect=\"1\" data-ngg-captions-enabled=\"1\" data-ngg-captions-id=\"64469209a7e6c385b3e6cff241b22836\">\n                    <picture>\n\t\n<source srcset='https:\/\/www.where2travel.com\/wp-content\/gallery\/iceland-best-pics\/cache\/iceberg-lagoon-pink-sky-jokulsarlon.jpg-nggid03268-ngg0dyn-280x0-00f0w010c010r110f110r010t010.jpg, https:\/\/www.where2travel.com\/wp-content\/gallery\/iceland-best-pics\/cache\/iceberg-lagoon-pink-sky-jokulsarlon.jpg-nggid03268-ngg0dyn-560x0-00f0w010c010r110f110r010t010.jpg 2x' media=''>\n<img title=\"Sundet on Jokulsarlon iceberg lagoon\" alt=\"Sundet on Jokulsarlon iceberg lagoon\" width=\"280\" height=\"157\" style=\"max-width:280px;max-height:157px\" src=\"https:\/\/www.where2travel.com\/wp-content\/gallery\/iceland-best-pics\/cache\/iceberg-lagoon-pink-sky-jokulsarlon.jpg-nggid03268-ngg0dyn-280x0-00f0w010c010r110f110r010t010.jpg\" srcset=\"https:\/\/www.where2travel.com\/wp-content\/gallery\/iceland-best-pics\/cache\/iceberg-lagoon-pink-sky-jokulsarlon.jpg-nggid03268-ngg0dyn-280x0-00f0w010c010r110f110r010t010.jpg, https:\/\/www.where2travel.com\/wp-content\/gallery\/iceland-best-pics\/cache\/iceberg-lagoon-pink-sky-jokulsarlon.jpg-nggid03268-ngg0dyn-560x0-00f0w010c010r110f110r010t010.jpg 2x\" onerror=\"nggRetryFailedImage(this);\"\/>\n<\/picture>                <\/a>\n            <\/div>\n                                            <div class='ngg-pro-masonry-item' style='height: 158px; max-width: 280px;'>\n                <a href=\"https:\/\/www.where2travel.com\/wp-content\/gallery\/iceland-best-pics\/puffins-sunset-dyrholaey-peninsula-iceland.jpg\"\n                   title=\"Puffins at dyrholaey\"\n                   data-src=\"https:\/\/www.where2travel.com\/wp-content\/gallery\/iceland-best-pics\/puffins-sunset-dyrholaey-peninsula-iceland.jpg\"\n                   data-thumbnail=\"https:\/\/www.where2travel.com\/wp-content\/gallery\/iceland-best-pics\/cache\/puffins-sunset-dyrholaey-peninsula-iceland.jpg-nggid03271-ngg0dyn-560x0-00f0w010c010r110f110r010t010.jpg\"\n                   data-image-id=\"271\"\n                   data-title=\"Puffins at Dyrholaey Peninsula in Iceland\"\n                   data-description=\"Puffins at dyrholaey\"\n                   data-ngg-captions-nostylecopy=\"1\"\n                    class='nextgen_pro_lightbox' data-nplmodal-gallery-id='64469209a7e6c385b3e6cff241b22836' data-ngg-protect=\"1\" data-ngg-captions-enabled=\"1\" data-ngg-captions-id=\"64469209a7e6c385b3e6cff241b22836\">\n                    <picture>\n\t\n<source srcset='https:\/\/www.where2travel.com\/wp-content\/gallery\/iceland-best-pics\/cache\/puffins-sunset-dyrholaey-peninsula-iceland.jpg-nggid03271-ngg0dyn-280x0-00f0w010c010r110f110r010t010.jpg, https:\/\/www.where2travel.com\/wp-content\/gallery\/iceland-best-pics\/cache\/puffins-sunset-dyrholaey-peninsula-iceland.jpg-nggid03271-ngg0dyn-560x0-00f0w010c010r110f110r010t010.jpg 2x' media=''>\n<img title=\"Puffins at Dyrholaey Peninsula in Iceland\" alt=\"Puffins at Dyrholaey Peninsula in Iceland\" width=\"280\" height=\"158\" style=\"max-width:280px;max-height:158px\" src=\"https:\/\/www.where2travel.com\/wp-content\/gallery\/iceland-best-pics\/cache\/puffins-sunset-dyrholaey-peninsula-iceland.jpg-nggid03271-ngg0dyn-280x0-00f0w010c010r110f110r010t010.jpg\" srcset=\"https:\/\/www.where2travel.com\/wp-content\/gallery\/iceland-best-pics\/cache\/puffins-sunset-dyrholaey-peninsula-iceland.jpg-nggid03271-ngg0dyn-280x0-00f0w010c010r110f110r010t010.jpg, https:\/\/www.where2travel.com\/wp-content\/gallery\/iceland-best-pics\/cache\/puffins-sunset-dyrholaey-peninsula-iceland.jpg-nggid03271-ngg0dyn-560x0-00f0w010c010r110f110r010t010.jpg 2x\" onerror=\"nggRetryFailedImage(this);\"\/>\n<\/picture>                <\/a>\n            <\/div>\n                                            <div class='ngg-pro-masonry-item' style='height: 158px; max-width: 280px;'>\n                <a href=\"https:\/\/www.where2travel.com\/wp-content\/gallery\/iceland-best-pics\/solheimasandur-plane-wreck-man-on-top-iceland.jpg\"\n                   title=\"Solheimasandur plane wreck\"\n                   data-src=\"https:\/\/www.where2travel.com\/wp-content\/gallery\/iceland-best-pics\/solheimasandur-plane-wreck-man-on-top-iceland.jpg\"\n                   data-thumbnail=\"https:\/\/www.where2travel.com\/wp-content\/gallery\/iceland-best-pics\/cache\/solheimasandur-plane-wreck-man-on-top-iceland.jpg-nggid03278-ngg0dyn-560x0-00f0w010c010r110f110r010t010.jpg\"\n                   data-image-id=\"278\"\n                   data-title=\"Solheimasandur plane wreck\"\n                   data-description=\"Solheimasandur plane wreck\"\n                   data-ngg-captions-nostylecopy=\"1\"\n                    class='nextgen_pro_lightbox' data-nplmodal-gallery-id='64469209a7e6c385b3e6cff241b22836' data-ngg-protect=\"1\" data-ngg-captions-enabled=\"1\" data-ngg-captions-id=\"64469209a7e6c385b3e6cff241b22836\">\n                    <picture>\n\t\n<source srcset='https:\/\/www.where2travel.com\/wp-content\/gallery\/iceland-best-pics\/cache\/solheimasandur-plane-wreck-man-on-top-iceland.jpg-nggid03278-ngg0dyn-280x0-00f0w010c010r110f110r010t010.jpg, https:\/\/www.where2travel.com\/wp-content\/gallery\/iceland-best-pics\/cache\/solheimasandur-plane-wreck-man-on-top-iceland.jpg-nggid03278-ngg0dyn-560x0-00f0w010c010r110f110r010t010.jpg 2x' media=''>\n<img title=\"Solheimasandur plane wreck\" alt=\"Solheimasandur plane wreck\" width=\"280\" height=\"158\" style=\"max-width:280px;max-height:158px\" src=\"https:\/\/www.where2travel.com\/wp-content\/gallery\/iceland-best-pics\/cache\/solheimasandur-plane-wreck-man-on-top-iceland.jpg-nggid03278-ngg0dyn-280x0-00f0w010c010r110f110r010t010.jpg\" srcset=\"https:\/\/www.where2travel.com\/wp-content\/gallery\/iceland-best-pics\/cache\/solheimasandur-plane-wreck-man-on-top-iceland.jpg-nggid03278-ngg0dyn-280x0-00f0w010c010r110f110r010t010.jpg, https:\/\/www.where2travel.com\/wp-content\/gallery\/iceland-best-pics\/cache\/solheimasandur-plane-wreck-man-on-top-iceland.jpg-nggid03278-ngg0dyn-560x0-00f0w010c010r110f110r010t010.jpg 2x\" onerror=\"nggRetryFailedImage(this);\"\/>\n<\/picture>                <\/a>\n            <\/div>\n                                            <div class='ngg-pro-masonry-item' style='height: 158px; max-width: 280px;'>\n                <a href=\"https:\/\/www.where2travel.com\/wp-content\/gallery\/iceland-best-pics\/waterfall-sunset-kirkjufell-mountain-iceland.jpg\"\n                   title=\"Kirkjufell mountain\"\n                   data-src=\"https:\/\/www.where2travel.com\/wp-content\/gallery\/iceland-best-pics\/waterfall-sunset-kirkjufell-mountain-iceland.jpg\"\n                   data-thumbnail=\"https:\/\/www.where2travel.com\/wp-content\/gallery\/iceland-best-pics\/cache\/waterfall-sunset-kirkjufell-mountain-iceland.jpg-nggid03286-ngg0dyn-560x0-00f0w010c010r110f110r010t010.jpg\"\n                   data-image-id=\"286\"\n                   data-title=\"Sunset at Kirkjufell mountain in Iceland travel guide\"\n                   data-description=\"Kirkjufell mountain\"\n                   data-ngg-captions-nostylecopy=\"1\"\n                    class='nextgen_pro_lightbox' data-nplmodal-gallery-id='64469209a7e6c385b3e6cff241b22836' data-ngg-protect=\"1\" data-ngg-captions-enabled=\"1\" data-ngg-captions-id=\"64469209a7e6c385b3e6cff241b22836\">\n                    <picture>\n\t\n<source srcset='https:\/\/www.where2travel.com\/wp-content\/gallery\/iceland-best-pics\/cache\/waterfall-sunset-kirkjufell-mountain-iceland.jpg-nggid03286-ngg0dyn-280x0-00f0w010c010r110f110r010t010.jpg, https:\/\/www.where2travel.com\/wp-content\/gallery\/iceland-best-pics\/cache\/waterfall-sunset-kirkjufell-mountain-iceland.jpg-nggid03286-ngg0dyn-560x0-00f0w010c010r110f110r010t010.jpg 2x' media=''>\n<img title=\"Sunset at Kirkjufell mountain in Iceland travel guide\" alt=\"Sunset at Kirkjufell mountain in Iceland travel guide\" width=\"280\" height=\"158\" style=\"max-width:280px;max-height:158px\" src=\"https:\/\/www.where2travel.com\/wp-content\/gallery\/iceland-best-pics\/cache\/waterfall-sunset-kirkjufell-mountain-iceland.jpg-nggid03286-ngg0dyn-280x0-00f0w010c010r110f110r010t010.jpg\" srcset=\"https:\/\/www.where2travel.com\/wp-content\/gallery\/iceland-best-pics\/cache\/waterfall-sunset-kirkjufell-mountain-iceland.jpg-nggid03286-ngg0dyn-280x0-00f0w010c010r110f110r010t010.jpg, https:\/\/www.where2travel.com\/wp-content\/gallery\/iceland-best-pics\/cache\/waterfall-sunset-kirkjufell-mountain-iceland.jpg-nggid03286-ngg0dyn-560x0-00f0w010c010r110f110r010t010.jpg 2x\" onerror=\"nggRetryFailedImage(this);\"\/>\n<\/picture>                <\/a>\n            <\/div>\n                                            <div class='ngg-pro-masonry-item' style='height: 187px; max-width: 280px;'>\n                <a href=\"https:\/\/www.where2travel.com\/wp-content\/gallery\/iceland-best-pics\/Diamond-beach-iceberg-couple-iceland.jpg\"\n                   title=\"Diamond beach\"\n                   data-src=\"https:\/\/www.where2travel.com\/wp-content\/gallery\/iceland-best-pics\/Diamond-beach-iceberg-couple-iceland.jpg\"\n                   data-thumbnail=\"https:\/\/www.where2travel.com\/wp-content\/gallery\/iceland-best-pics\/cache\/Diamond-beach-iceberg-couple-iceland.jpg-nggid03265-ngg0dyn-560x0-00f0w010c010r110f110r010t010.jpg\"\n                   data-image-id=\"265\"\n                   data-title=\"Diamond beach full of icebergs in Iceland\"\n                   data-description=\"Diamond beach\"\n                   data-ngg-captions-nostylecopy=\"1\"\n                    class='nextgen_pro_lightbox' data-nplmodal-gallery-id='64469209a7e6c385b3e6cff241b22836' data-ngg-protect=\"1\" data-ngg-captions-enabled=\"1\" data-ngg-captions-id=\"64469209a7e6c385b3e6cff241b22836\">\n                    <picture>\n\t\n<source srcset='https:\/\/www.where2travel.com\/wp-content\/gallery\/iceland-best-pics\/cache\/Diamond-beach-iceberg-couple-iceland.jpg-nggid03265-ngg0dyn-280x0-00f0w010c010r110f110r010t010.jpg, https:\/\/www.where2travel.com\/wp-content\/gallery\/iceland-best-pics\/cache\/Diamond-beach-iceberg-couple-iceland.jpg-nggid03265-ngg0dyn-560x0-00f0w010c010r110f110r010t010.jpg 2x' media=''>\n<img title=\"Diamond beach full of icebergs in Iceland\" alt=\"Diamond beach full of icebergs in Iceland\" width=\"280\" height=\"187\" style=\"max-width:280px;max-height:187px\" src=\"https:\/\/www.where2travel.com\/wp-content\/gallery\/iceland-best-pics\/cache\/Diamond-beach-iceberg-couple-iceland.jpg-nggid03265-ngg0dyn-280x0-00f0w010c010r110f110r010t010.jpg\" srcset=\"https:\/\/www.where2travel.com\/wp-content\/gallery\/iceland-best-pics\/cache\/Diamond-beach-iceberg-couple-iceland.jpg-nggid03265-ngg0dyn-280x0-00f0w010c010r110f110r010t010.jpg, https:\/\/www.where2travel.com\/wp-content\/gallery\/iceland-best-pics\/cache\/Diamond-beach-iceberg-couple-iceland.jpg-nggid03265-ngg0dyn-560x0-00f0w010c010r110f110r010t010.jpg 2x\" onerror=\"nggRetryFailedImage(this);\"\/>\n<\/picture>                <\/a>\n            <\/div>\n                                            <div class='ngg-pro-masonry-item' style='height: 187px; max-width: 280px;'>\n                <a href=\"https:\/\/www.where2travel.com\/wp-content\/gallery\/iceland-best-pics\/fjord-view-mjoifjordur-iceland.jpg\"\n                   title=\"Mjoifjordur fjord\"\n                   data-src=\"https:\/\/www.where2travel.com\/wp-content\/gallery\/iceland-best-pics\/fjord-view-mjoifjordur-iceland.jpg\"\n                   data-thumbnail=\"https:\/\/www.where2travel.com\/wp-content\/gallery\/iceland-best-pics\/cache\/fjord-view-mjoifjordur-iceland.jpg-nggid03266-ngg0dyn-560x0-00f0w010c010r110f110r010t010.jpg\"\n                   data-image-id=\"266\"\n                   data-title=\"Mjoifjordur fjord view in Iceland\"\n                   data-description=\"Mjoifjordur fjord\"\n                   data-ngg-captions-nostylecopy=\"1\"\n                    class='nextgen_pro_lightbox' data-nplmodal-gallery-id='64469209a7e6c385b3e6cff241b22836' data-ngg-protect=\"1\" data-ngg-captions-enabled=\"1\" data-ngg-captions-id=\"64469209a7e6c385b3e6cff241b22836\">\n                    <picture>\n\t\n<source srcset='https:\/\/www.where2travel.com\/wp-content\/gallery\/iceland-best-pics\/cache\/fjord-view-mjoifjordur-iceland.jpg-nggid03266-ngg0dyn-280x0-00f0w010c010r110f110r010t010.jpg, https:\/\/www.where2travel.com\/wp-content\/gallery\/iceland-best-pics\/cache\/fjord-view-mjoifjordur-iceland.jpg-nggid03266-ngg0dyn-560x0-00f0w010c010r110f110r010t010.jpg 2x' media=''>\n<img title=\"Mjoifjordur fjord view in Iceland\" alt=\"Mjoifjordur fjord view in Iceland\" width=\"280\" height=\"187\" style=\"max-width:280px;max-height:187px\" src=\"https:\/\/www.where2travel.com\/wp-content\/gallery\/iceland-best-pics\/cache\/fjord-view-mjoifjordur-iceland.jpg-nggid03266-ngg0dyn-280x0-00f0w010c010r110f110r010t010.jpg\" srcset=\"https:\/\/www.where2travel.com\/wp-content\/gallery\/iceland-best-pics\/cache\/fjord-view-mjoifjordur-iceland.jpg-nggid03266-ngg0dyn-280x0-00f0w010c010r110f110r010t010.jpg, https:\/\/www.where2travel.com\/wp-content\/gallery\/iceland-best-pics\/cache\/fjord-view-mjoifjordur-iceland.jpg-nggid03266-ngg0dyn-560x0-00f0w010c010r110f110r010t010.jpg 2x\" onerror=\"nggRetryFailedImage(this);\"\/>\n<\/picture>                <\/a>\n            <\/div>\n                                            <div class='ngg-pro-masonry-item' style='height: 187px; max-width: 280px;'>\n                <a href=\"https:\/\/www.where2travel.com\/wp-content\/gallery\/iceland-best-pics\/gulfoss-waterfall-summer-view-path-iceland.jpg\"\n                   title=\"Gulfoss waterfall\"\n                   data-src=\"https:\/\/www.where2travel.com\/wp-content\/gallery\/iceland-best-pics\/gulfoss-waterfall-summer-view-path-iceland.jpg\"\n                   data-thumbnail=\"https:\/\/www.where2travel.com\/wp-content\/gallery\/iceland-best-pics\/cache\/gulfoss-waterfall-summer-view-path-iceland.jpg-nggid03267-ngg0dyn-560x0-00f0w010c010r110f110r010t010.jpg\"\n                   data-image-id=\"267\"\n                   data-title=\"Gulfoss waterfall in summer\"\n                   data-description=\"Gulfoss waterfall\"\n                   data-ngg-captions-nostylecopy=\"1\"\n                    class='nextgen_pro_lightbox' data-nplmodal-gallery-id='64469209a7e6c385b3e6cff241b22836' data-ngg-protect=\"1\" data-ngg-captions-enabled=\"1\" data-ngg-captions-id=\"64469209a7e6c385b3e6cff241b22836\">\n                    <picture>\n\t\n<source srcset='https:\/\/www.where2travel.com\/wp-content\/gallery\/iceland-best-pics\/cache\/gulfoss-waterfall-summer-view-path-iceland.jpg-nggid03267-ngg0dyn-280x0-00f0w010c010r110f110r010t010.jpg, https:\/\/www.where2travel.com\/wp-content\/gallery\/iceland-best-pics\/cache\/gulfoss-waterfall-summer-view-path-iceland.jpg-nggid03267-ngg0dyn-560x0-00f0w010c010r110f110r010t010.jpg 2x' media=''>\n<img title=\"Gulfoss waterfall in summer\" alt=\"Gulfoss waterfall in summer\" width=\"280\" height=\"187\" style=\"max-width:280px;max-height:187px\" src=\"https:\/\/www.where2travel.com\/wp-content\/gallery\/iceland-best-pics\/cache\/gulfoss-waterfall-summer-view-path-iceland.jpg-nggid03267-ngg0dyn-280x0-00f0w010c010r110f110r010t010.jpg\" srcset=\"https:\/\/www.where2travel.com\/wp-content\/gallery\/iceland-best-pics\/cache\/gulfoss-waterfall-summer-view-path-iceland.jpg-nggid03267-ngg0dyn-280x0-00f0w010c010r110f110r010t010.jpg, https:\/\/www.where2travel.com\/wp-content\/gallery\/iceland-best-pics\/cache\/gulfoss-waterfall-summer-view-path-iceland.jpg-nggid03267-ngg0dyn-560x0-00f0w010c010r110f110r010t010.jpg 2x\" onerror=\"nggRetryFailedImage(this);\"\/>\n<\/picture>                <\/a>\n            <\/div>\n                                            <div class='ngg-pro-masonry-item' style='height: 157px; max-width: 280px;'>\n                <a href=\"https:\/\/www.where2travel.com\/wp-content\/gallery\/iceland-best-pics\/landmannalaugar-landscape-hikers-iceland.jpg\"\n                   title=\"Landmannalaugar\"\n                   data-src=\"https:\/\/www.where2travel.com\/wp-content\/gallery\/iceland-best-pics\/landmannalaugar-landscape-hikers-iceland.jpg\"\n                   data-thumbnail=\"https:\/\/www.where2travel.com\/wp-content\/gallery\/iceland-best-pics\/cache\/landmannalaugar-landscape-hikers-iceland.jpg-nggid03269-ngg0dyn-560x0-00f0w010c010r110f110r010t010.jpg\"\n                   data-image-id=\"269\"\n                   data-title=\"Hiking in Landmannalaugar in Iceland\"\n                   data-description=\"Landmannalaugar\"\n                   data-ngg-captions-nostylecopy=\"1\"\n                    class='nextgen_pro_lightbox' data-nplmodal-gallery-id='64469209a7e6c385b3e6cff241b22836' data-ngg-protect=\"1\" data-ngg-captions-enabled=\"1\" data-ngg-captions-id=\"64469209a7e6c385b3e6cff241b22836\">\n                    <picture>\n\t\n<source srcset='https:\/\/www.where2travel.com\/wp-content\/gallery\/iceland-best-pics\/cache\/landmannalaugar-landscape-hikers-iceland.jpg-nggid03269-ngg0dyn-280x0-00f0w010c010r110f110r010t010.jpg, https:\/\/www.where2travel.com\/wp-content\/gallery\/iceland-best-pics\/cache\/landmannalaugar-landscape-hikers-iceland.jpg-nggid03269-ngg0dyn-560x0-00f0w010c010r110f110r010t010.jpg 2x' media=''>\n<img title=\"Hiking in Landmannalaugar in Iceland\" alt=\"Hiking in Landmannalaugar in Iceland\" width=\"280\" height=\"157\" style=\"max-width:280px;max-height:157px\" src=\"https:\/\/www.where2travel.com\/wp-content\/gallery\/iceland-best-pics\/cache\/landmannalaugar-landscape-hikers-iceland.jpg-nggid03269-ngg0dyn-280x0-00f0w010c010r110f110r010t010.jpg\" srcset=\"https:\/\/www.where2travel.com\/wp-content\/gallery\/iceland-best-pics\/cache\/landmannalaugar-landscape-hikers-iceland.jpg-nggid03269-ngg0dyn-280x0-00f0w010c010r110f110r010t010.jpg, https:\/\/www.where2travel.com\/wp-content\/gallery\/iceland-best-pics\/cache\/landmannalaugar-landscape-hikers-iceland.jpg-nggid03269-ngg0dyn-560x0-00f0w010c010r110f110r010t010.jpg 2x\" onerror=\"nggRetryFailedImage(this);\"\/>\n<\/picture>                <\/a>\n            <\/div>\n                                            <div class='ngg-pro-masonry-item' style='height: 187px; max-width: 280px;'>\n                <a href=\"https:\/\/www.where2travel.com\/wp-content\/gallery\/iceland-best-pics\/man-alone-inside-ice-cave-iceland.jpg\"\n                   title=\"Ice cave\"\n                   data-src=\"https:\/\/www.where2travel.com\/wp-content\/gallery\/iceland-best-pics\/man-alone-inside-ice-cave-iceland.jpg\"\n                   data-thumbnail=\"https:\/\/www.where2travel.com\/wp-content\/gallery\/iceland-best-pics\/cache\/man-alone-inside-ice-cave-iceland.jpg-nggid03270-ngg0dyn-560x0-00f0w010c010r110f110r010t010.jpg\"\n                   data-image-id=\"270\"\n                   data-title=\"Man inside ice cave in Iceland\"\n                   data-description=\"Ice cave\"\n                   data-ngg-captions-nostylecopy=\"1\"\n                    class='nextgen_pro_lightbox' data-nplmodal-gallery-id='64469209a7e6c385b3e6cff241b22836' data-ngg-protect=\"1\" data-ngg-captions-enabled=\"1\" data-ngg-captions-id=\"64469209a7e6c385b3e6cff241b22836\">\n                    <picture>\n\t\n<source srcset='https:\/\/www.where2travel.com\/wp-content\/gallery\/iceland-best-pics\/cache\/man-alone-inside-ice-cave-iceland.jpg-nggid03270-ngg0dyn-280x0-00f0w010c010r110f110r010t010.jpg, https:\/\/www.where2travel.com\/wp-content\/gallery\/iceland-best-pics\/cache\/man-alone-inside-ice-cave-iceland.jpg-nggid03270-ngg0dyn-560x0-00f0w010c010r110f110r010t010.jpg 2x' media=''>\n<img title=\"Man inside ice cave in Iceland\" alt=\"Man inside ice cave in Iceland\" width=\"280\" height=\"187\" style=\"max-width:280px;max-height:187px\" src=\"https:\/\/www.where2travel.com\/wp-content\/gallery\/iceland-best-pics\/cache\/man-alone-inside-ice-cave-iceland.jpg-nggid03270-ngg0dyn-280x0-00f0w010c010r110f110r010t010.jpg\" srcset=\"https:\/\/www.where2travel.com\/wp-content\/gallery\/iceland-best-pics\/cache\/man-alone-inside-ice-cave-iceland.jpg-nggid03270-ngg0dyn-280x0-00f0w010c010r110f110r010t010.jpg, https:\/\/www.where2travel.com\/wp-content\/gallery\/iceland-best-pics\/cache\/man-alone-inside-ice-cave-iceland.jpg-nggid03270-ngg0dyn-560x0-00f0w010c010r110f110r010t010.jpg 2x\" onerror=\"nggRetryFailedImage(this);\"\/>\n<\/picture>                <\/a>\n            <\/div>\n                                            <div class='ngg-pro-masonry-item' style='height: 187px; max-width: 280px;'>\n                <a href=\"https:\/\/www.where2travel.com\/wp-content\/gallery\/iceland-best-pics\/rainbow-walk-seydisfjordur-iceland.jpg\"\n                   title=\"Seydisfjordur\"\n                   data-src=\"https:\/\/www.where2travel.com\/wp-content\/gallery\/iceland-best-pics\/rainbow-walk-seydisfjordur-iceland.jpg\"\n                   data-thumbnail=\"https:\/\/www.where2travel.com\/wp-content\/gallery\/iceland-best-pics\/cache\/rainbow-walk-seydisfjordur-iceland.jpg-nggid03272-ngg0dyn-560x0-00f0w010c010r110f110r010t010.jpg\"\n                   data-image-id=\"272\"\n                   data-title=\"Rainbow path in Seydisfjordur\"\n                   data-description=\"Seydisfjordur\"\n                   data-ngg-captions-nostylecopy=\"1\"\n                    class='nextgen_pro_lightbox' data-nplmodal-gallery-id='64469209a7e6c385b3e6cff241b22836' data-ngg-protect=\"1\" data-ngg-captions-enabled=\"1\" data-ngg-captions-id=\"64469209a7e6c385b3e6cff241b22836\">\n                    <picture>\n\t\n<source srcset='https:\/\/www.where2travel.com\/wp-content\/gallery\/iceland-best-pics\/cache\/rainbow-walk-seydisfjordur-iceland.jpg-nggid03272-ngg0dyn-280x0-00f0w010c010r110f110r010t010.jpg, https:\/\/www.where2travel.com\/wp-content\/gallery\/iceland-best-pics\/cache\/rainbow-walk-seydisfjordur-iceland.jpg-nggid03272-ngg0dyn-560x0-00f0w010c010r110f110r010t010.jpg 2x' media=''>\n<img title=\"Rainbow path in Seydisfjordur\" alt=\"Rainbow path in Seydisfjordur\" width=\"280\" height=\"187\" style=\"max-width:280px;max-height:187px\" src=\"https:\/\/www.where2travel.com\/wp-content\/gallery\/iceland-best-pics\/cache\/rainbow-walk-seydisfjordur-iceland.jpg-nggid03272-ngg0dyn-280x0-00f0w010c010r110f110r010t010.jpg\" srcset=\"https:\/\/www.where2travel.com\/wp-content\/gallery\/iceland-best-pics\/cache\/rainbow-walk-seydisfjordur-iceland.jpg-nggid03272-ngg0dyn-280x0-00f0w010c010r110f110r010t010.jpg, https:\/\/www.where2travel.com\/wp-content\/gallery\/iceland-best-pics\/cache\/rainbow-walk-seydisfjordur-iceland.jpg-nggid03272-ngg0dyn-560x0-00f0w010c010r110f110r010t010.jpg 2x\" onerror=\"nggRetryFailedImage(this);\"\/>\n<\/picture>                <\/a>\n            <\/div>\n                                            <div class='ngg-pro-masonry-item' style='height: 158px; max-width: 280px;'>\n                <a href=\"https:\/\/www.where2travel.com\/wp-content\/gallery\/iceland-best-pics\/relaxing-bath-blue-lagoon-iceland.jpg\"\n                   title=\"Blue lagoon\"\n                   data-src=\"https:\/\/www.where2travel.com\/wp-content\/gallery\/iceland-best-pics\/relaxing-bath-blue-lagoon-iceland.jpg\"\n                   data-thumbnail=\"https:\/\/www.where2travel.com\/wp-content\/gallery\/iceland-best-pics\/cache\/relaxing-bath-blue-lagoon-iceland.jpg-nggid03273-ngg0dyn-560x0-00f0w010c010r110f110r010t010.jpg\"\n                   data-image-id=\"273\"\n                   data-title=\"Relaxing bath at blue lagoon in Iceland\"\n                   data-description=\"Blue lagoon\"\n                   data-ngg-captions-nostylecopy=\"1\"\n                    class='nextgen_pro_lightbox' data-nplmodal-gallery-id='64469209a7e6c385b3e6cff241b22836' data-ngg-protect=\"1\" data-ngg-captions-enabled=\"1\" data-ngg-captions-id=\"64469209a7e6c385b3e6cff241b22836\">\n                    <picture>\n\t\n<source srcset='https:\/\/www.where2travel.com\/wp-content\/gallery\/iceland-best-pics\/cache\/relaxing-bath-blue-lagoon-iceland.jpg-nggid03273-ngg0dyn-280x0-00f0w010c010r110f110r010t010.jpg, https:\/\/www.where2travel.com\/wp-content\/gallery\/iceland-best-pics\/cache\/relaxing-bath-blue-lagoon-iceland.jpg-nggid03273-ngg0dyn-560x0-00f0w010c010r110f110r010t010.jpg 2x' media=''>\n<img title=\"Relaxing bath at blue lagoon in Iceland\" alt=\"Relaxing bath at blue lagoon in Iceland\" width=\"280\" height=\"158\" style=\"max-width:280px;max-height:158px\" src=\"https:\/\/www.where2travel.com\/wp-content\/gallery\/iceland-best-pics\/cache\/relaxing-bath-blue-lagoon-iceland.jpg-nggid03273-ngg0dyn-280x0-00f0w010c010r110f110r010t010.jpg\" srcset=\"https:\/\/www.where2travel.com\/wp-content\/gallery\/iceland-best-pics\/cache\/relaxing-bath-blue-lagoon-iceland.jpg-nggid03273-ngg0dyn-280x0-00f0w010c010r110f110r010t010.jpg, https:\/\/www.where2travel.com\/wp-content\/gallery\/iceland-best-pics\/cache\/relaxing-bath-blue-lagoon-iceland.jpg-nggid03273-ngg0dyn-560x0-00f0w010c010r110f110r010t010.jpg 2x\" onerror=\"nggRetryFailedImage(this);\"\/>\n<\/picture>                <\/a>\n            <\/div>\n                                            <div class='ngg-pro-masonry-item' style='height: 187px; max-width: 280px;'>\n                <a href=\"https:\/\/www.where2travel.com\/wp-content\/gallery\/iceland-best-pics\/reynisfjara-black-sand-beach-view-iceland.jpg\"\n                   title=\"Reynisfjara beach\"\n                   data-src=\"https:\/\/www.where2travel.com\/wp-content\/gallery\/iceland-best-pics\/reynisfjara-black-sand-beach-view-iceland.jpg\"\n                   data-thumbnail=\"https:\/\/www.where2travel.com\/wp-content\/gallery\/iceland-best-pics\/cache\/reynisfjara-black-sand-beach-view-iceland.jpg-nggid03274-ngg0dyn-560x0-00f0w010c010r110f110r010t010.jpg\"\n                   data-image-id=\"274\"\n                   data-title=\"Reynisfjara black sand beach view in Iceland\"\n                   data-description=\"Reynisfjara beach\"\n                   data-ngg-captions-nostylecopy=\"1\"\n                    class='nextgen_pro_lightbox' data-nplmodal-gallery-id='64469209a7e6c385b3e6cff241b22836' data-ngg-protect=\"1\" data-ngg-captions-enabled=\"1\" data-ngg-captions-id=\"64469209a7e6c385b3e6cff241b22836\">\n                    <picture>\n\t\n<source srcset='https:\/\/www.where2travel.com\/wp-content\/gallery\/iceland-best-pics\/cache\/reynisfjara-black-sand-beach-view-iceland.jpg-nggid03274-ngg0dyn-280x0-00f0w010c010r110f110r010t010.jpg, https:\/\/www.where2travel.com\/wp-content\/gallery\/iceland-best-pics\/cache\/reynisfjara-black-sand-beach-view-iceland.jpg-nggid03274-ngg0dyn-560x0-00f0w010c010r110f110r010t010.jpg 2x' media=''>\n<img title=\"Reynisfjara black sand beach view in Iceland\" alt=\"Reynisfjara black sand beach view in Iceland\" width=\"280\" height=\"187\" style=\"max-width:280px;max-height:187px\" src=\"https:\/\/www.where2travel.com\/wp-content\/gallery\/iceland-best-pics\/cache\/reynisfjara-black-sand-beach-view-iceland.jpg-nggid03274-ngg0dyn-280x0-00f0w010c010r110f110r010t010.jpg\" srcset=\"https:\/\/www.where2travel.com\/wp-content\/gallery\/iceland-best-pics\/cache\/reynisfjara-black-sand-beach-view-iceland.jpg-nggid03274-ngg0dyn-280x0-00f0w010c010r110f110r010t010.jpg, https:\/\/www.where2travel.com\/wp-content\/gallery\/iceland-best-pics\/cache\/reynisfjara-black-sand-beach-view-iceland.jpg-nggid03274-ngg0dyn-560x0-00f0w010c010r110f110r010t010.jpg 2x\" onerror=\"nggRetryFailedImage(this);\"\/>\n<\/picture>                <\/a>\n            <\/div>\n                                            <div class='ngg-pro-masonry-item' style='height: 187px; max-width: 280px;'>\n                <a href=\"https:\/\/www.where2travel.com\/wp-content\/gallery\/iceland-best-pics\/rock-path-djupalonssandur-iceland.jpg\"\n                   title=\"Djupalonssandu\"\n                   data-src=\"https:\/\/www.where2travel.com\/wp-content\/gallery\/iceland-best-pics\/rock-path-djupalonssandur-iceland.jpg\"\n                   data-thumbnail=\"https:\/\/www.where2travel.com\/wp-content\/gallery\/iceland-best-pics\/cache\/rock-path-djupalonssandur-iceland.jpg-nggid03275-ngg0dyn-560x0-00f0w010c010r110f110r010t010.jpg\"\n                   data-image-id=\"275\"\n                   data-title=\"Rocky path at Djupalonssandur\"\n                   data-description=\"Djupalonssandu\"\n                   data-ngg-captions-nostylecopy=\"1\"\n                    class='nextgen_pro_lightbox' data-nplmodal-gallery-id='64469209a7e6c385b3e6cff241b22836' data-ngg-protect=\"1\" data-ngg-captions-enabled=\"1\" data-ngg-captions-id=\"64469209a7e6c385b3e6cff241b22836\">\n                    <picture>\n\t\n<source srcset='https:\/\/www.where2travel.com\/wp-content\/gallery\/iceland-best-pics\/cache\/rock-path-djupalonssandur-iceland.jpg-nggid03275-ngg0dyn-280x0-00f0w010c010r110f110r010t010.jpg, https:\/\/www.where2travel.com\/wp-content\/gallery\/iceland-best-pics\/cache\/rock-path-djupalonssandur-iceland.jpg-nggid03275-ngg0dyn-560x0-00f0w010c010r110f110r010t010.jpg 2x' media=''>\n<img title=\"Rocky path at Djupalonssandur\" alt=\"Rocky path at Djupalonssandur\" width=\"280\" height=\"187\" style=\"max-width:280px;max-height:187px\" src=\"https:\/\/www.where2travel.com\/wp-content\/gallery\/iceland-best-pics\/cache\/rock-path-djupalonssandur-iceland.jpg-nggid03275-ngg0dyn-280x0-00f0w010c010r110f110r010t010.jpg\" srcset=\"https:\/\/www.where2travel.com\/wp-content\/gallery\/iceland-best-pics\/cache\/rock-path-djupalonssandur-iceland.jpg-nggid03275-ngg0dyn-280x0-00f0w010c010r110f110r010t010.jpg, https:\/\/www.where2travel.com\/wp-content\/gallery\/iceland-best-pics\/cache\/rock-path-djupalonssandur-iceland.jpg-nggid03275-ngg0dyn-560x0-00f0w010c010r110f110r010t010.jpg 2x\" onerror=\"nggRetryFailedImage(this);\"\/>\n<\/picture>                <\/a>\n            <\/div>\n                                            <div class='ngg-pro-masonry-item' style='height: 187px; max-width: 280px;'>\n                <a href=\"https:\/\/www.where2travel.com\/wp-content\/gallery\/iceland-best-pics\/skogafoss-waterfall-man-small-iceland.jpg\"\n                   title=\"Skogafoss waterfall\"\n                   data-src=\"https:\/\/www.where2travel.com\/wp-content\/gallery\/iceland-best-pics\/skogafoss-waterfall-man-small-iceland.jpg\"\n                   data-thumbnail=\"https:\/\/www.where2travel.com\/wp-content\/gallery\/iceland-best-pics\/cache\/skogafoss-waterfall-man-small-iceland.jpg-nggid03276-ngg0dyn-560x0-00f0w010c010r110f110r010t010.jpg\"\n                   data-image-id=\"276\"\n                   data-title=\"Skogafoss waterfall Iceland travel guide\"\n                   data-description=\"Skogafoss waterfall\"\n                   data-ngg-captions-nostylecopy=\"1\"\n                    class='nextgen_pro_lightbox' data-nplmodal-gallery-id='64469209a7e6c385b3e6cff241b22836' data-ngg-protect=\"1\" data-ngg-captions-enabled=\"1\" data-ngg-captions-id=\"64469209a7e6c385b3e6cff241b22836\">\n                    <picture>\n\t\n<source srcset='https:\/\/www.where2travel.com\/wp-content\/gallery\/iceland-best-pics\/cache\/skogafoss-waterfall-man-small-iceland.jpg-nggid03276-ngg0dyn-280x0-00f0w010c010r110f110r010t010.jpg, https:\/\/www.where2travel.com\/wp-content\/gallery\/iceland-best-pics\/cache\/skogafoss-waterfall-man-small-iceland.jpg-nggid03276-ngg0dyn-560x0-00f0w010c010r110f110r010t010.jpg 2x' media=''>\n<img title=\"Skogafoss waterfall Iceland travel guide\" alt=\"Skogafoss waterfall Iceland travel guide\" width=\"280\" height=\"187\" style=\"max-width:280px;max-height:187px\" src=\"https:\/\/www.where2travel.com\/wp-content\/gallery\/iceland-best-pics\/cache\/skogafoss-waterfall-man-small-iceland.jpg-nggid03276-ngg0dyn-280x0-00f0w010c010r110f110r010t010.jpg\" srcset=\"https:\/\/www.where2travel.com\/wp-content\/gallery\/iceland-best-pics\/cache\/skogafoss-waterfall-man-small-iceland.jpg-nggid03276-ngg0dyn-280x0-00f0w010c010r110f110r010t010.jpg, https:\/\/www.where2travel.com\/wp-content\/gallery\/iceland-best-pics\/cache\/skogafoss-waterfall-man-small-iceland.jpg-nggid03276-ngg0dyn-560x0-00f0w010c010r110f110r010t010.jpg 2x\" onerror=\"nggRetryFailedImage(this);\"\/>\n<\/picture>                <\/a>\n            <\/div>\n                                            <div class='ngg-pro-masonry-item' style='height: 187px; max-width: 280px;'>\n                <a href=\"https:\/\/www.where2travel.com\/wp-content\/gallery\/iceland-best-pics\/smoke-landscape-hverir-iceland.jpg\"\n                   title=\"Hverir\"\n                   data-src=\"https:\/\/www.where2travel.com\/wp-content\/gallery\/iceland-best-pics\/smoke-landscape-hverir-iceland.jpg\"\n                   data-thumbnail=\"https:\/\/www.where2travel.com\/wp-content\/gallery\/iceland-best-pics\/cache\/smoke-landscape-hverir-iceland.jpg-nggid03277-ngg0dyn-560x0-00f0w010c010r110f110r010t010.jpg\"\n                   data-image-id=\"277\"\n                   data-title=\"Smoky landscape at Hverir in Iceland\"\n                   data-description=\"Hverir\"\n                   data-ngg-captions-nostylecopy=\"1\"\n                    class='nextgen_pro_lightbox' data-nplmodal-gallery-id='64469209a7e6c385b3e6cff241b22836' data-ngg-protect=\"1\" data-ngg-captions-enabled=\"1\" data-ngg-captions-id=\"64469209a7e6c385b3e6cff241b22836\">\n                    <picture>\n\t\n<source srcset='https:\/\/www.where2travel.com\/wp-content\/gallery\/iceland-best-pics\/cache\/smoke-landscape-hverir-iceland.jpg-nggid03277-ngg0dyn-280x0-00f0w010c010r110f110r010t010.jpg, https:\/\/www.where2travel.com\/wp-content\/gallery\/iceland-best-pics\/cache\/smoke-landscape-hverir-iceland.jpg-nggid03277-ngg0dyn-560x0-00f0w010c010r110f110r010t010.jpg 2x' media=''>\n<img title=\"Smoky landscape at Hverir in Iceland\" alt=\"Smoky landscape at Hverir in Iceland\" width=\"280\" height=\"187\" style=\"max-width:280px;max-height:187px\" src=\"https:\/\/www.where2travel.com\/wp-content\/gallery\/iceland-best-pics\/cache\/smoke-landscape-hverir-iceland.jpg-nggid03277-ngg0dyn-280x0-00f0w010c010r110f110r010t010.jpg\" srcset=\"https:\/\/www.where2travel.com\/wp-content\/gallery\/iceland-best-pics\/cache\/smoke-landscape-hverir-iceland.jpg-nggid03277-ngg0dyn-280x0-00f0w010c010r110f110r010t010.jpg, https:\/\/www.where2travel.com\/wp-content\/gallery\/iceland-best-pics\/cache\/smoke-landscape-hverir-iceland.jpg-nggid03277-ngg0dyn-560x0-00f0w010c010r110f110r010t010.jpg 2x\" onerror=\"nggRetryFailedImage(this);\"\/>\n<\/picture>                <\/a>\n            <\/div>\n                                            <div class='ngg-pro-masonry-item' style='height: 187px; max-width: 280px;'>\n                <a href=\"https:\/\/www.where2travel.com\/wp-content\/gallery\/iceland-best-pics\/splendid-view-waterfall-seljalandsfoss-island.jpg\"\n                   title=\"Seljalandsfoss waterfall\"\n                   data-src=\"https:\/\/www.where2travel.com\/wp-content\/gallery\/iceland-best-pics\/splendid-view-waterfall-seljalandsfoss-island.jpg\"\n                   data-thumbnail=\"https:\/\/www.where2travel.com\/wp-content\/gallery\/iceland-best-pics\/cache\/splendid-view-waterfall-seljalandsfoss-island.jpg-nggid03279-ngg0dyn-560x0-00f0w010c010r110f110r010t010.jpg\"\n                   data-image-id=\"279\"\n                   data-title=\"Seljalandsfoss waterfall in Iceland travel guide\"\n                   data-description=\"Seljalandsfoss waterfall\"\n                   data-ngg-captions-nostylecopy=\"1\"\n                    class='nextgen_pro_lightbox' data-nplmodal-gallery-id='64469209a7e6c385b3e6cff241b22836' data-ngg-protect=\"1\" data-ngg-captions-enabled=\"1\" data-ngg-captions-id=\"64469209a7e6c385b3e6cff241b22836\">\n                    <picture>\n\t\n<source srcset='https:\/\/www.where2travel.com\/wp-content\/gallery\/iceland-best-pics\/cache\/splendid-view-waterfall-seljalandsfoss-island.jpg-nggid03279-ngg0dyn-280x0-00f0w010c010r110f110r010t010.jpg, https:\/\/www.where2travel.com\/wp-content\/gallery\/iceland-best-pics\/cache\/splendid-view-waterfall-seljalandsfoss-island.jpg-nggid03279-ngg0dyn-560x0-00f0w010c010r110f110r010t010.jpg 2x' media=''>\n<img title=\"Seljalandsfoss waterfall in Iceland travel guide\" alt=\"Seljalandsfoss waterfall in Iceland travel guide\" width=\"280\" height=\"187\" style=\"max-width:280px;max-height:187px\" src=\"https:\/\/www.where2travel.com\/wp-content\/gallery\/iceland-best-pics\/cache\/splendid-view-waterfall-seljalandsfoss-island.jpg-nggid03279-ngg0dyn-280x0-00f0w010c010r110f110r010t010.jpg\" srcset=\"https:\/\/www.where2travel.com\/wp-content\/gallery\/iceland-best-pics\/cache\/splendid-view-waterfall-seljalandsfoss-island.jpg-nggid03279-ngg0dyn-280x0-00f0w010c010r110f110r010t010.jpg, https:\/\/www.where2travel.com\/wp-content\/gallery\/iceland-best-pics\/cache\/splendid-view-waterfall-seljalandsfoss-island.jpg-nggid03279-ngg0dyn-560x0-00f0w010c010r110f110r010t010.jpg 2x\" onerror=\"nggRetryFailedImage(this);\"\/>\n<\/picture>                <\/a>\n            <\/div>\n                                            <div class='ngg-pro-masonry-item' style='height: 158px; max-width: 280px;'>\n                <a href=\"https:\/\/www.where2travel.com\/wp-content\/gallery\/iceland-best-pics\/stokksnes-peninsula-beach-iceland.jpg\"\n                   title=\"Stokksnes peninsula\"\n                   data-src=\"https:\/\/www.where2travel.com\/wp-content\/gallery\/iceland-best-pics\/stokksnes-peninsula-beach-iceland.jpg\"\n                   data-thumbnail=\"https:\/\/www.where2travel.com\/wp-content\/gallery\/iceland-best-pics\/cache\/stokksnes-peninsula-beach-iceland.jpg-nggid03280-ngg0dyn-560x0-00f0w010c010r110f110r010t010.jpg\"\n                   data-image-id=\"280\"\n                   data-title=\"Stokksnes peninsula beach in Iceland travel guide\"\n                   data-description=\"Stokksnes peninsula\"\n                   data-ngg-captions-nostylecopy=\"1\"\n                    class='nextgen_pro_lightbox' data-nplmodal-gallery-id='64469209a7e6c385b3e6cff241b22836' data-ngg-protect=\"1\" data-ngg-captions-enabled=\"1\" data-ngg-captions-id=\"64469209a7e6c385b3e6cff241b22836\">\n                    <picture>\n\t\n<source srcset='https:\/\/www.where2travel.com\/wp-content\/gallery\/iceland-best-pics\/cache\/stokksnes-peninsula-beach-iceland.jpg-nggid03280-ngg0dyn-280x0-00f0w010c010r110f110r010t010.jpg, https:\/\/www.where2travel.com\/wp-content\/gallery\/iceland-best-pics\/cache\/stokksnes-peninsula-beach-iceland.jpg-nggid03280-ngg0dyn-560x0-00f0w010c010r110f110r010t010.jpg 2x' media=''>\n<img title=\"Stokksnes peninsula beach in Iceland travel guide\" alt=\"Stokksnes peninsula beach in Iceland travel guide\" width=\"280\" height=\"158\" style=\"max-width:280px;max-height:158px\" src=\"https:\/\/www.where2travel.com\/wp-content\/gallery\/iceland-best-pics\/cache\/stokksnes-peninsula-beach-iceland.jpg-nggid03280-ngg0dyn-280x0-00f0w010c010r110f110r010t010.jpg\" srcset=\"https:\/\/www.where2travel.com\/wp-content\/gallery\/iceland-best-pics\/cache\/stokksnes-peninsula-beach-iceland.jpg-nggid03280-ngg0dyn-280x0-00f0w010c010r110f110r010t010.jpg, https:\/\/www.where2travel.com\/wp-content\/gallery\/iceland-best-pics\/cache\/stokksnes-peninsula-beach-iceland.jpg-nggid03280-ngg0dyn-560x0-00f0w010c010r110f110r010t010.jpg 2x\" onerror=\"nggRetryFailedImage(this);\"\/>\n<\/picture>                <\/a>\n            <\/div>\n                                            <div class='ngg-pro-masonry-item' style='height: 158px; max-width: 280px;'>\n                <a href=\"https:\/\/www.where2travel.com\/wp-content\/gallery\/iceland-best-pics\/strokkur-geysir-nice-explosion-iceland.jpg\"\n                   title=\"Geysir\"\n                   data-src=\"https:\/\/www.where2travel.com\/wp-content\/gallery\/iceland-best-pics\/strokkur-geysir-nice-explosion-iceland.jpg\"\n                   data-thumbnail=\"https:\/\/www.where2travel.com\/wp-content\/gallery\/iceland-best-pics\/cache\/strokkur-geysir-nice-explosion-iceland.jpg-nggid03281-ngg0dyn-560x0-00f0w010c010r110f110r010t010.jpg\"\n                   data-image-id=\"281\"\n                   data-title=\"Strokkur geysir explosion\"\n                   data-description=\"Geysir\"\n                   data-ngg-captions-nostylecopy=\"1\"\n                    class='nextgen_pro_lightbox' data-nplmodal-gallery-id='64469209a7e6c385b3e6cff241b22836' data-ngg-protect=\"1\" data-ngg-captions-enabled=\"1\" data-ngg-captions-id=\"64469209a7e6c385b3e6cff241b22836\">\n                    <picture>\n\t\n<source srcset='https:\/\/www.where2travel.com\/wp-content\/gallery\/iceland-best-pics\/cache\/strokkur-geysir-nice-explosion-iceland.jpg-nggid03281-ngg0dyn-280x0-00f0w010c010r110f110r010t010.jpg, https:\/\/www.where2travel.com\/wp-content\/gallery\/iceland-best-pics\/cache\/strokkur-geysir-nice-explosion-iceland.jpg-nggid03281-ngg0dyn-560x0-00f0w010c010r110f110r010t010.jpg 2x' media=''>\n<img title=\"Strokkur geysir explosion\" alt=\"Strokkur geysir explosion\" width=\"280\" height=\"158\" style=\"max-width:280px;max-height:158px\" src=\"https:\/\/www.where2travel.com\/wp-content\/gallery\/iceland-best-pics\/cache\/strokkur-geysir-nice-explosion-iceland.jpg-nggid03281-ngg0dyn-280x0-00f0w010c010r110f110r010t010.jpg\" srcset=\"https:\/\/www.where2travel.com\/wp-content\/gallery\/iceland-best-pics\/cache\/strokkur-geysir-nice-explosion-iceland.jpg-nggid03281-ngg0dyn-280x0-00f0w010c010r110f110r010t010.jpg, https:\/\/www.where2travel.com\/wp-content\/gallery\/iceland-best-pics\/cache\/strokkur-geysir-nice-explosion-iceland.jpg-nggid03281-ngg0dyn-560x0-00f0w010c010r110f110r010t010.jpg 2x\" onerror=\"nggRetryFailedImage(this);\"\/>\n<\/picture>                <\/a>\n            <\/div>\n                                            <div class='ngg-pro-masonry-item' style='height: 187px; max-width: 280px;'>\n                <a href=\"https:\/\/www.where2travel.com\/wp-content\/gallery\/iceland-best-pics\/svartifoss-waterfall-man-alone-iceland.jpg\"\n                   title=\"Svartifoss waterfall\"\n                   data-src=\"https:\/\/www.where2travel.com\/wp-content\/gallery\/iceland-best-pics\/svartifoss-waterfall-man-alone-iceland.jpg\"\n                   data-thumbnail=\"https:\/\/www.where2travel.com\/wp-content\/gallery\/iceland-best-pics\/cache\/svartifoss-waterfall-man-alone-iceland.jpg-nggid03282-ngg0dyn-560x0-00f0w010c010r110f110r010t010.jpg\"\n                   data-image-id=\"282\"\n                   data-title=\"Svartifoss waterfall\"\n                   data-description=\"Svartifoss waterfall\"\n                   data-ngg-captions-nostylecopy=\"1\"\n                    class='nextgen_pro_lightbox' data-nplmodal-gallery-id='64469209a7e6c385b3e6cff241b22836' data-ngg-protect=\"1\" data-ngg-captions-enabled=\"1\" data-ngg-captions-id=\"64469209a7e6c385b3e6cff241b22836\">\n                    <picture>\n\t\n<source srcset='https:\/\/www.where2travel.com\/wp-content\/gallery\/iceland-best-pics\/cache\/svartifoss-waterfall-man-alone-iceland.jpg-nggid03282-ngg0dyn-280x0-00f0w010c010r110f110r010t010.jpg, https:\/\/www.where2travel.com\/wp-content\/gallery\/iceland-best-pics\/cache\/svartifoss-waterfall-man-alone-iceland.jpg-nggid03282-ngg0dyn-560x0-00f0w010c010r110f110r010t010.jpg 2x' media=''>\n<img title=\"Svartifoss waterfall\" alt=\"Svartifoss waterfall\" width=\"280\" height=\"187\" style=\"max-width:280px;max-height:187px\" src=\"https:\/\/www.where2travel.com\/wp-content\/gallery\/iceland-best-pics\/cache\/svartifoss-waterfall-man-alone-iceland.jpg-nggid03282-ngg0dyn-280x0-00f0w010c010r110f110r010t010.jpg\" srcset=\"https:\/\/www.where2travel.com\/wp-content\/gallery\/iceland-best-pics\/cache\/svartifoss-waterfall-man-alone-iceland.jpg-nggid03282-ngg0dyn-280x0-00f0w010c010r110f110r010t010.jpg, https:\/\/www.where2travel.com\/wp-content\/gallery\/iceland-best-pics\/cache\/svartifoss-waterfall-man-alone-iceland.jpg-nggid03282-ngg0dyn-560x0-00f0w010c010r110f110r010t010.jpg 2x\" onerror=\"nggRetryFailedImage(this);\"\/>\n<\/picture>                <\/a>\n            <\/div>\n                                            <div class='ngg-pro-masonry-item' style='height: 187px; max-width: 280px;'>\n                <a href=\"https:\/\/www.where2travel.com\/wp-content\/gallery\/iceland-best-pics\/svinafellsjokull-glacier-landscape-iceland.jpg\"\n                   title=\"Svinafellsjokull glacier\"\n                   data-src=\"https:\/\/www.where2travel.com\/wp-content\/gallery\/iceland-best-pics\/svinafellsjokull-glacier-landscape-iceland.jpg\"\n                   data-thumbnail=\"https:\/\/www.where2travel.com\/wp-content\/gallery\/iceland-best-pics\/cache\/svinafellsjokull-glacier-landscape-iceland.jpg-nggid03283-ngg0dyn-560x0-00f0w010c010r110f110r010t010.jpg\"\n                   data-image-id=\"283\"\n                   data-title=\"Svinafellsjokull glacier in Iceland travel guide\"\n                   data-description=\"Svinafellsjokull glacier\"\n                   data-ngg-captions-nostylecopy=\"1\"\n                    class='nextgen_pro_lightbox' data-nplmodal-gallery-id='64469209a7e6c385b3e6cff241b22836' data-ngg-protect=\"1\" data-ngg-captions-enabled=\"1\" data-ngg-captions-id=\"64469209a7e6c385b3e6cff241b22836\">\n                    <picture>\n\t\n<source srcset='https:\/\/www.where2travel.com\/wp-content\/gallery\/iceland-best-pics\/cache\/svinafellsjokull-glacier-landscape-iceland.jpg-nggid03283-ngg0dyn-280x0-00f0w010c010r110f110r010t010.jpg, https:\/\/www.where2travel.com\/wp-content\/gallery\/iceland-best-pics\/cache\/svinafellsjokull-glacier-landscape-iceland.jpg-nggid03283-ngg0dyn-560x0-00f0w010c010r110f110r010t010.jpg 2x' media=''>\n<img title=\"Svinafellsjokull glacier in Iceland travel guide\" alt=\"Svinafellsjokull glacier in Iceland travel guide\" width=\"280\" height=\"187\" style=\"max-width:280px;max-height:187px\" src=\"https:\/\/www.where2travel.com\/wp-content\/gallery\/iceland-best-pics\/cache\/svinafellsjokull-glacier-landscape-iceland.jpg-nggid03283-ngg0dyn-280x0-00f0w010c010r110f110r010t010.jpg\" srcset=\"https:\/\/www.where2travel.com\/wp-content\/gallery\/iceland-best-pics\/cache\/svinafellsjokull-glacier-landscape-iceland.jpg-nggid03283-ngg0dyn-280x0-00f0w010c010r110f110r010t010.jpg, https:\/\/www.where2travel.com\/wp-content\/gallery\/iceland-best-pics\/cache\/svinafellsjokull-glacier-landscape-iceland.jpg-nggid03283-ngg0dyn-560x0-00f0w010c010r110f110r010t010.jpg 2x\" onerror=\"nggRetryFailedImage(this);\"\/>\n<\/picture>                <\/a>\n            <\/div>\n                                            <div class='ngg-pro-masonry-item' style='height: 187px; max-width: 280px;'>\n                <a href=\"https:\/\/www.where2travel.com\/wp-content\/gallery\/iceland-best-pics\/view-hallgrimskirkja-church-reykjavik-iceland.jpg\"\n                   title=\"Hallgrimskirkja church in Reykjavik\"\n                   data-src=\"https:\/\/www.where2travel.com\/wp-content\/gallery\/iceland-best-pics\/view-hallgrimskirkja-church-reykjavik-iceland.jpg\"\n                   data-thumbnail=\"https:\/\/www.where2travel.com\/wp-content\/gallery\/iceland-best-pics\/cache\/view-hallgrimskirkja-church-reykjavik-iceland.jpg-nggid03284-ngg0dyn-560x0-00f0w010c010r110f110r010t010.jpg\"\n                   data-image-id=\"284\"\n                   data-title=\"Hhallgrimskirkja church in Reykjavik\"\n                   data-description=\"Hallgrimskirkja church in Reykjavik\"\n                   data-ngg-captions-nostylecopy=\"1\"\n                    class='nextgen_pro_lightbox' data-nplmodal-gallery-id='64469209a7e6c385b3e6cff241b22836' data-ngg-protect=\"1\" data-ngg-captions-enabled=\"1\" data-ngg-captions-id=\"64469209a7e6c385b3e6cff241b22836\">\n                    <picture>\n\t\n<source srcset='https:\/\/www.where2travel.com\/wp-content\/gallery\/iceland-best-pics\/cache\/view-hallgrimskirkja-church-reykjavik-iceland.jpg-nggid03284-ngg0dyn-280x0-00f0w010c010r110f110r010t010.jpg, https:\/\/www.where2travel.com\/wp-content\/gallery\/iceland-best-pics\/cache\/view-hallgrimskirkja-church-reykjavik-iceland.jpg-nggid03284-ngg0dyn-560x0-00f0w010c010r110f110r010t010.jpg 2x' media=''>\n<img title=\"Hhallgrimskirkja church in Reykjavik\" alt=\"Hhallgrimskirkja church in Reykjavik\" width=\"280\" height=\"187\" style=\"max-width:280px;max-height:187px\" src=\"https:\/\/www.where2travel.com\/wp-content\/gallery\/iceland-best-pics\/cache\/view-hallgrimskirkja-church-reykjavik-iceland.jpg-nggid03284-ngg0dyn-280x0-00f0w010c010r110f110r010t010.jpg\" srcset=\"https:\/\/www.where2travel.com\/wp-content\/gallery\/iceland-best-pics\/cache\/view-hallgrimskirkja-church-reykjavik-iceland.jpg-nggid03284-ngg0dyn-280x0-00f0w010c010r110f110r010t010.jpg, https:\/\/www.where2travel.com\/wp-content\/gallery\/iceland-best-pics\/cache\/view-hallgrimskirkja-church-reykjavik-iceland.jpg-nggid03284-ngg0dyn-560x0-00f0w010c010r110f110r010t010.jpg 2x\" onerror=\"nggRetryFailedImage(this);\"\/>\n<\/picture>                <\/a>\n            <\/div>\n                                            <div class='ngg-pro-masonry-item' style='height: 187px; max-width: 280px;'>\n                <a href=\"https:\/\/www.where2travel.com\/wp-content\/gallery\/iceland-best-pics\/view-path-thingvellir-iceland.jpg\"\n                   title=\"Thingvellir\"\n                   data-src=\"https:\/\/www.where2travel.com\/wp-content\/gallery\/iceland-best-pics\/view-path-thingvellir-iceland.jpg\"\n                   data-thumbnail=\"https:\/\/www.where2travel.com\/wp-content\/gallery\/iceland-best-pics\/cache\/view-path-thingvellir-iceland.jpg-nggid03285-ngg0dyn-560x0-00f0w010c010r110f110r010t010.jpg\"\n                   data-image-id=\"285\"\n                   data-title=\"Thingvellir national park\"\n                   data-description=\"Thingvellir\"\n                   data-ngg-captions-nostylecopy=\"1\"\n                    class='nextgen_pro_lightbox' data-nplmodal-gallery-id='64469209a7e6c385b3e6cff241b22836' data-ngg-protect=\"1\" data-ngg-captions-enabled=\"1\" data-ngg-captions-id=\"64469209a7e6c385b3e6cff241b22836\">\n                    <picture>\n\t\n<source srcset='https:\/\/www.where2travel.com\/wp-content\/gallery\/iceland-best-pics\/cache\/view-path-thingvellir-iceland.jpg-nggid03285-ngg0dyn-280x0-00f0w010c010r110f110r010t010.jpg, https:\/\/www.where2travel.com\/wp-content\/gallery\/iceland-best-pics\/cache\/view-path-thingvellir-iceland.jpg-nggid03285-ngg0dyn-560x0-00f0w010c010r110f110r010t010.jpg 2x' media=''>\n<img title=\"Thingvellir national park\" alt=\"Thingvellir national park\" width=\"280\" height=\"187\" style=\"max-width:280px;max-height:187px\" src=\"https:\/\/www.where2travel.com\/wp-content\/gallery\/iceland-best-pics\/cache\/view-path-thingvellir-iceland.jpg-nggid03285-ngg0dyn-280x0-00f0w010c010r110f110r010t010.jpg\" srcset=\"https:\/\/www.where2travel.com\/wp-content\/gallery\/iceland-best-pics\/cache\/view-path-thingvellir-iceland.jpg-nggid03285-ngg0dyn-280x0-00f0w010c010r110f110r010t010.jpg, https:\/\/www.where2travel.com\/wp-content\/gallery\/iceland-best-pics\/cache\/view-path-thingvellir-iceland.jpg-nggid03285-ngg0dyn-560x0-00f0w010c010r110f110r010t010.jpg 2x\" onerror=\"nggRetryFailedImage(this);\"\/>\n<\/picture>                <\/a>\n            <\/div>\n                                            <\/div><\/div>\n<p>[\/et_pb_text][\/et_pb_column][\/et_pb_row][\/et_pb_section][et_pb_section fb_built=&#8221;1&#8243; disabled_on=&#8221;on|on|on&#8221; _builder_version=&#8221;4.9.1&#8243; custom_margin=&#8221;50px||||false|false&#8221; custom_margin_tablet=&#8221;40px||||false|false&#8221; custom_margin_phone=&#8221;30px||||false|false&#8221; custom_margin_last_edited=&#8221;on|phone&#8221; disabled=&#8221;on&#8221; locked=&#8221;off&#8221; global_colors_info=&#8221;{}&#8221;][et_pb_row _builder_version=&#8221;3.25&#8243; global_colors_info=&#8221;{}&#8221;][et_pb_column type=&#8221;4_4&#8243; _builder_version=&#8221;3.25&#8243; custom_padding=&#8221;|||&#8221; global_colors_info=&#8221;{}&#8221; custom_padding__hover=&#8221;|||&#8221;][et_pb_button button_url=&#8221;https:\/\/www.where2travel.com\/fr\/plus-beaux-paysages-naturels-europe\/&#8221; button_text=&#8221;Page pr\u00e9c\u00e9dente&#8221; button_alignment=&#8221;center&#8221; _builder_version=&#8221;4.4.7&#8243; custom_button=&#8221;on&#8221; button_text_size=&#8221;36px&#8221; button_text_color=&#8221;#113e5d&#8221; button_bg_color=&#8221;#fbba00&#8243; button_border_color=&#8221;#fbba00&#8243; button_font=&#8221;Oswald|600||on|||||&#8221; custom_margin=&#8221;-40px||0px||false|false&#8221; custom_margin_tablet=&#8221;-50px||0px||false|false&#8221; custom_margin_phone=&#8221;-40px||0px||false|false&#8221; custom_margin_last_edited=&#8221;on|desktop&#8221; button_text_size_tablet=&#8221;30px&#8221; button_text_size_phone=&#8221;28px&#8221; button_text_size_last_edited=&#8221;on|phone&#8221; global_colors_info=&#8221;{}&#8221; button_text_color__hover=&#8221;#113e5d&#8221; button_text_color__hover_enabled=&#8221;on&#8221; button_bg_color__hover=&#8221;#fbba00&#8243; button_bg_color__hover_enabled=&#8221;on&#8221; button_border_color__hover=&#8221;#fbba00&#8243; button_border_color__hover_enabled=&#8221;on&#8221;][\/et_pb_button][\/et_pb_column][\/et_pb_row][\/et_pb_section][et_pb_section fb_built=&#8221;1&#8243; disabled_on=&#8221;off|off|off&#8221; _builder_version=&#8221;4.0.9&#8243; custom_margin=&#8221;60px||||false|false&#8221; custom_margin_tablet=&#8221;50px||||false|false&#8221; custom_margin_phone=&#8221;35px||||false|false&#8221; custom_margin_last_edited=&#8221;on|phone&#8221; top_divider_style=&#8221;waves2&#8243; top_divider_color=&#8221;#68a3cb&#8221; top_divider_height=&#8221;170px&#8221; top_divider_flip=&#8221;horizontal&#8221; top_divider_height_tablet=&#8221;140px&#8221; top_divider_height_phone=&#8221;130px&#8221; top_divider_height_last_edited=&#8221;on|phone&#8221; global_colors_info=&#8221;{}&#8221;][et_pb_row _builder_version=&#8221;3.25&#8243; global_colors_info=&#8221;{}&#8221;][et_pb_column type=&#8221;4_4&#8243; _builder_version=&#8221;3.25&#8243; custom_padding=&#8221;|||&#8221; global_colors_info=&#8221;{}&#8221; custom_padding__hover=&#8221;|||&#8221;][et_pb_text admin_label=&#8221;Special events in iceland&#8221; _builder_version=&#8221;4.9.1&#8243; text_font=&#8221;||||&#8221; text_text_color=&#8221;#1a1a1a&#8221; header_font=&#8221;Oswald|on||on|&#8221; header_text_align=&#8221;right&#8221; header_font_size=&#8221;60px&#8221; header_line_height=&#8221;1.3em&#8221; header_2_font=&#8221;Oswald|on||on|&#8221; header_2_text_align=&#8221;left&#8221; header_2_text_color=&#8221;#0d3f5e&#8221; header_2_font_size=&#8221;60px&#8221; header_2_line_height=&#8221;1.3em&#8221; custom_margin=&#8221;200px|0px|0px|0px|false|true&#8221; custom_margin_tablet=&#8221;140px|0px|0px|0px|false|true&#8221; custom_margin_phone=&#8221;110px|0px|0px|0px|false|true&#8221; custom_margin_last_edited=&#8221;on|phone&#8221; animation_style=&#8221;slide&#8221; animation_direction=&#8221;top&#8221; animation_intensity_slide=&#8221;10%&#8221; header_font_size_tablet=&#8221;&#8221; header_font_size_phone=&#8221;&#8221; header_font_size_last_edited=&#8221;on|phone&#8221; header_2_font_size_tablet=&#8221;55px&#8221; header_2_font_size_phone=&#8221;40px&#8221; header_2_font_size_last_edited=&#8221;on|phone&#8221; locked=&#8221;off&#8221; global_colors_info=&#8221;{}&#8221;]<\/p>\n<h2 style=\"text-align: center;\"><strong>\u00bfTE GUST\u00d3 ESTA P\u00c1GINA?<\/strong><\/h2>\n<p>[\/et_pb_text][et_pb_text _builder_version=&#8221;4.9.1&#8243; text_font=&#8221;Roboto||||&#8221; text_text_color=&#8221;#1a1a1a&#8221; text_font_size=&#8221;24px&#8221; text_line_height=&#8221;1.4em&#8221; header_font=&#8221;||||||||&#8221; header_2_font=&#8221;Montserrat||||||||&#8221; header_2_text_color=&#8221;#000000&#8243; header_2_font_size=&#8221;20px&#8221; header_3_font=&#8221;Roboto|700|||||||&#8221; header_3_text_color=&#8221;#000000&#8243; header_3_font_size=&#8221;27px&#8221; header_3_line_height=&#8221;1.5em&#8221; custom_margin=&#8221;100px||||false|false&#8221; custom_margin_tablet=&#8221;80px||||false|false&#8221; custom_margin_phone=&#8221;70px||||false|false&#8221; custom_margin_last_edited=&#8221;on|phone&#8221; animation_style=&#8221;slide&#8221; animation_direction=&#8221;top&#8221; animation_intensity_slide=&#8221;10%&#8221; header_2_font_size_tablet=&#8221;&#8221; header_2_font_size_phone=&#8221;&#8221; header_2_font_size_last_edited=&#8221;on|desktop&#8221; header_3_font_size_tablet=&#8221;&#8221; header_3_font_size_phone=&#8221;22px&#8221; header_3_font_size_last_edited=&#8221;on|phone&#8221; global_colors_info=&#8221;{}&#8221;]<\/p>\n<p style=\"text-align: center;\"><b>&#8220;Pin it&#8221; para compartirla en Pinterest y guardarla para m\u00e1s tarde!<br \/>\n<\/b><\/p>\n<p>[\/et_pb_text][et_pb_divider color=&#8221;#68a3cb&#8221; divider_weight=&#8221;4px&#8221; _builder_version=&#8221;4.0.5&#8243; width=&#8221;100%&#8221; width_tablet=&#8221;100%&#8221; width_phone=&#8221;100%&#8221; width_last_edited=&#8221;on|phone&#8221; max_width=&#8221;12%&#8221; max_width_tablet=&#8221;25%&#8221; max_width_phone=&#8221;25%&#8221; max_width_last_edited=&#8221;on|desktop&#8221; module_alignment=&#8221;center&#8221; height=&#8221;6px&#8221; custom_margin=&#8221;10px||60px||false|false&#8221; custom_margin_tablet=&#8221;0px||50px||false|false&#8221; custom_margin_phone=&#8221;-5px||40px||false|false&#8221; custom_margin_last_edited=&#8221;on|phone&#8221; locked=&#8221;off&#8221; global_colors_info=&#8221;{}&#8221;]<\/p>\n<p>[\/et_pb_divider][et_pb_image src=&#8221;https:\/\/www.where2travel.com\/wp-content\/uploads\/2021\/03\/top-20-magnificos-paisajes-naturales-en-europa-1.jpg&#8221; alt=&#8221;Top 20 de los paisajes naturales m\u00e1s hermosos de Europa&#8221; title_text=&#8221;top-20-hermosos-paisajes-naturales-en-europa&#8221; show_in_lightbox=&#8221;on&#8221; align=&#8221;center&#8221; disabled_on=&#8221;off|off|off&#8221; module_class=&#8221;pin&#8221; _builder_version=&#8221;4.9.1&#8243; max_width=&#8221;500px&#8221; max_width_tablet=&#8221;&#8221; max_width_phone=&#8221;&#8221; max_width_last_edited=&#8221;on|phone&#8221; global_colors_info=&#8221;{}&#8221;][\/et_pb_image][et_pb_text _builder_version=&#8221;4.9.1&#8243; text_font=&#8221;Roboto||||&#8221; text_text_color=&#8221;#1a1a1a&#8221; text_font_size=&#8221;24px&#8221; text_line_height=&#8221;1.4em&#8221; header_font=&#8221;||||||||&#8221; header_2_font=&#8221;Montserrat||||||||&#8221; header_2_text_color=&#8221;#000000&#8243; header_2_font_size=&#8221;20px&#8221; header_3_font=&#8221;Roboto|700|||||||&#8221; header_3_text_color=&#8221;#000000&#8243; header_3_font_size=&#8221;27px&#8221; header_3_line_height=&#8221;1.5em&#8221; custom_margin=&#8221;130px|-23px||-23px|false|true&#8221; custom_margin_tablet=&#8221;110px||||false|false&#8221; custom_margin_phone=&#8221;100px|-20px||-20px|false|true&#8221; custom_margin_last_edited=&#8221;on|phone&#8221; custom_padding=&#8221;|0px||0px|false|false&#8221; animation_style=&#8221;slide&#8221; animation_direction=&#8221;top&#8221; animation_intensity_slide=&#8221;10%&#8221; header_2_font_size_tablet=&#8221;&#8221; header_2_font_size_phone=&#8221;&#8221; header_2_font_size_last_edited=&#8221;on|desktop&#8221; header_3_font_size_tablet=&#8221;&#8221; header_3_font_size_phone=&#8221;22px&#8221; header_3_font_size_last_edited=&#8221;on|phone&#8221; global_colors_info=&#8221;{}&#8221;]<\/p>\n<p style=\"text-align: center;\"><b>Tambi\u00e9n puedes compartir esta p\u00e1gina de los paisajes naturales m\u00e1s hermosos de Europa en:<\/b><\/p>\n<p>[\/et_pb_text][et_pb_divider color=&#8221;#68a3cb&#8221; divider_weight=&#8221;4px&#8221; _builder_version=&#8221;4.0.6&#8243; width=&#8221;100%&#8221; width_tablet=&#8221;100%&#8221; width_phone=&#8221;100%&#8221; width_last_edited=&#8221;on|phone&#8221; max_width=&#8221;12%&#8221; max_width_tablet=&#8221;25%&#8221; max_width_phone=&#8221;25%&#8221; max_width_last_edited=&#8221;on|desktop&#8221; module_alignment=&#8221;center&#8221; height=&#8221;6px&#8221; custom_margin=&#8221;10px||85px||false|false&#8221; custom_margin_tablet=&#8221;-15px||70px&#8221; custom_margin_phone=&#8221;-15px||50px||false|false&#8221; custom_margin_last_edited=&#8221;on|desktop&#8221; locked=&#8221;off&#8221; global_colors_info=&#8221;{}&#8221;]<\/p>\n<p>[\/et_pb_divider][et_pb_code module_class=&#8221;dt-monarch-icons&#8221; _builder_version=&#8221;4.6.5&#8243; z_index=&#8221;999&#8243; global_colors_info=&#8221;{}&#8221;][\/et_pb_code][\/et_pb_column][\/et_pb_row][\/et_pb_section][et_pb_section fb_built=&#8221;1&#8243; _builder_version=&#8221;3.22&#8243; background_color=&#8221;#68a3cb&#8221; custom_margin=&#8221;||0px&#8221; custom_padding=&#8221;75px|0px|75px|0px|false|false&#8221; top_divider_style=&#8221;asymmetric2&#8243; top_divider_color=&#8221;#ffffff&#8221; top_divider_height=&#8221;110px&#8221; top_divider_height_tablet=&#8221;100px&#8221; top_divider_height_phone=&#8221;80px&#8221; top_divider_height_last_edited=&#8221;on|phone&#8221; bottom_divider_style=&#8221;asymmetric2&#8243; bottom_divider_color=&#8221;#113e5d&#8221; bottom_divider_height=&#8221;110px&#8221; bottom_divider_flip=&#8221;horizontal&#8221; bottom_divider_height_tablet=&#8221;100px&#8221; bottom_divider_height_phone=&#8221;80px&#8221; bottom_divider_height_last_edited=&#8221;on|phone&#8221; global_colors_info=&#8221;{}&#8221;][et_pb_row column_structure=&#8221;1_2,1_2&#8243; _builder_version=&#8221;4.0.5&#8243; width=&#8221;100%&#8221; module_alignment=&#8221;center&#8221; custom_margin=&#8221;50px||||false|false&#8221; locked=&#8221;off&#8221; global_colors_info=&#8221;{}&#8221;][et_pb_column type=&#8221;1_2&#8243; _builder_version=&#8221;4.0.5&#8243; custom_padding=&#8221;|||0px|false|false&#8221; global_colors_info=&#8221;{}&#8221;][et_pb_image src=&#8221;https:\/\/www.where2travel.com\/wp-content\/uploads\/2019\/11\/Dan-Profile-picture-2.jpg&#8221; alt=&#8221;Foto de Dan en Nueva York&#8221; title_text=&#8221;dan-retrato-foto-comentarios&#8221; align=&#8221;right&#8221; _builder_version=&#8221;4.9.1&#8243; width=&#8221;26%&#8221; width_tablet=&#8221;20%&#8221; width_phone=&#8221;30%&#8221; width_last_edited=&#8221;on|phone&#8221; custom_margin=&#8221;19px|||270px|false|false&#8221; custom_margin_tablet=&#8221;|||305px|false|false&#8221; custom_margin_phone=&#8221;-20px|||150px|false|false&#8221; custom_margin_last_edited=&#8221;on|tablet&#8221; border_radii=&#8221;on|10px|10px|10px|10px&#8221; border_color_all=&#8221;#ffffff&#8221; box_shadow_style=&#8221;preset1&#8243; global_colors_info=&#8221;{}&#8221;][\/et_pb_image][\/et_pb_column][et_pb_column type=&#8221;1_2&#8243; _builder_version=&#8221;4.0.5&#8243; global_colors_info=&#8221;{}&#8221;][et_pb_text _builder_version=&#8221;4.9.1&#8243; text_font=&#8221;Roboto|700|||||||&#8221; text_text_color=&#8221;#ffffff&#8221; text_font_size=&#8221;16px&#8221; text_line_height=&#8221;1.4em&#8221; text_orientation=&#8221;justified&#8221; custom_margin=&#8221;9px|140px||-120px|false|false&#8221; custom_margin_tablet=&#8221;|130px||130px|false|true&#8221; custom_margin_phone=&#8221;|30px||30px|false|true&#8221; custom_margin_last_edited=&#8221;on|tablet&#8221; custom_padding=&#8221;0px|0px|0px|0px|true|true&#8221; custom_padding_tablet=&#8221;10px|10px|10px|10px|true|true&#8221; custom_padding_phone=&#8221;&#8221; custom_padding_last_edited=&#8221;on|phone&#8221; text_font_size_tablet=&#8221;&#8221; text_font_size_phone=&#8221;15px&#8221; text_font_size_last_edited=&#8221;on|phone&#8221; text_orientation_tablet=&#8221;center&#8221; text_orientation_phone=&#8221;center&#8221; text_orientation_last_edited=&#8221;on|tablet&#8221; border_color_all=&#8221;#ffffff&#8221; border_width_all_tablet=&#8221;0px&#8221; border_width_all_phone=&#8221;&#8221; border_width_all_last_edited=&#8221;on|phone&#8221; global_colors_info=&#8221;{}&#8221;]<\/p>\n<p>\u00a1Compartamos nuestra informaci\u00f3n! Haznos  saber cu\u00e1les son para ti, los otros lugares que podr\u00edan formar parte de este top 20 de los paisajes naturales m\u00e1s hermosos de Europa.<\/p>\n<p>Si te gust\u00f3 esta p\u00e1gina y quieres enviar buenas vibraciones, o si tienes preguntas, este espacio de comentarios tambi\u00e9n est\u00e1 hecho para eso<\/p>\n<p>[\/et_pb_text][\/et_pb_column][\/et_pb_row][et_pb_row module_class=&#8221;dark-bg-comments&#8221; _builder_version=&#8221;3.25&#8243; locked=&#8221;off&#8221; global_colors_info=&#8221;{}&#8221;][et_pb_column type=&#8221;4_4&#8243; _builder_version=&#8221;3.25&#8243; custom_padding=&#8221;|||&#8221; global_colors_info=&#8221;{}&#8221; custom_padding__hover=&#8221;|||&#8221;][et_pb_comments _builder_version=&#8221;4.0.5&#8243; form_field_background_color=&#8221;#ffffff&#8221; form_field_text_color=&#8221;#113e5d&#8221; header_level=&#8221;h2&#8243; header_font=&#8221;Oswald|700||on|||||&#8221; header_text_color=&#8221;#0d3f5e&#8221; header_font_size=&#8221;40px&#8221; meta_font=&#8221;|600|||||||&#8221; meta_text_color=&#8221;#ffffff&#8221; meta_font_size=&#8221;16px&#8221; body_font=&#8221;Roboto|700|||||||&#8221; body_text_color=&#8221;#113e5d&#8221; body_font_size=&#8221;18px&#8221; form_field_font=&#8221;Roboto|500|||||||&#8221; form_field_font_size=&#8221;16px&#8221; custom_button=&#8221;on&#8221; button_text_color=&#8221;#113e5d&#8221; button_bg_color=&#8221;#fbba00&#8243; button_border_color=&#8221;#fbba00&#8243; button_font=&#8221;Oswald|600||on|||||&#8221; background_layout=&#8221;dark&#8221; custom_margin=&#8221;80px||80px||true&#8221; custom_margin_tablet=&#8221;40px||40px||true&#8221; custom_margin_phone=&#8221;10px||10px||false&#8221; custom_margin_last_edited=&#8221;on|desktop&#8221; header_font_size_tablet=&#8221;35px&#8221; header_font_size_phone=&#8221;30px&#8221; header_font_size_last_edited=&#8221;on|phone&#8221; body_font_size_tablet=&#8221;17px&#8221; body_font_size_phone=&#8221;16px&#8221; body_font_size_last_edited=&#8221;on|phone&#8221; border_radii_image=&#8221;on|10px|10px|10px|10px&#8221; border_color_all_image=&#8221;#ffffff&#8221; box_shadow_style_image=&#8221;preset1&#8243; form_background_color=&#8221;#ffffff&#8221; global_colors_info=&#8221;{}&#8221; button_text_color__hover_enabled=&#8221;on&#8221; button_text_color__hover=&#8221;#113e5d&#8221; button_bg_color__hover_enabled=&#8221;on&#8221; button_bg_color__hover=&#8221;#fbba00&#8243; button_border_color__hover_enabled=&#8221;on&#8221; button_border_color__hover=&#8221;#fbba00&#8243;][\/et_pb_comments][\/et_pb_column][\/et_pb_row][\/et_pb_section]<\/p>\n<span class=\"et_bloom_bottom_trigger\"><\/span>","protected":false},"excerpt":{"rendered":"<p>Top 20 de los paisajes naturales m\u00e1s hermosos en Europa (Parte 2) Top 20 de los paisajes naturales m\u00e1s hermosos en Europa (Parte 2) 20 HERMOSOS PAISAJES NATURALES PARA VER EN EUROPAEn esta segunda parte ver\u00e1s la secuela de mi top 20 de los paisajes naturales m\u00e1s hermosos de Europa, as\u00ed como algunos otros sitios [&hellip;]<\/p>\n","protected":false},"author":2,"featured_media":0,"parent":0,"menu_order":0,"comment_status":"closed","ping_status":"closed","template":"","meta":{"_et_pb_use_builder":"on","_et_pb_old_content":"","_et_gb_content_width":"","ngg_post_thumbnail":0,"footnotes":""},"yoast_head":"<!-- This site is optimized with the Yoast SEO plugin v18.0 - https:\/\/yoast.com\/wordpress\/plugins\/seo\/ -->\n<title>Top 20 de los paisajes naturales m\u00e1s hermosos en Europa<\/title>\n<meta name=\"description\" content=\"Descubras el top 20 de los paisajes naturales m\u00e1s hermosos en Europa, acompa\u00f1ado de numerosas fotos e informaci\u00f3n esencial.\" \/>\n<meta name=\"robots\" content=\"index, follow, max-snippet:-1, max-image-preview:large, max-video-preview:-1\" \/>\n<link rel=\"canonical\" href=\"https:\/\/www.where2travel.com\/es\/paisajes-naturales-mas-bellos-europa-parte-2\/\" \/>\n<meta property=\"og:locale\" content=\"es_ES\" \/>\n<meta property=\"og:type\" content=\"article\" \/>\n<meta property=\"og:title\" content=\"Top 20 de los paisajes naturales m\u00e1s hermosos en Europa\" \/>\n<meta property=\"og:description\" content=\"Descubras el top 20 de los paisajes naturales m\u00e1s hermosos en Europa, acompa\u00f1ado de numerosas fotos e informaci\u00f3n esencial.\" \/>\n<meta property=\"og:url\" content=\"https:\/\/www.where2travel.com\/es\/paisajes-naturales-mas-bellos-europa-parte-2\/\" \/>\n<meta property=\"og:site_name\" content=\"Organise your own trips quick, simple and cheap\" \/>\n<meta property=\"article:publisher\" content=\"https:\/\/www.facebook.com\/Where2travel.Dan\" \/>\n<meta property=\"article:modified_time\" content=\"2022-03-14T15:57:56+00:00\" \/>\n<meta name=\"twitter:card\" content=\"summary_large_image\" \/>\n<meta name=\"twitter:label1\" content=\"Tiempo de lectura\" \/>\n\t<meta name=\"twitter:data1\" content=\"75 minutos\" \/>\n<script type=\"application\/ld+json\" class=\"yoast-schema-graph\">{\"@context\":\"https:\/\/schema.org\",\"@graph\":[{\"@type\":\"Organization\",\"@id\":\"https:\/\/www.where2travel.com\/es\/#organization\",\"name\":\"Where2travel\",\"url\":\"https:\/\/www.where2travel.com\/es\/\",\"sameAs\":[\"https:\/\/www.facebook.com\/Where2travel.Dan\",\"https:\/\/www.instagram.com\/where2travel\/\",\"https:\/\/www.youtube.com\/channel\/UC48JP_B1G3sbDqaTPd3Uprw\",\"https:\/\/www.pinterest.fr\/DanWhere2travel\/\"],\"logo\":{\"@type\":\"ImageObject\",\"@id\":\"https:\/\/www.where2travel.com\/es\/#logo\",\"inLanguage\":\"es\",\"url\":\"https:\/\/www.where2travel.com\/wp-content\/uploads\/2019\/05\/Logo-Where2travel.png\",\"contentUrl\":\"https:\/\/www.where2travel.com\/wp-content\/uploads\/2019\/05\/Logo-Where2travel.png\",\"width\":252,\"height\":77,\"caption\":\"Where2travel\"},\"image\":{\"@id\":\"https:\/\/www.where2travel.com\/es\/#logo\"}},{\"@type\":\"WebSite\",\"@id\":\"https:\/\/www.where2travel.com\/es\/#website\",\"url\":\"https:\/\/www.where2travel.com\/es\/\",\"name\":\"Organise your own trips quick, simple and cheap\",\"description\":\"Find travel inspirations and plan your own trips quick, simple and cheap\",\"publisher\":{\"@id\":\"https:\/\/www.where2travel.com\/es\/#organization\"},\"potentialAction\":[{\"@type\":\"SearchAction\",\"target\":{\"@type\":\"EntryPoint\",\"urlTemplate\":\"https:\/\/www.where2travel.com\/es\/?s={search_term_string}\"},\"query-input\":\"required name=search_term_string\"}],\"inLanguage\":\"es\"},{\"@type\":\"ImageObject\",\"@id\":\"https:\/\/www.where2travel.com\/es\/paisajes-naturales-mas-bellos-europa-parte-2\/#primaryimage\",\"inLanguage\":\"es\",\"url\":\"\",\"contentUrl\":\"\"},{\"@type\":\"WebPage\",\"@id\":\"https:\/\/www.where2travel.com\/es\/paisajes-naturales-mas-bellos-europa-parte-2\/#webpage\",\"url\":\"https:\/\/www.where2travel.com\/es\/paisajes-naturales-mas-bellos-europa-parte-2\/\",\"name\":\"Top 20 de los paisajes naturales m\u00e1s hermosos en Europa\",\"isPartOf\":{\"@id\":\"https:\/\/www.where2travel.com\/es\/#website\"},\"primaryImageOfPage\":{\"@id\":\"https:\/\/www.where2travel.com\/es\/paisajes-naturales-mas-bellos-europa-parte-2\/#primaryimage\"},\"datePublished\":\"2020-06-10T16:33:23+00:00\",\"dateModified\":\"2022-03-14T15:57:56+00:00\",\"description\":\"Descubras el top 20 de los paisajes naturales m\u00e1s hermosos en Europa, acompa\u00f1ado de numerosas fotos e informaci\u00f3n esencial.\",\"breadcrumb\":{\"@id\":\"https:\/\/www.where2travel.com\/es\/paisajes-naturales-mas-bellos-europa-parte-2\/#breadcrumb\"},\"inLanguage\":\"es\",\"potentialAction\":[{\"@type\":\"ReadAction\",\"target\":[\"https:\/\/www.where2travel.com\/es\/paisajes-naturales-mas-bellos-europa-parte-2\/\"]}]},{\"@type\":\"BreadcrumbList\",\"@id\":\"https:\/\/www.where2travel.com\/es\/paisajes-naturales-mas-bellos-europa-parte-2\/#breadcrumb\",\"itemListElement\":[{\"@type\":\"ListItem\",\"position\":1,\"name\":\"Home\",\"item\":\"https:\/\/www.where2travel.com\/es\/\"},{\"@type\":\"ListItem\",\"position\":2,\"name\":\"Top 20 de los paisajes naturales m\u00e1s hermosos en Europa (Parte 2)\"}]}]}<\/script>\n<!-- \/ Yoast SEO plugin. -->","yoast_head_json":{"title":"Top 20 de los paisajes naturales m\u00e1s hermosos en Europa","description":"Descubras el top 20 de los paisajes naturales m\u00e1s hermosos en Europa, acompa\u00f1ado de numerosas fotos e informaci\u00f3n esencial.","robots":{"index":"index","follow":"follow","max-snippet":"max-snippet:-1","max-image-preview":"max-image-preview:large","max-video-preview":"max-video-preview:-1"},"canonical":"https:\/\/www.where2travel.com\/es\/paisajes-naturales-mas-bellos-europa-parte-2\/","og_locale":"es_ES","og_type":"article","og_title":"Top 20 de los paisajes naturales m\u00e1s hermosos en Europa","og_description":"Descubras el top 20 de los paisajes naturales m\u00e1s hermosos en Europa, acompa\u00f1ado de numerosas fotos e informaci\u00f3n esencial.","og_url":"https:\/\/www.where2travel.com\/es\/paisajes-naturales-mas-bellos-europa-parte-2\/","og_site_name":"Organise your own trips quick, simple and cheap","article_publisher":"https:\/\/www.facebook.com\/Where2travel.Dan","article_modified_time":"2022-03-14T15:57:56+00:00","twitter_card":"summary_large_image","twitter_misc":{"Tiempo de lectura":"75 minutos"},"schema":{"@context":"https:\/\/schema.org","@graph":[{"@type":"Organization","@id":"https:\/\/www.where2travel.com\/es\/#organization","name":"Where2travel","url":"https:\/\/www.where2travel.com\/es\/","sameAs":["https:\/\/www.facebook.com\/Where2travel.Dan","https:\/\/www.instagram.com\/where2travel\/","https:\/\/www.youtube.com\/channel\/UC48JP_B1G3sbDqaTPd3Uprw","https:\/\/www.pinterest.fr\/DanWhere2travel\/"],"logo":{"@type":"ImageObject","@id":"https:\/\/www.where2travel.com\/es\/#logo","inLanguage":"es","url":"https:\/\/www.where2travel.com\/wp-content\/uploads\/2019\/05\/Logo-Where2travel.png","contentUrl":"https:\/\/www.where2travel.com\/wp-content\/uploads\/2019\/05\/Logo-Where2travel.png","width":252,"height":77,"caption":"Where2travel"},"image":{"@id":"https:\/\/www.where2travel.com\/es\/#logo"}},{"@type":"WebSite","@id":"https:\/\/www.where2travel.com\/es\/#website","url":"https:\/\/www.where2travel.com\/es\/","name":"Organise your own trips quick, simple and cheap","description":"Find travel inspirations and plan your own trips quick, simple and cheap","publisher":{"@id":"https:\/\/www.where2travel.com\/es\/#organization"},"potentialAction":[{"@type":"SearchAction","target":{"@type":"EntryPoint","urlTemplate":"https:\/\/www.where2travel.com\/es\/?s={search_term_string}"},"query-input":"required name=search_term_string"}],"inLanguage":"es"},{"@type":"ImageObject","@id":"https:\/\/www.where2travel.com\/es\/paisajes-naturales-mas-bellos-europa-parte-2\/#primaryimage","inLanguage":"es","url":"","contentUrl":""},{"@type":"WebPage","@id":"https:\/\/www.where2travel.com\/es\/paisajes-naturales-mas-bellos-europa-parte-2\/#webpage","url":"https:\/\/www.where2travel.com\/es\/paisajes-naturales-mas-bellos-europa-parte-2\/","name":"Top 20 de los paisajes naturales m\u00e1s hermosos en Europa","isPartOf":{"@id":"https:\/\/www.where2travel.com\/es\/#website"},"primaryImageOfPage":{"@id":"https:\/\/www.where2travel.com\/es\/paisajes-naturales-mas-bellos-europa-parte-2\/#primaryimage"},"datePublished":"2020-06-10T16:33:23+00:00","dateModified":"2022-03-14T15:57:56+00:00","description":"Descubras el top 20 de los paisajes naturales m\u00e1s hermosos en Europa, acompa\u00f1ado de numerosas fotos e informaci\u00f3n esencial.","breadcrumb":{"@id":"https:\/\/www.where2travel.com\/es\/paisajes-naturales-mas-bellos-europa-parte-2\/#breadcrumb"},"inLanguage":"es","potentialAction":[{"@type":"ReadAction","target":["https:\/\/www.where2travel.com\/es\/paisajes-naturales-mas-bellos-europa-parte-2\/"]}]},{"@type":"BreadcrumbList","@id":"https:\/\/www.where2travel.com\/es\/paisajes-naturales-mas-bellos-europa-parte-2\/#breadcrumb","itemListElement":[{"@type":"ListItem","position":1,"name":"Home","item":"https:\/\/www.where2travel.com\/es\/"},{"@type":"ListItem","position":2,"name":"Top 20 de los paisajes naturales m\u00e1s hermosos en Europa (Parte 2)"}]}]}},"_links":{"self":[{"href":"https:\/\/www.where2travel.com\/es\/wp-json\/wp\/v2\/pages\/249709"}],"collection":[{"href":"https:\/\/www.where2travel.com\/es\/wp-json\/wp\/v2\/pages"}],"about":[{"href":"https:\/\/www.where2travel.com\/es\/wp-json\/wp\/v2\/types\/page"}],"author":[{"embeddable":true,"href":"https:\/\/www.where2travel.com\/es\/wp-json\/wp\/v2\/users\/2"}],"replies":[{"embeddable":true,"href":"https:\/\/www.where2travel.com\/es\/wp-json\/wp\/v2\/comments?post=249709"}],"version-history":[{"count":3,"href":"https:\/\/www.where2travel.com\/es\/wp-json\/wp\/v2\/pages\/249709\/revisions"}],"predecessor-version":[{"id":251721,"href":"https:\/\/www.where2travel.com\/es\/wp-json\/wp\/v2\/pages\/249709\/revisions\/251721"}],"wp:attachment":[{"href":"https:\/\/www.where2travel.com\/es\/wp-json\/wp\/v2\/media?parent=249709"}],"curies":[{"name":"wp","href":"https:\/\/api.w.org\/{rel}","templated":true}]}}