{"id":249585,"date":"2020-06-01T21:22:25","date_gmt":"2020-06-01T19:22:25","guid":{"rendered":"https:\/\/www.where2travel.com\/plus-beaux-paysages-naturels-europe\/"},"modified":"2022-03-20T21:22:10","modified_gmt":"2022-03-20T20:22:10","slug":"paisajes-naturales-mas-bellos-europa","status":"publish","type":"page","link":"https:\/\/www.where2travel.com\/es\/paisajes-naturales-mas-bellos-europa\/","title":{"rendered":"Top 20 de los paisajes naturales m\u00e1s bellos en Europa"},"content":{"rendered":"<p>[et_pb_section fb_built=&#8221;1&#8243; disabled_on=&#8221;on|on|off&#8221; admin_label=&#8221;Image Intro computer&#8221; module_class=&#8221; full-height&#8221; _builder_version=&#8221;4.4.8&#8243; background_color=&#8221;#233b4e&#8221; use_background_color_gradient=&#8221;on&#8221; background_color_gradient_start=&#8221;rgba(0,11,30,0.25)&#8221; background_color_gradient_end=&#8221;rgba(0,11,30,0.57)&#8221; background_color_gradient_overlays_image=&#8221;on&#8221; background_image=&#8221;https:\/\/www.where2travel.com\/wp-content\/uploads\/2020\/07\/plus-beaux-paysages-naturels-en-europe.jpg&#8221; locked=&#8221;off&#8221; collapsed=&#8221;off&#8221; global_colors_info=&#8221;{}&#8221;][et_pb_row _builder_version=&#8221;3.25&#8243; global_colors_info=&#8221;{}&#8221;][et_pb_column type=&#8221;4_4&#8243; _builder_version=&#8221;3.25&#8243; custom_padding=&#8221;|||&#8221; global_colors_info=&#8221;{}&#8221; custom_padding__hover=&#8221;|||&#8221;][et_pb_text admin_label=&#8221;WHERE TO TRAVEL IN JANUARY?&#8221; _builder_version=&#8221;4.9.1&#8243; text_font=&#8221;Oswald|700||on|||||&#8221; text_text_color=&#8221;#ffffff&#8221; text_font_size=&#8221;55px&#8221; text_line_height=&#8221;1.3em&#8221; header_font=&#8221;Oswald|700||on|||||&#8221; header_text_align=&#8221;center&#8221; header_text_color=&#8221;#ffffff&#8221; header_font_size=&#8221;55px&#8221; text_orientation=&#8221;center&#8221; background_layout=&#8221;dark&#8221; custom_margin=&#8221;30vh|5vw||5vw|false|true&#8221; text_text_shadow_style=&#8221;preset4&#8243; text_text_shadow_vertical_length=&#8221;0.11em&#8221; header_text_shadow_style=&#8221;preset4&#8243; header_text_shadow_vertical_length=&#8221;0.1em&#8221; text_text_align=&#8221;center&#8221; global_colors_info=&#8221;{}&#8221;]Top 20 de los paisajes naturales m\u00e1s bellos en Europa[\/et_pb_text][\/et_pb_column][\/et_pb_row][\/et_pb_section][et_pb_section fb_built=&#8221;1&#8243; disabled_on=&#8221;off|off|on&#8221; admin_label=&#8221;Image intro mobile&#8221; module_class=&#8221; full-height&#8221; _builder_version=&#8221;4.4.8&#8243; background_color=&#8221;#233b4e&#8221; use_background_color_gradient=&#8221;on&#8221; background_color_gradient_start=&#8221;rgba(0,11,30,0.25)&#8221; background_color_gradient_end=&#8221;rgba(0,11,30,0.57)&#8221; background_color_gradient_overlays_image=&#8221;on&#8221; background_image=&#8221;https:\/\/www.where2travel.com\/wp-content\/uploads\/2020\/07\/plus-beaux-paysages-naturels-en-europe-mobile.jpg&#8221; locked=&#8221;off&#8221; collapsed=&#8221;on&#8221; global_colors_info=&#8221;{}&#8221;][et_pb_row _builder_version=&#8221;3.25&#8243; global_colors_info=&#8221;{}&#8221;][et_pb_column type=&#8221;4_4&#8243; _builder_version=&#8221;3.25&#8243; custom_padding=&#8221;|||&#8221; global_colors_info=&#8221;{}&#8221; custom_padding__hover=&#8221;|||&#8221;][et_pb_text admin_label=&#8221;WHERE TO TRAVEL IN JANUARY?&#8221; _builder_version=&#8221;4.14.9&#8243; text_font=&#8221;Roboto||||||||&#8221; text_text_color=&#8221;#ffffff&#8221; text_font_size=&#8221;20px&#8221; text_line_height=&#8221;1.3em&#8221; header_font=&#8221;Oswald|700||on|||||&#8221; background_layout=&#8221;dark&#8221; custom_margin=&#8221;28vh|-30px||105px|false|false&#8221; custom_margin_tablet=&#8221;30vh|-60px|0px|-60px|false|true&#8221; custom_margin_phone=&#8221;22vh|-25px|0vh|-25px|false|true&#8221; custom_margin_last_edited=&#8221;on|tablet&#8221; hover_enabled=&#8221;0&#8243; text_font_size_tablet=&#8221;&#8221; text_font_size_phone=&#8221;12px&#8221; text_font_size_last_edited=&#8221;on|phone&#8221; header_font_size_tablet=&#8221;55px&#8221; header_font_size_phone=&#8221;45px&#8221; header_font_size_last_edited=&#8221;on|phone&#8221; text_text_shadow_style=&#8221;preset4&#8243; header_text_shadow_style=&#8221;preset4&#8243; header_text_shadow_vertical_length=&#8221;0.1em&#8221; global_colors_info=&#8221;{}&#8221; sticky_enabled=&#8221;0&#8243;]<\/p>\n<div class=\"heading-hello\" style=\"text-align: center;\">\n<h1>Top 20 de los paisajes naturales m\u00e1s bellos en Europa<\/h1>\n<\/div>\n<p>[\/et_pb_text][\/et_pb_column][\/et_pb_row][\/et_pb_section][et_pb_section fb_built=&#8221;1&#8243; admin_label=&#8221;Breadcrumb&#8221; _builder_version=&#8221;3.22.7&#8243; custom_margin_phone=&#8221;-20px||-70px||false&#8221; custom_margin_last_edited=&#8221;off|desktop&#8221; custom_padding=&#8221;0px||0px|&#8221; z_index_tablet=&#8221;500&#8243; locked=&#8221;off&#8221; collapsed=&#8221;on&#8221; global_colors_info=&#8221;{}&#8221;][et_pb_row _builder_version=&#8221;3.25&#8243; background_size=&#8221;initial&#8221; background_position=&#8221;top_left&#8221; background_repeat=&#8221;repeat&#8221; custom_padding=&#8221;10px||0px||false|false&#8221; z_index_tablet=&#8221;500&#8243; global_colors_info=&#8221;{}&#8221;][et_pb_column type=&#8221;4_4&#8243; _builder_version=&#8221;3.25&#8243; custom_padding=&#8221;|||&#8221; global_colors_info=&#8221;{}&#8221; custom_padding__hover=&#8221;|||&#8221;][et_pb_dcsbcm_divi_breadcrumbs_module homebreadcrumbtext=&#8221;Where2travel&#8221; hide_currentbreadcrumb=&#8221;off&#8221; computed_field_html_payload=&#8221;<span class=%22dcsbcm_divi_breadcrumb%22 typeof=%22v:Breadcrumb%22><a rel=%22v:url%22 property=%22v:title%22 href=%22https:\/\/www.where2travel.com\/%22>Home<\/a><\/span><span class=%22dcsbcm_separator%22> \u00bb <\/span><span class=%22dcsbcm_divi_breadcrumb dcsbcm_divi_breadcrumb-active%22>Where to travel in January<\/span><\/div>\n<p>&#8221; _builder_version=&#8221;4.4.7&#8243; body_font=&#8221;Roboto|900|||||||&#8221; body_text_align=&#8221;center&#8221; body_text_color=&#8221;#113e5d&#8221; body_font_size=&#8221;20px&#8221; fontsseparator_font=&#8221;Roboto|900|||||||&#8221; fontsseparator_text_color=&#8221;#113e5d&#8221; fontsseparator_font_size=&#8221;25px&#8221; fontsbreadcrumblinks_font=&#8221;Roboto|700|||||||&#8221; fontsbreadcrumblinks_text_align=&#8221;center&#8221; fontsbreadcrumblinks_text_color=&#8221;#68a3cb&#8221; fontsbreadcrumblinks_font_size=&#8221;20px&#8221; background_color=&#8221;#ffffff&#8221; custom_margin=&#8221;6px||||false|false&#8221; custom_margin_tablet=&#8221;&#8221; custom_margin_phone=&#8221;6px||||false|false&#8221; custom_margin_last_edited=&#8221;on|phone&#8221; custom_padding=&#8221;||0px||false|false&#8221; body_font_size_tablet=&#8221;18px&#8221; body_font_size_phone=&#8221;16px&#8221; body_font_size_last_edited=&#8221;on|desktop&#8221; fontsseparator_font_size_tablet=&#8221;20px&#8221; fontsseparator_font_size_phone=&#8221;18px&#8221; fontsseparator_font_size_last_edited=&#8221;on|phone&#8221; fontsbreadcrumblinks_font_size_tablet=&#8221;18px&#8221; fontsbreadcrumblinks_font_size_phone=&#8221;16px&#8221; fontsbreadcrumblinks_font_size_last_edited=&#8221;on|phone&#8221; z_index_tablet=&#8221;500&#8243; global_colors_info=&#8221;{}&#8221; fontsbreadcrumbs_font_size_tablet=&#8221;18px&#8221; fontsbreadcrumbs_font_size_phone=&#8221;16px&#8221; fontsbreadcrumbs_font_size_last_edited=&#8221;on|tablet&#8221; fontsbreadcrumbs_letter_spacing_tablet=&#8221;&#8221; fontsbreadcrumbs_letter_spacing_phone=&#8221;&#8221; fontsbreadcrumbs_letter_spacing_last_edited=&#8221;on|phone&#8221; fontsbreadcrumbs_line_height_tablet=&#8221;&#8221; fontsbreadcrumbs_line_height_phone=&#8221;&#8221; fontsbreadcrumbs_line_height_last_edited=&#8221;on|phone&#8221; fontsseperator_font_size_tablet=&#8221;18px&#8221; fontsseperator_font_size_phone=&#8221;16px&#8221; fontsseperator_font_size_last_edited=&#8221;on|desktop&#8221; fontsseperator_line_height_tablet=&#8221;2&#8243; fontsseperator_line_height_phone=&#8221;1.3px&#8221; fontsseperator_line_height_last_edited=&#8221;on|phone&#8221; fontsbreadcrumblinks_text_color__hover_enabled=&#8221;on|hover&#8221; fontsbreadcrumblinks_text_color__hover=&#8221;#fbba00&#8243;][\/et_pb_dcsbcm_divi_breadcrumbs_module][\/et_pb_column][\/et_pb_row][\/et_pb_section][et_pb_section fb_built=&#8221;1&#8243; module_id=&#8221;section-what&#8221; _builder_version=&#8221;4.0.5&#8243; background_color=&#8221;#ffffff&#8221; custom_margin=&#8221;0px|||&#8221; custom_margin_tablet=&#8221;&#8221; custom_margin_phone=&#8221;3px||10px|&#8221; custom_margin_last_edited=&#8221;on|desktop&#8221; custom_padding=&#8221;0|0px|0px|0px|false|false&#8221; top_divider_height_tablet=&#8221;50px&#8221; top_divider_height_phone=&#8221;40px&#8221; top_divider_height_last_edited=&#8221;on|tablet&#8221; bottom_divider_style=&#8221;arrow2&#8243; bottom_divider_color=&#8221;#68a3cb&#8221; bottom_divider_height=&#8221;240px&#8221; bottom_divider_flip=&#8221;horizontal&#8221; bottom_divider_arrangement=&#8221;above_content&#8221; bottom_divider_height_tablet=&#8221;175px&#8221; bottom_divider_height_phone=&#8221;140px&#8221; bottom_divider_height_last_edited=&#8221;on|tablet&#8221; border_width_top=&#8221;1px&#8221; border_color_top=&#8221;rgba(0,48,71,0.27)&#8221; global_colors_info=&#8221;{}&#8221;][et_pb_row custom_padding_last_edited=&#8221;on|desktop&#8221; _builder_version=&#8221;3.26.5&#8243; custom_margin=&#8221;100px||0px|&#8221; custom_margin_tablet=&#8221;70px|||&#8221; custom_margin_phone=&#8221;80px|||&#8221; custom_margin_last_edited=&#8221;on|desktop&#8221; custom_padding=&#8221;0px|0px|80px|0px|false|false&#8221; custom_padding_tablet=&#8221;||125px|&#8221; custom_padding_phone=&#8221;||88px|&#8221; global_colors_info=&#8221;{}&#8221;][et_pb_column type=&#8221;4_4&#8243; _builder_version=&#8221;3.25&#8243; custom_padding=&#8221;|||&#8221; global_colors_info=&#8221;{}&#8221; custom_padding__hover=&#8221;|||&#8221;][et_pb_text admin_label=&#8221;Countries best to visit in January&#8221; _builder_version=&#8221;4.9.1&#8243; text_font=&#8221;||||&#8221; text_text_color=&#8221;#1a1a1a&#8221; link_text_color=&#8221;#68a3cb&#8221; header_font=&#8221;Oswald|on||on|&#8221; header_text_align=&#8221;right&#8221; header_font_size=&#8221;60px&#8221; header_line_height=&#8221;1.3em&#8221; header_2_font=&#8221;Oswald|on||on|&#8221; header_2_text_align=&#8221;left&#8221; header_2_text_color=&#8221;#113e5d&#8221; header_2_font_size=&#8221;60px&#8221; header_2_line_height=&#8221;1.3em&#8221; custom_margin=&#8221;-10px|5vw|70px|5vw|false|true&#8221; custom_margin_tablet=&#8221;-10px|36px|90px|36px|false|true&#8221; custom_margin_phone=&#8221;-10px|-25px|90px|-25px|false|true&#8221; custom_margin_last_edited=&#8221;on|phone&#8221; animation_style=&#8221;slide&#8221; animation_direction=&#8221;top&#8221; animation_intensity_slide=&#8221;10%&#8221; header_font_size_tablet=&#8221;&#8221; header_font_size_phone=&#8221;&#8221; header_font_size_last_edited=&#8221;on|phone&#8221; header_2_font_size_tablet=&#8221;55px&#8221; header_2_font_size_phone=&#8221;40px&#8221; header_2_font_size_last_edited=&#8221;on|phone&#8221; global_colors_info=&#8221;{}&#8221;]<\/p>\n<h2 style=\"text-align: center;\">20 HERMOSOS PAISAJES NATURALES PARA VER EN EUROPA<\/h2>\n<p>[\/et_pb_text][et_pb_text admin_label=&#8221;Let me give you my opinion about the best countries to travel in the world in the month of January&#8221; _builder_version=&#8221;4.9.1&#8243; text_font=&#8221;Roboto||||&#8221; text_font_size=&#8221;16px&#8221; text_line_height=&#8221;1.9em&#8221; link_font=&#8221;Roboto||||||||&#8221; link_text_color=&#8221;#68a3cb&#8221; link_font_size=&#8221;16px&#8221; link_line_height=&#8221;1.9em&#8221; ul_font=&#8221;||||||||&#8221; ol_font=&#8221;||||||||&#8221; quote_font=&#8221;||||||||&#8221; header_font=&#8221;Varela Round|700|||||||&#8221; header_text_align=&#8221;center&#8221; header_text_color=&#8221;#2a8a6f&#8221; header_font_size=&#8221;40px&#8221; header_line_height=&#8221;1.4em&#8221; header_2_font=&#8221;Varela Round|700|||||||&#8221; header_2_text_align=&#8221;center&#8221; header_2_text_color=&#8221;#2a8a6f&#8221; header_2_font_size=&#8221;36px&#8221; header_2_line_height=&#8221;1.4em&#8221; header_3_font=&#8221;Montserrat||||||||&#8221; header_3_text_align=&#8221;justify&#8221; header_3_text_color=&#8221;#555555&#8243; header_3_font_size=&#8221;20px&#8221; header_3_line_height=&#8221;1.4em&#8221; custom_margin=&#8221;150px||200px||false|false&#8221; custom_margin_tablet=&#8221;0px||150px||false|false&#8221; custom_margin_phone=&#8221;0px||120px||false|false&#8221; custom_margin_last_edited=&#8221;on|phone&#8221; custom_padding=&#8221;|100px||100px&#8221; custom_padding_tablet=&#8221;|0px||0px&#8221; custom_padding_phone=&#8221;&#8221; custom_padding_last_edited=&#8221;on|desktop&#8221; animation_style=&#8221;slide&#8221; animation_direction=&#8221;top&#8221; animation_intensity_slide=&#8221;10%&#8221; text_font_size_tablet=&#8221;&#8221; text_font_size_phone=&#8221;15px&#8221; text_font_size_last_edited=&#8221;on|phone&#8221; link_font_size_tablet=&#8221;&#8221; link_font_size_phone=&#8221;&#8221; link_font_size_last_edited=&#8221;on|desktop&#8221; header_font_size_tablet=&#8221;30px&#8221; header_font_size_phone=&#8221;25px&#8221; header_font_size_last_edited=&#8221;on|phone&#8221; header_2_font_size_tablet=&#8221;25px&#8221; header_2_font_size_phone=&#8221;20px&#8221; header_2_font_size_last_edited=&#8221;on|phone&#8221; header_3_font_size_tablet=&#8221;16px&#8221; header_3_font_size_phone=&#8221;14px&#8221; header_3_font_size_last_edited=&#8221;on|desktop&#8221; saved_tabs=&#8221;all&#8221; global_colors_info=&#8221;{}&#8221; link_text_color__hover_enabled=&#8221;on&#8221; link_text_color__hover=&#8221;#fbba00&#8243;]<\/p>\n<p style=\"text-align: justify;\">Si te gusta la naturaleza, esta p\u00e1gina deber\u00eda interesarte ya que descubrir\u00e1s mi Top 20 de los paisajes naturales m\u00e1s bellos en Europa. De hecho, en esta lista, encontrar\u00e1s diferentes tipos de sitios naturales: monta\u00f1as, lagos, bosques, cuevas, cascadas&#8230; Adem\u00e1s de un mapa para detectarlos e informaci\u00f3n general sobre cada uno de estos lugares acompa\u00f1ado de mis fotos y consejos.<\/p>\n<p style=\"text-align: justify;\">A trav\u00e9s de esta clasificaci\u00f3n, viajar\u00e1s entre el extremo oeste de Europa, desde las monta\u00f1as, volcanes y cascadas de <a href=\"https:\/\/www.where2travel.com\/es\/europa\/guia-viaje-islandia\/\"><strong>Islandia<\/strong><\/a>, o los acantilados de Moher en Irlanda, al extremo este del continente europeo con por ejemplo, las dunas de arena de Parnidis en Lituania. Tambi\u00e9n descubrir\u00e1s entre estos dos extremos hermosos lagos como el de Bled en Eslovenia o los del norte de Italia, paisajes de costas vertiginosas, espl\u00e9ndidas cordilleras europeas, as\u00ed como gargantas, fiordos y otras maravillas naturales.<\/p>\n<p style=\"text-align: justify;\">Por supuesto, Europa tambi\u00e9n tiene muchas <a href=\"https:\/\/www.where2travel.com\/es\/25-destinos-con-magnificas-playas\/\"><strong>magn\u00edficas playas<\/strong><\/a>, pero prefer\u00ed hacer una secci\u00f3n dedicada a este tipo de lugares naturales que interesan a mucha gente. Por \u00faltimo, no ten demasiado en cuenta el orden de este ranking, los sitios naturales presentados en esta p\u00e1gina son todos hermosos, y ser\u00eda muy subjetivo hacer una clasificaci\u00f3n precisa. Lo cierto es que te gustar\u00e1n todos estos hermosos paisajes naturales de Europa.<\/p>\n<p>[\/et_pb_text][\/et_pb_column][\/et_pb_row][\/et_pb_section][et_pb_section fb_built=&#8221;1&#8243; custom_padding_last_edited=&#8221;%22on|phone%22&#8243; admin_label=&#8221;%22Map&#8221; _builder_version=&#8221;3.22&#8243; custom_margin_tablet=&#8221;%22%22&#8243; custom_margin_phone=&#8221;%22%22&#8243; custom_margin_last_edited=&#8221;%22on|desktop%22&#8243; custom_padding=&#8221;%22||||false|true%22&#8243; custom_padding_tablet=&#8221;%220px|0px|0px|0px%22&#8243; custom_padding_phone=&#8221;%22%22&#8243; top_divider_color=&#8221;%22#2a758a%22&#8243; bottom_divider_color=&#8221;%22#2a758a%22&#8243; bottom_divider_height=&#8221;%2269px%22&#8243; locked=&#8221;off&#8221; collapsed=&#8221;on&#8221; global_colors_info=&#8221;{}&#8221;][et_pb_row column_structure=&#8221;%224_4%22&#8243; _builder_version=&#8221;4.4.7&#8243; background_size=&#8221;initial&#8221; background_position=&#8221;top_left&#8221; background_repeat=&#8221;repeat&#8221; custom_margin=&#8221;||50px||false|false&#8221; custom_margin_tablet=&#8221;||30px||false|false&#8221; custom_margin_phone=&#8221;||20px||false|false&#8221; custom_margin_last_edited=&#8221;on|desktop&#8221; custom_padding=&#8221;||||false|false%22&#8243; global_colors_info=&#8221;{}&#8221;][et_pb_column type=&#8221;%224_4%22&#8243; _builder_version=&#8221;%223.25%22&#8243; custom_padding=&#8221;%22|||%22&#8243; global_colors_info=&#8221;{}&#8221; custom_padding__hover=&#8221;&quot;|||&quot;&#8221;][et_pb_text admin_label=&#8221;30 best places &#8221; _builder_version=&#8221;4.9.1&#8243; text_font=&#8221;||||&#8221; text_text_color=&#8221;#1a1a1a&#8221; header_font=&#8221;Oswald|on||on|&#8221; header_text_align=&#8221;right&#8221; header_font_size=&#8221;60px&#8221; header_line_height=&#8221;1.3em&#8221; header_2_font=&#8221;Oswald|on||on|&#8221; header_2_text_align=&#8221;left&#8221; header_2_text_color=&#8221;#113e5d&#8221; header_2_font_size=&#8221;60px&#8221; header_2_line_height=&#8221;1.3em&#8221; custom_margin=&#8221;0px|60px|0px|60px|false|true&#8221; custom_margin_tablet=&#8221;10px|0px|10px|0px|false|true&#8221; custom_margin_phone=&#8221;0px|-30px|10px|-30px|false|true&#8221; custom_margin_last_edited=&#8221;on|desktop&#8221; animation_style=&#8221;slide&#8221; animation_direction=&#8221;top&#8221; animation_intensity_slide=&#8221;10%&#8221; header_font_size_tablet=&#8221;&#8221; header_font_size_phone=&#8221;&#8221; header_font_size_last_edited=&#8221;on|phone&#8221; header_2_font_size_tablet=&#8221;55px&#8221; header_2_font_size_phone=&#8221;40px&#8221; header_2_font_size_last_edited=&#8221;on|phone&#8221; locked=&#8221;off&#8221; global_colors_info=&#8221;{}&#8221;]<\/p>\n<h2 style=\"text-align: center;\"><strong>MAPA DE LOS PAISAJES NATURALES M\u00c1S BELLOS EN EUROPA<\/strong><\/h2>\n<p>[\/et_pb_text][\/et_pb_column][\/et_pb_row][\/et_pb_section][et_pb_section fb_built=&#8221;1&#8243; fullwidth=&#8221;on&#8221; module_id=&#8221;Mapa&#8221; _builder_version=&#8221;4.9.1&#8243; locked=&#8221;off&#8221; global_colors_info=&#8221;{}&#8221;][et_pb_fullwidth_code _builder_version=&#8221;4.9.1&#8243; global_colors_info=&#8221;{}&#8221;]<\/p>\n<div class=\"google-map\"> <!-- [et_pb_line_break_holder] -->      <!-- [et_pb_line_break_holder] -->    <iframe name=\"Mapa de los paisajes naturales m\u00e1s bellos de Europa\" width=\"100%\" height=\"100%\" frameborder=\"0\" allowfullscreen src=\"\/\/umap.openstreetmap.fr\/fr\/map\/top-20-des-plus-beaux-paysages-naturels-en-europe_581181?scaleControl=false&#038;miniMap=false&#038;scrollWheelZoom=false&#038;zoomControl=true&#038;allowEdit=false&#038;moreControl=true&#038;searchControl=null&#038;tilelayersControl=null&#038;embedControl=null&#038;datalayersControl=null&#038;onLoadPanel=undefined&#038;captionBar=false\"><\/iframe><pee><a <!-- [et_pb_line_break_holder] -->  <!-- [et_pb_line_break_holder] -->    <!-- [et_pb_line_break_holder] --><\/div>\n<p>[\/et_pb_fullwidth_code][\/et_pb_section][et_pb_section fb_built=&#8221;1&#8243; custom_padding_last_edited=&#8221;on|&#8221; _builder_version=&#8221;3.22.3&#8243; custom_padding_tablet=&#8221;&#8221; custom_padding_phone=&#8221;&#8221; global_colors_info=&#8221;{}&#8221;][et_pb_row custom_padding_last_edited=&#8221;on|desktop&#8221; _builder_version=&#8221;4.9.1&#8243; custom_margin=&#8221;100px||70px||false|false&#8221; custom_margin_tablet=&#8221;70px||50px||false|false&#8221; custom_margin_phone=&#8221;60px||50px||false|false&#8221; custom_margin_last_edited=&#8221;on|desktop&#8221; custom_padding=&#8221;0px|0px|0px|0px|false|false&#8221; custom_padding_tablet=&#8221;||0px||false|false&#8221; custom_padding_phone=&#8221;||0px||false|false&#8221; locked=&#8221;off&#8221; global_colors_info=&#8221;{}&#8221;][et_pb_column type=&#8221;4_4&#8243; _builder_version=&#8221;3.25&#8243; custom_padding=&#8221;|||&#8221; global_colors_info=&#8221;{}&#8221; custom_padding__hover=&#8221;|||&#8221;][et_pb_text admin_label=&#8221;Countries best to visit in January&#8221; _builder_version=&#8221;4.9.1&#8243; text_font=&#8221;||||&#8221; text_text_color=&#8221;#1a1a1a&#8221; link_text_color=&#8221;#68a3cb&#8221; header_font=&#8221;Oswald|on||on|&#8221; header_text_align=&#8221;right&#8221; header_font_size=&#8221;60px&#8221; header_line_height=&#8221;1.3em&#8221; header_2_font=&#8221;Oswald|on||on|&#8221; header_2_text_align=&#8221;left&#8221; header_2_text_color=&#8221;#113e5d&#8221; header_2_font_size=&#8221;60px&#8221; header_2_line_height=&#8221;1.3em&#8221; custom_margin=&#8221;-10px|0vw|0px|0vw|false|true&#8221; custom_margin_tablet=&#8221;-10px|23px|0px|23px|false|true&#8221; custom_margin_phone=&#8221;-10px|-30px|0px|-30px|false|true&#8221; custom_margin_last_edited=&#8221;on|phone&#8221; animation_style=&#8221;slide&#8221; animation_direction=&#8221;top&#8221; animation_intensity_slide=&#8221;10%&#8221; header_font_size_tablet=&#8221;&#8221; header_font_size_phone=&#8221;&#8221; header_font_size_last_edited=&#8221;on|phone&#8221; header_2_font_size_tablet=&#8221;55px&#8221; header_2_font_size_phone=&#8221;40px&#8221; header_2_font_size_last_edited=&#8221;on|phone&#8221; global_colors_info=&#8221;{}&#8221;]<\/p>\n<h2 style=\"text-align: center;\">TOP 20 DE LOS MEJORES SITIOS NATURALES PARA VISITAR EN EUROPA<\/h2>\n<p>[\/et_pb_text][\/et_pb_column][\/et_pb_row][et_pb_row admin_label=&#8221;Town 1&#8243; module_id=&#8221;Landmannalaugar&#8221; _builder_version=&#8221;4.4.7&#8243; custom_margin_tablet=&#8221;&#8221; custom_margin_phone=&#8221;-50px||0px||false|false&#8221; custom_margin_last_edited=&#8221;on|tablet&#8221; custom_padding=&#8221;73px||40.4688px||false|false&#8221; global_colors_info=&#8221;{}&#8221;][et_pb_column type=&#8221;4_4&#8243; _builder_version=&#8221;3.25&#8243; custom_padding=&#8221;|||&#8221; global_colors_info=&#8221;{}&#8221; custom_padding__hover=&#8221;|||&#8221;][et_pb_text admin_label=&#8221;Trinidad in Cuba&#8221; module_class=&#8221;anchor_img_text2&#8243; _builder_version=&#8221;4.9.1&#8243; text_font=&#8221;Roboto||||&#8221; text_text_color=&#8221;#1a1a1a&#8221; text_font_size=&#8221;24px&#8221; text_line_height=&#8221;1.4em&#8221; link_text_color=&#8221;#68a3cb&#8221; header_font=&#8221;||||||||&#8221; header_2_font=&#8221;Montserrat||||||||&#8221; header_2_text_color=&#8221;#000000&#8243; header_2_font_size=&#8221;20px&#8221; header_3_font=&#8221;Roboto|700|||||||&#8221; header_3_text_color=&#8221;#000000&#8243; header_3_font_size=&#8221;27px&#8221; header_3_line_height=&#8221;1.5em&#8221; custom_margin=&#8221;15px||||false|false&#8221; custom_margin_tablet=&#8221;&#8221; custom_margin_phone=&#8221;25px|-25px||-25px|false|true&#8221; custom_margin_last_edited=&#8221;on|phone&#8221; animation_style=&#8221;slide&#8221; animation_direction=&#8221;top&#8221; animation_intensity_slide=&#8221;10%&#8221; header_2_font_size_tablet=&#8221;&#8221; header_2_font_size_phone=&#8221;&#8221; header_2_font_size_last_edited=&#8221;on|desktop&#8221; header_3_font_size_tablet=&#8221;&#8221; header_3_font_size_phone=&#8221;22px&#8221; header_3_font_size_last_edited=&#8221;on|phone&#8221; global_colors_info=&#8221;{}&#8221;]<\/p>\n<h3 style=\"text-align: center;\"><a href=\"#Mapa\"><img decoding=\"async\" src=\"https:\/\/www.where2travel.com\/wp-content\/uploads\/2019\/06\/Evaluation-Where2travel-N%C2%B01.png\" alt=\"Num\u00e9ro 1\" width=\"45\" height=\"45\" \/><\/a>\u00a0 \u00a0Landmannalaugar en Islandia<\/h3>\n<p>[\/et_pb_text][et_pb_divider color=&#8221;#68a3cb&#8221; divider_weight=&#8221;4px&#8221; _builder_version=&#8221;4.0.4&#8243; width=&#8221;100%&#8221; width_tablet=&#8221;100%&#8221; width_phone=&#8221;100%&#8221; width_last_edited=&#8221;on|phone&#8221; max_width=&#8221;12%&#8221; max_width_tablet=&#8221;25%&#8221; max_width_phone=&#8221;25%&#8221; max_width_last_edited=&#8221;on|desktop&#8221; module_alignment=&#8221;center&#8221; height=&#8221;6px&#8221; custom_margin=&#8221;-15px||80px||false|false&#8221; custom_margin_tablet=&#8221;-15px||70px&#8221; custom_margin_phone=&#8221;-15px||70px&#8221; custom_margin_last_edited=&#8221;on|tablet&#8221; locked=&#8221;off&#8221; global_colors_info=&#8221;{}&#8221;][\/et_pb_divider][et_pb_text admin_label=&#8221;Description of the town&#8221; _builder_version=&#8221;4.9.1&#8243; text_font=&#8221;Roboto||||&#8221; text_font_size=&#8221;16px&#8221; text_line_height=&#8221;1.9em&#8221; link_font=&#8221;Roboto||||||||&#8221; link_text_color=&#8221;#68a3cb&#8221; link_font_size=&#8221;16px&#8221; link_line_height=&#8221;1.9em&#8221; ul_font=&#8221;||||||||&#8221; ol_font=&#8221;||||||||&#8221; quote_font=&#8221;||||||||&#8221; header_font=&#8221;Varela Round|700|||||||&#8221; header_text_align=&#8221;center&#8221; header_text_color=&#8221;#2a8a6f&#8221; header_font_size=&#8221;40px&#8221; header_line_height=&#8221;1.4em&#8221; header_2_font=&#8221;Varela Round|700|||||||&#8221; header_2_text_align=&#8221;center&#8221; header_2_text_color=&#8221;#2a8a6f&#8221; header_2_font_size=&#8221;36px&#8221; header_2_line_height=&#8221;1.4em&#8221; header_3_font=&#8221;Montserrat||||||||&#8221; header_3_text_align=&#8221;justify&#8221; header_3_text_color=&#8221;#555555&#8243; header_3_font_size=&#8221;20px&#8221; header_3_line_height=&#8221;1.4em&#8221; custom_margin=&#8221;0px||35px||false|false&#8221; custom_margin_tablet=&#8221;1px||25px||false|false&#8221; custom_margin_phone=&#8221;0px||30px||false|false&#8221; custom_margin_last_edited=&#8221;on|phone&#8221; custom_padding=&#8221;|100px||100px&#8221; custom_padding_tablet=&#8221;|0px||0px&#8221; custom_padding_phone=&#8221;|0px||0px|false|true&#8221; custom_padding_last_edited=&#8221;on|desktop&#8221; animation_style=&#8221;slide&#8221; animation_direction=&#8221;top&#8221; animation_intensity_slide=&#8221;10%&#8221; text_font_size_tablet=&#8221;&#8221; text_font_size_phone=&#8221;15px&#8221; text_font_size_last_edited=&#8221;on|phone&#8221; link_font_size_tablet=&#8221;&#8221; link_font_size_phone=&#8221;15px&#8221; link_font_size_last_edited=&#8221;on|desktop&#8221; header_font_size_tablet=&#8221;30px&#8221; header_font_size_phone=&#8221;25px&#8221; header_font_size_last_edited=&#8221;on|phone&#8221; header_2_font_size_tablet=&#8221;25px&#8221; header_2_font_size_phone=&#8221;20px&#8221; header_2_font_size_last_edited=&#8221;on|phone&#8221; header_3_font_size_tablet=&#8221;16px&#8221; header_3_font_size_phone=&#8221;14px&#8221; header_3_font_size_last_edited=&#8221;on|desktop&#8221; saved_tabs=&#8221;all&#8221; locked=&#8221;off&#8221; global_colors_info=&#8221;{}&#8221; link_text_color__hover_enabled=&#8221;on&#8221; link_text_color__hover=&#8221;#fbba00&#8243;]<\/p>\n<p style=\"text-align: justify;\"><strong><a href=\"https:\/\/www.where2travel.com\/es\/europa\/guia-viaje-islandia\/que-ver-en-islandia\/#Location9\">Landmannalaugar<\/a><\/strong>\u00a0es una amplia zona natural situada en el centro de Islandia. Me gusta especialmente este lugar porque no solo es una  maravilla de la naturaleza para ver, sino tambi\u00e9n toda una zona con espl\u00e9ndidos paisajes de monta\u00f1as, lagos, volcanes, ba\u00f1os termales naturales&#8230;  Este es para m\u00ed uno de los mejores lugares  para los aficionados a las caminatas. Adem\u00e1s, el hecho de que se trata de un espacio natural verdaderamente conservado con s\u00f3lo alojamiento un camping y sin tienda, es particularmente agradable. Por \u00faltimo, realmente se puede disfrutar de la naturaleza, ya que por lo general estar\u00e1s bastante solo en sus impresionantes paisajes.<\/p>\n<p>[\/et_pb_text][\/et_pb_column][\/et_pb_row][et_pb_row column_structure=&#8221;1_3,1_3,1_3&#8243; custom_padding_last_edited=&#8221;on|desktop&#8221; _builder_version=&#8221;3.26.3&#8243; background_size=&#8221;initial&#8221; background_position=&#8221;top_left&#8221; background_repeat=&#8221;repeat&#8221; custom_margin=&#8221;||80px||false|false&#8221; custom_margin_tablet=&#8221;||60px||false|false&#8221; custom_margin_phone=&#8221;-29px||60px||false|false&#8221; custom_margin_last_edited=&#8221;on|phone&#8221; custom_padding=&#8221;0|0px|0px|0px|false|false&#8221; custom_padding_tablet=&#8221;||0px|&#8221; custom_padding_phone=&#8221;0px||0px|&#8221; locked=&#8221;off&#8221; collapsed=&#8221;off&#8221; global_colors_info=&#8221;{}&#8221;][et_pb_column type=&#8221;1_3&#8243; _builder_version=&#8221;3.25&#8243; custom_padding=&#8221;|||&#8221; global_colors_info=&#8221;{}&#8221; custom_padding__hover=&#8221;|||&#8221;][et_pb_image src=&#8221;https:\/\/www.where2travel.com\/wp-content\/uploads\/2020\/07\/landmannalaugar-islande-volcan-rivi\u00e8res.jpg&#8221; alt=&#8221;Entre los paisajes naturales m\u00e1s bellos de Europa: los volcanes de Landmannalaugar en Islandia&#8221; title_text=&#8221;landmannalaugar-islandia-volc\u00e1n-r\u00edos&#8221; show_in_lightbox=&#8221;on&#8221; align_tablet=&#8221;center&#8221; align_phone=&#8221;&#8221; align_last_edited=&#8221;on|desktop&#8221; _builder_version=&#8221;4.9.1&#8243; custom_margin=&#8221;|0px||0px||false&#8221; custom_margin_tablet=&#8221;&#8221; custom_margin_phone=&#8221;|0px||0px||true&#8221; custom_margin_last_edited=&#8221;on|phone&#8221; animation_style=&#8221;slide&#8221; border_radii=&#8221;on|5px|5px|5px|5px&#8221; box_shadow_style=&#8221;preset6&#8243; global_colors_info=&#8221;{}&#8221;]&nbsp;<br \/>\n[\/et_pb_image][\/et_pb_column][et_pb_column type=&#8221;1_3&#8243; _builder_version=&#8221;3.25&#8243; custom_padding=&#8221;|||&#8221; global_colors_info=&#8221;{}&#8221; custom_padding__hover=&#8221;|||&#8221;][et_pb_image src=&#8221;https:\/\/www.where2travel.com\/wp-content\/uploads\/2020\/07\/landmannalaugar-islande-lac.jpg&#8221; alt=&#8221;Uno de los paisajes naturales m\u00e1s bellos de Europa: Landmannalaugar en Islandia&#8221; title_text=&#8221;landmannalaugar-islandia-lago&#8221; show_in_lightbox=&#8221;on&#8221; align_tablet=&#8221;center&#8221; align_phone=&#8221;&#8221; align_last_edited=&#8221;on|desktop&#8221; _builder_version=&#8221;4.9.1&#8243; custom_margin=&#8221;|0px||0px||false&#8221; custom_margin_tablet=&#8221;&#8221; custom_margin_phone=&#8221;|0px||0px||true&#8221; custom_margin_last_edited=&#8221;on|phone&#8221; animation_style=&#8221;slide&#8221; border_radii=&#8221;on|5px|5px|5px|5px&#8221; box_shadow_style=&#8221;preset6&#8243; global_colors_info=&#8221;{}&#8221;]&nbsp;<br \/>\n[\/et_pb_image][\/et_pb_column][et_pb_column type=&#8221;1_3&#8243; _builder_version=&#8221;3.25&#8243; custom_padding=&#8221;|||&#8221; global_colors_info=&#8221;{}&#8221; custom_padding__hover=&#8221;|||&#8221;][et_pb_image src=&#8221;https:\/\/www.where2travel.com\/wp-content\/uploads\/2020\/07\/landmannalaugar-islande-randonn\u00e9e.jpg&#8221; alt=&#8221;Senderismo en los paisajes m\u00e1s bellos en Europa, en Landmannalaugar en Islandia&#8221; title_text=&#8221;landmannalaugar-islandia-senderismo&#8221; show_in_lightbox=&#8221;on&#8221; align_tablet=&#8221;center&#8221; align_phone=&#8221;&#8221; align_last_edited=&#8221;on|desktop&#8221; _builder_version=&#8221;4.9.1&#8243; custom_margin=&#8221;|0px||0px||false&#8221; custom_margin_tablet=&#8221;&#8221; custom_margin_phone=&#8221;|0px||0px||true&#8221; custom_margin_last_edited=&#8221;on|phone&#8221; animation_style=&#8221;slide&#8221; border_radii=&#8221;on|5px|5px|5px|5px&#8221; box_shadow_style=&#8221;preset6&#8243; global_colors_info=&#8221;{}&#8221;]&nbsp;<br \/>\n[\/et_pb_image][\/et_pb_column][\/et_pb_row][et_pb_row admin_label=&#8221;Town 2&#8243; module_id=&#8221;Krka&#8221; _builder_version=&#8221;4.4.7&#8243; custom_margin_tablet=&#8221;&#8221; custom_margin_phone=&#8221;-50px||0px||false&#8221; custom_margin_last_edited=&#8221;on|desktop&#8221; custom_padding=&#8221;73px|0px|40.4688px|0px|false|false&#8221; global_colors_info=&#8221;{}&#8221;][et_pb_column type=&#8221;4_4&#8243; _builder_version=&#8221;3.25&#8243; custom_padding=&#8221;|||&#8221; global_colors_info=&#8221;{}&#8221; custom_padding__hover=&#8221;|||&#8221;][et_pb_text module_class=&#8221;anchor_img_text2&#8243; _builder_version=&#8221;4.9.1&#8243; text_font=&#8221;Roboto||||&#8221; text_text_color=&#8221;#1a1a1a&#8221; text_font_size=&#8221;24px&#8221; text_line_height=&#8221;1.4em&#8221; link_text_color=&#8221;#68a3cb&#8221; header_font=&#8221;||||||||&#8221; header_2_font=&#8221;Montserrat||||||||&#8221; header_2_text_color=&#8221;#000000&#8243; header_2_font_size=&#8221;20px&#8221; header_3_font=&#8221;Roboto|700|||||||&#8221; header_3_text_color=&#8221;#000000&#8243; header_3_font_size=&#8221;27px&#8221; header_3_line_height=&#8221;1.5em&#8221; custom_margin=&#8221;15px||||false|false&#8221; custom_margin_tablet=&#8221;&#8221; custom_margin_phone=&#8221;25px|-25px||-25px|false|true&#8221; custom_margin_last_edited=&#8221;on|phone&#8221; animation_style=&#8221;slide&#8221; animation_direction=&#8221;top&#8221; animation_intensity_slide=&#8221;10%&#8221; header_2_font_size_tablet=&#8221;&#8221; header_2_font_size_phone=&#8221;&#8221; header_2_font_size_last_edited=&#8221;on|desktop&#8221; header_3_font_size_tablet=&#8221;&#8221; header_3_font_size_phone=&#8221;22px&#8221; header_3_font_size_last_edited=&#8221;on|phone&#8221; global_colors_info=&#8221;{}&#8221;]<\/p>\n<h3 style=\"text-align: center;\"><a href=\"#Mapa\"><img decoding=\"async\" src=\"https:\/\/www.where2travel.com\/wp-content\/uploads\/2019\/06\/Evaluation-Where2travel-N%C2%B02.png\" alt=\"Num\u00e9ro 2\" width=\"45\" height=\"45\" \/><\/a>\u00a0 \u00a0Los parques nacionales de Plitvi\u010de y Krka en Croacia<\/h3>\n<p>[\/et_pb_text][et_pb_divider color=&#8221;#68a3cb&#8221; divider_weight=&#8221;4px&#8221; _builder_version=&#8221;3.26.3&#8243; width=&#8221;100%&#8221; width_tablet=&#8221;100%&#8221; width_phone=&#8221;100%&#8221; width_last_edited=&#8221;on|phone&#8221; max_width=&#8221;12%&#8221; max_width_tablet=&#8221;25%&#8221; max_width_phone=&#8221;25%&#8221; max_width_last_edited=&#8221;on|desktop&#8221; module_alignment=&#8221;center&#8221; height=&#8221;6px&#8221; custom_margin=&#8221;-15px||80px||false|false&#8221; custom_margin_tablet=&#8221;-15px||70px&#8221; custom_margin_phone=&#8221;-15px||70px&#8221; custom_margin_last_edited=&#8221;on|tablet&#8221; locked=&#8221;off&#8221; global_colors_info=&#8221;{}&#8221;][\/et_pb_divider][et_pb_text admin_label=&#8221;Description of the town&#8221; _builder_version=&#8221;4.9.1&#8243; text_font=&#8221;Roboto||||&#8221; text_font_size=&#8221;16px&#8221; text_line_height=&#8221;1.9em&#8221; link_font=&#8221;Roboto||||||||&#8221; link_text_color=&#8221;#68a3cb&#8221; link_font_size=&#8221;16px&#8221; link_line_height=&#8221;1.9em&#8221; ul_font=&#8221;||||||||&#8221; ol_font=&#8221;||||||||&#8221; quote_font=&#8221;||||||||&#8221; header_font=&#8221;Varela Round|700|||||||&#8221; header_text_align=&#8221;center&#8221; header_text_color=&#8221;#2a8a6f&#8221; header_font_size=&#8221;40px&#8221; header_line_height=&#8221;1.4em&#8221; header_2_font=&#8221;Varela Round|700|||||||&#8221; header_2_text_align=&#8221;center&#8221; header_2_text_color=&#8221;#2a8a6f&#8221; header_2_font_size=&#8221;36px&#8221; header_2_line_height=&#8221;1.4em&#8221; header_3_font=&#8221;Montserrat||||||||&#8221; header_3_text_align=&#8221;justify&#8221; header_3_text_color=&#8221;#555555&#8243; header_3_font_size=&#8221;20px&#8221; header_3_line_height=&#8221;1.4em&#8221; custom_margin=&#8221;0px||35px||false|false&#8221; custom_margin_tablet=&#8221;1px||25px||false|false&#8221; custom_margin_phone=&#8221;0px||30px||false|false&#8221; custom_margin_last_edited=&#8221;on|desktop&#8221; custom_padding=&#8221;|100px||100px&#8221; custom_padding_tablet=&#8221;|0px||0px&#8221; custom_padding_phone=&#8221;&#8221; custom_padding_last_edited=&#8221;on|desktop&#8221; animation_style=&#8221;slide&#8221; animation_direction=&#8221;top&#8221; animation_intensity_slide=&#8221;10%&#8221; text_font_size_tablet=&#8221;&#8221; text_font_size_phone=&#8221;15px&#8221; text_font_size_last_edited=&#8221;on|phone&#8221; link_font_size_tablet=&#8221;&#8221; link_font_size_phone=&#8221;15px&#8221; link_font_size_last_edited=&#8221;on|desktop&#8221; header_font_size_tablet=&#8221;30px&#8221; header_font_size_phone=&#8221;25px&#8221; header_font_size_last_edited=&#8221;on|phone&#8221; header_2_font_size_tablet=&#8221;25px&#8221; header_2_font_size_phone=&#8221;20px&#8221; header_2_font_size_last_edited=&#8221;on|phone&#8221; header_3_font_size_tablet=&#8221;16px&#8221; header_3_font_size_phone=&#8221;14px&#8221; header_3_font_size_last_edited=&#8221;on|desktop&#8221; saved_tabs=&#8221;all&#8221; locked=&#8221;off&#8221; global_colors_info=&#8221;{}&#8221; link_text_color__hover_enabled=&#8221;on&#8221; link_text_color__hover=&#8221;#fbba00&#8243;]<\/p>\n<p style=\"text-align: justify;\">Si visitas Croacia, aseg\u00farate de visitar estos 2 espl\u00e9ndidos parques nacionales. Pasar\u00e1s excelentes momentos paseando por su exuberante naturaleza e incluso ba\u00f1\u00e1ndotse en sus aguas transl\u00facidas. El <strong><a href=\"https:\/\/www.getyourguide.es\/plitvice-lakes-national-park-l1326\/?partner_id=0428GRX&amp;amp%3Butm_medium=online_publisher&amp;amp%3Butm_source=where2travel.com%40gmail.com&amp;amp%3Bplacement=content-middle%22%20target%3D%22_blank\" target=\"_blank\" rel=\"noopener\">Parque Nacional de los Lagos de Plitvi\u010de<\/a><\/strong> es una reserva forestal de 295 km\u00b2 con 16 lagos adosados, conectados por cascadas. El <a href=\"https:\/\/www.getyourguide.es\/krka-national-park-l2098\/?partner_id=0428GRX&amp;utm_medium=online_publisher&amp;utm_source=where2travel.com%40gmail.com&amp;placement=content-middle&amp;deeplink_id=421ec535-8178-533a-bbbc-c92766a4128f\" target=\"_blank\" rel=\"noopener\" data-gyg-scraped=\"1616332391685\"><strong>Krka National Park<\/strong><\/a> se encuentra en el norte de Dalmacia, cerca de la ciudad de Sib\u00e9nik. Es conocido por su serie de 7 cascadas, y sus cataratas de Skradin y Ro\u0161ki Slap.<\/p>\n<p>[\/et_pb_text][\/et_pb_column][\/et_pb_row][et_pb_row column_structure=&#8221;1_3,1_3,1_3&#8243; custom_padding_last_edited=&#8221;on|desktop&#8221; _builder_version=&#8221;3.26.3&#8243; background_size=&#8221;initial&#8221; background_position=&#8221;top_left&#8221; background_repeat=&#8221;repeat&#8221; custom_margin=&#8221;||80px||false|false&#8221; custom_margin_tablet=&#8221;||60px||false|false&#8221; custom_margin_phone=&#8221;-29px||60px||false|false&#8221; custom_margin_last_edited=&#8221;on|phone&#8221; custom_padding=&#8221;0|0px|0px|0px|false|false&#8221; custom_padding_tablet=&#8221;||0px|&#8221; custom_padding_phone=&#8221;0px||0px|&#8221; locked=&#8221;off&#8221; collapsed=&#8221;off&#8221; global_colors_info=&#8221;{}&#8221;][et_pb_column type=&#8221;1_3&#8243; _builder_version=&#8221;3.25&#8243; custom_padding=&#8221;|||&#8221; global_colors_info=&#8221;{}&#8221; custom_padding__hover=&#8221;|||&#8221;][et_pb_image src=&#8221;https:\/\/www.where2travel.com\/wp-content\/uploads\/2020\/07\/croatie-krka-cascade.jpg&#8221; alt=&#8221;Hermoso paisaje natural: cascada de Krka en Croacia&#8221; title_text=&#8221;croacia-krka-cascada&#8221; show_in_lightbox=&#8221;on&#8221; align_tablet=&#8221;center&#8221; align_phone=&#8221;&#8221; align_last_edited=&#8221;on|desktop&#8221; _builder_version=&#8221;4.9.1&#8243; custom_margin=&#8221;|0px||0px||false&#8221; custom_margin_tablet=&#8221;&#8221; custom_margin_phone=&#8221;|0px||0px||true&#8221; custom_margin_last_edited=&#8221;on|phone&#8221; animation_style=&#8221;slide&#8221; border_radii=&#8221;on|5px|5px|5px|5px&#8221; box_shadow_style=&#8221;preset6&#8243; global_colors_info=&#8221;{}&#8221;]&nbsp;<br \/>\n[\/et_pb_image][\/et_pb_column][et_pb_column type=&#8221;1_3&#8243; _builder_version=&#8221;3.25&#8243; custom_padding=&#8221;|||&#8221; global_colors_info=&#8221;{}&#8221; custom_padding__hover=&#8221;|||&#8221;][et_pb_image src=&#8221;https:\/\/www.where2travel.com\/wp-content\/uploads\/2020\/07\/croatie-plivitche-pont.jpg&#8221; alt=&#8221;Impresionante puente sobre el lago Plivitche en Croacia&#8221; title_text=&#8221;croacia-plivitche-pont-lac&#8221; show_in_lightbox=&#8221;on&#8221; align_tablet=&#8221;center&#8221; align_phone=&#8221;&#8221; align_last_edited=&#8221;on|desktop&#8221; _builder_version=&#8221;4.9.1&#8243; custom_margin=&#8221;|0px||0px||false&#8221; custom_margin_tablet=&#8221;&#8221; custom_margin_phone=&#8221;|0px||0px||true&#8221; custom_margin_last_edited=&#8221;on|phone&#8221; animation_style=&#8221;slide&#8221; border_radii=&#8221;on|5px|5px|5px|5px&#8221; box_shadow_style=&#8221;preset6&#8243; global_colors_info=&#8221;{}&#8221;]&nbsp;<br \/>\n[\/et_pb_image][\/et_pb_column][et_pb_column type=&#8221;1_3&#8243; _builder_version=&#8221;3.25&#8243; custom_padding=&#8221;|||&#8221; global_colors_info=&#8221;{}&#8221; custom_padding__hover=&#8221;|||&#8221;][et_pb_image src=&#8221;https:\/\/www.where2travel.com\/wp-content\/uploads\/2020\/07\/croatie-plivitche-cascade.jpg&#8221; alt=&#8221;Entre los paisajes naturales m\u00e1s bellos en Europa: las cascadas de Plivitche&#8221; title_text=&#8221;croacia-plivitche-cascada&#8221; show_in_lightbox=&#8221;on&#8221; align_tablet=&#8221;center&#8221; align_phone=&#8221;&#8221; align_last_edited=&#8221;on|desktop&#8221; _builder_version=&#8221;4.9.1&#8243; custom_margin=&#8221;|0px||0px||false&#8221; custom_margin_tablet=&#8221;&#8221; custom_margin_phone=&#8221;|0px||0px||true&#8221; custom_margin_last_edited=&#8221;on|phone&#8221; animation_style=&#8221;slide&#8221; border_radii=&#8221;on|5px|5px|5px|5px&#8221; box_shadow_style=&#8221;preset6&#8243; global_colors_info=&#8221;{}&#8221;]&nbsp;<br \/>\n[\/et_pb_image][\/et_pb_column][\/et_pb_row][et_pb_row admin_label=&#8221;Town 2&#8243; module_id=&#8221;Verdon&#8221; _builder_version=&#8221;4.4.7&#8243; custom_margin_tablet=&#8221;&#8221; custom_margin_phone=&#8221;-50px||0px||false&#8221; custom_margin_last_edited=&#8221;on|desktop&#8221; custom_padding=&#8221;73px|0px|40.4688px|0px|false|false&#8221; global_colors_info=&#8221;{}&#8221;][et_pb_column type=&#8221;4_4&#8243; _builder_version=&#8221;3.25&#8243; custom_padding=&#8221;|||&#8221; global_colors_info=&#8221;{}&#8221; custom_padding__hover=&#8221;|||&#8221;][et_pb_text admin_label=&#8221;Agra&#8221; module_class=&#8221;anchor_img_text2&#8243; _builder_version=&#8221;4.9.1&#8243; text_font=&#8221;Roboto||||&#8221; text_text_color=&#8221;#1a1a1a&#8221; text_font_size=&#8221;24px&#8221; text_line_height=&#8221;1.4em&#8221; link_text_color=&#8221;#68a3cb&#8221; header_font=&#8221;||||||||&#8221; header_2_font=&#8221;Montserrat||||||||&#8221; header_2_text_color=&#8221;#000000&#8243; header_2_font_size=&#8221;20px&#8221; header_3_font=&#8221;Roboto|700|||||||&#8221; header_3_text_color=&#8221;#000000&#8243; header_3_font_size=&#8221;27px&#8221; header_3_line_height=&#8221;1.5em&#8221; custom_margin=&#8221;15px||||false|false&#8221; custom_margin_tablet=&#8221;&#8221; custom_margin_phone=&#8221;25px|||&#8221; custom_margin_last_edited=&#8221;on|phone&#8221; animation_style=&#8221;slide&#8221; animation_direction=&#8221;top&#8221; animation_intensity_slide=&#8221;10%&#8221; header_2_font_size_tablet=&#8221;&#8221; header_2_font_size_phone=&#8221;&#8221; header_2_font_size_last_edited=&#8221;on|desktop&#8221; header_3_font_size_tablet=&#8221;&#8221; header_3_font_size_phone=&#8221;22px&#8221; header_3_font_size_last_edited=&#8221;on|phone&#8221; global_colors_info=&#8221;{}&#8221;]<\/p>\n<h3 style=\"text-align: center;\"><a href=\"#Mapa\"><img decoding=\"async\" src=\"https:\/\/www.where2travel.com\/wp-content\/uploads\/2019\/06\/Evaluation-Where2travel-N%C2%B03.png\" alt=\"Num\u00e9ro 3\" width=\"45\" height=\"45\"><\/a>&nbsp; &nbsp;Las gargantas del Verdon en Francia<\/h3>\n<p>[\/et_pb_text][et_pb_divider color=&#8221;#68a3cb&#8221; divider_weight=&#8221;4px&#8221; _builder_version=&#8221;3.26.3&#8243; width=&#8221;100%&#8221; width_tablet=&#8221;100%&#8221; width_phone=&#8221;100%&#8221; width_last_edited=&#8221;on|phone&#8221; max_width=&#8221;12%&#8221; max_width_tablet=&#8221;25%&#8221; max_width_phone=&#8221;25%&#8221; max_width_last_edited=&#8221;on|desktop&#8221; module_alignment=&#8221;center&#8221; height=&#8221;6px&#8221; custom_margin=&#8221;-15px||80px||false|false&#8221; custom_margin_tablet=&#8221;-15px||70px&#8221; custom_margin_phone=&#8221;-15px||70px&#8221; custom_margin_last_edited=&#8221;on|tablet&#8221; locked=&#8221;off&#8221; global_colors_info=&#8221;{}&#8221;][\/et_pb_divider][et_pb_text admin_label=&#8221;Description of the town&#8221; _builder_version=&#8221;4.9.1&#8243; text_font=&#8221;Roboto||||&#8221; text_font_size=&#8221;16px&#8221; text_line_height=&#8221;1.9em&#8221; link_font=&#8221;Roboto||||||||&#8221; link_text_color=&#8221;#68a3cb&#8221; link_font_size=&#8221;16px&#8221; link_line_height=&#8221;1.9em&#8221; ul_font=&#8221;||||||||&#8221; ol_font=&#8221;||||||||&#8221; quote_font=&#8221;||||||||&#8221; header_font=&#8221;Varela Round|700|||||||&#8221; header_text_align=&#8221;center&#8221; header_text_color=&#8221;#2a8a6f&#8221; header_font_size=&#8221;40px&#8221; header_line_height=&#8221;1.4em&#8221; header_2_font=&#8221;Varela Round|700|||||||&#8221; header_2_text_align=&#8221;center&#8221; header_2_text_color=&#8221;#2a8a6f&#8221; header_2_font_size=&#8221;36px&#8221; header_2_line_height=&#8221;1.4em&#8221; header_3_font=&#8221;Montserrat||||||||&#8221; header_3_text_align=&#8221;justify&#8221; header_3_text_color=&#8221;#555555&#8243; header_3_font_size=&#8221;20px&#8221; header_3_line_height=&#8221;1.4em&#8221; custom_margin=&#8221;0px||35px||false|false&#8221; custom_margin_tablet=&#8221;1px||25px||false|false&#8221; custom_margin_phone=&#8221;0px||30px||false|false&#8221; custom_margin_last_edited=&#8221;on|desktop&#8221; custom_padding=&#8221;0px|100px||100px||&#8221; custom_padding_tablet=&#8221;|0px||0px&#8221; custom_padding_phone=&#8221;&#8221; custom_padding_last_edited=&#8221;on|desktop&#8221; animation_style=&#8221;slide&#8221; animation_direction=&#8221;top&#8221; animation_intensity_slide=&#8221;10%&#8221; text_font_size_tablet=&#8221;&#8221; text_font_size_phone=&#8221;15px&#8221; text_font_size_last_edited=&#8221;on|phone&#8221; link_font_size_tablet=&#8221;&#8221; link_font_size_phone=&#8221;15px&#8221; link_font_size_last_edited=&#8221;on|desktop&#8221; header_font_size_tablet=&#8221;30px&#8221; header_font_size_phone=&#8221;25px&#8221; header_font_size_last_edited=&#8221;on|phone&#8221; header_2_font_size_tablet=&#8221;25px&#8221; header_2_font_size_phone=&#8221;20px&#8221; header_2_font_size_last_edited=&#8221;on|phone&#8221; header_3_font_size_tablet=&#8221;16px&#8221; header_3_font_size_phone=&#8221;14px&#8221; header_3_font_size_last_edited=&#8221;on|desktop&#8221; saved_tabs=&#8221;all&#8221; locked=&#8221;off&#8221; global_colors_info=&#8221;{}&#8221; link_text_color__hover_enabled=&#8221;on&#8221; link_text_color__hover=&#8221;#fbba00&#8243;]<\/p>\n<p style=\"text-align: justify;\">Las gargantas del Verdon se encuentra en el sur de Francia, en la regi\u00f3n de Provenza-Alpes-Costa Azul. Este ca\u00f1\u00f3n, excavado por el r\u00edo Verdon, es uno de los m\u00e1s grande de Europa, dividido en tres partes: las pre-gargantas de la comuna de Castellane en Pont-de-Soleil, las gargantas de Pont-de-Soleils en el lugar llamado Imbut y el ca\u00f1\u00f3n del lugar llamado Imbut en el Pont du Galetas.<\/p>\n<p style=\"text-align: justify;\">Adem\u00e1s de ser un sitio natural con paisajes impresionantes,se puede practicar <strong><a href=\"https:\/\/www.getyourguide.es\/verdon-gorge-l96055\/?partner_id=0428GRX&amp;%3Butm_medium=online_publisher&amp;%3Butm_source=where2travel.com%40gmail.com&amp;%3Bplacement=content-middle&amp;deeplink_id=eed60ab0-821c-5004-9302-5db2ab094f54\" target=\"_blank\" rel=\"noopener noreferrer\" data-gyg-scraped=\"1616333032689\">muchas actividades deportivas<\/a><\/strong>\u00a0en sus aguas bravas como rafting, barranquismo, canoa o simplemente nadar en \u00e1reas m\u00e1s tranquilas. Tambi\u00e9n se puede practicar senderismo, por supuesto, pero tambi\u00e9n escalada, puenting, sin olvidar la pesca con mosca. Tambi\u00e9n hay que descubrir su fauna como por ejemplo estas muchas aves, especialmente buitres salvajes y buitres monjes que anidan en los acantilados. Por \u00faltimo, no te pierdas los caminos que recorren las gargantas y tienen excelentes vistas, as\u00ed como los numerosos senderos marcados que te permiten entrar en el coraz\u00f3n de esta naturaleza protegida.<\/p>\n<p>[\/et_pb_text][\/et_pb_column][\/et_pb_row][et_pb_row column_structure=&#8221;1_3,1_3,1_3&#8243; custom_padding_last_edited=&#8221;on|desktop&#8221; _builder_version=&#8221;3.26.3&#8243; background_size=&#8221;initial&#8221; background_position=&#8221;top_left&#8221; background_repeat=&#8221;repeat&#8221; custom_margin=&#8221;||80px||false|false&#8221; custom_margin_tablet=&#8221;||60px||false|false&#8221; custom_margin_phone=&#8221;-29px||60px||false|false&#8221; custom_margin_last_edited=&#8221;on|phone&#8221; custom_padding=&#8221;0|0px|0px|0px|false|false&#8221; custom_padding_tablet=&#8221;||0px|&#8221; custom_padding_phone=&#8221;0px||0px|&#8221; locked=&#8221;off&#8221; collapsed=&#8221;off&#8221; global_colors_info=&#8221;{}&#8221;][et_pb_column type=&#8221;1_3&#8243; _builder_version=&#8221;3.25&#8243; custom_padding=&#8221;|||&#8221; global_colors_info=&#8221;{}&#8221; custom_padding__hover=&#8221;|||&#8221;][et_pb_image src=&#8221;https:\/\/www.where2travel.com\/wp-content\/uploads\/2020\/07\/france-gorges-verdon-cascade.jpg&#8221; alt=&#8221;Las cascadas de las gargantas del Verdon son un magn\u00edfico paisaje natural&#8221; title_text=&#8221;francia-gargantas-verdon-cascada&#8221; show_in_lightbox=&#8221;on&#8221; align_tablet=&#8221;center&#8221; align_phone=&#8221;&#8221; align_last_edited=&#8221;on|desktop&#8221; _builder_version=&#8221;4.9.1&#8243; custom_margin=&#8221;|0px||0px||false&#8221; custom_margin_tablet=&#8221;&#8221; custom_margin_phone=&#8221;|0px||0px||true&#8221; custom_margin_last_edited=&#8221;on|phone&#8221; animation_style=&#8221;slide&#8221; border_radii=&#8221;on|5px|5px|5px|5px&#8221; box_shadow_style=&#8221;preset6&#8243; global_colors_info=&#8221;{}&#8221;]&nbsp;<br \/>\n[\/et_pb_image][\/et_pb_column][et_pb_column type=&#8221;1_3&#8243; _builder_version=&#8221;3.25&#8243; custom_padding=&#8221;|||&#8221; global_colors_info=&#8221;{}&#8221; custom_padding__hover=&#8221;|||&#8221;][et_pb_image src=&#8221;https:\/\/www.where2travel.com\/wp-content\/uploads\/2020\/07\/france-gorges-verdon-vue.jpg&#8221; alt=&#8221;Superbe eaux turquoises des gorges du Verdon en France&#8221; title_text=&#8221;france-gorges-verdon-vue&#8221; show_in_lightbox=&#8221;on&#8221; align_tablet=&#8221;center&#8221; align_phone=&#8221;&#8221; align_last_edited=&#8221;on|desktop&#8221; _builder_version=&#8221;4.4.8&#8243; custom_margin=&#8221;|0px||0px||false&#8221; custom_margin_tablet=&#8221;&#8221; custom_margin_phone=&#8221;|0px||0px||true&#8221; custom_margin_last_edited=&#8221;on|phone&#8221; animation_style=&#8221;slide&#8221; border_radii=&#8221;on|5px|5px|5px|5px&#8221; box_shadow_style=&#8221;preset6&#8243; global_colors_info=&#8221;{}&#8221;]&nbsp;<br \/>\n[\/et_pb_image][\/et_pb_column][et_pb_column type=&#8221;1_3&#8243; _builder_version=&#8221;3.25&#8243; custom_padding=&#8221;|||&#8221; global_colors_info=&#8221;{}&#8221; custom_padding__hover=&#8221;|||&#8221;][et_pb_image src=&#8221;https:\/\/www.where2travel.com\/wp-content\/uploads\/2020\/07\/france-gorges-verdon-bateau.jpg&#8221; alt=&#8221;Barco en las gargantas del Verdon en Francia &#8211; Top 20 de los paisajes naturales m\u00e1s bellos en Europa&#8221; title_text=&#8221;francia-gargantas-verdon-barco&#8221; show_in_lightbox=&#8221;on&#8221; align_tablet=&#8221;center&#8221; align_phone=&#8221;&#8221; align_last_edited=&#8221;on|desktop&#8221; _builder_version=&#8221;4.9.1&#8243; custom_margin=&#8221;|0px||0px||false&#8221; custom_margin_tablet=&#8221;&#8221; custom_margin_phone=&#8221;|0px||0px||true&#8221; custom_margin_last_edited=&#8221;on|phone&#8221; animation_style=&#8221;slide&#8221; border_radii=&#8221;on|5px|5px|5px|5px&#8221; box_shadow_style=&#8221;preset6&#8243; global_colors_info=&#8221;{}&#8221;]&nbsp;<br \/>\n[\/et_pb_image][\/et_pb_column][\/et_pb_row][et_pb_row admin_label=&#8221;Town 3&#8243; module_id=&#8221;Moher&#8221; _builder_version=&#8221;4.4.7&#8243; custom_margin_tablet=&#8221;&#8221; custom_margin_phone=&#8221;-50px||0px||false&#8221; custom_margin_last_edited=&#8221;on|desktop&#8221; custom_padding=&#8221;73px|0px|40.4688px|0px|false|false&#8221; global_colors_info=&#8221;{}&#8221;][et_pb_column type=&#8221;4_4&#8243; _builder_version=&#8221;3.25&#8243; custom_padding=&#8221;|||&#8221; global_colors_info=&#8221;{}&#8221; custom_padding__hover=&#8221;|||&#8221;][et_pb_text admin_label=&#8221;Cap Town&#8221; module_class=&#8221;anchor_img_text2&#8243; _builder_version=&#8221;4.9.1&#8243; text_font=&#8221;Roboto||||&#8221; text_text_color=&#8221;#1a1a1a&#8221; text_font_size=&#8221;24px&#8221; text_line_height=&#8221;1.4em&#8221; link_text_color=&#8221;#68a3cb&#8221; header_font=&#8221;||||||||&#8221; header_2_font=&#8221;Montserrat||||||||&#8221; header_2_text_color=&#8221;#000000&#8243; header_2_font_size=&#8221;20px&#8221; header_3_font=&#8221;Roboto|700|||||||&#8221; header_3_text_color=&#8221;#000000&#8243; header_3_font_size=&#8221;27px&#8221; header_3_line_height=&#8221;1.5em&#8221; custom_margin=&#8221;15px||||false|false&#8221; custom_margin_tablet=&#8221;&#8221; custom_margin_phone=&#8221;25px|||&#8221; custom_margin_last_edited=&#8221;on|phone&#8221; animation_style=&#8221;slide&#8221; animation_direction=&#8221;top&#8221; animation_intensity_slide=&#8221;10%&#8221; header_2_font_size_tablet=&#8221;&#8221; header_2_font_size_phone=&#8221;&#8221; header_2_font_size_last_edited=&#8221;on|desktop&#8221; header_3_font_size_tablet=&#8221;&#8221; header_3_font_size_phone=&#8221;22px&#8221; header_3_font_size_last_edited=&#8221;on|phone&#8221; global_colors_info=&#8221;{}&#8221;]<\/p>\n<h3 style=\"text-align: center;\"><a href=\"#Mapa\"><img decoding=\"async\" src=\"https:\/\/www.where2travel.com\/wp-content\/uploads\/2019\/06\/Evaluation-Where2travel-N%C2%B04.png\" alt=\"Num\u00e9ro 4\" width=\"45\" height=\"45\" \/><\/a>\u00a0 \u00a0Los acantilados de Moher en Irlanda<\/h3>\n<p>[\/et_pb_text][et_pb_divider color=&#8221;#68a3cb&#8221; divider_weight=&#8221;4px&#8221; _builder_version=&#8221;3.26.3&#8243; width=&#8221;100%&#8221; width_tablet=&#8221;100%&#8221; width_phone=&#8221;100%&#8221; width_last_edited=&#8221;on|phone&#8221; max_width=&#8221;12%&#8221; max_width_tablet=&#8221;25%&#8221; max_width_phone=&#8221;25%&#8221; max_width_last_edited=&#8221;on|desktop&#8221; module_alignment=&#8221;center&#8221; height=&#8221;6px&#8221; custom_margin=&#8221;-15px||80px||false|false&#8221; custom_margin_tablet=&#8221;-15px||70px&#8221; custom_margin_phone=&#8221;-15px||70px&#8221; custom_margin_last_edited=&#8221;on|tablet&#8221; locked=&#8221;off&#8221; global_colors_info=&#8221;{}&#8221;][\/et_pb_divider][et_pb_text admin_label=&#8221;Description of the town&#8221; _builder_version=&#8221;4.9.1&#8243; text_font=&#8221;Roboto||||&#8221; text_font_size=&#8221;16px&#8221; text_line_height=&#8221;1.9em&#8221; link_font=&#8221;Roboto||||||||&#8221; link_text_color=&#8221;#68a3cb&#8221; link_font_size=&#8221;16px&#8221; link_line_height=&#8221;1.9em&#8221; ul_font=&#8221;||||||||&#8221; ol_font=&#8221;||||||||&#8221; quote_font=&#8221;||||||||&#8221; header_font=&#8221;Varela Round|700|||||||&#8221; header_text_align=&#8221;center&#8221; header_text_color=&#8221;#2a8a6f&#8221; header_font_size=&#8221;40px&#8221; header_line_height=&#8221;1.4em&#8221; header_2_font=&#8221;Varela Round|700|||||||&#8221; header_2_text_align=&#8221;center&#8221; header_2_text_color=&#8221;#2a8a6f&#8221; header_2_font_size=&#8221;36px&#8221; header_2_line_height=&#8221;1.4em&#8221; header_3_font=&#8221;Montserrat||||||||&#8221; header_3_text_align=&#8221;justify&#8221; header_3_text_color=&#8221;#555555&#8243; header_3_font_size=&#8221;20px&#8221; header_3_line_height=&#8221;1.4em&#8221; custom_margin=&#8221;0px||35px||false|false&#8221; custom_margin_tablet=&#8221;1px||25px||false|false&#8221; custom_margin_phone=&#8221;0px||30px||false|false&#8221; custom_margin_last_edited=&#8221;on|desktop&#8221; custom_padding=&#8221;|100px||100px&#8221; custom_padding_tablet=&#8221;|0px||0px&#8221; custom_padding_phone=&#8221;&#8221; custom_padding_last_edited=&#8221;on|desktop&#8221; animation_style=&#8221;slide&#8221; animation_direction=&#8221;top&#8221; animation_intensity_slide=&#8221;10%&#8221; text_font_size_tablet=&#8221;&#8221; text_font_size_phone=&#8221;15px&#8221; text_font_size_last_edited=&#8221;on|phone&#8221; link_font_size_tablet=&#8221;&#8221; link_font_size_phone=&#8221;15px&#8221; link_font_size_last_edited=&#8221;on|desktop&#8221; header_font_size_tablet=&#8221;30px&#8221; header_font_size_phone=&#8221;25px&#8221; header_font_size_last_edited=&#8221;on|phone&#8221; header_2_font_size_tablet=&#8221;25px&#8221; header_2_font_size_phone=&#8221;20px&#8221; header_2_font_size_last_edited=&#8221;on|phone&#8221; header_3_font_size_tablet=&#8221;16px&#8221; header_3_font_size_phone=&#8221;14px&#8221; header_3_font_size_last_edited=&#8221;on|desktop&#8221; saved_tabs=&#8221;all&#8221; locked=&#8221;off&#8221; global_colors_info=&#8221;{}&#8221; link_text_color__hover_enabled=&#8221;on&#8221; link_text_color__hover=&#8221;#fbba00&#8243;]<\/p>\n<p style=\"text-align: justify;\">Los acantilados de Moher se encuentran en la costa oeste de Irlanda, en el condado de Clare. Este sitio natural imperdible en la isla, cuenta con un conjunto de acantilados de 8 km de largo, erosionado por el viento y el mar. Sin duda te sorprender\u00e1  la belleza de los paisajes, pero tambi\u00e9n te sentir\u00e1s peque\u00f1o y humilde frente a estos gigantes rocosos.<br \/>La Torre O&#8217;Brien es la vista m\u00e1s alta de los acantilados de Moher, lo que te permite contemplar y fotografiar un espl\u00e9ndido panorama de las islas Aran y la bah\u00eda de Galway. Por \u00faltimo, ten cuidado con las rutas de senderismo, para ti y para la flora y fauna rara y preciosa.<\/p>\n<p>[\/et_pb_text][\/et_pb_column][\/et_pb_row][et_pb_row column_structure=&#8221;1_3,1_3,1_3&#8243; custom_padding_last_edited=&#8221;on|desktop&#8221; _builder_version=&#8221;4.3.2&#8243; background_size=&#8221;initial&#8221; background_position=&#8221;top_left&#8221; background_repeat=&#8221;repeat&#8221; custom_margin=&#8221;||80px||false|false&#8221; custom_margin_tablet=&#8221;||60px||false|false&#8221; custom_margin_phone=&#8221;-29px||60px||false|false&#8221; custom_margin_last_edited=&#8221;on|phone&#8221; custom_padding=&#8221;0|0px|0px|0px|false|false&#8221; custom_padding_tablet=&#8221;||0px|&#8221; custom_padding_phone=&#8221;0px||0px|&#8221; locked=&#8221;off&#8221; collapsed=&#8221;off&#8221; global_colors_info=&#8221;{}&#8221;][et_pb_column type=&#8221;1_3&#8243; _builder_version=&#8221;3.25&#8243; custom_padding=&#8221;|||&#8221; global_colors_info=&#8221;{}&#8221; custom_padding__hover=&#8221;|||&#8221;][et_pb_image src=&#8221;https:\/\/www.where2travel.com\/wp-content\/uploads\/2020\/07\/irlande-falaises-moher.jpg&#8221; alt=&#8221;Magn\u00edfico paisaje natural: Cliff of Moher en Irlanda&#8221; title_text=&#8221;irlanda-acantilados-moher&#8221; show_in_lightbox=&#8221;on&#8221; align_tablet=&#8221;center&#8221; align_phone=&#8221;&#8221; align_last_edited=&#8221;on|desktop&#8221; _builder_version=&#8221;4.9.1&#8243; custom_margin=&#8221;|0px||0px||false&#8221; custom_margin_tablet=&#8221;&#8221; custom_margin_phone=&#8221;|0px||0px||true&#8221; custom_margin_last_edited=&#8221;on|phone&#8221; animation_style=&#8221;slide&#8221; border_radii=&#8221;on|5px|5px|5px|5px&#8221; box_shadow_style=&#8221;preset6&#8243; global_colors_info=&#8221;{}&#8221;]&nbsp;<br \/>\n[\/et_pb_image][\/et_pb_column][et_pb_column type=&#8221;1_3&#8243; _builder_version=&#8221;3.25&#8243; custom_padding=&#8221;|||&#8221; global_colors_info=&#8221;{}&#8221; custom_padding__hover=&#8221;|||&#8221;][et_pb_image src=&#8221;https:\/\/www.where2travel.com\/wp-content\/uploads\/2020\/07\/irlande-falaises-moher-coucher-soleil.jpg&#8221; alt=&#8221;Entre los paisajes naturales m\u00e1s bellos en Europa: los acantilados de Moher en Irlanda&#8221; title_text=&#8221;irlanda-acantilados-moher-atardecer&#8221; show_in_lightbox=&#8221;on&#8221; align_tablet=&#8221;center&#8221; align_phone=&#8221;&#8221; align_last_edited=&#8221;on|desktop&#8221; _builder_version=&#8221;4.9.1&#8243; custom_margin=&#8221;|0px||0px||false&#8221; custom_margin_tablet=&#8221;&#8221; custom_margin_phone=&#8221;|0px||0px||true&#8221; custom_margin_last_edited=&#8221;on|phone&#8221; animation_style=&#8221;slide&#8221; border_radii=&#8221;on|5px|5px|5px|5px&#8221; box_shadow_style=&#8221;preset6&#8243; global_colors_info=&#8221;{}&#8221;]&nbsp;<br \/>\n[\/et_pb_image][\/et_pb_column][et_pb_column type=&#8221;1_3&#8243; _builder_version=&#8221;4.3.2&#8243; global_colors_info=&#8221;{}&#8221;][et_pb_image src=&#8221;https:\/\/www.where2travel.com\/wp-content\/uploads\/2020\/07\/irlande-falaises-moher-vue.jpg&#8221; alt=&#8221;Los acantilados de Moher al atardecer&#8221; title_text=&#8221;irlanda-acantilados-moher-view&#8221; show_in_lightbox=&#8221;on&#8221; align_tablet=&#8221;center&#8221; align_phone=&#8221;&#8221; align_last_edited=&#8221;on|desktop&#8221; _builder_version=&#8221;4.9.1&#8243; custom_margin=&#8221;|0px||0px||false&#8221; custom_margin_tablet=&#8221;&#8221; custom_margin_phone=&#8221;|0px||0px||true&#8221; custom_margin_last_edited=&#8221;on|phone&#8221; animation_style=&#8221;slide&#8221; border_radii=&#8221;on|5px|5px|5px|5px&#8221; box_shadow_style=&#8221;preset6&#8243; global_colors_info=&#8221;{}&#8221;]&nbsp;<br \/>\n[\/et_pb_image][\/et_pb_column][\/et_pb_row][et_pb_row admin_label=&#8221;Town 4&#8243; module_id=&#8221;Bled&#8221; _builder_version=&#8221;4.4.7&#8243; custom_margin_tablet=&#8221;&#8221; custom_margin_phone=&#8221;-50px||0px||false&#8221; custom_margin_last_edited=&#8221;on|desktop&#8221; custom_padding=&#8221;73px|0px|40.4688px|0px|false|false&#8221; global_colors_info=&#8221;{}&#8221;][et_pb_column type=&#8221;4_4&#8243; _builder_version=&#8221;3.25&#8243; custom_padding=&#8221;|||&#8221; global_colors_info=&#8221;{}&#8221; custom_padding__hover=&#8221;|||&#8221;][et_pb_text admin_label=&#8221;Bangkok&#8221; module_class=&#8221;anchor_img_text2&#8243; _builder_version=&#8221;4.9.1&#8243; text_font=&#8221;Roboto||||&#8221; text_text_color=&#8221;#1a1a1a&#8221; text_font_size=&#8221;24px&#8221; text_line_height=&#8221;1.4em&#8221; link_text_color=&#8221;#68a3cb&#8221; header_font=&#8221;||||||||&#8221; header_2_font=&#8221;Montserrat||||||||&#8221; header_2_text_color=&#8221;#000000&#8243; header_2_font_size=&#8221;20px&#8221; header_3_font=&#8221;Roboto|700|||||||&#8221; header_3_text_color=&#8221;#000000&#8243; header_3_font_size=&#8221;27px&#8221; header_3_line_height=&#8221;1.5em&#8221; custom_margin=&#8221;15px||||false|false&#8221; custom_margin_tablet=&#8221;&#8221; custom_margin_phone=&#8221;25px|||&#8221; custom_margin_last_edited=&#8221;on|phone&#8221; animation_style=&#8221;slide&#8221; animation_direction=&#8221;top&#8221; animation_intensity_slide=&#8221;10%&#8221; header_2_font_size_tablet=&#8221;&#8221; header_2_font_size_phone=&#8221;&#8221; header_2_font_size_last_edited=&#8221;on|desktop&#8221; header_3_font_size_tablet=&#8221;&#8221; header_3_font_size_phone=&#8221;22px&#8221; header_3_font_size_last_edited=&#8221;on|phone&#8221; global_colors_info=&#8221;{}&#8221;]<\/p>\n<h3 style=\"text-align: center;\"><a href=\"#Mapa\"><img decoding=\"async\" src=\"https:\/\/www.where2travel.com\/wp-content\/uploads\/2019\/06\/Evaluation-Where2travel-N%C2%B05-1.png\" alt=\"Num\u00e9ro 5\" width=\"45\" height=\"45\" \/><\/a>\u00a0 \u00a0Lago Bled en Eslovenia<\/h3>\n<p>[\/et_pb_text][et_pb_divider color=&#8221;#68a3cb&#8221; divider_weight=&#8221;4px&#8221; _builder_version=&#8221;3.26.3&#8243; width=&#8221;100%&#8221; width_tablet=&#8221;100%&#8221; width_phone=&#8221;100%&#8221; width_last_edited=&#8221;on|phone&#8221; max_width=&#8221;12%&#8221; max_width_tablet=&#8221;25%&#8221; max_width_phone=&#8221;25%&#8221; max_width_last_edited=&#8221;on|desktop&#8221; module_alignment=&#8221;center&#8221; height=&#8221;6px&#8221; custom_margin=&#8221;-15px||80px||false|false&#8221; custom_margin_tablet=&#8221;-15px||70px&#8221; custom_margin_phone=&#8221;-15px||70px&#8221; custom_margin_last_edited=&#8221;on|tablet&#8221; locked=&#8221;off&#8221; global_colors_info=&#8221;{}&#8221;][\/et_pb_divider][et_pb_text admin_label=&#8221;Description of the town&#8221; _builder_version=&#8221;4.9.1&#8243; text_font=&#8221;Roboto||||&#8221; text_font_size=&#8221;16px&#8221; text_line_height=&#8221;1.9em&#8221; link_font=&#8221;Roboto||||||||&#8221; link_text_color=&#8221;#68a3cb&#8221; link_font_size=&#8221;16px&#8221; link_line_height=&#8221;1.9em&#8221; ul_font=&#8221;||||||||&#8221; ol_font=&#8221;||||||||&#8221; quote_font=&#8221;||||||||&#8221; header_font=&#8221;Varela Round|700|||||||&#8221; header_text_align=&#8221;center&#8221; header_text_color=&#8221;#2a8a6f&#8221; header_font_size=&#8221;40px&#8221; header_line_height=&#8221;1.4em&#8221; header_2_font=&#8221;Varela Round|700|||||||&#8221; header_2_text_align=&#8221;center&#8221; header_2_text_color=&#8221;#2a8a6f&#8221; header_2_font_size=&#8221;36px&#8221; header_2_line_height=&#8221;1.4em&#8221; header_3_font=&#8221;Montserrat||||||||&#8221; header_3_text_align=&#8221;justify&#8221; header_3_text_color=&#8221;#555555&#8243; header_3_font_size=&#8221;20px&#8221; header_3_line_height=&#8221;1.4em&#8221; custom_margin=&#8221;0px||35px||false|false&#8221; custom_margin_tablet=&#8221;1px||25px||false|false&#8221; custom_margin_phone=&#8221;0px||30px||false|false&#8221; custom_margin_last_edited=&#8221;on|desktop&#8221; custom_padding=&#8221;|100px||100px&#8221; custom_padding_tablet=&#8221;|0px||0px&#8221; custom_padding_phone=&#8221;&#8221; custom_padding_last_edited=&#8221;on|desktop&#8221; animation_style=&#8221;slide&#8221; animation_direction=&#8221;top&#8221; animation_intensity_slide=&#8221;10%&#8221; text_font_size_tablet=&#8221;&#8221; text_font_size_phone=&#8221;15px&#8221; text_font_size_last_edited=&#8221;on|phone&#8221; link_font_size_tablet=&#8221;&#8221; link_font_size_phone=&#8221;15px&#8221; link_font_size_last_edited=&#8221;on|desktop&#8221; header_font_size_tablet=&#8221;30px&#8221; header_font_size_phone=&#8221;25px&#8221; header_font_size_last_edited=&#8221;on|phone&#8221; header_2_font_size_tablet=&#8221;25px&#8221; header_2_font_size_phone=&#8221;20px&#8221; header_2_font_size_last_edited=&#8221;on|phone&#8221; header_3_font_size_tablet=&#8221;16px&#8221; header_3_font_size_phone=&#8221;14px&#8221; header_3_font_size_last_edited=&#8221;on|desktop&#8221; saved_tabs=&#8221;all&#8221; locked=&#8221;off&#8221; global_colors_info=&#8221;{}&#8221; link_text_color__hover_enabled=&#8221;on&#8221; link_text_color__hover=&#8221;#fbba00&#8243;]<\/p>\n<p style=\"text-align: justify;\">El lago Bled es un lago situado en el noroeste de Eslovenia, a 55 km de la capital: Liubliana. Es uno de los principales destinos tur\u00edsticos del pa\u00eds. Es un hermoso lugar natural con agua clara y muchos \u00e1rboles, y tambi\u00e9n incluye muchos otros intereses deportivos y culturales. Se puede pasear o ir en bicicleta por el lago, as\u00ed como nadar, remar o navegar en el lago.   Tambi\u00e9n es muy posible simplemente relajarse en las orillas del lago y en sus peque\u00f1as playas. Tambi\u00e9n se puede hacer algunos recorridos culturales interesantes, como una visita al castillo con vistas al lago e incluso una peque\u00f1a isla en medio del lago, accesible en barco o nadando (para los m\u00e1s valientes) donde tambi\u00e9n se puede visitar un museo y una iglesia.<\/p>\n<p>[\/et_pb_text][\/et_pb_column][\/et_pb_row][et_pb_row column_structure=&#8221;1_3,1_3,1_3&#8243; custom_padding_last_edited=&#8221;on|desktop&#8221; _builder_version=&#8221;3.26.3&#8243; background_size=&#8221;initial&#8221; background_position=&#8221;top_left&#8221; background_repeat=&#8221;repeat&#8221; custom_margin=&#8221;||80px||false|false&#8221; custom_margin_tablet=&#8221;||60px||false|false&#8221; custom_margin_phone=&#8221;-29px||60px||false|false&#8221; custom_margin_last_edited=&#8221;on|phone&#8221; custom_padding=&#8221;0|0px|0px|0px|false|false&#8221; custom_padding_tablet=&#8221;||0px|&#8221; custom_padding_phone=&#8221;0px||0px|&#8221; locked=&#8221;off&#8221; collapsed=&#8221;off&#8221; global_colors_info=&#8221;{}&#8221;][et_pb_column type=&#8221;1_3&#8243; _builder_version=&#8221;3.25&#8243; custom_padding=&#8221;|||&#8221; global_colors_info=&#8221;{}&#8221; custom_padding__hover=&#8221;|||&#8221;][et_pb_image src=&#8221;https:\/\/www.where2travel.com\/wp-content\/uploads\/2021\/03\/slovenie-lac-bled-3-copie.jpg&#8221; alt=&#8221;Playa alrededor del lago Bled en Eslovenia, los paisajes naturales m\u00e1s bellos en Europa&#8221; title_text=&#8221;eslovenia-lago-bled-croacia&#8221; show_in_lightbox=&#8221;on&#8221; align_tablet=&#8221;center&#8221; align_phone=&#8221;&#8221; align_last_edited=&#8221;on|desktop&#8221; _builder_version=&#8221;4.9.1&#8243; custom_margin=&#8221;|0px||0px||false&#8221; custom_margin_tablet=&#8221;&#8221; custom_margin_phone=&#8221;|0px||0px||true&#8221; custom_margin_last_edited=&#8221;on|phone&#8221; animation_style=&#8221;slide&#8221; border_radii=&#8221;on|5px|5px|5px|5px&#8221; box_shadow_style=&#8221;preset6&#8243; global_colors_info=&#8221;{}&#8221;]&nbsp;<br \/>\n[\/et_pb_image][\/et_pb_column][et_pb_column type=&#8221;1_3&#8243; _builder_version=&#8221;3.25&#8243; custom_padding=&#8221;|||&#8221; global_colors_info=&#8221;{}&#8221; custom_padding__hover=&#8221;|||&#8221;][et_pb_image src=&#8221;https:\/\/www.where2travel.com\/wp-content\/uploads\/2020\/07\/slov\u00e9nie-lac-bled-eglise.jpg&#8221; alt=&#8221;Top 20 de los paisajes naturales m\u00e1s bellos en Europa &#8211; Isla en medio del lago Bled en Eslovenia&#8221; title_text=&#8221;eslovenia-lago-bled-iglesia&#8221; show_in_lightbox=&#8221;on&#8221; align_tablet=&#8221;center&#8221; align_phone=&#8221;&#8221; align_last_edited=&#8221;on|desktop&#8221; _builder_version=&#8221;4.9.1&#8243; custom_margin=&#8221;|0px||0px||false&#8221; custom_margin_tablet=&#8221;&#8221; custom_margin_phone=&#8221;|0px||0px||true&#8221; custom_margin_last_edited=&#8221;on|phone&#8221; animation_style=&#8221;slide&#8221; border_radii=&#8221;on|5px|5px|5px|5px&#8221; box_shadow_style=&#8221;preset6&#8243; global_colors_info=&#8221;{}&#8221;]&nbsp;<br \/>\n[\/et_pb_image][\/et_pb_column][et_pb_column type=&#8221;1_3&#8243; _builder_version=&#8221;3.25&#8243; custom_padding=&#8221;|||&#8221; global_colors_info=&#8221;{}&#8221; custom_padding__hover=&#8221;|||&#8221;][et_pb_image src=&#8221;https:\/\/www.where2travel.com\/wp-content\/uploads\/2020\/07\/slov\u00e9nie-lac-bled.jpg&#8221; alt=&#8221;Vista general del lago Bled en Eslovenia&#8221; title_text=&#8221;eslovenia-lac-bled&#8221; show_in_lightbox=&#8221;on&#8221; align_tablet=&#8221;center&#8221; align_phone=&#8221;&#8221; align_last_edited=&#8221;on|desktop&#8221; _builder_version=&#8221;4.9.1&#8243; custom_margin=&#8221;|0px||0px||false&#8221; custom_margin_tablet=&#8221;&#8221; custom_margin_phone=&#8221;|0px||0px||true&#8221; custom_margin_last_edited=&#8221;on|phone&#8221; animation_style=&#8221;slide&#8221; border_radii=&#8221;on|5px|5px|5px|5px&#8221; box_shadow_style=&#8221;preset6&#8243; global_colors_info=&#8221;{}&#8221;]&nbsp;<br \/>\n[\/et_pb_image][\/et_pb_column][\/et_pb_row][et_pb_row admin_label=&#8221;Town 4&#8243; module_id=&#8221;Pilat&#8221; _builder_version=&#8221;4.4.7&#8243; custom_margin_tablet=&#8221;&#8221; custom_margin_phone=&#8221;-50px||0px||false&#8221; custom_margin_last_edited=&#8221;on|desktop&#8221; custom_padding=&#8221;73px|0px|40.4688px|0px|false|false&#8221; global_colors_info=&#8221;{}&#8221;][et_pb_column type=&#8221;4_4&#8243; _builder_version=&#8221;3.25&#8243; custom_padding=&#8221;|||&#8221; global_colors_info=&#8221;{}&#8221; custom_padding__hover=&#8221;|||&#8221;][et_pb_text admin_label=&#8221;Bangkok&#8221; module_class=&#8221;anchor_img_text2&#8243; _builder_version=&#8221;4.9.1&#8243; text_font=&#8221;Roboto||||&#8221; text_text_color=&#8221;#1a1a1a&#8221; text_font_size=&#8221;24px&#8221; text_line_height=&#8221;1.4em&#8221; link_text_color=&#8221;#68a3cb&#8221; header_font=&#8221;||||||||&#8221; header_2_font=&#8221;Montserrat||||||||&#8221; header_2_text_color=&#8221;#000000&#8243; header_2_font_size=&#8221;20px&#8221; header_3_font=&#8221;Roboto|700|||||||&#8221; header_3_text_color=&#8221;#000000&#8243; header_3_font_size=&#8221;27px&#8221; header_3_line_height=&#8221;1.5em&#8221; custom_margin=&#8221;15px||||false|false&#8221; custom_margin_tablet=&#8221;&#8221; custom_margin_phone=&#8221;25px|-22px||-22px|false|true&#8221; custom_margin_last_edited=&#8221;on|phone&#8221; animation_style=&#8221;slide&#8221; animation_direction=&#8221;top&#8221; animation_intensity_slide=&#8221;10%&#8221; header_2_font_size_tablet=&#8221;&#8221; header_2_font_size_phone=&#8221;&#8221; header_2_font_size_last_edited=&#8221;on|desktop&#8221; header_3_font_size_tablet=&#8221;&#8221; header_3_font_size_phone=&#8221;22px&#8221; header_3_font_size_last_edited=&#8221;on|phone&#8221; global_colors_info=&#8221;{}&#8221;]<\/p>\n<h3 style=\"text-align: center;\"><a href=\"#Mapa\"><img decoding=\"async\" src=\"https:\/\/www.where2travel.com\/wp-content\/uploads\/2019\/06\/Evaluation-Where2travel-N%C2%B06.png\" alt=\"Num\u00e9ro 6\" width=\"45\" height=\"45\" \/><\/a>\u00a0 \u00a0La duna del Pilat en Francia<\/h3>\n<p>[\/et_pb_text][et_pb_divider color=&#8221;#68a3cb&#8221; divider_weight=&#8221;4px&#8221; _builder_version=&#8221;3.26.3&#8243; width=&#8221;100%&#8221; width_tablet=&#8221;100%&#8221; width_phone=&#8221;100%&#8221; width_last_edited=&#8221;on|phone&#8221; max_width=&#8221;12%&#8221; max_width_tablet=&#8221;25%&#8221; max_width_phone=&#8221;25%&#8221; max_width_last_edited=&#8221;on|desktop&#8221; module_alignment=&#8221;center&#8221; height=&#8221;6px&#8221; custom_margin=&#8221;-15px||80px||false|false&#8221; custom_margin_tablet=&#8221;-15px||70px&#8221; custom_margin_phone=&#8221;-15px||70px&#8221; custom_margin_last_edited=&#8221;on|tablet&#8221; locked=&#8221;off&#8221; global_colors_info=&#8221;{}&#8221;][\/et_pb_divider][et_pb_text admin_label=&#8221;Description of the town&#8221; _builder_version=&#8221;4.9.1&#8243; text_font=&#8221;Roboto||||&#8221; text_font_size=&#8221;16px&#8221; text_line_height=&#8221;1.9em&#8221; link_font=&#8221;Roboto||||||||&#8221; link_text_color=&#8221;#68a3cb&#8221; link_font_size=&#8221;16px&#8221; link_line_height=&#8221;1.9em&#8221; ul_font=&#8221;||||||||&#8221; ol_font=&#8221;||||||||&#8221; quote_font=&#8221;||||||||&#8221; header_font=&#8221;Varela Round|700|||||||&#8221; header_text_align=&#8221;center&#8221; header_text_color=&#8221;#2a8a6f&#8221; header_font_size=&#8221;40px&#8221; header_line_height=&#8221;1.4em&#8221; header_2_font=&#8221;Varela Round|700|||||||&#8221; header_2_text_align=&#8221;center&#8221; header_2_text_color=&#8221;#2a8a6f&#8221; header_2_font_size=&#8221;36px&#8221; header_2_line_height=&#8221;1.4em&#8221; header_3_font=&#8221;Montserrat||||||||&#8221; header_3_text_align=&#8221;justify&#8221; header_3_text_color=&#8221;#555555&#8243; header_3_font_size=&#8221;20px&#8221; header_3_line_height=&#8221;1.4em&#8221; custom_margin=&#8221;0px||35px||false|false&#8221; custom_margin_tablet=&#8221;1px||25px||false|false&#8221; custom_margin_phone=&#8221;0px||30px||false|false&#8221; custom_margin_last_edited=&#8221;on|desktop&#8221; custom_padding=&#8221;|100px||100px&#8221; custom_padding_tablet=&#8221;|0px||0px&#8221; custom_padding_phone=&#8221;&#8221; custom_padding_last_edited=&#8221;on|desktop&#8221; animation_style=&#8221;slide&#8221; animation_direction=&#8221;top&#8221; animation_intensity_slide=&#8221;10%&#8221; text_font_size_tablet=&#8221;&#8221; text_font_size_phone=&#8221;15px&#8221; text_font_size_last_edited=&#8221;on|phone&#8221; link_font_size_tablet=&#8221;&#8221; link_font_size_phone=&#8221;15px&#8221; link_font_size_last_edited=&#8221;on|desktop&#8221; header_font_size_tablet=&#8221;30px&#8221; header_font_size_phone=&#8221;25px&#8221; header_font_size_last_edited=&#8221;on|phone&#8221; header_2_font_size_tablet=&#8221;25px&#8221; header_2_font_size_phone=&#8221;20px&#8221; header_2_font_size_last_edited=&#8221;on|phone&#8221; header_3_font_size_tablet=&#8221;16px&#8221; header_3_font_size_phone=&#8221;14px&#8221; header_3_font_size_last_edited=&#8221;on|desktop&#8221; saved_tabs=&#8221;all&#8221; locked=&#8221;off&#8221; global_colors_info=&#8221;{}&#8221; link_text_color__hover_enabled=&#8221;on&#8221; link_text_color__hover=&#8221;#fbba00&#8243;]<\/p>\n<p style=\"text-align: justify;\">Encontrar\u00e1s la duna de Pilat en la entrada de la cuenca de Arcachon en la costa suroeste de Francia, no muy lejos de la ciudad de Burdeos. Con una altura de 100 a 115 metros, su longitud de unos 3 km y sus 60 millones de m<span>\u00b3<\/span> de arena, es la duna m\u00e1s alta de Europa. Famosa por sus dimensiones excepcionales, tambi\u00e9n ofrece un entorno natural de gran belleza, bordeado por el bosque y el oc\u00e9ano.<\/p>\n<p style=\"text-align: justify;\">La duna se puede visitar en cualquier \u00e9poca del a\u00f1o, ofrece formas y colores que var\u00edan seg\u00fan las estaciones. Es accesible de forma gratuita para peatones y ciclistas, y los escalones te permiten subir a la cima. En la cima de esta monta\u00f1a de arena, se puede admirar una magn\u00edfica vista por un lado de un oc\u00e9ano de vegetaci\u00f3n y por el otro del Oc\u00e9ano Atl\u00e1ntico.<\/p>\n<p>[\/et_pb_text][\/et_pb_column][\/et_pb_row][et_pb_row column_structure=&#8221;1_3,1_3,1_3&#8243; custom_padding_last_edited=&#8221;on|desktop&#8221; _builder_version=&#8221;3.26.3&#8243; background_size=&#8221;initial&#8221; background_position=&#8221;top_left&#8221; background_repeat=&#8221;repeat&#8221; custom_margin=&#8221;||80px||false|false&#8221; custom_margin_tablet=&#8221;||60px||false|false&#8221; custom_margin_phone=&#8221;-29px||60px||false|false&#8221; custom_margin_last_edited=&#8221;on|phone&#8221; custom_padding=&#8221;0|0px|0px|0px|false|false&#8221; custom_padding_tablet=&#8221;||0px|&#8221; custom_padding_phone=&#8221;0px||0px|&#8221; locked=&#8221;off&#8221; collapsed=&#8221;off&#8221; global_colors_info=&#8221;{}&#8221;][et_pb_column type=&#8221;1_3&#8243; _builder_version=&#8221;3.25&#8243; custom_padding=&#8221;|||&#8221; global_colors_info=&#8221;{}&#8221; custom_padding__hover=&#8221;|||&#8221;][et_pb_image src=&#8221;https:\/\/www.where2travel.com\/wp-content\/uploads\/2020\/07\/france-dunes-du-pilat-parapente.jpg&#8221; alt=&#8221;Duna del Pilat en Francia: uno de los paisajes naturales m\u00e1s bellos en Europa&#8221; title_text=&#8221;francia-dunas-du-pilat-parapente&#8221; show_in_lightbox=&#8221;on&#8221; align_tablet=&#8221;center&#8221; align_phone=&#8221;&#8221; align_last_edited=&#8221;on|desktop&#8221; _builder_version=&#8221;4.9.1&#8243; custom_margin=&#8221;|0px||0px||false&#8221; custom_margin_tablet=&#8221;&#8221; custom_margin_phone=&#8221;|0px||0px||true&#8221; custom_margin_last_edited=&#8221;on|phone&#8221; animation_style=&#8221;slide&#8221; border_radii=&#8221;on|5px|5px|5px|5px&#8221; box_shadow_style=&#8221;preset6&#8243; global_colors_info=&#8221;{}&#8221;]&nbsp;<br \/>\n[\/et_pb_image][\/et_pb_column][et_pb_column type=&#8221;1_3&#8243; _builder_version=&#8221;3.25&#8243; custom_padding=&#8221;|||&#8221; global_colors_info=&#8221;{}&#8221; custom_padding__hover=&#8221;|||&#8221;][et_pb_image src=&#8221;https:\/\/www.where2travel.com\/wp-content\/uploads\/2021\/03\/france-dunes-du-pilat-mer-foret.jpg&#8221; alt=&#8221;Magn\u00edfico paisaje natural en Europa: la duna de Pilat en Francia&#8221; title_text=&#8221;francia-dunas-du-pilat-mer-bosque&#8221; show_in_lightbox=&#8221;on&#8221; align_tablet=&#8221;center&#8221; align_phone=&#8221;&#8221; align_last_edited=&#8221;on|desktop&#8221; _builder_version=&#8221;4.9.1&#8243; custom_margin=&#8221;|0px||0px||false&#8221; custom_margin_tablet=&#8221;&#8221; custom_margin_phone=&#8221;|0px||0px||true&#8221; custom_margin_last_edited=&#8221;on|phone&#8221; animation_style=&#8221;slide&#8221; border_radii=&#8221;on|5px|5px|5px|5px&#8221; box_shadow_style=&#8221;preset6&#8243; global_colors_info=&#8221;{}&#8221;]&nbsp;<br \/>\n[\/et_pb_image][\/et_pb_column][et_pb_column type=&#8221;1_3&#8243; _builder_version=&#8221;3.25&#8243; custom_padding=&#8221;|||&#8221; global_colors_info=&#8221;{}&#8221; custom_padding__hover=&#8221;|||&#8221;][et_pb_image src=&#8221;https:\/\/www.where2travel.com\/wp-content\/uploads\/2020\/07\/france-dunes-du-pilat-for\u00eat.jpg&#8221; alt=&#8221;Entre los paisajes m\u00e1s bellos en Europa: la Dune du Pilat en Francia&#8221; title_text=&#8221;francia-dunes-du-pilat-forest&#8221; show_in_lightbox=&#8221;on&#8221; align_tablet=&#8221;center&#8221; align_phone=&#8221;&#8221; align_last_edited=&#8221;on|desktop&#8221; _builder_version=&#8221;4.9.1&#8243; custom_margin=&#8221;|0px||0px||false&#8221; custom_margin_tablet=&#8221;&#8221; custom_margin_phone=&#8221;|0px||0px||true&#8221; custom_margin_last_edited=&#8221;on|phone&#8221; animation_style=&#8221;slide&#8221; border_radii=&#8221;on|5px|5px|5px|5px&#8221; box_shadow_style=&#8221;preset6&#8243; global_colors_info=&#8221;{}&#8221;]&nbsp;<br \/>\n[\/et_pb_image][\/et_pb_column][\/et_pb_row][et_pb_row admin_label=&#8221;Town 4&#8243; module_id=&#8221;Fiordos&#8221; _builder_version=&#8221;4.9.1&#8243; custom_margin_tablet=&#8221;&#8221; custom_margin_phone=&#8221;-50px||0px||false&#8221; custom_margin_last_edited=&#8221;on|desktop&#8221; custom_padding=&#8221;73px|0px|40.4688px|0px|false|false&#8221; global_colors_info=&#8221;{}&#8221;][et_pb_column type=&#8221;4_4&#8243; _builder_version=&#8221;3.25&#8243; custom_padding=&#8221;|||&#8221; global_colors_info=&#8221;{}&#8221; custom_padding__hover=&#8221;|||&#8221;][et_pb_text admin_label=&#8221;Bangkok&#8221; module_class=&#8221;anchor_img_text2&#8243; _builder_version=&#8221;4.9.1&#8243; text_font=&#8221;Roboto||||&#8221; text_text_color=&#8221;#1a1a1a&#8221; text_font_size=&#8221;24px&#8221; text_line_height=&#8221;1.4em&#8221; link_text_color=&#8221;#68a3cb&#8221; header_font=&#8221;||||||||&#8221; header_2_font=&#8221;Montserrat||||||||&#8221; header_2_text_color=&#8221;#000000&#8243; header_2_font_size=&#8221;20px&#8221; header_3_font=&#8221;Roboto|700|||||||&#8221; header_3_text_color=&#8221;#000000&#8243; header_3_font_size=&#8221;27px&#8221; header_3_line_height=&#8221;1.5em&#8221; custom_margin=&#8221;15px||||false|false&#8221; custom_margin_tablet=&#8221;&#8221; custom_margin_phone=&#8221;25px|||&#8221; custom_margin_last_edited=&#8221;on|phone&#8221; animation_style=&#8221;slide&#8221; animation_direction=&#8221;top&#8221; animation_intensity_slide=&#8221;10%&#8221; header_2_font_size_tablet=&#8221;&#8221; header_2_font_size_phone=&#8221;&#8221; header_2_font_size_last_edited=&#8221;on|desktop&#8221; header_3_font_size_tablet=&#8221;&#8221; header_3_font_size_phone=&#8221;22px&#8221; header_3_font_size_last_edited=&#8221;on|phone&#8221; global_colors_info=&#8221;{}&#8221;]<\/p>\n<h3 style=\"text-align: center;\"><a href=\"#Mapa\"><img decoding=\"async\" src=\"https:\/\/www.where2travel.com\/wp-content\/uploads\/2019\/06\/Evaluation-Where2travel-N%C2%B07.png\" alt=\"Num\u00e9ro 7\" width=\"45\" height=\"45\"><\/a>&nbsp; &nbsp;Los fiordos en Noruega<\/h3>\n<p>[\/et_pb_text][et_pb_divider color=&#8221;#68a3cb&#8221; divider_weight=&#8221;4px&#8221; _builder_version=&#8221;3.26.3&#8243; width=&#8221;100%&#8221; width_tablet=&#8221;100%&#8221; width_phone=&#8221;100%&#8221; width_last_edited=&#8221;on|phone&#8221; max_width=&#8221;12%&#8221; max_width_tablet=&#8221;25%&#8221; max_width_phone=&#8221;25%&#8221; max_width_last_edited=&#8221;on|desktop&#8221; module_alignment=&#8221;center&#8221; height=&#8221;6px&#8221; custom_margin=&#8221;-15px||80px||false|false&#8221; custom_margin_tablet=&#8221;-15px||70px&#8221; custom_margin_phone=&#8221;-15px||70px&#8221; custom_margin_last_edited=&#8221;on|tablet&#8221; locked=&#8221;off&#8221; global_colors_info=&#8221;{}&#8221;][\/et_pb_divider][et_pb_text admin_label=&#8221;Description of the town&#8221; _builder_version=&#8221;4.9.1&#8243; text_font=&#8221;Roboto||||&#8221; text_font_size=&#8221;16px&#8221; text_line_height=&#8221;1.9em&#8221; link_font=&#8221;Roboto||||||||&#8221; link_text_color=&#8221;#68a3cb&#8221; link_font_size=&#8221;16px&#8221; link_line_height=&#8221;1.9em&#8221; ul_font=&#8221;||||||||&#8221; ol_font=&#8221;||||||||&#8221; quote_font=&#8221;||||||||&#8221; header_font=&#8221;Varela Round|700|||||||&#8221; header_text_align=&#8221;center&#8221; header_text_color=&#8221;#2a8a6f&#8221; header_font_size=&#8221;40px&#8221; header_line_height=&#8221;1.4em&#8221; header_2_font=&#8221;Varela Round|700|||||||&#8221; header_2_text_align=&#8221;center&#8221; header_2_text_color=&#8221;#2a8a6f&#8221; header_2_font_size=&#8221;36px&#8221; header_2_line_height=&#8221;1.4em&#8221; header_3_font=&#8221;Montserrat||||||||&#8221; header_3_text_align=&#8221;justify&#8221; header_3_text_color=&#8221;#555555&#8243; header_3_font_size=&#8221;20px&#8221; header_3_line_height=&#8221;1.4em&#8221; custom_margin=&#8221;0px||35px||false|false&#8221; custom_margin_tablet=&#8221;1px||25px||false|false&#8221; custom_margin_phone=&#8221;0px||30px||false|false&#8221; custom_margin_last_edited=&#8221;on|desktop&#8221; custom_padding=&#8221;|100px||100px&#8221; custom_padding_tablet=&#8221;|0px||0px&#8221; custom_padding_phone=&#8221;&#8221; custom_padding_last_edited=&#8221;on|desktop&#8221; animation_style=&#8221;slide&#8221; animation_direction=&#8221;top&#8221; animation_intensity_slide=&#8221;10%&#8221; text_font_size_tablet=&#8221;&#8221; text_font_size_phone=&#8221;15px&#8221; text_font_size_last_edited=&#8221;on|phone&#8221; link_font_size_tablet=&#8221;&#8221; link_font_size_phone=&#8221;15px&#8221; link_font_size_last_edited=&#8221;on|desktop&#8221; header_font_size_tablet=&#8221;30px&#8221; header_font_size_phone=&#8221;25px&#8221; header_font_size_last_edited=&#8221;on|phone&#8221; header_2_font_size_tablet=&#8221;25px&#8221; header_2_font_size_phone=&#8221;20px&#8221; header_2_font_size_last_edited=&#8221;on|phone&#8221; header_3_font_size_tablet=&#8221;16px&#8221; header_3_font_size_phone=&#8221;14px&#8221; header_3_font_size_last_edited=&#8221;on|desktop&#8221; saved_tabs=&#8221;all&#8221; locked=&#8221;off&#8221; global_colors_info=&#8221;{}&#8221; link_text_color__hover_enabled=&#8221;on&#8221; link_text_color__hover=&#8221;#fbba00&#8243;]<\/p>\n<p style=\"text-align: justify;\">Un peque\u00f1o recordatorio de la geograf\u00eda \ud83e\udd13, un fiordo es un valle glacial muy profundo, lleno de agua salada, a menudo estrecha y rodeada de costas escarpadas, que se extiende por debajo del nivel del mar.<\/p>\n<p style=\"text-align: justify;\">Noruega se conoce a menudo como el &#8220;pa\u00eds de los fiordos&#8221; porque son extremadamente numerosos y espectaculares. Por mi parte, explor\u00e9 el hermoso fiordo de Naeroyfjord de 17 km y es Patrimonio de la Humanidad por la UNESCO. Durante un crucero en sus aguas azules, descubrir\u00e1s hermosos paisajes naturales con cascadas, picos nevados y casas de madera coloridas t\u00edpicas.<\/p>\n<p>[\/et_pb_text][\/et_pb_column][\/et_pb_row][et_pb_row column_structure=&#8221;1_3,1_3,1_3&#8243; custom_padding_last_edited=&#8221;on|desktop&#8221; _builder_version=&#8221;3.26.3&#8243; background_size=&#8221;initial&#8221; background_position=&#8221;top_left&#8221; background_repeat=&#8221;repeat&#8221; custom_margin=&#8221;||80px||false|false&#8221; custom_margin_tablet=&#8221;||60px||false|false&#8221; custom_margin_phone=&#8221;-29px||60px||false|false&#8221; custom_margin_last_edited=&#8221;on|phone&#8221; custom_padding=&#8221;0|0px|0px|0px|false|false&#8221; custom_padding_tablet=&#8221;||0px|&#8221; custom_padding_phone=&#8221;0px||0px|&#8221; locked=&#8221;off&#8221; collapsed=&#8221;off&#8221; global_colors_info=&#8221;{}&#8221;][et_pb_column type=&#8221;1_3&#8243; _builder_version=&#8221;3.25&#8243; custom_padding=&#8221;|||&#8221; global_colors_info=&#8221;{}&#8221; custom_padding__hover=&#8221;|||&#8221;][et_pb_image src=&#8221;https:\/\/www.where2travel.com\/wp-content\/uploads\/2020\/07\/norv\u00e8ge-fjord-reflexion.jpg&#8221; alt=&#8221;Reflejo en el agua de un fiordo en Noruega&#8221; title_text=&#8221;noruega-fiordo-reflexi\u00f3n&#8221; show_in_lightbox=&#8221;on&#8221; align_tablet=&#8221;center&#8221; align_phone=&#8221;&#8221; align_last_edited=&#8221;on|desktop&#8221; _builder_version=&#8221;4.9.1&#8243; custom_margin=&#8221;|0px||0px||false&#8221; custom_margin_tablet=&#8221;&#8221; custom_margin_phone=&#8221;|0px||0px||true&#8221; custom_margin_last_edited=&#8221;on|phone&#8221; animation_style=&#8221;slide&#8221; border_radii=&#8221;on|5px|5px|5px|5px&#8221; box_shadow_style=&#8221;preset6&#8243; global_colors_info=&#8221;{}&#8221;]&nbsp;<br \/>\n[\/et_pb_image][\/et_pb_column][et_pb_column type=&#8221;1_3&#8243; _builder_version=&#8221;3.25&#8243; custom_padding=&#8221;|||&#8221; global_colors_info=&#8221;{}&#8221; custom_padding__hover=&#8221;|||&#8221;][et_pb_image src=&#8221;https:\/\/www.where2travel.com\/wp-content\/uploads\/2020\/07\/norv\u00e8ge-fjord-village-1.jpg&#8221; alt=&#8221;Entre los paisajes naturales m\u00e1s bellos en Europa: Pueblo en los fiordos noruegos&#8221; title_text=&#8221;noruega-fiordo-pueblo&#8221; show_in_lightbox=&#8221;on&#8221; align_tablet=&#8221;center&#8221; align_phone=&#8221;&#8221; align_last_edited=&#8221;on|desktop&#8221; _builder_version=&#8221;4.9.1&#8243; custom_margin=&#8221;|0px||0px||false&#8221; custom_margin_tablet=&#8221;&#8221; custom_margin_phone=&#8221;|0px||0px||true&#8221; custom_margin_last_edited=&#8221;on|phone&#8221; animation_style=&#8221;slide&#8221; border_radii=&#8221;on|5px|5px|5px|5px&#8221; box_shadow_style=&#8221;preset6&#8243; global_colors_info=&#8221;{}&#8221;]&nbsp;<br \/>\n[\/et_pb_image][\/et_pb_column][et_pb_column type=&#8221;1_3&#8243; _builder_version=&#8221;3.25&#8243; custom_padding=&#8221;|||&#8221; global_colors_info=&#8221;{}&#8221; custom_padding__hover=&#8221;|||&#8221;][et_pb_image src=&#8221;https:\/\/www.where2travel.com\/wp-content\/uploads\/2020\/07\/norv\u00e8ge-fjord-bateau.jpg&#8221; alt=&#8221;Uno de los hermosos paisajes naturales en Europa: crucero por un fiordo en Noruega&#8221; title_text=&#8221;noruega-fiordo-barco&#8221; show_in_lightbox=&#8221;on&#8221; align_tablet=&#8221;center&#8221; align_phone=&#8221;&#8221; align_last_edited=&#8221;on|desktop&#8221; _builder_version=&#8221;4.9.1&#8243; custom_margin=&#8221;|0px||0px||false&#8221; custom_margin_tablet=&#8221;&#8221; custom_margin_phone=&#8221;|0px||0px||true&#8221; custom_margin_last_edited=&#8221;on|phone&#8221; animation_style=&#8221;slide&#8221; border_radii=&#8221;on|5px|5px|5px|5px&#8221; box_shadow_style=&#8221;preset6&#8243; global_colors_info=&#8221;{}&#8221;]&nbsp;<br \/>\n[\/et_pb_image][\/et_pb_column][\/et_pb_row][et_pb_row admin_label=&#8221;Town 4&#8243; module_id=&#8221;Gibraltar&#8221; _builder_version=&#8221;4.4.7&#8243; custom_margin_tablet=&#8221;&#8221; custom_margin_phone=&#8221;-50px||0px||false&#8221; custom_margin_last_edited=&#8221;on|desktop&#8221; custom_padding=&#8221;73px|0px|40.4688px|0px|false|false&#8221; global_colors_info=&#8221;{}&#8221;][et_pb_column type=&#8221;4_4&#8243; _builder_version=&#8221;3.25&#8243; custom_padding=&#8221;|||&#8221; global_colors_info=&#8221;{}&#8221; custom_padding__hover=&#8221;|||&#8221;][et_pb_text admin_label=&#8221;Bangkok&#8221; module_class=&#8221;anchor_img_text2&#8243; _builder_version=&#8221;4.9.1&#8243; text_font=&#8221;Roboto||||&#8221; text_text_color=&#8221;#1a1a1a&#8221; text_font_size=&#8221;24px&#8221; text_line_height=&#8221;1.4em&#8221; link_text_color=&#8221;#68a3cb&#8221; header_font=&#8221;||||||||&#8221; header_2_font=&#8221;Montserrat||||||||&#8221; header_2_text_color=&#8221;#000000&#8243; header_2_font_size=&#8221;20px&#8221; header_3_font=&#8221;Roboto|700|||||||&#8221; header_3_text_color=&#8221;#000000&#8243; header_3_font_size=&#8221;27px&#8221; header_3_line_height=&#8221;1.5em&#8221; custom_margin=&#8221;15px||||false|false&#8221; custom_margin_tablet=&#8221;&#8221; custom_margin_phone=&#8221;25px|||&#8221; custom_margin_last_edited=&#8221;on|phone&#8221; animation_style=&#8221;slide&#8221; animation_direction=&#8221;top&#8221; animation_intensity_slide=&#8221;10%&#8221; header_2_font_size_tablet=&#8221;&#8221; header_2_font_size_phone=&#8221;&#8221; header_2_font_size_last_edited=&#8221;on|desktop&#8221; header_3_font_size_tablet=&#8221;&#8221; header_3_font_size_phone=&#8221;22px&#8221; header_3_font_size_last_edited=&#8221;on|phone&#8221; global_colors_info=&#8221;{}&#8221;]<\/p>\n<h3 style=\"text-align: center;\"><a href=\"#Mapa\"><img decoding=\"async\" src=\"https:\/\/www.where2travel.com\/wp-content\/uploads\/2019\/06\/Evaluation-Where2travel-N%C2%B08.png\" alt=\"Num\u00e9ro 8\" width=\"45\" height=\"45\" \/><\/a>\u00a0 \u00a0El Pe\u00f1\u00f3n de Gibraltar<\/h3>\n<p>[\/et_pb_text][et_pb_divider color=&#8221;#68a3cb&#8221; divider_weight=&#8221;4px&#8221; _builder_version=&#8221;3.26.3&#8243; width=&#8221;100%&#8221; width_tablet=&#8221;100%&#8221; width_phone=&#8221;100%&#8221; width_last_edited=&#8221;on|phone&#8221; max_width=&#8221;12%&#8221; max_width_tablet=&#8221;25%&#8221; max_width_phone=&#8221;25%&#8221; max_width_last_edited=&#8221;on|desktop&#8221; module_alignment=&#8221;center&#8221; height=&#8221;6px&#8221; custom_margin=&#8221;-15px||80px||false|false&#8221; custom_margin_tablet=&#8221;-15px||70px&#8221; custom_margin_phone=&#8221;-15px||70px&#8221; custom_margin_last_edited=&#8221;on|tablet&#8221; locked=&#8221;off&#8221; global_colors_info=&#8221;{}&#8221;][\/et_pb_divider][et_pb_text admin_label=&#8221;Description of the town&#8221; _builder_version=&#8221;4.9.1&#8243; text_font=&#8221;Roboto||||&#8221; text_font_size=&#8221;16px&#8221; text_line_height=&#8221;1.9em&#8221; link_font=&#8221;Roboto||||||||&#8221; link_text_color=&#8221;#68a3cb&#8221; link_font_size=&#8221;16px&#8221; link_line_height=&#8221;1.9em&#8221; ul_font=&#8221;||||||||&#8221; ol_font=&#8221;||||||||&#8221; quote_font=&#8221;||||||||&#8221; header_font=&#8221;Varela Round|700|||||||&#8221; header_text_align=&#8221;center&#8221; header_text_color=&#8221;#2a8a6f&#8221; header_font_size=&#8221;40px&#8221; header_line_height=&#8221;1.4em&#8221; header_2_font=&#8221;Varela Round|700|||||||&#8221; header_2_text_align=&#8221;center&#8221; header_2_text_color=&#8221;#2a8a6f&#8221; header_2_font_size=&#8221;36px&#8221; header_2_line_height=&#8221;1.4em&#8221; header_3_font=&#8221;Montserrat||||||||&#8221; header_3_text_align=&#8221;justify&#8221; header_3_text_color=&#8221;#555555&#8243; header_3_font_size=&#8221;20px&#8221; header_3_line_height=&#8221;1.4em&#8221; custom_margin=&#8221;0px||35px||false|false&#8221; custom_margin_tablet=&#8221;1px||25px||false|false&#8221; custom_margin_phone=&#8221;0px||30px||false|false&#8221; custom_margin_last_edited=&#8221;on|desktop&#8221; custom_padding=&#8221;|100px||100px&#8221; custom_padding_tablet=&#8221;|0px||0px&#8221; custom_padding_phone=&#8221;&#8221; custom_padding_last_edited=&#8221;on|desktop&#8221; animation_style=&#8221;slide&#8221; animation_direction=&#8221;top&#8221; animation_intensity_slide=&#8221;10%&#8221; text_font_size_tablet=&#8221;&#8221; text_font_size_phone=&#8221;15px&#8221; text_font_size_last_edited=&#8221;on|phone&#8221; link_font_size_tablet=&#8221;&#8221; link_font_size_phone=&#8221;15px&#8221; link_font_size_last_edited=&#8221;on|desktop&#8221; header_font_size_tablet=&#8221;30px&#8221; header_font_size_phone=&#8221;25px&#8221; header_font_size_last_edited=&#8221;on|phone&#8221; header_2_font_size_tablet=&#8221;25px&#8221; header_2_font_size_phone=&#8221;20px&#8221; header_2_font_size_last_edited=&#8221;on|phone&#8221; header_3_font_size_tablet=&#8221;16px&#8221; header_3_font_size_phone=&#8221;14px&#8221; header_3_font_size_last_edited=&#8221;on|desktop&#8221; saved_tabs=&#8221;all&#8221; locked=&#8221;off&#8221; global_colors_info=&#8221;{}&#8221; link_text_color__hover_enabled=&#8221;on&#8221; link_text_color__hover=&#8221;#fbba00&#8243;]<\/p>\n<p style=\"text-align: justify;\">Gibraltar es un peque\u00f1o territorio brit\u00e1nico de ultramar de 6,5 km\u00b2 situado en la costa sur de Espa\u00f1a. La ciudad incluye el enorme Pe\u00f1\u00f3n de Gibraltar, que se eleva a 426 metros de altura, te aconsejo que subas a la cima de esta roca, que es el punto de vista ideal para observar c\u00f3mo el Mediterr\u00e1neo, pasando por el Estrecho de Gibraltar, se convierte en el Oc\u00e9ano Atl\u00e1ntico. La vista es realmente espl\u00e9ndida cuando hace buen tiempo y el acceso es f\u00e1cil gracias a su telef\u00e9rico. Adem\u00e1s, tambi\u00e9n se  observan muchos monos en la parte superior de la roca. Este sitio natural tambi\u00e9n se puede visitar desde el interior, es de hecho posible hacer excursiones de espeleolog\u00eda dentro de la roca, que es una actividad incre\u00edble y muy agradable de hacer.<\/p>\n<p style=\"text-align: justify;\">Por \u00faltimo, Gibraltar no solo es un hermoso sitio natural con su roca, sino tambi\u00e9n la ciudad  tiene una rica historia. Gibraltar estuvo de hecho \u00e1rabe durante al menos 6 siglos y no regres\u00f3 temporalmente bajo control espa\u00f1ol hasta 1462, antes de la dominaci\u00f3n inglesa que comenz\u00f3 en 1704. La ciudad tambi\u00e9n merece una visita a sus t\u00edpicas calles peque\u00f1as o las principales calles comerciales para ir de compras a precios muy ventajosos. Aqu\u00ed encontrar\u00e1s<strong><a href=\"https:\/\/www.getyourguide.es\/gibraltar-l166\/?partner_id=0428GRX&#038;amp%3Butm_medium=online_publisher&#038;amp%3Butm_source=where2travel.com%40gmail.com&#038;amp%3Bplacement=content-middle&#038;amp%3Butm_force=0%22%20target%3D%22_blank\" rel=\"noopener noreferrer\"> excursiones a Gibraltar<\/a><\/strong> desde M\u00e1laga o Sevilla, por ejemplo.<\/p>\n<p>[\/et_pb_text][\/et_pb_column][\/et_pb_row][et_pb_row column_structure=&#8221;1_3,1_3,1_3&#8243; custom_padding_last_edited=&#8221;on|desktop&#8221; _builder_version=&#8221;3.26.3&#8243; background_size=&#8221;initial&#8221; background_position=&#8221;top_left&#8221; background_repeat=&#8221;repeat&#8221; custom_margin=&#8221;||80px||false|false&#8221; custom_margin_tablet=&#8221;||60px||false|false&#8221; custom_margin_phone=&#8221;-29px||60px||false|false&#8221; custom_margin_last_edited=&#8221;on|phone&#8221; custom_padding=&#8221;0|0px|0px|0px|false|false&#8221; custom_padding_tablet=&#8221;||0px|&#8221; custom_padding_phone=&#8221;0px||0px|&#8221; locked=&#8221;off&#8221; collapsed=&#8221;off&#8221; global_colors_info=&#8221;{}&#8221;][et_pb_column type=&#8221;1_3&#8243; _builder_version=&#8221;3.25&#8243; custom_padding=&#8221;|||&#8221; global_colors_info=&#8221;{}&#8221; custom_padding__hover=&#8221;|||&#8221;][et_pb_image src=&#8221;https:\/\/www.where2travel.com\/wp-content\/uploads\/2020\/02\/Gibraltar-3_Snapseed.jpg&#8221; alt=&#8221;Entre los paisajes naturales m\u00e1s bellos en Europa: el Pe\u00f1\u00f3n de Gibraltar&#8221; title_text=&#8221;rock-gibraltar-vista-panoramica&#8221; show_in_lightbox=&#8221;on&#8221; align_tablet=&#8221;center&#8221; align_phone=&#8221;&#8221; align_last_edited=&#8221;on|desktop&#8221; _builder_version=&#8221;4.9.1&#8243; custom_margin=&#8221;|0px||0px||false&#8221; custom_margin_tablet=&#8221;&#8221; custom_margin_phone=&#8221;|0px||0px||true&#8221; custom_margin_last_edited=&#8221;on|phone&#8221; animation_style=&#8221;slide&#8221; border_radii=&#8221;on|5px|5px|5px|5px&#8221; box_shadow_style=&#8221;preset6&#8243; global_colors_info=&#8221;{}&#8221;]&nbsp;<br \/>\n[\/et_pb_image][\/et_pb_column][et_pb_column type=&#8221;1_3&#8243; _builder_version=&#8221;3.25&#8243; custom_padding=&#8221;|||&#8221; global_colors_info=&#8221;{}&#8221; custom_padding__hover=&#8221;|||&#8221;][et_pb_image src=&#8221;https:\/\/www.where2travel.com\/wp-content\/uploads\/2020\/02\/Gibraltar-2_Snapseed.jpg&#8221; alt=&#8221;Espeleolog\u00eda en el Pe\u00f1\u00f3n de Gibraltar&#8221; title_text=&#8221;espeleolog\u00eda-gibraltar-rock&#8221; show_in_lightbox=&#8221;on&#8221; align_tablet=&#8221;center&#8221; align_phone=&#8221;&#8221; align_last_edited=&#8221;on|desktop&#8221; _builder_version=&#8221;4.9.1&#8243; custom_margin=&#8221;|0px||0px||false&#8221; custom_margin_tablet=&#8221;&#8221; custom_margin_phone=&#8221;|0px||0px||true&#8221; custom_margin_last_edited=&#8221;on|phone&#8221; animation_style=&#8221;slide&#8221; border_radii=&#8221;on|5px|5px|5px|5px&#8221; box_shadow_style=&#8221;preset6&#8243; global_colors_info=&#8221;{}&#8221;]&nbsp;<br \/>\n[\/et_pb_image][\/et_pb_column][et_pb_column type=&#8221;1_3&#8243; _builder_version=&#8221;3.25&#8243; custom_padding=&#8221;|||&#8221; global_colors_info=&#8221;{}&#8221; custom_padding__hover=&#8221;|||&#8221;][et_pb_image src=&#8221;https:\/\/www.where2travel.com\/wp-content\/uploads\/2020\/02\/Gibraltar-1_Snapseed.jpg&#8221; alt=&#8221;Magn\u00edfico paisaje natural: los monos de Gibralatar Rock&#8221; title_text=&#8221;monos-de-roca-gibraltar&#8221; show_in_lightbox=&#8221;on&#8221; align_tablet=&#8221;center&#8221; align_phone=&#8221;&#8221; align_last_edited=&#8221;on|desktop&#8221; _builder_version=&#8221;4.9.1&#8243; custom_margin=&#8221;|0px||0px||false&#8221; custom_margin_tablet=&#8221;&#8221; custom_margin_phone=&#8221;|0px||0px||true&#8221; custom_margin_last_edited=&#8221;on|phone&#8221; animation_style=&#8221;slide&#8221; border_radii=&#8221;on|5px|5px|5px|5px&#8221; box_shadow_style=&#8221;preset6&#8243; global_colors_info=&#8221;{}&#8221;]&nbsp;<br \/>\n[\/et_pb_image][\/et_pb_column][\/et_pb_row][et_pb_row admin_label=&#8221;Town 4&#8243; module_id=&#8221;Islandia&#8221; _builder_version=&#8221;4.9.1&#8243; custom_margin_tablet=&#8221;&#8221; custom_margin_phone=&#8221;-50px||0px||false&#8221; custom_margin_last_edited=&#8221;on|desktop&#8221; custom_padding=&#8221;73px|0px|40.4688px|0px|false|false&#8221; global_colors_info=&#8221;{}&#8221;][et_pb_column type=&#8221;4_4&#8243; _builder_version=&#8221;3.25&#8243; custom_padding=&#8221;|||&#8221; global_colors_info=&#8221;{}&#8221; custom_padding__hover=&#8221;|||&#8221;][et_pb_text admin_label=&#8221;Bangkok&#8221; module_class=&#8221;anchor_img_text2&#8243; _builder_version=&#8221;4.9.1&#8243; text_font=&#8221;Roboto||||&#8221; text_text_color=&#8221;#1a1a1a&#8221; text_font_size=&#8221;24px&#8221; text_line_height=&#8221;1.4em&#8221; link_text_color=&#8221;#68a3cb&#8221; header_font=&#8221;||||||||&#8221; header_2_font=&#8221;Montserrat||||||||&#8221; header_2_text_color=&#8221;#000000&#8243; header_2_font_size=&#8221;20px&#8221; header_3_font=&#8221;Roboto|700|||||||&#8221; header_3_text_color=&#8221;#000000&#8243; header_3_font_size=&#8221;27px&#8221; header_3_line_height=&#8221;1.5em&#8221; custom_margin=&#8221;15px||||false|false&#8221; custom_margin_tablet=&#8221;&#8221; custom_margin_phone=&#8221;25px|-20px||-20px|false|true&#8221; custom_margin_last_edited=&#8221;on|phone&#8221; animation_style=&#8221;slide&#8221; animation_direction=&#8221;top&#8221; animation_intensity_slide=&#8221;10%&#8221; header_2_font_size_tablet=&#8221;&#8221; header_2_font_size_phone=&#8221;&#8221; header_2_font_size_last_edited=&#8221;on|desktop&#8221; header_3_font_size_tablet=&#8221;&#8221; header_3_font_size_phone=&#8221;22px&#8221; header_3_font_size_last_edited=&#8221;on|phone&#8221; global_colors_info=&#8221;{}&#8221;]<\/p>\n<h3 style=\"text-align: center;\"><a href=\"#Mapa\"><img decoding=\"async\" src=\"https:\/\/www.where2travel.com\/wp-content\/uploads\/2019\/06\/Evaluation-Where2travel-N%C2%B09.png\" alt=\"Num\u00e9ro 9\" width=\"45\" height=\"45\"><\/a>&nbsp; &nbsp;Las cascadas de Islandia<\/h3>\n<p>[\/et_pb_text][et_pb_divider color=&#8221;#68a3cb&#8221; divider_weight=&#8221;4px&#8221; _builder_version=&#8221;3.26.3&#8243; width=&#8221;100%&#8221; width_tablet=&#8221;100%&#8221; width_phone=&#8221;100%&#8221; width_last_edited=&#8221;on|phone&#8221; max_width=&#8221;12%&#8221; max_width_tablet=&#8221;25%&#8221; max_width_phone=&#8221;25%&#8221; max_width_last_edited=&#8221;on|desktop&#8221; module_alignment=&#8221;center&#8221; height=&#8221;6px&#8221; custom_margin=&#8221;-15px||80px||false|false&#8221; custom_margin_tablet=&#8221;-15px||70px&#8221; custom_margin_phone=&#8221;-15px||70px&#8221; custom_margin_last_edited=&#8221;on|tablet&#8221; locked=&#8221;off&#8221; global_colors_info=&#8221;{}&#8221;][\/et_pb_divider][et_pb_text admin_label=&#8221;Description of the town&#8221; _builder_version=&#8221;4.9.1&#8243; text_font=&#8221;Roboto||||&#8221; text_font_size=&#8221;16px&#8221; text_line_height=&#8221;1.9em&#8221; link_font=&#8221;Roboto||||||||&#8221; link_text_color=&#8221;#68a3cb&#8221; link_font_size=&#8221;16px&#8221; link_line_height=&#8221;1.9em&#8221; ul_font=&#8221;||||||||&#8221; ol_font=&#8221;||||||||&#8221; quote_font=&#8221;||||||||&#8221; header_font=&#8221;Varela Round|700|||||||&#8221; header_text_align=&#8221;center&#8221; header_text_color=&#8221;#2a8a6f&#8221; header_font_size=&#8221;40px&#8221; header_line_height=&#8221;1.4em&#8221; header_2_font=&#8221;Varela Round|700|||||||&#8221; header_2_text_align=&#8221;center&#8221; header_2_text_color=&#8221;#2a8a6f&#8221; header_2_font_size=&#8221;36px&#8221; header_2_line_height=&#8221;1.4em&#8221; header_3_font=&#8221;Montserrat||||||||&#8221; header_3_text_align=&#8221;justify&#8221; header_3_text_color=&#8221;#555555&#8243; header_3_font_size=&#8221;20px&#8221; header_3_line_height=&#8221;1.4em&#8221; custom_margin=&#8221;0px||35px||false|false&#8221; custom_margin_tablet=&#8221;1px||25px||false|false&#8221; custom_margin_phone=&#8221;0px||30px||false|false&#8221; custom_margin_last_edited=&#8221;on|desktop&#8221; custom_padding=&#8221;|100px||100px&#8221; custom_padding_tablet=&#8221;|0px||0px&#8221; custom_padding_phone=&#8221;&#8221; custom_padding_last_edited=&#8221;on|desktop&#8221; animation_style=&#8221;slide&#8221; animation_direction=&#8221;top&#8221; animation_intensity_slide=&#8221;10%&#8221; text_font_size_tablet=&#8221;&#8221; text_font_size_phone=&#8221;15px&#8221; text_font_size_last_edited=&#8221;on|phone&#8221; link_font_size_tablet=&#8221;&#8221; link_font_size_phone=&#8221;15px&#8221; link_font_size_last_edited=&#8221;on|desktop&#8221; header_font_size_tablet=&#8221;30px&#8221; header_font_size_phone=&#8221;25px&#8221; header_font_size_last_edited=&#8221;on|phone&#8221; header_2_font_size_tablet=&#8221;25px&#8221; header_2_font_size_phone=&#8221;20px&#8221; header_2_font_size_last_edited=&#8221;on|phone&#8221; header_3_font_size_tablet=&#8221;16px&#8221; header_3_font_size_phone=&#8221;14px&#8221; header_3_font_size_last_edited=&#8221;on|desktop&#8221; saved_tabs=&#8221;all&#8221; locked=&#8221;off&#8221; global_colors_info=&#8221;{}&#8221; link_text_color__hover_enabled=&#8221;on&#8221; link_text_color__hover=&#8221;#fbba00&#8243;]<\/p>\n<p style=\"text-align: justify;\"><strong><a href=\"https:\/\/www.where2travel.com\/es\/europa\/guia-viaje-islandia\/\">Islandia<\/a><\/strong> es para m\u00ed el pa\u00eds m\u00e1s hermoso del mundo para los amantes de  las hermosas cascadas. Estas maravillas de la naturaleza son numerosas por ah\u00ed de formas incre\u00edbles y de tama\u00f1os espectaculares. Por nombrar s\u00f3lo algunos, en Islandia se puede observar, por ejemplo, la cascada m\u00e1s poderosa de Europa: <a href=\"https:\/\/www.where2travel.com\/es\/europa\/guia-viaje-islandia\/que-ver-en-islandia-parte-2\/#Location21\"><strong>Dettifoss<\/strong><\/a>, una impresionante cascada de 60 metros de altura y 25 metros de ancho: <a href=\"https:\/\/www.where2travel.com\/es\/europa\/guia-viaje-islandia\/que-ver-en-islandia#Location7\"><strong>Sk\u00f3gafoss<\/strong><\/a>, una cascada rodeada de basalto negro: <a href=\"https:\/\/www.where2travel.com\/es\/europa\/guia-viaje-islandia\/que-ver-en-islandia#Location13\"><strong>Svartifoss<\/strong><\/a>, o una cascada circular como la de <a href=\"https:\/\/www.where2travel.com\/es\/europa\/guia-viaje-islandia\/que-ver-en-islandia-parte-2\/#Location23\"><strong>Go\u00f0afoss<\/strong>.<\/a><\/p>\n<p>[\/et_pb_text][\/et_pb_column][\/et_pb_row][et_pb_row column_structure=&#8221;1_3,1_3,1_3&#8243; custom_padding_last_edited=&#8221;on|desktop&#8221; _builder_version=&#8221;3.26.3&#8243; background_size=&#8221;initial&#8221; background_position=&#8221;top_left&#8221; background_repeat=&#8221;repeat&#8221; custom_margin=&#8221;||80px||false|false&#8221; custom_margin_tablet=&#8221;||60px||false|false&#8221; custom_margin_phone=&#8221;-29px||60px||false|false&#8221; custom_margin_last_edited=&#8221;on|phone&#8221; custom_padding=&#8221;0|0px|0px|0px|false|false&#8221; custom_padding_tablet=&#8221;||0px|&#8221; custom_padding_phone=&#8221;0px||0px|&#8221; locked=&#8221;off&#8221; collapsed=&#8221;off&#8221; global_colors_info=&#8221;{}&#8221;][et_pb_column type=&#8221;1_3&#8243; _builder_version=&#8221;3.25&#8243; custom_padding=&#8221;|||&#8221; global_colors_info=&#8221;{}&#8221; custom_padding__hover=&#8221;|||&#8221;][et_pb_image src=&#8221;https:\/\/www.where2travel.com\/wp-content\/uploads\/2020\/07\/islande-cascade-svartifoss.jpg&#8221; alt=&#8221;Svartifoss en Islandia: los paisajes naturales m\u00e1s bellos en Europa&#8221; title_text=&#8221;islandia-cascada-svartifoss&#8221; show_in_lightbox=&#8221;on&#8221; align_tablet=&#8221;center&#8221; align_phone=&#8221;&#8221; align_last_edited=&#8221;on|desktop&#8221; _builder_version=&#8221;4.9.1&#8243; custom_margin=&#8221;|0px||0px||false&#8221; custom_margin_tablet=&#8221;&#8221; custom_margin_phone=&#8221;|0px||0px||true&#8221; custom_margin_last_edited=&#8221;on|phone&#8221; animation_style=&#8221;slide&#8221; border_radii=&#8221;on|5px|5px|5px|5px&#8221; box_shadow_style=&#8221;preset6&#8243; global_colors_info=&#8221;{}&#8221;]&nbsp;<br \/>\n[\/et_pb_image][\/et_pb_column][et_pb_column type=&#8221;1_3&#8243; _builder_version=&#8221;3.25&#8243; custom_padding=&#8221;|||&#8221; global_colors_info=&#8221;{}&#8221; custom_padding__hover=&#8221;|||&#8221;][et_pb_image src=&#8221;https:\/\/www.where2travel.com\/wp-content\/uploads\/2020\/07\/islande-cascade-skogafoss.jpg&#8221; alt=&#8221;Cascada de Skogafoss en Islandia&#8221; title_text=&#8221;islandia-cascada-skogafoss&#8221; show_in_lightbox=&#8221;on&#8221; align_tablet=&#8221;center&#8221; align_phone=&#8221;&#8221; align_last_edited=&#8221;on|desktop&#8221; _builder_version=&#8221;4.9.1&#8243; custom_margin=&#8221;|0px||0px||false&#8221; custom_margin_tablet=&#8221;&#8221; custom_margin_phone=&#8221;|0px||0px||true&#8221; custom_margin_last_edited=&#8221;on|phone&#8221; animation_style=&#8221;slide&#8221; border_radii=&#8221;on|5px|5px|5px|5px&#8221; box_shadow_style=&#8221;preset6&#8243; global_colors_info=&#8221;{}&#8221;]&nbsp;<br \/>\n[\/et_pb_image][\/et_pb_column][et_pb_column type=&#8221;1_3&#8243; _builder_version=&#8221;3.25&#8243; custom_padding=&#8221;|||&#8221; global_colors_info=&#8221;{}&#8221; custom_padding__hover=&#8221;|||&#8221;][et_pb_image src=&#8221;https:\/\/www.where2travel.com\/wp-content\/uploads\/2020\/07\/islande-cascade-godafoss.jpg&#8221; alt=&#8221;Entre los paisajes m\u00e1s bellos en Europa: Godafoss&#8221; title_text=&#8221;islandia-cascada-godafoss&#8221; show_in_lightbox=&#8221;on&#8221; align_tablet=&#8221;center&#8221; align_phone=&#8221;&#8221; align_last_edited=&#8221;on|desktop&#8221; _builder_version=&#8221;4.9.1&#8243; custom_margin=&#8221;|0px||0px||false&#8221; custom_margin_tablet=&#8221;&#8221; custom_margin_phone=&#8221;|0px||0px||true&#8221; custom_margin_last_edited=&#8221;on|phone&#8221; animation_style=&#8221;slide&#8221; border_radii=&#8221;on|5px|5px|5px|5px&#8221; box_shadow_style=&#8221;preset6&#8243; global_colors_info=&#8221;{}&#8221;]&nbsp;<br \/>\n[\/et_pb_image][\/et_pb_column][\/et_pb_row][et_pb_row admin_label=&#8221;Town 4&#8243; module_id=&#8221;Cueva azul&#8221; _builder_version=&#8221;4.9.1&#8243; custom_margin_tablet=&#8221;&#8221; custom_margin_phone=&#8221;-50px||0px||false&#8221; custom_margin_last_edited=&#8221;on|desktop&#8221; custom_padding=&#8221;73px|0px|40.4688px|0px|false|false&#8221; global_colors_info=&#8221;{}&#8221;][et_pb_column type=&#8221;4_4&#8243; _builder_version=&#8221;3.25&#8243; custom_padding=&#8221;|||&#8221; global_colors_info=&#8221;{}&#8221; custom_padding__hover=&#8221;|||&#8221;][et_pb_text admin_label=&#8221;Bangkok&#8221; module_class=&#8221;anchor_img_text2&#8243; _builder_version=&#8221;4.9.1&#8243; text_font=&#8221;Roboto||||&#8221; text_text_color=&#8221;#1a1a1a&#8221; text_font_size=&#8221;24px&#8221; text_line_height=&#8221;1.4em&#8221; link_text_color=&#8221;#68a3cb&#8221; header_font=&#8221;||||||||&#8221; header_2_font=&#8221;Montserrat||||||||&#8221; header_2_text_color=&#8221;#000000&#8243; header_2_font_size=&#8221;20px&#8221; header_3_font=&#8221;Roboto|700|||||||&#8221; header_3_text_color=&#8221;#000000&#8243; header_3_font_size=&#8221;27px&#8221; header_3_line_height=&#8221;1.5em&#8221; custom_margin=&#8221;15px||||false|false&#8221; custom_margin_tablet=&#8221;&#8221; custom_margin_phone=&#8221;25px|||&#8221; custom_margin_last_edited=&#8221;on|phone&#8221; animation_style=&#8221;slide&#8221; animation_direction=&#8221;top&#8221; animation_intensity_slide=&#8221;10%&#8221; header_2_font_size_tablet=&#8221;&#8221; header_2_font_size_phone=&#8221;&#8221; header_2_font_size_last_edited=&#8221;on|desktop&#8221; header_3_font_size_tablet=&#8221;&#8221; header_3_font_size_phone=&#8221;22px&#8221; header_3_font_size_last_edited=&#8221;on|phone&#8221; global_colors_info=&#8221;{}&#8221;]<\/p>\n<h3 style=\"text-align: center;\"><a href=\"#Mapa\"><img decoding=\"async\" src=\"https:\/\/www.where2travel.com\/wp-content\/uploads\/2019\/06\/Evaluation-Where2travel-N%C2%B010.png\" alt=\"Num\u00e9ro 10\" width=\"45\" height=\"45\" \/><\/a>\u00a0 \u00a0La cueva azul en Malta<\/h3>\n<p>[\/et_pb_text][et_pb_divider color=&#8221;#68a3cb&#8221; divider_weight=&#8221;4px&#8221; _builder_version=&#8221;3.26.3&#8243; width=&#8221;100%&#8221; width_tablet=&#8221;100%&#8221; width_phone=&#8221;100%&#8221; width_last_edited=&#8221;on|phone&#8221; max_width=&#8221;12%&#8221; max_width_tablet=&#8221;25%&#8221; max_width_phone=&#8221;25%&#8221; max_width_last_edited=&#8221;on|desktop&#8221; module_alignment=&#8221;center&#8221; height=&#8221;6px&#8221; custom_margin=&#8221;-15px||80px||false|false&#8221; custom_margin_tablet=&#8221;-15px||70px&#8221; custom_margin_phone=&#8221;-15px||70px&#8221; custom_margin_last_edited=&#8221;on|tablet&#8221; locked=&#8221;off&#8221; global_colors_info=&#8221;{}&#8221;][\/et_pb_divider][et_pb_text admin_label=&#8221;Description of the town&#8221; _builder_version=&#8221;4.9.1&#8243; text_font=&#8221;Roboto||||&#8221; text_font_size=&#8221;16px&#8221; text_line_height=&#8221;1.9em&#8221; link_font=&#8221;Roboto||||||||&#8221; link_text_color=&#8221;#68a3cb&#8221; link_font_size=&#8221;16px&#8221; link_line_height=&#8221;1.9em&#8221; ul_font=&#8221;||||||||&#8221; ol_font=&#8221;||||||||&#8221; quote_font=&#8221;||||||||&#8221; header_font=&#8221;Varela Round|700|||||||&#8221; header_text_align=&#8221;center&#8221; header_text_color=&#8221;#2a8a6f&#8221; header_font_size=&#8221;40px&#8221; header_line_height=&#8221;1.4em&#8221; header_2_font=&#8221;Varela Round|700|||||||&#8221; header_2_text_align=&#8221;center&#8221; header_2_text_color=&#8221;#2a8a6f&#8221; header_2_font_size=&#8221;36px&#8221; header_2_line_height=&#8221;1.4em&#8221; header_3_font=&#8221;Montserrat||||||||&#8221; header_3_text_align=&#8221;justify&#8221; header_3_text_color=&#8221;#555555&#8243; header_3_font_size=&#8221;20px&#8221; header_3_line_height=&#8221;1.4em&#8221; custom_margin=&#8221;0px||35px||false|false&#8221; custom_margin_tablet=&#8221;1px||25px||false|false&#8221; custom_margin_phone=&#8221;0px||30px||false|false&#8221; custom_margin_last_edited=&#8221;on|desktop&#8221; custom_padding=&#8221;|100px||100px&#8221; custom_padding_tablet=&#8221;|0px||0px&#8221; custom_padding_phone=&#8221;&#8221; custom_padding_last_edited=&#8221;on|desktop&#8221; animation_style=&#8221;slide&#8221; animation_direction=&#8221;top&#8221; animation_intensity_slide=&#8221;10%&#8221; text_font_size_tablet=&#8221;&#8221; text_font_size_phone=&#8221;15px&#8221; text_font_size_last_edited=&#8221;on|phone&#8221; link_font_size_tablet=&#8221;&#8221; link_font_size_phone=&#8221;15px&#8221; link_font_size_last_edited=&#8221;on|desktop&#8221; header_font_size_tablet=&#8221;30px&#8221; header_font_size_phone=&#8221;25px&#8221; header_font_size_last_edited=&#8221;on|phone&#8221; header_2_font_size_tablet=&#8221;25px&#8221; header_2_font_size_phone=&#8221;20px&#8221; header_2_font_size_last_edited=&#8221;on|phone&#8221; header_3_font_size_tablet=&#8221;16px&#8221; header_3_font_size_phone=&#8221;14px&#8221; header_3_font_size_last_edited=&#8221;on|desktop&#8221; saved_tabs=&#8221;all&#8221; locked=&#8221;off&#8221; global_colors_info=&#8221;{}&#8221; link_text_color__hover_enabled=&#8221;on&#8221; link_text_color__hover=&#8221;#fbba00&#8243;]<\/p>\n<p style=\"text-align: justify;\">Situada en el sureste de la isla de <a href=\"https:\/\/www.where2travel.com\/es\/europa\/guia-viaje-malta\/\"><strong>Malte<\/strong><\/a>, cerca del pueblo de Wied iz-Zurrieq, <a href=\"https:\/\/www.where2travel.com\/es\/europa\/guia-viaje-malta\/que-ver-en-malta\/#Cueva azul\"><strong>la cueva azul<\/strong><\/a> es una hermosa cueva de 43 metros de largo y aguas profundas de unos 40 metros. Es f\u00e1cil de visitar gracias a los paseos en barco que se organizan. Estos te permitir\u00e1n descubrir su enorme arco de 30 metros de altura y contemplar su agua azul en d\u00edas soleados.<\/p>\n<p>[\/et_pb_text][\/et_pb_column][\/et_pb_row][et_pb_row column_structure=&#8221;1_3,1_3,1_3&#8243; custom_padding_last_edited=&#8221;on|desktop&#8221; _builder_version=&#8221;3.26.3&#8243; background_size=&#8221;initial&#8221; background_position=&#8221;top_left&#8221; background_repeat=&#8221;repeat&#8221; custom_margin=&#8221;||80px||false|false&#8221; custom_margin_tablet=&#8221;||60px||false|false&#8221; custom_margin_phone=&#8221;-29px||60px||false|false&#8221; custom_margin_last_edited=&#8221;on|phone&#8221; custom_padding=&#8221;0|0px|0px|0px|false|false&#8221; custom_padding_tablet=&#8221;||0px|&#8221; custom_padding_phone=&#8221;0px||0px|&#8221; locked=&#8221;off&#8221; collapsed=&#8221;off&#8221; global_colors_info=&#8221;{}&#8221;][et_pb_column type=&#8221;1_3&#8243; _builder_version=&#8221;3.25&#8243; custom_padding=&#8221;|||&#8221; global_colors_info=&#8221;{}&#8221; custom_padding__hover=&#8221;|||&#8221;][et_pb_image src=&#8221;https:\/\/www.where2travel.com\/wp-content\/uploads\/2020\/07\/malte-grotte-bleue-bateaux.jpg&#8221; alt=&#8221;Paseo en barco para visitar la cueva Azul en Malta&#8221; title_text=&#8221;malta-cueva-azul-barcos&#8221; show_in_lightbox=&#8221;on&#8221; align_tablet=&#8221;center&#8221; align_phone=&#8221;&#8221; align_last_edited=&#8221;on|desktop&#8221; _builder_version=&#8221;4.9.1&#8243; custom_margin=&#8221;|0px||0px||false&#8221; custom_margin_tablet=&#8221;&#8221; custom_margin_phone=&#8221;|0px||0px||true&#8221; custom_margin_last_edited=&#8221;on|phone&#8221; animation_style=&#8221;slide&#8221; border_radii=&#8221;on|5px|5px|5px|5px&#8221; box_shadow_style=&#8221;preset6&#8243; global_colors_info=&#8221;{}&#8221;]&nbsp;<br \/>\n[\/et_pb_image][\/et_pb_column][et_pb_column type=&#8221;1_3&#8243; _builder_version=&#8221;3.25&#8243; custom_padding=&#8221;|||&#8221; global_colors_info=&#8221;{}&#8221; custom_padding__hover=&#8221;|||&#8221;][et_pb_image src=&#8221;https:\/\/www.where2travel.com\/wp-content\/uploads\/2020\/07\/malte-grotte-bleue-int\u00e9rieur.jpg&#8221; alt=&#8221;Dentro de la cueva azul en Malta&#8221; title_text=&#8221;interior-cueva-azul-malta&#8221; show_in_lightbox=&#8221;on&#8221; align_tablet=&#8221;center&#8221; align_phone=&#8221;&#8221; align_last_edited=&#8221;on|desktop&#8221; _builder_version=&#8221;4.9.1&#8243; custom_margin=&#8221;|0px||0px||false&#8221; custom_margin_tablet=&#8221;&#8221; custom_margin_phone=&#8221;|0px||0px||true&#8221; custom_margin_last_edited=&#8221;on|phone&#8221; animation_style=&#8221;slide&#8221; border_radii=&#8221;on|5px|5px|5px|5px&#8221; box_shadow_style=&#8221;preset6&#8243; global_colors_info=&#8221;{}&#8221;]&nbsp;<br \/>\n[\/et_pb_image][\/et_pb_column][et_pb_column type=&#8221;1_3&#8243; _builder_version=&#8221;3.25&#8243; custom_padding=&#8221;|||&#8221; global_colors_info=&#8221;{}&#8221; custom_padding__hover=&#8221;|||&#8221;][et_pb_image src=&#8221;https:\/\/www.where2travel.com\/wp-content\/uploads\/2020\/07\/malte-grotte-bleue-vue.jpg&#8221; alt=&#8221;Entre los paisajes naturales m\u00e1s bellos eb Europa: la cueva azul de Malta&#8221; title_text=&#8221;malta-cueva-azul-vista&#8221; show_in_lightbox=&#8221;on&#8221; align_tablet=&#8221;center&#8221; align_phone=&#8221;&#8221; align_last_edited=&#8221;on|desktop&#8221; _builder_version=&#8221;4.9.1&#8243; custom_margin=&#8221;|0px||0px||false&#8221; custom_margin_tablet=&#8221;&#8221; custom_margin_phone=&#8221;|0px||0px||true&#8221; custom_margin_last_edited=&#8221;on|phone&#8221; animation_style=&#8221;slide&#8221; border_radii=&#8221;on|5px|5px|5px|5px&#8221; box_shadow_style=&#8221;preset6&#8243; global_colors_info=&#8221;{}&#8221;]&nbsp;<br \/>\n[\/et_pb_image][\/et_pb_column][\/et_pb_row][\/et_pb_section][et_pb_section fb_built=&#8221;1&#8243; _builder_version=&#8221;3.23.3&#8243; locked=&#8221;off&#8221; global_colors_info=&#8221;{}&#8221;][et_pb_row _builder_version=&#8221;3.25&#8243; global_colors_info=&#8221;{}&#8221;][et_pb_column type=&#8221;4_4&#8243; _builder_version=&#8221;3.25&#8243; custom_padding=&#8221;|||&#8221; global_colors_info=&#8221;{}&#8221; custom_padding__hover=&#8221;|||&#8221;][et_pb_button button_url=&#8221;https:\/\/www.where2travel.com\/es\/paisajes-naturales-mas-bellos-europa-parte-2\/&#8221; button_text=&#8221;Siguiente p\u00e1gina&#8221; button_alignment=&#8221;center&#8221; _builder_version=&#8221;4.9.1&#8243; custom_button=&#8221;on&#8221; button_text_size=&#8221;36px&#8221; button_text_color=&#8221;#113e5d&#8221; button_bg_color=&#8221;#fbba00&#8243; button_border_color=&#8221;#fbba00&#8243; button_font=&#8221;Oswald|600||on|||||&#8221; custom_margin=&#8221;-40px||0px||false|false&#8221; custom_margin_tablet=&#8221;-70px||0px||false|false&#8221; custom_margin_phone=&#8221;-80px||0px||false|false&#8221; custom_margin_last_edited=&#8221;on|desktop&#8221; button_text_size_tablet=&#8221;30px&#8221; button_text_size_phone=&#8221;28px&#8221; button_text_size_last_edited=&#8221;on|phone&#8221; global_colors_info=&#8221;{}&#8221; button_text_color__hover=&#8221;#113e5d&#8221; button_text_color__hover_enabled=&#8221;on&#8221; button_bg_color__hover=&#8221;#fbba00&#8243; button_bg_color__hover_enabled=&#8221;on&#8221; button_border_color__hover=&#8221;#fbba00&#8243; button_border_color__hover_enabled=&#8221;on&#8221;][\/et_pb_button][\/et_pb_column][\/et_pb_row][\/et_pb_section][et_pb_section fb_built=&#8221;1&#8243; disabled_on=&#8221;off|off|off&#8221; _builder_version=&#8221;4.0.9&#8243; custom_margin=&#8221;60px||||false|false&#8221; custom_margin_tablet=&#8221;50px||||false|false&#8221; custom_margin_phone=&#8221;35px||||false|false&#8221; custom_margin_last_edited=&#8221;on|phone&#8221; top_divider_style=&#8221;waves2&#8243; top_divider_color=&#8221;#68a3cb&#8221; top_divider_height=&#8221;170px&#8221; top_divider_flip=&#8221;horizontal&#8221; top_divider_height_tablet=&#8221;140px&#8221; top_divider_height_phone=&#8221;130px&#8221; top_divider_height_last_edited=&#8221;on|phone&#8221; global_colors_info=&#8221;{}&#8221;][et_pb_row _builder_version=&#8221;3.25&#8243; global_colors_info=&#8221;{}&#8221;][et_pb_column type=&#8221;4_4&#8243; _builder_version=&#8221;3.25&#8243; custom_padding=&#8221;|||&#8221; global_colors_info=&#8221;{}&#8221; custom_padding__hover=&#8221;|||&#8221;][et_pb_text admin_label=&#8221;Special events in iceland&#8221; _builder_version=&#8221;4.9.1&#8243; text_font=&#8221;||||&#8221; text_text_color=&#8221;#1a1a1a&#8221; header_font=&#8221;Oswald|on||on|&#8221; header_text_align=&#8221;right&#8221; header_font_size=&#8221;60px&#8221; header_line_height=&#8221;1.3em&#8221; header_2_font=&#8221;Oswald|on||on|&#8221; header_2_text_align=&#8221;left&#8221; header_2_text_color=&#8221;#0d3f5e&#8221; header_2_font_size=&#8221;60px&#8221; header_2_line_height=&#8221;1.3em&#8221; custom_margin=&#8221;200px|0px|0px|0px|false|true&#8221; custom_margin_tablet=&#8221;140px|0px|0px|0px|false|true&#8221; custom_margin_phone=&#8221;110px|0px|0px|0px|false|true&#8221; custom_margin_last_edited=&#8221;on|phone&#8221; animation_style=&#8221;slide&#8221; animation_direction=&#8221;top&#8221; animation_intensity_slide=&#8221;10%&#8221; header_font_size_tablet=&#8221;&#8221; header_font_size_phone=&#8221;&#8221; header_font_size_last_edited=&#8221;on|phone&#8221; header_2_font_size_tablet=&#8221;55px&#8221; header_2_font_size_phone=&#8221;40px&#8221; header_2_font_size_last_edited=&#8221;on|phone&#8221; locked=&#8221;off&#8221; global_colors_info=&#8221;{}&#8221;]<\/p>\n<h2 style=\"text-align: center;\"><strong>\u00bfTE GUST\u00d3 ESTA P\u00c1GINA?<\/strong><\/h2>\n<p>[\/et_pb_text][et_pb_text _builder_version=&#8221;4.9.1&#8243; text_font=&#8221;Roboto||||&#8221; text_text_color=&#8221;#1a1a1a&#8221; text_font_size=&#8221;24px&#8221; text_line_height=&#8221;1.4em&#8221; header_font=&#8221;||||||||&#8221; header_2_font=&#8221;Montserrat||||||||&#8221; header_2_text_color=&#8221;#000000&#8243; header_2_font_size=&#8221;20px&#8221; header_3_font=&#8221;Roboto|700|||||||&#8221; header_3_text_color=&#8221;#000000&#8243; header_3_font_size=&#8221;27px&#8221; header_3_line_height=&#8221;1.5em&#8221; custom_margin=&#8221;100px||||false|false&#8221; custom_margin_tablet=&#8221;80px||||false|false&#8221; custom_margin_phone=&#8221;70px||||false|false&#8221; custom_margin_last_edited=&#8221;on|phone&#8221; animation_style=&#8221;slide&#8221; animation_direction=&#8221;top&#8221; animation_intensity_slide=&#8221;10%&#8221; header_2_font_size_tablet=&#8221;&#8221; header_2_font_size_phone=&#8221;&#8221; header_2_font_size_last_edited=&#8221;on|desktop&#8221; header_3_font_size_tablet=&#8221;&#8221; header_3_font_size_phone=&#8221;22px&#8221; header_3_font_size_last_edited=&#8221;on|phone&#8221; global_colors_info=&#8221;{}&#8221;]<\/p>\n<p style=\"text-align: center;\"><b>&#8220;Pin it&#8221; para compartirla en Pinterest y guardarla para m\u00e1s tarde!<\/b><\/p>\n<p>[\/et_pb_text][et_pb_divider color=&#8221;#68a3cb&#8221; divider_weight=&#8221;4px&#8221; _builder_version=&#8221;4.0.5&#8243; width=&#8221;100%&#8221; width_tablet=&#8221;100%&#8221; width_phone=&#8221;100%&#8221; width_last_edited=&#8221;on|phone&#8221; max_width=&#8221;12%&#8221; max_width_tablet=&#8221;25%&#8221; max_width_phone=&#8221;25%&#8221; max_width_last_edited=&#8221;on|desktop&#8221; module_alignment=&#8221;center&#8221; height=&#8221;6px&#8221; custom_margin=&#8221;10px||60px||false|false&#8221; custom_margin_tablet=&#8221;0px||50px||false|false&#8221; custom_margin_phone=&#8221;-5px||40px||false|false&#8221; custom_margin_last_edited=&#8221;on|phone&#8221; locked=&#8221;off&#8221; global_colors_info=&#8221;{}&#8221;]<\/p>\n<p>[\/et_pb_divider][et_pb_image src=&#8221;https:\/\/www.where2travel.com\/wp-content\/uploads\/2021\/03\/top-20-bellos-paisajes-naturales-europa.jpg&#8221; alt=&#8221;Top 20 de los paisajes naturales m\u00e1s bellos en Europa&#8221; title_text=&#8221;top-20-bellos-paisajes-naturales-europa&#8221; show_in_lightbox=&#8221;on&#8221; align=&#8221;center&#8221; disabled_on=&#8221;off|off|off&#8221; module_class=&#8221;pin&#8221; _builder_version=&#8221;4.9.1&#8243; max_width=&#8221;500px&#8221; max_width_tablet=&#8221;&#8221; max_width_phone=&#8221;&#8221; max_width_last_edited=&#8221;on|phone&#8221; global_colors_info=&#8221;{}&#8221;][\/et_pb_image][et_pb_text _builder_version=&#8221;4.9.1&#8243; text_font=&#8221;Roboto||||&#8221; text_text_color=&#8221;#1a1a1a&#8221; text_font_size=&#8221;24px&#8221; text_line_height=&#8221;1.4em&#8221; header_font=&#8221;||||||||&#8221; header_2_font=&#8221;Montserrat||||||||&#8221; header_2_text_color=&#8221;#000000&#8243; header_2_font_size=&#8221;20px&#8221; header_3_font=&#8221;Roboto|700|||||||&#8221; header_3_text_color=&#8221;#000000&#8243; header_3_font_size=&#8221;27px&#8221; header_3_line_height=&#8221;1.5em&#8221; custom_margin=&#8221;130px||||false|false&#8221; custom_margin_tablet=&#8221;110px||||false|false&#8221; custom_margin_phone=&#8221;100px|-20px||-20px|false|true&#8221; custom_margin_last_edited=&#8221;on|phone&#8221; custom_padding=&#8221;|0px||0px|false|false&#8221; animation_style=&#8221;slide&#8221; animation_direction=&#8221;top&#8221; animation_intensity_slide=&#8221;10%&#8221; header_2_font_size_tablet=&#8221;&#8221; header_2_font_size_phone=&#8221;&#8221; header_2_font_size_last_edited=&#8221;on|desktop&#8221; header_3_font_size_tablet=&#8221;&#8221; header_3_font_size_phone=&#8221;22px&#8221; header_3_font_size_last_edited=&#8221;on|phone&#8221; global_colors_info=&#8221;{}&#8221;]<\/p>\n<p style=\"text-align: center;\"><b>Puedes compartir esta p\u00e1gina &#8220;Top 20 de los paisajes naturales m\u00e1s bellos en Europa&#8221; en:<\/b><\/p>\n<p>[\/et_pb_text][et_pb_divider color=&#8221;#68a3cb&#8221; divider_weight=&#8221;4px&#8221; _builder_version=&#8221;4.0.6&#8243; width=&#8221;100%&#8221; width_tablet=&#8221;100%&#8221; width_phone=&#8221;100%&#8221; width_last_edited=&#8221;on|phone&#8221; max_width=&#8221;12%&#8221; max_width_tablet=&#8221;25%&#8221; max_width_phone=&#8221;25%&#8221; max_width_last_edited=&#8221;on|desktop&#8221; module_alignment=&#8221;center&#8221; height=&#8221;6px&#8221; custom_margin=&#8221;10px||85px||false|false&#8221; custom_margin_tablet=&#8221;-15px||70px&#8221; custom_margin_phone=&#8221;-15px||50px||false|false&#8221; custom_margin_last_edited=&#8221;on|desktop&#8221; locked=&#8221;off&#8221; global_colors_info=&#8221;{}&#8221;]<\/p>\n<p>[\/et_pb_divider][et_pb_code module_class=&#8221;dt-monarch-icons&#8221; _builder_version=&#8221;4.6.5&#8243; z_index=&#8221;999&#8243; global_colors_info=&#8221;{}&#8221;][\/et_pb_code][\/et_pb_column][\/et_pb_row][\/et_pb_section][et_pb_section fb_built=&#8221;1&#8243; _builder_version=&#8221;3.22&#8243; background_color=&#8221;#68a3cb&#8221; custom_margin=&#8221;||0px&#8221; custom_padding=&#8221;75px|0px|75px|0px|false|false&#8221; top_divider_style=&#8221;asymmetric2&#8243; top_divider_color=&#8221;#ffffff&#8221; top_divider_height=&#8221;110px&#8221; top_divider_height_tablet=&#8221;100px&#8221; top_divider_height_phone=&#8221;80px&#8221; top_divider_height_last_edited=&#8221;on|phone&#8221; bottom_divider_style=&#8221;asymmetric2&#8243; bottom_divider_color=&#8221;#113e5d&#8221; bottom_divider_height=&#8221;110px&#8221; bottom_divider_flip=&#8221;horizontal&#8221; bottom_divider_height_tablet=&#8221;100px&#8221; bottom_divider_height_phone=&#8221;80px&#8221; bottom_divider_height_last_edited=&#8221;on|phone&#8221; global_colors_info=&#8221;{}&#8221;][et_pb_row column_structure=&#8221;1_2,1_2&#8243; _builder_version=&#8221;4.0.5&#8243; width=&#8221;100%&#8221; module_alignment=&#8221;center&#8221; custom_margin=&#8221;50px||||false|false&#8221; locked=&#8221;off&#8221; global_colors_info=&#8221;{}&#8221;][et_pb_column type=&#8221;1_2&#8243; _builder_version=&#8221;4.0.5&#8243; custom_padding=&#8221;|||0px|false|false&#8221; global_colors_info=&#8221;{}&#8221;][et_pb_image src=&#8221;https:\/\/www.where2travel.com\/wp-content\/uploads\/2019\/11\/Dan-Profile-picture-2.jpg&#8221; alt=&#8221;Foto de Dan en Nueva York&#8221; title_text=&#8221;dan-retrato-foto-comentarios&#8221; align=&#8221;right&#8221; _builder_version=&#8221;4.9.1&#8243; width=&#8221;26%&#8221; width_tablet=&#8221;20%&#8221; width_phone=&#8221;30%&#8221; width_last_edited=&#8221;on|phone&#8221; custom_margin=&#8221;18px|||270px|false|false&#8221; custom_margin_tablet=&#8221;|||305px|false|false&#8221; custom_margin_phone=&#8221;-20px|||150px|false|false&#8221; custom_margin_last_edited=&#8221;on|tablet&#8221; border_radii=&#8221;on|10px|10px|10px|10px&#8221; border_color_all=&#8221;#ffffff&#8221; box_shadow_style=&#8221;preset1&#8243; global_colors_info=&#8221;{}&#8221;][\/et_pb_image][\/et_pb_column][et_pb_column type=&#8221;1_2&#8243; _builder_version=&#8221;4.0.5&#8243; global_colors_info=&#8221;{}&#8221;][et_pb_text _builder_version=&#8221;4.9.1&#8243; text_font=&#8221;Roboto|700|||||||&#8221; text_text_color=&#8221;#ffffff&#8221; text_font_size=&#8221;16px&#8221; text_line_height=&#8221;1.4em&#8221; text_orientation=&#8221;justified&#8221; custom_margin=&#8221;9px|140px||-120px|false|false&#8221; custom_margin_tablet=&#8221;|130px||130px|false|true&#8221; custom_margin_phone=&#8221;|30px||30px|false|true&#8221; custom_margin_last_edited=&#8221;on|tablet&#8221; custom_padding=&#8221;0px|0px|0px|0px|true|true&#8221; custom_padding_tablet=&#8221;10px|10px|10px|10px|true|true&#8221; custom_padding_phone=&#8221;&#8221; custom_padding_last_edited=&#8221;on|phone&#8221; text_font_size_tablet=&#8221;&#8221; text_font_size_phone=&#8221;15px&#8221; text_font_size_last_edited=&#8221;on|phone&#8221; text_orientation_tablet=&#8221;center&#8221; text_orientation_phone=&#8221;center&#8221; text_orientation_last_edited=&#8221;on|tablet&#8221; border_color_all=&#8221;#ffffff&#8221; border_width_all_tablet=&#8221;0px&#8221; border_width_all_phone=&#8221;&#8221; border_width_all_last_edited=&#8221;on|phone&#8221; global_colors_info=&#8221;{}&#8221;]<\/p>\n<p>\u00a1Compartamos nuestra informaci\u00f3n! Haznos  saber cu\u00e1les son para ti, los otros lugares que podr\u00edan formar parte de este top 20 de los paisajes naturales m\u00e1s bellos de Europa.<\/p>\n<p>Si te gust\u00f3 esta p\u00e1gina y quieres enviar buenas vibraciones, o si tienes preguntas, este espacio de comentarios tambi\u00e9n est\u00e1 hecho para eso.<\/p>\n<p>[\/et_pb_text][\/et_pb_column][\/et_pb_row][et_pb_row module_class=&#8221;dark-bg-comments&#8221; _builder_version=&#8221;3.25&#8243; locked=&#8221;off&#8221; global_colors_info=&#8221;{}&#8221;][et_pb_column type=&#8221;4_4&#8243; _builder_version=&#8221;3.25&#8243; custom_padding=&#8221;|||&#8221; global_colors_info=&#8221;{}&#8221; custom_padding__hover=&#8221;|||&#8221;][et_pb_comments _builder_version=&#8221;4.0.5&#8243; form_field_background_color=&#8221;#ffffff&#8221; form_field_text_color=&#8221;#113e5d&#8221; header_level=&#8221;h2&#8243; header_font=&#8221;Oswald|700||on|||||&#8221; header_text_color=&#8221;#0d3f5e&#8221; header_font_size=&#8221;40px&#8221; meta_font=&#8221;|600|||||||&#8221; meta_text_color=&#8221;#ffffff&#8221; meta_font_size=&#8221;16px&#8221; body_font=&#8221;Roboto|700|||||||&#8221; body_text_color=&#8221;#113e5d&#8221; body_font_size=&#8221;18px&#8221; form_field_font=&#8221;Roboto|500|||||||&#8221; form_field_font_size=&#8221;16px&#8221; custom_button=&#8221;on&#8221; button_text_color=&#8221;#113e5d&#8221; button_bg_color=&#8221;#fbba00&#8243; button_border_color=&#8221;#fbba00&#8243; button_font=&#8221;Oswald|600||on|||||&#8221; background_layout=&#8221;dark&#8221; custom_margin=&#8221;80px||80px||true&#8221; custom_margin_tablet=&#8221;40px||40px||true&#8221; custom_margin_phone=&#8221;10px||10px||false&#8221; custom_margin_last_edited=&#8221;on|desktop&#8221; header_font_size_tablet=&#8221;35px&#8221; header_font_size_phone=&#8221;30px&#8221; header_font_size_last_edited=&#8221;on|phone&#8221; body_font_size_tablet=&#8221;17px&#8221; body_font_size_phone=&#8221;16px&#8221; body_font_size_last_edited=&#8221;on|phone&#8221; border_radii_image=&#8221;on|10px|10px|10px|10px&#8221; border_color_all_image=&#8221;#ffffff&#8221; box_shadow_style_image=&#8221;preset1&#8243; form_background_color=&#8221;#ffffff&#8221; global_colors_info=&#8221;{}&#8221; button_text_color__hover_enabled=&#8221;on&#8221; button_text_color__hover=&#8221;#113e5d&#8221; button_bg_color__hover_enabled=&#8221;on&#8221; button_bg_color__hover=&#8221;#fbba00&#8243; button_border_color__hover_enabled=&#8221;on&#8221; button_border_color__hover=&#8221;#fbba00&#8243;][\/et_pb_comments][\/et_pb_column][\/et_pb_row][\/et_pb_section]<\/p>\n<span class=\"et_bloom_bottom_trigger\"><\/span>","protected":false},"excerpt":{"rendered":"<p>Top 20 de los paisajes naturales m\u00e1s bellos en Europa Top 20 de los paisajes naturales m\u00e1s bellos en Europa 20 HERMOSOS PAISAJES NATURALES PARA VER EN EUROPASi te gusta la naturaleza, esta p\u00e1gina deber\u00eda interesarte ya que descubrir\u00e1s mi Top 20 de los paisajes naturales m\u00e1s bellos en Europa. De hecho, en esta lista, [&hellip;]<\/p>\n","protected":false},"author":2,"featured_media":0,"parent":0,"menu_order":0,"comment_status":"open","ping_status":"closed","template":"","meta":{"_et_pb_use_builder":"on","_et_pb_old_content":"","_et_gb_content_width":"","ngg_post_thumbnail":0,"footnotes":""},"yoast_head":"<!-- This site is optimized with the Yoast SEO plugin v18.0 - https:\/\/yoast.com\/wordpress\/plugins\/seo\/ -->\n<title>Top 20 de los paisajes naturales m\u00e1s bellos en Europa<\/title>\n<meta name=\"description\" content=\"Descubras el top 20 de los paisajes naturales m\u00e1s bellos en Europa, acompa\u00f1ado de numerosas fotos e informaci\u00f3n esencial.\" \/>\n<meta name=\"robots\" content=\"index, follow, max-snippet:-1, max-image-preview:large, max-video-preview:-1\" \/>\n<link rel=\"canonical\" href=\"https:\/\/www.where2travel.com\/es\/paisajes-naturales-mas-bellos-europa\/\" \/>\n<meta property=\"og:locale\" content=\"es_ES\" \/>\n<meta property=\"og:type\" content=\"article\" \/>\n<meta property=\"og:title\" content=\"Top 20 de los paisajes naturales m\u00e1s bellos en Europa\" \/>\n<meta property=\"og:description\" content=\"Descubras el top 20 de los paisajes naturales m\u00e1s bellos en Europa, acompa\u00f1ado de numerosas fotos e informaci\u00f3n esencial.\" \/>\n<meta property=\"og:url\" content=\"https:\/\/www.where2travel.com\/es\/paisajes-naturales-mas-bellos-europa\/\" \/>\n<meta property=\"og:site_name\" content=\"Organise your own trips quick, simple and cheap\" \/>\n<meta property=\"article:publisher\" content=\"https:\/\/www.facebook.com\/Where2travel.Dan\" \/>\n<meta property=\"article:modified_time\" content=\"2022-03-20T20:22:10+00:00\" \/>\n<meta property=\"og:image\" content=\"https:\/\/www.where2travel.com\/wp-content\/uploads\/2021\/03\/top-20-bellos-paisajes-naturales-en-europa.jpg\" \/>\n\t<meta property=\"og:image:width\" content=\"1200\" \/>\n\t<meta property=\"og:image:height\" content=\"630\" \/>\n\t<meta property=\"og:image:type\" content=\"image\/jpeg\" \/>\n<meta name=\"twitter:card\" content=\"summary_large_image\" \/>\n<meta name=\"twitter:image\" content=\"https:\/\/www.where2travel.com\/wp-content\/uploads\/2021\/03\/top-20-bellos-paisajes-naturales-en-europa.jpg\" \/>\n<meta name=\"twitter:label1\" content=\"Tiempo de lectura\" \/>\n\t<meta name=\"twitter:data1\" content=\"10 minutos\" \/>\n<script type=\"application\/ld+json\" class=\"yoast-schema-graph\">{\"@context\":\"https:\/\/schema.org\",\"@graph\":[{\"@type\":\"Organization\",\"@id\":\"https:\/\/www.where2travel.com\/es\/#organization\",\"name\":\"Where2travel\",\"url\":\"https:\/\/www.where2travel.com\/es\/\",\"sameAs\":[\"https:\/\/www.facebook.com\/Where2travel.Dan\",\"https:\/\/www.instagram.com\/where2travel\/\",\"https:\/\/www.youtube.com\/channel\/UC48JP_B1G3sbDqaTPd3Uprw\",\"https:\/\/www.pinterest.fr\/DanWhere2travel\/\"],\"logo\":{\"@type\":\"ImageObject\",\"@id\":\"https:\/\/www.where2travel.com\/es\/#logo\",\"inLanguage\":\"es\",\"url\":\"https:\/\/www.where2travel.com\/wp-content\/uploads\/2019\/05\/Logo-Where2travel.png\",\"contentUrl\":\"https:\/\/www.where2travel.com\/wp-content\/uploads\/2019\/05\/Logo-Where2travel.png\",\"width\":252,\"height\":77,\"caption\":\"Where2travel\"},\"image\":{\"@id\":\"https:\/\/www.where2travel.com\/es\/#logo\"}},{\"@type\":\"WebSite\",\"@id\":\"https:\/\/www.where2travel.com\/es\/#website\",\"url\":\"https:\/\/www.where2travel.com\/es\/\",\"name\":\"Organise your own trips quick, simple and cheap\",\"description\":\"Find travel inspirations and plan your own trips quick, simple and cheap\",\"publisher\":{\"@id\":\"https:\/\/www.where2travel.com\/es\/#organization\"},\"potentialAction\":[{\"@type\":\"SearchAction\",\"target\":{\"@type\":\"EntryPoint\",\"urlTemplate\":\"https:\/\/www.where2travel.com\/es\/?s={search_term_string}\"},\"query-input\":\"required name=search_term_string\"}],\"inLanguage\":\"es\"},{\"@type\":\"ImageObject\",\"@id\":\"https:\/\/www.where2travel.com\/es\/paisajes-naturales-mas-bellos-europa\/#primaryimage\",\"inLanguage\":\"es\",\"url\":\"https:\/\/www.where2travel.com\/wp-content\/uploads\/2021\/03\/top-20-bellos-paisajes-naturales-en-europa.jpg\",\"contentUrl\":\"https:\/\/www.where2travel.com\/wp-content\/uploads\/2021\/03\/top-20-bellos-paisajes-naturales-en-europa.jpg\",\"width\":1200,\"height\":630},{\"@type\":\"WebPage\",\"@id\":\"https:\/\/www.where2travel.com\/es\/paisajes-naturales-mas-bellos-europa\/#webpage\",\"url\":\"https:\/\/www.where2travel.com\/es\/paisajes-naturales-mas-bellos-europa\/\",\"name\":\"Top 20 de los paisajes naturales m\u00e1s bellos en Europa\",\"isPartOf\":{\"@id\":\"https:\/\/www.where2travel.com\/es\/#website\"},\"primaryImageOfPage\":{\"@id\":\"https:\/\/www.where2travel.com\/es\/paisajes-naturales-mas-bellos-europa\/#primaryimage\"},\"datePublished\":\"2020-06-01T19:22:25+00:00\",\"dateModified\":\"2022-03-20T20:22:10+00:00\",\"description\":\"Descubras el top 20 de los paisajes naturales m\u00e1s bellos en Europa, acompa\u00f1ado de numerosas fotos e informaci\u00f3n esencial.\",\"breadcrumb\":{\"@id\":\"https:\/\/www.where2travel.com\/es\/paisajes-naturales-mas-bellos-europa\/#breadcrumb\"},\"inLanguage\":\"es\",\"potentialAction\":[{\"@type\":\"ReadAction\",\"target\":[\"https:\/\/www.where2travel.com\/es\/paisajes-naturales-mas-bellos-europa\/\"]}]},{\"@type\":\"BreadcrumbList\",\"@id\":\"https:\/\/www.where2travel.com\/es\/paisajes-naturales-mas-bellos-europa\/#breadcrumb\",\"itemListElement\":[{\"@type\":\"ListItem\",\"position\":1,\"name\":\"Home\",\"item\":\"https:\/\/www.where2travel.com\/es\/\"},{\"@type\":\"ListItem\",\"position\":2,\"name\":\"Top 20 de los paisajes naturales m\u00e1s bellos en Europa\"}]}]}<\/script>\n<!-- \/ Yoast SEO plugin. -->","yoast_head_json":{"title":"Top 20 de los paisajes naturales m\u00e1s bellos en Europa","description":"Descubras el top 20 de los paisajes naturales m\u00e1s bellos en Europa, acompa\u00f1ado de numerosas fotos e informaci\u00f3n esencial.","robots":{"index":"index","follow":"follow","max-snippet":"max-snippet:-1","max-image-preview":"max-image-preview:large","max-video-preview":"max-video-preview:-1"},"canonical":"https:\/\/www.where2travel.com\/es\/paisajes-naturales-mas-bellos-europa\/","og_locale":"es_ES","og_type":"article","og_title":"Top 20 de los paisajes naturales m\u00e1s bellos en Europa","og_description":"Descubras el top 20 de los paisajes naturales m\u00e1s bellos en Europa, acompa\u00f1ado de numerosas fotos e informaci\u00f3n esencial.","og_url":"https:\/\/www.where2travel.com\/es\/paisajes-naturales-mas-bellos-europa\/","og_site_name":"Organise your own trips quick, simple and cheap","article_publisher":"https:\/\/www.facebook.com\/Where2travel.Dan","article_modified_time":"2022-03-20T20:22:10+00:00","og_image":[{"width":1200,"height":630,"url":"https:\/\/www.where2travel.com\/wp-content\/uploads\/2021\/03\/top-20-bellos-paisajes-naturales-en-europa.jpg","type":"image\/jpeg"}],"twitter_card":"summary_large_image","twitter_image":"https:\/\/www.where2travel.com\/wp-content\/uploads\/2021\/03\/top-20-bellos-paisajes-naturales-en-europa.jpg","twitter_misc":{"Tiempo de lectura":"10 minutos"},"schema":{"@context":"https:\/\/schema.org","@graph":[{"@type":"Organization","@id":"https:\/\/www.where2travel.com\/es\/#organization","name":"Where2travel","url":"https:\/\/www.where2travel.com\/es\/","sameAs":["https:\/\/www.facebook.com\/Where2travel.Dan","https:\/\/www.instagram.com\/where2travel\/","https:\/\/www.youtube.com\/channel\/UC48JP_B1G3sbDqaTPd3Uprw","https:\/\/www.pinterest.fr\/DanWhere2travel\/"],"logo":{"@type":"ImageObject","@id":"https:\/\/www.where2travel.com\/es\/#logo","inLanguage":"es","url":"https:\/\/www.where2travel.com\/wp-content\/uploads\/2019\/05\/Logo-Where2travel.png","contentUrl":"https:\/\/www.where2travel.com\/wp-content\/uploads\/2019\/05\/Logo-Where2travel.png","width":252,"height":77,"caption":"Where2travel"},"image":{"@id":"https:\/\/www.where2travel.com\/es\/#logo"}},{"@type":"WebSite","@id":"https:\/\/www.where2travel.com\/es\/#website","url":"https:\/\/www.where2travel.com\/es\/","name":"Organise your own trips quick, simple and cheap","description":"Find travel inspirations and plan your own trips quick, simple and cheap","publisher":{"@id":"https:\/\/www.where2travel.com\/es\/#organization"},"potentialAction":[{"@type":"SearchAction","target":{"@type":"EntryPoint","urlTemplate":"https:\/\/www.where2travel.com\/es\/?s={search_term_string}"},"query-input":"required name=search_term_string"}],"inLanguage":"es"},{"@type":"ImageObject","@id":"https:\/\/www.where2travel.com\/es\/paisajes-naturales-mas-bellos-europa\/#primaryimage","inLanguage":"es","url":"https:\/\/www.where2travel.com\/wp-content\/uploads\/2021\/03\/top-20-bellos-paisajes-naturales-en-europa.jpg","contentUrl":"https:\/\/www.where2travel.com\/wp-content\/uploads\/2021\/03\/top-20-bellos-paisajes-naturales-en-europa.jpg","width":1200,"height":630},{"@type":"WebPage","@id":"https:\/\/www.where2travel.com\/es\/paisajes-naturales-mas-bellos-europa\/#webpage","url":"https:\/\/www.where2travel.com\/es\/paisajes-naturales-mas-bellos-europa\/","name":"Top 20 de los paisajes naturales m\u00e1s bellos en Europa","isPartOf":{"@id":"https:\/\/www.where2travel.com\/es\/#website"},"primaryImageOfPage":{"@id":"https:\/\/www.where2travel.com\/es\/paisajes-naturales-mas-bellos-europa\/#primaryimage"},"datePublished":"2020-06-01T19:22:25+00:00","dateModified":"2022-03-20T20:22:10+00:00","description":"Descubras el top 20 de los paisajes naturales m\u00e1s bellos en Europa, acompa\u00f1ado de numerosas fotos e informaci\u00f3n esencial.","breadcrumb":{"@id":"https:\/\/www.where2travel.com\/es\/paisajes-naturales-mas-bellos-europa\/#breadcrumb"},"inLanguage":"es","potentialAction":[{"@type":"ReadAction","target":["https:\/\/www.where2travel.com\/es\/paisajes-naturales-mas-bellos-europa\/"]}]},{"@type":"BreadcrumbList","@id":"https:\/\/www.where2travel.com\/es\/paisajes-naturales-mas-bellos-europa\/#breadcrumb","itemListElement":[{"@type":"ListItem","position":1,"name":"Home","item":"https:\/\/www.where2travel.com\/es\/"},{"@type":"ListItem","position":2,"name":"Top 20 de los paisajes naturales m\u00e1s bellos en Europa"}]}]}},"_links":{"self":[{"href":"https:\/\/www.where2travel.com\/es\/wp-json\/wp\/v2\/pages\/249585"}],"collection":[{"href":"https:\/\/www.where2travel.com\/es\/wp-json\/wp\/v2\/pages"}],"about":[{"href":"https:\/\/www.where2travel.com\/es\/wp-json\/wp\/v2\/types\/page"}],"author":[{"embeddable":true,"href":"https:\/\/www.where2travel.com\/es\/wp-json\/wp\/v2\/users\/2"}],"replies":[{"embeddable":true,"href":"https:\/\/www.where2travel.com\/es\/wp-json\/wp\/v2\/comments?post=249585"}],"version-history":[{"count":3,"href":"https:\/\/www.where2travel.com\/es\/wp-json\/wp\/v2\/pages\/249585\/revisions"}],"predecessor-version":[{"id":251720,"href":"https:\/\/www.where2travel.com\/es\/wp-json\/wp\/v2\/pages\/249585\/revisions\/251720"}],"wp:attachment":[{"href":"https:\/\/www.where2travel.com\/es\/wp-json\/wp\/v2\/media?parent=249585"}],"curies":[{"name":"wp","href":"https:\/\/api.w.org\/{rel}","templated":true}]}}